{"id":51034,"date":"2026-01-30T16:07:03","date_gmt":"2026-01-30T15:07:03","guid":{"rendered":"https:\/\/meteorage.local\/?post_type=bilan_foudroiement&#038;p=51034"},"modified":"2026-01-30T16:07:37","modified_gmt":"2026-01-30T15:07:37","slug":"schweiz-2025","status":"publish","type":"bilan_foudroiement","link":"https:\/\/www.meteorage.com\/de\/gewitterbericht\/schweiz-2025\/","title":{"rendered":"Schweiz 2025"},"content":{"rendered":"\t\t<div data-elementor-type=\"wp-post\" data-elementor-id=\"51034\" class=\"elementor elementor-51034\" data-elementor-post-type=\"bilan_foudroiement\">\n\t\t\t\t<div class=\"elementor-element elementor-element-b9ffebd e-flex e-con-boxed e-con e-parent\" data-id=\"b9ffebd\" data-element_type=\"container\" data-e-type=\"container\" data-settings=\"{&quot;background_background&quot;:&quot;classic&quot;}\">\n\t\t\t\t\t<div class=\"e-con-inner\">\n\t\t<div class=\"elementor-element elementor-element-41082b9 e-con-full banner-type-detail e-flex e-con e-child\" data-id=\"41082b9\" data-element_type=\"container\" data-e-type=\"container\" data-settings=\"{&quot;background_background&quot;:&quot;classic&quot;}\">\n\t\t\t\t<div class=\"elementor-element elementor-element-eb40b53 elementor-widget elementor-widget-spacer\" data-id=\"eb40b53\" data-element_type=\"widget\" data-e-type=\"widget\" data-widget_type=\"spacer.default\">\n\t\t\t\t<div class=\"elementor-widget-container\">\n\t\t\t\t\t\t\t<div class=\"elementor-spacer\">\n\t\t\t<div class=\"elementor-spacer-inner\"><\/div>\n\t\t<\/div>\n\t\t\t\t\t\t<\/div>\n\t\t\t\t<\/div>\n\t\t<div class=\"elementor-element elementor-element-195cd16 banner-content e-flex e-con-boxed e-con e-child\" data-id=\"195cd16\" data-element_type=\"container\" data-e-type=\"container\">\n\t\t\t\t\t<div class=\"e-con-inner\">\n\t\t\t\t<div class=\"elementor-element elementor-element-c26ace9 elementor-widget elementor-widget-spacer\" data-id=\"c26ace9\" data-element_type=\"widget\" data-e-type=\"widget\" data-widget_type=\"spacer.default\">\n\t\t\t\t<div class=\"elementor-widget-container\">\n\t\t\t\t\t\t\t<div class=\"elementor-spacer\">\n\t\t\t<div class=\"elementor-spacer-inner\"><\/div>\n\t\t<\/div>\n\t\t\t\t\t\t<\/div>\n\t\t\t\t<\/div>\n\t\t\t\t<div class=\"elementor-element elementor-element-318a1f8 elementor-widget elementor-widget-heading\" data-id=\"318a1f8\" data-element_type=\"widget\" data-e-type=\"widget\" data-widget_type=\"heading.default\">\n\t\t\t\t<div class=\"elementor-widget-container\">\n\t\t\t\t\t<h5 class=\"elementor-heading-title elementor-size-default\"> Blitz &amp; Gewitter\u200b<\/h5>\t\t\t\t<\/div>\n\t\t\t\t<\/div>\n\t\t\t\t<div class=\"elementor-element elementor-element-569de0f elementor-widget elementor-widget-heading\" data-id=\"569de0f\" data-element_type=\"widget\" data-e-type=\"widget\" data-widget_type=\"heading.default\">\n\t\t\t\t<div class=\"elementor-widget-container\">\n\t\t\t\t\t<h1 class=\"elementor-heading-title elementor-size-default\">Bericht \u00fcber die Blitzaktivit\u00e4t 2025 in Schweiz<\/h1>\t\t\t\t<\/div>\n\t\t\t\t<\/div>\n\t\t\t\t<div class=\"elementor-element elementor-element-f2b1f12 elementor-widget__width-initial elementor-widget elementor-widget-text-editor\" data-id=\"f2b1f12\" data-element_type=\"widget\" data-e-type=\"widget\" data-widget_type=\"text-editor.default\">\n\t\t\t\t<div class=\"elementor-widget-container\">\n\t\t\t\t\t\t\t\t\t<p><span class=\"a_GcMg font-feature-liga-off font-feature-clig-off font-feature-calt-off text-decoration-none text-strikethrough-none\">Sehen Sie sich die Analyse von Meteorage zu Gewitter- und Blitzaktivit\u00e4ten im Laufe des Jahres an.<\/span><\/p>\t\t\t\t\t\t\t\t<\/div>\n\t\t\t\t<\/div>\n\t\t\t\t<div class=\"elementor-element elementor-element-7be1916 elementor-align-center elementor-widget elementor-widget-ube-button\" data-id=\"7be1916\" data-element_type=\"widget\" data-e-type=\"widget\" data-widget_type=\"ube-button.default\">\n\t\t\t\t<div class=\"elementor-widget-container\">\n\t\t\t\t\t<a class=\"ube-btn btn btn-md btn- btn-link\" href=\"https:\/\/www.meteorage.com\/de\/blitzberichte\/\">\n\t    <span class=\"ube-btn-text\">&lt; Zur\u00fcck zu den Berichten<\/span>\n\t<\/a>\n\n\n\t\t\t\t<\/div>\n\t\t\t\t<\/div>\n\t\t\t\t\t<\/div>\n\t\t\t\t<\/div>\n\t\t\t\t<\/div>\n\t\t\t\t\t<\/div>\n\t\t\t\t<\/div>\n\t\t<div class=\"elementor-element elementor-element-2f4b9dee e-flex e-con-boxed e-con e-parent\" data-id=\"2f4b9dee\" data-element_type=\"container\" data-e-type=\"container\">\n\t\t\t\t\t<div class=\"e-con-inner\">\n\t\t\t\t<div class=\"elementor-element elementor-element-352b095a elementor-widget elementor-widget-text-editor\" data-id=\"352b095a\" data-element_type=\"widget\" data-e-type=\"widget\" data-widget_type=\"text-editor.default\">\n\t\t\t\t<div class=\"elementor-widget-container\">\n\t\t\t\t\t\t\t\t\t<p>Joris Royet, Chef de projet M\u00e9t\u00e9o, METEORAGE<\/p>\t\t\t\t\t\t\t\t<\/div>\n\t\t\t\t<\/div>\n\t\t\t\t\t<\/div>\n\t\t\t\t<\/div>\n\t\t<div class=\"elementor-element elementor-element-64da6c5c e-flex e-con-boxed e-con e-parent\" data-id=\"64da6c5c\" data-element_type=\"container\" data-e-type=\"container\">\n\t\t\t\t\t<div class=\"e-con-inner\">\n\t\t<div class=\"elementor-element elementor-element-5b3dac1a e-con-full e-flex e-con e-child\" data-id=\"5b3dac1a\" data-element_type=\"container\" data-e-type=\"container\">\n\t\t\t\t<div class=\"elementor-element elementor-element-7f29d985 elementor-widget elementor-widget-heading\" data-id=\"7f29d985\" data-element_type=\"widget\" data-e-type=\"widget\" data-widget_type=\"heading.default\">\n\t\t\t\t<div class=\"elementor-widget-container\">\n\t\t\t\t\t<h2 class=\"elementor-heading-title elementor-size-default\">2025 war ein historisch gewitterarmes Jahr,<\/h2>\t\t\t\t<\/div>\n\t\t\t\t<\/div>\n\t\t\t\t<div class=\"elementor-element elementor-element-4bc827d elementor-widget elementor-widget-heading\" data-id=\"4bc827d\" data-element_type=\"widget\" data-e-type=\"widget\" data-widget_type=\"heading.default\">\n\t\t\t\t<div class=\"elementor-widget-container\">\n\t\t\t\t\t<h4 class=\"elementor-heading-title elementor-size-default\">das durch eine insgesamt geringe elektrische Aktivit\u00e4t auf europ\u00e4ischer Ebene gekennzeichnet war, die jedoch von \u00f6rtlich intensiven Episoden unterbrochen wurde.<\/h4>\t\t\t\t<\/div>\n\t\t\t\t<\/div>\n\t\t\t\t<div class=\"elementor-element elementor-element-2bc41621 elementor-drop-cap-yes elementor-widget__width-initial elementor-drop-cap-view-default elementor-widget elementor-widget-text-editor\" data-id=\"2bc41621\" data-element_type=\"widget\" data-e-type=\"widget\" data-settings=\"{&quot;drop_cap&quot;:&quot;yes&quot;}\" data-widget_type=\"text-editor.default\">\n\t\t\t\t<div class=\"elementor-widget-container\">\n\t\t\t\t\t\t\t\t\t<p><span class=\"a_GcMg font-feature-liga-off font-feature-clig-off font-feature-calt-off text-decoration-none text-strikethrough-none\">Mit rund<strong> 1,226 Millionen registrierten Wolke-Boden-Blitzen in Europa<\/strong> zeichnet sich das Jahr 2025 durch eine unterdurchschnittliche Gewitteraktivit\u00e4t aus und ist damit das bisher am wenigsten blitzreiche Jahr in unseren Meteorage-Aufzeichnungen. Auch wenn die atmosph\u00e4rischen Bedingungen die Entstehung von Gewittern einschr\u00e4nkten, f\u00fchrten bestimmte g\u00fcnstige Umst\u00e4nde dennoch zu intensiven und \u00f6rtlich begrenzten Gewittern, wobei die Aktivit\u00e4t im Mittelmeerraum und in den Gebirgsregionen st\u00e4rker ausgepr\u00e4gt war.<\/span><\/p><p><style>\na {<br \/>    text-decoration: none;<br \/>    color: #464feb;<br \/>}<br \/>tr th, tr td {<br \/>    border: 1px solid #e6e6e6;<br \/>}<br \/>tr th {<br \/>    background-color: #f5f5f5;<br \/>}<br \/><\/style><\/p><div><p><span class=\"a_GcMg font-feature-liga-off font-feature-clig-off font-feature-calt-off text-decoration-none text-strikethrough-none\">\u00dcber diese Bilanz und die f\u00fcr 2025 beobachtete r\u00e4umliche Verteilung hinaus zeigen die Analysen \u00fcber mehrere Jahre hinweg eine allm\u00e4hliche Verlagerung des Gewitterg\u00fcrtels nach Norden sowie eine Verl\u00e4ngerung der Gewittersaison, die durch fr\u00fchere Episoden im Fr\u00fchjahr und sp\u00e4tere Episoden im Herbst gekennzeichnet ist. Diese regionalen Unterschiede zeigen, dass Blitze niemals gleichm\u00e4\u00dfig verteilt auftreten und dass selbst in Jahren mit geringer Blitzaktivit\u00e4t die Themen Pr\u00e4vention, \u00dcberwachung und Management des Blitzrisikos weiterhin aktuell sind.<\/span><\/p><\/div>\t\t\t\t\t\t\t\t<\/div>\n\t\t\t\t<\/div>\n\t\t\t\t<\/div>\n\t\t<div class=\"elementor-element elementor-element-2e8d3cc7 e-con-full e-flex e-con e-child\" data-id=\"2e8d3cc7\" data-element_type=\"container\" data-e-type=\"container\">\n\t\t\t\t<div class=\"elementor-element elementor-element-5989d15e elementor-widget__width-initial elementor-widget elementor-widget-image\" data-id=\"5989d15e\" data-element_type=\"widget\" data-e-type=\"widget\" data-widget_type=\"image.default\">\n\t\t\t\t<div class=\"elementor-widget-container\">\n\t\t\t\t\t\t\t\t\t\t\t\t\t\t\t<img decoding=\"async\" width=\"150\" height=\"150\" src=\"https:\/\/www.meteorage.com\/wp-content\/uploads\/2024\/12\/nuage-eclair-150x150.webp\" class=\"attachment-thumbnail size-thumbnail wp-image-39666\" alt=\"\" srcset=\"https:\/\/www.meteorage.com\/wp-content\/uploads\/2024\/12\/nuage-eclair-150x150.webp 150w, https:\/\/www.meteorage.com\/wp-content\/uploads\/2024\/12\/nuage-eclair.webp 300w\" sizes=\"(max-width: 150px) 100vw, 150px\" \/>\t\t\t\t\t\t\t\t\t\t\t\t\t\t\t<\/div>\n\t\t\t\t<\/div>\n\t\t<div class=\"elementor-element elementor-element-c5d1090 e-con-full e-flex e-con e-child\" data-id=\"c5d1090\" data-element_type=\"container\" data-e-type=\"container\" data-settings=\"{&quot;background_background&quot;:&quot;classic&quot;}\">\n\t\t<div class=\"elementor-element elementor-element-6997bc46 e-con-full e-flex e-con e-child\" data-id=\"6997bc46\" data-element_type=\"container\" data-e-type=\"container\">\n\t\t\t\t<div class=\"elementor-element elementor-element-172f3f7d elementor-widget elementor-widget-text-editor\" data-id=\"172f3f7d\" data-element_type=\"widget\" data-e-type=\"widget\" data-widget_type=\"text-editor.default\">\n\t\t\t\t<div class=\"elementor-widget-container\">\n\t\t\t\t\t\t\t\t\t<p>Unser Blitzortungsnetzwerk Meteorage hat im Jahr 2025<\/p>\t\t\t\t\t\t\t\t<\/div>\n\t\t\t\t<\/div>\n\t\t\t\t<div class=\"elementor-element elementor-element-1c6645f6 elementor-widget elementor-widget-counter\" data-id=\"1c6645f6\" data-element_type=\"widget\" data-e-type=\"widget\" data-widget_type=\"counter.default\">\n\t\t\t\t<div class=\"elementor-widget-container\">\n\t\t\t\t\t\t\t<div class=\"elementor-counter\">\n\t\t\t<div class=\"elementor-counter-title\">Wolke-Boden-Blitze, in Europa registriert<\/div>\t\t\t<div class=\"elementor-counter-number-wrapper\">\n\t\t\t\t<span class=\"elementor-counter-number-prefix\"><\/span>\n\t\t\t\t<span class=\"elementor-counter-number\" data-duration=\"2000\" data-to-value=\"1.226\" data-from-value=\"10000\" data-delimiter=\" \">10000<\/span>\n\t\t\t\t<span class=\"elementor-counter-number-suffix\"><\/span>\n\t\t\t<\/div>\n\t\t<\/div>\n\t\t\t\t\t\t<\/div>\n\t\t\t\t<\/div>\n\t\t\t\t<div class=\"elementor-element elementor-element-3eeaaf72 elementor-widget-divider--view-line elementor-widget elementor-widget-divider\" data-id=\"3eeaaf72\" data-element_type=\"widget\" data-e-type=\"widget\" data-widget_type=\"divider.default\">\n\t\t\t\t<div class=\"elementor-widget-container\">\n\t\t\t\t\t\t\t<div class=\"elementor-divider\">\n\t\t\t<span class=\"elementor-divider-separator\">\n\t\t\t\t\t\t<\/span>\n\t\t<\/div>\n\t\t\t\t\t\t<\/div>\n\t\t\t\t<\/div>\n\t\t\t\t<div class=\"elementor-element elementor-element-5b65cfa1 elementor-widget elementor-widget-counter\" data-id=\"5b65cfa1\" data-element_type=\"widget\" data-e-type=\"widget\" data-widget_type=\"counter.default\">\n\t\t\t\t<div class=\"elementor-widget-container\">\n\t\t\t\t\t\t\t<div class=\"elementor-counter\">\n\t\t\t<div class=\"elementor-counter-title\">Wolke-Boden-Blitze in der Schweiz registriert<\/div>\t\t\t<div class=\"elementor-counter-number-wrapper\">\n\t\t\t\t<span class=\"elementor-counter-number-prefix\"><\/span>\n\t\t\t\t<span class=\"elementor-counter-number\" data-duration=\"2000\" data-to-value=\"20597\" data-from-value=\"0\" data-delimiter=\" \">0<\/span>\n\t\t\t\t<span class=\"elementor-counter-number-suffix\"><\/span>\n\t\t\t<\/div>\n\t\t<\/div>\n\t\t\t\t\t\t<\/div>\n\t\t\t\t<\/div>\n\t\t\t\t<div class=\"elementor-element elementor-element-21fd47bd elementor-drop-cap-yes elementor-widget__width-initial elementor-drop-cap-view-default elementor-widget elementor-widget-text-editor\" data-id=\"21fd47bd\" data-element_type=\"widget\" data-e-type=\"widget\" data-settings=\"{&quot;drop_cap&quot;:&quot;yes&quot;}\" data-widget_type=\"text-editor.default\">\n\t\t\t\t<div class=\"elementor-widget-container\">\n\t\t\t\t\t\t\t\t\t<p class=\"cvGsUA direction-ltr align-start para-style-body\"><span class=\"a_GcMg font-feature-liga-off font-feature-clig-off font-feature-calt-off text-decoration-none text-strikethrough-none\">Diese Werte stehen im Gegensatz zum Jahr 2024, in dem mehr als<\/span><span class=\"a_GcMg font-feature-liga-off font-feature-clig-off font-feature-calt-off text-decoration-none text-strikethrough-none\"> 1.967.112 <\/span><span class=\"a_GcMg font-feature-liga-off font-feature-clig-off font-feature-calt-off text-decoration-none text-strikethrough-none\">Wolke-Boden-Blitze in Europa registriert worden waren, davon <\/span><span class=\"a_GcMg font-feature-liga-off font-feature-clig-off font-feature-calt-off text-decoration-none text-strikethrough-none\">50.075<\/span><span class=\"a_GcMg font-feature-liga-off font-feature-clig-off font-feature-calt-off text-decoration-none text-strikethrough-none\"> in der Schweiz, was auf eine Aktivit\u00e4t im Rahmen der klimatischen Normwerte hindeutet.<\/span><\/p>\t\t\t\t\t\t\t\t<\/div>\n\t\t\t\t<\/div>\n\t\t\t\t<\/div>\n\t\t\t\t<\/div>\n\t\t\t\t<\/div>\n\t\t\t\t\t<\/div>\n\t\t\t\t<\/div>\n\t\t<div class=\"elementor-element elementor-element-e22b97d e-flex e-con-boxed e-con e-parent\" data-id=\"e22b97d\" data-element_type=\"container\" data-e-type=\"container\">\n\t\t\t\t\t<div class=\"e-con-inner\">\n\t\t\t\t<div class=\"elementor-element elementor-element-3be00a7c elementor-widget elementor-widget-text-editor\" data-id=\"3be00a7c\" data-element_type=\"widget\" data-e-type=\"widget\" data-widget_type=\"text-editor.default\">\n\t\t\t\t<div class=\"elementor-widget-container\">\n\t\t\t\t\t\t\t\t\t<p><a href=\"#terminologie\">Um die in diesem Bericht enthaltenen Informationen besser zu verstehen, stellen wir Ihnen im Folgenden die Definitionen von h\u00e4ufig verwendeten Begriffe vor.<\/a><\/p>\t\t\t\t\t\t\t\t<\/div>\n\t\t\t\t<\/div>\n\t\t\t\t<div class=\"elementor-element elementor-element-3abdf63d elementor-align-center elementor-widget elementor-widget-button\" data-id=\"3abdf63d\" data-element_type=\"widget\" data-e-type=\"widget\" data-widget_type=\"button.default\">\n\t\t\t\t<div class=\"elementor-widget-container\">\n\t\t\t\t\t\t\t\t\t<div class=\"elementor-button-wrapper\">\n\t\t\t\t\t<a class=\"elementor-button elementor-button-link elementor-size-lg\" href=\"https:\/\/www.meteorage.com\/wp-content\/uploads\/2026\/01\/SWT_Meteorage-Bericht_uber_die_Blitzaktivitat2025.pdf\" target=\"_blank\">\n\t\t\t\t\t\t<span class=\"elementor-button-content-wrapper\">\n\t\t\t\t\t\t\t\t\t<span class=\"elementor-button-text\">Sehen Sie sich den Haushalt Europa \/ Schweiz 2025 im PDF-Format an und entdecken Sie weitere Analysen.<\/span>\n\t\t\t\t\t<\/span>\n\t\t\t\t\t<\/a>\n\t\t\t\t<\/div>\n\t\t\t\t\t\t\t\t<\/div>\n\t\t\t\t<\/div>\n\t\t\t\t\t<\/div>\n\t\t\t\t<\/div>\n\t\t<div class=\"elementor-element elementor-element-41e4a4b8 e-flex e-con-boxed e-con e-parent\" data-id=\"41e4a4b8\" data-element_type=\"container\" data-e-type=\"container\" data-settings=\"{&quot;background_background&quot;:&quot;classic&quot;}\">\n\t\t\t\t\t<div class=\"e-con-inner\">\n\t\t<div class=\"elementor-element elementor-element-1ff2c679 e-con-full e-flex e-con e-child\" data-id=\"1ff2c679\" data-element_type=\"container\" data-e-type=\"container\">\n\t\t\t\t<div class=\"elementor-element elementor-element-300b2b41 elementor-widget elementor-widget-image\" data-id=\"300b2b41\" data-element_type=\"widget\" data-e-type=\"widget\" data-widget_type=\"image.default\">\n\t\t\t\t<div class=\"elementor-widget-container\">\n\t\t\t\t\t\t\t\t\t\t\t\t\t\t\t<img decoding=\"async\" src=\"https:\/\/www.meteorage.com\/wp-content\/uploads\/2026\/01\/GUILLEMETS-_-MTG.webp\" title=\"\" alt=\"\" loading=\"lazy\" \/>\t\t\t\t\t\t\t\t\t\t\t\t\t\t\t<\/div>\n\t\t\t\t<\/div>\n\t\t\t\t<div class=\"elementor-element elementor-element-38ef00d5 elementor-widget elementor-widget-text-editor\" data-id=\"38ef00d5\" data-element_type=\"widget\" data-e-type=\"widget\" data-widget_type=\"text-editor.default\">\n\t\t\t\t<div class=\"elementor-widget-container\">\n\t\t\t\t\t\t\t\t\t<p class=\"cvGsUA direction-ltr align-start para-style-body\"><span class=\"a_GcMg font-feature-liga-off font-feature-clig-off font-feature-calt-off text-decoration-none text-strikethrough-none\">Die Anzahl der Blitze von einem Jahr zum anderen spiegelt nicht allein das Ausma\u00df der Gefahr wider. Im Jahr 2025 gab es in Europa weniger Gewitter, die aber manchmal genauso intensiv waren, und das Risiko kann f\u00fcr exponierte Aktivit\u00e4ten jederzeit auftreten.<\/span><\/p>\t\t\t\t\t\t\t\t<\/div>\n\t\t\t\t<\/div>\n\t\t\t\t<div class=\"elementor-element elementor-element-24d09f4 elementor-widget elementor-widget-text-editor\" data-id=\"24d09f4\" data-element_type=\"widget\" data-e-type=\"widget\" data-widget_type=\"text-editor.default\">\n\t\t\t\t<div class=\"elementor-widget-container\">\n\t\t\t\t\t\t\t\t\t<p><span class=\"a_GcMg font-feature-liga-off font-feature-clig-off font-feature-calt-off text-decoration-none text-strikethrough-none\">\u2014 St\u00e9phane Schmitt, Lightning Application Expert, Meteorage<\/span><\/p>\t\t\t\t\t\t\t\t<\/div>\n\t\t\t\t<\/div>\n\t\t\t\t<\/div>\n\t\t<div class=\"elementor-element elementor-element-2468fc12 e-con-full e-flex e-con e-child\" data-id=\"2468fc12\" data-element_type=\"container\" data-e-type=\"container\">\n\t\t\t\t<div class=\"elementor-element elementor-element-7166e100 elementor-widget-tablet_extra__width-initial elementor-widget elementor-widget-image\" data-id=\"7166e100\" data-element_type=\"widget\" data-e-type=\"widget\" data-widget_type=\"image.default\">\n\t\t\t\t<div class=\"elementor-widget-container\">\n\t\t\t\t\t\t\t\t\t\t\t\t\t\t\t\t<a href=\"https:\/\/www.meteorage.com\/wp-content\/uploads\/2026\/01\/WS-_-MTG-converti-depuis-png.webp\" data-elementor-open-lightbox=\"yes\" data-e-action-hash=\"#elementor-action%3Aaction%3Dlightbox%26settings%3DeyJpZCI6NTEwMDMsInVybCI6ZmFsc2V9\">\n\t\t\t\t\t\t\t<img decoding=\"async\" src=\"https:\/\/www.meteorage.com\/wp-content\/uploads\/2026\/01\/WS-_-MTG-converti-depuis-png.webp\" title=\"\" alt=\"\" loading=\"lazy\" \/>\t\t\t\t\t\t\t\t<\/a>\n\t\t\t\t\t\t\t\t\t\t\t\t\t\t\t<\/div>\n\t\t\t\t<\/div>\n\t\t\t\t<\/div>\n\t\t\t\t\t<\/div>\n\t\t\t\t<\/div>\n\t\t<div class=\"elementor-element elementor-element-675f240d e-flex e-con-boxed e-con e-parent\" data-id=\"675f240d\" data-element_type=\"container\" data-e-type=\"container\">\n\t\t\t\t\t<div class=\"e-con-inner\">\n\t\t\t\t<div class=\"elementor-element elementor-element-7f65fb3e elementor-widget-divider--view-line elementor-widget elementor-widget-divider\" data-id=\"7f65fb3e\" data-element_type=\"widget\" data-e-type=\"widget\" data-widget_type=\"divider.default\">\n\t\t\t\t<div class=\"elementor-widget-container\">\n\t\t\t\t\t\t\t<div class=\"elementor-divider\">\n\t\t\t<span class=\"elementor-divider-separator\">\n\t\t\t\t\t\t<\/span>\n\t\t<\/div>\n\t\t\t\t\t\t<\/div>\n\t\t\t\t<\/div>\n\t\t\t\t\t<\/div>\n\t\t\t\t<\/div>\n\t\t<div class=\"elementor-element elementor-element-6a8800c9 e-flex e-con-boxed e-con e-parent\" data-id=\"6a8800c9\" data-element_type=\"container\" data-e-type=\"container\">\n\t\t\t\t\t<div class=\"e-con-inner\">\n\t\t\t\t<div class=\"elementor-element elementor-element-3ab84d3 elementor-widget elementor-widget-ube-fancy-text\" data-id=\"3ab84d3\" data-element_type=\"widget\" data-e-type=\"widget\" data-widget_type=\"ube-fancy-text.default\">\n\t\t\t\t<div class=\"elementor-widget-container\">\n\t\t\t\t\t<h3 data-text=\"[&quot;im Jahr 2025&quot;,&quot;in Europa&quot;]\" data-additional-options=\"{&quot;animationDelay&quot;:null,&quot;typingLoop&quot;:true,&quot;typingCursor&quot;:true}\" class=\"ube-fancy-text ube-fancy-text-typing\">    <span class=\"ube-fancy-text-before\">Wichtige Ereignisse<\/span>\n<span class=\"ube-fancy-text-animated\">\n\t<\/span>\n<\/h3>\t\t\t\t<\/div>\n\t\t\t\t<\/div>\n\t\t\t\t\t<\/div>\n\t\t\t\t<\/div>\n\t\t<div class=\"elementor-element elementor-element-18da939f e-flex e-con-boxed e-con e-parent\" data-id=\"18da939f\" data-element_type=\"container\" data-e-type=\"container\">\n\t\t\t\t\t<div class=\"e-con-inner\">\n\t\t\t\t<div class=\"elementor-element elementor-element-7da1bde4 elementor-widget elementor-widget-spacer\" data-id=\"7da1bde4\" data-element_type=\"widget\" data-e-type=\"widget\" data-widget_type=\"spacer.default\">\n\t\t\t\t<div class=\"elementor-widget-container\">\n\t\t\t\t\t\t\t<div class=\"elementor-spacer\">\n\t\t\t<div class=\"elementor-spacer-inner\"><\/div>\n\t\t<\/div>\n\t\t\t\t\t\t<\/div>\n\t\t\t\t<\/div>\n\t\t\t\t<div class=\"elementor-element elementor-element-6a41bfbb elementor-drop-cap-yes elementor-widget__width-initial elementor-drop-cap-view-default elementor-widget elementor-widget-text-editor\" data-id=\"6a41bfbb\" data-element_type=\"widget\" data-e-type=\"widget\" data-settings=\"{&quot;drop_cap&quot;:&quot;yes&quot;}\" data-widget_type=\"text-editor.default\">\n\t\t\t\t<div class=\"elementor-widget-container\">\n\t\t\t\t\t\t\t\t\t<p class=\"cvGsUA direction-ltr align-start para-style-body\"><span class=\"a_GcMg font-feature-liga-off font-feature-clig-off font-feature-calt-off text-decoration-none text-strikethrough-none\">Obwohl die Blitzaktivit\u00e4t im Jahr 2025 unterhalb historischer Referenzwerte lag, erlaubt die hohe interannuelle Variabilit\u00e4t der Gewitteraktivit\u00e4t derzeit keine verl\u00e4ssliche statistische Trendbestimmung.<\/span><\/p>\t\t\t\t\t\t\t\t<\/div>\n\t\t\t\t<\/div>\n\t\t\t\t<div class=\"elementor-element elementor-element-177a9671 elementor-widget elementor-widget-ube-chart\" data-id=\"177a9671\" data-element_type=\"widget\" data-e-type=\"widget\" data-widget_type=\"ube-chart.default\">\n\t\t\t\t<div class=\"elementor-widget-container\">\n\t\t\t\t\t<div  >\n    <canvas id=\"ube-chart-177a9671\" class=\"ube-chart\" data-chart-type=\"line\" data-chart-labels=\"[&quot;2016&quot;,&quot;2017&quot;,&quot;2018&quot;,&quot;2019&quot;,&quot;2020&quot;,&quot;2021&quot;,&quot;2022&quot;,&quot;2023&quot;,&quot;2024&quot;,&quot;2025&quot;]\" data-chart-options=\"{&quot;animation&quot;:{&quot;easing&quot;:&quot;linear&quot;},&quot;elements&quot;:{&quot;point&quot;:{&quot;pointStyle&quot;:&quot;rectRounded&quot;},&quot;line&quot;:{&quot;tension&quot;:0.5}},&quot;scales&quot;:{&quot;y&quot;:{&quot;ticks&quot;:{&quot;display&quot;:true},&quot;grid&quot;:{&quot;display&quot;:false,&quot;drawBorder&quot;:false,&quot;drawTicks&quot;:false}},&quot;x&quot;:{&quot;ticks&quot;:{&quot;display&quot;:true},&quot;grid&quot;:{&quot;display&quot;:false,&quot;drawBorder&quot;:false,&quot;drawTicks&quot;:false}}}}\" data-chart-datasets=\"[{&quot;label&quot;:&quot;Entwicklung der Wolke-Boden-Blitze in Europa (2016\\u20132025)&quot;,&quot;data&quot;:[1618380,1582329,2900401,1537910,1346211,1557133,2050981,2227181,1967112,1226838],&quot;backgroundColor&quot;:&quot;#01144A&quot;,&quot;hoverBackgroundColor&quot;:&quot;#01144A&quot;,&quot;borderColor&quot;:&quot;#01103B&quot;,&quot;hoverBorderColor&quot;:&quot;#01103B&quot;,&quot;borderWidth&quot;:&quot;1&quot;,&quot;fill&quot;:true}]\" data-chart-additional-options=\"{&quot;chatId&quot;:&quot;ube-chart-177a9671&quot;}\" height=\"200\"><\/canvas>\n<\/div>\t\t\t\t<\/div>\n\t\t\t\t<\/div>\n\t\t\t\t<div class=\"elementor-element elementor-element-75d7e96f elementor-widget elementor-widget-heading\" data-id=\"75d7e96f\" data-element_type=\"widget\" data-e-type=\"widget\" data-widget_type=\"heading.default\">\n\t\t\t\t<div class=\"elementor-widget-container\">\n\t\t\t\t\t<h2 class=\"elementor-heading-title elementor-size-default\">360 Gewittertage<\/h2>\t\t\t\t<\/div>\n\t\t\t\t<\/div>\n\t\t\t\t<div class=\"elementor-element elementor-element-2e8f759e elementor-drop-cap-yes elementor-widget__width-initial elementor-drop-cap-view-default elementor-widget elementor-widget-text-editor\" data-id=\"2e8f759e\" data-element_type=\"widget\" data-e-type=\"widget\" data-settings=\"{&quot;drop_cap&quot;:&quot;yes&quot;}\" data-widget_type=\"text-editor.default\">\n\t\t\t\t<div class=\"elementor-widget-container\">\n\t\t\t\t\t\t\t\t\t<p class=\"cvGsUA direction-ltr align-start para-style-body\"><span class=\"a_GcMg font-feature-liga-off font-feature-clig-off font-feature-calt-off text-decoration-none text-strikethrough-none\">Die Gewitteraktivit\u00e4t konzentrierte sich vor allem auf die Monate Juni bis August, in denen die instabilen Bedingungen am g\u00fcnstigsten waren, mit einem deutlichen H\u00f6hepunkt im Juni und fast 284.200 gez\u00e4hlten Wolke-Boden-Blitzen auf dem gesamten Kontinent, was eine teilweise fr\u00fche Gewittersaison darstellt.<\/span><\/p>\t\t\t\t\t\t\t\t<\/div>\n\t\t\t\t<\/div>\n\t\t\t\t\t<\/div>\n\t\t\t\t<\/div>\n\t\t<div class=\"elementor-element elementor-element-354a3df7 e-flex e-con-boxed e-con e-parent\" data-id=\"354a3df7\" data-element_type=\"container\" data-e-type=\"container\">\n\t\t\t\t\t<div class=\"e-con-inner\">\n\t\t<div class=\"elementor-element elementor-element-6e769c62 e-con-full e-flex e-con e-child\" data-id=\"6e769c62\" data-element_type=\"container\" data-e-type=\"container\">\n\t\t\t\t<div class=\"elementor-element elementor-element-76fe0e98 elementor-widget elementor-widget-image\" data-id=\"76fe0e98\" data-element_type=\"widget\" data-e-type=\"widget\" data-widget_type=\"image.default\">\n\t\t\t\t<div class=\"elementor-widget-container\">\n\t\t\t\t\t\t\t\t\t\t\t\t\t\t\t<img decoding=\"async\" src=\"https:\/\/www.meteorage.com\/wp-content\/uploads\/2026\/01\/GUILLEMETS-_-MTG.webp\" title=\"\" alt=\"\" loading=\"lazy\" \/>\t\t\t\t\t\t\t\t\t\t\t\t\t\t\t<\/div>\n\t\t\t\t<\/div>\n\t\t\t\t<div class=\"elementor-element elementor-element-66539e0e elementor-widget elementor-widget-text-editor\" data-id=\"66539e0e\" data-element_type=\"widget\" data-e-type=\"widget\" data-widget_type=\"text-editor.default\">\n\t\t\t\t<div class=\"elementor-widget-container\">\n\t\t\t\t\t\t\t\t\t<p class=\"cvGsUA direction-ltr align-start para-style-body\"><span class=\"a_GcMg font-feature-liga-off font-feature-clig-off font-feature-calt-off text-decoration-none text-strikethrough-none\">Im Jahr 2025 beg\u00fcnstigte die atmosph\u00e4rische Zirkulation \u00fcber Europa eine Konzentration konvektiver Aktivit\u00e4t im Mittelmeerraum. Das wiederholte Auftreten von Hochdruckgebieten \u00fcber Mittel- und Nordeuropa hat das Voranschreiten instabiler Wetterfronten in Richtung Norden des Kontinents begrenzt.<\/span><\/p><p><span class=\"a_GcMg font-feature-liga-off font-feature-clig-off font-feature-calt-off text-decoration-none text-strikethrough-none\">Infolgedessen hielten sich Tiefdruckgebiete und dynamische Antriebe in niedrigen Breitengraden aufrecht und interagierten mit w\u00e4rmeren und feuchteren Luftmassen im Mittelmeerraum, wodurch ein g\u00fcnstigeres Umfeld f\u00fcr elektrische Aktivit\u00e4t geschaffen wurde.<\/span><\/p>\t\t\t\t\t\t\t\t<\/div>\n\t\t\t\t<\/div>\n\t\t\t\t<div class=\"elementor-element elementor-element-7a51430b elementor-widget elementor-widget-text-editor\" data-id=\"7a51430b\" data-element_type=\"widget\" data-e-type=\"widget\" data-widget_type=\"text-editor.default\">\n\t\t\t\t<div class=\"elementor-widget-container\">\n\t\t\t\t\t\t\t\t\t<p><span class=\"a_GcMg font-feature-liga-off font-feature-clig-off font-feature-calt-off text-decoration-none text-strikethrough-none\">\u2014 Joris Royet, Project Manager Meteo, Meteorage<\/span><\/p>\t\t\t\t\t\t\t\t<\/div>\n\t\t\t\t<\/div>\n\t\t\t\t<\/div>\n\t\t<div class=\"elementor-element elementor-element-487faa5e e-con-full e-flex e-con e-child\" data-id=\"487faa5e\" data-element_type=\"container\" data-e-type=\"container\">\n\t\t\t\t<div class=\"elementor-element elementor-element-79731085 elementor-widget elementor-widget-spacer\" data-id=\"79731085\" data-element_type=\"widget\" data-e-type=\"widget\" data-widget_type=\"spacer.default\">\n\t\t\t\t<div class=\"elementor-widget-container\">\n\t\t\t\t\t\t\t<div class=\"elementor-spacer\">\n\t\t\t<div class=\"elementor-spacer-inner\"><\/div>\n\t\t<\/div>\n\t\t\t\t\t\t<\/div>\n\t\t\t\t<\/div>\n\t\t\t\t<div class=\"elementor-element elementor-element-7b1411ba elementor-widget elementor-widget-image\" data-id=\"7b1411ba\" data-element_type=\"widget\" data-e-type=\"widget\" data-widget_type=\"image.default\">\n\t\t\t\t<div class=\"elementor-widget-container\">\n\t\t\t\t\t\t\t\t\t\t\t\t\t\t\t\t<a href=\"https:\/\/www.meteorage.com\/wp-content\/uploads\/2026\/01\/MTG_EU_2025-converti-depuis-png-scaled.webp\" data-elementor-open-lightbox=\"yes\" data-e-action-hash=\"#elementor-action%3Aaction%3Dlightbox%26settings%3DeyJpZCI6NTEwMDksInVybCI6ZmFsc2V9\">\n\t\t\t\t\t\t\t<img decoding=\"async\" src=\"https:\/\/www.meteorage.com\/wp-content\/uploads\/2026\/01\/MTG_EU_2025-converti-depuis-png-scaled.webp\" title=\"\" alt=\"\" loading=\"lazy\" \/>\t\t\t\t\t\t\t\t<\/a>\n\t\t\t\t\t\t\t\t\t\t\t\t\t\t\t<\/div>\n\t\t\t\t<\/div>\n\t\t\t\t<\/div>\n\t\t\t\t\t<\/div>\n\t\t\t\t<\/div>\n\t\t<div class=\"elementor-element elementor-element-69b34fc9 e-flex e-con-boxed e-con e-parent\" data-id=\"69b34fc9\" data-element_type=\"container\" data-e-type=\"container\">\n\t\t\t\t\t<div class=\"e-con-inner\">\n\t\t\t\t<div class=\"elementor-element elementor-element-d2e4dac elementor-widget elementor-widget-heading\" data-id=\"d2e4dac\" data-element_type=\"widget\" data-e-type=\"widget\" data-widget_type=\"heading.default\">\n\t\t\t\t<div class=\"elementor-widget-container\">\n\t\t\t\t\t<h3 class=\"elementor-heading-title elementor-size-default\">Top 10 der blitzreichsten L\u00e4nder in Europa 2025<\/h3>\t\t\t\t<\/div>\n\t\t\t\t<\/div>\n\t\t\t\t<div class=\"elementor-element elementor-element-30a7a98f elementor-widget__width-inherit elementor-widget elementor-widget-ube-chart\" data-id=\"30a7a98f\" data-element_type=\"widget\" data-e-type=\"widget\" data-widget_type=\"ube-chart.default\">\n\t\t\t\t<div class=\"elementor-widget-container\">\n\t\t\t\t\t<div  >\n    <canvas id=\"ube-chart-30a7a98f\" class=\"ube-chart\" data-chart-type=\"bar\" data-chart-labels=\"[&quot;Spanien&quot;,&quot;Italien&quot;,&quot;Frankreich&quot;,&quot;Deutschland&quot;,&quot;Schweiz&quot;,&quot;Portugal&quot;,&quot;Vereinigtes K\\u00f6nigreich&quot;,&quot;Belgien&quot;,&quot;Niederlande&quot;,&quot;D\\u00e4nemark&quot;]\" data-chart-options=\"{&quot;scales&quot;:{&quot;y&quot;:{&quot;ticks&quot;:{&quot;display&quot;:true},&quot;grid&quot;:{&quot;display&quot;:false,&quot;drawBorder&quot;:true,&quot;drawTicks&quot;:true}},&quot;x&quot;:{&quot;ticks&quot;:{&quot;display&quot;:true},&quot;grid&quot;:{&quot;display&quot;:false,&quot;drawBorder&quot;:true,&quot;drawTicks&quot;:true}}}}\" data-chart-datasets=\"[{&quot;label&quot;:&quot;Anzahl der Wolke-Boden-Blitze (CG)&quot;,&quot;data&quot;:[427686,385577,267502,83443,20597,18496,9392,6478,9392,6478,5095,4496],&quot;backgroundColor&quot;:&quot;#01144A&quot;,&quot;hoverBackgroundColor&quot;:&quot;#01144A&quot;,&quot;borderColor&quot;:&quot;#01144A&quot;,&quot;hoverBorderColor&quot;:&quot;#01144A&quot;,&quot;borderWidth&quot;:1,&quot;fill&quot;:true}]\" data-chart-additional-options=\"{&quot;chatId&quot;:&quot;ube-chart-30a7a98f&quot;}\" height=\"250\"><\/canvas>\n<\/div>\t\t\t\t<\/div>\n\t\t\t\t<\/div>\n\t\t\t\t\t<\/div>\n\t\t\t\t<\/div>\n\t\t<div class=\"elementor-element elementor-element-5c0837f7 e-flex e-con-boxed e-con e-parent\" data-id=\"5c0837f7\" data-element_type=\"container\" data-e-type=\"container\">\n\t\t\t\t\t<div class=\"e-con-inner\">\n\t\t\t\t<div class=\"elementor-element elementor-element-7741c5b7 elementor-widget-divider--view-line elementor-widget elementor-widget-divider\" data-id=\"7741c5b7\" data-element_type=\"widget\" data-e-type=\"widget\" data-widget_type=\"divider.default\">\n\t\t\t\t<div class=\"elementor-widget-container\">\n\t\t\t\t\t\t\t<div class=\"elementor-divider\">\n\t\t\t<span class=\"elementor-divider-separator\">\n\t\t\t\t\t\t<\/span>\n\t\t<\/div>\n\t\t\t\t\t\t<\/div>\n\t\t\t\t<\/div>\n\t\t\t\t<div class=\"elementor-element elementor-element-50697c4 elementor-widget elementor-widget-ube-fancy-text\" data-id=\"50697c4\" data-element_type=\"widget\" data-e-type=\"widget\" data-widget_type=\"ube-fancy-text.default\">\n\t\t\t\t<div class=\"elementor-widget-container\">\n\t\t\t\t\t<h3 data-text=\"[&quot;im Jahr 2025&quot;,&quot;in Schweiz&quot;]\" data-additional-options=\"{&quot;animationDelay&quot;:null,&quot;typingLoop&quot;:true,&quot;typingCursor&quot;:true}\" class=\"ube-fancy-text ube-fancy-text-typing\">    <span class=\"ube-fancy-text-before\">Wichtige Ereignisse<\/span>\n<span class=\"ube-fancy-text-animated\">\n\t<\/span>\n<\/h3>\t\t\t\t<\/div>\n\t\t\t\t<\/div>\n\t\t\t\t<div class=\"elementor-element elementor-element-584b5652 elementor-widget elementor-widget-heading\" data-id=\"584b5652\" data-element_type=\"widget\" data-e-type=\"widget\" data-widget_type=\"heading.default\">\n\t\t\t\t<div class=\"elementor-widget-container\">\n\t\t\t\t\t<h5 class=\"elementor-heading-title elementor-size-default\">2025, ein Jahr mit wenigen Gewittern <\/h5>\t\t\t\t<\/div>\n\t\t\t\t<\/div>\n\t\t\t\t<div class=\"elementor-element elementor-element-1ecded7c elementor-widget elementor-widget-text-editor\" data-id=\"1ecded7c\" data-element_type=\"widget\" data-e-type=\"widget\" data-widget_type=\"text-editor.default\">\n\t\t\t\t<div class=\"elementor-widget-container\">\n\t\t\t\t\t\t\t\t\t<p class=\"cvGsUA direction-ltr align-start para-style-body\"><span class=\"a_GcMg font-feature-liga-off font-feature-clig-off font-feature-calt-off text-decoration-none text-strikethrough-none\">Im Jahr 2025 verzeichnete die Schweiz<\/span> <span class=\"a_GcMg font-feature-liga-off font-feature-clig-off font-feature-calt-off text-decoration-none text-strikethrough-none\">20.597<\/span> <span class=\"a_GcMg font-feature-liga-off font-feature-clig-off font-feature-calt-off text-decoration-none text-strikethrough-none\">Wolke-Boden-Blitze, eine schwache Gewitteraktivit\u00e4t, weit <\/span><span class=\"a_GcMg font-feature-liga-off font-feature-clig-off font-feature-calt-off text-decoration-none text-strikethrough-none\">unter dem, was normalerweise beobachtet wird.<\/span><\/p>\t\t\t\t\t\t\t\t<\/div>\n\t\t\t\t<\/div>\n\t\t\t\t\t<\/div>\n\t\t\t\t<\/div>\n\t\t<div class=\"elementor-element elementor-element-521af453 e-flex e-con-boxed e-con e-parent\" data-id=\"521af453\" data-element_type=\"container\" data-e-type=\"container\">\n\t\t\t\t\t<div class=\"e-con-inner\">\n\t\t\t\t<div class=\"elementor-element elementor-element-2cc509d2 elementor-widget elementor-widget-ube-chart\" data-id=\"2cc509d2\" data-element_type=\"widget\" data-e-type=\"widget\" data-widget_type=\"ube-chart.default\">\n\t\t\t\t<div class=\"elementor-widget-container\">\n\t\t\t\t\t<div  >\n    <canvas id=\"ube-chart-2cc509d2\" class=\"ube-chart\" data-chart-type=\"line\" data-chart-labels=\"[&quot;2016&quot;,&quot;2017&quot;,&quot;2018&quot;,&quot;2019&quot;,&quot;2020&quot;,&quot;2021&quot;,&quot;2022&quot;,&quot;2023&quot;,&quot;2024&quot;,&quot;2025&quot;]\" data-chart-options=\"{&quot;animation&quot;:{&quot;easing&quot;:&quot;linear&quot;},&quot;elements&quot;:{&quot;point&quot;:{&quot;pointStyle&quot;:&quot;rectRounded&quot;},&quot;line&quot;:{&quot;tension&quot;:0.5}},&quot;scales&quot;:{&quot;y&quot;:{&quot;ticks&quot;:{&quot;display&quot;:true,&quot;color&quot;:&quot;#01144A&quot;},&quot;grid&quot;:{&quot;display&quot;:false,&quot;drawBorder&quot;:false,&quot;drawTicks&quot;:false}},&quot;x&quot;:{&quot;ticks&quot;:{&quot;display&quot;:true,&quot;color&quot;:&quot;#01144A&quot;},&quot;grid&quot;:{&quot;display&quot;:false,&quot;drawBorder&quot;:false,&quot;drawTicks&quot;:false}}}}\" data-chart-datasets=\"[{&quot;label&quot;:&quot;Entwicklung der Wolke-Boden-Blitze in der Schweiz (2016\\u20132025)&quot;,&quot;data&quot;:[32742,51571,59317,50324,28718,56470,68659,55097,50075,20597],&quot;backgroundColor&quot;:&quot;#01144A&quot;,&quot;hoverBackgroundColor&quot;:&quot;#01144A&quot;,&quot;borderColor&quot;:&quot;#01103B&quot;,&quot;hoverBorderColor&quot;:&quot;#01103B&quot;,&quot;borderWidth&quot;:&quot;1&quot;,&quot;fill&quot;:true}]\" data-chart-additional-options=\"{&quot;chatId&quot;:&quot;ube-chart-2cc509d2&quot;}\" height=\"200\"><\/canvas>\n<\/div>\t\t\t\t<\/div>\n\t\t\t\t<\/div>\n\t\t\t\t\t<\/div>\n\t\t\t\t<\/div>\n\t\t<div class=\"elementor-element elementor-element-73dfb36d e-flex e-con-boxed e-con e-parent\" data-id=\"73dfb36d\" data-element_type=\"container\" data-e-type=\"container\">\n\t\t\t\t\t<div class=\"e-con-inner\">\n\t\t<div class=\"elementor-element elementor-element-501f438f e-con-full e-flex e-con e-child\" data-id=\"501f438f\" data-element_type=\"container\" data-e-type=\"container\">\n\t\t\t\t<div class=\"elementor-element elementor-element-15f57cbf elementor-widget elementor-widget-text-editor\" data-id=\"15f57cbf\" data-element_type=\"widget\" data-e-type=\"widget\" data-widget_type=\"text-editor.default\">\n\t\t\t\t<div class=\"elementor-widget-container\">\n\t\t\t\t\t\t\t\t\t<p class=\"cvGsUA direction-ltr align-start para-style-body\"><span class=\"a_GcMg font-feature-liga-off font-feature-clig-off font-feature-calt-off text-decoration-none text-strikethrough-none\">Damit liegt 2025 auf dem letzten Platz der j\u00e4hrlichen Rangliste seit Beginn unserer Meteorage-Aufzeichnungen.<\/span><\/p><p><span class=\"a_GcMg font-feature-liga-off font-feature-clig-off font-feature-calt-off text-decoration-none text-strikethrough-none\">Es war also ein sehr ruhiges Jahr, in dem die f\u00fcr Gewitter g\u00fcnstigen Bedingungen nur selten gegeben waren.<\/span><\/p>\t\t\t\t\t\t\t\t<\/div>\n\t\t\t\t<\/div>\n\t\t\t\t<\/div>\n\t\t<div class=\"elementor-element elementor-element-4e72e6cd e-con-full e-flex e-con e-child\" data-id=\"4e72e6cd\" data-element_type=\"container\" data-e-type=\"container\">\n\t\t\t\t<div class=\"elementor-element elementor-element-fbcf393 elementor-widget elementor-widget-image\" data-id=\"fbcf393\" data-element_type=\"widget\" data-e-type=\"widget\" data-widget_type=\"image.default\">\n\t\t\t\t<div class=\"elementor-widget-container\">\n\t\t\t\t\t\t\t\t\t\t\t\t\t\t\t\t<a href=\"https:\/\/www.meteorage.com\/wp-content\/uploads\/2026\/01\/MTG_SWT_2025-converti-depuis-png-scaled.webp\" data-elementor-open-lightbox=\"yes\" data-e-action-hash=\"#elementor-action%3Aaction%3Dlightbox%26settings%3DeyJpZCI6NTEwNDUsInVybCI6ZmFsc2V9\">\n\t\t\t\t\t\t\t<img decoding=\"async\" src=\"https:\/\/www.meteorage.com\/wp-content\/uploads\/2026\/01\/MTG_SWT_2025-converti-depuis-png-scaled.webp\" title=\"\" alt=\"\" loading=\"lazy\" \/>\t\t\t\t\t\t\t\t<\/a>\n\t\t\t\t\t\t\t\t\t\t\t\t\t\t\t<\/div>\n\t\t\t\t<\/div>\n\t\t\t\t<\/div>\n\t\t\t\t\t<\/div>\n\t\t\t\t<\/div>\n\t\t<div class=\"elementor-element elementor-element-356527c6 e-flex e-con-boxed e-con e-parent\" data-id=\"356527c6\" data-element_type=\"container\" data-e-type=\"container\" data-settings=\"{&quot;background_background&quot;:&quot;classic&quot;}\">\n\t\t\t\t\t<div class=\"e-con-inner\">\n\t\t<div class=\"elementor-element elementor-element-4d13d538 e-flex e-con-boxed e-con e-child\" data-id=\"4d13d538\" data-element_type=\"container\" data-e-type=\"container\">\n\t\t\t\t\t<div class=\"e-con-inner\">\n\t\t\t\t<div class=\"elementor-element elementor-element-75ac8dba elementor-widget elementor-widget-heading\" data-id=\"75ac8dba\" data-element_type=\"widget\" data-e-type=\"widget\" data-widget_type=\"heading.default\">\n\t\t\t\t<div class=\"elementor-widget-container\">\n\t\t\t\t\t<h2 class=\"elementor-heading-title elementor-size-default\">2025, ein ruhiges jahr,\naber sehr reale auswirkungen.<\/h2>\t\t\t\t<\/div>\n\t\t\t\t<\/div>\n\t\t\t\t\t<\/div>\n\t\t\t\t<\/div>\n\t\t<div class=\"elementor-element elementor-element-6eba202e e-con-full e-flex e-con e-child\" data-id=\"6eba202e\" data-element_type=\"container\" data-e-type=\"container\" data-settings=\"{&quot;background_background&quot;:&quot;classic&quot;}\">\n\t\t\t\t<div class=\"elementor-element elementor-element-2f7435a elementor-widget elementor-widget-heading\" data-id=\"2f7435a\" data-element_type=\"widget\" data-e-type=\"widget\" data-widget_type=\"heading.default\">\n\t\t\t\t<div class=\"elementor-widget-container\">\n\t\t\t\t\t<h4 class=\"elementor-heading-title elementor-size-default\">Bedeutende Unf\u00e4lle im Jahr 2025<\/h4>\t\t\t\t<\/div>\n\t\t\t\t<\/div>\n\t\t\t\t<div class=\"elementor-element elementor-element-1bf8beac elementor-widget elementor-widget-text-editor\" data-id=\"1bf8beac\" data-element_type=\"widget\" data-e-type=\"widget\" data-widget_type=\"text-editor.default\">\n\t\t\t\t<div class=\"elementor-widget-container\">\n\t\t\t\t\t\t\t\t\t<p class=\"cvGsUA direction-ltr align-start para-style-body\"><span class=\"a_GcMg font-feature-liga-off font-feature-clig-off font-feature-calt-off text-decoration-none text-strikethrough-none\"><strong>Energie<\/strong>: <\/span><span class=\"a_GcMg font-feature-liga-off font-feature-clig-off font-feature-calt-off text-decoration-none text-strikethrough-none\">Windkraftanlagen in den Niederlanden, Spanien und Frankreich durch Blitzeinschlag besch\u00e4digt oder zerst\u00f6rt, was zu Br\u00e4nden und erheblichen wirtschaftlichen Verlusten f\u00fchrte.<\/span><\/p><p><span class=\"a_GcMg font-feature-liga-off font-feature-clig-off font-feature-calt-off text-decoration-none text-strikethrough-none\"><strong>Verkehr<\/strong>: <\/span><span class=\"a_GcMg font-feature-liga-off font-feature-clig-off font-feature-calt-off text-decoration-none text-strikethrough-none\">Versp\u00e4tungen und Unterbrechungen im Luftverkehr (Flugh\u00e4fen Orly, CDG) und im Eisenbahnverkehr in Frankreich, Deutschland und Gro\u00dfbritannien aufgrund von Auswirkungen auf die Signalsysteme.<\/span><\/p><p><span class=\"a_GcMg font-feature-liga-off font-feature-clig-off font-feature-calt-off text-decoration-none text-strikethrough-none\"><strong>Industrie<\/strong>:<\/span><span class=\"a_GcMg font-feature-liga-off font-feature-clig-off font-feature-calt-off text-decoration-none text-strikethrough-none\"> Betriebsunterbrechungen und Sachsch\u00e4den nach direkten Auswirkungen auf Industrieanlagen (Brennerei in der Charente, Werkst\u00e4tten im Departement Eure) und Freizeitinfrastrukturen (Seilbahn in Italien).<\/span><\/p><p><span class=\"a_GcMg font-feature-liga-off font-feature-clig-off font-feature-calt-off text-decoration-none text-strikethrough-none\"><strong>Landwirtschaft<\/strong>: <\/span><span class=\"a_GcMg font-feature-liga-off font-feature-clig-off font-feature-calt-off text-decoration-none text-strikethrough-none\">manchmal kollektives Sterben von Herden in Spanien und Irland<\/span><\/p><p><span class=\"a_GcMg font-feature-liga-off font-feature-clig-off font-feature-calt-off text-decoration-none text-strikethrough-none\"><strong>Umwelt<\/strong>: <\/span><span class=\"a_GcMg font-feature-liga-off font-feature-clig-off font-feature-calt-off text-decoration-none text-strikethrough-none\">mindestens zwei gr\u00f6\u00dfere Waldbr\u00e4nde wurden durch Blitzeinschlag ausgel\u00f6st, in der Schweiz (Tessin) und in Portugal (Bezirk Coimbra)<\/span><\/p>\t\t\t\t\t\t\t\t<\/div>\n\t\t\t\t<\/div>\n\t\t\t\t<\/div>\n\t\t<div class=\"elementor-element elementor-element-32bd2bf1 two-col-row link-type-card e-con-full e-flex e-con e-child\" data-id=\"32bd2bf1\" data-element_type=\"container\" data-e-type=\"container\">\n\t\t\t\t<div class=\"elementor-element elementor-element-491ec6a9 elementor-widget-tablet_extra__width-initial elementor-widget elementor-widget-text-editor\" data-id=\"491ec6a9\" data-element_type=\"widget\" data-e-type=\"widget\" data-widget_type=\"text-editor.default\">\n\t\t\t\t<div class=\"elementor-widget-container\">\n\t\t\t\t\t\t\t\t\t<p><span class=\"a_GcMg font-feature-liga-off font-feature-clig-off font-feature-calt-off text-decoration-none text-strikethrough-none\">GERINGE AKTIVIT\u00c4T \u2260 GERINGES RISIKO<\/span><\/p>\t\t\t\t\t\t\t\t<\/div>\n\t\t\t\t<\/div>\n\t\t\t\t<div class=\"elementor-element elementor-element-326b114c elementor-widget-tablet_extra__width-initial elementor-widget elementor-widget-text-editor\" data-id=\"326b114c\" data-element_type=\"widget\" data-e-type=\"widget\" data-widget_type=\"text-editor.default\">\n\t\t\t\t<div class=\"elementor-widget-container\">\n\t\t\t\t\t\t\t\t\t<p class=\"cvGsUA direction-ltr align-start para-style-body\"><span class=\"a_GcMg font-feature-liga-off font-feature-clig-off font-feature-calt-off text-decoration-none text-strikethrough-none\">Auch wenn das Jahr 2025 europaweit als weniger gewitterreich als \u00fcblich prognostiziert wird, bleibt das Risiko durch Blitzschlag weiterhin bestehen, da die geringere Gesamtzahl an Blitzen die Gef\u00e4hrdung nicht mechanisch verringert, die viele Branchen betrifft. Hinter den r\u00fcckl\u00e4ufigen Gesamtstatistiken f\u00fchrte jede Gewitterepisode weiterhin zu konkreten, manchmal gro\u00dfen Auswirkungen auf kritische Infrastrukturen, wirtschaftliche Aktivit\u00e4ten, die Umwelt und die Sicherheit der Menschen.<\/span><\/p><p class=\"cvGsUA direction-ltr align-start para-style-body\"><span class=\"a_GcMg font-feature-liga-off font-feature-clig-off font-feature-calt-off text-decoration-none text-strikethrough-none\">Jedes Gewitter, auch wenn es nur m\u00e4\u00dfig ist, kann erhebliche, manchmal unerwartete Sch\u00e4den verursachen: <\/span><span class=\"a_GcMg font-feature-liga-off font-feature-clig-off font-feature-calt-off text-decoration-none text-strikethrough-none\">Betriebsunterbrechungen, Besch\u00e4digungen empfindlicher Anlagen, wirtschaftliche Verluste oder Risiken f\u00fcr Menschen.<\/span><\/p>\t\t\t\t\t\t\t\t<\/div>\n\t\t\t\t<\/div>\n\t\t\t\t<\/div>\n\t\t\t\t\t<\/div>\n\t\t\t\t<\/div>\n\t\t<div class=\"elementor-element elementor-element-4cbfac4d e-flex e-con-boxed e-con e-parent\" data-id=\"4cbfac4d\" data-element_type=\"container\" data-e-type=\"container\">\n\t\t\t\t\t<div class=\"e-con-inner\">\n\t\t\t\t<div class=\"elementor-element elementor-element-122bcc55 elementor-widget elementor-widget-spacer\" data-id=\"122bcc55\" data-element_type=\"widget\" data-e-type=\"widget\" data-widget_type=\"spacer.default\">\n\t\t\t\t<div class=\"elementor-widget-container\">\n\t\t\t\t\t\t\t<div class=\"elementor-spacer\">\n\t\t\t<div class=\"elementor-spacer-inner\"><\/div>\n\t\t<\/div>\n\t\t\t\t\t\t<\/div>\n\t\t\t\t<\/div>\n\t\t\t\t<div class=\"elementor-element elementor-element-6f6bbd1e elementor-widget elementor-widget-heading\" data-id=\"6f6bbd1e\" data-element_type=\"widget\" data-e-type=\"widget\" data-widget_type=\"heading.default\">\n\t\t\t\t<div class=\"elementor-widget-container\">\n\t\t\t\t\t<h4 class=\"elementor-heading-title elementor-size-default\">Ein st\u00e4ndiges Risiko, \nohne Grenzen und Jahreszeiten<\/h4>\t\t\t\t<\/div>\n\t\t\t\t<\/div>\n\t\t\t\t<div class=\"elementor-element elementor-element-667e1f7 elementor-widget elementor-widget-text-editor\" data-id=\"667e1f7\" data-element_type=\"widget\" data-e-type=\"widget\" data-widget_type=\"text-editor.default\">\n\t\t\t\t<div class=\"elementor-widget-container\">\n\t\t\t\t\t\t\t\t\t<p class=\"cvGsUA direction-ltr align-start para-style-body\"><span class=\"a_GcMg font-feature-liga-off font-feature-clig-off font-feature-calt-off text-decoration-none text-strikethrough-none\">Die Analyse der Unf\u00e4lle im Jahr 2025 best\u00e4tigt, dass die Folgen von Blitzeinschl\u00e4gen weder auf Extremsituationen noch auf die Sommermonate beschr\u00e4nkt sind. Die erfassten Ereignisse erstrecken sich \u00fcber das ganze Jahr und zeigen, dass das Risiko st\u00e4ndig besteht, selbst bei als geringf\u00fcgig eingestuften Ph\u00e4nomenen. Es muss unbedingt daran erinnert werden, dass sich die meisten schweren Unf\u00e4lle an Tagen ereignen, die als gelbe Warnstufe eingestuft sind oder an denen es keine besondere Warnung gibt.<\/span><\/p><p><span class=\"a_GcMg font-feature-liga-off font-feature-clig-off font-feature-calt-off text-decoration-none text-strikethrough-none\">Der Unfall im Zoo von La Barben (Frankreich), der sich an einem st\u00fcrmischen, aber keineswegs au\u00dfergew\u00f6hnlichen Tag ereignete, ist ein eindrucksvolles Beispiel daf\u00fcr. Dies unterstreicht die Notwendigkeit st\u00e4ndiger Wachsamkeit, selbst bei Episoden, die als \u201em\u00e4\u00dfig\u201c eingestuft werden.<\/span><\/p>\t\t\t\t\t\t\t\t<\/div>\n\t\t\t\t<\/div>\n\t\t\t\t\t<\/div>\n\t\t\t\t<\/div>\n\t\t<div class=\"elementor-element elementor-element-6f6b5736 container-bg services-section e-con-full e-flex e-con e-parent\" data-id=\"6f6b5736\" data-element_type=\"container\" data-e-type=\"container\">\n\t\t<div class=\"elementor-element elementor-element-59aa748f e-flex e-con-boxed e-con e-child\" data-id=\"59aa748f\" data-element_type=\"container\" data-e-type=\"container\">\n\t\t\t\t\t<div class=\"e-con-inner\">\n\t\t\t\t<div class=\"elementor-element elementor-element-1b9d174 section-title elementor-widget elementor-widget-heading\" data-id=\"1b9d174\" data-element_type=\"widget\" data-e-type=\"widget\" data-widget_type=\"heading.default\">\n\t\t\t\t<div class=\"elementor-widget-container\">\n\t\t\t\t\t<h2 class=\"elementor-heading-title elementor-size-default\">Vorbeugen f\u00fcr besseren Schutz <\/h2>\t\t\t\t<\/div>\n\t\t\t\t<\/div>\n\t\t\t\t<div class=\"elementor-element elementor-element-52a28b59 elementor-widget elementor-widget-text-editor\" data-id=\"52a28b59\" data-element_type=\"widget\" data-e-type=\"widget\" data-widget_type=\"text-editor.default\">\n\t\t\t\t<div class=\"elementor-widget-container\">\n\t\t\t\t\t\t\t\t\t<p><span class=\"a_GcMg font-feature-liga-off font-feature-clig-off font-feature-calt-off text-decoration-none text-strikethrough-none\">Angesichts dieses diffusen Risikos ist es unerl\u00e4sslich, geeignete Pr\u00e4ventionsma\u00dfnahmen zu ergreifen: Sensibilisierung, Organisation von Au\u00dfenaktivit\u00e4ten, Schutz der Infrastruktur, Weitergabe bew\u00e4hrter Verfahren an die betroffenen Teams.<\/span><\/p><p class=\"cvGsUA direction-ltr align-start para-style-body\"><span class=\"a_GcMg font-feature-liga-off font-feature-clig-off font-feature-calt-off text-decoration-none text-strikethrough-none\">In diesem Sinne unterst\u00fctzt Meteorage seine Kunden und Partner dabei, sich besser zu sch\u00fctzen \u2013 von Schulungen \u00fcber Blitzdaten bis hin zu Warndiensten, Analysen und Entscheidungshilfen. Dieses Fachwissen ist auch Teil einer umfassenderen Mission zur Verbreitung der Risikokultur durch unser Engagement <\/span><span class=\"a_GcMg font-feature-liga-off font-feature-clig-off font-feature-calt-off text-decoration-none text-strikethrough-none\">im Bereich der Normung, unsere internationalen Studien <\/span><span class=\"a_GcMg font-feature-liga-off font-feature-clig-off font-feature-calt-off text-decoration-none text-strikethrough-none\">und Ver\u00f6ffentlichungen sowie durch <\/span><span class=\"a_GcMg font-feature-liga-off font-feature-clig-off font-feature-calt-off text-decoration-none text-strikethrough-none\">p\u00e4dagogische Ma\u00dfnahmen und <\/span><span class=\"a_GcMg font-feature-liga-off font-feature-clig-off font-feature-calt-off text-decoration-none text-strikethrough-none\">Pr\u00e4ventionsbotschaften,<\/span><span class=\"a_GcMg font-feature-liga-off font-feature-clig-off font-feature-calt-off text-decoration-none text-strikethrough-none\">die f\u00fcr alle zug\u00e4nglich sind.<\/span><\/p>\t\t\t\t\t\t\t\t<\/div>\n\t\t\t\t<\/div>\n\t\t\t\t<div class=\"elementor-element elementor-element-3abeca3f elementor-widget-tablet_extra__width-initial elementor-widget elementor-widget-image\" data-id=\"3abeca3f\" data-element_type=\"widget\" data-e-type=\"widget\" data-widget_type=\"image.default\">\n\t\t\t\t<div class=\"elementor-widget-container\">\n\t\t\t\t\t\t\t\t\t\t\t\t\t\t\t<img decoding=\"async\" src=\"https:\/\/www.meteorage.com\/wp-content\/uploads\/2026\/01\/MTG_SERVICES_DE-converti-depuis-png.webp\" title=\"\" alt=\"\" loading=\"lazy\" \/>\t\t\t\t\t\t\t\t\t\t\t\t\t\t\t<\/div>\n\t\t\t\t<\/div>\n\t\t\t\t<div class=\"elementor-element elementor-element-719eb7a0 elementor-widget elementor-widget-text-editor\" data-id=\"719eb7a0\" data-element_type=\"widget\" data-e-type=\"widget\" data-widget_type=\"text-editor.default\">\n\t\t\t\t<div class=\"elementor-widget-container\">\n\t\t\t\t\t\t\t\t\t<p class=\"cvGsUA direction-ltr align-start para-style-body\"><span class=\"a_GcMg font-feature-liga-off font-feature-clig-off font-feature-calt-off text-decoration-none text-strikethrough-none\">Wir bei Meteorage sind seit fast<\/span><\/p><p class=\"cvGsUA direction-ltr align-start para-style-body\"><span class=\"a_GcMg font-feature-liga-off font-feature-clig-off font-feature-calt-off text-decoration-none text-strikethrough-none\">40 Jahren Experten f\u00fcr Blitzortung und Betreiber eines europ\u00e4ischen Referenznetzwerks. Wir unterst\u00fctzen unsere Kunden dabei, Gewitterrisiken zu antizipieren, zu \u00fcberwachen und zu bew\u00e4ltigen, dank L\u00f6sungen, die auf jeden T\u00e4tigkeitsbereich zugeschnitten sind.<\/span><\/p>\t\t\t\t\t\t\t\t<\/div>\n\t\t\t\t<\/div>\n\t\t\t\t\t<\/div>\n\t\t\t\t<\/div>\n\t\t\t\t<\/div>\n\t\t<div class=\"elementor-element elementor-element-20061bd0 e-flex e-con-boxed e-con e-parent\" data-id=\"20061bd0\" data-element_type=\"container\" data-e-type=\"container\">\n\t\t\t\t\t<div class=\"e-con-inner\">\n\t\t\t\t<div class=\"elementor-element elementor-element-21702f29 elementor-widget-divider--view-line elementor-widget elementor-widget-divider\" data-id=\"21702f29\" data-element_type=\"widget\" data-e-type=\"widget\" data-widget_type=\"divider.default\">\n\t\t\t\t<div class=\"elementor-widget-container\">\n\t\t\t\t\t\t\t<div class=\"elementor-divider\">\n\t\t\t<span class=\"elementor-divider-separator\">\n\t\t\t\t\t\t<\/span>\n\t\t<\/div>\n\t\t\t\t\t\t<\/div>\n\t\t\t\t<\/div>\n\t\t\t\t\t<\/div>\n\t\t\t\t<\/div>\n\t\t<div class=\"elementor-element elementor-element-13275a58 e-flex e-con-boxed e-con e-parent\" data-id=\"13275a58\" data-element_type=\"container\" data-e-type=\"container\">\n\t\t\t\t\t<div class=\"e-con-inner\">\n\t\t\t\t<div class=\"elementor-element elementor-element-1fa190fa elementor-widget-divider--view-line elementor-widget elementor-widget-divider\" data-id=\"1fa190fa\" data-element_type=\"widget\" data-e-type=\"widget\" data-widget_type=\"divider.default\">\n\t\t\t\t<div class=\"elementor-widget-container\">\n\t\t\t\t\t\t\t<div class=\"elementor-divider\">\n\t\t\t<span class=\"elementor-divider-separator\">\n\t\t\t\t\t\t<\/span>\n\t\t<\/div>\n\t\t\t\t\t\t<\/div>\n\t\t\t\t<\/div>\n\t\t\t\t\t<\/div>\n\t\t\t\t<\/div>\n\t\t<div class=\"elementor-element elementor-element-7c0e2d35 e-flex e-con-boxed e-con e-parent\" data-id=\"7c0e2d35\" data-element_type=\"container\" data-e-type=\"container\">\n\t\t\t\t\t<div class=\"e-con-inner\">\n\t\t\t\t<div class=\"elementor-element elementor-element-1c49fadf elementor-widget elementor-widget-menu-anchor\" data-id=\"1c49fadf\" data-element_type=\"widget\" data-e-type=\"widget\" data-widget_type=\"menu-anchor.default\">\n\t\t\t\t<div class=\"elementor-widget-container\">\n\t\t\t\t\t\t\t<div class=\"elementor-menu-anchor\" id=\"terminologie\"><\/div>\n\t\t\t\t\t\t<\/div>\n\t\t\t\t<\/div>\n\t\t\t\t\t<\/div>\n\t\t\t\t<\/div>\n\t\t<div class=\"elementor-element elementor-element-7596a306 e-flex e-con-boxed e-con e-parent\" data-id=\"7596a306\" data-element_type=\"container\" data-e-type=\"container\">\n\t\t\t\t\t<div class=\"e-con-inner\">\n\t\t\t\t<div class=\"elementor-element elementor-element-2d15323c elementor-widget elementor-widget-spacer\" data-id=\"2d15323c\" data-element_type=\"widget\" data-e-type=\"widget\" data-widget_type=\"spacer.default\">\n\t\t\t\t<div class=\"elementor-widget-container\">\n\t\t\t\t\t\t\t<div class=\"elementor-spacer\">\n\t\t\t<div class=\"elementor-spacer-inner\"><\/div>\n\t\t<\/div>\n\t\t\t\t\t\t<\/div>\n\t\t\t\t<\/div>\n\t\t\t\t\t<\/div>\n\t\t\t\t<\/div>\n\t\t<div class=\"elementor-element elementor-element-4bd60d3e e-flex e-con-boxed e-con e-parent\" data-id=\"4bd60d3e\" data-element_type=\"container\" data-e-type=\"container\">\n\t\t\t\t\t<div class=\"e-con-inner\">\n\t\t\t\t<div class=\"elementor-element elementor-element-6b04b51a elementor-widget elementor-widget-heading\" data-id=\"6b04b51a\" data-element_type=\"widget\" data-e-type=\"widget\" data-widget_type=\"heading.default\">\n\t\t\t\t<div class=\"elementor-widget-container\">\n\t\t\t\t\t<h3 class=\"elementor-heading-title elementor-size-default\">Terminologie<\/h3>\t\t\t\t<\/div>\n\t\t\t\t<\/div>\n\t\t\t\t<div class=\"elementor-element elementor-element-66aff355 elementor-widget elementor-widget-text-editor\" data-id=\"66aff355\" data-element_type=\"widget\" data-e-type=\"widget\" data-widget_type=\"text-editor.default\">\n\t\t\t\t<div class=\"elementor-widget-container\">\n\t\t\t\t\t\t\t\t\t<p>Um die in diesem Bericht enthaltenen Informationen besser zu verstehen, stellen wir Ihnen im Folgenden die Definitionen von h\u00e4ufig verwendeten Begriffe vor.<\/p>\t\t\t\t\t\t\t\t<\/div>\n\t\t\t\t<\/div>\n\t\t\t\t\t<\/div>\n\t\t\t\t<\/div>\n\t\t<div class=\"elementor-element elementor-element-2afc4d3b e-flex e-con-boxed e-con e-parent\" data-id=\"2afc4d3b\" data-element_type=\"container\" data-e-type=\"container\">\n\t\t\t\t\t<div class=\"e-con-inner\">\n\t\t\t\t<div class=\"elementor-element elementor-element-698f90b6 elementor-widget elementor-widget-spacer\" data-id=\"698f90b6\" data-element_type=\"widget\" data-e-type=\"widget\" data-widget_type=\"spacer.default\">\n\t\t\t\t<div class=\"elementor-widget-container\">\n\t\t\t\t\t\t\t<div class=\"elementor-spacer\">\n\t\t\t<div class=\"elementor-spacer-inner\"><\/div>\n\t\t<\/div>\n\t\t\t\t\t\t<\/div>\n\t\t\t\t<\/div>\n\t\t\t\t\t<\/div>\n\t\t\t\t<\/div>\n\t\t<div class=\"elementor-element elementor-element-4a08d207 e-flex e-con-boxed e-con e-parent\" data-id=\"4a08d207\" data-element_type=\"container\" data-e-type=\"container\">\n\t\t\t\t\t<div class=\"e-con-inner\">\n\t\t<div class=\"elementor-element elementor-element-4c32712b e-con-full e-flex e-con e-child\" data-id=\"4c32712b\" data-element_type=\"container\" data-e-type=\"container\">\n\t\t\t\t<div class=\"elementor-element elementor-element-35e16288 elementor-widget elementor-widget-heading\" data-id=\"35e16288\" data-element_type=\"widget\" data-e-type=\"widget\" data-widget_type=\"heading.default\">\n\t\t\t\t<div class=\"elementor-widget-container\">\n\t\t\t\t\t<h4 class=\"elementor-heading-title elementor-size-default\">Wolke-Boden-Blitze (CG)<\/h4>\t\t\t\t<\/div>\n\t\t\t\t<\/div>\n\t\t\t\t<div class=\"elementor-element elementor-element-2689d7fb elementor-widget elementor-widget-text-editor\" data-id=\"2689d7fb\" data-element_type=\"widget\" data-e-type=\"widget\" data-widget_type=\"text-editor.default\">\n\t\t\t\t<div class=\"elementor-widget-container\">\n\t\t\t\t\t\t\t\t\t<p>Stromentladung mit einer bestimmten St\u00e4rke, die zwischen einer Wolke und dem Boden flie\u00dft. Die Abk\u00fcrzung CG, \u201eCloud-to-Ground\u201c auf Englisch, bedeutet Wolke zu Boden.<\/p>\t\t\t\t\t\t\t\t<\/div>\n\t\t\t\t<\/div>\n\t\t\t\t<\/div>\n\t\t<div class=\"elementor-element elementor-element-74cc2660 e-con-full e-flex e-con e-child\" data-id=\"74cc2660\" data-element_type=\"container\" data-e-type=\"container\">\n\t\t\t\t<div class=\"elementor-element elementor-element-48086c2a elementor-widget elementor-widget-heading\" data-id=\"48086c2a\" data-element_type=\"widget\" data-e-type=\"widget\" data-widget_type=\"heading.default\">\n\t\t\t\t<div class=\"elementor-widget-container\">\n\t\t\t\t\t<h4 class=\"elementor-heading-title elementor-size-default\">Blitzdichte<\/h4>\t\t\t\t<\/div>\n\t\t\t\t<\/div>\n\t\t\t\t<div class=\"elementor-element elementor-element-331b684c elementor-widget elementor-widget-text-editor\" data-id=\"331b684c\" data-element_type=\"widget\" data-e-type=\"widget\" data-widget_type=\"text-editor.default\">\n\t\t\t\t<div class=\"elementor-widget-container\">\n\t\t\t\t\t\t\t\t\t<p>Die derzeit beste Darstellung der Gewitteraktivit\u00e4t ist die Blitzdichte, welche die Anzahl der Wolke-Boden-Blitze (CG) pro km\u00b2 und Jahr angibt.<\/p>\t\t\t\t\t\t\t\t<\/div>\n\t\t\t\t<\/div>\n\t\t\t\t<\/div>\n\t\t\t\t\t<\/div>\n\t\t\t\t<\/div>\n\t\t<div class=\"elementor-element elementor-element-5e8a1027 e-flex e-con-boxed e-con e-parent\" data-id=\"5e8a1027\" data-element_type=\"container\" data-e-type=\"container\">\n\t\t\t\t\t<div class=\"e-con-inner\">\n\t\t<div class=\"elementor-element elementor-element-60386075 e-con-full e-flex e-con e-child\" data-id=\"60386075\" data-element_type=\"container\" data-e-type=\"container\">\n\t\t\t\t<div class=\"elementor-element elementor-element-42af53a4 elementor-widget elementor-widget-heading\" data-id=\"42af53a4\" data-element_type=\"widget\" data-e-type=\"widget\" data-widget_type=\"heading.default\">\n\t\t\t\t<div class=\"elementor-widget-container\">\n\t\t\t\t\t<h4 class=\"elementor-heading-title elementor-size-default\">Blitze<\/h4>\t\t\t\t<\/div>\n\t\t\t\t<\/div>\n\t\t\t\t<div class=\"elementor-element elementor-element-142a8b72 elementor-widget elementor-widget-text-editor\" data-id=\"142a8b72\" data-element_type=\"widget\" data-e-type=\"widget\" data-widget_type=\"text-editor.default\">\n\t\t\t\t<div class=\"elementor-widget-container\">\n\t\t\t\t\t\t\t\t\t<p>Alle Stromentladungen und elektrische Impulse bei einem Gewitter mit Blitzschl\u00e4gen. Ein Blitz kann in einer Wolke (Wolkenblitze), zwischen einer Wolke und dem Boden (Wolken-Boden-Blitze, CG) oder zwischen\u00a0<span style=\"color: var( --e-global-color-text ); text-align: var(--text-align);\">den\u00a0<\/span><span style=\"color: var( --e-global-color-text ); text-align: var(--text-align);\">Wolken auftreten.\u00a0<\/span><span style=\"color: var( --e-global-color-text ); text-align: var(--text-align);\">Ein Blitz kann aus einem oder mehreren B\u00f6gen bestehen, die Stromimpulse sind.<\/span><\/p>\t\t\t\t\t\t\t\t<\/div>\n\t\t\t\t<\/div>\n\t\t\t\t<\/div>\n\t\t<div class=\"elementor-element elementor-element-36fa3145 e-con-full e-flex e-con e-child\" data-id=\"36fa3145\" data-element_type=\"container\" data-e-type=\"container\">\n\t\t\t\t<div class=\"elementor-element elementor-element-5aedb814 elementor-widget elementor-widget-heading\" data-id=\"5aedb814\" data-element_type=\"widget\" data-e-type=\"widget\" data-widget_type=\"heading.default\">\n\t\t\t\t<div class=\"elementor-widget-container\">\n\t\t\t\t\t<h4 class=\"elementor-heading-title elementor-size-default\">Gewittertag<\/h4>\t\t\t\t<\/div>\n\t\t\t\t<\/div>\n\t\t\t\t<div class=\"elementor-element elementor-element-518a59f3 elementor-widget elementor-widget-text-editor\" data-id=\"518a59f3\" data-element_type=\"widget\" data-e-type=\"widget\" data-widget_type=\"text-editor.default\">\n\t\t\t\t<div class=\"elementor-widget-container\">\n\t\t\t\t\t\t\t\t\t<p>Tag, an dem mindestens ein Blitz in dem betrachteten Gebiet registriert wurde.<\/p>\t\t\t\t\t\t\t\t<\/div>\n\t\t\t\t<\/div>\n\t\t\t\t<\/div>\n\t\t\t\t\t<\/div>\n\t\t\t\t<\/div>\n\t\t<div class=\"elementor-element elementor-element-7b8bc688 e-flex e-con-boxed e-con e-parent\" data-id=\"7b8bc688\" data-element_type=\"container\" data-e-type=\"container\">\n\t\t\t\t\t<div class=\"e-con-inner\">\n\t\t\t\t<div class=\"elementor-element elementor-element-47cf13fb elementor-widget elementor-widget-spacer\" data-id=\"47cf13fb\" data-element_type=\"widget\" data-e-type=\"widget\" data-widget_type=\"spacer.default\">\n\t\t\t\t<div class=\"elementor-widget-container\">\n\t\t\t\t\t\t\t<div class=\"elementor-spacer\">\n\t\t\t<div class=\"elementor-spacer-inner\"><\/div>\n\t\t<\/div>\n\t\t\t\t\t\t<\/div>\n\t\t\t\t<\/div>\n\t\t\t\t\t<\/div>\n\t\t\t\t<\/div>\n\t\t<div class=\"elementor-element elementor-element-7654a04d e-flex e-con-boxed e-con e-parent\" data-id=\"7654a04d\" data-element_type=\"container\" data-e-type=\"container\">\n\t\t\t\t\t<div class=\"e-con-inner\">\n\t\t\t\t<div class=\"elementor-element elementor-element-53ffdcc7 elementor-widget-divider--view-line elementor-widget elementor-widget-divider\" data-id=\"53ffdcc7\" data-element_type=\"widget\" data-e-type=\"widget\" data-widget_type=\"divider.default\">\n\t\t\t\t<div class=\"elementor-widget-container\">\n\t\t\t\t\t\t\t<div class=\"elementor-divider\">\n\t\t\t<span class=\"elementor-divider-separator\">\n\t\t\t\t\t\t<\/span>\n\t\t<\/div>\n\t\t\t\t\t\t<\/div>\n\t\t\t\t<\/div>\n\t\t<div class=\"elementor-element elementor-element-fc70ec0 e-con-full e-flex e-con e-child\" data-id=\"fc70ec0\" data-element_type=\"container\" data-e-type=\"container\">\n\t\t\t\t<div class=\"elementor-element elementor-element-57d2e3f5 elementor-widget elementor-widget-heading\" data-id=\"57d2e3f5\" data-element_type=\"widget\" data-e-type=\"widget\" data-widget_type=\"heading.default\">\n\t\t\t\t<div class=\"elementor-widget-container\">\n\t\t\t\t\t<h3 class=\"elementor-heading-title elementor-size-default\">\u00dcber diesen Bericht<\/h3>\t\t\t\t<\/div>\n\t\t\t\t<\/div>\n\t\t\t\t<\/div>\n\t\t\t\t\t<\/div>\n\t\t\t\t<\/div>\n\t\t<div class=\"elementor-element elementor-element-382af8c e-flex e-con-boxed e-con e-parent\" data-id=\"382af8c\" data-element_type=\"container\" data-e-type=\"container\">\n\t\t\t\t\t<div class=\"e-con-inner\">\n\t\t<div class=\"elementor-element elementor-element-6e048977 e-con-full e-flex e-con e-child\" data-id=\"6e048977\" data-element_type=\"container\" data-e-type=\"container\">\n\t\t\t\t<div class=\"elementor-element elementor-element-47486268 elementor-widget elementor-widget-text-editor\" data-id=\"47486268\" data-element_type=\"widget\" data-e-type=\"widget\" data-widget_type=\"text-editor.default\">\n\t\t\t\t<div class=\"elementor-widget-container\">\n\t\t\t\t\t\t\t\t\t<p>Dieser Bericht \u00fcber die Blitzaktivit\u00e4t Deutschlands st\u00fctzt sich auf <a href=\"https:\/\/www.meteorage.com\/de\/unsere-expertise\/\" target=\"_blank\" rel=\"noopener\">die Daten des METEORAGE-Netzwerks, the European Lightning Detection Network (ELDN).<\/a><\/p><p>Die von uns spezifisch in dieser Analyse bereitgestellten Informationen beziehen sich auf die Wolke-Boden-Blitze CG und die Blitzdichte.<\/p><p>Zum Vergleich unserer Daten im Laufe der Jahre z\u00e4hlt METEORAGE den Hauptstromimpuls, der zwischen Wolke und Boden flie\u00dft und in diesem Bericht als \u201eWolke-Boden-Blitz (CG)\u201c definiert wird.<\/p><p>Unser Know-how basiert auf \u00fcber 37 Jahren Analysen, Beobachtungen und Daten, die in Europa und dar\u00fcber hinaus weltweit gesammelt wurden.<\/p><p>Unser Netzwerk, dessen Leistung wissenschaftlich nachgewiesen wurde, verzeichnet die aktuell h\u00f6chstm\u00f6gliche wissenschaftliche Leistung mit:<\/p><ul><li>einer Blitzerkennung von &gt; 98% der Blitze,<\/li><li>einer durchschnittlichen Lokalisierungsgenauigkeit von 100 Metern,<\/li><li>einer Unterscheidung von \u00fcber 90% zwischen Wolke-Boden-Blitzen (CG) und Wolkenblitzen.<\/li><\/ul><p>Das METEORAGE-Netzwerk (ELDN) besteht aus \u00fcber 100 Blitzsensoren, mehreren Rechnern und einem Datenverarbeitungssystem. Unsere Blitzsensoren basieren auf der Vaisala-Technologie, die heutzutage als eine der besten der Welt betrachtet wird. Unser Netzwerk erm\u00f6glicht es, Leistungen zu erzielen, die durch zahlreiche wissenschaftliche <a href=\"https:\/\/www.meteorage.com\/de\/publikationen-und-technische-leitfaeden\/\" target=\"_blank\" rel=\"noopener\">Studien und Ver\u00f6ffentlichungen<\/a> best\u00e4tigt wurden.<\/p><p>Der Bericht 2025 st\u00fctzt sich auf eine hochzuverl\u00e4ssige Informationsquelle \u00fcber die Blitzaktivit\u00e4t in Deutschland. Die in diesem Bericht enthaltenen Daten, Dichten, Ranglisten und Gewittertage reichen vom 1. Januar 2025 bis zum 31. Dezember 2025.<\/p>\t\t\t\t\t\t\t\t<\/div>\n\t\t\t\t<\/div>\n\t\t\t\t<\/div>\n\t\t<div class=\"elementor-element elementor-element-499c27c2 e-con-full e-flex e-con e-child\" data-id=\"499c27c2\" data-element_type=\"container\" data-e-type=\"container\">\n\t\t\t\t<div class=\"elementor-element elementor-element-2e98a7a0 elementor-widget elementor-widget-image\" data-id=\"2e98a7a0\" data-element_type=\"widget\" data-e-type=\"widget\" data-widget_type=\"image.default\">\n\t\t\t\t<div class=\"elementor-widget-container\">\n\t\t\t\t\t\t\t\t\t\t\t\t\t\t\t<img fetchpriority=\"high\" decoding=\"async\" width=\"893\" height=\"1024\" src=\"https:\/\/www.meteorage.com\/wp-content\/uploads\/2025\/02\/METEORAGE-Netzwerks-the-European-Lightning-Detection-Network-ELDN-DE-893x1024.webp\" class=\"attachment-large size-large wp-image-45281\" alt=\"METEORAGE-Netzwerks - the European Lightning Detection Network (ELDN) DE\" srcset=\"https:\/\/www.meteorage.com\/wp-content\/uploads\/2025\/02\/METEORAGE-Netzwerks-the-European-Lightning-Detection-Network-ELDN-DE-893x1024.webp 893w, https:\/\/www.meteorage.com\/wp-content\/uploads\/2025\/02\/METEORAGE-Netzwerks-the-European-Lightning-Detection-Network-ELDN-DE-262x300.webp 262w, https:\/\/www.meteorage.com\/wp-content\/uploads\/2025\/02\/METEORAGE-Netzwerks-the-European-Lightning-Detection-Network-ELDN-DE-768x881.webp 768w, https:\/\/www.meteorage.com\/wp-content\/uploads\/2025\/02\/METEORAGE-Netzwerks-the-European-Lightning-Detection-Network-ELDN-DE-1339x1536.webp 1339w, https:\/\/www.meteorage.com\/wp-content\/uploads\/2025\/02\/METEORAGE-Netzwerks-the-European-Lightning-Detection-Network-ELDN-DE-543x623.webp 543w, https:\/\/www.meteorage.com\/wp-content\/uploads\/2025\/02\/METEORAGE-Netzwerks-the-European-Lightning-Detection-Network-ELDN-DE.webp 1744w\" sizes=\"(max-width: 893px) 100vw, 893px\" \/>\t\t\t\t\t\t\t\t\t\t\t\t\t\t\t<\/div>\n\t\t\t\t<\/div>\n\t\t\t\t<\/div>\n\t\t\t\t\t<\/div>\n\t\t\t\t<\/div>\n\t\t\t\t<\/div>\n\t\t","protected":false},"featured_media":21431,"template":"","bilan_category":[347],"class_list":["post-51034","bilan_foudroiement","type-bilan_foudroiement","status-publish","has-post-thumbnail","hentry","bilan_category-schweiz"],"acf":[],"yoast_head":"<!-- This site is optimized with the Yoast SEO plugin v27.5 - https:\/\/yoast.com\/product\/yoast-seo-wordpress\/ -->\n<title>Bericht \u00fcber die Blitzaktivit\u00e4t Europa \/ Schweiz 2025<\/title>\n<meta name=\"description\" content=\"Welche Stadt wurde 2025 am h\u00e4ufigsten vom Blitz getroffen? Lesen Sie unsere meteorologische, klimatische und elektrische Analyse der Gewitter und Blitzeinschl\u00e4ge f\u00fcr die Schweiz.\" \/>\n<meta name=\"robots\" content=\"index, follow, max-snippet:-1, max-image-preview:large, max-video-preview:-1\" \/>\n<link rel=\"canonical\" href=\"https:\/\/www.meteorage.com\/de\/gewitterbericht\/schweiz-2025\/\" \/>\n<meta property=\"og:locale\" content=\"de_DE\" \/>\n<meta property=\"og:type\" content=\"article\" \/>\n<meta property=\"og:title\" content=\"Bericht \u00fcber die Blitzaktivit\u00e4t Europa \/ Schweiz 2025\" \/>\n<meta property=\"og:description\" content=\"Welche Stadt wurde 2025 am h\u00e4ufigsten vom Blitz getroffen? Lesen Sie unsere meteorologische, klimatische und elektrische Analyse der Gewitter und Blitzeinschl\u00e4ge f\u00fcr die Schweiz.\" \/>\n<meta property=\"og:url\" content=\"https:\/\/www.meteorage.com\/de\/gewitterbericht\/schweiz-2025\/\" \/>\n<meta property=\"og:site_name\" content=\"METEORAGE\" \/>\n<meta property=\"article:modified_time\" content=\"2026-01-30T15:07:37+00:00\" \/>\n<meta property=\"og:image\" content=\"https:\/\/www.meteorage.com\/wp-content\/uploads\/2024\/06\/Suisse-Carte-fond-blanc.png\" \/>\n\t<meta property=\"og:image:width\" content=\"1920\" \/>\n\t<meta property=\"og:image:height\" content=\"1080\" \/>\n\t<meta property=\"og:image:type\" content=\"image\/png\" \/>\n<meta name=\"twitter:card\" content=\"summary_large_image\" \/>\n<meta name=\"twitter:label1\" content=\"Gesch\u00e4tzte Lesezeit\" \/>\n\t<meta name=\"twitter:data1\" content=\"9\u00a0Minuten\" \/>\n<script type=\"application\/ld+json\" class=\"yoast-schema-graph\">{\"@context\":\"https:\\\/\\\/schema.org\",\"@graph\":[{\"@type\":\"WebPage\",\"@id\":\"https:\\\/\\\/www.meteorage.com\\\/de\\\/gewitterbericht\\\/schweiz-2025\\\/\",\"url\":\"https:\\\/\\\/www.meteorage.com\\\/de\\\/gewitterbericht\\\/schweiz-2025\\\/\",\"name\":\"Bericht \u00fcber die Blitzaktivit\u00e4t Europa \\\/ Schweiz 2025\",\"isPartOf\":{\"@id\":\"https:\\\/\\\/www.meteorage.com\\\/de\\\/#website\"},\"primaryImageOfPage\":{\"@id\":\"https:\\\/\\\/www.meteorage.com\\\/de\\\/gewitterbericht\\\/schweiz-2025\\\/#primaryimage\"},\"image\":{\"@id\":\"https:\\\/\\\/www.meteorage.com\\\/de\\\/gewitterbericht\\\/schweiz-2025\\\/#primaryimage\"},\"thumbnailUrl\":\"https:\\\/\\\/www.meteorage.com\\\/wp-content\\\/uploads\\\/2024\\\/06\\\/Suisse-Carte-fond-blanc.png\",\"datePublished\":\"2026-01-30T15:07:03+00:00\",\"dateModified\":\"2026-01-30T15:07:37+00:00\",\"description\":\"Welche Stadt wurde 2025 am h\u00e4ufigsten vom Blitz getroffen? Lesen Sie unsere meteorologische, klimatische und elektrische Analyse der Gewitter und Blitzeinschl\u00e4ge f\u00fcr die Schweiz.\",\"breadcrumb\":{\"@id\":\"https:\\\/\\\/www.meteorage.com\\\/de\\\/gewitterbericht\\\/schweiz-2025\\\/#breadcrumb\"},\"inLanguage\":\"de\",\"potentialAction\":[{\"@type\":\"ReadAction\",\"target\":[\"https:\\\/\\\/www.meteorage.com\\\/de\\\/gewitterbericht\\\/schweiz-2025\\\/\"]}]},{\"@type\":\"ImageObject\",\"inLanguage\":\"de\",\"@id\":\"https:\\\/\\\/www.meteorage.com\\\/de\\\/gewitterbericht\\\/schweiz-2025\\\/#primaryimage\",\"url\":\"https:\\\/\\\/www.meteorage.com\\\/wp-content\\\/uploads\\\/2024\\\/06\\\/Suisse-Carte-fond-blanc.png\",\"contentUrl\":\"https:\\\/\\\/www.meteorage.com\\\/wp-content\\\/uploads\\\/2024\\\/06\\\/Suisse-Carte-fond-blanc.png\",\"width\":1920,\"height\":1080},{\"@type\":\"BreadcrumbList\",\"@id\":\"https:\\\/\\\/www.meteorage.com\\\/de\\\/gewitterbericht\\\/schweiz-2025\\\/#breadcrumb\",\"itemListElement\":[{\"@type\":\"ListItem\",\"position\":1,\"name\":\"Accueil\",\"item\":\"https:\\\/\\\/www.meteorage.com\\\/de\\\/\"},{\"@type\":\"ListItem\",\"position\":2,\"name\":\"Schweiz 2025\"}]},{\"@type\":\"WebSite\",\"@id\":\"https:\\\/\\\/www.meteorage.com\\\/de\\\/#website\",\"url\":\"https:\\\/\\\/www.meteorage.com\\\/de\\\/\",\"name\":\"METEORAGE\",\"description\":\"\",\"publisher\":{\"@id\":\"https:\\\/\\\/www.meteorage.com\\\/de\\\/#organization\"},\"potentialAction\":[{\"@type\":\"SearchAction\",\"target\":{\"@type\":\"EntryPoint\",\"urlTemplate\":\"https:\\\/\\\/www.meteorage.com\\\/de\\\/?s={search_term_string}\"},\"query-input\":{\"@type\":\"PropertyValueSpecification\",\"valueRequired\":true,\"valueName\":\"search_term_string\"}}],\"inLanguage\":\"de\"},{\"@type\":\"Organization\",\"@id\":\"https:\\\/\\\/www.meteorage.com\\\/de\\\/#organization\",\"name\":\"METEORAGE\",\"url\":\"https:\\\/\\\/www.meteorage.com\\\/de\\\/\",\"logo\":{\"@type\":\"ImageObject\",\"inLanguage\":\"de\",\"@id\":\"https:\\\/\\\/www.meteorage.com\\\/de\\\/#\\\/schema\\\/logo\\\/image\\\/\",\"url\":\"https:\\\/\\\/www.meteorage.com\\\/wp-content\\\/uploads\\\/2025\\\/10\\\/02.-Logo-METEORAGE-horizontal-blanc.png.webp\",\"contentUrl\":\"https:\\\/\\\/www.meteorage.com\\\/wp-content\\\/uploads\\\/2025\\\/10\\\/02.-Logo-METEORAGE-horizontal-blanc.png.webp\",\"width\":2445,\"height\":501,\"caption\":\"METEORAGE\"},\"image\":{\"@id\":\"https:\\\/\\\/www.meteorage.com\\\/de\\\/#\\\/schema\\\/logo\\\/image\\\/\"}}]}<\/script>\n<!-- \/ Yoast SEO plugin. -->","yoast_head_json":{"title":"Bericht \u00fcber die Blitzaktivit\u00e4t Europa \/ Schweiz 2025","description":"Welche Stadt wurde 2025 am h\u00e4ufigsten vom Blitz getroffen? Lesen Sie unsere meteorologische, klimatische und elektrische Analyse der Gewitter und Blitzeinschl\u00e4ge f\u00fcr die Schweiz.","robots":{"index":"index","follow":"follow","max-snippet":"max-snippet:-1","max-image-preview":"max-image-preview:large","max-video-preview":"max-video-preview:-1"},"canonical":"https:\/\/www.meteorage.com\/de\/gewitterbericht\/schweiz-2025\/","og_locale":"de_DE","og_type":"article","og_title":"Bericht \u00fcber die Blitzaktivit\u00e4t Europa \/ Schweiz 2025","og_description":"Welche Stadt wurde 2025 am h\u00e4ufigsten vom Blitz getroffen? Lesen Sie unsere meteorologische, klimatische und elektrische Analyse der Gewitter und Blitzeinschl\u00e4ge f\u00fcr die Schweiz.","og_url":"https:\/\/www.meteorage.com\/de\/gewitterbericht\/schweiz-2025\/","og_site_name":"METEORAGE","article_modified_time":"2026-01-30T15:07:37+00:00","og_image":[{"width":1920,"height":1080,"url":"https:\/\/www.meteorage.com\/wp-content\/uploads\/2024\/06\/Suisse-Carte-fond-blanc.png","type":"image\/png"}],"twitter_card":"summary_large_image","twitter_misc":{"Gesch\u00e4tzte Lesezeit":"9\u00a0Minuten"},"schema":{"@context":"https:\/\/schema.org","@graph":[{"@type":"WebPage","@id":"https:\/\/www.meteorage.com\/de\/gewitterbericht\/schweiz-2025\/","url":"https:\/\/www.meteorage.com\/de\/gewitterbericht\/schweiz-2025\/","name":"Bericht \u00fcber die Blitzaktivit\u00e4t Europa \/ Schweiz 2025","isPartOf":{"@id":"https:\/\/www.meteorage.com\/de\/#website"},"primaryImageOfPage":{"@id":"https:\/\/www.meteorage.com\/de\/gewitterbericht\/schweiz-2025\/#primaryimage"},"image":{"@id":"https:\/\/www.meteorage.com\/de\/gewitterbericht\/schweiz-2025\/#primaryimage"},"thumbnailUrl":"https:\/\/www.meteorage.com\/wp-content\/uploads\/2024\/06\/Suisse-Carte-fond-blanc.png","datePublished":"2026-01-30T15:07:03+00:00","dateModified":"2026-01-30T15:07:37+00:00","description":"Welche Stadt wurde 2025 am h\u00e4ufigsten vom Blitz getroffen? Lesen Sie unsere meteorologische, klimatische und elektrische Analyse der Gewitter und Blitzeinschl\u00e4ge f\u00fcr die Schweiz.","breadcrumb":{"@id":"https:\/\/www.meteorage.com\/de\/gewitterbericht\/schweiz-2025\/#breadcrumb"},"inLanguage":"de","potentialAction":[{"@type":"ReadAction","target":["https:\/\/www.meteorage.com\/de\/gewitterbericht\/schweiz-2025\/"]}]},{"@type":"ImageObject","inLanguage":"de","@id":"https:\/\/www.meteorage.com\/de\/gewitterbericht\/schweiz-2025\/#primaryimage","url":"https:\/\/www.meteorage.com\/wp-content\/uploads\/2024\/06\/Suisse-Carte-fond-blanc.png","contentUrl":"https:\/\/www.meteorage.com\/wp-content\/uploads\/2024\/06\/Suisse-Carte-fond-blanc.png","width":1920,"height":1080},{"@type":"BreadcrumbList","@id":"https:\/\/www.meteorage.com\/de\/gewitterbericht\/schweiz-2025\/#breadcrumb","itemListElement":[{"@type":"ListItem","position":1,"name":"Accueil","item":"https:\/\/www.meteorage.com\/de\/"},{"@type":"ListItem","position":2,"name":"Schweiz 2025"}]},{"@type":"WebSite","@id":"https:\/\/www.meteorage.com\/de\/#website","url":"https:\/\/www.meteorage.com\/de\/","name":"METEORAGE","description":"","publisher":{"@id":"https:\/\/www.meteorage.com\/de\/#organization"},"potentialAction":[{"@type":"SearchAction","target":{"@type":"EntryPoint","urlTemplate":"https:\/\/www.meteorage.com\/de\/?s={search_term_string}"},"query-input":{"@type":"PropertyValueSpecification","valueRequired":true,"valueName":"search_term_string"}}],"inLanguage":"de"},{"@type":"Organization","@id":"https:\/\/www.meteorage.com\/de\/#organization","name":"METEORAGE","url":"https:\/\/www.meteorage.com\/de\/","logo":{"@type":"ImageObject","inLanguage":"de","@id":"https:\/\/www.meteorage.com\/de\/#\/schema\/logo\/image\/","url":"https:\/\/www.meteorage.com\/wp-content\/uploads\/2025\/10\/02.-Logo-METEORAGE-horizontal-blanc.png.webp","contentUrl":"https:\/\/www.meteorage.com\/wp-content\/uploads\/2025\/10\/02.-Logo-METEORAGE-horizontal-blanc.png.webp","width":2445,"height":501,"caption":"METEORAGE"},"image":{"@id":"https:\/\/www.meteorage.com\/de\/#\/schema\/logo\/image\/"}}]}},"_links":{"self":[{"href":"https:\/\/www.meteorage.com\/de\/wp-json\/wp\/v2\/bilan-de-foudroiement\/51034","targetHints":{"allow":["GET"]}}],"collection":[{"href":"https:\/\/www.meteorage.com\/de\/wp-json\/wp\/v2\/bilan-de-foudroiement"}],"about":[{"href":"https:\/\/www.meteorage.com\/de\/wp-json\/wp\/v2\/types\/bilan_foudroiement"}],"version-history":[{"count":0,"href":"https:\/\/www.meteorage.com\/de\/wp-json\/wp\/v2\/bilan-de-foudroiement\/51034\/revisions"}],"wp:featuredmedia":[{"embeddable":true,"href":"https:\/\/www.meteorage.com\/de\/wp-json\/wp\/v2\/media\/21431"}],"wp:attachment":[{"href":"https:\/\/www.meteorage.com\/de\/wp-json\/wp\/v2\/media?parent=51034"}],"wp:term":[{"taxonomy":"bilan_category","embeddable":true,"href":"https:\/\/www.meteorage.com\/de\/wp-json\/wp\/v2\/bilan_category?post=51034"}],"curies":[{"name":"wp","href":"https:\/\/api.w.org\/{rel}","templated":true}]}}