{"id":52928,"date":"2026-09-01T10:01:13","date_gmt":"2026-09-01T08:01:13","guid":{"rendered":"https:\/\/www.meteorage.com\/?post_type=bilan_foudroiement&#038;p=52928"},"modified":"2026-09-01T14:53:54","modified_gmt":"2026-09-01T12:53:54","slug":"europaeischer-sommer-2026","status":"publish","type":"bilan_foudroiement","link":"https:\/\/www.meteorage.com\/de\/gewitterbericht\/europaeischer-sommer-2026\/","title":{"rendered":"Europ\u00e4ischer Sommer 2026"},"content":{"rendered":"\t\t<div data-elementor-type=\"wp-post\" data-elementor-id=\"52928\" class=\"elementor elementor-52928 elementor-52869\" data-elementor-post-type=\"bilan_foudroiement\">\n\t\t\t\t<div class=\"elementor-element elementor-element-6a878576 e-flex e-con-boxed e-con e-parent\" data-id=\"6a878576\" data-element_type=\"container\" data-e-type=\"container\" data-settings=\"{&quot;background_background&quot;:&quot;classic&quot;}\">\n\t\t\t\t\t<div class=\"e-con-inner\">\n\t\t<div class=\"elementor-element elementor-element-5f19eb4c e-con-full banner-type-detail e-flex e-con e-child\" data-id=\"5f19eb4c\" data-element_type=\"container\" data-e-type=\"container\" data-settings=\"{&quot;background_background&quot;:&quot;classic&quot;}\">\n\t\t\t\t<div class=\"elementor-element elementor-element-2815cb81 elementor-widget elementor-widget-spacer\" data-id=\"2815cb81\" data-element_type=\"widget\" data-e-type=\"widget\" data-widget_type=\"spacer.default\">\n\t\t\t\t<div class=\"elementor-widget-container\">\n\t\t\t\t\t\t\t<div class=\"elementor-spacer\">\n\t\t\t<div class=\"elementor-spacer-inner\"><\/div>\n\t\t<\/div>\n\t\t\t\t\t\t<\/div>\n\t\t\t\t<\/div>\n\t\t<div class=\"elementor-element elementor-element-20e9c7b6 banner-content e-flex e-con-boxed e-con e-child\" data-id=\"20e9c7b6\" data-element_type=\"container\" data-e-type=\"container\">\n\t\t\t\t\t<div class=\"e-con-inner\">\n\t\t\t\t<div class=\"elementor-element elementor-element-005e771 elementor-widget elementor-widget-heading\" data-id=\"005e771\" data-element_type=\"widget\" data-e-type=\"widget\" data-widget_type=\"heading.default\">\n\t\t\t\t<div class=\"elementor-widget-container\">\n\t\t\t\t\t<h1 class=\"elementor-heading-title elementor-size-default\">Bericht \u00fcber die Gewitteraktivit\u00e4t im Sommer 2026<\/h1>\t\t\t\t<\/div>\n\t\t\t\t<\/div>\n\t\t\t\t<div class=\"elementor-element elementor-element-35d4216 elementor-widget__width-initial elementor-widget elementor-widget-text-editor\" data-id=\"35d4216\" data-element_type=\"widget\" data-e-type=\"widget\" data-widget_type=\"text-editor.default\">\n\t\t\t\t<div class=\"elementor-widget-container\">\n\t\t\t\t\t\t\t\t\t<p><style>\na {\n    text-decoration: none;\n    color: #464feb;\n}\ntr th, tr td {\n    border: 1px solid #e6e6e6;\n}\ntr th {\n    background-color: #f5f5f5;\n}\n<\/style><\/p><div><p>Zwischen dem 1. Juni und dem 31. August 2026 registrierte das Meteorage-Blitzortungsnetz <strong>893.458 Wolken-Boden-Blitze<\/strong> in Europa.<\/p><p>Der Sommer war von mehreren bedeutenden Gewitterlagen gepr\u00e4gt, insbesondere in der zweiten Junih\u00e4lfte und w\u00e4hrend eines au\u00dfergew\u00f6hnlich aktiven Augusts.<\/p><\/div>\t\t\t\t\t\t\t\t<\/div>\n\t\t\t\t<\/div>\n\t\t\t\t\t<\/div>\n\t\t\t\t<\/div>\n\t\t\t\t<div class=\"elementor-element elementor-element-f0b12bb elementor-align-center elementor-widget elementor-widget-ube-button\" data-id=\"f0b12bb\" data-element_type=\"widget\" data-e-type=\"widget\" data-widget_type=\"ube-button.default\">\n\t\t\t\t<div class=\"elementor-widget-container\">\n\t\t\t\t\t<a class=\"ube-btn btn btn-md btn- btn-link\" href=\"https:\/\/www.meteorage.com\/de\/blitzberichte\/\">\n\t    <span class=\"ube-btn-text\">&lt; Zur\u00fcck zu den Berichten<\/span>\n\t<\/a>\n\n\n\t\t\t\t<\/div>\n\t\t\t\t<\/div>\n\t\t\t\t<\/div>\n\t\t\t\t\t<\/div>\n\t\t\t\t<\/div>\n\t\t<div class=\"elementor-element elementor-element-68c9db96 e-flex e-con-boxed e-con e-parent\" data-id=\"68c9db96\" data-element_type=\"container\" data-e-type=\"container\">\n\t\t\t\t\t<div class=\"e-con-inner\">\n\t\t\t\t<div class=\"elementor-element elementor-element-77a3b3f1 elementor-widget elementor-widget-spacer\" data-id=\"77a3b3f1\" data-element_type=\"widget\" data-e-type=\"widget\" data-widget_type=\"spacer.default\">\n\t\t\t\t<div class=\"elementor-widget-container\">\n\t\t\t\t\t\t\t<div class=\"elementor-spacer\">\n\t\t\t<div class=\"elementor-spacer-inner\"><\/div>\n\t\t<\/div>\n\t\t\t\t\t\t<\/div>\n\t\t\t\t<\/div>\n\t\t\t\t\t<\/div>\n\t\t\t\t<\/div>\n\t\t<div class=\"elementor-element elementor-element-23be3d5 e-flex e-con-boxed e-con e-parent\" data-id=\"23be3d5\" data-element_type=\"container\" data-e-type=\"container\">\n\t\t\t\t\t<div class=\"e-con-inner\">\n\t\t<div class=\"elementor-element elementor-element-a541c28 e-con-full e-flex e-con e-child\" data-id=\"a541c28\" data-element_type=\"container\" data-e-type=\"container\">\n\t\t\t\t<div class=\"elementor-element elementor-element-3e2d3b2a elementor-drop-cap-yes elementor-widget__width-initial elementor-drop-cap-view-default elementor-widget elementor-widget-text-editor\" data-id=\"3e2d3b2a\" data-element_type=\"widget\" data-e-type=\"widget\" data-settings=\"{&quot;drop_cap&quot;:&quot;yes&quot;}\" data-widget_type=\"text-editor.default\">\n\t\t\t\t<div class=\"elementor-widget-container\">\n\t\t\t\t\t\t\t\t\t<p>Einsch\u00e4tzung des Experten \u2014 <a id=\"ember102\" class=\"ember-view\" tabindex=\"0\" href=\"https:\/\/www.linkedin.com\/in\/joris-royet-9716b61b7\/\">Joris Royet<\/a>, Weather Project Manager<\/p><p>\u201cDie Blitzaktivit\u00e4t konzentrierte sich vor allem auf die zweite Junih\u00e4lfte sowie auf einen besonders aktiven August mit mehreren intensiven Gewitterwellen.<\/p><div><p>Italien geh\u00f6rte erneut zu den blitzreichsten L\u00e4ndern Europas und profitierte von sommerlicher Instabilit\u00e4t, mediterranen Luftmassen und g\u00fcnstigen topografischen Bedingungen.<\/p><p>Im Gegensatz dazu verzeichneten Portugal und der S\u00fcdwesten Spaniens eine vergleichsweise geringe elektrische Aktivit\u00e4t.<\/p><p>Obwohl der Sommer 2026 nicht zu den blitzreichsten Sommern der letzten Jahre geh\u00f6rt, lag die Aktivit\u00e4t deutlich \u00fcber dem Niveau des Sommers 2025.&#8220;<\/p><\/div>\t\t\t\t\t\t\t\t<\/div>\n\t\t\t\t<\/div>\n\t\t\t\t<\/div>\n\t\t<div class=\"elementor-element elementor-element-2e2305d e-con-full e-flex e-con e-child\" data-id=\"2e2305d\" data-element_type=\"container\" data-e-type=\"container\">\n\t\t\t\t<div class=\"elementor-element elementor-element-45cd5fbe elementor-widget elementor-widget-image\" data-id=\"45cd5fbe\" data-element_type=\"widget\" data-e-type=\"widget\" data-widget_type=\"image.default\">\n\t\t\t\t<div class=\"elementor-widget-container\">\n\t\t\t\t\t\t\t\t\t\t\t\t<figure class=\"wp-caption\">\n\t\t\t\t\t\t\t\t\t\t<img fetchpriority=\"high\" decoding=\"async\" width=\"800\" height=\"600\" src=\"https:\/\/www.meteorage.com\/wp-content\/uploads\/2026\/09\/Copie-de-study.png\" class=\"attachment-large size-large wp-image-52879\" alt=\"\" srcset=\"https:\/\/www.meteorage.com\/wp-content\/uploads\/2026\/09\/Copie-de-study.png 800w, https:\/\/www.meteorage.com\/wp-content\/uploads\/2026\/09\/Copie-de-study-300x225.png 300w, https:\/\/www.meteorage.com\/wp-content\/uploads\/2026\/09\/Copie-de-study-768x576.png 768w, https:\/\/www.meteorage.com\/wp-content\/uploads\/2026\/09\/Copie-de-study-543x407.png 543w\" sizes=\"(max-width: 800px) 100vw, 800px\" \/>\t\t\t\t\t\t\t\t\t\t\t<figcaption class=\"widget-image-caption wp-caption-text\">European Summer 2026<\/figcaption>\n\t\t\t\t\t\t\t\t\t\t<\/figure>\n\t\t\t\t\t\t\t\t\t<\/div>\n\t\t\t\t<\/div>\n\t\t\t\t<div class=\"elementor-element elementor-element-2bd449f elementor-widget elementor-widget-spacer\" data-id=\"2bd449f\" data-element_type=\"widget\" data-e-type=\"widget\" data-widget_type=\"spacer.default\">\n\t\t\t\t<div class=\"elementor-widget-container\">\n\t\t\t\t\t\t\t<div class=\"elementor-spacer\">\n\t\t\t<div class=\"elementor-spacer-inner\"><\/div>\n\t\t<\/div>\n\t\t\t\t\t\t<\/div>\n\t\t\t\t<\/div>\n\t\t\t\t<div class=\"elementor-element elementor-element-35ec6c8 elementor-align-center elementor-widget elementor-widget-button\" data-id=\"35ec6c8\" data-element_type=\"widget\" data-e-type=\"widget\" data-widget_type=\"button.default\">\n\t\t\t\t<div class=\"elementor-widget-container\">\n\t\t\t\t\t\t\t\t\t<div class=\"elementor-button-wrapper\">\n\t\t\t\t\t<a class=\"elementor-button elementor-button-link elementor-size-lg\" href=\"https:\/\/www.meteorage.com\/wp-content\/uploads\/2026\/09\/METEORAGE-LIGHTNING-REPORT-SUMMER-2026.pdf\">\n\t\t\t\t\t\t<span class=\"elementor-button-content-wrapper\">\n\t\t\t\t\t\t\t\t\t<span class=\"elementor-button-text\">Download the full report (PDF - English version)<\/span>\n\t\t\t\t\t<\/span>\n\t\t\t\t\t<\/a>\n\t\t\t\t<\/div>\n\t\t\t\t\t\t\t\t<\/div>\n\t\t\t\t<\/div>\n\t\t\t\t<\/div>\n\t\t\t\t\t<\/div>\n\t\t\t\t<\/div>\n\t\t<div class=\"elementor-element elementor-element-b8f6cfb e-flex e-con-boxed e-con e-parent\" data-id=\"b8f6cfb\" data-element_type=\"container\" data-e-type=\"container\">\n\t\t\t\t\t<div class=\"e-con-inner\">\n\t\t\t\t<div class=\"elementor-element elementor-element-89acf29 elementor-widget elementor-widget-heading\" data-id=\"89acf29\" data-element_type=\"widget\" data-e-type=\"widget\" data-widget_type=\"heading.default\">\n\t\t\t\t<div class=\"elementor-widget-container\">\n\t\t\t\t\t<h3 class=\"elementor-heading-title elementor-size-default\">Terminologie<\/h3>\t\t\t\t<\/div>\n\t\t\t\t<\/div>\n\t\t\t\t<div class=\"elementor-element elementor-element-f26b974 elementor-widget elementor-widget-text-editor\" data-id=\"f26b974\" data-element_type=\"widget\" data-e-type=\"widget\" data-widget_type=\"text-editor.default\">\n\t\t\t\t<div class=\"elementor-widget-container\">\n\t\t\t\t\t\t\t\t\t<p>Um die in diesem Bericht enthaltenen Informationen besser zu verstehen, stellen wir Ihnen im Folgenden die Definitionen von h\u00e4ufig verwendeten Begriffe vor.<\/p>\t\t\t\t\t\t\t\t<\/div>\n\t\t\t\t<\/div>\n\t\t\t\t\t<\/div>\n\t\t\t\t<\/div>\n\t\t<div class=\"elementor-element elementor-element-b480359 e-flex e-con-boxed e-con e-parent\" data-id=\"b480359\" data-element_type=\"container\" data-e-type=\"container\">\n\t\t\t\t\t<div class=\"e-con-inner\">\n\t\t\t\t<div class=\"elementor-element elementor-element-9593ae7 elementor-widget elementor-widget-spacer\" data-id=\"9593ae7\" data-element_type=\"widget\" data-e-type=\"widget\" data-widget_type=\"spacer.default\">\n\t\t\t\t<div class=\"elementor-widget-container\">\n\t\t\t\t\t\t\t<div class=\"elementor-spacer\">\n\t\t\t<div class=\"elementor-spacer-inner\"><\/div>\n\t\t<\/div>\n\t\t\t\t\t\t<\/div>\n\t\t\t\t<\/div>\n\t\t\t\t\t<\/div>\n\t\t\t\t<\/div>\n\t\t<div class=\"elementor-element elementor-element-6153fb6 e-flex e-con-boxed e-con e-parent\" data-id=\"6153fb6\" data-element_type=\"container\" data-e-type=\"container\">\n\t\t\t\t\t<div class=\"e-con-inner\">\n\t\t<div class=\"elementor-element elementor-element-30b5ea5 e-con-full e-flex e-con e-child\" data-id=\"30b5ea5\" data-element_type=\"container\" data-e-type=\"container\">\n\t\t\t\t<div class=\"elementor-element elementor-element-95fac47 elementor-widget elementor-widget-heading\" data-id=\"95fac47\" data-element_type=\"widget\" data-e-type=\"widget\" data-widget_type=\"heading.default\">\n\t\t\t\t<div class=\"elementor-widget-container\">\n\t\t\t\t\t<h4 class=\"elementor-heading-title elementor-size-default\">Wolke-Boden-Blitze (CG)<\/h4>\t\t\t\t<\/div>\n\t\t\t\t<\/div>\n\t\t\t\t<div class=\"elementor-element elementor-element-558de3c elementor-widget elementor-widget-text-editor\" data-id=\"558de3c\" data-element_type=\"widget\" data-e-type=\"widget\" data-widget_type=\"text-editor.default\">\n\t\t\t\t<div class=\"elementor-widget-container\">\n\t\t\t\t\t\t\t\t\t<p>Stromentladung mit einer bestimmten St\u00e4rke, die zwischen einer Wolke und dem Boden flie\u00dft. Die Abk\u00fcrzung CG, \u201eCloud-to-Ground\u201c auf Englisch, bedeutet Wolke zu Boden.<\/p>\t\t\t\t\t\t\t\t<\/div>\n\t\t\t\t<\/div>\n\t\t\t\t<\/div>\n\t\t<div class=\"elementor-element elementor-element-ac9ab64 e-con-full e-flex e-con e-child\" data-id=\"ac9ab64\" data-element_type=\"container\" data-e-type=\"container\">\n\t\t\t\t<div class=\"elementor-element elementor-element-3fa5cf2 elementor-widget elementor-widget-heading\" data-id=\"3fa5cf2\" data-element_type=\"widget\" data-e-type=\"widget\" data-widget_type=\"heading.default\">\n\t\t\t\t<div class=\"elementor-widget-container\">\n\t\t\t\t\t<h4 class=\"elementor-heading-title elementor-size-default\">Blitzdichte<\/h4>\t\t\t\t<\/div>\n\t\t\t\t<\/div>\n\t\t\t\t<div class=\"elementor-element elementor-element-715dd1d elementor-widget elementor-widget-text-editor\" data-id=\"715dd1d\" data-element_type=\"widget\" data-e-type=\"widget\" data-widget_type=\"text-editor.default\">\n\t\t\t\t<div class=\"elementor-widget-container\">\n\t\t\t\t\t\t\t\t\t<p>Die derzeit beste Darstellung der Gewitteraktivit\u00e4t ist die Blitzdichte, welche die Anzahl der Wolke-Boden-Blitze (CG) pro km\u00b2 und Jahr angibt.<\/p>\t\t\t\t\t\t\t\t<\/div>\n\t\t\t\t<\/div>\n\t\t\t\t<\/div>\n\t\t\t\t\t<\/div>\n\t\t\t\t<\/div>\n\t\t<div class=\"elementor-element elementor-element-6a39934 e-flex e-con-boxed e-con e-parent\" data-id=\"6a39934\" data-element_type=\"container\" data-e-type=\"container\">\n\t\t\t\t\t<div class=\"e-con-inner\">\n\t\t<div class=\"elementor-element elementor-element-cc52598 e-con-full e-flex e-con e-child\" data-id=\"cc52598\" data-element_type=\"container\" data-e-type=\"container\">\n\t\t\t\t<div class=\"elementor-element elementor-element-42333ed elementor-widget elementor-widget-heading\" data-id=\"42333ed\" data-element_type=\"widget\" data-e-type=\"widget\" data-widget_type=\"heading.default\">\n\t\t\t\t<div class=\"elementor-widget-container\">\n\t\t\t\t\t<h4 class=\"elementor-heading-title elementor-size-default\">Blitze<\/h4>\t\t\t\t<\/div>\n\t\t\t\t<\/div>\n\t\t\t\t<div class=\"elementor-element elementor-element-31da719 elementor-widget elementor-widget-text-editor\" data-id=\"31da719\" data-element_type=\"widget\" data-e-type=\"widget\" data-widget_type=\"text-editor.default\">\n\t\t\t\t<div class=\"elementor-widget-container\">\n\t\t\t\t\t\t\t\t\t<p>Alle Stromentladungen und elektrische Impulse bei einem Gewitter mit Blitzschl\u00e4gen. Ein Blitz kann in einer Wolke (Wolkenblitze), zwischen einer Wolke und dem Boden (Wolken-Boden-Blitze, CG) oder zwischen\u00a0<span style=\"color: var( --e-global-color-text ); text-align: var(--text-align);\">den\u00a0<\/span><span style=\"color: var( --e-global-color-text ); text-align: var(--text-align);\">Wolken auftreten.\u00a0<\/span><span style=\"color: var( --e-global-color-text ); text-align: var(--text-align);\">Ein Blitz kann aus einem oder mehreren B\u00f6gen bestehen, die Stromimpulse sind.<\/span><\/p>\t\t\t\t\t\t\t\t<\/div>\n\t\t\t\t<\/div>\n\t\t\t\t<\/div>\n\t\t<div class=\"elementor-element elementor-element-05c137a e-con-full e-flex e-con e-child\" data-id=\"05c137a\" data-element_type=\"container\" data-e-type=\"container\">\n\t\t\t\t<div class=\"elementor-element elementor-element-9e62d1c elementor-widget elementor-widget-heading\" data-id=\"9e62d1c\" data-element_type=\"widget\" data-e-type=\"widget\" data-widget_type=\"heading.default\">\n\t\t\t\t<div class=\"elementor-widget-container\">\n\t\t\t\t\t<h4 class=\"elementor-heading-title elementor-size-default\">Gewittertag<\/h4>\t\t\t\t<\/div>\n\t\t\t\t<\/div>\n\t\t\t\t<div class=\"elementor-element elementor-element-3d0e836 elementor-widget elementor-widget-text-editor\" data-id=\"3d0e836\" data-element_type=\"widget\" data-e-type=\"widget\" data-widget_type=\"text-editor.default\">\n\t\t\t\t<div class=\"elementor-widget-container\">\n\t\t\t\t\t\t\t\t\t<p>Tag, an dem mindestens ein Blitz in dem betrachteten Gebiet registriert wurde.<\/p>\t\t\t\t\t\t\t\t<\/div>\n\t\t\t\t<\/div>\n\t\t\t\t<\/div>\n\t\t\t\t\t<\/div>\n\t\t\t\t<\/div>\n\t\t<div class=\"elementor-element elementor-element-cbaf7da e-flex e-con-boxed e-con e-parent\" data-id=\"cbaf7da\" data-element_type=\"container\" data-e-type=\"container\">\n\t\t\t\t\t<div class=\"e-con-inner\">\n\t\t\t\t<div class=\"elementor-element elementor-element-b83cf42 elementor-widget elementor-widget-spacer\" data-id=\"b83cf42\" data-element_type=\"widget\" data-e-type=\"widget\" data-widget_type=\"spacer.default\">\n\t\t\t\t<div class=\"elementor-widget-container\">\n\t\t\t\t\t\t\t<div class=\"elementor-spacer\">\n\t\t\t<div class=\"elementor-spacer-inner\"><\/div>\n\t\t<\/div>\n\t\t\t\t\t\t<\/div>\n\t\t\t\t<\/div>\n\t\t\t\t\t<\/div>\n\t\t\t\t<\/div>\n\t\t<div class=\"elementor-element elementor-element-1593971 e-flex e-con-boxed e-con e-parent\" data-id=\"1593971\" data-element_type=\"container\" data-e-type=\"container\">\n\t\t\t\t\t<div class=\"e-con-inner\">\n\t\t\t\t<div class=\"elementor-element elementor-element-711a175 elementor-widget-divider--view-line elementor-widget elementor-widget-divider\" data-id=\"711a175\" data-element_type=\"widget\" data-e-type=\"widget\" data-widget_type=\"divider.default\">\n\t\t\t\t<div class=\"elementor-widget-container\">\n\t\t\t\t\t\t\t<div class=\"elementor-divider\">\n\t\t\t<span class=\"elementor-divider-separator\">\n\t\t\t\t\t\t<\/span>\n\t\t<\/div>\n\t\t\t\t\t\t<\/div>\n\t\t\t\t<\/div>\n\t\t<div class=\"elementor-element elementor-element-ee8563b e-con-full e-flex e-con e-child\" data-id=\"ee8563b\" data-element_type=\"container\" data-e-type=\"container\">\n\t\t\t\t<div class=\"elementor-element elementor-element-2db72fb elementor-widget elementor-widget-heading\" data-id=\"2db72fb\" data-element_type=\"widget\" data-e-type=\"widget\" data-widget_type=\"heading.default\">\n\t\t\t\t<div class=\"elementor-widget-container\">\n\t\t\t\t\t<h3 class=\"elementor-heading-title elementor-size-default\">\u00dcber diesen Bericht<\/h3>\t\t\t\t<\/div>\n\t\t\t\t<\/div>\n\t\t\t\t<\/div>\n\t\t\t\t\t<\/div>\n\t\t\t\t<\/div>\n\t\t<div class=\"elementor-element elementor-element-cf3341b e-flex e-con-boxed e-con e-parent\" data-id=\"cf3341b\" data-element_type=\"container\" data-e-type=\"container\">\n\t\t\t\t\t<div class=\"e-con-inner\">\n\t\t<div class=\"elementor-element elementor-element-7448823 e-con-full e-flex e-con e-child\" data-id=\"7448823\" data-element_type=\"container\" data-e-type=\"container\">\n\t\t\t\t<div class=\"elementor-element elementor-element-c02082a elementor-widget elementor-widget-text-editor\" data-id=\"c02082a\" data-element_type=\"widget\" data-e-type=\"widget\" data-widget_type=\"text-editor.default\">\n\t\t\t\t<div class=\"elementor-widget-container\">\n\t\t\t\t\t\t\t\t\t<p>Dieser Bericht \u00fcber die Blitzaktivit\u00e4t Deutschlands st\u00fctzt sich auf <a href=\"https:\/\/www.meteorage.com\/de\/unsere-expertise\/\" target=\"_blank\" rel=\"noopener\">die Daten des METEORAGE-Netzwerks.<\/a><\/p><p>Die von uns spezifisch in dieser Analyse bereitgestellten Informationen beziehen sich auf die Wolke-Boden-Blitze CG und die Blitzdichte.<\/p><p>Zum Vergleich unserer Daten im Laufe der Jahre z\u00e4hlt METEORAGE den Hauptstromimpuls, der zwischen Wolke und Boden flie\u00dft und in diesem Bericht als \u201eWolke-Boden-Blitz (CG)\u201c definiert wird.<\/p><p>Unser Know-how basiert auf \u00fcber 37 Jahren Analysen, Beobachtungen und Daten, die in Europa und dar\u00fcber hinaus weltweit gesammelt wurden.<\/p><p>Unser Netzwerk, dessen Leistung wissenschaftlich nachgewiesen wurde, verzeichnet die aktuell h\u00f6chstm\u00f6gliche wissenschaftliche Leistung mit:<\/p><ul><li>einer Blitzerkennung von &gt; 98% der Blitze,<\/li><li>einer durchschnittlichen Lokalisierungsgenauigkeit von 100 Metern,<\/li><li>einer Unterscheidung von \u00fcber 90% zwischen Wolke-Boden-Blitzen (CG) und Wolkenblitzen.<\/li><\/ul><p>Das METEORAGE-Netzwerk besteht aus \u00fcber 100 Blitzsensoren, mehreren Rechnern und einem Datenverarbeitungssystem. Unsere Blitzsensoren basieren auf der Vaisala-Technologie, die heutzutage als eine der besten der Welt betrachtet wird. Unser Netzwerk erm\u00f6glicht es, Leistungen zu erzielen, die durch zahlreiche wissenschaftliche <a href=\"https:\/\/www.meteorage.com\/de\/publikationen-und-technische-leitfaeden\/\" target=\"_blank\" rel=\"noopener\">Studien und Ver\u00f6ffentlichungen<\/a> best\u00e4tigt wurden.<\/p>\t\t\t\t\t\t\t\t<\/div>\n\t\t\t\t<\/div>\n\t\t\t\t<\/div>\n\t\t<div class=\"elementor-element elementor-element-b273d71 e-con-full e-flex e-con e-child\" data-id=\"b273d71\" data-element_type=\"container\" data-e-type=\"container\">\n\t\t\t\t<div class=\"elementor-element elementor-element-57b7f13 elementor-widget elementor-widget-image\" data-id=\"57b7f13\" data-element_type=\"widget\" data-e-type=\"widget\" data-widget_type=\"image.default\">\n\t\t\t\t<div class=\"elementor-widget-container\">\n\t\t\t\t\t\t\t\t\t\t\t\t\t\t\t<img decoding=\"async\" width=\"893\" height=\"1024\" src=\"https:\/\/www.meteorage.com\/wp-content\/uploads\/2025\/02\/METEORAGE-Netzwerks-the-European-Lightning-Detection-Network-ELDN-DE-893x1024.webp\" class=\"attachment-large size-large wp-image-45281\" alt=\"METEORAGE-Netzwerks - the European Lightning Detection Network (ELDN) DE\" srcset=\"https:\/\/www.meteorage.com\/wp-content\/uploads\/2025\/02\/METEORAGE-Netzwerks-the-European-Lightning-Detection-Network-ELDN-DE-893x1024.webp 893w, https:\/\/www.meteorage.com\/wp-content\/uploads\/2025\/02\/METEORAGE-Netzwerks-the-European-Lightning-Detection-Network-ELDN-DE-262x300.webp 262w, https:\/\/www.meteorage.com\/wp-content\/uploads\/2025\/02\/METEORAGE-Netzwerks-the-European-Lightning-Detection-Network-ELDN-DE-768x881.webp 768w, https:\/\/www.meteorage.com\/wp-content\/uploads\/2025\/02\/METEORAGE-Netzwerks-the-European-Lightning-Detection-Network-ELDN-DE-1339x1536.webp 1339w, https:\/\/www.meteorage.com\/wp-content\/uploads\/2025\/02\/METEORAGE-Netzwerks-the-European-Lightning-Detection-Network-ELDN-DE-543x623.webp 543w, https:\/\/www.meteorage.com\/wp-content\/uploads\/2025\/02\/METEORAGE-Netzwerks-the-European-Lightning-Detection-Network-ELDN-DE.webp 1744w\" sizes=\"(max-width: 893px) 100vw, 893px\" \/>\t\t\t\t\t\t\t\t\t\t\t\t\t\t\t<\/div>\n\t\t\t\t<\/div>\n\t\t\t\t<\/div>\n\t\t\t\t\t<\/div>\n\t\t\t\t<\/div>\n\t\t\t\t<\/div>\n\t\t","protected":false},"featured_media":52872,"template":"","bilan_category":[476],"class_list":["post-52928","bilan_foudroiement","type-bilan_foudroiement","status-publish","has-post-thumbnail","hentry","bilan_category-europa"],"acf":[],"yoast_head":"<!-- This site is optimized with the Yoast SEO plugin v28.4 - https:\/\/yoast.com\/product\/yoast-seo-wordpress\/ -->\n<title>Blitzbericht - Europ\u00e4ischer Sommer 2026 - METEORAGE<\/title>\n<meta name=\"description\" content=\"Entdecken Sie die Meteorage-Analyse der Blitzaktivit\u00e4t in Europa im Sommer 2026. Fast 890.000 Wolken-Boden-Blitze wurden zwischen Juni und August registriert, wobei der August besonders aktiv war.\" \/>\n<meta name=\"robots\" content=\"index, follow, max-snippet:-1, max-image-preview:large, max-video-preview:-1\" \/>\n<link rel=\"canonical\" href=\"https:\/\/www.meteorage.com\/de\/gewitterbericht\/europaeischer-sommer-2026\/\" \/>\n<meta property=\"og:locale\" content=\"de_DE\" \/>\n<meta property=\"og:type\" content=\"article\" \/>\n<meta property=\"og:title\" content=\"Blitzbericht - Europ\u00e4ischer Sommer 2026 - METEORAGE\" \/>\n<meta property=\"og:description\" content=\"Entdecken Sie die Meteorage-Analyse der Blitzaktivit\u00e4t in Europa im Sommer 2026. Fast 890.000 Wolken-Boden-Blitze wurden zwischen Juni und August registriert, wobei der August besonders aktiv war.\" \/>\n<meta property=\"og:url\" content=\"https:\/\/www.meteorage.com\/de\/gewitterbericht\/europaeischer-sommer-2026\/\" \/>\n<meta property=\"og:site_name\" content=\"METEORAGE\" \/>\n<meta property=\"article:modified_time\" content=\"2026-09-01T12:53:54+00:00\" \/>\n<meta property=\"og:image\" content=\"https:\/\/www.meteorage.com\/wp-content\/uploads\/2026\/09\/Copie-de-study-1.png\" \/>\n\t<meta property=\"og:image:width\" content=\"1200\" \/>\n\t<meta property=\"og:image:height\" content=\"1200\" \/>\n\t<meta property=\"og:image:type\" content=\"image\/png\" \/>\n<meta name=\"twitter:card\" content=\"summary_large_image\" \/>\n<meta name=\"twitter:label1\" content=\"Gesch\u00e4tzte Lesezeit\" \/>\n\t<meta name=\"twitter:data1\" content=\"3\u00a0Minuten\" \/>\n<script type=\"application\/ld+json\" class=\"yoast-schema-graph\">{\"@context\":\"https:\\\/\\\/schema.org\",\"@graph\":[{\"@type\":\"WebPage\",\"@id\":\"https:\\\/\\\/www.meteorage.com\\\/de\\\/gewitterbericht\\\/europaeischer-sommer-2026\\\/\",\"url\":\"https:\\\/\\\/www.meteorage.com\\\/de\\\/gewitterbericht\\\/europaeischer-sommer-2026\\\/\",\"name\":\"Blitzbericht - Europ\u00e4ischer Sommer 2026 - METEORAGE\",\"isPartOf\":{\"@id\":\"https:\\\/\\\/www.meteorage.com\\\/de\\\/#website\"},\"primaryImageOfPage\":{\"@id\":\"https:\\\/\\\/www.meteorage.com\\\/de\\\/gewitterbericht\\\/europaeischer-sommer-2026\\\/#primaryimage\"},\"image\":{\"@id\":\"https:\\\/\\\/www.meteorage.com\\\/de\\\/gewitterbericht\\\/europaeischer-sommer-2026\\\/#primaryimage\"},\"thumbnailUrl\":\"https:\\\/\\\/www.meteorage.com\\\/wp-content\\\/uploads\\\/2026\\\/09\\\/Copie-de-study-1.png\",\"datePublished\":\"2026-09-01T08:01:13+00:00\",\"dateModified\":\"2026-09-01T12:53:54+00:00\",\"description\":\"Entdecken Sie die Meteorage-Analyse der Blitzaktivit\u00e4t in Europa im Sommer 2026. Fast 890.000 Wolken-Boden-Blitze wurden zwischen Juni und August registriert, wobei der August besonders aktiv war.\",\"breadcrumb\":{\"@id\":\"https:\\\/\\\/www.meteorage.com\\\/de\\\/gewitterbericht\\\/europaeischer-sommer-2026\\\/#breadcrumb\"},\"inLanguage\":\"de\",\"potentialAction\":[{\"@type\":\"ReadAction\",\"target\":[\"https:\\\/\\\/www.meteorage.com\\\/de\\\/gewitterbericht\\\/europaeischer-sommer-2026\\\/\"]}]},{\"@type\":\"ImageObject\",\"inLanguage\":\"de\",\"@id\":\"https:\\\/\\\/www.meteorage.com\\\/de\\\/gewitterbericht\\\/europaeischer-sommer-2026\\\/#primaryimage\",\"url\":\"https:\\\/\\\/www.meteorage.com\\\/wp-content\\\/uploads\\\/2026\\\/09\\\/Copie-de-study-1.png\",\"contentUrl\":\"https:\\\/\\\/www.meteorage.com\\\/wp-content\\\/uploads\\\/2026\\\/09\\\/Copie-de-study-1.png\",\"width\":1200,\"height\":1200},{\"@type\":\"BreadcrumbList\",\"@id\":\"https:\\\/\\\/www.meteorage.com\\\/de\\\/gewitterbericht\\\/europaeischer-sommer-2026\\\/#breadcrumb\",\"itemListElement\":[{\"@type\":\"ListItem\",\"position\":1,\"name\":\"Accueil\",\"item\":\"https:\\\/\\\/www.meteorage.com\\\/de\\\/\"},{\"@type\":\"ListItem\",\"position\":2,\"name\":\"Europ\u00e4ischer Sommer 2026\"}]},{\"@type\":\"WebSite\",\"@id\":\"https:\\\/\\\/www.meteorage.com\\\/de\\\/#website\",\"url\":\"https:\\\/\\\/www.meteorage.com\\\/de\\\/\",\"name\":\"METEORAGE\",\"description\":\"\",\"publisher\":{\"@id\":\"https:\\\/\\\/www.meteorage.com\\\/de\\\/#organization\"},\"potentialAction\":[{\"@type\":\"SearchAction\",\"target\":{\"@type\":\"EntryPoint\",\"urlTemplate\":\"https:\\\/\\\/www.meteorage.com\\\/de\\\/?s={search_term_string}\"},\"query-input\":{\"@type\":\"PropertyValueSpecification\",\"valueRequired\":true,\"valueName\":\"search_term_string\"}}],\"inLanguage\":\"de\"},{\"@type\":\"Organization\",\"@id\":\"https:\\\/\\\/www.meteorage.com\\\/de\\\/#organization\",\"name\":\"METEORAGE\",\"url\":\"https:\\\/\\\/www.meteorage.com\\\/de\\\/\",\"logo\":{\"@type\":\"ImageObject\",\"inLanguage\":\"de\",\"@id\":\"https:\\\/\\\/www.meteorage.com\\\/de\\\/#\\\/schema\\\/logo\\\/image\\\/\",\"url\":\"https:\\\/\\\/www.meteorage.com\\\/wp-content\\\/uploads\\\/2025\\\/10\\\/02.-Logo-METEORAGE-horizontal-blanc.png.webp\",\"contentUrl\":\"https:\\\/\\\/www.meteorage.com\\\/wp-content\\\/uploads\\\/2025\\\/10\\\/02.-Logo-METEORAGE-horizontal-blanc.png.webp\",\"width\":2445,\"height\":501,\"caption\":\"METEORAGE\"},\"image\":{\"@id\":\"https:\\\/\\\/www.meteorage.com\\\/de\\\/#\\\/schema\\\/logo\\\/image\\\/\"}}]}<\/script>\n<!-- \/ Yoast SEO plugin. -->","yoast_head_json":{"title":"Blitzbericht - Europ\u00e4ischer Sommer 2026 - METEORAGE","description":"Entdecken Sie die Meteorage-Analyse der Blitzaktivit\u00e4t in Europa im Sommer 2026. Fast 890.000 Wolken-Boden-Blitze wurden zwischen Juni und August registriert, wobei der August besonders aktiv war.","robots":{"index":"index","follow":"follow","max-snippet":"max-snippet:-1","max-image-preview":"max-image-preview:large","max-video-preview":"max-video-preview:-1"},"canonical":"https:\/\/www.meteorage.com\/de\/gewitterbericht\/europaeischer-sommer-2026\/","og_locale":"de_DE","og_type":"article","og_title":"Blitzbericht - Europ\u00e4ischer Sommer 2026 - METEORAGE","og_description":"Entdecken Sie die Meteorage-Analyse der Blitzaktivit\u00e4t in Europa im Sommer 2026. Fast 890.000 Wolken-Boden-Blitze wurden zwischen Juni und August registriert, wobei der August besonders aktiv war.","og_url":"https:\/\/www.meteorage.com\/de\/gewitterbericht\/europaeischer-sommer-2026\/","og_site_name":"METEORAGE","article_modified_time":"2026-09-01T12:53:54+00:00","og_image":[{"width":1200,"height":1200,"url":"https:\/\/www.meteorage.com\/wp-content\/uploads\/2026\/09\/Copie-de-study-1.png","type":"image\/png"}],"twitter_card":"summary_large_image","twitter_misc":{"Gesch\u00e4tzte Lesezeit":"3\u00a0Minuten"},"schema":{"@context":"https:\/\/schema.org","@graph":[{"@type":"WebPage","@id":"https:\/\/www.meteorage.com\/de\/gewitterbericht\/europaeischer-sommer-2026\/","url":"https:\/\/www.meteorage.com\/de\/gewitterbericht\/europaeischer-sommer-2026\/","name":"Blitzbericht - Europ\u00e4ischer Sommer 2026 - METEORAGE","isPartOf":{"@id":"https:\/\/www.meteorage.com\/de\/#website"},"primaryImageOfPage":{"@id":"https:\/\/www.meteorage.com\/de\/gewitterbericht\/europaeischer-sommer-2026\/#primaryimage"},"image":{"@id":"https:\/\/www.meteorage.com\/de\/gewitterbericht\/europaeischer-sommer-2026\/#primaryimage"},"thumbnailUrl":"https:\/\/www.meteorage.com\/wp-content\/uploads\/2026\/09\/Copie-de-study-1.png","datePublished":"2026-09-01T08:01:13+00:00","dateModified":"2026-09-01T12:53:54+00:00","description":"Entdecken Sie die Meteorage-Analyse der Blitzaktivit\u00e4t in Europa im Sommer 2026. Fast 890.000 Wolken-Boden-Blitze wurden zwischen Juni und August registriert, wobei der August besonders aktiv war.","breadcrumb":{"@id":"https:\/\/www.meteorage.com\/de\/gewitterbericht\/europaeischer-sommer-2026\/#breadcrumb"},"inLanguage":"de","potentialAction":[{"@type":"ReadAction","target":["https:\/\/www.meteorage.com\/de\/gewitterbericht\/europaeischer-sommer-2026\/"]}]},{"@type":"ImageObject","inLanguage":"de","@id":"https:\/\/www.meteorage.com\/de\/gewitterbericht\/europaeischer-sommer-2026\/#primaryimage","url":"https:\/\/www.meteorage.com\/wp-content\/uploads\/2026\/09\/Copie-de-study-1.png","contentUrl":"https:\/\/www.meteorage.com\/wp-content\/uploads\/2026\/09\/Copie-de-study-1.png","width":1200,"height":1200},{"@type":"BreadcrumbList","@id":"https:\/\/www.meteorage.com\/de\/gewitterbericht\/europaeischer-sommer-2026\/#breadcrumb","itemListElement":[{"@type":"ListItem","position":1,"name":"Accueil","item":"https:\/\/www.meteorage.com\/de\/"},{"@type":"ListItem","position":2,"name":"Europ\u00e4ischer Sommer 2026"}]},{"@type":"WebSite","@id":"https:\/\/www.meteorage.com\/de\/#website","url":"https:\/\/www.meteorage.com\/de\/","name":"METEORAGE","description":"","publisher":{"@id":"https:\/\/www.meteorage.com\/de\/#organization"},"potentialAction":[{"@type":"SearchAction","target":{"@type":"EntryPoint","urlTemplate":"https:\/\/www.meteorage.com\/de\/?s={search_term_string}"},"query-input":{"@type":"PropertyValueSpecification","valueRequired":true,"valueName":"search_term_string"}}],"inLanguage":"de"},{"@type":"Organization","@id":"https:\/\/www.meteorage.com\/de\/#organization","name":"METEORAGE","url":"https:\/\/www.meteorage.com\/de\/","logo":{"@type":"ImageObject","inLanguage":"de","@id":"https:\/\/www.meteorage.com\/de\/#\/schema\/logo\/image\/","url":"https:\/\/www.meteorage.com\/wp-content\/uploads\/2025\/10\/02.-Logo-METEORAGE-horizontal-blanc.png.webp","contentUrl":"https:\/\/www.meteorage.com\/wp-content\/uploads\/2025\/10\/02.-Logo-METEORAGE-horizontal-blanc.png.webp","width":2445,"height":501,"caption":"METEORAGE"},"image":{"@id":"https:\/\/www.meteorage.com\/de\/#\/schema\/logo\/image\/"}}]}},"_links":{"self":[{"href":"https:\/\/www.meteorage.com\/de\/wp-json\/wp\/v2\/bilan-de-foudroiement\/52928","targetHints":{"allow":["GET"]}}],"collection":[{"href":"https:\/\/www.meteorage.com\/de\/wp-json\/wp\/v2\/bilan-de-foudroiement"}],"about":[{"href":"https:\/\/www.meteorage.com\/de\/wp-json\/wp\/v2\/types\/bilan_foudroiement"}],"version-history":[{"count":5,"href":"https:\/\/www.meteorage.com\/de\/wp-json\/wp\/v2\/bilan-de-foudroiement\/52928\/revisions"}],"predecessor-version":[{"id":52936,"href":"https:\/\/www.meteorage.com\/de\/wp-json\/wp\/v2\/bilan-de-foudroiement\/52928\/revisions\/52936"}],"wp:featuredmedia":[{"embeddable":true,"href":"https:\/\/www.meteorage.com\/de\/wp-json\/wp\/v2\/media\/52872"}],"wp:attachment":[{"href":"https:\/\/www.meteorage.com\/de\/wp-json\/wp\/v2\/media?parent=52928"}],"wp:term":[{"taxonomy":"bilan_category","embeddable":true,"href":"https:\/\/www.meteorage.com\/de\/wp-json\/wp\/v2\/bilan_category?post=52928"}],"curies":[{"name":"wp","href":"https:\/\/api.w.org\/{rel}","templated":true}]}}