{"id":50896,"date":"2026-01-30T14:39:08","date_gmt":"2026-01-30T13:39:08","guid":{"rendered":"https:\/\/meteorage.local\/?post_type=bilan_foudroiement&#038;p=50896"},"modified":"2026-02-03T11:17:08","modified_gmt":"2026-02-03T10:17:08","slug":"espana-andorra-informe-tormentas-rayos-2025","status":"publish","type":"bilan_foudroiement","link":"https:\/\/www.meteorage.com\/es\/informe-de-tormentas\/espana-andorra-informe-tormentas-rayos-2025\/","title":{"rendered":"Espa\u00f1a &#038; Andorra 2025"},"content":{"rendered":"\t\t<div data-elementor-type=\"wp-post\" data-elementor-id=\"50896\" class=\"elementor elementor-50896\" data-elementor-post-type=\"bilan_foudroiement\">\n\t\t\t\t<div class=\"elementor-element elementor-element-1fdbb42 e-flex e-con-boxed e-con e-parent\" data-id=\"1fdbb42\" data-element_type=\"container\" data-e-type=\"container\" data-settings=\"{&quot;background_background&quot;:&quot;classic&quot;}\">\n\t\t\t\t\t<div class=\"e-con-inner\">\n\t\t<div class=\"elementor-element elementor-element-a0b6063 e-con-full banner-type-detail e-flex e-con e-child\" data-id=\"a0b6063\" data-element_type=\"container\" data-e-type=\"container\" data-settings=\"{&quot;background_background&quot;:&quot;classic&quot;}\">\n\t\t\t\t<div class=\"elementor-element elementor-element-b708d01 elementor-widget elementor-widget-spacer\" data-id=\"b708d01\" data-element_type=\"widget\" data-e-type=\"widget\" data-widget_type=\"spacer.default\">\n\t\t\t\t<div class=\"elementor-widget-container\">\n\t\t\t\t\t\t\t<div class=\"elementor-spacer\">\n\t\t\t<div class=\"elementor-spacer-inner\"><\/div>\n\t\t<\/div>\n\t\t\t\t\t\t<\/div>\n\t\t\t\t<\/div>\n\t\t<div class=\"elementor-element elementor-element-07b6542 banner-content e-flex e-con-boxed e-con e-child\" data-id=\"07b6542\" data-element_type=\"container\" data-e-type=\"container\">\n\t\t\t\t\t<div class=\"e-con-inner\">\n\t\t\t\t<div class=\"elementor-element elementor-element-8b3d93d elementor-widget elementor-widget-spacer\" data-id=\"8b3d93d\" data-element_type=\"widget\" data-e-type=\"widget\" data-widget_type=\"spacer.default\">\n\t\t\t\t<div class=\"elementor-widget-container\">\n\t\t\t\t\t\t\t<div class=\"elementor-spacer\">\n\t\t\t<div class=\"elementor-spacer-inner\"><\/div>\n\t\t<\/div>\n\t\t\t\t\t\t<\/div>\n\t\t\t\t<\/div>\n\t\t\t\t<div class=\"elementor-element elementor-element-3842f91 elementor-widget elementor-widget-heading\" data-id=\"3842f91\" data-element_type=\"widget\" data-e-type=\"widget\" data-widget_type=\"heading.default\">\n\t\t\t\t<div class=\"elementor-widget-container\">\n\t\t\t\t\t<h5 class=\"elementor-heading-title elementor-size-default\">Rayos y tormentas el\u00e9ctricas <\/h5>\t\t\t\t<\/div>\n\t\t\t\t<\/div>\n\t\t\t\t<div class=\"elementor-element elementor-element-3860700 elementor-widget elementor-widget-heading\" data-id=\"3860700\" data-element_type=\"widget\" data-e-type=\"widget\" data-widget_type=\"heading.default\">\n\t\t\t\t<div class=\"elementor-widget-container\">\n\t\t\t\t\t<h1 class=\"elementor-heading-title elementor-size-default\">Informe de monitoreo Espa\u00f1a 2025<\/h1>\t\t\t\t<\/div>\n\t\t\t\t<\/div>\n\t\t\t\t<div class=\"elementor-element elementor-element-6b2820d elementor-widget__width-initial elementor-widget elementor-widget-text-editor\" data-id=\"6b2820d\" data-element_type=\"widget\" data-e-type=\"widget\" data-widget_type=\"text-editor.default\">\n\t\t\t\t<div class=\"elementor-widget-container\">\n\t\t\t\t\t\t\t\t\t<p>Lea nuestro resumen de las condiciones meteorol\u00f3gicas, clim\u00e1ticas y el\u00e9ctricas globales para Espa\u00f1a en 2025.<\/p>\t\t\t\t\t\t\t\t<\/div>\n\t\t\t\t<\/div>\n\t\t\t\t<div class=\"elementor-element elementor-element-9a090f9 elementor-align-center elementor-widget elementor-widget-ube-button\" data-id=\"9a090f9\" data-element_type=\"widget\" data-e-type=\"widget\" data-widget_type=\"ube-button.default\">\n\t\t\t\t<div class=\"elementor-widget-container\">\n\t\t\t\t\t<a class=\"ube-btn btn btn-md btn- btn-link\" href=\"https:\/\/www.meteorage.com\/es\/resumenes-de-los-impactos-de-rayos\/\">\n\t    <span class=\"ube-btn-text\">&lt; volver a la lista<\/span>\n\t<\/a>\n\n\n\t\t\t\t<\/div>\n\t\t\t\t<\/div>\n\t\t\t\t\t<\/div>\n\t\t\t\t<\/div>\n\t\t\t\t<\/div>\n\t\t\t\t\t<\/div>\n\t\t\t\t<\/div>\n\t\t<div class=\"elementor-element elementor-element-21c93b7c e-flex e-con-boxed e-con e-parent\" data-id=\"21c93b7c\" data-element_type=\"container\" data-e-type=\"container\">\n\t\t\t\t\t<div class=\"e-con-inner\">\n\t\t\t\t<div class=\"elementor-element elementor-element-2a0b6af2 elementor-widget elementor-widget-text-editor\" data-id=\"2a0b6af2\" data-element_type=\"widget\" data-e-type=\"widget\" data-widget_type=\"text-editor.default\">\n\t\t\t\t<div class=\"elementor-widget-container\">\n\t\t\t\t\t\t\t\t\t<p>Joris Royet, Chef de projet M\u00e9t\u00e9o, METEORAGE<\/p>\t\t\t\t\t\t\t\t<\/div>\n\t\t\t\t<\/div>\n\t\t\t\t\t<\/div>\n\t\t\t\t<\/div>\n\t\t<div class=\"elementor-element elementor-element-3dc38c36 e-flex e-con-boxed e-con e-parent\" data-id=\"3dc38c36\" data-element_type=\"container\" data-e-type=\"container\">\n\t\t\t\t\t<div class=\"e-con-inner\">\n\t\t<div class=\"elementor-element elementor-element-454bbb73 e-con-full e-flex e-con e-child\" data-id=\"454bbb73\" data-element_type=\"container\" data-e-type=\"container\">\n\t\t\t\t<div class=\"elementor-element elementor-element-2e85ae25 elementor-widget elementor-widget-heading\" data-id=\"2e85ae25\" data-element_type=\"widget\" data-e-type=\"widget\" data-widget_type=\"heading.default\">\n\t\t\t\t<div class=\"elementor-widget-container\">\n\t\t\t\t\t<h2 class=\"elementor-heading-title elementor-size-default\">Un a\u00f1o con un bajo nivel hist\u00f3rico de tormentas<\/h2>\t\t\t\t<\/div>\n\t\t\t\t<\/div>\n\t\t\t\t<div class=\"elementor-element elementor-element-3bdcd7e3 elementor-widget elementor-widget-heading\" data-id=\"3bdcd7e3\" data-element_type=\"widget\" data-e-type=\"widget\" data-widget_type=\"heading.default\">\n\t\t\t\t<div class=\"elementor-widget-container\">\n\t\t\t\t\t<h4 class=\"elementor-heading-title elementor-size-default\">caracterizado por una actividad el\u00e9ctrica generalmente baja en toda Europa, pero con episodios localmente intensos.<\/h4>\t\t\t\t<\/div>\n\t\t\t\t<\/div>\n\t\t\t\t<div class=\"elementor-element elementor-element-789d4530 elementor-drop-cap-yes elementor-widget__width-initial elementor-drop-cap-view-default elementor-widget elementor-widget-text-editor\" data-id=\"789d4530\" data-element_type=\"widget\" data-e-type=\"widget\" data-settings=\"{&quot;drop_cap&quot;:&quot;yes&quot;}\" data-widget_type=\"text-editor.default\">\n\t\t\t\t<div class=\"elementor-widget-container\">\n\t\t\t\t\t\t\t\t\t<p><span class=\"a_GcMg font-feature-liga-off font-feature-clig-off font-feature-calt-off text-decoration-none text-strikethrough-none\">Con aproximadamente <strong>1226 millones de rayos nube-tierra detectados en Europa<\/strong>, 2025 se distingue por una actividad de tormentas por debajo de los par\u00e1metros clim\u00e1ticos normales, lo que lo convierte en el a\u00f1o con el menor n\u00famero de rayos observados hasta la fecha seg\u00fan nuestros registros de Meteorage. Aunque las condiciones atmosf\u00e9ricas limitaron el desarrollo de tormentas, algunas situaciones favorables dieron lugar a episodios intensos y localizados, con una actividad m\u00e1s pronunciada en torno a la cuenca mediterr\u00e1nea y en las zonas monta\u00f1osas.<\/span><\/p><p><style>\na {<br \/>    text-decoration: none;<br \/>    color: #464feb;<br \/>}<br \/>tr th, tr td {<br \/>    border: 1px solid #e6e6e6;<br \/>}<br \/>tr th {<br \/>    background-color: #f5f5f5;<br \/>}<br \/><\/style><\/p><div><p><span class=\"a_GcMg font-feature-liga-off font-feature-clig-off font-feature-calt-off text-decoration-none text-strikethrough-none\">M\u00e1s all\u00e1 de esta evaluaci\u00f3n y de la distribuci\u00f3n espacial observada en 2025, los an\u00e1lisis de los \u00faltimos veinte a\u00f1os muestran un desplazamiento progresivo del cintur\u00f3n de tormentas hacia el norte, as\u00ed como una prolongaci\u00f3n de la temporada de tormentas, caracterizada por episodios m\u00e1s tempranos en primavera y m\u00e1s tard\u00edos en oto\u00f1o. Estas disparidades regionales recuerdan que los rayos nunca se distribuyen de manera homog\u00e9nea y que, incluso en los a\u00f1os de baja actividad, las cuestiones de la prevenci\u00f3n, la vigilancia y la gesti\u00f3n de riesgos de rayos siguen siendo muy pertinentes.<\/span><\/p><\/div>\t\t\t\t\t\t\t\t<\/div>\n\t\t\t\t<\/div>\n\t\t\t\t<\/div>\n\t\t<div class=\"elementor-element elementor-element-4630098c e-con-full e-flex e-con e-child\" data-id=\"4630098c\" data-element_type=\"container\" data-e-type=\"container\">\n\t\t\t\t<div class=\"elementor-element elementor-element-45b002f6 elementor-widget__width-initial elementor-widget elementor-widget-image\" data-id=\"45b002f6\" data-element_type=\"widget\" data-e-type=\"widget\" data-widget_type=\"image.default\">\n\t\t\t\t<div class=\"elementor-widget-container\">\n\t\t\t\t\t\t\t\t\t\t\t\t\t\t\t<img decoding=\"async\" width=\"150\" height=\"150\" src=\"https:\/\/www.meteorage.com\/wp-content\/uploads\/2024\/12\/nuage-eclair-150x150.webp\" class=\"attachment-thumbnail size-thumbnail wp-image-39669\" alt=\"\" srcset=\"https:\/\/www.meteorage.com\/wp-content\/uploads\/2024\/12\/nuage-eclair-150x150.webp 150w, https:\/\/www.meteorage.com\/wp-content\/uploads\/2024\/12\/nuage-eclair.webp 300w\" sizes=\"(max-width: 150px) 100vw, 150px\" \/>\t\t\t\t\t\t\t\t\t\t\t\t\t\t\t<\/div>\n\t\t\t\t<\/div>\n\t\t<div class=\"elementor-element elementor-element-1d71acf0 e-con-full e-flex e-con e-child\" data-id=\"1d71acf0\" data-element_type=\"container\" data-e-type=\"container\" data-settings=\"{&quot;background_background&quot;:&quot;classic&quot;}\">\n\t\t<div class=\"elementor-element elementor-element-275b15fc e-con-full e-flex e-con e-child\" data-id=\"275b15fc\" data-element_type=\"container\" data-e-type=\"container\">\n\t\t\t\t<div class=\"elementor-element elementor-element-27058e91 elementor-widget elementor-widget-text-editor\" data-id=\"27058e91\" data-element_type=\"widget\" data-e-type=\"widget\" data-widget_type=\"text-editor.default\">\n\t\t\t\t<div class=\"elementor-widget-container\">\n\t\t\t\t\t\t\t\t\t<p>Nuestra red de detecci\u00f3n de rayos Meteorage registr\u00f3 en 2025<\/p>\t\t\t\t\t\t\t\t<\/div>\n\t\t\t\t<\/div>\n\t\t\t\t<div class=\"elementor-element elementor-element-3723d699 elementor-widget elementor-widget-counter\" data-id=\"3723d699\" data-element_type=\"widget\" data-e-type=\"widget\" data-widget_type=\"counter.default\">\n\t\t\t\t<div class=\"elementor-widget-container\">\n\t\t\t\t\t\t\t<div class=\"elementor-counter\">\n\t\t\t<div class=\"elementor-counter-title\">rayos nube-tierra detectados en Europa<\/div>\t\t\t<div class=\"elementor-counter-number-wrapper\">\n\t\t\t\t<span class=\"elementor-counter-number-prefix\"><\/span>\n\t\t\t\t<span class=\"elementor-counter-number\" data-duration=\"2000\" data-to-value=\"1.226\" data-from-value=\"10000\" data-delimiter=\" \">10000<\/span>\n\t\t\t\t<span class=\"elementor-counter-number-suffix\"><\/span>\n\t\t\t<\/div>\n\t\t<\/div>\n\t\t\t\t\t\t<\/div>\n\t\t\t\t<\/div>\n\t\t\t\t<div class=\"elementor-element elementor-element-543216bc elementor-widget-divider--view-line elementor-widget elementor-widget-divider\" data-id=\"543216bc\" data-element_type=\"widget\" data-e-type=\"widget\" data-widget_type=\"divider.default\">\n\t\t\t\t<div class=\"elementor-widget-container\">\n\t\t\t\t\t\t\t<div class=\"elementor-divider\">\n\t\t\t<span class=\"elementor-divider-separator\">\n\t\t\t\t\t\t<\/span>\n\t\t<\/div>\n\t\t\t\t\t\t<\/div>\n\t\t\t\t<\/div>\n\t\t\t\t<div class=\"elementor-element elementor-element-59dbf49d elementor-widget elementor-widget-counter\" data-id=\"59dbf49d\" data-element_type=\"widget\" data-e-type=\"widget\" data-widget_type=\"counter.default\">\n\t\t\t\t<div class=\"elementor-widget-container\">\n\t\t\t\t\t\t\t<div class=\"elementor-counter\">\n\t\t\t<div class=\"elementor-counter-title\">rayos nube-tierra detectados en Espa\u00f1a<\/div>\t\t\t<div class=\"elementor-counter-number-wrapper\">\n\t\t\t\t<span class=\"elementor-counter-number-prefix\"><\/span>\n\t\t\t\t<span class=\"elementor-counter-number\" data-duration=\"2000\" data-to-value=\"427000\" data-from-value=\"0\" data-delimiter=\" \">0<\/span>\n\t\t\t\t<span class=\"elementor-counter-number-suffix\"><\/span>\n\t\t\t<\/div>\n\t\t<\/div>\n\t\t\t\t\t\t<\/div>\n\t\t\t\t<\/div>\n\t\t\t\t<div class=\"elementor-element elementor-element-6ae6c49b elementor-drop-cap-yes elementor-widget__width-initial elementor-drop-cap-view-default elementor-widget elementor-widget-text-editor\" data-id=\"6ae6c49b\" data-element_type=\"widget\" data-e-type=\"widget\" data-settings=\"{&quot;drop_cap&quot;:&quot;yes&quot;}\" data-widget_type=\"text-editor.default\">\n\t\t\t\t<div class=\"elementor-widget-container\">\n\t\t\t\t\t\t\t\t\t<p><span class=\"a_GcMg font-feature-liga-off font-feature-clig-off font-feature-calt-off text-decoration-none text-strikethrough-none\">En 2025, Europa experiment\u00f3 m\u00e1s tormentas espor\u00e1dicas que en 2024, pero Espa\u00f1a es una excepci\u00f3n, manteni\u00e9ndose altamente expuesta a los rayos este a\u00f1o. A nivel europeo, la actividad de los rayos ha disminuido en comparaci\u00f3n con 2024, a\u00f1o en el que se registraron m\u00e1s de <\/span><strong><span class=\"a_GcMg font-feature-liga-off font-feature-clig-off font-feature-calt-off text-decoration-none text-strikethrough-none\">1 967 112 <\/span><span class=\"a_GcMg font-feature-liga-off font-feature-clig-off font-feature-calt-off text-decoration-none text-strikethrough-none\">rayos nube-tierra.<\/span><\/strong><\/p><p><span class=\"a_GcMg font-feature-liga-off font-feature-clig-off font-feature-calt-off text-decoration-none text-strikethrough-none\">Sin embargo, esta disminuci\u00f3n no se aplica a todos los pa\u00edses: por ejemplo, Espa\u00f1a, con <\/span><strong><span class=\"a_GcMg font-feature-liga-off font-feature-clig-off font-feature-calt-off text-decoration-none text-strikethrough-none\">427 000<\/span><\/strong><span class=\"a_GcMg font-feature-liga-off font-feature-clig-off font-feature-calt-off text-decoration-none text-strikethrough-none\"> rayos detectados en 2025, frente a los <\/span><strong><span class=\"a_GcMg font-feature-liga-off font-feature-clig-off font-feature-calt-off text-decoration-none text-strikethrough-none\">514 557<\/span><\/strong><span class=\"a_GcMg font-feature-liga-off font-feature-clig-off font-feature-calt-off text-decoration-none text-strikethrough-none\"> de 2024, confirma que el pa\u00eds sigue sometido a frecuentes tormentas el\u00e9ctricas.<\/span><\/p>\t\t\t\t\t\t\t\t<\/div>\n\t\t\t\t<\/div>\n\t\t\t\t<\/div>\n\t\t\t\t<\/div>\n\t\t\t\t<\/div>\n\t\t\t\t\t<\/div>\n\t\t\t\t<\/div>\n\t\t<div class=\"elementor-element elementor-element-b4cdcdb e-flex e-con-boxed e-con e-parent\" data-id=\"b4cdcdb\" data-element_type=\"container\" data-e-type=\"container\">\n\t\t\t\t\t<div class=\"e-con-inner\">\n\t\t\t\t<div class=\"elementor-element elementor-element-44a9aaa elementor-widget elementor-widget-text-editor\" data-id=\"44a9aaa\" data-element_type=\"widget\" data-e-type=\"widget\" data-widget_type=\"text-editor.default\">\n\t\t\t\t<div class=\"elementor-widget-container\">\n\t\t\t\t\t\t\t\t\t<p><a href=\"#terminologie\">Para una mejor comprensi\u00f3n de la informaci\u00f3n proporcionada en este informe, he aqu\u00ed las definiciones de los t\u00e9rminos utilizados frecuentemente en nuestra terminolog\u00eda.<\/a><\/p>\t\t\t\t\t\t\t\t<\/div>\n\t\t\t\t<\/div>\n\t\t\t\t<div class=\"elementor-element elementor-element-6366a3eb elementor-align-center elementor-widget elementor-widget-button\" data-id=\"6366a3eb\" data-element_type=\"widget\" data-e-type=\"widget\" data-widget_type=\"button.default\">\n\t\t\t\t<div class=\"elementor-widget-container\">\n\t\t\t\t\t\t\t\t\t<div class=\"elementor-button-wrapper\">\n\t\t\t\t\t<a class=\"elementor-button elementor-button-link elementor-size-lg\" href=\"https:\/\/www.meteorage.com\/wp-content\/uploads\/2026\/01\/ES_Meteorage-INFORME-DE-MONITOREO_2025-_BD_compressed.pdf\" target=\"_blank\">\n\t\t\t\t\t\t<span class=\"elementor-button-content-wrapper\">\n\t\t\t\t\t\t\t\t\t<span class=\"elementor-button-text\">Ver el informe Europa\/Espa\u00f1a  2025 en pdf<\/span>\n\t\t\t\t\t<\/span>\n\t\t\t\t\t<\/a>\n\t\t\t\t<\/div>\n\t\t\t\t\t\t\t\t<\/div>\n\t\t\t\t<\/div>\n\t\t\t\t\t<\/div>\n\t\t\t\t<\/div>\n\t\t<div class=\"elementor-element elementor-element-11b7d5dc e-flex e-con-boxed e-con e-parent\" data-id=\"11b7d5dc\" data-element_type=\"container\" data-e-type=\"container\" data-settings=\"{&quot;background_background&quot;:&quot;classic&quot;}\">\n\t\t\t\t\t<div class=\"e-con-inner\">\n\t\t<div class=\"elementor-element elementor-element-27af2494 e-con-full e-flex e-con e-child\" data-id=\"27af2494\" data-element_type=\"container\" data-e-type=\"container\">\n\t\t\t\t<div class=\"elementor-element elementor-element-222a6bab elementor-widget elementor-widget-image\" data-id=\"222a6bab\" data-element_type=\"widget\" data-e-type=\"widget\" data-widget_type=\"image.default\">\n\t\t\t\t<div class=\"elementor-widget-container\">\n\t\t\t\t\t\t\t\t\t\t\t\t\t\t\t<img decoding=\"async\" src=\"https:\/\/www.meteorage.com\/wp-content\/uploads\/2026\/01\/GUILLEMETS-_-MTG.webp\" title=\"\" alt=\"\" loading=\"lazy\" \/>\t\t\t\t\t\t\t\t\t\t\t\t\t\t\t<\/div>\n\t\t\t\t<\/div>\n\t\t\t\t<div class=\"elementor-element elementor-element-60c6d892 elementor-widget elementor-widget-text-editor\" data-id=\"60c6d892\" data-element_type=\"widget\" data-e-type=\"widget\" data-widget_type=\"text-editor.default\">\n\t\t\t\t<div class=\"elementor-widget-container\">\n\t\t\t\t\t\t\t\t\t<p><span class=\"a_GcMg font-feature-liga-off font-feature-clig-off font-feature-calt-off text-decoration-none text-strikethrough-none\">El n\u00famero de rayos de un a\u00f1o a otro no refleja, por s\u00ed solo, el nivel de peligro. En 2025, las tormentas el\u00e9ctricas fueron menos frecuentes en Europa, pero a veces igual de intensas, y el riesgo puede surgir en cualquier momento debido a actividades expuestas.<\/span><\/p>\t\t\t\t\t\t\t\t<\/div>\n\t\t\t\t<\/div>\n\t\t\t\t<div class=\"elementor-element elementor-element-56ed7975 elementor-widget elementor-widget-text-editor\" data-id=\"56ed7975\" data-element_type=\"widget\" data-e-type=\"widget\" data-widget_type=\"text-editor.default\">\n\t\t\t\t<div class=\"elementor-widget-container\">\n\t\t\t\t\t\t\t\t\t<p><span class=\"a_GcMg font-feature-liga-off font-feature-clig-off font-feature-calt-off text-decoration-none text-strikethrough-none\">\u2014 St\u00e9phane Schmitt, Lightning Application Expert, Meteorage<\/span><\/p>\t\t\t\t\t\t\t\t<\/div>\n\t\t\t\t<\/div>\n\t\t\t\t<\/div>\n\t\t<div class=\"elementor-element elementor-element-20182980 e-con-full e-flex e-con e-child\" data-id=\"20182980\" data-element_type=\"container\" data-e-type=\"container\">\n\t\t\t\t<div class=\"elementor-element elementor-element-9bb638d elementor-widget-tablet_extra__width-initial elementor-widget elementor-widget-image\" data-id=\"9bb638d\" data-element_type=\"widget\" data-e-type=\"widget\" data-widget_type=\"image.default\">\n\t\t\t\t<div class=\"elementor-widget-container\">\n\t\t\t\t\t\t\t\t\t\t\t\t\t\t\t\t<a href=\"https:\/\/www.meteorage.com\/wp-content\/uploads\/2026\/01\/MTG_alertas.webp\" data-elementor-open-lightbox=\"yes\" data-e-action-hash=\"#elementor-action%3Aaction%3Dlightbox%26settings%3DeyJpZCI6NTA5MDUsInVybCI6ZmFsc2V9\">\n\t\t\t\t\t\t\t<img decoding=\"async\" src=\"https:\/\/www.meteorage.com\/wp-content\/uploads\/2026\/01\/MTG_alertas.webp\" title=\"\" alt=\"\" loading=\"lazy\" \/>\t\t\t\t\t\t\t\t<\/a>\n\t\t\t\t\t\t\t\t\t\t\t\t\t\t\t<\/div>\n\t\t\t\t<\/div>\n\t\t\t\t<\/div>\n\t\t\t\t\t<\/div>\n\t\t\t\t<\/div>\n\t\t<div class=\"elementor-element elementor-element-17b545d3 e-flex e-con-boxed e-con e-parent\" data-id=\"17b545d3\" data-element_type=\"container\" data-e-type=\"container\">\n\t\t\t\t\t<div class=\"e-con-inner\">\n\t\t\t\t<div class=\"elementor-element elementor-element-704ae7db elementor-widget-divider--view-line elementor-widget elementor-widget-divider\" data-id=\"704ae7db\" data-element_type=\"widget\" data-e-type=\"widget\" data-widget_type=\"divider.default\">\n\t\t\t\t<div class=\"elementor-widget-container\">\n\t\t\t\t\t\t\t<div class=\"elementor-divider\">\n\t\t\t<span class=\"elementor-divider-separator\">\n\t\t\t\t\t\t<\/span>\n\t\t<\/div>\n\t\t\t\t\t\t<\/div>\n\t\t\t\t<\/div>\n\t\t\t\t\t<\/div>\n\t\t\t\t<\/div>\n\t\t<div class=\"elementor-element elementor-element-5b9eb229 e-flex e-con-boxed e-con e-parent\" data-id=\"5b9eb229\" data-element_type=\"container\" data-e-type=\"container\">\n\t\t\t\t\t<div class=\"e-con-inner\">\n\t\t\t\t<div class=\"elementor-element elementor-element-484220c elementor-widget elementor-widget-ube-fancy-text\" data-id=\"484220c\" data-element_type=\"widget\" data-e-type=\"widget\" data-widget_type=\"ube-fancy-text.default\">\n\t\t\t\t<div class=\"elementor-widget-container\">\n\t\t\t\t\t<h3 data-text=\"[&quot;en 2025&quot;,&quot;en Europa&quot;]\" data-additional-options=\"{&quot;animationDelay&quot;:null,&quot;typingLoop&quot;:true,&quot;typingCursor&quot;:true}\" class=\"ube-fancy-text ube-fancy-text-typing\">    <span class=\"ube-fancy-text-before\">Datos clave<\/span>\n<span class=\"ube-fancy-text-animated\">\n\t<\/span>\n<\/h3>\t\t\t\t<\/div>\n\t\t\t\t<\/div>\n\t\t\t\t\t<\/div>\n\t\t\t\t<\/div>\n\t\t<div class=\"elementor-element elementor-element-4c75da8b e-flex e-con-boxed e-con e-parent\" data-id=\"4c75da8b\" data-element_type=\"container\" data-e-type=\"container\">\n\t\t\t\t\t<div class=\"e-con-inner\">\n\t\t\t\t<div class=\"elementor-element elementor-element-53bd37e6 elementor-widget elementor-widget-spacer\" data-id=\"53bd37e6\" data-element_type=\"widget\" data-e-type=\"widget\" data-widget_type=\"spacer.default\">\n\t\t\t\t<div class=\"elementor-widget-container\">\n\t\t\t\t\t\t\t<div class=\"elementor-spacer\">\n\t\t\t<div class=\"elementor-spacer-inner\"><\/div>\n\t\t<\/div>\n\t\t\t\t\t\t<\/div>\n\t\t\t\t<\/div>\n\t\t\t\t<div class=\"elementor-element elementor-element-714d9d82 elementor-drop-cap-yes elementor-widget__width-initial elementor-drop-cap-view-default elementor-widget elementor-widget-text-editor\" data-id=\"714d9d82\" data-element_type=\"widget\" data-e-type=\"widget\" data-settings=\"{&quot;drop_cap&quot;:&quot;yes&quot;}\" data-widget_type=\"text-editor.default\">\n\t\t\t\t<div class=\"elementor-widget-container\">\n\t\t\t\t\t\t\t\t\t<p class=\"cvGsUA direction-ltr align-start para-style-body\"><span class=\"a_GcMg font-feature-liga-off font-feature-clig-off font-feature-calt-off text-decoration-none text-strikethrough-none\">Aunque la actividad el\u00e9ctrica en 2025 estuvo por debajo de los valores hist\u00f3ricos de referencia, la elevada variabilidad interanual de la actividad tormentosa no permite, por el momento, identificar una tendencia estad\u00edstica robusta.<\/span><\/p>\t\t\t\t\t\t\t\t<\/div>\n\t\t\t\t<\/div>\n\t\t\t\t<div class=\"elementor-element elementor-element-41c2c789 elementor-widget elementor-widget-ube-chart\" data-id=\"41c2c789\" data-element_type=\"widget\" data-e-type=\"widget\" data-widget_type=\"ube-chart.default\">\n\t\t\t\t<div class=\"elementor-widget-container\">\n\t\t\t\t\t<div  >\n    <canvas id=\"ube-chart-41c2c789\" class=\"ube-chart\" data-chart-type=\"line\" data-chart-labels=\"[&quot;2016&quot;,&quot;2017&quot;,&quot;2018&quot;,&quot;2019&quot;,&quot;2020&quot;,&quot;2021&quot;,&quot;2022&quot;,&quot;2023&quot;,&quot;2024&quot;,&quot;2025&quot;]\" data-chart-options=\"{&quot;animation&quot;:{&quot;easing&quot;:&quot;linear&quot;},&quot;elements&quot;:{&quot;point&quot;:{&quot;pointStyle&quot;:&quot;rectRounded&quot;},&quot;line&quot;:{&quot;tension&quot;:0.5}},&quot;scales&quot;:{&quot;y&quot;:{&quot;ticks&quot;:{&quot;display&quot;:true},&quot;grid&quot;:{&quot;display&quot;:false,&quot;drawBorder&quot;:false,&quot;drawTicks&quot;:false}},&quot;x&quot;:{&quot;ticks&quot;:{&quot;display&quot;:true},&quot;grid&quot;:{&quot;display&quot;:false,&quot;drawBorder&quot;:false,&quot;drawTicks&quot;:false}}}}\" data-chart-datasets=\"[{&quot;label&quot;:&quot;Evoluci\\u00f3n del n\\u00famero de rayos nube-tierra (CG) en Europa (2016\\u20132025)&quot;,&quot;data&quot;:[1618380,1582329,2900401,1537910,1346211,1557133,2050981,2227181,1967112,1226838],&quot;backgroundColor&quot;:&quot;#01144A&quot;,&quot;hoverBackgroundColor&quot;:&quot;#01144A&quot;,&quot;borderColor&quot;:&quot;#01103B&quot;,&quot;hoverBorderColor&quot;:&quot;#01103B&quot;,&quot;borderWidth&quot;:&quot;1&quot;,&quot;fill&quot;:true}]\" data-chart-additional-options=\"{&quot;chatId&quot;:&quot;ube-chart-41c2c789&quot;}\" height=\"200\"><\/canvas>\n<\/div>\t\t\t\t<\/div>\n\t\t\t\t<\/div>\n\t\t\t\t<div class=\"elementor-element elementor-element-4e0ee6d7 elementor-widget elementor-widget-heading\" data-id=\"4e0ee6d7\" data-element_type=\"widget\" data-e-type=\"widget\" data-widget_type=\"heading.default\">\n\t\t\t\t<div class=\"elementor-widget-container\">\n\t\t\t\t\t<h2 class=\"elementor-heading-title elementor-size-default\">360 d\u00edas de tormentas<\/h2>\t\t\t\t<\/div>\n\t\t\t\t<\/div>\n\t\t\t\t<div class=\"elementor-element elementor-element-49b1fc06 elementor-drop-cap-yes elementor-widget__width-initial elementor-drop-cap-view-default elementor-widget elementor-widget-text-editor\" data-id=\"49b1fc06\" data-element_type=\"widget\" data-e-type=\"widget\" data-settings=\"{&quot;drop_cap&quot;:&quot;yes&quot;}\" data-widget_type=\"text-editor.default\">\n\t\t\t\t<div class=\"elementor-widget-container\">\n\t\t\t\t\t\t\t\t\t<p class=\"cvGsUA direction-ltr align-start para-style-body\">\u00a0<\/p><p class=\"cvGsUA direction-ltr align-start para-style-body\"><span class=\"a_GcMg font-feature-liga-off font-feature-clig-off font-feature-calt-off text-decoration-none text-strikethrough-none\">La mayor parte de la actividad tormentosa se concentr\u00f3 entre junio y agosto (64%), periodo en el que las condiciones inestables fueron m\u00e1s favorables, con un marcado pico en junio y casi 284 200 rayos <\/span><span class=\"a_GcMg font-feature-liga-off font-feature-clig-off font-feature-calt-off text-decoration-none text-strikethrough-none\">nube-tierra registrados en todo el continente, lo que ilustra una temporada de tormentas a veces temprana.<\/span><\/p>\t\t\t\t\t\t\t\t<\/div>\n\t\t\t\t<\/div>\n\t\t\t\t\t<\/div>\n\t\t\t\t<\/div>\n\t\t<div class=\"elementor-element elementor-element-31c3c735 e-flex e-con-boxed e-con e-parent\" data-id=\"31c3c735\" data-element_type=\"container\" data-e-type=\"container\">\n\t\t\t\t\t<div class=\"e-con-inner\">\n\t\t<div class=\"elementor-element elementor-element-7f10362e e-con-full e-flex e-con e-child\" data-id=\"7f10362e\" data-element_type=\"container\" data-e-type=\"container\">\n\t\t\t\t<div class=\"elementor-element elementor-element-5b87d078 elementor-widget elementor-widget-image\" data-id=\"5b87d078\" data-element_type=\"widget\" data-e-type=\"widget\" data-widget_type=\"image.default\">\n\t\t\t\t<div class=\"elementor-widget-container\">\n\t\t\t\t\t\t\t\t\t\t\t\t\t\t\t<img decoding=\"async\" src=\"https:\/\/www.meteorage.com\/wp-content\/uploads\/2026\/01\/GUILLEMETS-_-MTG.webp\" title=\"\" alt=\"\" loading=\"lazy\" \/>\t\t\t\t\t\t\t\t\t\t\t\t\t\t\t<\/div>\n\t\t\t\t<\/div>\n\t\t\t\t<div class=\"elementor-element elementor-element-2a928ac6 elementor-widget elementor-widget-text-editor\" data-id=\"2a928ac6\" data-element_type=\"widget\" data-e-type=\"widget\" data-widget_type=\"text-editor.default\">\n\t\t\t\t<div class=\"elementor-widget-container\">\n\t\t\t\t\t\t\t\t\t<p class=\"cvGsUA direction-ltr align-start para-style-body\"><span class=\"a_GcMg font-feature-liga-off font-feature-clig-off font-feature-calt-off text-decoration-none text-strikethrough-none\">En 2025, la circulaci\u00f3n atmosf\u00e9rica a escala europea favoreci\u00f3 una concentraci\u00f3n de la actividad convectiva en torno al Mediterr\u00e1neo. <\/span><span class=\"a_GcMg font-feature-liga-off font-feature-clig-off font-feature-calt-off text-decoration-none text-strikethrough-none\">La presencia recurrente de altos geopotenciales en el centro y norte de Europa ha limitado el avance de los sistemas inestables hacia el norte del continente.<\/span><\/p><p><span class=\"a_GcMg font-feature-liga-off font-feature-clig-off font-feature-calt-off text-decoration-none text-strikethrough-none\">Como resultado, las circulaciones de bajas presiones y los forzamientos din\u00e1micos persistieron en latitudes bajas, interactuando con masas de aire m\u00e1s c\u00e1lidas y h\u00famedas alrededor del Mediterr\u00e1neo,<\/span><\/p>\t\t\t\t\t\t\t\t<\/div>\n\t\t\t\t<\/div>\n\t\t\t\t<div class=\"elementor-element elementor-element-7eceb8b3 elementor-widget elementor-widget-text-editor\" data-id=\"7eceb8b3\" data-element_type=\"widget\" data-e-type=\"widget\" data-widget_type=\"text-editor.default\">\n\t\t\t\t<div class=\"elementor-widget-container\">\n\t\t\t\t\t\t\t\t\t<p><span class=\"a_GcMg font-feature-liga-off font-feature-clig-off font-feature-calt-off text-decoration-none text-strikethrough-none\">\u2014 Joris Royet, jefe de proyectos meteorol\u00f3gicos, Meteorage<\/span><\/p>\t\t\t\t\t\t\t\t<\/div>\n\t\t\t\t<\/div>\n\t\t\t\t<\/div>\n\t\t<div class=\"elementor-element elementor-element-42d25c29 e-con-full e-flex e-con e-child\" data-id=\"42d25c29\" data-element_type=\"container\" data-e-type=\"container\">\n\t\t\t\t<div class=\"elementor-element elementor-element-1fb500dd elementor-widget elementor-widget-spacer\" data-id=\"1fb500dd\" data-element_type=\"widget\" data-e-type=\"widget\" data-widget_type=\"spacer.default\">\n\t\t\t\t<div class=\"elementor-widget-container\">\n\t\t\t\t\t\t\t<div class=\"elementor-spacer\">\n\t\t\t<div class=\"elementor-spacer-inner\"><\/div>\n\t\t<\/div>\n\t\t\t\t\t\t<\/div>\n\t\t\t\t<\/div>\n\t\t\t\t<div class=\"elementor-element elementor-element-1063e024 elementor-widget elementor-widget-image\" data-id=\"1063e024\" data-element_type=\"widget\" data-e-type=\"widget\" data-widget_type=\"image.default\">\n\t\t\t\t<div class=\"elementor-widget-container\">\n\t\t\t\t\t\t\t\t\t\t\t\t\t\t\t\t<a href=\"https:\/\/www.meteorage.com\/wp-content\/uploads\/2026\/01\/MTG_Informe-del-impacto-de-rayos-\u2013-Europa-2025-scaled.webp\" data-elementor-open-lightbox=\"yes\" data-e-action-hash=\"#elementor-action%3Aaction%3Dlightbox%26settings%3DeyJpZCI6NTEzNTEsInVybCI6ZmFsc2V9\">\n\t\t\t\t\t\t\t<img decoding=\"async\" src=\"https:\/\/www.meteorage.com\/wp-content\/uploads\/2026\/01\/MTG_Informe-del-impacto-de-rayos-\u2013-Europa-2025-scaled.webp\" title=\"\" alt=\"\" loading=\"lazy\" \/>\t\t\t\t\t\t\t\t<\/a>\n\t\t\t\t\t\t\t\t\t\t\t\t\t\t\t<\/div>\n\t\t\t\t<\/div>\n\t\t\t\t<\/div>\n\t\t\t\t\t<\/div>\n\t\t\t\t<\/div>\n\t\t<div class=\"elementor-element elementor-element-50808d59 e-flex e-con-boxed e-con e-parent\" data-id=\"50808d59\" data-element_type=\"container\" data-e-type=\"container\">\n\t\t\t\t\t<div class=\"e-con-inner\">\n\t\t\t\t<div class=\"elementor-element elementor-element-48d7bee3 elementor-widget elementor-widget-heading\" data-id=\"48d7bee3\" data-element_type=\"widget\" data-e-type=\"widget\" data-widget_type=\"heading.default\">\n\t\t\t\t<div class=\"elementor-widget-container\">\n\t\t\t\t\t<h3 class=\"elementor-heading-title elementor-size-default\">Top 10 de pa\u00edses m\u00e1s impactados por rayos en Europa en 2025<\/h3>\t\t\t\t<\/div>\n\t\t\t\t<\/div>\n\t\t\t\t<div class=\"elementor-element elementor-element-5b76d5ad elementor-widget__width-inherit elementor-widget elementor-widget-ube-chart\" data-id=\"5b76d5ad\" data-element_type=\"widget\" data-e-type=\"widget\" data-widget_type=\"ube-chart.default\">\n\t\t\t\t<div class=\"elementor-widget-container\">\n\t\t\t\t\t<div  >\n    <canvas id=\"ube-chart-5b76d5ad\" class=\"ube-chart\" data-chart-type=\"bar\" data-chart-labels=\"[&quot;Espa\\u00f1a&quot;,&quot;Italia&quot;,&quot;Francia&quot;,&quot;Alemania&quot;,&quot;Suiza&quot;,&quot;Portugal&quot;,&quot;Reino Unido&quot;,&quot;B\\u00e9lgica&quot;,&quot;Pa\\u00edses Bajos&quot;,&quot;Dinamarca&quot;]\" data-chart-options=\"{&quot;scales&quot;:{&quot;y&quot;:{&quot;ticks&quot;:{&quot;display&quot;:true},&quot;grid&quot;:{&quot;display&quot;:false,&quot;drawBorder&quot;:true,&quot;drawTicks&quot;:true}},&quot;x&quot;:{&quot;ticks&quot;:{&quot;display&quot;:true},&quot;grid&quot;:{&quot;display&quot;:false,&quot;drawBorder&quot;:true,&quot;drawTicks&quot;:true}}}}\" data-chart-datasets=\"[{&quot;label&quot;:&quot;N\\u00famero de rayos nube-tierra (CG)&quot;,&quot;data&quot;:[427686,385577,267502,83443,20597,18496,9392,6478,9392,6478,5095,4496],&quot;backgroundColor&quot;:&quot;#01144A&quot;,&quot;hoverBackgroundColor&quot;:&quot;#01144A&quot;,&quot;borderColor&quot;:&quot;#01144A&quot;,&quot;hoverBorderColor&quot;:&quot;#01144A&quot;,&quot;borderWidth&quot;:1,&quot;fill&quot;:true}]\" data-chart-additional-options=\"{&quot;chatId&quot;:&quot;ube-chart-5b76d5ad&quot;}\" height=\"250\"><\/canvas>\n<\/div>\t\t\t\t<\/div>\n\t\t\t\t<\/div>\n\t\t\t\t<div class=\"elementor-element elementor-element-2266a8e3 elementor-widget elementor-widget-text-editor\" data-id=\"2266a8e3\" data-element_type=\"widget\" data-e-type=\"widget\" data-widget_type=\"text-editor.default\">\n\t\t\t\t<div class=\"elementor-widget-container\">\n\t\t\t\t\t\t\t\t\t<p>La frecuencia, la distribuci\u00f3n geogr\u00e1fica y la intensidad de las tormentas var\u00edan seg\u00fan las estaciones en funci\u00f3n de la temperatura, la humedad y la din\u00e1mica atmosf\u00e9rica.<\/p><p class=\"cvGsUA direction-ltr align-start para-style-body\"><span class=\"a_GcMg font-feature-liga-off font-feature-clig-off font-feature-calt-off text-decoration-none text-strikethrough-none\">La temporada de <strong>primavera<\/strong> totaliza<\/span> <span class=\"a_GcMg font-feature-liga-off font-feature-clig-off font-feature-calt-off text-decoration-none text-strikethrough-none\">233 316<\/span> <span class=\"a_GcMg font-feature-liga-off font-feature-clig-off font-feature-calt-off text-decoration-none text-strikethrough-none\">rayos nube-tierra, con una distribuci\u00f3n geogr\u00e1fica muy heterog\u00e9nea: u<\/span><span class=\"a_GcMg font-feature-liga-off font-feature-clig-off font-feature-calt-off text-decoration-none text-strikethrough-none\">na escasa actividad en la mitad norte de Europa, que permanece en gran medida bajo la influencia de condiciones anticicl\u00f3nicas persistentes, lo que limita el desarrollo de tormentas. <\/span><span class=\"a_GcMg font-feature-liga-off font-feature-clig-off font-feature-calt-off text-decoration-none text-strikethrough-none\">Por el contrario, se observa una actividad m\u00e1s regular en el sur del continente, sobre todo en torno a la cuenca mediterr\u00e1nea.<\/span><\/p><p><strong><span class=\"a_GcMg font-feature-liga-off font-feature-clig-off font-feature-calt-off text-decoration-none text-strikethrough-none\">Durante este periodo, Espa\u00f1a aparece como el pa\u00eds m\u00e1s afectado, con<\/span> <span class=\"a_GcMg font-feature-liga-off font-feature-clig-off font-feature-calt-off text-decoration-none text-strikethrough-none\">97 219<\/span> <span class=\"a_GcMg font-feature-liga-off font-feature-clig-off font-feature-calt-off text-decoration-none text-strikethrough-none\">rayos nube-tierra.<\/span><\/strong><\/p><p class=\"cvGsUA direction-ltr align-start para-style-body\"><span class=\"a_GcMg font-feature-liga-off font-feature-clig-off font-feature-calt-off text-decoration-none text-strikethrough-none\">El <strong>verano<\/strong> concentra<\/span> <span class=\"a_GcMg font-feature-liga-off font-feature-clig-off font-feature-calt-off text-decoration-none text-strikethrough-none\">775 394<\/span> <span class=\"a_GcMg font-feature-liga-off font-feature-clig-off font-feature-calt-off text-decoration-none text-strikethrough-none\">rayos nube-tierra, <\/span><span class=\"a_GcMg font-feature-liga-off font-feature-clig-off font-feature-calt-off text-decoration-none text-strikethrough-none\">lo que representa m\u00e1s de la mitad de la actividad anual.<\/span><\/p><p><span class=\"a_GcMg font-feature-liga-off font-feature-clig-off font-feature-calt-off text-decoration-none text-strikethrough-none\">Aunque las tormentas se desarrollaron principalmente a lo largo del eje cl\u00e1sico Espa\u00f1a &#8211; Francia &#8211; Alemania, Italia tambi\u00e9n registr\u00f3 una actividad significativa, convirti\u00e9ndose en el pa\u00eds m\u00e1s alcanzado por los rayos en Europa durante esta temporada.<\/span><\/p><p class=\"cvGsUA direction-ltr align-start para-style-body\"><span class=\"a_GcMg font-feature-liga-off font-feature-clig-off font-feature-calt-off text-decoration-none text-strikethrough-none\">En oto\u00f1o, las tormentas contin\u00faan principalmente:<\/span><\/p><ul><li><span class=\"a_GcMg font-feature-liga-off font-feature-clig-off font-feature-calt-off text-decoration-none text-strikethrough-none\">en los mares,<\/span><\/li><li><span class=\"a_GcMg font-feature-liga-off font-feature-clig-off font-feature-calt-off text-decoration-none text-strikethrough-none\">en las regiones costeras mediterr\u00e1neas (este de Espa\u00f1a, sur de Francia e Italia).<\/span><\/li><\/ul><p><span class=\"a_GcMg font-feature-liga-off font-feature-clig-off font-feature-calt-off text-decoration-none text-strikethrough-none\">Este aumento local se explica por la persistencia de aguas superficiales c\u00e1lidas, mientras que las capas continentales inferiores se enfr\u00edan m\u00e1s r\u00e1pidamente. Este contraste vertical de temperaturas favorece la convecci\u00f3n, haciendo que las tormentas sean a veces intensas y muy lluviosas, dependiendo del paso de sistemas de bajas presiones.<\/span><\/p>\t\t\t\t\t\t\t\t<\/div>\n\t\t\t\t<\/div>\n\t\t\t\t\t<\/div>\n\t\t\t\t<\/div>\n\t\t<div class=\"elementor-element elementor-element-465fc06f e-flex e-con-boxed e-con e-parent\" data-id=\"465fc06f\" data-element_type=\"container\" data-e-type=\"container\">\n\t\t\t\t\t<div class=\"e-con-inner\">\n\t\t\t\t<div class=\"elementor-element elementor-element-55d646eb elementor-widget-divider--view-line elementor-widget elementor-widget-divider\" data-id=\"55d646eb\" data-element_type=\"widget\" data-e-type=\"widget\" data-widget_type=\"divider.default\">\n\t\t\t\t<div class=\"elementor-widget-container\">\n\t\t\t\t\t\t\t<div class=\"elementor-divider\">\n\t\t\t<span class=\"elementor-divider-separator\">\n\t\t\t\t\t\t<\/span>\n\t\t<\/div>\n\t\t\t\t\t\t<\/div>\n\t\t\t\t<\/div>\n\t\t\t\t<div class=\"elementor-element elementor-element-a86cd0f elementor-widget elementor-widget-ube-fancy-text\" data-id=\"a86cd0f\" data-element_type=\"widget\" data-e-type=\"widget\" data-widget_type=\"ube-fancy-text.default\">\n\t\t\t\t<div class=\"elementor-widget-container\">\n\t\t\t\t\t<h3 data-text=\"[&quot;en 2025&quot;,&quot;en Espa\\u00f1a&quot;]\" data-additional-options=\"{&quot;animationDelay&quot;:null,&quot;typingLoop&quot;:true,&quot;typingCursor&quot;:true}\" class=\"ube-fancy-text ube-fancy-text-typing\">    <span class=\"ube-fancy-text-before\">Datos clave<\/span>\n<span class=\"ube-fancy-text-animated\">\n\t<\/span>\n<\/h3>\t\t\t\t<\/div>\n\t\t\t\t<\/div>\n\t\t\t\t<div class=\"elementor-element elementor-element-12a1ca8a elementor-widget elementor-widget-heading\" data-id=\"12a1ca8a\" data-element_type=\"widget\" data-e-type=\"widget\" data-widget_type=\"heading.default\">\n\t\t\t\t<div class=\"elementor-widget-container\">\n\t\t\t\t\t<h5 class=\"elementor-heading-title elementor-size-default\">2025, un a\u00f1o muy afectado por los rayos<\/h5>\t\t\t\t<\/div>\n\t\t\t\t<\/div>\n\t\t\t\t<div class=\"elementor-element elementor-element-129cd47a elementor-widget elementor-widget-text-editor\" data-id=\"129cd47a\" data-element_type=\"widget\" data-e-type=\"widget\" data-widget_type=\"text-editor.default\">\n\t\t\t\t<div class=\"elementor-widget-container\">\n\t\t\t\t\t\t\t\t\t<p class=\"cvGsUA direction-ltr align-start para-style-body\"><span class=\"a_GcMg font-feature-liga-off font-feature-clig-off font-feature-calt-off text-decoration-none text-strikethrough-none\">El a\u00f1o 2025 en Espa\u00f1a se caracteriza por una elevada actividad de rayos, con aproximadamente <\/span><strong><span class=\"a_GcMg font-feature-liga-off font-feature-clig-off font-feature-calt-off text-decoration-none text-strikethrough-none\">427 000<\/span> <\/strong><span class=\"a_GcMg font-feature-liga-off font-feature-clig-off font-feature-calt-off text-decoration-none text-strikethrough-none\"><strong>rayos nube-tierra detectados<\/strong>, uno de los a\u00f1os con mayor actividad de rayos desde que existen registros.<\/span><\/p>\t\t\t\t\t\t\t\t<\/div>\n\t\t\t\t<\/div>\n\t\t\t\t<div class=\"elementor-element elementor-element-5ef671f3 elementor-widget elementor-widget-ube-chart\" data-id=\"5ef671f3\" data-element_type=\"widget\" data-e-type=\"widget\" data-widget_type=\"ube-chart.default\">\n\t\t\t\t<div class=\"elementor-widget-container\">\n\t\t\t\t\t<div  >\n    <canvas id=\"ube-chart-5ef671f3\" class=\"ube-chart\" data-chart-type=\"line\" data-chart-labels=\"[&quot;2016&quot;,&quot;2017&quot;,&quot;2018&quot;,&quot;2019&quot;,&quot;2020&quot;,&quot;2021&quot;,&quot;2022&quot;,&quot;2023&quot;,&quot;2024&quot;,&quot;2025&quot;]\" data-chart-options=\"{&quot;animation&quot;:{&quot;easing&quot;:&quot;linear&quot;},&quot;elements&quot;:{&quot;point&quot;:{&quot;pointStyle&quot;:&quot;rectRounded&quot;},&quot;line&quot;:{&quot;tension&quot;:0.5}},&quot;scales&quot;:{&quot;y&quot;:{&quot;ticks&quot;:{&quot;display&quot;:true,&quot;color&quot;:&quot;#01144A&quot;},&quot;grid&quot;:{&quot;display&quot;:false,&quot;drawBorder&quot;:false,&quot;drawTicks&quot;:false}},&quot;x&quot;:{&quot;ticks&quot;:{&quot;display&quot;:true,&quot;color&quot;:&quot;#01144A&quot;},&quot;grid&quot;:{&quot;display&quot;:false,&quot;drawBorder&quot;:false,&quot;drawTicks&quot;:false}}}}\" data-chart-datasets=\"[{&quot;label&quot;:&quot;Evoluci\\u00f3n del n\\u00famero de rayos nube-tierra (CG) en Espa\\u00f1a (2016\\u20132025)&quot;,&quot;data&quot;:[246235,397835,683791,303845,359696,436930,440212,616765,514557,427000],&quot;backgroundColor&quot;:&quot;#01144A&quot;,&quot;hoverBackgroundColor&quot;:&quot;#01144A&quot;,&quot;borderColor&quot;:&quot;#01103B&quot;,&quot;hoverBorderColor&quot;:&quot;#01103B&quot;,&quot;borderWidth&quot;:&quot;1&quot;,&quot;fill&quot;:true}]\" data-chart-additional-options=\"{&quot;chatId&quot;:&quot;ube-chart-5ef671f3&quot;}\" height=\"200\"><\/canvas>\n<\/div>\t\t\t\t<\/div>\n\t\t\t\t<\/div>\n\t\t\t\t\t<\/div>\n\t\t\t\t<\/div>\n\t\t<div class=\"elementor-element elementor-element-4f6746c7 e-flex e-con-boxed e-con e-parent\" data-id=\"4f6746c7\" data-element_type=\"container\" data-e-type=\"container\">\n\t\t\t\t\t<div class=\"e-con-inner\">\n\t\t<div class=\"elementor-element elementor-element-b4ebd82 e-con-full e-flex e-con e-child\" data-id=\"b4ebd82\" data-element_type=\"container\" data-e-type=\"container\">\n\t\t\t\t<div class=\"elementor-element elementor-element-24b2d693 elementor-widget elementor-widget-text-editor\" data-id=\"24b2d693\" data-element_type=\"widget\" data-e-type=\"widget\" data-widget_type=\"text-editor.default\">\n\t\t\t\t<div class=\"elementor-widget-container\">\n\t\t\t\t\t\t\t\t\t<p class=\"cvGsUA direction-ltr align-start para-style-body\"><span class=\"a_GcMg font-feature-liga-off font-feature-clig-off font-feature-calt-off text-decoration-none text-strikethrough-none\">Como suele ocurrir, hubo un marcado contraste: el norte y el este registraron una actividad el\u00e9ctrica importante, mientras que el sur y el oeste permanecieron bajo la influencia de las altas presiones, <\/span><span class=\"a_GcMg font-feature-liga-off font-feature-clig-off font-feature-calt-off text-decoration-none text-strikethrough-none\">lo que limit\u00f3 el desarrollo de tormentas.<\/span><\/p>\t\t\t\t\t\t\t\t<\/div>\n\t\t\t\t<\/div>\n\t\t\t\t<\/div>\n\t\t<div class=\"elementor-element elementor-element-5ae9d0d4 e-con-full e-flex e-con e-child\" data-id=\"5ae9d0d4\" data-element_type=\"container\" data-e-type=\"container\">\n\t\t\t\t<div class=\"elementor-element elementor-element-2cb065aa elementor-widget elementor-widget-image\" data-id=\"2cb065aa\" data-element_type=\"widget\" data-e-type=\"widget\" data-widget_type=\"image.default\">\n\t\t\t\t<div class=\"elementor-widget-container\">\n\t\t\t\t\t\t\t\t\t\t\t\t\t\t\t\t<a href=\"https:\/\/www.meteorage.com\/wp-content\/uploads\/2026\/01\/ES_INFORME-DE-MONITOREO_2025-scaled.webp\" data-elementor-open-lightbox=\"yes\" data-e-action-hash=\"#elementor-action%3Aaction%3Dlightbox%26settings%3DeyJpZCI6NTA5MTEsInVybCI6ZmFsc2V9\">\n\t\t\t\t\t\t\t<img decoding=\"async\" src=\"https:\/\/www.meteorage.com\/wp-content\/uploads\/2026\/01\/ES_INFORME-DE-MONITOREO_2025-scaled.webp\" title=\"\" alt=\"\" loading=\"lazy\" \/>\t\t\t\t\t\t\t\t<\/a>\n\t\t\t\t\t\t\t\t\t\t\t\t\t\t\t<\/div>\n\t\t\t\t<\/div>\n\t\t\t\t<\/div>\n\t\t\t\t\t<\/div>\n\t\t\t\t<\/div>\n\t\t<div class=\"elementor-element elementor-element-3cb1dc4 e-flex e-con-boxed e-con e-parent\" data-id=\"3cb1dc4\" data-element_type=\"container\" data-e-type=\"container\">\n\t\t\t\t\t<div class=\"e-con-inner\">\n\t\t<div class=\"elementor-element elementor-element-8a8d04e e-con-full e-flex e-con e-child\" data-id=\"8a8d04e\" data-element_type=\"container\" data-e-type=\"container\">\n\t\t\t\t<div class=\"elementor-element elementor-element-ea25e74 elementor-widget elementor-widget-spacer\" data-id=\"ea25e74\" data-element_type=\"widget\" data-e-type=\"widget\" data-widget_type=\"spacer.default\">\n\t\t\t\t<div class=\"elementor-widget-container\">\n\t\t\t\t\t\t\t<div class=\"elementor-spacer\">\n\t\t\t<div class=\"elementor-spacer-inner\"><\/div>\n\t\t<\/div>\n\t\t\t\t\t\t<\/div>\n\t\t\t\t<\/div>\n\t\t\t\t<div class=\"elementor-element elementor-element-8f4d3fd elementor-widget elementor-widget-heading\" data-id=\"8f4d3fd\" data-element_type=\"widget\" data-e-type=\"widget\" data-widget_type=\"heading.default\">\n\t\t\t\t<div class=\"elementor-widget-container\">\n\t\t\t\t\t<h3 class=\"elementor-heading-title elementor-size-default\">Top 10 Comunidades aut\u00f3nomas con mayor \u00edndice de impactos de rayos\n<\/h3>\t\t\t\t<\/div>\n\t\t\t\t<\/div>\n\t\t\t\t<\/div>\n\t\t<div class=\"elementor-element elementor-element-536099e e-con-full e-flex e-con e-child\" data-id=\"536099e\" data-element_type=\"container\" data-e-type=\"container\">\n\t\t<div class=\"elementor-element elementor-element-99d5dca e-con-full e-flex e-con e-child\" data-id=\"99d5dca\" data-element_type=\"container\" data-e-type=\"container\">\n\t\t<div class=\"elementor-element elementor-element-6a58fbd e-con-full e-flex e-con e-child\" data-id=\"6a58fbd\" data-element_type=\"container\" data-e-type=\"container\">\n\t\t\t\t<div class=\"elementor-element elementor-element-321dfdc elementor-widget elementor-widget-heading\" data-id=\"321dfdc\" data-element_type=\"widget\" data-e-type=\"widget\" data-widget_type=\"heading.default\">\n\t\t\t\t<div class=\"elementor-widget-container\">\n\t\t\t\t\t<h4 class=\"elementor-heading-title elementor-size-default\">Clasificaci\u00f3n con rayos nube-suelo (CG)<\/h4>\t\t\t\t<\/div>\n\t\t\t\t<\/div>\n\t\t\t\t<div class=\"elementor-element elementor-element-ba96de6 elementor-widget__width-inherit elementor-widget elementor-widget-ube-chart\" data-id=\"ba96de6\" data-element_type=\"widget\" data-e-type=\"widget\" data-widget_type=\"ube-chart.default\">\n\t\t\t\t<div class=\"elementor-widget-container\">\n\t\t\t\t\t<div  >\n    <canvas id=\"ube-chart-ba96de6\" class=\"ube-chart\" data-chart-type=\"bar\" data-chart-labels=\"[&quot;01. Arag\\u00f3n&quot;,&quot;02. Catalunya&quot;,&quot;03. Castilla y Le\\u00f3n&quot;,&quot;04. Castilla-La Mancha&quot;,&quot;05. Valenciana&quot;,&quot;04. Andaluc\\u00eda&quot;,&quot;08. Navarra&quot;,&quot;07. Murcia&quot;,&quot;09. Extremadura&quot;,&quot;10. Pa\\u00eds vasco&quot;]\" data-chart-options=\"{&quot;plugins&quot;:{&quot;legend&quot;:{&quot;display&quot;:false}},&quot;scales&quot;:{&quot;y&quot;:{&quot;ticks&quot;:{&quot;display&quot;:true},&quot;grid&quot;:{&quot;display&quot;:false,&quot;drawBorder&quot;:true,&quot;drawTicks&quot;:true}},&quot;x&quot;:{&quot;ticks&quot;:{&quot;display&quot;:true},&quot;grid&quot;:{&quot;display&quot;:false,&quot;drawBorder&quot;:true,&quot;drawTicks&quot;:true}}},&quot;indexAxis&quot;:&quot;y&quot;}\" data-chart-datasets=\"[{&quot;label&quot;:&quot;N\\u00famero de rayos nube-suelo (CG)&quot;,&quot;data&quot;:[99325,69229,63285,59878,31556,29186,14118,12289,10587,8226],&quot;backgroundColor&quot;:&quot;#01144A&quot;,&quot;hoverBackgroundColor&quot;:&quot;#01144A&quot;,&quot;borderColor&quot;:&quot;#01144A&quot;,&quot;hoverBorderColor&quot;:&quot;#01144A&quot;,&quot;borderWidth&quot;:1,&quot;fill&quot;:true}]\" data-chart-additional-options=\"{&quot;chatId&quot;:&quot;ube-chart-ba96de6&quot;}\" height=\"500\"><\/canvas>\n<\/div>\t\t\t\t<\/div>\n\t\t\t\t<\/div>\n\t\t\t\t<\/div>\n\t\t<div class=\"elementor-element elementor-element-1d2fd5f e-con-full e-flex e-con e-child\" data-id=\"1d2fd5f\" data-element_type=\"container\" data-e-type=\"container\">\n\t\t\t\t<div class=\"elementor-element elementor-element-a179587 elementor-widget elementor-widget-heading\" data-id=\"a179587\" data-element_type=\"widget\" data-e-type=\"widget\" data-widget_type=\"heading.default\">\n\t\t\t\t<div class=\"elementor-widget-container\">\n\t\t\t\t\t<h4 class=\"elementor-heading-title elementor-size-default\">Clasificaci\u00f3n con densidad de rayos \nnube-suelo (CG)<br>por km\u00b2\/a\u00f1o<\/h4>\t\t\t\t<\/div>\n\t\t\t\t<\/div>\n\t\t\t\t<div class=\"elementor-element elementor-element-61af6fb elementor-widget elementor-widget-spacer\" data-id=\"61af6fb\" data-element_type=\"widget\" data-e-type=\"widget\" data-widget_type=\"spacer.default\">\n\t\t\t\t<div class=\"elementor-widget-container\">\n\t\t\t\t\t\t\t<div class=\"elementor-spacer\">\n\t\t\t<div class=\"elementor-spacer-inner\"><\/div>\n\t\t<\/div>\n\t\t\t\t\t\t<\/div>\n\t\t\t\t<\/div>\n\t\t\t\t<div class=\"elementor-element elementor-element-fdc2a37 elementor-widget elementor-widget-html\" data-id=\"fdc2a37\" data-element_type=\"widget\" data-e-type=\"widget\" data-widget_type=\"html.default\">\n\t\t\t\t<div class=\"elementor-widget-container\">\n\t\t\t\t\t<table>\r\n  \r\n  <\/thead>\r\n  <tbody>\r\n    <tr>\r\n      <td>01. Catalunya<\/td>\r\n      <td>2,14<\/td>\r\n    <\/tr>\r\n    <tr>\r\n      <td>02. Arag\u00f3n<\/td>\r\n      <td>2,08<\/td>\r\n    <\/tr>\r\n     <tr>\r\n      <td>03. Navarra<\/td>\r\n      <td>1,35<\/td>\r\n    <\/tr>\r\n     <tr>\r\n      <td>04. Valenciana<\/td>\r\n      <td>1,35<\/td>\r\n    <\/tr>\r\n     <tr>\r\n      <td>05. La Rioja<\/td>\r\n      <td>1,28<\/td>\r\n    <\/tr>\r\n     <tr>\r\n      <td>06. Islas Baleares<\/td>\r\n      <td>1,17<\/td>\r\n    <\/tr>\r\n     <tr>\r\n      <td>07. Pa\u00eds Vasco <\/td>\r\n      <td>1,13<\/td>\r\n    <\/tr>\r\n     <tr>\r\n      <td>08. Murcia<\/td>\r\n      <td>1,05<\/td>\r\n    <\/tr>\r\n     <tr>\r\n      <td>09. Castilla-la Mancha <\/td>\r\n      <td>0,75<\/td>\r\n    <\/tr>\r\n     <tr>\r\n      <td>10. Madrid<\/td>\r\n      <td>0,70<\/td>\r\n    <\/tr>\r\n  <\/tbody>\r\n<\/table>\r\n<style>\r\n  table {\r\n    width: 100%;\r\n    border-collapse: collapse;\r\n  }\r\n  th, td {\r\n    border: 1px solid #ddd;\r\n    padding: 8px;\r\n  }\r\n  th {\r\n    background-color: #f4f7fc;\r\n    text-align: left;\r\n  }\r\n  tr:nth-child(even) {\r\n    background-color: #f4f7fc;\r\n}\r\n<\/style>\r\n\t\t\t\t<\/div>\n\t\t\t\t<\/div>\n\t\t\t\t<\/div>\n\t\t\t\t<\/div>\n\t\t<div class=\"elementor-element elementor-element-f81e4a2 e-con-full e-flex e-con e-child\" data-id=\"f81e4a2\" data-element_type=\"container\" data-e-type=\"container\">\n\t\t<div class=\"elementor-element elementor-element-6f51ef1 e-con-full e-flex e-con e-child\" data-id=\"6f51ef1\" data-element_type=\"container\" data-e-type=\"container\">\n\t\t\t\t<div class=\"elementor-element elementor-element-15b50e4 elementor-widget elementor-widget-spacer\" data-id=\"15b50e4\" data-element_type=\"widget\" data-e-type=\"widget\" data-widget_type=\"spacer.default\">\n\t\t\t\t<div class=\"elementor-widget-container\">\n\t\t\t\t\t\t\t<div class=\"elementor-spacer\">\n\t\t\t<div class=\"elementor-spacer-inner\"><\/div>\n\t\t<\/div>\n\t\t\t\t\t\t<\/div>\n\t\t\t\t<\/div>\n\t\t\t\t<div class=\"elementor-element elementor-element-ea45de7 elementor-widget elementor-widget-heading\" data-id=\"ea45de7\" data-element_type=\"widget\" data-e-type=\"widget\" data-widget_type=\"heading.default\">\n\t\t\t\t<div class=\"elementor-widget-container\">\n\t\t\t\t\t<h3 class=\"elementor-heading-title elementor-size-default\">Top 10 Provincias con mayor \u00edndice de impactos de rayos\n<\/h3>\t\t\t\t<\/div>\n\t\t\t\t<\/div>\n\t\t<div class=\"elementor-element elementor-element-fe4f583 e-con-full e-flex e-con e-child\" data-id=\"fe4f583\" data-element_type=\"container\" data-e-type=\"container\">\n\t\t<div class=\"elementor-element elementor-element-ca3a7cd e-con-full e-flex e-con e-child\" data-id=\"ca3a7cd\" data-element_type=\"container\" data-e-type=\"container\">\n\t\t<div class=\"elementor-element elementor-element-64616eb e-con-full e-flex e-con e-child\" data-id=\"64616eb\" data-element_type=\"container\" data-e-type=\"container\">\n\t\t\t\t<div class=\"elementor-element elementor-element-7ce07bc elementor-widget elementor-widget-heading\" data-id=\"7ce07bc\" data-element_type=\"widget\" data-e-type=\"widget\" data-widget_type=\"heading.default\">\n\t\t\t\t<div class=\"elementor-widget-container\">\n\t\t\t\t\t<h4 class=\"elementor-heading-title elementor-size-default\">Clasificaci\u00f3n con rayos nube-suelo (CG)<\/h4>\t\t\t\t<\/div>\n\t\t\t\t<\/div>\n\t\t\t\t<div class=\"elementor-element elementor-element-6b38cd6 elementor-widget__width-inherit elementor-widget elementor-widget-ube-chart\" data-id=\"6b38cd6\" data-element_type=\"widget\" data-e-type=\"widget\" data-widget_type=\"ube-chart.default\">\n\t\t\t\t<div class=\"elementor-widget-container\">\n\t\t\t\t\t<div  >\n    <canvas id=\"ube-chart-6b38cd6\" class=\"ube-chart\" data-chart-type=\"bar\" data-chart-labels=\"[&quot;01. Zaragoza&quot;,&quot;02. Huesca&quot;,&quot;03. Lleida&quot;,&quot;04. Teruel&quot;,&quot;05. Barcelona&quot;,&quot;06. Valencia&quot;,&quot;07. Burgos&quot;,&quot;08. Cuenca&quot;,&quot;09. Navarra&quot;,&quot;10. Albacete&quot;]\" data-chart-options=\"{&quot;plugins&quot;:{&quot;legend&quot;:{&quot;display&quot;:false}},&quot;scales&quot;:{&quot;y&quot;:{&quot;ticks&quot;:{&quot;display&quot;:true},&quot;grid&quot;:{&quot;display&quot;:false,&quot;drawBorder&quot;:true,&quot;drawTicks&quot;:true}},&quot;x&quot;:{&quot;ticks&quot;:{&quot;display&quot;:true},&quot;grid&quot;:{&quot;display&quot;:false,&quot;drawBorder&quot;:true,&quot;drawTicks&quot;:true}}},&quot;indexAxis&quot;:&quot;y&quot;}\" data-chart-datasets=\"[{&quot;label&quot;:&quot;N\\u00famero de rayos nube-suelo (CG)&quot;,&quot;data&quot;:[37785,35277,28623,26264,19804,17122,16597,16642,14118,13471],&quot;backgroundColor&quot;:&quot;#1621C1&quot;,&quot;hoverBackgroundColor&quot;:&quot;#01144A&quot;,&quot;borderColor&quot;:&quot;#FFE98F&quot;,&quot;hoverBorderColor&quot;:&quot;#FFE98F&quot;,&quot;borderWidth&quot;:1,&quot;fill&quot;:true}]\" data-chart-additional-options=\"{&quot;chatId&quot;:&quot;ube-chart-6b38cd6&quot;}\" height=\"500\"><\/canvas>\n<\/div>\t\t\t\t<\/div>\n\t\t\t\t<\/div>\n\t\t\t\t<\/div>\n\t\t<div class=\"elementor-element elementor-element-120d91c e-con-full e-flex e-con e-child\" data-id=\"120d91c\" data-element_type=\"container\" data-e-type=\"container\">\n\t\t\t\t<div class=\"elementor-element elementor-element-d1218d7 elementor-widget elementor-widget-heading\" data-id=\"d1218d7\" data-element_type=\"widget\" data-e-type=\"widget\" data-widget_type=\"heading.default\">\n\t\t\t\t<div class=\"elementor-widget-container\">\n\t\t\t\t\t<h4 class=\"elementor-heading-title elementor-size-default\">Clasificaci\u00f3n con densidad de rayos \nnube-suelo (CG)<br>por km\u00b2\/a\u00f1o<\/h4>\t\t\t\t<\/div>\n\t\t\t\t<\/div>\n\t\t\t\t<div class=\"elementor-element elementor-element-c6e5f23 elementor-widget elementor-widget-spacer\" data-id=\"c6e5f23\" data-element_type=\"widget\" data-e-type=\"widget\" data-widget_type=\"spacer.default\">\n\t\t\t\t<div class=\"elementor-widget-container\">\n\t\t\t\t\t\t\t<div class=\"elementor-spacer\">\n\t\t\t<div class=\"elementor-spacer-inner\"><\/div>\n\t\t<\/div>\n\t\t\t\t\t\t<\/div>\n\t\t\t\t<\/div>\n\t\t\t\t<div class=\"elementor-element elementor-element-1995be3 elementor-widget elementor-widget-html\" data-id=\"1995be3\" data-element_type=\"widget\" data-e-type=\"widget\" data-widget_type=\"html.default\">\n\t\t\t\t<div class=\"elementor-widget-container\">\n\t\t\t\t\t<table>\r\n  \r\n  <\/thead>\r\n  <tbody>\r\n    <tr>\r\n      <td>01. Barcelona <\/td>\r\n      <td>2,55<\/td>\r\n    <\/tr>\r\n    <tr>\r\n      <td>02. Lleida<\/td>\r\n      <td>2,35<\/td>\r\n    <\/tr>\r\n     <tr>\r\n      <td>03. Huesca<\/td>\r\n      <td>2,25<\/td>\r\n    <\/tr>\r\n     <tr>\r\n      <td>04. Zaragoza<\/td>\r\n      <td>2,18<\/td>\r\n    <\/tr>\r\n     <tr>\r\n      <td>05. Girona<\/td>\r\n      <td>1,98<\/td>\r\n    <\/tr>\r\n     <tr>\r\n      <td>06. Teruel<\/td>\r\n      <td>1,77<\/td>\r\n    <\/tr>\r\n     <tr>\r\n      <td>07. Castell\u00f3n  <\/td>\r\n      <td>1,61<\/td>\r\n    <\/tr>\r\n     <tr>\r\n      <td>08. Valencia <\/td>\r\n      <td>1,58<\/td>\r\n    <\/tr>\r\n     <tr>\r\n      <td>09. \u00c1lava<\/td>\r\n      <td>1,41<\/td>\r\n    <\/tr>\r\n     <tr>\r\n      <td>10. Tarragona<\/td>\r\n      <td>1,39<\/td>\r\n    <\/tr>\r\n  <\/tbody>\r\n<\/table>\r\n<style>\r\n  table {\r\n    width: 100%;\r\n    border-collapse: collapse;\r\n  }\r\n  th, td {\r\n    border: 1px solid #ddd;\r\n    padding: 8px;\r\n  }\r\n  th {\r\n    background-color: #f4f7fc;\r\n    text-align: left;\r\n  }\r\n  tr:nth-child(even) {\r\n    background-color: #f4f7fc;\r\n}\r\n<\/style>\t\t\t\t<\/div>\n\t\t\t\t<\/div>\n\t\t\t\t<\/div>\n\t\t\t\t<\/div>\n\t\t\t\t<\/div>\n\t\t\t\t<\/div>\n\t\t\t\t<\/div>\n\t\t\t\t<\/div>\n\t\t\t\t<div class=\"elementor-element elementor-element-a55e87e elementor-widget elementor-widget-heading\" data-id=\"a55e87e\" data-element_type=\"widget\" data-e-type=\"widget\" data-widget_type=\"heading.default\">\n\t\t\t\t<div class=\"elementor-widget-container\">\n\t\t\t\t\t<h3 class=\"elementor-heading-title elementor-size-default\">Top 10 Municipios con mayor \u00edndice de impactos de rayos\n<\/h3>\t\t\t\t<\/div>\n\t\t\t\t<\/div>\n\t\t<div class=\"elementor-element elementor-element-e87be84 e-con-full e-flex e-con e-child\" data-id=\"e87be84\" data-element_type=\"container\" data-e-type=\"container\">\n\t\t<div class=\"elementor-element elementor-element-b1e197e e-con-full e-flex e-con e-child\" data-id=\"b1e197e\" data-element_type=\"container\" data-e-type=\"container\">\n\t\t<div class=\"elementor-element elementor-element-50edd90 e-con-full e-flex e-con e-child\" data-id=\"50edd90\" data-element_type=\"container\" data-e-type=\"container\">\n\t\t\t\t<div class=\"elementor-element elementor-element-7e87463 elementor-widget elementor-widget-heading\" data-id=\"7e87463\" data-element_type=\"widget\" data-e-type=\"widget\" data-widget_type=\"heading.default\">\n\t\t\t\t<div class=\"elementor-widget-container\">\n\t\t\t\t\t<h4 class=\"elementor-heading-title elementor-size-default\">Clasificaci\u00f3n con rayos nube-suelo (CG)<\/h4>\t\t\t\t<\/div>\n\t\t\t\t<\/div>\n\t\t\t\t<div class=\"elementor-element elementor-element-1d801cd elementor-widget__width-inherit elementor-widget elementor-widget-ube-chart\" data-id=\"1d801cd\" data-element_type=\"widget\" data-e-type=\"widget\" data-widget_type=\"ube-chart.default\">\n\t\t\t\t<div class=\"elementor-widget-container\">\n\t\t\t\t\t<div  >\n    <canvas id=\"ube-chart-1d801cd\" class=\"ube-chart\" data-chart-type=\"bar\" data-chart-labels=\"[&quot;01. Moratalla&quot;,&quot;02. Zaragoza&quot;,&quot;3. Sabi\\u00f1\\u00e1nigo&quot;,&quot;04. Jumilla&quot;,&quot;05. Caravaca de la Cruz&quot;,&quot;06. Tauste&quot;,&quot;07. Lorca&quot;,&quot;08. Requena&quot;,&quot;09. A\\u00ednsa-sobrarbe&quot;,&quot;10. Ejea de los caballeros&quot;]\" data-chart-options=\"{&quot;plugins&quot;:{&quot;legend&quot;:{&quot;display&quot;:false}},&quot;scales&quot;:{&quot;y&quot;:{&quot;ticks&quot;:{&quot;display&quot;:true},&quot;grid&quot;:{&quot;display&quot;:true,&quot;drawBorder&quot;:false,&quot;drawTicks&quot;:true}},&quot;x&quot;:{&quot;ticks&quot;:{&quot;display&quot;:true},&quot;grid&quot;:{&quot;display&quot;:true,&quot;drawBorder&quot;:false,&quot;drawTicks&quot;:true}}},&quot;indexAxis&quot;:&quot;y&quot;}\" data-chart-datasets=\"[{&quot;label&quot;:&quot;N\\u00famero de rayos nube-suelo (CG)&quot;,&quot;data&quot;:[2161,1881,1429,1369,1276,1190,1173,1169,1144,1129],&quot;backgroundColor&quot;:&quot;#8188EC&quot;,&quot;hoverBackgroundColor&quot;:&quot;#01144A&quot;,&quot;borderColor&quot;:&quot;#8188EC&quot;,&quot;hoverBorderColor&quot;:&quot;#8188EC&quot;,&quot;borderWidth&quot;:1,&quot;fill&quot;:true}]\" data-chart-additional-options=\"{&quot;chatId&quot;:&quot;ube-chart-1d801cd&quot;}\" height=\"500\"><\/canvas>\n<\/div>\t\t\t\t<\/div>\n\t\t\t\t<\/div>\n\t\t\t\t<\/div>\n\t\t<div class=\"elementor-element elementor-element-605d9a7 e-con-full e-flex e-con e-child\" data-id=\"605d9a7\" data-element_type=\"container\" data-e-type=\"container\">\n\t\t\t\t<div class=\"elementor-element elementor-element-c5fb44f elementor-widget elementor-widget-heading\" data-id=\"c5fb44f\" data-element_type=\"widget\" data-e-type=\"widget\" data-widget_type=\"heading.default\">\n\t\t\t\t<div class=\"elementor-widget-container\">\n\t\t\t\t\t<h4 class=\"elementor-heading-title elementor-size-default\">Clasificaci\u00f3n con densidad de rayos \nnube-suelo (CG)<br>por km\u00b2\/a\u00f1o<\/h4>\t\t\t\t<\/div>\n\t\t\t\t<\/div>\n\t\t\t\t<div class=\"elementor-element elementor-element-b7e242a elementor-widget elementor-widget-spacer\" data-id=\"b7e242a\" data-element_type=\"widget\" data-e-type=\"widget\" data-widget_type=\"spacer.default\">\n\t\t\t\t<div class=\"elementor-widget-container\">\n\t\t\t\t\t\t\t<div class=\"elementor-spacer\">\n\t\t\t<div class=\"elementor-spacer-inner\"><\/div>\n\t\t<\/div>\n\t\t\t\t\t\t<\/div>\n\t\t\t\t<\/div>\n\t\t\t\t<div class=\"elementor-element elementor-element-4e729a4 elementor-widget elementor-widget-html\" data-id=\"4e729a4\" data-element_type=\"widget\" data-e-type=\"widget\" data-widget_type=\"html.default\">\n\t\t\t\t<div class=\"elementor-widget-container\">\n\t\t\t\t\t<table>\r\n  \r\n  <\/thead>\r\n  <tbody>\r\n    <tr>\r\n      <td>01. Villar de los navarros <\/td>\r\n      <td>9,78<\/td>\r\n    <\/tr>\r\n    <tr>\r\n      <td>02. Nogueras<\/td>\r\n      <td>8,16<\/td>\r\n    <\/tr>\r\n     <tr>\r\n      <td>03. Santa cruz de nogueras<\/td>\r\n      <td>7,47<\/td>\r\n    <\/tr>\r\n     <tr>\r\n      <td>04. Luesma<\/td>\r\n      <td>7,44<\/td>\r\n    <\/tr>\r\n     <tr>\r\n      <td>05. Sant juli\u00e0 de cerdanyola <\/td>\r\n      <td>7,10<\/td>\r\n    <\/tr>\r\n     <tr>\r\n      <td>06. Puigd\u00e0lber <\/td>\r\n      <td>6,74<\/td>\r\n    <\/tr>\r\n     <tr>\r\n      <td>07. La pobla de claramunt <\/td>\r\n      <td>6,43<\/td>\r\n    <\/tr>\r\n     <tr>\r\n      <td>08. B\u00e1denas <\/td>\r\n      <td>6,34<\/td>\r\n    <\/tr>\r\n     <tr>\r\n      <td>09. Herrera de los navarros <\/td>\r\n      <td>5,98<\/td>\r\n    <\/tr>\r\n     <tr>\r\n      <td>10. Lanzuela <\/td>\r\n      <td>5,94<\/td>\r\n    <\/tr>\r\n  <\/tbody>\r\n<\/table>\r\n<style>\r\n  table {\r\n    width: 100%;\r\n    border-collapse: collapse;\r\n  }\r\n  th, td {\r\n    border: 1px solid #ddd;\r\n    padding: 8px;\r\n  }\r\n  th {\r\n    background-color: #f4f7fc;\r\n    text-align: left;\r\n  }\r\n  tr:nth-child(even) {\r\n    background-color: #f4f7fc;\r\n}\r\n<\/style>\r\n\t\t\t\t<\/div>\n\t\t\t\t<\/div>\n\t\t\t\t<\/div>\n\t\t\t\t<\/div>\n\t\t\t\t<\/div>\n\t\t\t\t\t<\/div>\n\t\t\t\t<\/div>\n\t\t<div class=\"elementor-element elementor-element-7ba929c2 e-flex e-con-boxed e-con e-parent\" data-id=\"7ba929c2\" data-element_type=\"container\" data-e-type=\"container\">\n\t\t\t\t\t<div class=\"e-con-inner\">\n\t\t\t\t<div class=\"elementor-element elementor-element-31d40c2e elementor-widget-tablet_extra__width-initial elementor-widget elementor-widget-text-editor\" data-id=\"31d40c2e\" data-element_type=\"widget\" data-e-type=\"widget\" data-widget_type=\"text-editor.default\">\n\t\t\t\t<div class=\"elementor-widget-container\">\n\t\t\t\t\t\t\t\t\t<p class=\"cvGsUA direction-ltr align-start para-style-body\"><span class=\"a_GcMg font-feature-liga-off font-feature-clig-off font-feature-calt-off text-decoration-none text-strikethrough-none\">La <strong>primavera<\/strong> meteorol\u00f3gica de 2025 fue especialmente activa, con casi 98 000 rayos nube-tierra. Esta situaci\u00f3n se debe al aumento de la inestabilidad, ligado a la presencia reiterada de bajas presiones frente a Portugal.<\/span><\/p><p class=\"cvGsUA direction-ltr align-start para-style-body\"><span class=\"a_GcMg font-feature-liga-off font-feature-clig-off font-feature-calt-off text-decoration-none text-strikethrough-none\">La actividad tormentosa se desarroll\u00f3 principalmente entre mayo y julio, con un pico notable en junio que totaliz\u00f3 unos 122 700 rayos nube-tierra.<\/span><\/p><p><span class=\"a_GcMg font-feature-liga-off font-feature-clig-off font-feature-calt-off text-decoration-none text-strikethrough-none\">La temporada de <strong>verano<\/strong> mantuvo esta tendencia con m\u00e1s de 247 000 rayos nube-tierra detectados por los sensores de Meteorage, acompa\u00f1ados de varios episodios a veces violentos, favorecidos por una anomal\u00eda persistente de bajas presiones frente a Portugal.<\/span><\/p><p><span class=\"a_GcMg font-feature-liga-off font-feature-clig-off font-feature-calt-off text-decoration-none text-strikethrough-none\">Durante el <strong>oto\u00f1o<\/strong> meteorol\u00f3gico, la frecuencia de las tormentas disminuye gradualmente. Esta disminuci\u00f3n resulta del enfriamiento de las capas inferiores y de la reducci\u00f3n de la radiaci\u00f3n solar, que limitan la inestabilidad (CAPE) y la intensidad de las corrientes convectivas ascendentes.<\/span><\/p>\t\t\t\t\t\t\t\t<\/div>\n\t\t\t\t<\/div>\n\t\t\t\t<div class=\"elementor-element elementor-element-9fb1e87 elementor-widget elementor-widget-ube-fancy-text\" data-id=\"9fb1e87\" data-element_type=\"widget\" data-e-type=\"widget\" data-widget_type=\"ube-fancy-text.default\">\n\t\t\t\t<div class=\"elementor-widget-container\">\n\t\t\t\t\t<h3 data-text=\"[&quot;Andorra&quot;,&quot;en 2025&quot;]\" data-additional-options=\"{&quot;animationDelay&quot;:null,&quot;typingLoop&quot;:true,&quot;typingCursor&quot;:true}\" class=\"ube-fancy-text ube-fancy-text-typing\">    <span class=\"ube-fancy-text-before\">Zoom sobre<\/span>\n<span class=\"ube-fancy-text-animated\">\n\t<\/span>\n<\/h3>\t\t\t\t<\/div>\n\t\t\t\t<\/div>\n\t\t\t\t<div class=\"elementor-element elementor-element-d1739bb elementor-drop-cap-yes elementor-widget__width-initial elementor-drop-cap-view-default elementor-widget elementor-widget-text-editor\" data-id=\"d1739bb\" data-element_type=\"widget\" data-e-type=\"widget\" data-settings=\"{&quot;drop_cap&quot;:&quot;yes&quot;}\" data-widget_type=\"text-editor.default\">\n\t\t\t\t<div class=\"elementor-widget-container\">\n\t\t\t\t\t\t\t\t\t<p class=\"cvGsUA direction-ltr align-start para-style-body\"><span class=\"a_GcMg font-feature-liga-off font-feature-clig-off font-feature-calt-off text-decoration-none text-strikethrough-none\">El a\u00f1o 2025 destaca por su elevada actividad el\u00e9ctrica en Andorra, con m\u00e1s de<\/span> <span class=\"a_GcMg font-feature-liga-off font-feature-clig-off font-feature-calt-off text-decoration-none text-strikethrough-none\">900<\/span> <span class=\"a_GcMg font-feature-liga-off font-feature-clig-off font-feature-calt-off text-decoration-none text-strikethrough-none\">rayos nube-tierra detectados solo en verano, lo que lo convierte en uno de los a\u00f1os de mayor actividad de rayos desde los primeros registros de Meteorage. Una distribuci\u00f3n estacional bastante t\u00edpica <\/span><span class=\"a_GcMg font-feature-liga-off font-feature-clig-off font-feature-calt-off text-decoration-none text-strikethrough-none\">de las regiones monta\u00f1osas.<\/span><\/p>\t\t\t\t\t\t\t\t<\/div>\n\t\t\t\t<\/div>\n\t\t\t\t<div class=\"elementor-element elementor-element-16f2007 elementor-drop-cap-yes elementor-widget__width-initial elementor-drop-cap-view-default elementor-widget elementor-widget-text-editor\" data-id=\"16f2007\" data-element_type=\"widget\" data-e-type=\"widget\" data-settings=\"{&quot;drop_cap&quot;:&quot;yes&quot;}\" data-widget_type=\"text-editor.default\">\n\t\t\t\t<div class=\"elementor-widget-container\">\n\t\t\t\t\t\t\t\t\t<p class=\"cvGsUA direction-ltr align-start para-style-body\"><span class=\"a_GcMg font-feature-liga-off font-feature-clig-off font-feature-calt-off text-decoration-none text-strikethrough-none\">CASO PR\u00c1CTICO<\/span><\/p><p><strong><span class=\"a_GcMg font-feature-liga-off font-feature-clig-off font-feature-calt-off text-decoration-none text-strikethrough-none\">22-24 de junio de 2025<\/span><\/strong><\/p>\t\t\t\t\t\t\t\t<\/div>\n\t\t\t\t<\/div>\n\t\t\t\t<div class=\"elementor-element elementor-element-91c7681 elementor-drop-cap-yes elementor-widget__width-initial elementor-drop-cap-view-default elementor-widget elementor-widget-text-editor\" data-id=\"91c7681\" data-element_type=\"widget\" data-e-type=\"widget\" data-settings=\"{&quot;drop_cap&quot;:&quot;yes&quot;}\" data-widget_type=\"text-editor.default\">\n\t\t\t\t<div class=\"elementor-widget-container\">\n\t\t\t\t\t\t\t\t\t<p class=\"cvGsUA direction-ltr align-start para-style-body\"><span class=\"a_GcMg font-feature-liga-off font-feature-clig-off font-feature-calt-off text-decoration-none text-strikethrough-none\">237 rayos nube-tierra detectados en Andorra entre el 22 y el 24 de junio, <\/span><span class=\"a_GcMg font-feature-liga-off font-feature-clig-off font-feature-calt-off text-decoration-none text-strikethrough-none\">casi un tercio de la actividad anual.<\/span><\/p><p><strong>Contexto<\/strong>:<\/p><p class=\"cvGsUA direction-ltr align-start para-style-body\"><span class=\"a_GcMg font-feature-liga-off font-feature-clig-off font-feature-calt-off text-decoration-none text-strikethrough-none\">Una gota fr\u00eda se aloja en Portugal en la segunda quincena de junio, aportando el dinamismo necesario a la pen\u00ednsula ib\u00e9rica.<\/span><\/p><p class=\"cvGsUA direction-ltr align-start para-style-body\"><span class=\"a_GcMg font-feature-liga-off font-feature-clig-off font-feature-calt-off text-decoration-none text-strikethrough-none\">La inestabilidad aumenta cuando el CAPE supera los 1500 J\/kg. Varias anomal\u00edas de altitud asociadas a esta gota fr\u00eda permiten que el aire se eleve y se formen tormentas sobre los Pirineos.<\/span><\/p>\t\t\t\t\t\t\t\t<\/div>\n\t\t\t\t<\/div>\n\t\t\t\t\t<\/div>\n\t\t\t\t<\/div>\n\t\t<div class=\"elementor-element elementor-element-731376ab e-flex e-con-boxed e-con e-parent\" data-id=\"731376ab\" data-element_type=\"container\" data-e-type=\"container\" data-settings=\"{&quot;background_background&quot;:&quot;classic&quot;}\">\n\t\t\t\t\t<div class=\"e-con-inner\">\n\t\t\t\t<div class=\"elementor-element elementor-element-524b8fea elementor-widget elementor-widget-spacer\" data-id=\"524b8fea\" data-element_type=\"widget\" data-e-type=\"widget\" data-widget_type=\"spacer.default\">\n\t\t\t\t<div class=\"elementor-widget-container\">\n\t\t\t\t\t\t\t<div class=\"elementor-spacer\">\n\t\t\t<div class=\"elementor-spacer-inner\"><\/div>\n\t\t<\/div>\n\t\t\t\t\t\t<\/div>\n\t\t\t\t<\/div>\n\t\t\t\t<div class=\"elementor-element elementor-element-18b41135 elementor-widget elementor-widget-heading\" data-id=\"18b41135\" data-element_type=\"widget\" data-e-type=\"widget\" data-widget_type=\"heading.default\">\n\t\t\t\t<div class=\"elementor-widget-container\">\n\t\t\t\t\t<h4 class=\"elementor-heading-title elementor-size-default\">CASO PR\u00c1CTICO<\/h4>\t\t\t\t<\/div>\n\t\t\t\t<\/div>\n\t\t\t\t<div class=\"elementor-element elementor-element-7c7af37d elementor-widget elementor-widget-heading\" data-id=\"7c7af37d\" data-element_type=\"widget\" data-e-type=\"widget\" data-widget_type=\"heading.default\">\n\t\t\t\t<div class=\"elementor-widget-container\">\n\t\t\t\t\t<h5 class=\"elementor-heading-title elementor-size-default\">10 de mayo de 2025, uno de los d\u00edas m\u00e1s tormentosos<\/h5>\t\t\t\t<\/div>\n\t\t\t\t<\/div>\n\t\t\t\t<div class=\"elementor-element elementor-element-73015217 elementor-widget elementor-widget-text-editor\" data-id=\"73015217\" data-element_type=\"widget\" data-e-type=\"widget\" data-widget_type=\"text-editor.default\">\n\t\t\t\t<div class=\"elementor-widget-container\">\n\t\t\t\t\t\t\t\t\t<p>por Joris Royet, jefe de proyectos meteorol\u00f3gicos, Meteorage.<\/p>\t\t\t\t\t\t\t\t<\/div>\n\t\t\t\t<\/div>\n\t\t\t\t<div class=\"elementor-element elementor-element-424ac75a elementor-widget elementor-widget-text-editor\" data-id=\"424ac75a\" data-element_type=\"widget\" data-e-type=\"widget\" data-widget_type=\"text-editor.default\">\n\t\t\t\t<div class=\"elementor-widget-container\">\n\t\t\t\t\t\t\t\t\t<p><span class=\"a_GcMg font-feature-liga-off font-feature-clig-off font-feature-calt-off text-decoration-none text-strikethrough-none\">11 415<\/span> <span class=\"a_GcMg font-feature-liga-off font-feature-clig-off font-feature-calt-off text-decoration-none text-strikethrough-none\">rayos nube-tierra registrados, con una actividad concentrada principalmente en el norte y el este del pa\u00eds. Este d\u00eda es, por tanto, uno de los eventos con mayor carga el\u00e9ctrica del a\u00f1o. El evento se estructura en torno a tres ejes principales: primero, la trayectoria de una superc\u00e9lula que se desplaza desde Castilla-La Mancha hacia la Comunidad Valenciana; segundo, un corredor de tormentas m\u00e1s al norte; y, finalmente, un sistema particularmente activo en Arag\u00f3n, responsable de una alta densidad de descargas.<\/span><\/p>\t\t\t\t\t\t\t\t<\/div>\n\t\t\t\t<\/div>\n\t\t\t\t\t<\/div>\n\t\t\t\t<\/div>\n\t\t<div class=\"elementor-element elementor-element-291f9d30 e-flex e-con-boxed e-con e-parent\" data-id=\"291f9d30\" data-element_type=\"container\" data-e-type=\"container\" data-settings=\"{&quot;background_background&quot;:&quot;classic&quot;}\">\n\t\t\t\t\t<div class=\"e-con-inner\">\n\t\t<div class=\"elementor-element elementor-element-11bbe64b e-con-full e-flex e-con e-child\" data-id=\"11bbe64b\" data-element_type=\"container\" data-e-type=\"container\">\n\t\t\t\t<div class=\"elementor-element elementor-element-4446c6f2 elementor-widget elementor-widget-image\" data-id=\"4446c6f2\" data-element_type=\"widget\" data-e-type=\"widget\" data-widget_type=\"image.default\">\n\t\t\t\t<div class=\"elementor-widget-container\">\n\t\t\t\t\t\t\t\t\t\t\t\t\t\t\t\t<a href=\"https:\/\/www.meteorage.com\/wp-content\/uploads\/2026\/01\/Observaciones_MTG_2025_ES.webp\" data-elementor-open-lightbox=\"yes\" data-e-action-hash=\"#elementor-action%3Aaction%3Dlightbox%26settings%3DeyJpZCI6NTA5MjMsInVybCI6ZmFsc2V9\">\n\t\t\t\t\t\t\t<img decoding=\"async\" src=\"https:\/\/www.meteorage.com\/wp-content\/uploads\/2026\/01\/Observaciones_MTG_2025_ES.webp\" title=\"\" alt=\"\" loading=\"lazy\" \/>\t\t\t\t\t\t\t\t<\/a>\n\t\t\t\t\t\t\t\t\t\t\t\t\t\t\t<\/div>\n\t\t\t\t<\/div>\n\t\t\t\t<\/div>\n\t\t<div class=\"elementor-element elementor-element-4054454a e-con-full e-flex e-con e-child\" data-id=\"4054454a\" data-element_type=\"container\" data-e-type=\"container\">\n\t\t\t\t<div class=\"elementor-element elementor-element-1dcad6fb elementor-widget elementor-widget-spacer\" data-id=\"1dcad6fb\" data-element_type=\"widget\" data-e-type=\"widget\" data-widget_type=\"spacer.default\">\n\t\t\t\t<div class=\"elementor-widget-container\">\n\t\t\t\t\t\t\t<div class=\"elementor-spacer\">\n\t\t\t<div class=\"elementor-spacer-inner\"><\/div>\n\t\t<\/div>\n\t\t\t\t\t\t<\/div>\n\t\t\t\t<\/div>\n\t\t\t\t<div class=\"elementor-element elementor-element-6558c7e6 elementor-widget elementor-widget-text-editor\" data-id=\"6558c7e6\" data-element_type=\"widget\" data-e-type=\"widget\" data-widget_type=\"text-editor.default\">\n\t\t\t\t<div class=\"elementor-widget-container\">\n\t\t\t\t\t\t\t\t\t<p><span class=\"a_GcMg font-feature-liga-off font-feature-clig-off font-feature-calt-off text-decoration-none text-strikethrough-none\">El 10 de mayo de 2025, Espa\u00f1a qued\u00f3 bajo la influencia de una gota fr\u00eda aislada centrada en Portugal, que gener\u00f3 un contexto muy inestable.<\/span><\/p><p class=\"cvGsUA direction-ltr align-start para-style-body\"><span class=\"a_GcMg font-feature-liga-off font-feature-clig-off font-feature-calt-off text-decoration-none text-strikethrough-none\">Este sistema de baja presi\u00f3n en niveles superiores provoca un flujo c\u00e1lido y h\u00famedo del suroeste en las capas inferiores, mientras que en las capas superiores circula aire mucho m\u00e1s fr\u00edo.<\/span><\/p><p class=\"cvGsUA direction-ltr align-start para-style-body\"><span class=\"a_GcMg font-feature-liga-off font-feature-clig-off font-feature-calt-off text-decoration-none text-strikethrough-none\">El punto de roc\u00edo es especialmente alto, en torno a los 15 o 16 \u00b0C, lo que refleja una elevada humedad cerca del suelo, que favorece el desarrollo de nubes cumulonimbos. Este pronunciado contraste t\u00e9rmico vertical genera una marcada inestabilidad, con valores de energ\u00eda potencial convectiva disponible (CAPE) de entre 1300 y 1800 J\/kg, suficientes para soportar una convecci\u00f3n profunda y favorecer fen\u00f3menos localmente severos.<\/span><\/p><p><span class=\"a_GcMg font-feature-liga-off font-feature-clig-off font-feature-calt-off text-decoration-none text-strikethrough-none\">Tambi\u00e9n se produce una convergencia en las capas inferiores entre un flujo h\u00famedo del este que asciende desde el Mediterr\u00e1neo, precipit\u00e1ndose hacia el valle del Ebro, y un viento del sur que desciende desde la meseta ib\u00e9rica, favoreciendo la elevaci\u00f3n del aire c\u00e1lido y h\u00famedo y el inicio de la convecci\u00f3n.<\/span><\/p><p><span class=\"a_GcMg font-feature-liga-off font-feature-clig-off font-feature-calt-off text-decoration-none text-strikethrough-none\">La cizalladura del viento, tanto direccional como dependiente de la velocidad, favorece la organizaci\u00f3n de las c\u00e9lulas tormentosas, dando lugar a la formaci\u00f3n de estructuras de superc\u00e9lulas. Algunas de estas incluso presentan una clara rotaci\u00f3n, lo que da lugar a la observaci\u00f3n de tornados, en particular uno en Arag\u00f3n.<\/span><\/p>\t\t\t\t\t\t\t\t<\/div>\n\t\t\t\t<\/div>\n\t\t\t\t<\/div>\n\t\t\t\t\t<\/div>\n\t\t\t\t<\/div>\n\t\t<div class=\"elementor-element elementor-element-68f33a2f e-flex e-con-boxed e-con e-parent\" data-id=\"68f33a2f\" data-element_type=\"container\" data-e-type=\"container\" data-settings=\"{&quot;background_background&quot;:&quot;classic&quot;}\">\n\t\t\t\t\t<div class=\"e-con-inner\">\n\t\t<div class=\"elementor-element elementor-element-1d0b35cc e-con-full e-flex e-con e-child\" data-id=\"1d0b35cc\" data-element_type=\"container\" data-e-type=\"container\">\n\t\t\t\t<div class=\"elementor-element elementor-element-303a0d1e elementor-widget elementor-widget-spacer\" data-id=\"303a0d1e\" data-element_type=\"widget\" data-e-type=\"widget\" data-widget_type=\"spacer.default\">\n\t\t\t\t<div class=\"elementor-widget-container\">\n\t\t\t\t\t\t\t<div class=\"elementor-spacer\">\n\t\t\t<div class=\"elementor-spacer-inner\"><\/div>\n\t\t<\/div>\n\t\t\t\t\t\t<\/div>\n\t\t\t\t<\/div>\n\t\t\t\t<div class=\"elementor-element elementor-element-794b74fe elementor-widget elementor-widget-heading\" data-id=\"794b74fe\" data-element_type=\"widget\" data-e-type=\"widget\" data-widget_type=\"heading.default\">\n\t\t\t\t<div class=\"elementor-widget-container\">\n\t\t\t\t\t<h4 class=\"elementor-heading-title elementor-size-default\">Evaluaci\u00f3n el\u00e9ctrica<\/h4>\t\t\t\t<\/div>\n\t\t\t\t<\/div>\n\t\t\t\t<div class=\"elementor-element elementor-element-2aa80b09 elementor-widget elementor-widget-heading\" data-id=\"2aa80b09\" data-element_type=\"widget\" data-e-type=\"widget\" data-widget_type=\"heading.default\">\n\t\t\t\t<div class=\"elementor-widget-container\">\n\t\t\t\t\t<h4 class=\"elementor-heading-title elementor-size-default\">11 415 rayos nube-tierra detectados en Espa\u00f1a<\/h4>\t\t\t\t<\/div>\n\t\t\t\t<\/div>\n\t\t\t\t<div class=\"elementor-element elementor-element-7297e987 elementor-widget elementor-widget-ube-chart\" data-id=\"7297e987\" data-element_type=\"widget\" data-e-type=\"widget\" data-widget_type=\"ube-chart.default\">\n\t\t\t\t<div class=\"elementor-widget-container\">\n\t\t\t\t\t<div  >\n    <canvas id=\"ube-chart-7297e987\" class=\"ube-chart\" data-chart-type=\"bar\" data-chart-labels=\"[&quot;Arag\\u00f3n &quot;,&quot;Castilla-La Mancha &quot;,&quot;Comunidad Valenciana&quot;]\" data-chart-options=\"{&quot;animation&quot;:{&quot;easing&quot;:&quot;linear&quot;},&quot;plugins&quot;:{&quot;legend&quot;:{&quot;labels&quot;:{&quot;color&quot;:&quot;#FFFFFF&quot;}}},&quot;scales&quot;:{&quot;y&quot;:{&quot;ticks&quot;:{&quot;display&quot;:true,&quot;color&quot;:&quot;#FFFFFF&quot;},&quot;grid&quot;:{&quot;display&quot;:false,&quot;drawBorder&quot;:false,&quot;drawTicks&quot;:false}},&quot;x&quot;:{&quot;ticks&quot;:{&quot;display&quot;:true,&quot;color&quot;:&quot;#FFFFFF&quot;},&quot;grid&quot;:{&quot;display&quot;:false,&quot;drawBorder&quot;:false,&quot;drawTicks&quot;:false}}},&quot;indexAxis&quot;:&quot;y&quot;}\" data-chart-datasets=\"[{&quot;label&quot;:&quot;N\\u00famero de rayos nube-tierra (CG)&quot;,&quot;data&quot;:[4509,2717,1355],&quot;backgroundColor&quot;:&quot;#FFFFFF&quot;,&quot;hoverBackgroundColor&quot;:&quot;#FFFFFF&quot;,&quot;borderColor&quot;:&quot;rgba(242,41,91,0.48)&quot;,&quot;hoverBorderColor&quot;:&quot;rgba(242,41,91,0.48)&quot;,&quot;borderWidth&quot;:0,&quot;fill&quot;:true}]\" data-chart-additional-options=\"{&quot;chatId&quot;:&quot;ube-chart-7297e987&quot;}\" height=\"150\"><\/canvas>\n<\/div>\t\t\t\t<\/div>\n\t\t\t\t<\/div>\n\t\t\t\t<div class=\"elementor-element elementor-element-5502f4d8 elementor-widget elementor-widget-text-editor\" data-id=\"5502f4d8\" data-element_type=\"widget\" data-e-type=\"widget\" data-widget_type=\"text-editor.default\">\n\t\t\t\t<div class=\"elementor-widget-container\">\n\t\t\t\t\t\t\t\t\t<p><span class=\"a_GcMg font-feature-liga-off font-feature-clig-off font-feature-calt-off text-decoration-none text-strikethrough-none\">La densidad de rayos fue notable en Arag\u00f3n, donde una c\u00e9lula muy el\u00e9ctrica cruz\u00f3 la comunidad de oeste a este durante la tarde.<\/span><\/p><p><span class=\"a_GcMg font-feature-liga-off font-feature-clig-off font-feature-calt-off text-decoration-none text-strikethrough-none\">A pesar de esta elevada concentraci\u00f3n de impactos, la intensidad media de los rel\u00e1mpagos sigue siendo moderada, generalmente entre 10 y 20 kA, lo que refleja una actividad frecuente, pero de amplitud relativamente baja.<\/span><\/p>\t\t\t\t\t\t\t\t<\/div>\n\t\t\t\t<\/div>\n\t\t\t\t<div class=\"elementor-element elementor-element-6e143249 elementor-widget-tablet_extra__width-initial elementor-widget elementor-widget-text-editor\" data-id=\"6e143249\" data-element_type=\"widget\" data-e-type=\"widget\" data-widget_type=\"text-editor.default\">\n\t\t\t\t<div class=\"elementor-widget-container\">\n\t\t\t\t\t\t\t\t\t<p><span class=\"a_GcMg font-feature-liga-off font-feature-clig-off font-feature-calt-off text-decoration-none text-strikethrough-none\">\u2192 Hechos clave<\/span><\/p><ul><li style=\"list-style-type: none;\"><ul><li><span class=\"a_GcMg font-feature-liga-off font-feature-clig-off font-feature-calt-off text-decoration-none text-strikethrough-none\">Varios cent\u00edmetros de granizo, sobre todo en la Comunidad Valenciana, bajo las superc\u00e9lulas m\u00e1s vigorosas.<\/span><\/li><li><span class=\"a_GcMg font-feature-liga-off font-feature-clig-off font-feature-calt-off text-decoration-none text-strikethrough-none\">Se observ\u00f3 un tornado en el norte del pa\u00eds, ligado a una superc\u00e9lula de fuerte car\u00e1cter rotatorio y una importante actividad el\u00e9ctrica.<\/span><\/li><\/ul><\/li><\/ul>\t\t\t\t\t\t\t\t<\/div>\n\t\t\t\t<\/div>\n\t\t\t\t<\/div>\n\t\t\t\t\t<\/div>\n\t\t\t\t<\/div>\n\t\t<div class=\"elementor-element elementor-element-3bd430ba e-flex e-con-boxed e-con e-parent\" data-id=\"3bd430ba\" data-element_type=\"container\" data-e-type=\"container\" data-settings=\"{&quot;background_background&quot;:&quot;classic&quot;}\">\n\t\t\t\t\t<div class=\"e-con-inner\">\n\t\t<div class=\"elementor-element elementor-element-7a83fd0e e-con-full e-flex e-con e-child\" data-id=\"7a83fd0e\" data-element_type=\"container\" data-e-type=\"container\" data-settings=\"{&quot;background_background&quot;:&quot;classic&quot;}\">\n\t\t\t\t<div class=\"elementor-element elementor-element-6af5a681 elementor-widget-tablet_extra__width-initial elementor-widget elementor-widget-image\" data-id=\"6af5a681\" data-element_type=\"widget\" data-e-type=\"widget\" data-widget_type=\"image.default\">\n\t\t\t\t<div class=\"elementor-widget-container\">\n\t\t\t\t\t\t\t\t\t\t\t\t\t\t\t<img decoding=\"async\" src=\"https:\/\/www.meteorage.com\/wp-content\/uploads\/2026\/01\/Caso_MTG_2025_ES-scaled.webp\" title=\"\" alt=\"\" loading=\"lazy\" \/>\t\t\t\t\t\t\t\t\t\t\t\t\t\t\t<\/div>\n\t\t\t\t<\/div>\n\t\t\t\t<\/div>\n\t\t\t\t\t<\/div>\n\t\t\t\t<\/div>\n\t\t<div class=\"elementor-element elementor-element-4ee3ac9d e-flex e-con-boxed e-con e-parent\" data-id=\"4ee3ac9d\" data-element_type=\"container\" data-e-type=\"container\" data-settings=\"{&quot;background_background&quot;:&quot;classic&quot;}\">\n\t\t\t\t\t<div class=\"e-con-inner\">\n\t\t<div class=\"elementor-element elementor-element-4de1424a e-flex e-con-boxed e-con e-child\" data-id=\"4de1424a\" data-element_type=\"container\" data-e-type=\"container\">\n\t\t\t\t\t<div class=\"e-con-inner\">\n\t\t\t\t<div class=\"elementor-element elementor-element-2fa7a76f elementor-widget elementor-widget-heading\" data-id=\"2fa7a76f\" data-element_type=\"widget\" data-e-type=\"widget\" data-widget_type=\"heading.default\">\n\t\t\t\t<div class=\"elementor-widget-container\">\n\t\t\t\t\t<h2 class=\"elementor-heading-title elementor-size-default\">2025, un a\u00f1o tranquilo,\npero con impactos reales.<\/h2>\t\t\t\t<\/div>\n\t\t\t\t<\/div>\n\t\t\t\t\t<\/div>\n\t\t\t\t<\/div>\n\t\t<div class=\"elementor-element elementor-element-1f95aae0 e-con-full e-flex e-con e-child\" data-id=\"1f95aae0\" data-element_type=\"container\" data-e-type=\"container\" data-settings=\"{&quot;background_background&quot;:&quot;classic&quot;}\">\n\t\t\t\t<div class=\"elementor-element elementor-element-354df7d2 elementor-widget elementor-widget-heading\" data-id=\"354df7d2\" data-element_type=\"widget\" data-e-type=\"widget\" data-widget_type=\"heading.default\">\n\t\t\t\t<div class=\"elementor-widget-container\">\n\t\t\t\t\t<h4 class=\"elementor-heading-title elementor-size-default\">Accidentes en 2025<\/h4>\t\t\t\t<\/div>\n\t\t\t\t<\/div>\n\t\t\t\t<div class=\"elementor-element elementor-element-5913370a elementor-widget elementor-widget-text-editor\" data-id=\"5913370a\" data-element_type=\"widget\" data-e-type=\"widget\" data-widget_type=\"text-editor.default\">\n\t\t\t\t<div class=\"elementor-widget-container\">\n\t\t\t\t\t\t\t\t\t<p class=\"cvGsUA direction-ltr align-start para-style-body\"><span class=\"a_GcMg font-feature-liga-off font-feature-clig-off font-feature-calt-off text-decoration-none text-strikethrough-none\"><strong>Energ\u00eda<\/strong>: <\/span><span class=\"a_GcMg font-feature-liga-off font-feature-clig-off font-feature-calt-off text-decoration-none text-strikethrough-none\">aerogeneradores da\u00f1ados o destruidos por los rayos en los Pa\u00edses Bajos, Espa\u00f1a y Francia, causando incendios e importantes p\u00e9rdidas econ\u00f3micas.<\/span><\/p><p><span class=\"a_GcMg font-feature-liga-off font-feature-clig-off font-feature-calt-off text-decoration-none text-strikethrough-none\"><strong>Transportes<\/strong>:<\/span><span class=\"a_GcMg font-feature-liga-off font-feature-clig-off font-feature-calt-off text-decoration-none text-strikethrough-none\"> retrasos e interrupciones del transporte a\u00e9reo (aeropuertos de Orly y CDG) y ferroviario en Francia, Alemania y el Reino Unido, tras los impactos en los sistemas de se\u00f1alizaci\u00f3n.<\/span><\/p><p><span class=\"a_GcMg font-feature-liga-off font-feature-clig-off font-feature-calt-off text-decoration-none text-strikethrough-none\"><strong>Industria<\/strong>: <\/span><span class=\"a_GcMg font-feature-liga-off font-feature-clig-off font-feature-calt-off text-decoration-none text-strikethrough-none\">paradas de actividad y da\u00f1os materiales tras impactos directos en instalaciones industriales (destiler\u00eda y talleres en Francia) e infraestructuras de ocio (telef\u00e9rico en Italia).<\/span><\/p><p><span class=\"a_GcMg font-feature-liga-off font-feature-clig-off font-feature-calt-off text-decoration-none text-strikethrough-none\"><strong>Agricultura<\/strong>: <\/span><span class=\"a_GcMg font-feature-liga-off font-feature-clig-off font-feature-calt-off text-decoration-none text-strikethrough-none\">mortalidad a veces colectiva de los reba\u00f1os en Espa\u00f1a e Irlanda<\/span><\/p><p><span class=\"a_GcMg font-feature-liga-off font-feature-clig-off font-feature-calt-off text-decoration-none text-strikethrough-none\"><strong>Medio ambiente<\/strong>:<\/span><span class=\"a_GcMg font-feature-liga-off font-feature-clig-off font-feature-calt-off text-decoration-none text-strikethrough-none\"> al menos dos grandes incendios forestales fueron provocados por los rayos, en Suiza (Tesino) y Portugal (distrito de Coimbra)<\/span><\/p>\t\t\t\t\t\t\t\t<\/div>\n\t\t\t\t<\/div>\n\t\t\t\t<\/div>\n\t\t<div class=\"elementor-element elementor-element-460d2055 two-col-row link-type-card e-con-full e-flex e-con e-child\" data-id=\"460d2055\" data-element_type=\"container\" data-e-type=\"container\">\n\t\t\t\t<div class=\"elementor-element elementor-element-6b80fe3b elementor-widget-tablet_extra__width-initial elementor-widget elementor-widget-text-editor\" data-id=\"6b80fe3b\" data-element_type=\"widget\" data-e-type=\"widget\" data-widget_type=\"text-editor.default\">\n\t\t\t\t<div class=\"elementor-widget-container\">\n\t\t\t\t\t\t\t\t\t<p><span class=\"a_GcMg font-feature-liga-off font-feature-clig-off font-feature-calt-off text-decoration-none text-strikethrough-none\">BAJA ACTIVIDAD \u2260 BAJO RIESGO<\/span><\/p>\t\t\t\t\t\t\t\t<\/div>\n\t\t\t\t<\/div>\n\t\t\t\t<div class=\"elementor-element elementor-element-2616fab6 elementor-widget-tablet_extra__width-initial elementor-widget elementor-widget-text-editor\" data-id=\"2616fab6\" data-element_type=\"widget\" data-e-type=\"widget\" data-widget_type=\"text-editor.default\">\n\t\t\t\t<div class=\"elementor-widget-container\">\n\t\t\t\t\t\t\t\t\t<p><span class=\"a_GcMg font-feature-liga-off font-feature-clig-off font-feature-calt-off text-decoration-none text-strikethrough-none\">Aunque 2025 fue menos tormentoso de lo habitual en Europa, el riesgo por rayos sigue siendo plenamente relevante, ya que el n\u00famero total de rayos nunca es suficiente para evaluar la exposici\u00f3n.<\/span><\/p><p class=\"cvGsUA direction-ltr align-start para-style-body\"><span class=\"a_GcMg font-feature-liga-off font-feature-clig-off font-feature-calt-off text-decoration-none text-strikethrough-none\">Cualquier tormenta, aunque sea moderada, puede causar da\u00f1os importantes y a veces inesperados<\/span><span class=\"a_GcMg font-feature-liga-off font-feature-clig-off font-feature-calt-off text-decoration-none text-strikethrough-none\"> : <\/span><span class=\"a_GcMg font-feature-liga-off font-feature-clig-off font-feature-calt-off text-decoration-none text-strikethrough-none\">interrupciones de la actividad, <\/span><span class=\"a_GcMg font-feature-liga-off font-feature-clig-off font-feature-calt-off text-decoration-none text-strikethrough-none\">da\u00f1os a equipos sensibles, p\u00e9rdidas econ\u00f3micas o riesgos humanos.<\/span><\/p>\t\t\t\t\t\t\t\t<\/div>\n\t\t\t\t<\/div>\n\t\t\t\t<\/div>\n\t\t\t\t\t<\/div>\n\t\t\t\t<\/div>\n\t\t<div class=\"elementor-element elementor-element-39367cdd e-flex e-con-boxed e-con e-parent\" data-id=\"39367cdd\" data-element_type=\"container\" data-e-type=\"container\">\n\t\t\t\t\t<div class=\"e-con-inner\">\n\t\t\t\t<div class=\"elementor-element elementor-element-1f47bcd0 elementor-widget elementor-widget-spacer\" data-id=\"1f47bcd0\" data-element_type=\"widget\" data-e-type=\"widget\" data-widget_type=\"spacer.default\">\n\t\t\t\t<div class=\"elementor-widget-container\">\n\t\t\t\t\t\t\t<div class=\"elementor-spacer\">\n\t\t\t<div class=\"elementor-spacer-inner\"><\/div>\n\t\t<\/div>\n\t\t\t\t\t\t<\/div>\n\t\t\t\t<\/div>\n\t\t\t\t<div class=\"elementor-element elementor-element-d0f2f65 elementor-widget elementor-widget-heading\" data-id=\"d0f2f65\" data-element_type=\"widget\" data-e-type=\"widget\" data-widget_type=\"heading.default\">\n\t\t\t\t<div class=\"elementor-widget-container\">\n\t\t\t\t\t<h4 class=\"elementor-heading-title elementor-size-default\">Un riesgo permanente, \nsin fronteras ni estaciones<\/h4>\t\t\t\t<\/div>\n\t\t\t\t<\/div>\n\t\t\t\t<div class=\"elementor-element elementor-element-5e4cfd6b elementor-widget elementor-widget-text-editor\" data-id=\"5e4cfd6b\" data-element_type=\"widget\" data-e-type=\"widget\" data-widget_type=\"text-editor.default\">\n\t\t\t\t<div class=\"elementor-widget-container\">\n\t\t\t\t\t\t\t\t\t<p><span class=\"a_GcMg font-feature-liga-off font-feature-clig-off font-feature-calt-off text-decoration-none text-strikethrough-none\">El an\u00e1lisis de los accidentes ocurridos en 2025 confirma que las consecuencias de los rayos no se limitan a las situaciones extremas ni al periodo estival exclusivamente. Los eventos registrados se reparten a lo largo de todo el a\u00f1o, lo que demuestra que el riesgo es permanente, incluso para fen\u00f3menos considerados menores. Es esencial recordar que la mayor\u00eda de los accidentes graves se producen en d\u00edas clasificados como de vigilancia amarilla, o incluso sin alerta particular.<\/span><\/p><p><span class=\"a_GcMg font-feature-liga-off font-feature-clig-off font-feature-calt-off text-decoration-none text-strikethrough-none\"><strong>El accidente del zoo de La Barben (Francia)<\/strong> ocurrido en un d\u00eda tormentoso, pero nada excepcional, es una ilustraci\u00f3n sorprendente de ello. Esto subraya la necesidad de una vigilancia constante, incluso durante los episodios calificados de \u00abmoderados\u00bb.<\/span><\/p>\t\t\t\t\t\t\t\t<\/div>\n\t\t\t\t<\/div>\n\t\t\t\t\t<\/div>\n\t\t\t\t<\/div>\n\t\t<div class=\"elementor-element elementor-element-2c43dc50 container-bg services-section e-con-full e-flex e-con e-parent\" data-id=\"2c43dc50\" data-element_type=\"container\" data-e-type=\"container\">\n\t\t<div class=\"elementor-element elementor-element-2e4eab33 e-flex e-con-boxed e-con e-child\" data-id=\"2e4eab33\" data-element_type=\"container\" data-e-type=\"container\">\n\t\t\t\t\t<div class=\"e-con-inner\">\n\t\t\t\t<div class=\"elementor-element elementor-element-3bc50190 section-title elementor-widget elementor-widget-heading\" data-id=\"3bc50190\" data-element_type=\"widget\" data-e-type=\"widget\" data-widget_type=\"heading.default\">\n\t\t\t\t<div class=\"elementor-widget-container\">\n\t\t\t\t\t<h2 class=\"elementor-heading-title elementor-size-default\">Prevenir para proteger mejor <\/h2>\t\t\t\t<\/div>\n\t\t\t\t<\/div>\n\t\t\t\t<div class=\"elementor-element elementor-element-52cc343 elementor-widget elementor-widget-text-editor\" data-id=\"52cc343\" data-element_type=\"widget\" data-e-type=\"widget\" data-widget_type=\"text-editor.default\">\n\t\t\t\t<div class=\"elementor-widget-container\">\n\t\t\t\t\t\t\t\t\t<p><span class=\"a_GcMg font-feature-liga-off font-feature-clig-off font-feature-calt-off text-decoration-none text-strikethrough-none\">Ante este riesgo generalizado, es esencial adoptar medidas preventivas adecuadas: sensibilizar, organizar actividades al aire libre, proteger las infraestructuras y difundir las buenas pr\u00e1cticas entre los equipos expuestos.<\/span><\/p><p class=\"cvGsUA direction-ltr align-start para-style-body\"><span class=\"a_GcMg font-feature-liga-off font-feature-clig-off font-feature-calt-off text-decoration-none text-strikethrough-none\">En este sentido, Meteorage ayuda a sus clientes y socios a protegerse mejor, desde la formaci\u00f3n hasta los datos sobre rayos, pasando por servicios de alerta, an\u00e1lisis y toma de decisiones. Esta experiencia tambi\u00e9n forma parte de una misi\u00f3n m\u00e1s amplia para difundir una cultura del riesgo, a trav\u00e9s de nuestros compromisos con la normalizaci\u00f3n, nuestros estudios y <\/span><span class=\"a_GcMg font-feature-liga-off font-feature-clig-off font-feature-calt-off text-decoration-none text-strikethrough-none\">publicaciones internacionales, <\/span><span class=\"a_GcMg font-feature-liga-off font-feature-clig-off font-feature-calt-off text-decoration-none text-strikethrough-none\">as\u00ed como acciones pedag\u00f3gicas <\/span><span class=\"a_GcMg font-feature-liga-off font-feature-clig-off font-feature-calt-off text-decoration-none text-strikethrough-none\">y mensajes de prevenci\u00f3n <\/span><span class=\"a_GcMg font-feature-liga-off font-feature-clig-off font-feature-calt-off text-decoration-none text-strikethrough-none\">accesibles a todos.<\/span><\/p>\t\t\t\t\t\t\t\t<\/div>\n\t\t\t\t<\/div>\n\t\t\t\t<div class=\"elementor-element elementor-element-16de6940 elementor-widget-tablet_extra__width-initial elementor-widget elementor-widget-image\" data-id=\"16de6940\" data-element_type=\"widget\" data-e-type=\"widget\" data-widget_type=\"image.default\">\n\t\t\t\t<div class=\"elementor-widget-container\">\n\t\t\t\t\t\t\t\t\t\t\t\t\t\t\t\t<a href=\"https:\/\/www.meteorage.com\/wp-content\/uploads\/2026\/01\/MTG_Services_ES.webp\" data-elementor-open-lightbox=\"yes\" data-e-action-hash=\"#elementor-action%3Aaction%3Dlightbox%26settings%3DeyJpZCI6NTA5MzUsInVybCI6ZmFsc2V9\">\n\t\t\t\t\t\t\t<img decoding=\"async\" src=\"https:\/\/www.meteorage.com\/wp-content\/uploads\/2026\/01\/MTG_Services_ES.webp\" title=\"\" alt=\"\" loading=\"lazy\" \/>\t\t\t\t\t\t\t\t<\/a>\n\t\t\t\t\t\t\t\t\t\t\t\t\t\t\t<\/div>\n\t\t\t\t<\/div>\n\t\t\t\t<div class=\"elementor-element elementor-element-477b3767 elementor-widget elementor-widget-text-editor\" data-id=\"477b3767\" data-element_type=\"widget\" data-e-type=\"widget\" data-widget_type=\"text-editor.default\">\n\t\t\t\t<div class=\"elementor-widget-container\">\n\t\t\t\t\t\t\t\t\t<p><span class=\"a_GcMg font-feature-liga-off font-feature-clig-off font-feature-calt-off text-decoration-none text-strikethrough-none\">En Meteorage, expertos en la detecci\u00f3n de rayos desde hace casi 40 a\u00f1os y operadores de una red europea de referencia, ayudamos a <strong>nuestros clientes a anticipar, vigilar y gestionar los riesgos de tormentas <\/strong>con soluciones adaptadas a cada sector de actividad.<\/span><\/p>\t\t\t\t\t\t\t\t<\/div>\n\t\t\t\t<\/div>\n\t\t\t\t\t<\/div>\n\t\t\t\t<\/div>\n\t\t\t\t<\/div>\n\t\t<div class=\"elementor-element elementor-element-f800cf5 e-flex e-con-boxed e-con e-parent\" data-id=\"f800cf5\" data-element_type=\"container\" data-e-type=\"container\">\n\t\t\t\t\t<div class=\"e-con-inner\">\n\t\t\t\t<div class=\"elementor-element elementor-element-9d46295 elementor-widget elementor-widget-menu-anchor\" data-id=\"9d46295\" data-element_type=\"widget\" data-e-type=\"widget\" data-widget_type=\"menu-anchor.default\">\n\t\t\t\t<div class=\"elementor-widget-container\">\n\t\t\t\t\t\t\t<div class=\"elementor-menu-anchor\" id=\"terminologie\"><\/div>\n\t\t\t\t\t\t<\/div>\n\t\t\t\t<\/div>\n\t\t\t\t\t<\/div>\n\t\t\t\t<\/div>\n\t\t<div class=\"elementor-element elementor-element-cd105e9 e-flex e-con-boxed e-con e-parent\" data-id=\"cd105e9\" data-element_type=\"container\" data-e-type=\"container\">\n\t\t\t\t\t<div class=\"e-con-inner\">\n\t\t\t\t<div class=\"elementor-element elementor-element-e99074d elementor-widget elementor-widget-spacer\" data-id=\"e99074d\" data-element_type=\"widget\" data-e-type=\"widget\" data-widget_type=\"spacer.default\">\n\t\t\t\t<div class=\"elementor-widget-container\">\n\t\t\t\t\t\t\t<div class=\"elementor-spacer\">\n\t\t\t<div class=\"elementor-spacer-inner\"><\/div>\n\t\t<\/div>\n\t\t\t\t\t\t<\/div>\n\t\t\t\t<\/div>\n\t\t\t\t\t<\/div>\n\t\t\t\t<\/div>\n\t\t<div class=\"elementor-element elementor-element-1756712 e-flex e-con-boxed e-con e-parent\" data-id=\"1756712\" data-element_type=\"container\" data-e-type=\"container\">\n\t\t\t\t\t<div class=\"e-con-inner\">\n\t\t<div class=\"elementor-element elementor-element-8e21791 e-con-full e-flex e-con e-child\" data-id=\"8e21791\" data-element_type=\"container\" data-e-type=\"container\">\n\t\t\t\t<div class=\"elementor-element elementor-element-b69c585 elementor-widget elementor-widget-heading\" data-id=\"b69c585\" data-element_type=\"widget\" data-e-type=\"widget\" data-widget_type=\"heading.default\">\n\t\t\t\t<div class=\"elementor-widget-container\">\n\t\t\t\t\t<h3 class=\"elementor-heading-title elementor-size-default\">Terminolog\u00eda<\/h3>\t\t\t\t<\/div>\n\t\t\t\t<\/div>\n\t\t\t\t<div class=\"elementor-element elementor-element-c6469ff elementor-widget elementor-widget-text-editor\" data-id=\"c6469ff\" data-element_type=\"widget\" data-e-type=\"widget\" data-widget_type=\"text-editor.default\">\n\t\t\t\t<div class=\"elementor-widget-container\">\n\t\t\t\t\t\t\t\t\t<p>Para facilitar la comprensi\u00f3n de la informaci\u00f3n presentada en este informe, queremos compartir definiciones de t\u00e9rminos utilizados con frecuencia.<\/p>\t\t\t\t\t\t\t\t<\/div>\n\t\t\t\t<\/div>\n\t\t\t\t<\/div>\n\t\t\t\t\t<\/div>\n\t\t\t\t<\/div>\n\t\t<div class=\"elementor-element elementor-element-4dc0a67 e-flex e-con-boxed e-con e-parent\" data-id=\"4dc0a67\" data-element_type=\"container\" data-e-type=\"container\">\n\t\t\t\t\t<div class=\"e-con-inner\">\n\t\t<div class=\"elementor-element elementor-element-a91956e e-con-full e-flex e-con e-child\" data-id=\"a91956e\" data-element_type=\"container\" data-e-type=\"container\">\n\t\t\t\t<div class=\"elementor-element elementor-element-f472ab9 elementor-widget elementor-widget-spacer\" data-id=\"f472ab9\" data-element_type=\"widget\" data-e-type=\"widget\" data-widget_type=\"spacer.default\">\n\t\t\t\t<div class=\"elementor-widget-container\">\n\t\t\t\t\t\t\t<div class=\"elementor-spacer\">\n\t\t\t<div class=\"elementor-spacer-inner\"><\/div>\n\t\t<\/div>\n\t\t\t\t\t\t<\/div>\n\t\t\t\t<\/div>\n\t\t\t\t<\/div>\n\t\t\t\t\t<\/div>\n\t\t\t\t<\/div>\n\t\t<div class=\"elementor-element elementor-element-2a70528 e-flex e-con-boxed e-con e-parent\" data-id=\"2a70528\" data-element_type=\"container\" data-e-type=\"container\">\n\t\t\t\t\t<div class=\"e-con-inner\">\n\t\t<div class=\"elementor-element elementor-element-46944d1 e-con-full e-flex e-con e-child\" data-id=\"46944d1\" data-element_type=\"container\" data-e-type=\"container\">\n\t\t<div class=\"elementor-element elementor-element-186c5f7 e-con-full e-flex e-con e-child\" data-id=\"186c5f7\" data-element_type=\"container\" data-e-type=\"container\">\n\t\t\t\t<div class=\"elementor-element elementor-element-33118ad elementor-widget elementor-widget-heading\" data-id=\"33118ad\" data-element_type=\"widget\" data-e-type=\"widget\" data-widget_type=\"heading.default\">\n\t\t\t\t<div class=\"elementor-widget-container\">\n\t\t\t\t\t<h4 class=\"elementor-heading-title elementor-size-default\">Rayo nube-suelo (CG)<\/h4>\t\t\t\t<\/div>\n\t\t\t\t<\/div>\n\t\t\t\t<div class=\"elementor-element elementor-element-1427327 elementor-widget elementor-widget-text-editor\" data-id=\"1427327\" data-element_type=\"widget\" data-e-type=\"widget\" data-widget_type=\"text-editor.default\">\n\t\t\t\t<div class=\"elementor-widget-container\">\n\t\t\t\t\t\t\t\t\t<p>Descarga de corriente de cierta intensidad que circula entre una nube y el suelo. La abreviaci\u00f3n CG, del ingl\u00e9s Cloud-to-Ground, significa \u00abnube a suelo\u00bb.<\/p>\t\t\t\t\t\t\t\t<\/div>\n\t\t\t\t<\/div>\n\t\t\t\t<\/div>\n\t\t<div class=\"elementor-element elementor-element-284f461 e-con-full e-flex e-con e-child\" data-id=\"284f461\" data-element_type=\"container\" data-e-type=\"container\">\n\t\t\t\t<div class=\"elementor-element elementor-element-1ce84a4 elementor-widget elementor-widget-heading\" data-id=\"1ce84a4\" data-element_type=\"widget\" data-e-type=\"widget\" data-widget_type=\"heading.default\">\n\t\t\t\t<div class=\"elementor-widget-container\">\n\t\t\t\t\t<h4 class=\"elementor-heading-title elementor-size-default\">Densidad de rayos<\/h4>\t\t\t\t<\/div>\n\t\t\t\t<\/div>\n\t\t\t\t<div class=\"elementor-element elementor-element-601310a elementor-widget elementor-widget-text-editor\" data-id=\"601310a\" data-element_type=\"widget\" data-e-type=\"widget\" data-widget_type=\"text-editor.default\">\n\t\t\t\t<div class=\"elementor-widget-container\">\n\t\t\t\t\t\t\t\t\t<p>La mejor representaci\u00f3n actual de la actividad tormentosa es la densidad de impactos de rayos. Se trata del n\u00famero de rayos nube-suelo (CG) por km2 y por a\u00f1o.<\/p>\t\t\t\t\t\t\t\t<\/div>\n\t\t\t\t<\/div>\n\t\t\t\t<\/div>\n\t\t\t\t<\/div>\n\t\t\t\t\t<\/div>\n\t\t\t\t<\/div>\n\t\t<div class=\"elementor-element elementor-element-d5fe435 e-flex e-con-boxed e-con e-parent\" data-id=\"d5fe435\" data-element_type=\"container\" data-e-type=\"container\">\n\t\t\t\t\t<div class=\"e-con-inner\">\n\t\t<div class=\"elementor-element elementor-element-1e6d6af e-con-full e-flex e-con e-child\" data-id=\"1e6d6af\" data-element_type=\"container\" data-e-type=\"container\">\n\t\t<div class=\"elementor-element elementor-element-017cf55 e-con-full e-flex e-con e-child\" data-id=\"017cf55\" data-element_type=\"container\" data-e-type=\"container\">\n\t\t\t\t<div class=\"elementor-element elementor-element-9e36150 elementor-widget elementor-widget-heading\" data-id=\"9e36150\" data-element_type=\"widget\" data-e-type=\"widget\" data-widget_type=\"heading.default\">\n\t\t\t\t<div class=\"elementor-widget-container\">\n\t\t\t\t\t<h4 class=\"elementor-heading-title elementor-size-default\">Rayo<\/h4>\t\t\t\t<\/div>\n\t\t\t\t<\/div>\n\t\t\t\t<div class=\"elementor-element elementor-element-2ee8f96 elementor-widget elementor-widget-text-editor\" data-id=\"2ee8f96\" data-element_type=\"widget\" data-e-type=\"widget\" data-widget_type=\"text-editor.default\">\n\t\t\t\t<div class=\"elementor-widget-container\">\n\t\t\t\t\t\t\t\t\t<p>Conjunto de descargas de corriente e impulsos el\u00e9ctricos durante una situaci\u00f3n de tormenta con rayos. Un rayo puede aparecer en una nube (rayo intranube), entre una nube y el suelo (rayo nube-suelo CG) o entre nubes.<\/p><p>Un rayo puede estar compuesto por uno o m\u00e1s arcos que son impulsos de corriente.<\/p>\t\t\t\t\t\t\t\t<\/div>\n\t\t\t\t<\/div>\n\t\t\t\t<\/div>\n\t\t<div class=\"elementor-element elementor-element-572c79c e-con-full e-flex e-con e-child\" data-id=\"572c79c\" data-element_type=\"container\" data-e-type=\"container\">\n\t\t\t\t<div class=\"elementor-element elementor-element-1489bed elementor-widget elementor-widget-heading\" data-id=\"1489bed\" data-element_type=\"widget\" data-e-type=\"widget\" data-widget_type=\"heading.default\">\n\t\t\t\t<div class=\"elementor-widget-container\">\n\t\t\t\t\t<h4 class=\"elementor-heading-title elementor-size-default\">D\u00eda de tormenta<\/h4>\t\t\t\t<\/div>\n\t\t\t\t<\/div>\n\t\t\t\t<div class=\"elementor-element elementor-element-3f592ef elementor-widget elementor-widget-text-editor\" data-id=\"3f592ef\" data-element_type=\"widget\" data-e-type=\"widget\" data-widget_type=\"text-editor.default\">\n\t\t\t\t<div class=\"elementor-widget-container\">\n\t\t\t\t\t\t\t\t\t<p>D\u00eda en el que se ha detectado al menos un rayo en la zona tratada.<\/p>\t\t\t\t\t\t\t\t<\/div>\n\t\t\t\t<\/div>\n\t\t\t\t<\/div>\n\t\t\t\t<\/div>\n\t\t\t\t\t<\/div>\n\t\t\t\t<\/div>\n\t\t<div class=\"elementor-element elementor-element-bc12dc7 e-flex e-con-boxed e-con e-parent\" data-id=\"bc12dc7\" data-element_type=\"container\" data-e-type=\"container\">\n\t\t\t\t\t<div class=\"e-con-inner\">\n\t\t<div class=\"elementor-element elementor-element-018d994 e-con-full e-flex e-con e-child\" data-id=\"018d994\" data-element_type=\"container\" data-e-type=\"container\">\n\t\t\t\t<div class=\"elementor-element elementor-element-f946f4e elementor-widget elementor-widget-spacer\" data-id=\"f946f4e\" data-element_type=\"widget\" data-e-type=\"widget\" data-widget_type=\"spacer.default\">\n\t\t\t\t<div class=\"elementor-widget-container\">\n\t\t\t\t\t\t\t<div class=\"elementor-spacer\">\n\t\t\t<div class=\"elementor-spacer-inner\"><\/div>\n\t\t<\/div>\n\t\t\t\t\t\t<\/div>\n\t\t\t\t<\/div>\n\t\t\t\t<div class=\"elementor-element elementor-element-2577987 elementor-widget-divider--view-line elementor-widget elementor-widget-divider\" data-id=\"2577987\" data-element_type=\"widget\" data-e-type=\"widget\" data-widget_type=\"divider.default\">\n\t\t\t\t<div class=\"elementor-widget-container\">\n\t\t\t\t\t\t\t<div class=\"elementor-divider\">\n\t\t\t<span class=\"elementor-divider-separator\">\n\t\t\t\t\t\t<\/span>\n\t\t<\/div>\n\t\t\t\t\t\t<\/div>\n\t\t\t\t<\/div>\n\t\t<div class=\"elementor-element elementor-element-b1506b2 e-con-full e-flex e-con e-child\" data-id=\"b1506b2\" data-element_type=\"container\" data-e-type=\"container\">\n\t\t\t\t<div class=\"elementor-element elementor-element-bbfd405 elementor-widget elementor-widget-heading\" data-id=\"bbfd405\" data-element_type=\"widget\" data-e-type=\"widget\" data-widget_type=\"heading.default\">\n\t\t\t\t<div class=\"elementor-widget-container\">\n\t\t\t\t\t<h3 class=\"elementor-heading-title elementor-size-default\">Sobre el informe del impacto de rayos\n<\/h3>\t\t\t\t<\/div>\n\t\t\t\t<\/div>\n\t\t\t\t<\/div>\n\t\t\t\t<\/div>\n\t\t\t\t\t<\/div>\n\t\t\t\t<\/div>\n\t\t<div class=\"elementor-element elementor-element-c83668c e-flex e-con-boxed e-con e-parent\" data-id=\"c83668c\" data-element_type=\"container\" data-e-type=\"container\">\n\t\t\t\t\t<div class=\"e-con-inner\">\n\t\t<div class=\"elementor-element elementor-element-dddb66e e-con-full e-flex e-con e-child\" data-id=\"dddb66e\" data-element_type=\"container\" data-e-type=\"container\">\n\t\t<div class=\"elementor-element elementor-element-1e19434 e-con-full e-flex e-con e-child\" data-id=\"1e19434\" data-element_type=\"container\" data-e-type=\"container\">\n\t\t\t\t<div class=\"elementor-element elementor-element-279c9fc elementor-widget elementor-widget-text-editor\" data-id=\"279c9fc\" data-element_type=\"widget\" data-e-type=\"widget\" data-widget_type=\"text-editor.default\">\n\t\t\t\t<div class=\"elementor-widget-container\">\n\t\t\t\t\t\t\t\t\t<p>El informe del impacto de rayos se basa en los datos proporcionados por <a href=\"https:\/\/www.meteorage.com\/es\/nuestra-experiencia\/\" target=\"_blank\" rel=\"noopener\">la Red METEORAGE &#8211; <span data-teams=\"true\">the European Lightning Detection Network (ELDN)<\/span>.<\/a><\/p><p>La informaci\u00f3n que les comunicamos se refiere a los rayos nube-suelo CG y a la densidad de impactos de rayos.<\/p><p><b>Nuestra experiencia se apoya en m\u00e1s de una d\u00e9cada de an\u00e1lisis, observaciones y datos recogidos en Europa, y, de manera m\u00e1s amplia, en todo el mundo. <\/b>En el territorio franc\u00e9s, contamos con m\u00e1s de 37 a\u00f1os de experiencia.<\/p><p>Nuestra red METEORAGE (ELDN), cuyo rendimiento ha sido validado cient\u00edficamente, demuestra el m\u00e1ximo rendimiento posible, con:<\/p><ul><li>una detecci\u00f3n de m\u00e1s del 98% de los rayos;<\/li><li>una precisi\u00f3n media de detecci\u00f3n de 100 metros;<\/li><li>una distinci\u00f3n de m\u00e1s del 90% de los rayos nube-suelo (CG) y de los rayos intranube.<\/li><\/ul><p>La red METEORAGE (ELDN) est\u00e1 compuesta por m\u00e1s de 100 sensores de rayos, de calculadores y de un sistema de tratamiento que gestiona las bases de datos. Nuestros sensores de rayos provienen de la tecnolog\u00eda de Vaisala, que hoy en d\u00eda est\u00e1 considerada como una de las mejores del mundo. Nuestra red permite alcanzar un rendimiento validado por numerosos <a href=\"https:\/\/www.meteorage.com\/es\/recursos\/publicaciones-y-notas-tecnicas\">estudios y publicaciones cient\u00edficas<\/a>.<\/p><p>El informe de 2025 se basa en la fuente m\u00e1s completa de informaci\u00f3n en Espa\u00f1a. Los datos, las densidades, las clasificaciones y los d\u00edas de tormenta que figuran en este informe van del 1 de enero de 2025 al 31 de diciembre de 2025.<\/p>\t\t\t\t\t\t\t\t<\/div>\n\t\t\t\t<\/div>\n\t\t\t\t<\/div>\n\t\t<div class=\"elementor-element elementor-element-c8b401e e-con-full e-flex e-con e-child\" data-id=\"c8b401e\" data-element_type=\"container\" data-e-type=\"container\">\n\t\t\t\t<div class=\"elementor-element elementor-element-b032d0b elementor-widget elementor-widget-image\" data-id=\"b032d0b\" data-element_type=\"widget\" data-e-type=\"widget\" data-widget_type=\"image.default\">\n\t\t\t\t<div class=\"elementor-widget-container\">\n\t\t\t\t\t\t\t\t\t\t\t\t\t\t\t<img fetchpriority=\"high\" decoding=\"async\" width=\"893\" height=\"1024\" src=\"https:\/\/www.meteorage.com\/wp-content\/uploads\/2025\/01\/Red-METEORAGE-ELDN-ES-893x1024.webp\" class=\"attachment-large size-large wp-image-45516\" alt=\"Red METEORAGE ELDN ES\" srcset=\"https:\/\/www.meteorage.com\/wp-content\/uploads\/2025\/01\/Red-METEORAGE-ELDN-ES-893x1024.webp 893w, https:\/\/www.meteorage.com\/wp-content\/uploads\/2025\/01\/Red-METEORAGE-ELDN-ES-262x300.webp 262w, https:\/\/www.meteorage.com\/wp-content\/uploads\/2025\/01\/Red-METEORAGE-ELDN-ES-768x881.webp 768w, https:\/\/www.meteorage.com\/wp-content\/uploads\/2025\/01\/Red-METEORAGE-ELDN-ES-1339x1536.webp 1339w, https:\/\/www.meteorage.com\/wp-content\/uploads\/2025\/01\/Red-METEORAGE-ELDN-ES-543x623.webp 543w, https:\/\/www.meteorage.com\/wp-content\/uploads\/2025\/01\/Red-METEORAGE-ELDN-ES.webp 1744w\" sizes=\"(max-width: 893px) 100vw, 893px\" \/>\t\t\t\t\t\t\t\t\t\t\t\t\t\t\t<\/div>\n\t\t\t\t<\/div>\n\t\t\t\t<\/div>\n\t\t\t\t<\/div>\n\t\t\t\t\t<\/div>\n\t\t\t\t<\/div>\n\t\t\t\t<\/div>\n\t\t","protected":false},"featured_media":21392,"template":"","bilan_category":[370],"class_list":["post-50896","bilan_foudroiement","type-bilan_foudroiement","status-publish","has-post-thumbnail","hentry","bilan_category-espana"],"acf":[],"yoast_head":"<!-- This site is optimized with the Yoast SEO plugin v27.5 - https:\/\/yoast.com\/product\/yoast-seo-wordpress\/ -->\n<title>Tormentas y Rayos 2025: Informe Anual de Meteorage en Espa\u00f1a<\/title>\n<meta name=\"description\" content=\"\u00bfQu\u00e9 zonas de Espa\u00f1a fueron las m\u00e1s afectadas por los rayos en 2025? Descubre el an\u00e1lisis anual sobre la actividad tormentosa y el\u00e9ctrica.\" \/>\n<meta name=\"robots\" content=\"index, follow, max-snippet:-1, max-image-preview:large, max-video-preview:-1\" \/>\n<link rel=\"canonical\" href=\"https:\/\/www.meteorage.com\/es\/informe-de-tormentas\/espana-andorra-informe-tormentas-rayos-2025\/\" \/>\n<meta property=\"og:locale\" content=\"es_ES\" \/>\n<meta property=\"og:type\" content=\"article\" \/>\n<meta property=\"og:title\" content=\"Tormentas y Rayos 2025: Informe Anual de Meteorage en Espa\u00f1a\" \/>\n<meta property=\"og:description\" content=\"\u00bfQu\u00e9 zonas de Espa\u00f1a fueron las m\u00e1s afectadas por los rayos en 2025? Descubre el an\u00e1lisis anual sobre la actividad tormentosa y el\u00e9ctrica.\" \/>\n<meta property=\"og:url\" content=\"https:\/\/www.meteorage.com\/es\/informe-de-tormentas\/espana-andorra-informe-tormentas-rayos-2025\/\" \/>\n<meta property=\"og:site_name\" content=\"METEORAGE\" \/>\n<meta property=\"article:modified_time\" content=\"2026-02-03T10:17:08+00:00\" \/>\n<meta property=\"og:image\" content=\"https:\/\/www.meteorage.com\/wp-content\/uploads\/2024\/06\/Espagne-Carte-fond-blanc.png\" \/>\n\t<meta property=\"og:image:width\" content=\"1920\" \/>\n\t<meta property=\"og:image:height\" content=\"1080\" \/>\n\t<meta property=\"og:image:type\" content=\"image\/png\" \/>\n<meta name=\"twitter:card\" content=\"summary_large_image\" \/>\n<meta name=\"twitter:label1\" content=\"Tiempo de lectura\" \/>\n\t<meta name=\"twitter:data1\" content=\"15 minutos\" \/>\n<script type=\"application\/ld+json\" class=\"yoast-schema-graph\">{\"@context\":\"https:\\\/\\\/schema.org\",\"@graph\":[{\"@type\":\"WebPage\",\"@id\":\"https:\\\/\\\/www.meteorage.com\\\/es\\\/informe-de-tormentas\\\/espana-andorra-informe-tormentas-rayos-2025\\\/\",\"url\":\"https:\\\/\\\/www.meteorage.com\\\/es\\\/informe-de-tormentas\\\/espana-andorra-informe-tormentas-rayos-2025\\\/\",\"name\":\"Tormentas y Rayos 2025: Informe Anual de Meteorage en Espa\u00f1a\",\"isPartOf\":{\"@id\":\"https:\\\/\\\/www.meteorage.com\\\/es\\\/#website\"},\"primaryImageOfPage\":{\"@id\":\"https:\\\/\\\/www.meteorage.com\\\/es\\\/informe-de-tormentas\\\/espana-andorra-informe-tormentas-rayos-2025\\\/#primaryimage\"},\"image\":{\"@id\":\"https:\\\/\\\/www.meteorage.com\\\/es\\\/informe-de-tormentas\\\/espana-andorra-informe-tormentas-rayos-2025\\\/#primaryimage\"},\"thumbnailUrl\":\"https:\\\/\\\/www.meteorage.com\\\/wp-content\\\/uploads\\\/2024\\\/06\\\/Espagne-Carte-fond-blanc.png\",\"datePublished\":\"2026-01-30T13:39:08+00:00\",\"dateModified\":\"2026-02-03T10:17:08+00:00\",\"description\":\"\u00bfQu\u00e9 zonas de Espa\u00f1a fueron las m\u00e1s afectadas por los rayos en 2025? Descubre el an\u00e1lisis anual sobre la actividad tormentosa y el\u00e9ctrica.\",\"breadcrumb\":{\"@id\":\"https:\\\/\\\/www.meteorage.com\\\/es\\\/informe-de-tormentas\\\/espana-andorra-informe-tormentas-rayos-2025\\\/#breadcrumb\"},\"inLanguage\":\"es\",\"potentialAction\":[{\"@type\":\"ReadAction\",\"target\":[\"https:\\\/\\\/www.meteorage.com\\\/es\\\/informe-de-tormentas\\\/espana-andorra-informe-tormentas-rayos-2025\\\/\"]}]},{\"@type\":\"ImageObject\",\"inLanguage\":\"es\",\"@id\":\"https:\\\/\\\/www.meteorage.com\\\/es\\\/informe-de-tormentas\\\/espana-andorra-informe-tormentas-rayos-2025\\\/#primaryimage\",\"url\":\"https:\\\/\\\/www.meteorage.com\\\/wp-content\\\/uploads\\\/2024\\\/06\\\/Espagne-Carte-fond-blanc.png\",\"contentUrl\":\"https:\\\/\\\/www.meteorage.com\\\/wp-content\\\/uploads\\\/2024\\\/06\\\/Espagne-Carte-fond-blanc.png\",\"width\":1920,\"height\":1080},{\"@type\":\"BreadcrumbList\",\"@id\":\"https:\\\/\\\/www.meteorage.com\\\/es\\\/informe-de-tormentas\\\/espana-andorra-informe-tormentas-rayos-2025\\\/#breadcrumb\",\"itemListElement\":[{\"@type\":\"ListItem\",\"position\":1,\"name\":\"Accueil\",\"item\":\"https:\\\/\\\/www.meteorage.com\\\/es\\\/\"},{\"@type\":\"ListItem\",\"position\":2,\"name\":\"Espa\u00f1a &#038; Andorra 2025\"}]},{\"@type\":\"WebSite\",\"@id\":\"https:\\\/\\\/www.meteorage.com\\\/es\\\/#website\",\"url\":\"https:\\\/\\\/www.meteorage.com\\\/es\\\/\",\"name\":\"METEORAGE\",\"description\":\"\",\"publisher\":{\"@id\":\"https:\\\/\\\/www.meteorage.com\\\/es\\\/#organization\"},\"potentialAction\":[{\"@type\":\"SearchAction\",\"target\":{\"@type\":\"EntryPoint\",\"urlTemplate\":\"https:\\\/\\\/www.meteorage.com\\\/es\\\/?s={search_term_string}\"},\"query-input\":{\"@type\":\"PropertyValueSpecification\",\"valueRequired\":true,\"valueName\":\"search_term_string\"}}],\"inLanguage\":\"es\"},{\"@type\":\"Organization\",\"@id\":\"https:\\\/\\\/www.meteorage.com\\\/es\\\/#organization\",\"name\":\"METEORAGE\",\"url\":\"https:\\\/\\\/www.meteorage.com\\\/es\\\/\",\"logo\":{\"@type\":\"ImageObject\",\"inLanguage\":\"es\",\"@id\":\"https:\\\/\\\/www.meteorage.com\\\/es\\\/#\\\/schema\\\/logo\\\/image\\\/\",\"url\":\"https:\\\/\\\/www.meteorage.com\\\/wp-content\\\/uploads\\\/2025\\\/10\\\/02.-Logo-METEORAGE-horizontal-blanc.png.webp\",\"contentUrl\":\"https:\\\/\\\/www.meteorage.com\\\/wp-content\\\/uploads\\\/2025\\\/10\\\/02.-Logo-METEORAGE-horizontal-blanc.png.webp\",\"width\":2445,\"height\":501,\"caption\":\"METEORAGE\"},\"image\":{\"@id\":\"https:\\\/\\\/www.meteorage.com\\\/es\\\/#\\\/schema\\\/logo\\\/image\\\/\"}}]}<\/script>\n<!-- \/ Yoast SEO plugin. -->","yoast_head_json":{"title":"Tormentas y Rayos 2025: Informe Anual de Meteorage en Espa\u00f1a","description":"\u00bfQu\u00e9 zonas de Espa\u00f1a fueron las m\u00e1s afectadas por los rayos en 2025? Descubre el an\u00e1lisis anual sobre la actividad tormentosa y el\u00e9ctrica.","robots":{"index":"index","follow":"follow","max-snippet":"max-snippet:-1","max-image-preview":"max-image-preview:large","max-video-preview":"max-video-preview:-1"},"canonical":"https:\/\/www.meteorage.com\/es\/informe-de-tormentas\/espana-andorra-informe-tormentas-rayos-2025\/","og_locale":"es_ES","og_type":"article","og_title":"Tormentas y Rayos 2025: Informe Anual de Meteorage en Espa\u00f1a","og_description":"\u00bfQu\u00e9 zonas de Espa\u00f1a fueron las m\u00e1s afectadas por los rayos en 2025? Descubre el an\u00e1lisis anual sobre la actividad tormentosa y el\u00e9ctrica.","og_url":"https:\/\/www.meteorage.com\/es\/informe-de-tormentas\/espana-andorra-informe-tormentas-rayos-2025\/","og_site_name":"METEORAGE","article_modified_time":"2026-02-03T10:17:08+00:00","og_image":[{"width":1920,"height":1080,"url":"https:\/\/www.meteorage.com\/wp-content\/uploads\/2024\/06\/Espagne-Carte-fond-blanc.png","type":"image\/png"}],"twitter_card":"summary_large_image","twitter_misc":{"Tiempo de lectura":"15 minutos"},"schema":{"@context":"https:\/\/schema.org","@graph":[{"@type":"WebPage","@id":"https:\/\/www.meteorage.com\/es\/informe-de-tormentas\/espana-andorra-informe-tormentas-rayos-2025\/","url":"https:\/\/www.meteorage.com\/es\/informe-de-tormentas\/espana-andorra-informe-tormentas-rayos-2025\/","name":"Tormentas y Rayos 2025: Informe Anual de Meteorage en Espa\u00f1a","isPartOf":{"@id":"https:\/\/www.meteorage.com\/es\/#website"},"primaryImageOfPage":{"@id":"https:\/\/www.meteorage.com\/es\/informe-de-tormentas\/espana-andorra-informe-tormentas-rayos-2025\/#primaryimage"},"image":{"@id":"https:\/\/www.meteorage.com\/es\/informe-de-tormentas\/espana-andorra-informe-tormentas-rayos-2025\/#primaryimage"},"thumbnailUrl":"https:\/\/www.meteorage.com\/wp-content\/uploads\/2024\/06\/Espagne-Carte-fond-blanc.png","datePublished":"2026-01-30T13:39:08+00:00","dateModified":"2026-02-03T10:17:08+00:00","description":"\u00bfQu\u00e9 zonas de Espa\u00f1a fueron las m\u00e1s afectadas por los rayos en 2025? Descubre el an\u00e1lisis anual sobre la actividad tormentosa y el\u00e9ctrica.","breadcrumb":{"@id":"https:\/\/www.meteorage.com\/es\/informe-de-tormentas\/espana-andorra-informe-tormentas-rayos-2025\/#breadcrumb"},"inLanguage":"es","potentialAction":[{"@type":"ReadAction","target":["https:\/\/www.meteorage.com\/es\/informe-de-tormentas\/espana-andorra-informe-tormentas-rayos-2025\/"]}]},{"@type":"ImageObject","inLanguage":"es","@id":"https:\/\/www.meteorage.com\/es\/informe-de-tormentas\/espana-andorra-informe-tormentas-rayos-2025\/#primaryimage","url":"https:\/\/www.meteorage.com\/wp-content\/uploads\/2024\/06\/Espagne-Carte-fond-blanc.png","contentUrl":"https:\/\/www.meteorage.com\/wp-content\/uploads\/2024\/06\/Espagne-Carte-fond-blanc.png","width":1920,"height":1080},{"@type":"BreadcrumbList","@id":"https:\/\/www.meteorage.com\/es\/informe-de-tormentas\/espana-andorra-informe-tormentas-rayos-2025\/#breadcrumb","itemListElement":[{"@type":"ListItem","position":1,"name":"Accueil","item":"https:\/\/www.meteorage.com\/es\/"},{"@type":"ListItem","position":2,"name":"Espa\u00f1a &#038; Andorra 2025"}]},{"@type":"WebSite","@id":"https:\/\/www.meteorage.com\/es\/#website","url":"https:\/\/www.meteorage.com\/es\/","name":"METEORAGE","description":"","publisher":{"@id":"https:\/\/www.meteorage.com\/es\/#organization"},"potentialAction":[{"@type":"SearchAction","target":{"@type":"EntryPoint","urlTemplate":"https:\/\/www.meteorage.com\/es\/?s={search_term_string}"},"query-input":{"@type":"PropertyValueSpecification","valueRequired":true,"valueName":"search_term_string"}}],"inLanguage":"es"},{"@type":"Organization","@id":"https:\/\/www.meteorage.com\/es\/#organization","name":"METEORAGE","url":"https:\/\/www.meteorage.com\/es\/","logo":{"@type":"ImageObject","inLanguage":"es","@id":"https:\/\/www.meteorage.com\/es\/#\/schema\/logo\/image\/","url":"https:\/\/www.meteorage.com\/wp-content\/uploads\/2025\/10\/02.-Logo-METEORAGE-horizontal-blanc.png.webp","contentUrl":"https:\/\/www.meteorage.com\/wp-content\/uploads\/2025\/10\/02.-Logo-METEORAGE-horizontal-blanc.png.webp","width":2445,"height":501,"caption":"METEORAGE"},"image":{"@id":"https:\/\/www.meteorage.com\/es\/#\/schema\/logo\/image\/"}}]}},"_links":{"self":[{"href":"https:\/\/www.meteorage.com\/es\/wp-json\/wp\/v2\/bilan-de-foudroiement\/50896","targetHints":{"allow":["GET"]}}],"collection":[{"href":"https:\/\/www.meteorage.com\/es\/wp-json\/wp\/v2\/bilan-de-foudroiement"}],"about":[{"href":"https:\/\/www.meteorage.com\/es\/wp-json\/wp\/v2\/types\/bilan_foudroiement"}],"version-history":[{"count":0,"href":"https:\/\/www.meteorage.com\/es\/wp-json\/wp\/v2\/bilan-de-foudroiement\/50896\/revisions"}],"wp:featuredmedia":[{"embeddable":true,"href":"https:\/\/www.meteorage.com\/es\/wp-json\/wp\/v2\/media\/21392"}],"wp:attachment":[{"href":"https:\/\/www.meteorage.com\/es\/wp-json\/wp\/v2\/media?parent=50896"}],"wp:term":[{"taxonomy":"bilan_category","embeddable":true,"href":"https:\/\/www.meteorage.com\/es\/wp-json\/wp\/v2\/bilan_category?post=50896"}],"curies":[{"name":"wp","href":"https:\/\/api.w.org\/{rel}","templated":true}]}}