{"id":52922,"date":"2026-09-01T10:01:13","date_gmt":"2026-09-01T08:01:13","guid":{"rendered":"https:\/\/www.meteorage.com\/?post_type=bilan_foudroiement&#038;p=52922"},"modified":"2026-09-01T14:54:27","modified_gmt":"2026-09-01T12:54:27","slug":"verano-europeo-2026","status":"publish","type":"bilan_foudroiement","link":"https:\/\/www.meteorage.com\/es\/informe-de-tormentas\/verano-europeo-2026\/","title":{"rendered":"Verano Europeo 2026"},"content":{"rendered":"\t\t<div data-elementor-type=\"wp-post\" data-elementor-id=\"52922\" class=\"elementor elementor-52922 elementor-52869\" data-elementor-post-type=\"bilan_foudroiement\">\n\t\t\t\t<div class=\"elementor-element elementor-element-6a878576 e-flex e-con-boxed e-con e-parent\" data-id=\"6a878576\" data-element_type=\"container\" data-e-type=\"container\" data-settings=\"{&quot;background_background&quot;:&quot;classic&quot;}\">\n\t\t\t\t\t<div class=\"e-con-inner\">\n\t\t<div class=\"elementor-element elementor-element-5f19eb4c e-con-full banner-type-detail e-flex e-con e-child\" data-id=\"5f19eb4c\" data-element_type=\"container\" data-e-type=\"container\" data-settings=\"{&quot;background_background&quot;:&quot;classic&quot;}\">\n\t\t\t\t<div class=\"elementor-element elementor-element-2815cb81 elementor-widget elementor-widget-spacer\" data-id=\"2815cb81\" data-element_type=\"widget\" data-e-type=\"widget\" data-widget_type=\"spacer.default\">\n\t\t\t\t<div class=\"elementor-widget-container\">\n\t\t\t\t\t\t\t<div class=\"elementor-spacer\">\n\t\t\t<div class=\"elementor-spacer-inner\"><\/div>\n\t\t<\/div>\n\t\t\t\t\t\t<\/div>\n\t\t\t\t<\/div>\n\t\t<div class=\"elementor-element elementor-element-20e9c7b6 banner-content e-flex e-con-boxed e-con e-child\" data-id=\"20e9c7b6\" data-element_type=\"container\" data-e-type=\"container\">\n\t\t\t\t\t<div class=\"e-con-inner\">\n\t\t\t\t<div class=\"elementor-element elementor-element-005e771 elementor-widget elementor-widget-heading\" data-id=\"005e771\" data-element_type=\"widget\" data-e-type=\"widget\" data-widget_type=\"heading.default\">\n\t\t\t\t<div class=\"elementor-widget-container\">\n\t\t\t\t\t<h1 class=\"elementor-heading-title elementor-size-default\">Informe de rayos - Verano 2026<\/h1>\t\t\t\t<\/div>\n\t\t\t\t<\/div>\n\t\t\t\t<div class=\"elementor-element elementor-element-35d4216 elementor-widget__width-initial elementor-widget elementor-widget-text-editor\" data-id=\"35d4216\" data-element_type=\"widget\" data-e-type=\"widget\" data-widget_type=\"text-editor.default\">\n\t\t\t\t<div class=\"elementor-widget-container\">\n\t\t\t\t\t\t\t\t\t<p><style>\na {\n    text-decoration: none;\n    color: #464feb;\n}\ntr th, tr td {\n    border: 1px solid #e6e6e6;\n}\ntr th {\n    background-color: #f5f5f5;\n}\n<\/style><\/p><div><p>Entre el 1 de junio y el 31 de agosto de 2026, la red de detecci\u00f3n de rayos de Meteorage registr\u00f3 <strong>893.458 rayos nube-tierra<\/strong> en Europa.<\/p><p>La temporada estuvo marcada por varios episodios tormentosos significativos, especialmente durante la segunda mitad de junio y un mes de agosto excepcionalmente activo.<\/p><\/div>\t\t\t\t\t\t\t\t<\/div>\n\t\t\t\t<\/div>\n\t\t\t\t<div class=\"elementor-element elementor-element-b5f8e68 elementor-align-center elementor-widget elementor-widget-ube-button\" data-id=\"b5f8e68\" data-element_type=\"widget\" data-e-type=\"widget\" data-widget_type=\"ube-button.default\">\n\t\t\t\t<div class=\"elementor-widget-container\">\n\t\t\t\t\t<a class=\"ube-btn btn btn-md btn- btn-link\" href=\"https:\/\/www.meteorage.com\/es\/resumenes-de-los-impactos-de-rayos\/\">\n\t    <span class=\"ube-btn-text\">&lt; volver a la lista<\/span>\n\t<\/a>\n\n\n\t\t\t\t<\/div>\n\t\t\t\t<\/div>\n\t\t\t\t\t<\/div>\n\t\t\t\t<\/div>\n\t\t\t\t<\/div>\n\t\t\t\t\t<\/div>\n\t\t\t\t<\/div>\n\t\t<div class=\"elementor-element elementor-element-68c9db96 e-flex e-con-boxed e-con e-parent\" data-id=\"68c9db96\" data-element_type=\"container\" data-e-type=\"container\">\n\t\t\t\t\t<div class=\"e-con-inner\">\n\t\t\t\t<div class=\"elementor-element elementor-element-77a3b3f1 elementor-widget elementor-widget-spacer\" data-id=\"77a3b3f1\" data-element_type=\"widget\" data-e-type=\"widget\" data-widget_type=\"spacer.default\">\n\t\t\t\t<div class=\"elementor-widget-container\">\n\t\t\t\t\t\t\t<div class=\"elementor-spacer\">\n\t\t\t<div class=\"elementor-spacer-inner\"><\/div>\n\t\t<\/div>\n\t\t\t\t\t\t<\/div>\n\t\t\t\t<\/div>\n\t\t\t\t\t<\/div>\n\t\t\t\t<\/div>\n\t\t<div class=\"elementor-element elementor-element-23be3d5 e-flex e-con-boxed e-con e-parent\" data-id=\"23be3d5\" data-element_type=\"container\" data-e-type=\"container\">\n\t\t\t\t\t<div class=\"e-con-inner\">\n\t\t<div class=\"elementor-element elementor-element-a541c28 e-con-full e-flex e-con e-child\" data-id=\"a541c28\" data-element_type=\"container\" data-e-type=\"container\">\n\t\t\t\t<div class=\"elementor-element elementor-element-3e2d3b2a elementor-drop-cap-yes elementor-widget__width-initial elementor-drop-cap-view-default elementor-widget elementor-widget-text-editor\" data-id=\"3e2d3b2a\" data-element_type=\"widget\" data-e-type=\"widget\" data-settings=\"{&quot;drop_cap&quot;:&quot;yes&quot;}\" data-widget_type=\"text-editor.default\">\n\t\t\t\t<div class=\"elementor-widget-container\">\n\t\t\t\t\t\t\t\t\t<p>La visi\u00f3n del experto \u2014 <a id=\"ember102\" class=\"ember-view\" tabindex=\"0\" href=\"https:\/\/www.linkedin.com\/in\/joris-royet-9716b61b7\/\">Joris Royet<\/a>, Weather Project Manager<br \/>\u201cLa actividad el\u00e9ctrica se concentr\u00f3 principalmente durante la segunda quincena de junio y a lo largo de un agosto particularmente activo, marcado por varias oleadas tormentosas intensas.<\/p><div><p>Italia volvi\u00f3 a situarse entre los pa\u00edses europeos m\u00e1s afectados por los rayos, gracias a la fuerte inestabilidad estival, la influencia de las masas de aire mediterr\u00e1neas y el efecto del relieve.<\/p><p>Por el contrario, Portugal y el suroeste de Espa\u00f1a registraron una actividad el\u00e9ctrica relativamente limitada.<\/p><p>Aunque el verano de 2026 no figura entre los m\u00e1s activos de los \u00faltimos a\u00f1os en t\u00e9rminos de actividad el\u00e9ctrica, estuvo claramente por encima del verano de 2025.<\/p><\/div><p>\u201d<\/p>\t\t\t\t\t\t\t\t<\/div>\n\t\t\t\t<\/div>\n\t\t\t\t<\/div>\n\t\t<div class=\"elementor-element elementor-element-2e2305d e-con-full e-flex e-con e-child\" data-id=\"2e2305d\" data-element_type=\"container\" data-e-type=\"container\">\n\t\t\t\t<div class=\"elementor-element elementor-element-45cd5fbe elementor-widget elementor-widget-image\" data-id=\"45cd5fbe\" data-element_type=\"widget\" data-e-type=\"widget\" data-widget_type=\"image.default\">\n\t\t\t\t<div class=\"elementor-widget-container\">\n\t\t\t\t\t\t\t\t\t\t\t\t<figure class=\"wp-caption\">\n\t\t\t\t\t\t\t\t\t\t<img fetchpriority=\"high\" decoding=\"async\" width=\"800\" height=\"600\" src=\"https:\/\/www.meteorage.com\/wp-content\/uploads\/2026\/09\/Copie-de-study.png\" class=\"attachment-large size-large wp-image-52882\" alt=\"\" srcset=\"https:\/\/www.meteorage.com\/wp-content\/uploads\/2026\/09\/Copie-de-study.png 800w, https:\/\/www.meteorage.com\/wp-content\/uploads\/2026\/09\/Copie-de-study-300x225.png 300w, https:\/\/www.meteorage.com\/wp-content\/uploads\/2026\/09\/Copie-de-study-768x576.png 768w, https:\/\/www.meteorage.com\/wp-content\/uploads\/2026\/09\/Copie-de-study-543x407.png 543w\" sizes=\"(max-width: 800px) 100vw, 800px\" \/>\t\t\t\t\t\t\t\t\t\t\t<figcaption class=\"widget-image-caption wp-caption-text\">European Summer 2026<\/figcaption>\n\t\t\t\t\t\t\t\t\t\t<\/figure>\n\t\t\t\t\t\t\t\t\t<\/div>\n\t\t\t\t<\/div>\n\t\t\t\t<div class=\"elementor-element elementor-element-2bd449f elementor-widget elementor-widget-spacer\" data-id=\"2bd449f\" data-element_type=\"widget\" data-e-type=\"widget\" data-widget_type=\"spacer.default\">\n\t\t\t\t<div class=\"elementor-widget-container\">\n\t\t\t\t\t\t\t<div class=\"elementor-spacer\">\n\t\t\t<div class=\"elementor-spacer-inner\"><\/div>\n\t\t<\/div>\n\t\t\t\t\t\t<\/div>\n\t\t\t\t<\/div>\n\t\t\t\t<div class=\"elementor-element elementor-element-35ec6c8 elementor-align-center elementor-widget elementor-widget-button\" data-id=\"35ec6c8\" data-element_type=\"widget\" data-e-type=\"widget\" data-widget_type=\"button.default\">\n\t\t\t\t<div class=\"elementor-widget-container\">\n\t\t\t\t\t\t\t\t\t<div class=\"elementor-button-wrapper\">\n\t\t\t\t\t<a class=\"elementor-button elementor-button-link elementor-size-lg\" href=\"https:\/\/www.meteorage.com\/wp-content\/uploads\/2026\/09\/METEORAGE-LIGHTNING-REPORT-SUMMER-2026.pdf\">\n\t\t\t\t\t\t<span class=\"elementor-button-content-wrapper\">\n\t\t\t\t\t\t\t\t\t<span class=\"elementor-button-text\">Download the full report (PDF - English version)<\/span>\n\t\t\t\t\t<\/span>\n\t\t\t\t\t<\/a>\n\t\t\t\t<\/div>\n\t\t\t\t\t\t\t\t<\/div>\n\t\t\t\t<\/div>\n\t\t\t\t<\/div>\n\t\t\t\t\t<\/div>\n\t\t\t\t<\/div>\n\t\t<div class=\"elementor-element elementor-element-06046dd e-flex e-con-boxed e-con e-parent\" data-id=\"06046dd\" data-element_type=\"container\" data-e-type=\"container\">\n\t\t\t\t\t<div class=\"e-con-inner\">\n\t\t<div class=\"elementor-element elementor-element-5ec7bc9 e-con-full e-flex e-con e-child\" data-id=\"5ec7bc9\" data-element_type=\"container\" data-e-type=\"container\">\n\t\t\t\t<div class=\"elementor-element elementor-element-2d95c77 elementor-widget elementor-widget-heading\" data-id=\"2d95c77\" data-element_type=\"widget\" data-e-type=\"widget\" data-widget_type=\"heading.default\">\n\t\t\t\t<div class=\"elementor-widget-container\">\n\t\t\t\t\t<h3 class=\"elementor-heading-title elementor-size-default\">Terminolog\u00eda<\/h3>\t\t\t\t<\/div>\n\t\t\t\t<\/div>\n\t\t\t\t<div class=\"elementor-element elementor-element-1dd036e elementor-widget elementor-widget-text-editor\" data-id=\"1dd036e\" data-element_type=\"widget\" data-e-type=\"widget\" data-widget_type=\"text-editor.default\">\n\t\t\t\t<div class=\"elementor-widget-container\">\n\t\t\t\t\t\t\t\t\t<p>Para facilitar la comprensi\u00f3n de la informaci\u00f3n presentada en este informe, queremos compartir definiciones de t\u00e9rminos utilizados con frecuencia.<\/p>\t\t\t\t\t\t\t\t<\/div>\n\t\t\t\t<\/div>\n\t\t\t\t<\/div>\n\t\t\t\t\t<\/div>\n\t\t\t\t<\/div>\n\t\t<div class=\"elementor-element elementor-element-0775f65 e-flex e-con-boxed e-con e-parent\" data-id=\"0775f65\" data-element_type=\"container\" data-e-type=\"container\">\n\t\t\t\t\t<div class=\"e-con-inner\">\n\t\t<div class=\"elementor-element elementor-element-bfe0d0d e-con-full e-flex e-con e-child\" data-id=\"bfe0d0d\" data-element_type=\"container\" data-e-type=\"container\">\n\t\t\t\t<div class=\"elementor-element elementor-element-0b117cc elementor-widget elementor-widget-spacer\" data-id=\"0b117cc\" data-element_type=\"widget\" data-e-type=\"widget\" data-widget_type=\"spacer.default\">\n\t\t\t\t<div class=\"elementor-widget-container\">\n\t\t\t\t\t\t\t<div class=\"elementor-spacer\">\n\t\t\t<div class=\"elementor-spacer-inner\"><\/div>\n\t\t<\/div>\n\t\t\t\t\t\t<\/div>\n\t\t\t\t<\/div>\n\t\t\t\t<\/div>\n\t\t\t\t\t<\/div>\n\t\t\t\t<\/div>\n\t\t<div class=\"elementor-element elementor-element-3a7fdc5 e-flex e-con-boxed e-con e-parent\" data-id=\"3a7fdc5\" data-element_type=\"container\" data-e-type=\"container\">\n\t\t\t\t\t<div class=\"e-con-inner\">\n\t\t<div class=\"elementor-element elementor-element-4e922b0 e-con-full e-flex e-con e-child\" data-id=\"4e922b0\" data-element_type=\"container\" data-e-type=\"container\">\n\t\t<div class=\"elementor-element elementor-element-4cc79f9 e-con-full e-flex e-con e-child\" data-id=\"4cc79f9\" data-element_type=\"container\" data-e-type=\"container\">\n\t\t\t\t<div class=\"elementor-element elementor-element-7cdf192 elementor-widget elementor-widget-heading\" data-id=\"7cdf192\" data-element_type=\"widget\" data-e-type=\"widget\" data-widget_type=\"heading.default\">\n\t\t\t\t<div class=\"elementor-widget-container\">\n\t\t\t\t\t<h4 class=\"elementor-heading-title elementor-size-default\">Rayo nube-suelo (CG)<\/h4>\t\t\t\t<\/div>\n\t\t\t\t<\/div>\n\t\t\t\t<div class=\"elementor-element elementor-element-79158dc elementor-widget elementor-widget-text-editor\" data-id=\"79158dc\" data-element_type=\"widget\" data-e-type=\"widget\" data-widget_type=\"text-editor.default\">\n\t\t\t\t<div class=\"elementor-widget-container\">\n\t\t\t\t\t\t\t\t\t<p>Descarga de corriente de cierta intensidad que circula entre una nube y el suelo. La abreviaci\u00f3n CG, del ingl\u00e9s Cloud-to-Ground, significa \u00abnube a suelo\u00bb.<\/p>\t\t\t\t\t\t\t\t<\/div>\n\t\t\t\t<\/div>\n\t\t\t\t<\/div>\n\t\t<div class=\"elementor-element elementor-element-56a2b37 e-con-full e-flex e-con e-child\" data-id=\"56a2b37\" data-element_type=\"container\" data-e-type=\"container\">\n\t\t\t\t<div class=\"elementor-element elementor-element-c07aa2f elementor-widget elementor-widget-heading\" data-id=\"c07aa2f\" data-element_type=\"widget\" data-e-type=\"widget\" data-widget_type=\"heading.default\">\n\t\t\t\t<div class=\"elementor-widget-container\">\n\t\t\t\t\t<h4 class=\"elementor-heading-title elementor-size-default\">Densidad de rayos<\/h4>\t\t\t\t<\/div>\n\t\t\t\t<\/div>\n\t\t\t\t<div class=\"elementor-element elementor-element-2f1d2ca elementor-widget elementor-widget-text-editor\" data-id=\"2f1d2ca\" data-element_type=\"widget\" data-e-type=\"widget\" data-widget_type=\"text-editor.default\">\n\t\t\t\t<div class=\"elementor-widget-container\">\n\t\t\t\t\t\t\t\t\t<p>La mejor representaci\u00f3n actual de la actividad tormentosa es la densidad de impactos de rayos. Se trata del n\u00famero de rayos nube-suelo (CG) por km2 y por a\u00f1o.<\/p>\t\t\t\t\t\t\t\t<\/div>\n\t\t\t\t<\/div>\n\t\t\t\t<\/div>\n\t\t\t\t<\/div>\n\t\t\t\t\t<\/div>\n\t\t\t\t<\/div>\n\t\t<div class=\"elementor-element elementor-element-1e7bee9 e-flex e-con-boxed e-con e-parent\" data-id=\"1e7bee9\" data-element_type=\"container\" data-e-type=\"container\">\n\t\t\t\t\t<div class=\"e-con-inner\">\n\t\t<div class=\"elementor-element elementor-element-dc1decc e-con-full e-flex e-con e-child\" data-id=\"dc1decc\" data-element_type=\"container\" data-e-type=\"container\">\n\t\t<div class=\"elementor-element elementor-element-37d07dd e-con-full e-flex e-con e-child\" data-id=\"37d07dd\" data-element_type=\"container\" data-e-type=\"container\">\n\t\t\t\t<div class=\"elementor-element elementor-element-b9d393f elementor-widget elementor-widget-heading\" data-id=\"b9d393f\" data-element_type=\"widget\" data-e-type=\"widget\" data-widget_type=\"heading.default\">\n\t\t\t\t<div class=\"elementor-widget-container\">\n\t\t\t\t\t<h4 class=\"elementor-heading-title elementor-size-default\">Rayo<\/h4>\t\t\t\t<\/div>\n\t\t\t\t<\/div>\n\t\t\t\t<div class=\"elementor-element elementor-element-6f6c98a elementor-widget elementor-widget-text-editor\" data-id=\"6f6c98a\" data-element_type=\"widget\" data-e-type=\"widget\" data-widget_type=\"text-editor.default\">\n\t\t\t\t<div class=\"elementor-widget-container\">\n\t\t\t\t\t\t\t\t\t<p>Conjunto de descargas de corriente e impulsos el\u00e9ctricos durante una situaci\u00f3n de tormenta con rayos. Un rayo puede aparecer en una nube (rayo intranube), entre una nube y el suelo (rayo nube-suelo CG) o entre nubes.<\/p><p>Un rayo puede estar compuesto por uno o m\u00e1s arcos que son impulsos de corriente.<\/p>\t\t\t\t\t\t\t\t<\/div>\n\t\t\t\t<\/div>\n\t\t\t\t<\/div>\n\t\t<div class=\"elementor-element elementor-element-b61f05d e-con-full e-flex e-con e-child\" data-id=\"b61f05d\" data-element_type=\"container\" data-e-type=\"container\">\n\t\t\t\t<div class=\"elementor-element elementor-element-784460e elementor-widget elementor-widget-heading\" data-id=\"784460e\" data-element_type=\"widget\" data-e-type=\"widget\" data-widget_type=\"heading.default\">\n\t\t\t\t<div class=\"elementor-widget-container\">\n\t\t\t\t\t<h4 class=\"elementor-heading-title elementor-size-default\">D\u00eda de tormenta<\/h4>\t\t\t\t<\/div>\n\t\t\t\t<\/div>\n\t\t\t\t<div class=\"elementor-element elementor-element-c7d26c4 elementor-widget elementor-widget-text-editor\" data-id=\"c7d26c4\" data-element_type=\"widget\" data-e-type=\"widget\" data-widget_type=\"text-editor.default\">\n\t\t\t\t<div class=\"elementor-widget-container\">\n\t\t\t\t\t\t\t\t\t<p>D\u00eda en el que se ha detectado al menos un rayo en la zona tratada.<\/p>\t\t\t\t\t\t\t\t<\/div>\n\t\t\t\t<\/div>\n\t\t\t\t<\/div>\n\t\t\t\t<\/div>\n\t\t\t\t\t<\/div>\n\t\t\t\t<\/div>\n\t\t<div class=\"elementor-element elementor-element-e862353 e-flex e-con-boxed e-con e-parent\" data-id=\"e862353\" data-element_type=\"container\" data-e-type=\"container\">\n\t\t\t\t\t<div class=\"e-con-inner\">\n\t\t<div class=\"elementor-element elementor-element-92187ca e-con-full e-flex e-con e-child\" data-id=\"92187ca\" data-element_type=\"container\" data-e-type=\"container\">\n\t\t\t\t<div class=\"elementor-element elementor-element-0b1c1a0 elementor-widget elementor-widget-spacer\" data-id=\"0b1c1a0\" data-element_type=\"widget\" data-e-type=\"widget\" data-widget_type=\"spacer.default\">\n\t\t\t\t<div class=\"elementor-widget-container\">\n\t\t\t\t\t\t\t<div class=\"elementor-spacer\">\n\t\t\t<div class=\"elementor-spacer-inner\"><\/div>\n\t\t<\/div>\n\t\t\t\t\t\t<\/div>\n\t\t\t\t<\/div>\n\t\t\t\t<div class=\"elementor-element elementor-element-1100db8 elementor-widget-divider--view-line elementor-widget elementor-widget-divider\" data-id=\"1100db8\" data-element_type=\"widget\" data-e-type=\"widget\" data-widget_type=\"divider.default\">\n\t\t\t\t<div class=\"elementor-widget-container\">\n\t\t\t\t\t\t\t<div class=\"elementor-divider\">\n\t\t\t<span class=\"elementor-divider-separator\">\n\t\t\t\t\t\t<\/span>\n\t\t<\/div>\n\t\t\t\t\t\t<\/div>\n\t\t\t\t<\/div>\n\t\t<div class=\"elementor-element elementor-element-0758fae e-con-full e-flex e-con e-child\" data-id=\"0758fae\" data-element_type=\"container\" data-e-type=\"container\">\n\t\t\t\t<div class=\"elementor-element elementor-element-b53b4b9 elementor-widget elementor-widget-heading\" data-id=\"b53b4b9\" data-element_type=\"widget\" data-e-type=\"widget\" data-widget_type=\"heading.default\">\n\t\t\t\t<div class=\"elementor-widget-container\">\n\t\t\t\t\t<h3 class=\"elementor-heading-title elementor-size-default\">Sobre el informe del impacto de rayos\n<\/h3>\t\t\t\t<\/div>\n\t\t\t\t<\/div>\n\t\t\t\t<\/div>\n\t\t\t\t<\/div>\n\t\t\t\t\t<\/div>\n\t\t\t\t<\/div>\n\t\t<div class=\"elementor-element elementor-element-bfb912e e-flex e-con-boxed e-con e-parent\" data-id=\"bfb912e\" data-element_type=\"container\" data-e-type=\"container\">\n\t\t\t\t\t<div class=\"e-con-inner\">\n\t\t<div class=\"elementor-element elementor-element-f516595 e-con-full e-flex e-con e-child\" data-id=\"f516595\" data-element_type=\"container\" data-e-type=\"container\">\n\t\t<div class=\"elementor-element elementor-element-c573b12 e-con-full e-flex e-con e-child\" data-id=\"c573b12\" data-element_type=\"container\" data-e-type=\"container\">\n\t\t\t\t<div class=\"elementor-element elementor-element-7d1a038 elementor-widget elementor-widget-text-editor\" data-id=\"7d1a038\" data-element_type=\"widget\" data-e-type=\"widget\" data-widget_type=\"text-editor.default\">\n\t\t\t\t<div class=\"elementor-widget-container\">\n\t\t\t\t\t\t\t\t\t<p>El informe del impacto de rayos se basa en los datos proporcionados por <a href=\"https:\/\/www.meteorage.com\/es\/nuestra-experiencia\/\" target=\"_blank\" rel=\"noopener\">la Red METEORAGE.<\/a><\/p><p>La informaci\u00f3n que les comunicamos se refiere a los rayos nube-suelo CG y a la densidad de impactos de rayos.<\/p><p><b>Nuestra experiencia se apoya en m\u00e1s de una d\u00e9cada de an\u00e1lisis, observaciones y datos recogidos en Europa, y, de manera m\u00e1s amplia, en todo el mundo. <\/b>En el territorio franc\u00e9s, contamos con m\u00e1s de 37 a\u00f1os de experiencia.<\/p><p>Nuestra red METEORAGE, cuyo rendimiento ha sido validado cient\u00edficamente, demuestra el m\u00e1ximo rendimiento posible, con:<\/p><ul><li>una detecci\u00f3n de m\u00e1s del 98% de los rayos;<\/li><li>una precisi\u00f3n media de detecci\u00f3n de 100 metros;<\/li><li>una distinci\u00f3n de m\u00e1s del 90% de los rayos nube-suelo (CG) y de los rayos intranube.<\/li><\/ul><p>La red METEORAGE est\u00e1 compuesta por m\u00e1s de 100 sensores de rayos, de calculadores y de un sistema de tratamiento que gestiona las bases de datos. Nuestros sensores de rayos provienen de la tecnolog\u00eda de Vaisala, que hoy en d\u00eda est\u00e1 considerada como una de las mejores del mundo. Nuestra red permite alcanzar un rendimiento validado por numerosos <a href=\"https:\/\/www.meteorage.com\/es\/recursos\/publicaciones-y-notas-tecnicas\">estudios y publicaciones cient\u00edficas<\/a>.<\/p>\t\t\t\t\t\t\t\t<\/div>\n\t\t\t\t<\/div>\n\t\t\t\t<\/div>\n\t\t<div class=\"elementor-element elementor-element-2732870 e-con-full e-flex e-con e-child\" data-id=\"2732870\" data-element_type=\"container\" data-e-type=\"container\">\n\t\t\t\t<div class=\"elementor-element elementor-element-e86e420 elementor-widget elementor-widget-image\" data-id=\"e86e420\" data-element_type=\"widget\" data-e-type=\"widget\" data-widget_type=\"image.default\">\n\t\t\t\t<div class=\"elementor-widget-container\">\n\t\t\t\t\t\t\t\t\t\t\t\t\t\t\t<img decoding=\"async\" width=\"893\" height=\"1024\" src=\"https:\/\/www.meteorage.com\/wp-content\/uploads\/2025\/01\/Red-METEORAGE-ELDN-ES-893x1024.webp\" class=\"attachment-large size-large wp-image-45516\" alt=\"Red METEORAGE ELDN ES\" srcset=\"https:\/\/www.meteorage.com\/wp-content\/uploads\/2025\/01\/Red-METEORAGE-ELDN-ES-893x1024.webp 893w, https:\/\/www.meteorage.com\/wp-content\/uploads\/2025\/01\/Red-METEORAGE-ELDN-ES-262x300.webp 262w, https:\/\/www.meteorage.com\/wp-content\/uploads\/2025\/01\/Red-METEORAGE-ELDN-ES-768x881.webp 768w, https:\/\/www.meteorage.com\/wp-content\/uploads\/2025\/01\/Red-METEORAGE-ELDN-ES-1339x1536.webp 1339w, https:\/\/www.meteorage.com\/wp-content\/uploads\/2025\/01\/Red-METEORAGE-ELDN-ES-543x623.webp 543w, https:\/\/www.meteorage.com\/wp-content\/uploads\/2025\/01\/Red-METEORAGE-ELDN-ES.webp 1744w\" sizes=\"(max-width: 893px) 100vw, 893px\" \/>\t\t\t\t\t\t\t\t\t\t\t\t\t\t\t<\/div>\n\t\t\t\t<\/div>\n\t\t\t\t<\/div>\n\t\t\t\t<\/div>\n\t\t\t\t\t<\/div>\n\t\t\t\t<\/div>\n\t\t\t\t<\/div>\n\t\t","protected":false},"featured_media":52875,"template":"","bilan_category":[475],"class_list":["post-52922","bilan_foudroiement","type-bilan_foudroiement","status-publish","has-post-thumbnail","hentry","bilan_category-europa"],"acf":[],"yoast_head":"<!-- This site is optimized with the Yoast SEO plugin v28.4 - https:\/\/yoast.com\/product\/yoast-seo-wordpress\/ -->\n<title>Informe de Rayos - Verano Europeo 2026 - METEORAGE<\/title>\n<meta name=\"description\" content=\"Descubra el an\u00e1lisis de Meteorage sobre la actividad el\u00e9ctrica en Europa durante el verano de 2026. Se detectaron cerca de 890.000 rayos nube-tierra entre junio y agosto, con un agosto especialmente activo.\" \/>\n<meta name=\"robots\" content=\"index, follow, max-snippet:-1, max-image-preview:large, max-video-preview:-1\" \/>\n<link rel=\"canonical\" href=\"https:\/\/www.meteorage.com\/es\/informe-de-tormentas\/verano-europeo-2026\/\" \/>\n<meta property=\"og:locale\" content=\"es_ES\" \/>\n<meta property=\"og:type\" content=\"article\" \/>\n<meta property=\"og:title\" content=\"Informe de Rayos - Verano Europeo 2026 - METEORAGE\" \/>\n<meta property=\"og:description\" content=\"Descubra el an\u00e1lisis de Meteorage sobre la actividad el\u00e9ctrica en Europa durante el verano de 2026. Se detectaron cerca de 890.000 rayos nube-tierra entre junio y agosto, con un agosto especialmente activo.\" \/>\n<meta property=\"og:url\" content=\"https:\/\/www.meteorage.com\/es\/informe-de-tormentas\/verano-europeo-2026\/\" \/>\n<meta property=\"og:site_name\" content=\"METEORAGE\" \/>\n<meta property=\"article:modified_time\" content=\"2026-09-01T12:54:27+00:00\" \/>\n<meta property=\"og:image\" content=\"https:\/\/www.meteorage.com\/wp-content\/uploads\/2026\/09\/Copie-de-study-1.png\" \/>\n\t<meta property=\"og:image:width\" content=\"1200\" \/>\n\t<meta property=\"og:image:height\" content=\"1200\" \/>\n\t<meta property=\"og:image:type\" content=\"image\/png\" \/>\n<meta name=\"twitter:card\" content=\"summary_large_image\" \/>\n<meta name=\"twitter:label1\" content=\"Tiempo de lectura\" \/>\n\t<meta name=\"twitter:data1\" content=\"3 minutos\" \/>\n<script type=\"application\/ld+json\" class=\"yoast-schema-graph\">{\"@context\":\"https:\\\/\\\/schema.org\",\"@graph\":[{\"@type\":\"WebPage\",\"@id\":\"https:\\\/\\\/www.meteorage.com\\\/es\\\/informe-de-tormentas\\\/verano-europeo-2026\\\/\",\"url\":\"https:\\\/\\\/www.meteorage.com\\\/es\\\/informe-de-tormentas\\\/verano-europeo-2026\\\/\",\"name\":\"Informe de Rayos - Verano Europeo 2026 - METEORAGE\",\"isPartOf\":{\"@id\":\"https:\\\/\\\/www.meteorage.com\\\/es\\\/#website\"},\"primaryImageOfPage\":{\"@id\":\"https:\\\/\\\/www.meteorage.com\\\/es\\\/informe-de-tormentas\\\/verano-europeo-2026\\\/#primaryimage\"},\"image\":{\"@id\":\"https:\\\/\\\/www.meteorage.com\\\/es\\\/informe-de-tormentas\\\/verano-europeo-2026\\\/#primaryimage\"},\"thumbnailUrl\":\"https:\\\/\\\/www.meteorage.com\\\/wp-content\\\/uploads\\\/2026\\\/09\\\/Copie-de-study-1.png\",\"datePublished\":\"2026-09-01T08:01:13+00:00\",\"dateModified\":\"2026-09-01T12:54:27+00:00\",\"description\":\"Descubra el an\u00e1lisis de Meteorage sobre la actividad el\u00e9ctrica en Europa durante el verano de 2026. Se detectaron cerca de 890.000 rayos nube-tierra entre junio y agosto, con un agosto especialmente activo.\",\"breadcrumb\":{\"@id\":\"https:\\\/\\\/www.meteorage.com\\\/es\\\/informe-de-tormentas\\\/verano-europeo-2026\\\/#breadcrumb\"},\"inLanguage\":\"es\",\"potentialAction\":[{\"@type\":\"ReadAction\",\"target\":[\"https:\\\/\\\/www.meteorage.com\\\/es\\\/informe-de-tormentas\\\/verano-europeo-2026\\\/\"]}]},{\"@type\":\"ImageObject\",\"inLanguage\":\"es\",\"@id\":\"https:\\\/\\\/www.meteorage.com\\\/es\\\/informe-de-tormentas\\\/verano-europeo-2026\\\/#primaryimage\",\"url\":\"https:\\\/\\\/www.meteorage.com\\\/wp-content\\\/uploads\\\/2026\\\/09\\\/Copie-de-study-1.png\",\"contentUrl\":\"https:\\\/\\\/www.meteorage.com\\\/wp-content\\\/uploads\\\/2026\\\/09\\\/Copie-de-study-1.png\",\"width\":1200,\"height\":1200},{\"@type\":\"BreadcrumbList\",\"@id\":\"https:\\\/\\\/www.meteorage.com\\\/es\\\/informe-de-tormentas\\\/verano-europeo-2026\\\/#breadcrumb\",\"itemListElement\":[{\"@type\":\"ListItem\",\"position\":1,\"name\":\"Accueil\",\"item\":\"https:\\\/\\\/www.meteorage.com\\\/es\\\/\"},{\"@type\":\"ListItem\",\"position\":2,\"name\":\"Verano Europeo 2026\"}]},{\"@type\":\"WebSite\",\"@id\":\"https:\\\/\\\/www.meteorage.com\\\/es\\\/#website\",\"url\":\"https:\\\/\\\/www.meteorage.com\\\/es\\\/\",\"name\":\"METEORAGE\",\"description\":\"\",\"publisher\":{\"@id\":\"https:\\\/\\\/www.meteorage.com\\\/es\\\/#organization\"},\"potentialAction\":[{\"@type\":\"SearchAction\",\"target\":{\"@type\":\"EntryPoint\",\"urlTemplate\":\"https:\\\/\\\/www.meteorage.com\\\/es\\\/?s={search_term_string}\"},\"query-input\":{\"@type\":\"PropertyValueSpecification\",\"valueRequired\":true,\"valueName\":\"search_term_string\"}}],\"inLanguage\":\"es\"},{\"@type\":\"Organization\",\"@id\":\"https:\\\/\\\/www.meteorage.com\\\/es\\\/#organization\",\"name\":\"METEORAGE\",\"url\":\"https:\\\/\\\/www.meteorage.com\\\/es\\\/\",\"logo\":{\"@type\":\"ImageObject\",\"inLanguage\":\"es\",\"@id\":\"https:\\\/\\\/www.meteorage.com\\\/es\\\/#\\\/schema\\\/logo\\\/image\\\/\",\"url\":\"https:\\\/\\\/www.meteorage.com\\\/wp-content\\\/uploads\\\/2025\\\/10\\\/02.-Logo-METEORAGE-horizontal-blanc.png.webp\",\"contentUrl\":\"https:\\\/\\\/www.meteorage.com\\\/wp-content\\\/uploads\\\/2025\\\/10\\\/02.-Logo-METEORAGE-horizontal-blanc.png.webp\",\"width\":2445,\"height\":501,\"caption\":\"METEORAGE\"},\"image\":{\"@id\":\"https:\\\/\\\/www.meteorage.com\\\/es\\\/#\\\/schema\\\/logo\\\/image\\\/\"}}]}<\/script>\n<!-- \/ Yoast SEO plugin. -->","yoast_head_json":{"title":"Informe de Rayos - Verano Europeo 2026 - METEORAGE","description":"Descubra el an\u00e1lisis de Meteorage sobre la actividad el\u00e9ctrica en Europa durante el verano de 2026. Se detectaron cerca de 890.000 rayos nube-tierra entre junio y agosto, con un agosto especialmente activo.","robots":{"index":"index","follow":"follow","max-snippet":"max-snippet:-1","max-image-preview":"max-image-preview:large","max-video-preview":"max-video-preview:-1"},"canonical":"https:\/\/www.meteorage.com\/es\/informe-de-tormentas\/verano-europeo-2026\/","og_locale":"es_ES","og_type":"article","og_title":"Informe de Rayos - Verano Europeo 2026 - METEORAGE","og_description":"Descubra el an\u00e1lisis de Meteorage sobre la actividad el\u00e9ctrica en Europa durante el verano de 2026. Se detectaron cerca de 890.000 rayos nube-tierra entre junio y agosto, con un agosto especialmente activo.","og_url":"https:\/\/www.meteorage.com\/es\/informe-de-tormentas\/verano-europeo-2026\/","og_site_name":"METEORAGE","article_modified_time":"2026-09-01T12:54:27+00:00","og_image":[{"width":1200,"height":1200,"url":"https:\/\/www.meteorage.com\/wp-content\/uploads\/2026\/09\/Copie-de-study-1.png","type":"image\/png"}],"twitter_card":"summary_large_image","twitter_misc":{"Tiempo de lectura":"3 minutos"},"schema":{"@context":"https:\/\/schema.org","@graph":[{"@type":"WebPage","@id":"https:\/\/www.meteorage.com\/es\/informe-de-tormentas\/verano-europeo-2026\/","url":"https:\/\/www.meteorage.com\/es\/informe-de-tormentas\/verano-europeo-2026\/","name":"Informe de Rayos - Verano Europeo 2026 - METEORAGE","isPartOf":{"@id":"https:\/\/www.meteorage.com\/es\/#website"},"primaryImageOfPage":{"@id":"https:\/\/www.meteorage.com\/es\/informe-de-tormentas\/verano-europeo-2026\/#primaryimage"},"image":{"@id":"https:\/\/www.meteorage.com\/es\/informe-de-tormentas\/verano-europeo-2026\/#primaryimage"},"thumbnailUrl":"https:\/\/www.meteorage.com\/wp-content\/uploads\/2026\/09\/Copie-de-study-1.png","datePublished":"2026-09-01T08:01:13+00:00","dateModified":"2026-09-01T12:54:27+00:00","description":"Descubra el an\u00e1lisis de Meteorage sobre la actividad el\u00e9ctrica en Europa durante el verano de 2026. Se detectaron cerca de 890.000 rayos nube-tierra entre junio y agosto, con un agosto especialmente activo.","breadcrumb":{"@id":"https:\/\/www.meteorage.com\/es\/informe-de-tormentas\/verano-europeo-2026\/#breadcrumb"},"inLanguage":"es","potentialAction":[{"@type":"ReadAction","target":["https:\/\/www.meteorage.com\/es\/informe-de-tormentas\/verano-europeo-2026\/"]}]},{"@type":"ImageObject","inLanguage":"es","@id":"https:\/\/www.meteorage.com\/es\/informe-de-tormentas\/verano-europeo-2026\/#primaryimage","url":"https:\/\/www.meteorage.com\/wp-content\/uploads\/2026\/09\/Copie-de-study-1.png","contentUrl":"https:\/\/www.meteorage.com\/wp-content\/uploads\/2026\/09\/Copie-de-study-1.png","width":1200,"height":1200},{"@type":"BreadcrumbList","@id":"https:\/\/www.meteorage.com\/es\/informe-de-tormentas\/verano-europeo-2026\/#breadcrumb","itemListElement":[{"@type":"ListItem","position":1,"name":"Accueil","item":"https:\/\/www.meteorage.com\/es\/"},{"@type":"ListItem","position":2,"name":"Verano Europeo 2026"}]},{"@type":"WebSite","@id":"https:\/\/www.meteorage.com\/es\/#website","url":"https:\/\/www.meteorage.com\/es\/","name":"METEORAGE","description":"","publisher":{"@id":"https:\/\/www.meteorage.com\/es\/#organization"},"potentialAction":[{"@type":"SearchAction","target":{"@type":"EntryPoint","urlTemplate":"https:\/\/www.meteorage.com\/es\/?s={search_term_string}"},"query-input":{"@type":"PropertyValueSpecification","valueRequired":true,"valueName":"search_term_string"}}],"inLanguage":"es"},{"@type":"Organization","@id":"https:\/\/www.meteorage.com\/es\/#organization","name":"METEORAGE","url":"https:\/\/www.meteorage.com\/es\/","logo":{"@type":"ImageObject","inLanguage":"es","@id":"https:\/\/www.meteorage.com\/es\/#\/schema\/logo\/image\/","url":"https:\/\/www.meteorage.com\/wp-content\/uploads\/2025\/10\/02.-Logo-METEORAGE-horizontal-blanc.png.webp","contentUrl":"https:\/\/www.meteorage.com\/wp-content\/uploads\/2025\/10\/02.-Logo-METEORAGE-horizontal-blanc.png.webp","width":2445,"height":501,"caption":"METEORAGE"},"image":{"@id":"https:\/\/www.meteorage.com\/es\/#\/schema\/logo\/image\/"}}]}},"_links":{"self":[{"href":"https:\/\/www.meteorage.com\/es\/wp-json\/wp\/v2\/bilan-de-foudroiement\/52922","targetHints":{"allow":["GET"]}}],"collection":[{"href":"https:\/\/www.meteorage.com\/es\/wp-json\/wp\/v2\/bilan-de-foudroiement"}],"about":[{"href":"https:\/\/www.meteorage.com\/es\/wp-json\/wp\/v2\/types\/bilan_foudroiement"}],"version-history":[{"count":5,"href":"https:\/\/www.meteorage.com\/es\/wp-json\/wp\/v2\/bilan-de-foudroiement\/52922\/revisions"}],"predecessor-version":[{"id":52935,"href":"https:\/\/www.meteorage.com\/es\/wp-json\/wp\/v2\/bilan-de-foudroiement\/52922\/revisions\/52935"}],"wp:featuredmedia":[{"embeddable":true,"href":"https:\/\/www.meteorage.com\/es\/wp-json\/wp\/v2\/media\/52875"}],"wp:attachment":[{"href":"https:\/\/www.meteorage.com\/es\/wp-json\/wp\/v2\/media?parent=52922"}],"wp:term":[{"taxonomy":"bilan_category","embeddable":true,"href":"https:\/\/www.meteorage.com\/es\/wp-json\/wp\/v2\/bilan_category?post=52922"}],"curies":[{"name":"wp","href":"https:\/\/api.w.org\/{rel}","templated":true}]}}