{"id":50423,"date":"2026-01-30T09:12:26","date_gmt":"2026-01-30T08:12:26","guid":{"rendered":"https:\/\/meteorage.local\/?post_type=bilan_foudroiement&#038;p=50423"},"modified":"2026-01-30T10:43:01","modified_gmt":"2026-01-30T09:43:01","slug":"orages-foudre-bilan-2025","status":"publish","type":"bilan_foudroiement","link":"https:\/\/www.meteorage.com\/fr\/bilan-de-foudroiement\/orages-foudre-bilan-2025\/","title":{"rendered":"France 2025"},"content":{"rendered":"\t\t<div data-elementor-type=\"wp-post\" data-elementor-id=\"50423\" class=\"elementor elementor-50423\" data-elementor-post-type=\"bilan_foudroiement\">\n\t\t\t\t<div class=\"elementor-element elementor-element-b9ffebd e-flex e-con-boxed e-con e-parent\" data-id=\"b9ffebd\" data-element_type=\"container\" data-e-type=\"container\" data-settings=\"{&quot;background_background&quot;:&quot;classic&quot;}\">\n\t\t\t\t\t<div class=\"e-con-inner\">\n\t\t<div class=\"elementor-element elementor-element-41082b9 e-con-full banner-type-detail e-flex e-con e-child\" data-id=\"41082b9\" data-element_type=\"container\" data-e-type=\"container\" data-settings=\"{&quot;background_background&quot;:&quot;classic&quot;}\">\n\t\t\t\t<div class=\"elementor-element elementor-element-eb40b53 elementor-widget elementor-widget-spacer\" data-id=\"eb40b53\" data-element_type=\"widget\" data-e-type=\"widget\" data-widget_type=\"spacer.default\">\n\t\t\t\t<div class=\"elementor-widget-container\">\n\t\t\t\t\t\t\t<div class=\"elementor-spacer\">\n\t\t\t<div class=\"elementor-spacer-inner\"><\/div>\n\t\t<\/div>\n\t\t\t\t\t\t<\/div>\n\t\t\t\t<\/div>\n\t\t<div class=\"elementor-element elementor-element-195cd16 banner-content e-flex e-con-boxed e-con e-child\" data-id=\"195cd16\" data-element_type=\"container\" data-e-type=\"container\">\n\t\t\t\t\t<div class=\"e-con-inner\">\n\t\t\t\t<div class=\"elementor-element elementor-element-569de0f elementor-widget elementor-widget-heading\" data-id=\"569de0f\" data-element_type=\"widget\" data-e-type=\"widget\" data-widget_type=\"heading.default\">\n\t\t\t\t<div class=\"elementor-widget-container\">\n\t\t\t\t\t<h1 class=\"elementor-heading-title elementor-size-default\">Bilan de foudroiement 2025 <br> Europe \/ France<\/h1>\t\t\t\t<\/div>\n\t\t\t\t<\/div>\n\t\t\t\t<div class=\"elementor-element elementor-element-f2b1f12 elementor-widget__width-initial elementor-widget elementor-widget-text-editor\" data-id=\"f2b1f12\" data-element_type=\"widget\" data-e-type=\"widget\" data-widget_type=\"text-editor.default\">\n\t\t\t\t<div class=\"elementor-widget-container\">\n\t\t\t\t\t\t\t\t\t<p><span class=\"a_GcMg font-feature-liga-off font-feature-clig-off font-feature-calt-off text-decoration-none text-strikethrough-none\">D\u00e9couvrez l\u2019analyse Meteorage de l\u2019activit\u00e9 orageuse et \u00e9lectrique sur l\u2019ann\u00e9e.<\/span><\/p>\t\t\t\t\t\t\t\t<\/div>\n\t\t\t\t<\/div>\n\t\t\t\t<div class=\"elementor-element elementor-element-7be1916 elementor-align-center elementor-widget elementor-widget-ube-button\" data-id=\"7be1916\" data-element_type=\"widget\" data-e-type=\"widget\" data-widget_type=\"ube-button.default\">\n\t\t\t\t<div class=\"elementor-widget-container\">\n\t\t\t\t\t<a class=\"ube-btn btn btn-md btn- btn-link\" href=\"https:\/\/www.meteorage.com\/fr\/bilans-de-foudroiement\/\">\n\t    <span class=\"ube-btn-text\">&lt; retour aux Bilans<\/span>\n\t<\/a>\n\n\n\t\t\t\t<\/div>\n\t\t\t\t<\/div>\n\t\t\t\t\t<\/div>\n\t\t\t\t<\/div>\n\t\t\t\t<\/div>\n\t\t\t\t\t<\/div>\n\t\t\t\t<\/div>\n\t\t<div class=\"elementor-element elementor-element-ea27218 e-flex e-con-boxed e-con e-parent\" data-id=\"ea27218\" data-element_type=\"container\" data-e-type=\"container\">\n\t\t\t\t\t<div class=\"e-con-inner\">\n\t\t\t\t<div class=\"elementor-element elementor-element-c576f45 elementor-widget elementor-widget-text-editor\" data-id=\"c576f45\" data-element_type=\"widget\" data-e-type=\"widget\" data-widget_type=\"text-editor.default\">\n\t\t\t\t<div class=\"elementor-widget-container\">\n\t\t\t\t\t\t\t\t\t<p>Joris Royet, Chef de projet M\u00e9t\u00e9o, METEORAGE<\/p>\t\t\t\t\t\t\t\t<\/div>\n\t\t\t\t<\/div>\n\t\t\t\t\t<\/div>\n\t\t\t\t<\/div>\n\t\t<div class=\"elementor-element elementor-element-f7ed62d e-flex e-con-boxed e-con e-parent\" data-id=\"f7ed62d\" data-element_type=\"container\" data-e-type=\"container\">\n\t\t\t\t\t<div class=\"e-con-inner\">\n\t\t<div class=\"elementor-element elementor-element-51d8117 e-con-full e-flex e-con e-child\" data-id=\"51d8117\" data-element_type=\"container\" data-e-type=\"container\">\n\t\t\t\t<div class=\"elementor-element elementor-element-335b6ca elementor-widget elementor-widget-heading\" data-id=\"335b6ca\" data-element_type=\"widget\" data-e-type=\"widget\" data-widget_type=\"heading.default\">\n\t\t\t\t<div class=\"elementor-widget-container\">\n\t\t\t\t\t<h2 class=\"elementor-heading-title elementor-size-default\">Une ann\u00e9e historiquement peu orageuse \u00e0 l\u2019\u00e9chelle europ\u00e9enne<\/h2>\t\t\t\t<\/div>\n\t\t\t\t<\/div>\n\t\t\t\t<div class=\"elementor-element elementor-element-e5590ea elementor-widget elementor-widget-heading\" data-id=\"e5590ea\" data-element_type=\"widget\" data-e-type=\"widget\" data-widget_type=\"heading.default\">\n\t\t\t\t<div class=\"elementor-widget-container\">\n\t\t\t\t\t<h4 class=\"elementor-heading-title elementor-size-default\">mais ponctu\u00e9e d\u2019\u00e9pisodes localement intenses.<\/h4>\t\t\t\t<\/div>\n\t\t\t\t<\/div>\n\t\t\t\t<div class=\"elementor-element elementor-element-df38ce0 elementor-drop-cap-yes elementor-widget__width-initial elementor-drop-cap-view-default elementor-widget elementor-widget-text-editor\" data-id=\"df38ce0\" data-element_type=\"widget\" data-e-type=\"widget\" data-settings=\"{&quot;drop_cap&quot;:&quot;yes&quot;}\" data-widget_type=\"text-editor.default\">\n\t\t\t\t<div class=\"elementor-widget-container\">\n\t\t\t\t\t\t\t\t\t<p>Avec environ <strong>1,226 million <\/strong><strong>d\u2019\u00e9clairs nuage-sol<\/strong> d\u00e9tect\u00e9s en Europe, l\u2019ann\u00e9e 2025 se distingue par une activit\u00e9 orageuse inf\u00e9rieure aux normales climatiques, s\u2019inscrivant comme l\u2019ann\u00e9e la moins foudroy\u00e9e observ\u00e9e \u00e0 ce jour par nos relev\u00e9s. Si les conditions atmosph\u00e9riques ont limit\u00e9 le d\u00e9veloppement des orages, certaines situations favorables ont n\u00e9anmoins donn\u00e9 lieu \u00e0 des \u00e9pisodes intenses et localis\u00e9s, avec une activit\u00e9 plus marqu\u00e9e autour du bassin m\u00e9diterran\u00e9en et sur les reliefs.<\/p><p><style>\na {<br \/>    text-decoration: none;<br \/>    color: #464feb;<br \/>}<br \/>tr th, tr td {<br \/>    border: 1px solid #e6e6e6;<br \/>}<br \/>tr th {<br \/>    background-color: #f5f5f5;<br \/>}<br \/><\/style><\/p><div><p><span class=\"a_GcMg font-feature-liga-off font-feature-clig-off font-feature-calt-off text-decoration-none text-strikethrough-none\">Au-del\u00e0 de ce bilan et de la r\u00e9partition spatiale observ\u00e9e en 2025, les analyses sur les vingt derni\u00e8res ann\u00e9es mettent en \u00e9vidence une remont\u00e9e progressive de la ceinture orageuse vers le nord, ainsi qu\u2019un allongement de la saison orageuse, marqu\u00e9 par des \u00e9pisodes plus pr\u00e9coces au printemps et plus tardifs \u00e0 l\u2019automne. Ces disparit\u00e9s r\u00e9gionales rappellent que la foudre ne se distribue jamais de mani\u00e8re homog\u00e8ne et que, m\u00eame lors d\u2019ann\u00e9es peu actives, les enjeux de pr\u00e9vention, de surveillance et de gestion du risque de la foudre restent pleinement d\u2019actualit\u00e9.<\/span><\/p><\/div>\t\t\t\t\t\t\t\t<\/div>\n\t\t\t\t<\/div>\n\t\t\t\t<\/div>\n\t\t<div class=\"elementor-element elementor-element-d05f6cb e-con-full e-flex e-con e-child\" data-id=\"d05f6cb\" data-element_type=\"container\" data-e-type=\"container\">\n\t\t\t\t<div class=\"elementor-element elementor-element-e87dba8 elementor-widget__width-initial elementor-widget elementor-widget-image\" data-id=\"e87dba8\" data-element_type=\"widget\" data-e-type=\"widget\" data-widget_type=\"image.default\">\n\t\t\t\t<div class=\"elementor-widget-container\">\n\t\t\t\t\t\t\t\t\t\t\t\t\t\t\t<img decoding=\"async\" width=\"150\" height=\"150\" src=\"https:\/\/www.meteorage.com\/wp-content\/uploads\/2024\/12\/nuage-eclair-150x150.webp\" class=\"attachment-thumbnail size-thumbnail wp-image-39664\" alt=\"\" srcset=\"https:\/\/www.meteorage.com\/wp-content\/uploads\/2024\/12\/nuage-eclair-150x150.webp 150w, https:\/\/www.meteorage.com\/wp-content\/uploads\/2024\/12\/nuage-eclair.webp 300w\" sizes=\"(max-width: 150px) 100vw, 150px\" \/>\t\t\t\t\t\t\t\t\t\t\t\t\t\t\t<\/div>\n\t\t\t\t<\/div>\n\t\t<div class=\"elementor-element elementor-element-4110d9b e-con-full e-flex e-con e-child\" data-id=\"4110d9b\" data-element_type=\"container\" data-e-type=\"container\" data-settings=\"{&quot;background_background&quot;:&quot;classic&quot;}\">\n\t\t<div class=\"elementor-element elementor-element-259840f e-con-full e-flex e-con e-child\" data-id=\"259840f\" data-element_type=\"container\" data-e-type=\"container\">\n\t\t\t\t<div class=\"elementor-element elementor-element-9748dea elementor-widget elementor-widget-text-editor\" data-id=\"9748dea\" data-element_type=\"widget\" data-e-type=\"widget\" data-widget_type=\"text-editor.default\">\n\t\t\t\t<div class=\"elementor-widget-container\">\n\t\t\t\t\t\t\t\t\t<p>Notre R\u00e9seau de d\u00e9tection de la foudre Meteorage a enregistr\u00e9 en 2025<\/p>\t\t\t\t\t\t\t\t<\/div>\n\t\t\t\t<\/div>\n\t\t\t\t<div class=\"elementor-element elementor-element-b244655 elementor-widget elementor-widget-counter\" data-id=\"b244655\" data-element_type=\"widget\" data-e-type=\"widget\" data-widget_type=\"counter.default\">\n\t\t\t\t<div class=\"elementor-widget-container\">\n\t\t\t\t\t\t\t<div class=\"elementor-counter\">\n\t\t\t<div class=\"elementor-counter-title\">million d'\u00e9clairs nuage-sol en Europe<\/div>\t\t\t<div class=\"elementor-counter-number-wrapper\">\n\t\t\t\t<span class=\"elementor-counter-number-prefix\"><\/span>\n\t\t\t\t<span class=\"elementor-counter-number\" data-duration=\"2000\" data-to-value=\"1.226\" data-from-value=\"10000\" data-delimiter=\" \">10000<\/span>\n\t\t\t\t<span class=\"elementor-counter-number-suffix\"><\/span>\n\t\t\t<\/div>\n\t\t<\/div>\n\t\t\t\t\t\t<\/div>\n\t\t\t\t<\/div>\n\t\t\t\t<div class=\"elementor-element elementor-element-a740acd elementor-widget-divider--view-line elementor-widget elementor-widget-divider\" data-id=\"a740acd\" data-element_type=\"widget\" data-e-type=\"widget\" data-widget_type=\"divider.default\">\n\t\t\t\t<div class=\"elementor-widget-container\">\n\t\t\t\t\t\t\t<div class=\"elementor-divider\">\n\t\t\t<span class=\"elementor-divider-separator\">\n\t\t\t\t\t\t<\/span>\n\t\t<\/div>\n\t\t\t\t\t\t<\/div>\n\t\t\t\t<\/div>\n\t\t\t\t<div class=\"elementor-element elementor-element-140a037 elementor-widget elementor-widget-counter\" data-id=\"140a037\" data-element_type=\"widget\" data-e-type=\"widget\" data-widget_type=\"counter.default\">\n\t\t\t\t<div class=\"elementor-widget-container\">\n\t\t\t\t\t\t\t<div class=\"elementor-counter\">\n\t\t\t<div class=\"elementor-counter-title\">\u00e9clairs nuage-sol d\u00e9tect\u00e9s en France<\/div>\t\t\t<div class=\"elementor-counter-number-wrapper\">\n\t\t\t\t<span class=\"elementor-counter-number-prefix\"><\/span>\n\t\t\t\t<span class=\"elementor-counter-number\" data-duration=\"2000\" data-to-value=\"267502\" data-from-value=\"0\" data-delimiter=\" \">0<\/span>\n\t\t\t\t<span class=\"elementor-counter-number-suffix\"><\/span>\n\t\t\t<\/div>\n\t\t<\/div>\n\t\t\t\t\t\t<\/div>\n\t\t\t\t<\/div>\n\t\t\t\t<div class=\"elementor-element elementor-element-0be3d13 elementor-drop-cap-yes elementor-widget__width-initial elementor-drop-cap-view-default elementor-widget elementor-widget-text-editor\" data-id=\"0be3d13\" data-element_type=\"widget\" data-e-type=\"widget\" data-settings=\"{&quot;drop_cap&quot;:&quot;yes&quot;}\" data-widget_type=\"text-editor.default\">\n\t\t\t\t<div class=\"elementor-widget-container\">\n\t\t\t\t\t\t\t\t\t<p><span class=\"a_GcMg font-feature-liga-off font-feature-clig-off font-feature-calt-off text-decoration-none text-strikethrough-none\">Les valeurs de 2025 contrastent avec l\u2019ann\u00e9e 2024, au cours de laquelle plus de <\/span><strong><span class=\"a_GcMg font-feature-liga-off font-feature-clig-off font-feature-calt-off text-decoration-none text-strikethrough-none\">1 967 112 <\/span><\/strong><span class=\"a_GcMg font-feature-liga-off font-feature-clig-off font-feature-calt-off text-decoration-none text-strikethrough-none\">\u00e9clairs <\/span><span class=\"a_GcMg font-feature-liga-off font-feature-clig-off font-feature-calt-off text-decoration-none text-strikethrough-none\">nuage-sol avaient \u00e9t\u00e9 d\u00e9tect\u00e9s en Europe, dont <\/span><strong><span class=\"a_GcMg font-feature-liga-off font-feature-clig-off font-feature-calt-off text-decoration-none text-strikethrough-none\">413 879<\/span><\/strong><span class=\"a_GcMg font-feature-liga-off font-feature-clig-off font-feature-calt-off text-decoration-none text-strikethrough-none\"> en France.<\/span><\/p>\t\t\t\t\t\t\t\t<\/div>\n\t\t\t\t<\/div>\n\t\t\t\t<\/div>\n\t\t\t\t<\/div>\n\t\t\t\t<\/div>\n\t\t\t\t\t<\/div>\n\t\t\t\t<\/div>\n\t\t<div class=\"elementor-element elementor-element-9b2785a e-flex e-con-boxed e-con e-parent\" data-id=\"9b2785a\" data-element_type=\"container\" data-e-type=\"container\">\n\t\t\t\t\t<div class=\"e-con-inner\">\n\t\t\t\t<div class=\"elementor-element elementor-element-d863d8a elementor-widget elementor-widget-text-editor\" data-id=\"d863d8a\" data-element_type=\"widget\" data-e-type=\"widget\" data-widget_type=\"text-editor.default\">\n\t\t\t\t<div class=\"elementor-widget-container\">\n\t\t\t\t\t\t\t\t\t<p><a href=\"#terminologie\">Pour une meilleure compr\u00e9hension des informations communiqu\u00e9es dans ce bilan, retrouvez les d\u00e9finitions des termes fr\u00e9quemment utilis\u00e9s dans notre terminologie.<\/a><\/p>\t\t\t\t\t\t\t\t<\/div>\n\t\t\t\t<\/div>\n\t\t\t\t<div class=\"elementor-element elementor-element-ff61f2e elementor-align-center elementor-widget elementor-widget-button\" data-id=\"ff61f2e\" data-element_type=\"widget\" data-e-type=\"widget\" data-widget_type=\"button.default\">\n\t\t\t\t<div class=\"elementor-widget-container\">\n\t\t\t\t\t\t\t\t\t<div class=\"elementor-button-wrapper\">\n\t\t\t\t\t<a class=\"elementor-button elementor-button-link elementor-size-lg\" href=\"https:\/\/www.meteorage.com\/wp-content\/uploads\/2026\/01\/EuropeFrance_Meteorage-BILAN-de-FOUDROIEMENT-2025.pdf\" target=\"_blank\">\n\t\t\t\t\t\t<span class=\"elementor-button-content-wrapper\">\n\t\t\t\t\t\t\t\t\t<span class=\"elementor-button-text\">Visualiser le Bilan Europe\/France 2025 en pdf<\/span>\n\t\t\t\t\t<\/span>\n\t\t\t\t\t<\/a>\n\t\t\t\t<\/div>\n\t\t\t\t\t\t\t\t<\/div>\n\t\t\t\t<\/div>\n\t\t\t\t\t<\/div>\n\t\t\t\t<\/div>\n\t\t<div class=\"elementor-element elementor-element-473abe9 e-flex e-con-boxed e-con e-parent\" data-id=\"473abe9\" data-element_type=\"container\" data-e-type=\"container\" data-settings=\"{&quot;background_background&quot;:&quot;classic&quot;}\">\n\t\t\t\t\t<div class=\"e-con-inner\">\n\t\t<div class=\"elementor-element elementor-element-fab804f e-con-full e-flex e-con e-child\" data-id=\"fab804f\" data-element_type=\"container\" data-e-type=\"container\">\n\t\t\t\t<div class=\"elementor-element elementor-element-bcea127 elementor-widget elementor-widget-image\" data-id=\"bcea127\" data-element_type=\"widget\" data-e-type=\"widget\" data-widget_type=\"image.default\">\n\t\t\t\t<div class=\"elementor-widget-container\">\n\t\t\t\t\t\t\t\t\t\t\t\t\t\t\t<img decoding=\"async\" src=\"https:\/\/www.meteorage.com\/wp-content\/uploads\/2026\/01\/GUILLEMETS-_-MTG.webp\" title=\"\" alt=\"\" loading=\"lazy\" \/>\t\t\t\t\t\t\t\t\t\t\t\t\t\t\t<\/div>\n\t\t\t\t<\/div>\n\t\t\t\t<div class=\"elementor-element elementor-element-36f99d9 elementor-widget elementor-widget-text-editor\" data-id=\"36f99d9\" data-element_type=\"widget\" data-e-type=\"widget\" data-widget_type=\"text-editor.default\">\n\t\t\t\t<div class=\"elementor-widget-container\">\n\t\t\t\t\t\t\t\t\t<p><span class=\"a_GcMg font-feature-liga-off font-feature-clig-off font-feature-calt-off text-decoration-none text-strikethrough-none\">Le nombre d\u2019\u00e9clairs d\u2019une ann\u00e9e sur l\u2019autre ne refl\u00e8te pas \u00e0 lui seul le niveau de danger.&nbsp;<\/span><\/p><p><span class=\"a_GcMg font-feature-liga-off font-feature-clig-off font-feature-calt-off text-decoration-none text-strikethrough-none\">En 2025, les orages ont \u00e9t\u00e9 moins nombreux, mais parfois tout aussi intenses, et le risque peut appara\u00eetre \u00e0 tout moment pour les activit\u00e9s expos\u00e9es.<\/span><\/p>\t\t\t\t\t\t\t\t<\/div>\n\t\t\t\t<\/div>\n\t\t\t\t<div class=\"elementor-element elementor-element-ffe1357 elementor-widget elementor-widget-text-editor\" data-id=\"ffe1357\" data-element_type=\"widget\" data-e-type=\"widget\" data-widget_type=\"text-editor.default\">\n\t\t\t\t<div class=\"elementor-widget-container\">\n\t\t\t\t\t\t\t\t\t<p><span class=\"a_GcMg font-feature-liga-off font-feature-clig-off font-feature-calt-off text-decoration-none text-strikethrough-none\">\u2014 St\u00e9phane Schmitt, Lightning Application Expert, Meteorage<\/span><\/p>\t\t\t\t\t\t\t\t<\/div>\n\t\t\t\t<\/div>\n\t\t\t\t<\/div>\n\t\t<div class=\"elementor-element elementor-element-cf78082 e-con-full e-flex e-con e-child\" data-id=\"cf78082\" data-element_type=\"container\" data-e-type=\"container\">\n\t\t\t\t<div class=\"elementor-element elementor-element-69a76cf elementor-widget-tablet_extra__width-initial elementor-widget elementor-widget-image\" data-id=\"69a76cf\" data-element_type=\"widget\" data-e-type=\"widget\" data-widget_type=\"image.default\">\n\t\t\t\t<div class=\"elementor-widget-container\">\n\t\t\t\t\t\t\t\t\t\t\t\t\t\t\t\t<a href=\"https:\/\/www.meteorage.com\/wp-content\/uploads\/2026\/01\/2025_Industrie-Meteorage_Copyright-Xavier-delorme.webp\" data-elementor-open-lightbox=\"yes\" data-e-action-hash=\"#elementor-action%3Aaction%3Dlightbox%26settings%3DeyJpZCI6NTA2NTcsInVybCI6ZmFsc2V9\">\n\t\t\t\t\t\t\t<img decoding=\"async\" src=\"https:\/\/www.meteorage.com\/wp-content\/uploads\/2026\/01\/2025_Industrie-Meteorage_Copyright-Xavier-delorme.webp\" title=\"\" alt=\"\" loading=\"lazy\" \/>\t\t\t\t\t\t\t\t<\/a>\n\t\t\t\t\t\t\t\t\t\t\t\t\t\t\t<\/div>\n\t\t\t\t<\/div>\n\t\t\t\t<\/div>\n\t\t\t\t\t<\/div>\n\t\t\t\t<\/div>\n\t\t<div class=\"elementor-element elementor-element-1bd45b8 e-flex e-con-boxed e-con e-parent\" data-id=\"1bd45b8\" data-element_type=\"container\" data-e-type=\"container\">\n\t\t\t\t\t<div class=\"e-con-inner\">\n\t\t\t\t<div class=\"elementor-element elementor-element-8d500b9 elementor-widget-divider--view-line elementor-widget elementor-widget-divider\" data-id=\"8d500b9\" data-element_type=\"widget\" data-e-type=\"widget\" data-widget_type=\"divider.default\">\n\t\t\t\t<div class=\"elementor-widget-container\">\n\t\t\t\t\t\t\t<div class=\"elementor-divider\">\n\t\t\t<span class=\"elementor-divider-separator\">\n\t\t\t\t\t\t<\/span>\n\t\t<\/div>\n\t\t\t\t\t\t<\/div>\n\t\t\t\t<\/div>\n\t\t\t\t\t<\/div>\n\t\t\t\t<\/div>\n\t\t<div class=\"elementor-element elementor-element-2c9fdd7 e-flex e-con-boxed e-con e-parent\" data-id=\"2c9fdd7\" data-element_type=\"container\" data-e-type=\"container\">\n\t\t\t\t\t<div class=\"e-con-inner\">\n\t\t\t\t<div class=\"elementor-element elementor-element-b0c520a elementor-widget elementor-widget-ube-fancy-text\" data-id=\"b0c520a\" data-element_type=\"widget\" data-e-type=\"widget\" data-widget_type=\"ube-fancy-text.default\">\n\t\t\t\t<div class=\"elementor-widget-container\">\n\t\t\t\t\t<h3 data-text=\"[&quot;en 2025&quot;,&quot;en Europe&quot;]\" data-additional-options=\"{&quot;animationDelay&quot;:null,&quot;typingLoop&quot;:true,&quot;typingCursor&quot;:true}\" class=\"ube-fancy-text ube-fancy-text-typing\">    <span class=\"ube-fancy-text-before\">Les faits marquants<\/span>\n<span class=\"ube-fancy-text-animated\">\n\t<\/span>\n<\/h3>\t\t\t\t<\/div>\n\t\t\t\t<\/div>\n\t\t\t\t\t<\/div>\n\t\t\t\t<\/div>\n\t\t<div class=\"elementor-element elementor-element-987434d e-flex e-con-boxed e-con e-parent\" data-id=\"987434d\" data-element_type=\"container\" data-e-type=\"container\">\n\t\t\t\t\t<div class=\"e-con-inner\">\n\t\t\t\t<div class=\"elementor-element elementor-element-a496ee7 elementor-widget elementor-widget-spacer\" data-id=\"a496ee7\" data-element_type=\"widget\" data-e-type=\"widget\" data-widget_type=\"spacer.default\">\n\t\t\t\t<div class=\"elementor-widget-container\">\n\t\t\t\t\t\t\t<div class=\"elementor-spacer\">\n\t\t\t<div class=\"elementor-spacer-inner\"><\/div>\n\t\t<\/div>\n\t\t\t\t\t\t<\/div>\n\t\t\t\t<\/div>\n\t\t\t\t<div class=\"elementor-element elementor-element-4a98785 elementor-drop-cap-yes elementor-widget__width-initial elementor-drop-cap-view-default elementor-widget elementor-widget-text-editor\" data-id=\"4a98785\" data-element_type=\"widget\" data-e-type=\"widget\" data-settings=\"{&quot;drop_cap&quot;:&quot;yes&quot;}\" data-widget_type=\"text-editor.default\">\n\t\t\t\t<div class=\"elementor-widget-container\">\n\t\t\t\t\t\t\t\t\t<p class=\"cvGsUA direction-ltr align-start para-style-body\"><span class=\"a_GcMg font-feature-liga-off font-feature-clig-off font-feature-calt-off text-decoration-none text-strikethrough-none\">Bien que l\u2019activit\u00e9 \u00e9lectrique en 2025 soit en retrait par rapport aux r\u00e9f\u00e9rences historiques, <\/span><span class=\"a_GcMg font-feature-liga-off font-feature-clig-off font-feature-calt-off text-decoration-none text-strikethrough-none\">la forte variabilit\u00e9 interannuelle de l\u2019activit\u00e9 orageuse ne permet pas, \u00e0 ce stade, <\/span><span class=\"a_GcMg font-feature-liga-off font-feature-clig-off font-feature-calt-off text-decoration-none text-strikethrough-none\">d\u2019identifier une tendance statistique robuste.<\/span><\/p>\t\t\t\t\t\t\t\t<\/div>\n\t\t\t\t<\/div>\n\t\t\t\t<div class=\"elementor-element elementor-element-8355178 elementor-widget elementor-widget-ube-chart\" data-id=\"8355178\" data-element_type=\"widget\" data-e-type=\"widget\" data-widget_type=\"ube-chart.default\">\n\t\t\t\t<div class=\"elementor-widget-container\">\n\t\t\t\t\t<div  >\n    <canvas id=\"ube-chart-8355178\" class=\"ube-chart\" data-chart-type=\"line\" data-chart-labels=\"[&quot;2016&quot;,&quot;2017&quot;,&quot;2018&quot;,&quot;2019&quot;,&quot;2020&quot;,&quot;2021&quot;,&quot;2022&quot;,&quot;2023&quot;,&quot;2024&quot;,&quot;2025&quot;]\" data-chart-options=\"{&quot;animation&quot;:{&quot;easing&quot;:&quot;linear&quot;},&quot;elements&quot;:{&quot;point&quot;:{&quot;pointStyle&quot;:&quot;rectRounded&quot;},&quot;line&quot;:{&quot;tension&quot;:0.5}},&quot;scales&quot;:{&quot;y&quot;:{&quot;ticks&quot;:{&quot;display&quot;:true},&quot;grid&quot;:{&quot;display&quot;:false,&quot;drawBorder&quot;:false,&quot;drawTicks&quot;:false}},&quot;x&quot;:{&quot;ticks&quot;:{&quot;display&quot;:true},&quot;grid&quot;:{&quot;display&quot;:false,&quot;drawBorder&quot;:false,&quot;drawTicks&quot;:false}}}}\" data-chart-datasets=\"[{&quot;label&quot;:&quot;\\u00c9volution du nombre d\\u2019\\u00e9clairs nuage-sol (CG) en Europe (2016-2025)&quot;,&quot;data&quot;:[1618380,1582329,2900401,1537910,1346211,1557133,2050981,2227181,1967112,1226838],&quot;backgroundColor&quot;:&quot;#01144A&quot;,&quot;hoverBackgroundColor&quot;:&quot;#01144A&quot;,&quot;borderColor&quot;:&quot;#01103B&quot;,&quot;hoverBorderColor&quot;:&quot;#01103B&quot;,&quot;borderWidth&quot;:&quot;1&quot;,&quot;fill&quot;:true}]\" data-chart-additional-options=\"{&quot;chatId&quot;:&quot;ube-chart-8355178&quot;}\" height=\"200\"><\/canvas>\n<\/div>\t\t\t\t<\/div>\n\t\t\t\t<\/div>\n\t\t\t\t<div class=\"elementor-element elementor-element-19e9643 elementor-widget elementor-widget-heading\" data-id=\"19e9643\" data-element_type=\"widget\" data-e-type=\"widget\" data-widget_type=\"heading.default\">\n\t\t\t\t<div class=\"elementor-widget-container\">\n\t\t\t\t\t<h2 class=\"elementor-heading-title elementor-size-default\">360 jours d\u2019orage<\/h2>\t\t\t\t<\/div>\n\t\t\t\t<\/div>\n\t\t\t\t<div class=\"elementor-element elementor-element-ea0c4ca elementor-drop-cap-yes elementor-widget__width-initial elementor-drop-cap-view-default elementor-widget elementor-widget-text-editor\" data-id=\"ea0c4ca\" data-element_type=\"widget\" data-e-type=\"widget\" data-settings=\"{&quot;drop_cap&quot;:&quot;yes&quot;}\" data-widget_type=\"text-editor.default\">\n\t\t\t\t<div class=\"elementor-widget-container\">\n\t\t\t\t\t\t\t\t\t<p class=\"cvGsUA direction-ltr align-start para-style-body\"><span class=\"a_GcMg font-feature-liga-off font-feature-clig-off font-feature-calt-off text-decoration-none text-strikethrough-none\">L\u2019essentiel de l\u2019activit\u00e9 orageuse se concentre entre juin et ao\u00fbt (64%),<\/span> <span class=\"a_GcMg font-feature-liga-off font-feature-clig-off font-feature-calt-off text-decoration-none text-strikethrough-none\">p\u00e9riode durant laquelle les conditions instables ont \u00e9t\u00e9 les plus favorables, avec un pic marqu\u00e9 en juin et pr\u00e8s de <strong>284 200<\/strong> <strong>\u00e9clairs nuage-sol<\/strong> recens\u00e9s \u00e0 l\u2019\u00e9chelle du continent, illustrant une saison orageuse parfois pr\u00e9coce.<\/span><\/p>\t\t\t\t\t\t\t\t<\/div>\n\t\t\t\t<\/div>\n\t\t\t\t\t<\/div>\n\t\t\t\t<\/div>\n\t\t<div class=\"elementor-element elementor-element-6df4431 e-flex e-con-boxed e-con e-parent\" data-id=\"6df4431\" data-element_type=\"container\" data-e-type=\"container\">\n\t\t\t\t\t<div class=\"e-con-inner\">\n\t\t<div class=\"elementor-element elementor-element-55938c9 e-con-full e-flex e-con e-child\" data-id=\"55938c9\" data-element_type=\"container\" data-e-type=\"container\">\n\t\t\t\t<div class=\"elementor-element elementor-element-38ba313 elementor-widget elementor-widget-image\" data-id=\"38ba313\" data-element_type=\"widget\" data-e-type=\"widget\" data-widget_type=\"image.default\">\n\t\t\t\t<div class=\"elementor-widget-container\">\n\t\t\t\t\t\t\t\t\t\t\t\t\t\t\t<img decoding=\"async\" src=\"https:\/\/www.meteorage.com\/wp-content\/uploads\/2026\/01\/GUILLEMETS-_-MTG.webp\" title=\"\" alt=\"\" loading=\"lazy\" \/>\t\t\t\t\t\t\t\t\t\t\t\t\t\t\t<\/div>\n\t\t\t\t<\/div>\n\t\t\t\t<div class=\"elementor-element elementor-element-543525a elementor-widget elementor-widget-text-editor\" data-id=\"543525a\" data-element_type=\"widget\" data-e-type=\"widget\" data-widget_type=\"text-editor.default\">\n\t\t\t\t<div class=\"elementor-widget-container\">\n\t\t\t\t\t\t\t\t\t<p class=\"cvGsUA direction-ltr align-start para-style-body\"><span class=\"a_GcMg font-feature-liga-off font-feature-clig-off font-feature-calt-off text-decoration-none text-strikethrough-none\">En 2025, la circulation atmosph\u00e9rique \u00e0 l\u2019\u00e9chelle europ\u00e9enne a favoris\u00e9 une concentration <b>de l\u2019activit\u00e9 convective autour de la m\u00e9diterran\u00e9e<\/b>. La pr\u00e9sence r\u00e9currente de hauts g\u00e9opotentiels sur l\u2019Europe centrale et septentrionale a limit\u00e9 la progression des syst\u00e8mes instables vers le nord du continent.<\/span><\/p>\n<p class=\"cvGsUA direction-ltr align-start para-style-body\"><span class=\"a_GcMg font-feature-liga-off font-feature-clig-off font-feature-calt-off text-decoration-none text-strikethrough-none\">En cons\u00e9quence, les circulations d\u00e9pressionnaires et les for\u00e7ages dynamiques se sont maintenus aux basses latitudes, en interaction avec <\/span><span class=\"a_GcMg font-feature-liga-off font-feature-clig-off font-feature-calt-off text-decoration-none text-strikethrough-none\">des masses d\u2019air plus chaudes et humides sur le pourtour m\u00e9diterran\u00e9en, <\/span><span class=\"a_GcMg font-feature-liga-off font-feature-clig-off font-feature-calt-off text-decoration-none text-strikethrough-none\">cr\u00e9ant un environnement plus favorable \u00e0 l\u2019activit\u00e9 \u00e9lectrique.<\/span><\/p>\t\t\t\t\t\t\t\t<\/div>\n\t\t\t\t<\/div>\n\t\t\t\t<div class=\"elementor-element elementor-element-fe856c1 elementor-widget elementor-widget-text-editor\" data-id=\"fe856c1\" data-element_type=\"widget\" data-e-type=\"widget\" data-widget_type=\"text-editor.default\">\n\t\t\t\t<div class=\"elementor-widget-container\">\n\t\t\t\t\t\t\t\t\t<p><span class=\"a_GcMg font-feature-liga-off font-feature-clig-off font-feature-calt-off text-decoration-none text-strikethrough-none\">\u2014 Joris Royet, Chef de projet M\u00e9t\u00e9o, Meteorage<\/span><\/p>\t\t\t\t\t\t\t\t<\/div>\n\t\t\t\t<\/div>\n\t\t\t\t<\/div>\n\t\t<div class=\"elementor-element elementor-element-e63215f e-con-full e-flex e-con e-child\" data-id=\"e63215f\" data-element_type=\"container\" data-e-type=\"container\">\n\t\t\t\t<div class=\"elementor-element elementor-element-5625c24 elementor-widget elementor-widget-spacer\" data-id=\"5625c24\" data-element_type=\"widget\" data-e-type=\"widget\" data-widget_type=\"spacer.default\">\n\t\t\t\t<div class=\"elementor-widget-container\">\n\t\t\t\t\t\t\t<div class=\"elementor-spacer\">\n\t\t\t<div class=\"elementor-spacer-inner\"><\/div>\n\t\t<\/div>\n\t\t\t\t\t\t<\/div>\n\t\t\t\t<\/div>\n\t\t\t\t<div class=\"elementor-element elementor-element-7e98a69 elementor-widget elementor-widget-image\" data-id=\"7e98a69\" data-element_type=\"widget\" data-e-type=\"widget\" data-widget_type=\"image.default\">\n\t\t\t\t<div class=\"elementor-widget-container\">\n\t\t\t\t\t\t\t\t\t\t\t\t\t\t\t\t<a href=\"https:\/\/www.meteorage.com\/wp-content\/uploads\/2026\/01\/MTG_bilanfoudroiement_2025__EU-scaled.webp\" data-elementor-open-lightbox=\"yes\" data-e-action-hash=\"#elementor-action%3Aaction%3Dlightbox%26settings%3DeyJpZCI6NTA2NDUsInVybCI6ZmFsc2V9\">\n\t\t\t\t\t\t\t<img decoding=\"async\" src=\"https:\/\/www.meteorage.com\/wp-content\/uploads\/2026\/01\/MTG_bilanfoudroiement_2025__EU-scaled.webp\" title=\"\" alt=\"\" loading=\"lazy\" \/>\t\t\t\t\t\t\t\t<\/a>\n\t\t\t\t\t\t\t\t\t\t\t\t\t\t\t<\/div>\n\t\t\t\t<\/div>\n\t\t\t\t<\/div>\n\t\t\t\t\t<\/div>\n\t\t\t\t<\/div>\n\t\t<div class=\"elementor-element elementor-element-d968160 e-flex e-con-boxed e-con e-parent\" data-id=\"d968160\" data-element_type=\"container\" data-e-type=\"container\">\n\t\t\t\t\t<div class=\"e-con-inner\">\n\t\t\t\t<div class=\"elementor-element elementor-element-9d4aa5a elementor-widget elementor-widget-heading\" data-id=\"9d4aa5a\" data-element_type=\"widget\" data-e-type=\"widget\" data-widget_type=\"heading.default\">\n\t\t\t\t<div class=\"elementor-widget-container\">\n\t\t\t\t\t<h3 class=\"elementor-heading-title elementor-size-default\">Top 10 des pays les plus foudroy\u00e9s en Europe en 2025<\/h3>\t\t\t\t<\/div>\n\t\t\t\t<\/div>\n\t\t\t\t<div class=\"elementor-element elementor-element-2b41b65 elementor-widget__width-inherit elementor-widget elementor-widget-ube-chart\" data-id=\"2b41b65\" data-element_type=\"widget\" data-e-type=\"widget\" data-widget_type=\"ube-chart.default\">\n\t\t\t\t<div class=\"elementor-widget-container\">\n\t\t\t\t\t<div  >\n    <canvas id=\"ube-chart-2b41b65\" class=\"ube-chart\" data-chart-type=\"bar\" data-chart-labels=\"[&quot;Espagne&quot;,&quot;Italie&quot;,&quot;France&quot;,&quot;Allemagne&quot;,&quot;Suisse&quot;,&quot;Portugal&quot;,&quot;Royaume-Uni&quot;,&quot;Belgique&quot;,&quot;Pays-Bas&quot;,&quot;Danemark&quot;]\" data-chart-options=\"{&quot;scales&quot;:{&quot;y&quot;:{&quot;ticks&quot;:{&quot;display&quot;:true},&quot;grid&quot;:{&quot;display&quot;:false,&quot;drawBorder&quot;:true,&quot;drawTicks&quot;:true}},&quot;x&quot;:{&quot;ticks&quot;:{&quot;display&quot;:true},&quot;grid&quot;:{&quot;display&quot;:false,&quot;drawBorder&quot;:true,&quot;drawTicks&quot;:true}}}}\" data-chart-datasets=\"[{&quot;label&quot;:&quot;Nombre d&#039;\\u00e9clairs nuage-sol CG\\u200b&quot;,&quot;data&quot;:[427686,385577,267502,83443,20597,18496,9392,6478,9392,6478,5095,4496],&quot;backgroundColor&quot;:&quot;#01144A&quot;,&quot;hoverBackgroundColor&quot;:&quot;#01144A&quot;,&quot;borderColor&quot;:&quot;#01144A&quot;,&quot;hoverBorderColor&quot;:&quot;#01144A&quot;,&quot;borderWidth&quot;:1,&quot;fill&quot;:true}]\" data-chart-additional-options=\"{&quot;chatId&quot;:&quot;ube-chart-2b41b65&quot;}\" height=\"250\"><\/canvas>\n<\/div>\t\t\t\t<\/div>\n\t\t\t\t<\/div>\n\t\t\t\t<div class=\"elementor-element elementor-element-382d0e9 elementor-widget elementor-widget-text-editor\" data-id=\"382d0e9\" data-element_type=\"widget\" data-e-type=\"widget\" data-widget_type=\"text-editor.default\">\n\t\t\t\t<div class=\"elementor-widget-container\">\n\t\t\t\t\t\t\t\t\t<p>La fr\u00e9quence, la r\u00e9partition g\u00e9ographique ainsi que l\u2019intensit\u00e9 des orages varient selon les saisons <strong>en fonction de la temp\u00e9rature, de l&rsquo;humidit\u00e9 et des dynamiques atmosph\u00e9riques<\/strong>.<\/p><p class=\"cvGsUA direction-ltr align-start para-style-body\"><span class=\"a_GcMg font-feature-liga-off font-feature-clig-off font-feature-calt-off text-decoration-none text-strikethrough-none\">Le <strong>printemps<\/strong> totalise<\/span> <span class=\"a_GcMg font-feature-liga-off font-feature-clig-off font-feature-calt-off text-decoration-none text-strikethrough-none\">233 316<\/span><span class=\"a_GcMg font-feature-liga-off font-feature-clig-off font-feature-calt-off text-decoration-none text-strikethrough-none\"> \u00e9clairs nuage-sol, avec une r\u00e9partition g\u00e9ographique tr\u00e8s h\u00e9t\u00e9rog\u00e8ne: u<\/span><span class=\"a_GcMg font-feature-liga-off font-feature-clig-off font-feature-calt-off text-decoration-none text-strikethrough-none\">ne faible activit\u00e9 sur la moiti\u00e9 nord de l\u2019Europe qui reste largement sous l\u2019influence de conditions anticycloniques persistantes, limitant fortement le d\u00e9veloppement des orages. <\/span><span class=\"a_GcMg font-feature-liga-off font-feature-clig-off font-feature-calt-off text-decoration-none text-strikethrough-none\">\u00c0 l\u2019inverse, une activit\u00e9 plus r\u00e9guli\u00e8re s\u2019observe sur le sud du continent, notamment autour du bassin m\u00e9diterran\u00e9en. <\/span><span class=\"a_GcMg font-feature-liga-off font-feature-clig-off font-feature-calt-off text-decoration-none text-strikethrough-none\">Durant cette p\u00e9riode, l\u2019Espagne appara\u00eet comme le pays le plus touch\u00e9, avec<\/span> <span class=\"a_GcMg font-feature-liga-off font-feature-clig-off font-feature-calt-off text-decoration-none text-strikethrough-none\">97 219<\/span> <span class=\"a_GcMg font-feature-liga-off font-feature-clig-off font-feature-calt-off text-decoration-none text-strikethrough-none\">\u00e9clairs nuage-sol d\u00e9tect\u00e9s.<\/span><\/p><p><span class=\"a_GcMg font-feature-liga-off font-feature-clig-off font-feature-calt-off text-decoration-none text-strikethrough-none\">L\u2019<strong>\u00e9t\u00e9<\/strong> concentre<\/span> <span class=\"a_GcMg font-feature-liga-off font-feature-clig-off font-feature-calt-off text-decoration-none text-strikethrough-none\">775 394<\/span> <span class=\"a_GcMg font-feature-liga-off font-feature-clig-off font-feature-calt-off text-decoration-none text-strikethrough-none\">\u00e9clairs nuage-sol, soit plus de la moiti\u00e9 de l\u2019activit\u00e9 annuelle. <\/span><span class=\"a_GcMg font-feature-liga-off font-feature-clig-off font-feature-calt-off text-decoration-none text-strikethrough-none\">Si les orages se sont principalement d\u00e9velopp\u00e9s le long de l\u2019axe classique <\/span><span class=\"a_GcMg font-feature-liga-off font-feature-clig-off font-feature-calt-off text-decoration-none text-strikethrough-none\">Espagne \u2013 France \u2013 Allemagne, l\u2019Italie a \u00e9galement connu une activit\u00e9 notable, devenant le pays le plus frapp\u00e9 par la foudre en Europe pendant cette saison.<\/span><\/p><p><span class=\"a_GcMg font-feature-liga-off font-feature-clig-off font-feature-calt-off text-decoration-none text-strikethrough-none\">\u00c0 l\u2019<\/span><strong>automne, <\/strong>les orages se maintiennent principalement :<\/p><ul><li><span class=\"a_GcMg font-feature-liga-off font-feature-clig-off font-feature-calt-off text-decoration-none text-strikethrough-none\">sur les mers,<\/span><\/li><li><span class=\"a_GcMg font-feature-liga-off font-feature-clig-off font-feature-calt-off text-decoration-none text-strikethrough-none\">sur les r\u00e9gions c\u00f4ti\u00e8res m\u00e9diterran\u00e9ennes (Espagne orientale, sud de la France, Italie).<\/span><\/li><\/ul><p><span class=\"a_GcMg font-feature-liga-off font-feature-clig-off font-feature-calt-off text-decoration-none text-strikethrough-none\">Ce renforcement local s\u2019explique par la persistance d\u2019eaux de surface chaudes, alors que les basses couches continentales se refroidissent plus rapidement. Ce contraste vertical de temp\u00e9rature favorise la convection, rendant les orages parfois intenses et tr\u00e8s pluvieux, au gr\u00e9 des passages d\u00e9pressionnaires.<\/span><\/p>\t\t\t\t\t\t\t\t<\/div>\n\t\t\t\t<\/div>\n\t\t\t\t\t<\/div>\n\t\t\t\t<\/div>\n\t\t<div class=\"elementor-element elementor-element-8182507 e-flex e-con-boxed e-con e-parent\" data-id=\"8182507\" data-element_type=\"container\" data-e-type=\"container\">\n\t\t\t\t\t<div class=\"e-con-inner\">\n\t\t\t\t<div class=\"elementor-element elementor-element-24e0204 elementor-widget-divider--view-line elementor-widget elementor-widget-divider\" data-id=\"24e0204\" data-element_type=\"widget\" data-e-type=\"widget\" data-widget_type=\"divider.default\">\n\t\t\t\t<div class=\"elementor-widget-container\">\n\t\t\t\t\t\t\t<div class=\"elementor-divider\">\n\t\t\t<span class=\"elementor-divider-separator\">\n\t\t\t\t\t\t<\/span>\n\t\t<\/div>\n\t\t\t\t\t\t<\/div>\n\t\t\t\t<\/div>\n\t\t\t\t<div class=\"elementor-element elementor-element-c96f12f elementor-widget elementor-widget-ube-fancy-text\" data-id=\"c96f12f\" data-element_type=\"widget\" data-e-type=\"widget\" data-widget_type=\"ube-fancy-text.default\">\n\t\t\t\t<div class=\"elementor-widget-container\">\n\t\t\t\t\t<h3 data-text=\"[&quot;en 2025&quot;,&quot;en France&quot;]\" data-additional-options=\"{&quot;animationDelay&quot;:null,&quot;typingLoop&quot;:true,&quot;typingCursor&quot;:true}\" class=\"ube-fancy-text ube-fancy-text-typing\">    <span class=\"ube-fancy-text-before\">Les faits marquants<\/span>\n<span class=\"ube-fancy-text-animated\">\n\t<\/span>\n<\/h3>\t\t\t\t<\/div>\n\t\t\t\t<\/div>\n\t\t\t\t<div class=\"elementor-element elementor-element-3ec603a elementor-widget elementor-widget-heading\" data-id=\"3ec603a\" data-element_type=\"widget\" data-e-type=\"widget\" data-widget_type=\"heading.default\">\n\t\t\t\t<div class=\"elementor-widget-container\">\n\t\t\t\t\t<h5 class=\"elementor-heading-title elementor-size-default\">Une ann\u00e9e faiblement foudroy\u00e9e avec une activit\u00e9 plus marqu\u00e9e au Sud<\/h5>\t\t\t\t<\/div>\n\t\t\t\t<\/div>\n\t\t\t\t<div class=\"elementor-element elementor-element-c52e643 elementor-widget elementor-widget-text-editor\" data-id=\"c52e643\" data-element_type=\"widget\" data-e-type=\"widget\" data-widget_type=\"text-editor.default\">\n\t\t\t\t<div class=\"elementor-widget-container\">\n\t\t\t\t\t\t\t\t\t<p class=\"cvGsUA direction-ltr align-start para-style-body\"><span class=\"a_GcMg font-feature-liga-off font-feature-clig-off font-feature-calt-off text-decoration-none text-strikethrough-none\">Dans ce contexte europ\u00e9en, la France s\u2019inscrit pleinement dans la tendance, avec <\/span><strong><span class=\"a_GcMg font-feature-liga-off font-feature-clig-off font-feature-calt-off text-decoration-none text-strikethrough-none\">267 502<\/span><\/strong><span class=\"a_GcMg font-feature-liga-off font-feature-clig-off font-feature-calt-off text-decoration-none text-strikethrough-none\"><strong> \u00e9clairs nuage-sol<\/strong> d\u00e9tect\u00e9s, une ann\u00e9e en dessous des normales climatiques. L\u2019activit\u00e9 s\u2019est concentr\u00e9e sur quelques p\u00e9riodes et a connu une forte disparit\u00e9 r\u00e9gionale.<\/span><\/p>\t\t\t\t\t\t\t\t<\/div>\n\t\t\t\t<\/div>\n\t\t\t\t\t<\/div>\n\t\t\t\t<\/div>\n\t\t<div class=\"elementor-element elementor-element-5875335 e-flex e-con-boxed e-con e-parent\" data-id=\"5875335\" data-element_type=\"container\" data-e-type=\"container\">\n\t\t\t\t\t<div class=\"e-con-inner\">\n\t\t\t\t<div class=\"elementor-element elementor-element-5f59926 elementor-widget elementor-widget-ube-chart\" data-id=\"5f59926\" data-element_type=\"widget\" data-e-type=\"widget\" data-widget_type=\"ube-chart.default\">\n\t\t\t\t<div class=\"elementor-widget-container\">\n\t\t\t\t\t<div  >\n    <canvas id=\"ube-chart-5f59926\" class=\"ube-chart\" data-chart-type=\"line\" data-chart-labels=\"[&quot;2016&quot;,&quot;2017&quot;,&quot;2018&quot;,&quot;2019&quot;,&quot;2020&quot;,&quot;2021&quot;,&quot;2022&quot;,&quot;2023&quot;,&quot;2024&quot;,&quot;2025&quot;]\" data-chart-options=\"{&quot;animation&quot;:{&quot;easing&quot;:&quot;linear&quot;},&quot;elements&quot;:{&quot;point&quot;:{&quot;pointStyle&quot;:&quot;rectRounded&quot;},&quot;line&quot;:{&quot;tension&quot;:0.5}},&quot;scales&quot;:{&quot;y&quot;:{&quot;ticks&quot;:{&quot;display&quot;:true,&quot;color&quot;:&quot;#01144A&quot;},&quot;grid&quot;:{&quot;display&quot;:false,&quot;drawBorder&quot;:false,&quot;drawTicks&quot;:false}},&quot;x&quot;:{&quot;ticks&quot;:{&quot;display&quot;:true,&quot;color&quot;:&quot;#01144A&quot;},&quot;grid&quot;:{&quot;display&quot;:false,&quot;drawBorder&quot;:false,&quot;drawTicks&quot;:false}}}}\" data-chart-datasets=\"[{&quot;label&quot;:&quot;\\u00c9volution du nombre d\\u2019\\u00e9clairs nuage-sol (CG) en France (2016-2025)&quot;,&quot;data&quot;:[355035,333532,724953,281667,302889,367486,566706,555691,413879,267502],&quot;backgroundColor&quot;:&quot;#01144A&quot;,&quot;hoverBackgroundColor&quot;:&quot;#01144A&quot;,&quot;borderColor&quot;:&quot;#01103B&quot;,&quot;hoverBorderColor&quot;:&quot;#01103B&quot;,&quot;borderWidth&quot;:&quot;1&quot;,&quot;fill&quot;:true}]\" data-chart-additional-options=\"{&quot;chatId&quot;:&quot;ube-chart-5f59926&quot;}\" height=\"200\"><\/canvas>\n<\/div>\t\t\t\t<\/div>\n\t\t\t\t<\/div>\n\t\t\t\t\t<\/div>\n\t\t\t\t<\/div>\n\t\t<div class=\"elementor-element elementor-element-233fb6a e-flex e-con-boxed e-con e-parent\" data-id=\"233fb6a\" data-element_type=\"container\" data-e-type=\"container\">\n\t\t\t\t\t<div class=\"e-con-inner\">\n\t\t<div class=\"elementor-element elementor-element-5f61d10 e-con-full e-flex e-con e-child\" data-id=\"5f61d10\" data-element_type=\"container\" data-e-type=\"container\">\n\t\t\t\t<div class=\"elementor-element elementor-element-fe1d538 elementor-widget elementor-widget-text-editor\" data-id=\"fe1d538\" data-element_type=\"widget\" data-e-type=\"widget\" data-widget_type=\"text-editor.default\">\n\t\t\t\t<div class=\"elementor-widget-container\">\n\t\t\t\t\t\t\t\t\t<p class=\"cvGsUA direction-ltr align-start para-style-body\"><span class=\"a_GcMg font-feature-liga-off font-feature-clig-off font-feature-calt-off text-decoration-none text-strikethrough-none\">L\u2019\u00e9t\u00e9 2025 devient ainsi le moins foudroy\u00e9 depuis le d\u00e9but du si\u00e8cle avec <\/span><strong><span class=\"a_GcMg font-feature-liga-off font-feature-clig-off font-feature-calt-off text-decoration-none text-strikethrough-none\">175 000 <\/span><\/strong><span class=\"a_GcMg font-feature-liga-off font-feature-clig-off font-feature-calt-off text-decoration-none text-strikethrough-none\"><strong>\u00e9clairs nuage-sol<\/strong>, malgr\u00e9 la survenue ponctuelle d\u2019orages s\u00e9v\u00e8res. Le mois de juin constitue le c\u0153ur de la saison, avec <\/span><strong><span class=\"a_GcMg font-feature-liga-off font-feature-clig-off font-feature-calt-off text-decoration-none text-strikethrough-none\">78 300<\/span><\/strong><span class=\"a_GcMg font-feature-liga-off font-feature-clig-off font-feature-calt-off text-decoration-none text-strikethrough-none\"><strong> \u00e9clairs nuage-sol<\/strong>, port\u00e9 notamment par l\u2019\u00e9pisode exceptionnel du 13 juin avec <\/span><strong><span class=\"a_GcMg font-feature-liga-off font-feature-clig-off font-feature-calt-off text-decoration-none text-strikethrough-none\">19 000<\/span><\/strong><span class=\"a_GcMg font-feature-liga-off font-feature-clig-off font-feature-calt-off text-decoration-none text-strikethrough-none\"><strong> \u00e9clairs nuage-sol<\/strong> concentr\u00e9s sur quelques r\u00e9gions (Normandie, Nouvelle-Aquitaine, Hauts-de-France)<\/span><\/p><p class=\"cvGsUA direction-ltr align-start para-style-body\"><span class=\"a_GcMg font-feature-liga-off font-feature-clig-off font-feature-calt-off text-decoration-none text-strikethrough-none\">En cons\u00e9quence, les circulations d\u00e9pressionnaires et les for\u00e7ages dynamiques se sont maintenus aux basses latitudes, en interaction avec <\/span><span class=\"a_GcMg font-feature-liga-off font-feature-clig-off font-feature-calt-off text-decoration-none text-strikethrough-none\">des masses d\u2019air plus chaudes et humides sur le pourtour m\u00e9diterran\u00e9en, <\/span><span class=\"a_GcMg font-feature-liga-off font-feature-clig-off font-feature-calt-off text-decoration-none text-strikethrough-none\">cr\u00e9ant un environnement plus favorable \u00e0 l\u2019activit\u00e9 \u00e9lectrique.<\/span><\/p>\t\t\t\t\t\t\t\t<\/div>\n\t\t\t\t<\/div>\n\t\t\t\t<\/div>\n\t\t<div class=\"elementor-element elementor-element-527c3fe e-con-full e-flex e-con e-child\" data-id=\"527c3fe\" data-element_type=\"container\" data-e-type=\"container\">\n\t\t\t\t<div class=\"elementor-element elementor-element-659aec5 elementor-widget elementor-widget-image\" data-id=\"659aec5\" data-element_type=\"widget\" data-e-type=\"widget\" data-widget_type=\"image.default\">\n\t\t\t\t<div class=\"elementor-widget-container\">\n\t\t\t\t\t\t\t\t\t\t\t\t\t\t\t\t<a href=\"https:\/\/www.meteorage.com\/wp-content\/uploads\/2026\/01\/MTG_bilanfoudroiement_2025__FR-scaled.webp\" data-elementor-open-lightbox=\"yes\" data-e-action-hash=\"#elementor-action%3Aaction%3Dlightbox%26settings%3DeyJpZCI6NTA2NTEsInVybCI6ZmFsc2V9\">\n\t\t\t\t\t\t\t<img decoding=\"async\" src=\"https:\/\/www.meteorage.com\/wp-content\/uploads\/2026\/01\/MTG_bilanfoudroiement_2025__FR-scaled.webp\" title=\"\" alt=\"\" loading=\"lazy\" \/>\t\t\t\t\t\t\t\t<\/a>\n\t\t\t\t\t\t\t\t\t\t\t\t\t\t\t<\/div>\n\t\t\t\t<\/div>\n\t\t\t\t<\/div>\n\t\t\t\t\t<\/div>\n\t\t\t\t<\/div>\n\t\t<div class=\"elementor-element elementor-element-abcd449 e-flex e-con-boxed e-con e-parent\" data-id=\"abcd449\" data-element_type=\"container\" data-e-type=\"container\">\n\t\t\t\t\t<div class=\"e-con-inner\">\n\t\t\t\t<div class=\"elementor-element elementor-element-f90294d elementor-widget elementor-widget-spacer\" data-id=\"f90294d\" data-element_type=\"widget\" data-e-type=\"widget\" data-widget_type=\"spacer.default\">\n\t\t\t\t<div class=\"elementor-widget-container\">\n\t\t\t\t\t\t\t<div class=\"elementor-spacer\">\n\t\t\t<div class=\"elementor-spacer-inner\"><\/div>\n\t\t<\/div>\n\t\t\t\t\t\t<\/div>\n\t\t\t\t<\/div>\n\t\t\t\t<div class=\"elementor-element elementor-element-9202f89 elementor-widget elementor-widget-heading\" data-id=\"9202f89\" data-element_type=\"widget\" data-e-type=\"widget\" data-widget_type=\"heading.default\">\n\t\t\t\t<div class=\"elementor-widget-container\">\n\t\t\t\t\t<h3 class=\"elementor-heading-title elementor-size-default\"><span style=\"--Ys-XuQ: none\">Top 10 des r\u00e9gions les plus foudroy\u00e9es en france en 2025<\/span><\/h3>\t\t\t\t<\/div>\n\t\t\t\t<\/div>\n\t\t\t\t\t<\/div>\n\t\t\t\t<\/div>\n\t\t<div class=\"elementor-element elementor-element-7999adc e-flex e-con-boxed e-con e-parent\" data-id=\"7999adc\" data-element_type=\"container\" data-e-type=\"container\">\n\t\t\t\t\t<div class=\"e-con-inner\">\n\t\t<div class=\"elementor-element elementor-element-4b3c865 e-con-full e-flex e-con e-child\" data-id=\"4b3c865\" data-element_type=\"container\" data-e-type=\"container\">\n\t\t\t\t<div class=\"elementor-element elementor-element-c43ac57 elementor-widget elementor-widget-heading\" data-id=\"c43ac57\" data-element_type=\"widget\" data-e-type=\"widget\" data-widget_type=\"heading.default\">\n\t\t\t\t<div class=\"elementor-widget-container\">\n\t\t\t\t\t<h4 class=\"elementor-heading-title elementor-size-default\">Par nombre d'\u00e9clairs nuage-sol CG<\/h4>\t\t\t\t<\/div>\n\t\t\t\t<\/div>\n\t\t\t\t<div class=\"elementor-element elementor-element-e75b5aa elementor-widget elementor-widget-text-editor\" data-id=\"e75b5aa\" data-element_type=\"widget\" data-e-type=\"widget\" data-widget_type=\"text-editor.default\">\n\t\t\t\t<div class=\"elementor-widget-container\">\n\t\t\t\t\t\t\t\t\t<p><em>Passer sur le graphique pour voir les valeurs.<\/em><\/p>\t\t\t\t\t\t\t\t<\/div>\n\t\t\t\t<\/div>\n\t\t\t\t<div class=\"elementor-element elementor-element-192364d elementor-widget__width-inherit elementor-widget elementor-widget-ube-chart\" data-id=\"192364d\" data-element_type=\"widget\" data-e-type=\"widget\" data-widget_type=\"ube-chart.default\">\n\t\t\t\t<div class=\"elementor-widget-container\">\n\t\t\t\t\t<div  >\n    <canvas id=\"ube-chart-192364d\" class=\"ube-chart\" data-chart-type=\"bar\" data-chart-labels=\"[&quot;01. Occitanie&quot;,&quot;02. Auvergne-Rh\\u00f4ne-Alpes&quot;,&quot;03. Nouvelle Aquitaine&quot;,&quot;04. Provence-Alpes-C\\u00f4te d&#039;azur&quot;,&quot;05. Bourgogne-Franche Comt\\u00e9&quot;,&quot;06. Grand-Est&quot;,&quot;07. Normandie&quot;,&quot;08. Corse&quot;,&quot;09. Centre-Val de Loire&quot;,&quot;10. Hauts-de-France&quot;]\" data-chart-options=\"{&quot;scales&quot;:{&quot;y&quot;:{&quot;ticks&quot;:{&quot;display&quot;:true},&quot;grid&quot;:{&quot;display&quot;:false,&quot;drawBorder&quot;:true,&quot;drawTicks&quot;:true}},&quot;x&quot;:{&quot;ticks&quot;:{&quot;display&quot;:true},&quot;grid&quot;:{&quot;display&quot;:false,&quot;drawBorder&quot;:true,&quot;drawTicks&quot;:true}}},&quot;indexAxis&quot;:&quot;y&quot;}\" data-chart-datasets=\"[{&quot;label&quot;:&quot;Nombre d&#039;\\u00e9clairs nuage-sol CG\\u200b&quot;,&quot;data&quot;:[57195,48281,42264,28557,23079,20318,11221,8584,8194,6594],&quot;backgroundColor&quot;:&quot;#01144A&quot;,&quot;hoverBackgroundColor&quot;:&quot;#01144A&quot;,&quot;borderColor&quot;:&quot;#01144A&quot;,&quot;hoverBorderColor&quot;:&quot;#01144A&quot;,&quot;borderWidth&quot;:1,&quot;fill&quot;:true}]\" data-chart-additional-options=\"{&quot;chatId&quot;:&quot;ube-chart-192364d&quot;}\" height=\"500\"><\/canvas>\n<\/div>\t\t\t\t<\/div>\n\t\t\t\t<\/div>\n\t\t\t\t<\/div>\n\t\t<div class=\"elementor-element elementor-element-2587762 e-con-full e-flex e-con e-child\" data-id=\"2587762\" data-element_type=\"container\" data-e-type=\"container\">\n\t\t\t\t<div class=\"elementor-element elementor-element-16b6729 elementor-widget elementor-widget-heading\" data-id=\"16b6729\" data-element_type=\"widget\" data-e-type=\"widget\" data-widget_type=\"heading.default\">\n\t\t\t\t<div class=\"elementor-widget-container\">\n\t\t\t\t\t<h4 class=\"elementor-heading-title elementor-size-default\">Par densit\u00e9 de foudroiement<br>(nb d'\u00e9clair nuage-sol CG par km\u00b2\/an)<\/h4>\t\t\t\t<\/div>\n\t\t\t\t<\/div>\n\t\t\t\t<div class=\"elementor-element elementor-element-7df1754 elementor-widget elementor-widget-spacer\" data-id=\"7df1754\" data-element_type=\"widget\" data-e-type=\"widget\" data-widget_type=\"spacer.default\">\n\t\t\t\t<div class=\"elementor-widget-container\">\n\t\t\t\t\t\t\t<div class=\"elementor-spacer\">\n\t\t\t<div class=\"elementor-spacer-inner\"><\/div>\n\t\t<\/div>\n\t\t\t\t\t\t<\/div>\n\t\t\t\t<\/div>\n\t\t\t\t<div class=\"elementor-element elementor-element-b3c6413 elementor-widget__width-initial elementor-widget elementor-widget-html\" data-id=\"b3c6413\" data-element_type=\"widget\" data-e-type=\"widget\" data-widget_type=\"html.default\">\n\t\t\t\t<div class=\"elementor-widget-container\">\n\t\t\t\t\t<table>\r\n  \r\n  <\/thead>\r\n  <tbody>\r\n    <tr>\r\n      <td>01. Corse<\/td>\r\n      <td>0,98<\/td>\r\n    <\/tr>\r\n    <tr>\r\n      <td>02. Provence-Alpes-C\u00f4te d'azur\t<\/td>\r\n      <td>0,90<\/td>\r\n    <\/tr>\r\n     <tr>\r\n      <td>03. Occitanie<\/td>\r\n      <td>0,78<\/td>\r\n    <\/tr>\r\n     <tr>\r\n      <td>04. Auvergne-Rh\u00f4ne-Alpes<\/td>\r\n      <td>1,68<\/td>\r\n    <\/tr>\r\n     <tr>\r\n      <td>05. Nouvelle Aquitaine<\/td>\r\n      <td>0,49<\/td>\r\n    <\/tr>\r\n     <tr>\r\n      <td>06. Bourgogne-Franche Comt\u00e9<\/td>\r\n      <td>0,48<\/td>\r\n    <\/tr>\r\n     <tr>\r\n      <td>07. Normandie<\/td>\r\n      <td>0,37<\/td>\r\n    <\/tr>\r\n     <tr>\r\n      <td>08. Grand-Est<\/td>\r\n      <td>0,35<\/td>\r\n    <\/tr>\r\n     <tr>\r\n      <td>09. Ile de France<\/td>\r\n      <td>0,29<\/td>\r\n    <\/tr>\r\n     <tr>\r\n      <td>10. Centre-Val de Loire<\/td>\r\n      <td>0,20<\/td>\r\n    <\/tr>\r\n  <\/tbody>\r\n<\/table>\r\n<style>\r\n  table {\r\n    width: 100%;\r\n    border-collapse: collapse;\r\n  }\r\n  th, td {\r\n    border: 1px solid #ddd;\r\n    padding: 8px;\r\n  }\r\n  th {\r\n    background-color: #f4f7fc;\r\n    text-align: left;\r\n  }\r\n  tr:nth-child(even) {\r\n    background-color: #f4f7fc;\r\n}\r\n<\/style>\r\n\t\t\t\t<\/div>\n\t\t\t\t<\/div>\n\t\t\t\t<\/div>\n\t\t\t\t\t<\/div>\n\t\t\t\t<\/div>\n\t\t<div class=\"elementor-element elementor-element-3cef162 e-flex e-con-boxed e-con e-parent\" data-id=\"3cef162\" data-element_type=\"container\" data-e-type=\"container\">\n\t\t\t\t\t<div class=\"e-con-inner\">\n\t\t\t\t<div class=\"elementor-element elementor-element-52dbbc3 elementor-widget elementor-widget-spacer\" data-id=\"52dbbc3\" data-element_type=\"widget\" data-e-type=\"widget\" data-widget_type=\"spacer.default\">\n\t\t\t\t<div class=\"elementor-widget-container\">\n\t\t\t\t\t\t\t<div class=\"elementor-spacer\">\n\t\t\t<div class=\"elementor-spacer-inner\"><\/div>\n\t\t<\/div>\n\t\t\t\t\t\t<\/div>\n\t\t\t\t<\/div>\n\t\t\t\t<div class=\"elementor-element elementor-element-a88d053 elementor-widget elementor-widget-heading\" data-id=\"a88d053\" data-element_type=\"widget\" data-e-type=\"widget\" data-widget_type=\"heading.default\">\n\t\t\t\t<div class=\"elementor-widget-container\">\n\t\t\t\t\t<h3 class=\"elementor-heading-title elementor-size-default\">Top 10 des d\u00e9partements les plus foudroy\u00e9s<\/h3>\t\t\t\t<\/div>\n\t\t\t\t<\/div>\n\t\t\t\t\t<\/div>\n\t\t\t\t<\/div>\n\t\t<div class=\"elementor-element elementor-element-e4f1125 e-flex e-con-boxed e-con e-parent\" data-id=\"e4f1125\" data-element_type=\"container\" data-e-type=\"container\">\n\t\t\t\t\t<div class=\"e-con-inner\">\n\t\t<div class=\"elementor-element elementor-element-b2bd820 e-con-full e-flex e-con e-child\" data-id=\"b2bd820\" data-element_type=\"container\" data-e-type=\"container\">\n\t\t\t\t<div class=\"elementor-element elementor-element-4a633d1 elementor-widget elementor-widget-heading\" data-id=\"4a633d1\" data-element_type=\"widget\" data-e-type=\"widget\" data-widget_type=\"heading.default\">\n\t\t\t\t<div class=\"elementor-widget-container\">\n\t\t\t\t\t<h4 class=\"elementor-heading-title elementor-size-default\">Par nombre d'\u00e9clairs nuage-sol CG<\/h4>\t\t\t\t<\/div>\n\t\t\t\t<\/div>\n\t\t\t\t<div class=\"elementor-element elementor-element-7f093eb elementor-widget elementor-widget-text-editor\" data-id=\"7f093eb\" data-element_type=\"widget\" data-e-type=\"widget\" data-widget_type=\"text-editor.default\">\n\t\t\t\t<div class=\"elementor-widget-container\">\n\t\t\t\t\t\t\t\t\t<p><em>Passer sur le graphique pour voir les valeurs.<\/em><\/p>\t\t\t\t\t\t\t\t<\/div>\n\t\t\t\t<\/div>\n\t\t\t\t<div class=\"elementor-element elementor-element-207dcde elementor-widget__width-inherit elementor-widget elementor-widget-ube-chart\" data-id=\"207dcde\" data-element_type=\"widget\" data-e-type=\"widget\" data-widget_type=\"ube-chart.default\">\n\t\t\t\t<div class=\"elementor-widget-container\">\n\t\t\t\t\t<div  >\n    <canvas id=\"ube-chart-207dcde\" class=\"ube-chart\" data-chart-type=\"bar\" data-chart-labels=\"[&quot;GIRONDE (Nouvelle Aquitaine)&quot;,&quot;LANDES (Nouvelle Aquitaine)&quot;,&quot;PYRENEES-ATLANTIQUES (Nouvelle Aquitaine)&quot;,&quot;GARD (Occitanie)&quot;,&quot;ALPES-DE-HAUTE-PROVENCE (Provence-Alpes-C\\u00f4te d&#039;azur)&quot;,&quot;DROME (Auvergne-Rh\\u00f4ne-Alpes)&quot;,&quot;VAR (Provence-Alpes-C\\u00f4te d&#039;azur)&quot;,&quot;PUY-DE-DOME (Auvergne-Rh\\u00f4ne-Alpes)&quot;,&quot;SAONE-ET-LOIRE (Bourgogne-Franche Comt\\u00e9)&quot;,&quot;PYRENEES-ORIENTALES (Occitanie)&quot;]\" data-chart-options=\"{&quot;scales&quot;:{&quot;y&quot;:{&quot;ticks&quot;:{&quot;display&quot;:true},&quot;grid&quot;:{&quot;display&quot;:false,&quot;drawBorder&quot;:true,&quot;drawTicks&quot;:true}},&quot;x&quot;:{&quot;ticks&quot;:{&quot;display&quot;:true},&quot;grid&quot;:{&quot;display&quot;:false,&quot;drawBorder&quot;:true,&quot;drawTicks&quot;:true}}},&quot;indexAxis&quot;:&quot;y&quot;}\" data-chart-datasets=\"[{&quot;label&quot;:&quot;Nombre d&#039;\\u00e9clairs nuage-sol &quot;,&quot;data&quot;:[7973,7461,7358,7229,6715,6155,6064,6028,5950,5756],&quot;backgroundColor&quot;:&quot;#1621C1&quot;,&quot;hoverBackgroundColor&quot;:&quot;#01144A&quot;,&quot;borderColor&quot;:&quot;#FFE98F&quot;,&quot;hoverBorderColor&quot;:&quot;#FFE98F&quot;,&quot;borderWidth&quot;:1,&quot;fill&quot;:true}]\" data-chart-additional-options=\"{&quot;chatId&quot;:&quot;ube-chart-207dcde&quot;}\" height=\"500\"><\/canvas>\n<\/div>\t\t\t\t<\/div>\n\t\t\t\t<\/div>\n\t\t\t\t<\/div>\n\t\t<div class=\"elementor-element elementor-element-765b044 e-con-full e-flex e-con e-child\" data-id=\"765b044\" data-element_type=\"container\" data-e-type=\"container\">\n\t\t\t\t<div class=\"elementor-element elementor-element-c3e373e elementor-widget elementor-widget-heading\" data-id=\"c3e373e\" data-element_type=\"widget\" data-e-type=\"widget\" data-widget_type=\"heading.default\">\n\t\t\t\t<div class=\"elementor-widget-container\">\n\t\t\t\t\t<h4 class=\"elementor-heading-title elementor-size-default\">Par densit\u00e9 de foudroiement<br>(nb d'\u00e9clair nuage-sol CG par km\u00b2\/an)<\/h4>\t\t\t\t<\/div>\n\t\t\t\t<\/div>\n\t\t\t\t<div class=\"elementor-element elementor-element-bc67f59 elementor-widget elementor-widget-spacer\" data-id=\"bc67f59\" data-element_type=\"widget\" data-e-type=\"widget\" data-widget_type=\"spacer.default\">\n\t\t\t\t<div class=\"elementor-widget-container\">\n\t\t\t\t\t\t\t<div class=\"elementor-spacer\">\n\t\t\t<div class=\"elementor-spacer-inner\"><\/div>\n\t\t<\/div>\n\t\t\t\t\t\t<\/div>\n\t\t\t\t<\/div>\n\t\t\t\t<div class=\"elementor-element elementor-element-74391b0 elementor-widget elementor-widget-html\" data-id=\"74391b0\" data-element_type=\"widget\" data-e-type=\"widget\" data-widget_type=\"html.default\">\n\t\t\t\t<div class=\"elementor-widget-container\">\n\t\t\t\t\t<table>\r\n  \r\n  <\/thead>\r\n  <tbody>\r\n    <tr>\r\n      <td>01. PYRENEES-ORIENTALES (Occitanie)<\/td>\r\n      <td>1,39<\/td>\r\n    <\/tr>\r\n    <tr>\r\n      <td>02. GARD (Occitanie)<\/td>\r\n      <td>1,23<\/td>\r\n    <\/tr>\r\n     <tr>\r\n      <td>03. VAUCLUSE (Provence-Alpes-C\u00f4te d'azur)<\/td>\r\n      <td>1,09<\/td>\r\n    <\/tr>\r\n     <tr>\r\n      <td>04. HAUTE-CORSE (Corse)<\/td>\r\n      <td>1,07<\/td>\r\n    <\/tr>\r\n     <tr>\r\n      <td>05. VAR (Provence-Alpes-C\u00f4te d'azur)<\/td>\r\n      <td>1,00<\/td>\r\n    <\/tr>\r\n     <tr>\r\n      <td>06. ARDECHE (Auvergne-Rh\u00f4ne-Alpes)<\/td>\r\n      <td>0,97<\/td>\r\n    <\/tr>\r\n     <tr>\r\n      <td>07. ALPES-DE-HAUTE-PROVENCE (Provence-Alpes-C\u00f4te d'azur)<\/td>\r\n      <td>0,96<\/td>\r\n    <\/tr>\r\n     <tr>\r\n      <td>08. PYRENEES-ATLANTIQUES (Nouvelle Aquitaine)<\/td>\r\n      <td>0,95<\/td>\r\n    <\/tr>\r\n     <tr>\r\n      <td>09. BOUCHES-DU-RHONE (Provence-Alpes-C\u00f4te d'azur)<\/td>\r\n      <td>0,95<\/td>\r\n    <\/tr>\r\n     <tr>\r\n      <td>10. DROME (Auvergne-Rh\u00f4ne-Alpes)<\/td>\r\n      <td>0,93<\/td>\r\n    <\/tr>\r\n  <\/tbody>\r\n<\/table>\r\n<style>\r\n  table {\r\n    width: 100%;\r\n    border-collapse: collapse;\r\n  }\r\n  th, td {\r\n    border: 1px solid #ddd;\r\n    padding: 8px;\r\n  }\r\n  th {\r\n    background-color: #f4f7fc;\r\n    text-align: left;\r\n  }\r\n  tr:nth-child(even) {\r\n    background-color: #f4f7fc;\r\n}\r\n<\/style>\r\n\t\t\t\t<\/div>\n\t\t\t\t<\/div>\n\t\t\t\t<\/div>\n\t\t\t\t\t<\/div>\n\t\t\t\t<\/div>\n\t\t<div class=\"elementor-element elementor-element-e5077ba e-flex e-con-boxed e-con e-parent\" data-id=\"e5077ba\" data-element_type=\"container\" data-e-type=\"container\">\n\t\t\t\t\t<div class=\"e-con-inner\">\n\t\t\t\t<div class=\"elementor-element elementor-element-424b50b elementor-widget elementor-widget-spacer\" data-id=\"424b50b\" data-element_type=\"widget\" data-e-type=\"widget\" data-widget_type=\"spacer.default\">\n\t\t\t\t<div class=\"elementor-widget-container\">\n\t\t\t\t\t\t\t<div class=\"elementor-spacer\">\n\t\t\t<div class=\"elementor-spacer-inner\"><\/div>\n\t\t<\/div>\n\t\t\t\t\t\t<\/div>\n\t\t\t\t<\/div>\n\t\t\t\t<div class=\"elementor-element elementor-element-f87f5f9 elementor-widget elementor-widget-heading\" data-id=\"f87f5f9\" data-element_type=\"widget\" data-e-type=\"widget\" data-widget_type=\"heading.default\">\n\t\t\t\t<div class=\"elementor-widget-container\">\n\t\t\t\t\t<h3 class=\"elementor-heading-title elementor-size-default\">Top 10 des communes les plus foudroy\u00e9es<\/h3>\t\t\t\t<\/div>\n\t\t\t\t<\/div>\n\t\t\t\t\t<\/div>\n\t\t\t\t<\/div>\n\t\t<div class=\"elementor-element elementor-element-4498c63 e-flex e-con-boxed e-con e-parent\" data-id=\"4498c63\" data-element_type=\"container\" data-e-type=\"container\">\n\t\t\t\t\t<div class=\"e-con-inner\">\n\t\t<div class=\"elementor-element elementor-element-f7932de e-con-full e-flex e-con e-child\" data-id=\"f7932de\" data-element_type=\"container\" data-e-type=\"container\">\n\t\t\t\t<div class=\"elementor-element elementor-element-bc2195f elementor-widget elementor-widget-heading\" data-id=\"bc2195f\" data-element_type=\"widget\" data-e-type=\"widget\" data-widget_type=\"heading.default\">\n\t\t\t\t<div class=\"elementor-widget-container\">\n\t\t\t\t\t<h4 class=\"elementor-heading-title elementor-size-default\">Par nombre d'\u00e9clairs nuage-sol <\/h4>\t\t\t\t<\/div>\n\t\t\t\t<\/div>\n\t\t\t\t<div class=\"elementor-element elementor-element-4aca22a elementor-widget elementor-widget-text-editor\" data-id=\"4aca22a\" data-element_type=\"widget\" data-e-type=\"widget\" data-widget_type=\"text-editor.default\">\n\t\t\t\t<div class=\"elementor-widget-container\">\n\t\t\t\t\t\t\t\t\t<p><em>Passer sur le graphique pour voir les valeurs.<\/em><\/p>\t\t\t\t\t\t\t\t<\/div>\n\t\t\t\t<\/div>\n\t\t\t\t<div class=\"elementor-element elementor-element-0f55b29 elementor-widget__width-inherit elementor-widget elementor-widget-ube-chart\" data-id=\"0f55b29\" data-element_type=\"widget\" data-e-type=\"widget\" data-widget_type=\"ube-chart.default\">\n\t\t\t\t<div class=\"elementor-widget-container\">\n\t\t\t\t\t<div  >\n    <canvas id=\"ube-chart-0f55b29\" class=\"ube-chart\" data-chart-type=\"bar\" data-chart-labels=\"[&quot;ARLES (BOUCHES-DU-RHONE)&quot;,&quot;PRATS-DE-MOLLO-LA-PRESTE (PYRENEES-ORIENTALES)&quot;,&quot;LACANAU (GIRONDE)&quot;,&quot;HOURTIN (GIRONDE)&quot;,&quot;GEDRE (HAUTES-PYRENEES)&quot;,&quot;BASTELICA (CORSE-DU-SUD)&quot;,&quot;LARUNS (PYRENEES-ATLANTIQUES)&quot;,&quot;LE PORGE (GIRONDE)&quot;,&quot;PRADS-HAUTE-BLEONE (ALPES-DE-HAUTE-PROVENCE)&quot;,&quot;GAVARNIE (HAUTES-PYRENEES)&quot;]\" data-chart-options=\"{&quot;scales&quot;:{&quot;y&quot;:{&quot;ticks&quot;:{&quot;display&quot;:true},&quot;grid&quot;:{&quot;display&quot;:false,&quot;drawBorder&quot;:true,&quot;drawTicks&quot;:true}},&quot;x&quot;:{&quot;ticks&quot;:{&quot;display&quot;:true},&quot;grid&quot;:{&quot;display&quot;:false,&quot;drawBorder&quot;:true,&quot;drawTicks&quot;:true}}},&quot;indexAxis&quot;:&quot;y&quot;}\" data-chart-datasets=\"[{&quot;label&quot;:&quot;Nombre d&#039;\\u00e9clairs nuage-sol &quot;,&quot;data&quot;:[338,310,308,299,250,250,248,233,232,230],&quot;backgroundColor&quot;:&quot;#8188EC&quot;,&quot;hoverBackgroundColor&quot;:&quot;#01144A&quot;,&quot;borderColor&quot;:&quot;#8188EC&quot;,&quot;hoverBorderColor&quot;:&quot;#8188EC&quot;,&quot;borderWidth&quot;:1,&quot;fill&quot;:true}]\" data-chart-additional-options=\"{&quot;chatId&quot;:&quot;ube-chart-0f55b29&quot;}\" height=\"500\"><\/canvas>\n<\/div>\t\t\t\t<\/div>\n\t\t\t\t<\/div>\n\t\t\t\t<\/div>\n\t\t<div class=\"elementor-element elementor-element-926c1e4 e-con-full e-flex e-con e-child\" data-id=\"926c1e4\" data-element_type=\"container\" data-e-type=\"container\">\n\t\t\t\t<div class=\"elementor-element elementor-element-f56e8b0 elementor-widget elementor-widget-heading\" data-id=\"f56e8b0\" data-element_type=\"widget\" data-e-type=\"widget\" data-widget_type=\"heading.default\">\n\t\t\t\t<div class=\"elementor-widget-container\">\n\t\t\t\t\t<h4 class=\"elementor-heading-title elementor-size-default\">Par densit\u00e9 de foudroiement<br>(nb d'\u00e9clair nuage-sol CG par km\u00b2\/an)<\/h4>\t\t\t\t<\/div>\n\t\t\t\t<\/div>\n\t\t\t\t<div class=\"elementor-element elementor-element-07e5376 elementor-widget elementor-widget-spacer\" data-id=\"07e5376\" data-element_type=\"widget\" data-e-type=\"widget\" data-widget_type=\"spacer.default\">\n\t\t\t\t<div class=\"elementor-widget-container\">\n\t\t\t\t\t\t\t<div class=\"elementor-spacer\">\n\t\t\t<div class=\"elementor-spacer-inner\"><\/div>\n\t\t<\/div>\n\t\t\t\t\t\t<\/div>\n\t\t\t\t<\/div>\n\t\t\t\t<div class=\"elementor-element elementor-element-d16c80d elementor-widget elementor-widget-html\" data-id=\"d16c80d\" data-element_type=\"widget\" data-e-type=\"widget\" data-widget_type=\"html.default\">\n\t\t\t\t<div class=\"elementor-widget-container\">\n\t\t\t\t\t<table>\r\n  \r\n  <\/thead>\r\n  <tbody>\r\n    <tr>\r\n      <td>01. MOULEZAN (GARD)<\/td>\r\n      <td>5,08<\/td>\r\n    <\/tr>\r\n    <tr>\r\n      <td>02. BOURG-LE-ROI (SARTHE)<\/td>\r\n      <td>4,68<\/td>\r\n    <\/tr>\r\n     <tr>\r\n      <td>03. NOHANENT (PUY-DE-DOME)<\/td>\r\n      <td>4,42<\/td>\r\n    <\/tr>\r\n     <tr>\r\n      <td>04. CAMPI (HAUTE-CORSE)<\/td>\r\n      <td>4,41<\/td>\r\n    <\/tr>\r\n     <tr>\r\n      <td>05. RONCHEROLLES-SUR-LE-VIVIER (SEINE-MARITIME)<\/td>\r\n      <td>4,39<\/td>\r\n    <\/tr>\r\n     <tr>\r\n      <td>06. MONTAGNA-LE-RECONDUIT (JURA)<\/td>\r\n      <td>4,33<\/td>\r\n    <\/tr>\r\n     <tr>\r\n      <td>07. RUSIO (HAUTE-CORSE)<\/td>\r\n      <td>4,29<\/td>\r\n    <\/tr>\r\n     <tr>\r\n      <td>08. TASSO (CORSE-DU-SUD)<\/td>\r\n      <td>4,23<\/td>\r\n    <\/tr>\r\n     <tr>\r\n      <td>09. PIEDIGRIGGIO (HAUTE-CORSE)<\/td>\r\n      <td>4,22<\/td>\r\n    <\/tr>\r\n     <tr>\r\n      <td>10. COMBAS (GARD)<\/td>\r\n      <td>4,18<\/td>\r\n    <\/tr>\r\n  <\/tbody>\r\n<\/table>\r\n<style>\r\n  table {\r\n    width: 100%;\r\n    border-collapse: collapse;\r\n  }\r\n  th, td {\r\n    border: 1px solid #ddd;\r\n    padding: 8px;\r\n  }\r\n  th {\r\n    background-color: #f4f7fc;\r\n    text-align: left;\r\n  }\r\n  tr:nth-child(even) {\r\n    background-color: #f4f7fc;\r\n}\r\n<\/style>\r\n\t\t\t\t<\/div>\n\t\t\t\t<\/div>\n\t\t\t\t<\/div>\n\t\t\t\t\t<\/div>\n\t\t\t\t<\/div>\n\t\t<div class=\"elementor-element elementor-element-12b5fac e-flex e-con-boxed e-con e-parent\" data-id=\"12b5fac\" data-element_type=\"container\" data-e-type=\"container\">\n\t\t\t\t\t<div class=\"e-con-inner\">\n\t\t\t\t<div class=\"elementor-element elementor-element-d1a7f99 elementor-widget-tablet_extra__width-initial elementor-widget elementor-widget-text-editor\" data-id=\"d1a7f99\" data-element_type=\"widget\" data-e-type=\"widget\" data-widget_type=\"text-editor.default\">\n\t\t\t\t<div class=\"elementor-widget-container\">\n\t\t\t\t\t\t\t\t\t<p>Le <strong>printemps<\/strong><span class=\"a_GcMg font-feature-liga-off font-feature-clig-off font-feature-calt-off text-decoration-none text-strikethrough-none\"> se distingue par une forte disparit\u00e9 g\u00e9ographique :<\/span><\/p><ul><li><span class=\"a_GcMg font-feature-liga-off font-feature-clig-off font-feature-calt-off text-decoration-none text-strikethrough-none\">Les r\u00e9gions du nord restent largement en marge de l\u2019activit\u00e9 orageuse.<\/span><\/li><li><span class=\"a_GcMg font-feature-liga-off font-feature-clig-off font-feature-calt-off text-decoration-none text-strikethrough-none\">Le sud du pays conna\u00eet des orages plus fr\u00e9quents, sans toutefois atteindre des niveaux remarquables \u00e0 l\u2019\u00e9chelle nationale.<\/span><\/li><\/ul><p class=\"cvGsUA direction-ltr align-start para-style-body\"><span class=\"a_GcMg font-feature-liga-off font-feature-clig-off font-feature-calt-off text-decoration-none text-strikethrough-none\">Les plaines du Sud-Ouest et certains secteurs du Centre-Est figurent parmi les zones les plus concern\u00e9es, avec des orages parfois durables et localement gr\u00ealig\u00e8nes, favoris\u00e9s par des circulations d\u00e9pressionnaires sur l\u2019Atlantique.<\/span><\/p><p class=\"cvGsUA direction-ltr align-start para-style-body\"><span class=\"a_GcMg font-feature-liga-off font-feature-clig-off font-feature-calt-off text-decoration-none text-strikethrough-none\">Malgr\u00e9 quelques \u00e9pisodes ponctuels parfois violents, l\u2019<strong>\u00e9t\u00e9<\/strong> 2025 se caract\u00e9rise par une activit\u00e9 \u00e9lectrique tr\u00e8s faible :<\/span><\/p><ul><li><span class=\"a_GcMg font-feature-liga-off font-feature-clig-off font-feature-calt-off text-decoration-none text-strikethrough-none\">Les d\u00e9gradations orageuses restent rares et souvent localis\u00e9es.<\/span><\/li><li><span class=\"a_GcMg font-feature-liga-off font-feature-clig-off font-feature-calt-off text-decoration-none text-strikethrough-none\">L\u2019est du pays conserve une activit\u00e9 mod\u00e9r\u00e9e.<\/span><\/li><li><span class=\"a_GcMg font-feature-liga-off font-feature-clig-off font-feature-calt-off text-decoration-none text-strikethrough-none\">La fa\u00e7ade atlantique et une large partie du Nord-Ouest demeurent durablement \u00e0 l\u2019\u00e9cart des orages.<\/span><\/li><\/ul><p class=\"cvGsUA direction-ltr align-start para-style-body\"><span class=\"a_GcMg font-feature-liga-off font-feature-clig-off font-feature-calt-off text-decoration-none text-strikethrough-none\">Cette situation s\u2019explique par la pr\u00e9sence r\u00e9currente de conditions anticycloniques, limitant la convection et la formation d\u2019orages. <\/span><\/p><p class=\"cvGsUA direction-ltr align-start para-style-body\"><span class=\"a_GcMg font-feature-liga-off font-feature-clig-off font-feature-calt-off text-decoration-none text-strikethrough-none\">R\u00e9sultat : <\/span><span class=\"a_GcMg font-feature-liga-off font-feature-clig-off font-feature-calt-off text-decoration-none text-strikethrough-none\">175 000<\/span><span class=\"a_GcMg font-feature-liga-off font-feature-clig-off font-feature-calt-off text-decoration-none text-strikethrough-none\"> \u00e9clairs nuage-sol sur l\u2019ensemble de l\u2019\u00e9t\u00e9, faisant de 2025 l\u2019\u00e9t\u00e9 le moins foudroy\u00e9 depuis le d\u00e9but du si\u00e8cle. soit la majorit\u00e9 annuelle.<\/span><\/p><p>L\u2019<strong>automne, <\/strong><span class=\"a_GcMg font-feature-liga-off font-feature-clig-off font-feature-calt-off text-decoration-none text-strikethrough-none\">reste globalement calme sur le plan orageux. <\/span><span class=\"a_GcMg font-feature-liga-off font-feature-clig-off font-feature-calt-off text-decoration-none text-strikethrough-none\">On note toutefois :<\/span><\/p><ul><li><span class=\"a_GcMg font-feature-liga-off font-feature-clig-off font-feature-calt-off text-decoration-none text-strikethrough-none\">Le passage d\u2019une supercellule dans le nord de la France, \u00e0 l\u2019origine d\u2019une tornade \u00e0 Ermont (Val-d\u2019Oise).<\/span><\/li><li><span class=\"a_GcMg font-feature-liga-off font-feature-clig-off font-feature-calt-off text-decoration-none text-strikethrough-none\">Quelques \u00e9pisodes pluvio-orageux plus classiques dans le Sud-Est, sans exc\u00e8s notable d\u2019activit\u00e9 \u00e9lectrique.<\/span><\/li><\/ul>\t\t\t\t\t\t\t\t<\/div>\n\t\t\t\t<\/div>\n\t\t\t\t\t<\/div>\n\t\t\t\t<\/div>\n\t\t<div class=\"elementor-element elementor-element-df90d4b e-flex e-con-boxed e-con e-parent\" data-id=\"df90d4b\" data-element_type=\"container\" data-e-type=\"container\" data-settings=\"{&quot;background_background&quot;:&quot;classic&quot;}\">\n\t\t\t\t\t<div class=\"e-con-inner\">\n\t\t\t\t<div class=\"elementor-element elementor-element-3041936 elementor-widget elementor-widget-spacer\" data-id=\"3041936\" data-element_type=\"widget\" data-e-type=\"widget\" data-widget_type=\"spacer.default\">\n\t\t\t\t<div class=\"elementor-widget-container\">\n\t\t\t\t\t\t\t<div class=\"elementor-spacer\">\n\t\t\t<div class=\"elementor-spacer-inner\"><\/div>\n\t\t<\/div>\n\t\t\t\t\t\t<\/div>\n\t\t\t\t<\/div>\n\t\t\t\t<div class=\"elementor-element elementor-element-20b4791 elementor-widget elementor-widget-heading\" data-id=\"20b4791\" data-element_type=\"widget\" data-e-type=\"widget\" data-widget_type=\"heading.default\">\n\t\t\t\t<div class=\"elementor-widget-container\">\n\t\t\t\t\t<h4 class=\"elementor-heading-title elementor-size-default\">\u00c9tude de cas<\/h4>\t\t\t\t<\/div>\n\t\t\t\t<\/div>\n\t\t\t\t<div class=\"elementor-element elementor-element-a58a40c elementor-widget elementor-widget-heading\" data-id=\"a58a40c\" data-element_type=\"widget\" data-e-type=\"widget\" data-widget_type=\"heading.default\">\n\t\t\t\t<div class=\"elementor-widget-container\">\n\t\t\t\t\t<h5 class=\"elementor-heading-title elementor-size-default\">13 juin 2025, journ\u00e9e la plus orageuse de l\u2019ann\u00e9e en Europe<\/h5>\t\t\t\t<\/div>\n\t\t\t\t<\/div>\n\t\t\t\t<div class=\"elementor-element elementor-element-afe3387 elementor-widget elementor-widget-text-editor\" data-id=\"afe3387\" data-element_type=\"widget\" data-e-type=\"widget\" data-widget_type=\"text-editor.default\">\n\t\t\t\t<div class=\"elementor-widget-container\">\n\t\t\t\t\t\t\t\t\t<p>par Joris Royet, Chef de projet M\u00e9t\u00e9o, Meteorage.<\/p>\t\t\t\t\t\t\t\t<\/div>\n\t\t\t\t<\/div>\n\t\t\t\t<div class=\"elementor-element elementor-element-979980f elementor-widget elementor-widget-text-editor\" data-id=\"979980f\" data-element_type=\"widget\" data-e-type=\"widget\" data-widget_type=\"text-editor.default\">\n\t\t\t\t<div class=\"elementor-widget-container\">\n\t\t\t\t\t\t\t\t\t<p class=\"cvGsUA direction-ltr align-start para-style-body\"><span class=\"a_GcMg font-feature-liga-off font-feature-clig-off font-feature-calt-off text-decoration-none text-strikethrough-none\">Le 13 juin 2025 constitue l\u2019\u00e9pisode \u00e9lectrique majeur de l\u2019ann\u00e9e, tant en France qu\u2019en Europe. \u00c0 l\u2019\u00e9chelle europ\u00e9enne, plus de<\/span> <strong><span class=\"a_GcMg font-feature-liga-off font-feature-clig-off font-feature-calt-off text-decoration-none text-strikethrough-none\">30 650<\/span> <\/strong><span class=\"a_GcMg font-feature-liga-off font-feature-clig-off font-feature-calt-off text-decoration-none text-strikethrough-none\"><strong>\u00e9clairs nuage-sol<\/strong> sont enregistr\u00e9s, <\/span><span class=\"a_GcMg font-feature-liga-off font-feature-clig-off font-feature-calt-off text-decoration-none text-strikethrough-none\">dont pr\u00e8s de<\/span> <strong><span class=\"a_GcMg font-feature-liga-off font-feature-clig-off font-feature-calt-off text-decoration-none text-strikethrough-none\">19 000<\/span> <\/strong><span class=\"a_GcMg font-feature-liga-off font-feature-clig-off font-feature-calt-off text-decoration-none text-strikethrough-none\"><strong>en France<\/strong>, faisant de cette journ\u00e9e le pic annuel de foudroiement.<\/span><\/p>\t\t\t\t\t\t\t\t<\/div>\n\t\t\t\t<\/div>\n\t\t\t\t\t<\/div>\n\t\t\t\t<\/div>\n\t\t<div class=\"elementor-element elementor-element-bb5265b e-flex e-con-boxed e-con e-parent\" data-id=\"bb5265b\" data-element_type=\"container\" data-e-type=\"container\" data-settings=\"{&quot;background_background&quot;:&quot;classic&quot;}\">\n\t\t\t\t\t<div class=\"e-con-inner\">\n\t\t<div class=\"elementor-element elementor-element-e2fa5e5 e-con-full e-flex e-con e-child\" data-id=\"e2fa5e5\" data-element_type=\"container\" data-e-type=\"container\">\n\t\t\t\t<div class=\"elementor-element elementor-element-9b41123 elementor-widget elementor-widget-image\" data-id=\"9b41123\" data-element_type=\"widget\" data-e-type=\"widget\" data-widget_type=\"image.default\">\n\t\t\t\t<div class=\"elementor-widget-container\">\n\t\t\t\t\t\t\t\t\t\t\t\t\t\t\t\t<a href=\"https:\/\/www.meteorage.com\/wp-content\/uploads\/2026\/01\/Densite-moyenne-des-eclairs-nuage-sol-_eclairs-CGkm\u00b2an_.webp\" data-elementor-open-lightbox=\"yes\" data-e-action-hash=\"#elementor-action%3Aaction%3Dlightbox%26settings%3DeyJpZCI6NTA2MzksInVybCI6ZmFsc2V9\">\n\t\t\t\t\t\t\t<img decoding=\"async\" src=\"https:\/\/www.meteorage.com\/wp-content\/uploads\/2026\/01\/Densite-moyenne-des-eclairs-nuage-sol-_eclairs-CGkm\u00b2an_.webp\" title=\"\" alt=\"\" loading=\"lazy\" \/>\t\t\t\t\t\t\t\t<\/a>\n\t\t\t\t\t\t\t\t\t\t\t\t\t\t\t<\/div>\n\t\t\t\t<\/div>\n\t\t\t\t<\/div>\n\t\t<div class=\"elementor-element elementor-element-00b76c4 e-con-full e-flex e-con e-child\" data-id=\"00b76c4\" data-element_type=\"container\" data-e-type=\"container\">\n\t\t\t\t<div class=\"elementor-element elementor-element-903184f elementor-widget elementor-widget-spacer\" data-id=\"903184f\" data-element_type=\"widget\" data-e-type=\"widget\" data-widget_type=\"spacer.default\">\n\t\t\t\t<div class=\"elementor-widget-container\">\n\t\t\t\t\t\t\t<div class=\"elementor-spacer\">\n\t\t\t<div class=\"elementor-spacer-inner\"><\/div>\n\t\t<\/div>\n\t\t\t\t\t\t<\/div>\n\t\t\t\t<\/div>\n\t\t\t\t<div class=\"elementor-element elementor-element-779970e elementor-widget elementor-widget-heading\" data-id=\"779970e\" data-element_type=\"widget\" data-e-type=\"widget\" data-widget_type=\"heading.default\">\n\t\t\t\t<div class=\"elementor-widget-container\">\n\t\t\t\t\t<h5 class=\"elementor-heading-title elementor-size-default\">Une journ\u00e9e hors norme dans une ann\u00e9e peu active<\/h5>\t\t\t\t<\/div>\n\t\t\t\t<\/div>\n\t\t\t\t<div class=\"elementor-element elementor-element-c7003f3 elementor-widget elementor-widget-text-editor\" data-id=\"c7003f3\" data-element_type=\"widget\" data-e-type=\"widget\" data-widget_type=\"text-editor.default\">\n\t\t\t\t<div class=\"elementor-widget-container\">\n\t\t\t\t\t\t\t\t\t<p><span class=\"a_GcMg font-feature-liga-off font-feature-clig-off font-feature-calt-off text-decoration-none text-strikethrough-none\">Le 13 juin 2025, une configuration synoptique particuli\u00e8rement propice \u00e0 la convection profonde se met en place sur l\u2019Europe occidentale.<\/span><\/p><p><span class=\"a_GcMg font-feature-liga-off font-feature-clig-off font-feature-calt-off text-decoration-none text-strikethrough-none\">Une dorsale anticyclonique s\u2019\u00e9tend de la France \u00e0 la Scandinavie, tandis que de vastes syst\u00e8mes d\u00e9pressionnaires circulent sur l\u2019Atlantique et l\u2019Europe centrale. Cette configuration cr\u00e9e une large zone de contraste thermique, avec de l\u2019air tr\u00e8s chaud en basses couches et un refroidissement marqu\u00e9 en altitude <\/span><span class=\"a_GcMg font-feature-liga-off font-feature-clig-off font-feature-calt-off text-decoration-none text-strikethrough-none\">\u2192 formation rapide de nuages orageux.<\/span><\/p><p><span class=\"a_GcMg font-feature-liga-off font-feature-clig-off font-feature-calt-off text-decoration-none text-strikethrough-none\">\u00c0 l\u2019ouest, un thalweg dynamique progresse depuis l\u2019Atlantique, et tend \u00e0 s\u2019isoler en goutte froide.<\/span> <span class=\"a_GcMg font-feature-liga-off font-feature-clig-off font-feature-calt-off text-decoration-none text-strikethrough-none\">\u00c0 son avant, un flux de sud \u00e0 sud-ouest chaud et humide apporte une masse d\u2019air tr\u00e8s instable.<\/span><\/p><p><span class=\"a_GcMg font-feature-liga-off font-feature-clig-off font-feature-calt-off text-decoration-none text-strikethrough-none\">L&rsquo;instabilit\u00e9 est renforc\u00e9e par un for\u00e7age d&rsquo;altitude, via la pr\u00e9sence d&rsquo;une branche de jet en entr\u00e9e droite divergente, favorisant l&rsquo;extension verticale rapide des cumulonimbus.<\/span><\/p><p><span class=\"a_GcMg font-feature-liga-off font-feature-clig-off font-feature-calt-off text-decoration-none text-strikethrough-none\">En basses couches, les conditions sont \u00e9galement propices :<\/span><\/p><ul><li><span class=\"a_GcMg font-feature-liga-off font-feature-clig-off font-feature-calt-off text-decoration-none text-strikethrough-none\">Convergence marqu\u00e9e des vents<\/span><\/li><li><span class=\"a_GcMg font-feature-liga-off font-feature-clig-off font-feature-calt-off text-decoration-none text-strikethrough-none\">Cisaillement significatif<\/span><\/li><li><span class=\"a_GcMg font-feature-liga-off font-feature-clig-off font-feature-calt-off text-decoration-none text-strikethrough-none\">Indices rotationnels \u00e9lev\u00e9s<\/span><\/li><\/ul><p><strong><span class=\"a_GcMg font-feature-liga-off font-feature-clig-off font-feature-calt-off text-decoration-none text-strikethrough-none\">En r\u00e9sum\u00e9: tous les ingr\u00e9dients \u00e9taient r\u00e9unis pour la formation d\u2019orages intenses.<\/span><\/strong><\/p>\t\t\t\t\t\t\t\t<\/div>\n\t\t\t\t<\/div>\n\t\t\t\t<\/div>\n\t\t\t\t\t<\/div>\n\t\t\t\t<\/div>\n\t\t<div class=\"elementor-element elementor-element-cbac60b e-flex e-con-boxed e-con e-parent\" data-id=\"cbac60b\" data-element_type=\"container\" data-e-type=\"container\" data-settings=\"{&quot;background_background&quot;:&quot;classic&quot;}\">\n\t\t\t\t\t<div class=\"e-con-inner\">\n\t\t<div class=\"elementor-element elementor-element-2fbd789 e-con-full e-flex e-con e-child\" data-id=\"2fbd789\" data-element_type=\"container\" data-e-type=\"container\">\n\t\t<div class=\"elementor-element elementor-element-9850ec9 e-con-full e-flex e-con e-child\" data-id=\"9850ec9\" data-element_type=\"container\" data-e-type=\"container\" data-settings=\"{&quot;background_background&quot;:&quot;classic&quot;}\">\n\t\t\t\t<div class=\"elementor-element elementor-element-fad5996 elementor-widget elementor-widget-image\" data-id=\"fad5996\" data-element_type=\"widget\" data-e-type=\"widget\" data-widget_type=\"image.default\">\n\t\t\t\t<div class=\"elementor-widget-container\">\n\t\t\t\t\t\t\t\t\t\t\t\t\t\t\t<img decoding=\"async\" src=\"https:\/\/www.meteorage.com\/wp-content\/uploads\/2026\/01\/GUILLEMETS-_-MTG.webp\" title=\"\" alt=\"\" loading=\"lazy\" \/>\t\t\t\t\t\t\t\t\t\t\t\t\t\t\t<\/div>\n\t\t\t\t<\/div>\n\t\t\t\t<div class=\"elementor-element elementor-element-9b418a7 elementor-widget elementor-widget-text-editor\" data-id=\"9b418a7\" data-element_type=\"widget\" data-e-type=\"widget\" data-widget_type=\"text-editor.default\">\n\t\t\t\t<div class=\"elementor-widget-container\">\n\t\t\t\t\t\t\t\t\t<p class=\"cvGsUA direction-ltr align-start para-style-body\"><span class=\"a_GcMg font-feature-liga-off font-feature-clig-off font-feature-calt-off text-decoration-none text-strikethrough-none\">En 2025, la circulation atmosph\u00e9rique \u00e0 l\u2019\u00e9chelle europ\u00e9enne a favoris\u00e9 une concentration <b>de l\u2019activit\u00e9 convective autour de la m\u00e9diterran\u00e9e<\/b>. La pr\u00e9sence r\u00e9currente de hauts g\u00e9opotentiels sur l\u2019Europe centrale et septentrionale a limit\u00e9 la progression des syst\u00e8mes instables vers le nord du continent.<\/span><\/p><p class=\"cvGsUA direction-ltr align-start para-style-body\"><span class=\"a_GcMg font-feature-liga-off font-feature-clig-off font-feature-calt-off text-decoration-none text-strikethrough-none\">En cons\u00e9quence, les circulations d\u00e9pressionnaires et les for\u00e7ages dynamiques se sont maintenus aux basses latitudes, en interaction avec <\/span><span class=\"a_GcMg font-feature-liga-off font-feature-clig-off font-feature-calt-off text-decoration-none text-strikethrough-none\">des masses d\u2019air plus chaudes et humides sur le pourtour m\u00e9diterran\u00e9en, <\/span><span class=\"a_GcMg font-feature-liga-off font-feature-clig-off font-feature-calt-off text-decoration-none text-strikethrough-none\">cr\u00e9ant un environnement plus favorable \u00e0 l\u2019activit\u00e9 \u00e9lectrique.<\/span><\/p>\t\t\t\t\t\t\t\t<\/div>\n\t\t\t\t<\/div>\n\t\t\t\t<div class=\"elementor-element elementor-element-4905d6d elementor-widget elementor-widget-text-editor\" data-id=\"4905d6d\" data-element_type=\"widget\" data-e-type=\"widget\" data-widget_type=\"text-editor.default\">\n\t\t\t\t<div class=\"elementor-widget-container\">\n\t\t\t\t\t\t\t\t\t<p><span class=\"a_GcMg font-feature-liga-off font-feature-clig-off font-feature-calt-off text-decoration-none text-strikethrough-none\">\u2014 Joris Royet, Chef de projet M\u00e9t\u00e9o, Meteorage<\/span><\/p>\t\t\t\t\t\t\t\t<\/div>\n\t\t\t\t<\/div>\n\t\t\t\t<\/div>\n\t\t\t\t<\/div>\n\t\t<div class=\"elementor-element elementor-element-b1fabd6 e-con-full e-flex e-con e-child\" data-id=\"b1fabd6\" data-element_type=\"container\" data-e-type=\"container\">\n\t\t\t\t<div class=\"elementor-element elementor-element-9ba67a7 elementor-widget elementor-widget-spacer\" data-id=\"9ba67a7\" data-element_type=\"widget\" data-e-type=\"widget\" data-widget_type=\"spacer.default\">\n\t\t\t\t<div class=\"elementor-widget-container\">\n\t\t\t\t\t\t\t<div class=\"elementor-spacer\">\n\t\t\t<div class=\"elementor-spacer-inner\"><\/div>\n\t\t<\/div>\n\t\t\t\t\t\t<\/div>\n\t\t\t\t<\/div>\n\t\t\t\t<div class=\"elementor-element elementor-element-14f1f0f elementor-widget elementor-widget-heading\" data-id=\"14f1f0f\" data-element_type=\"widget\" data-e-type=\"widget\" data-widget_type=\"heading.default\">\n\t\t\t\t<div class=\"elementor-widget-container\">\n\t\t\t\t\t<h4 class=\"elementor-heading-title elementor-size-default\">Bilan \u00e9lectrique<\/h4>\t\t\t\t<\/div>\n\t\t\t\t<\/div>\n\t\t\t\t<div class=\"elementor-element elementor-element-956c3d8 elementor-widget elementor-widget-heading\" data-id=\"956c3d8\" data-element_type=\"widget\" data-e-type=\"widget\" data-widget_type=\"heading.default\">\n\t\t\t\t<div class=\"elementor-widget-container\">\n\t\t\t\t\t<h4 class=\"elementor-heading-title elementor-size-default\">30 650 \n\u00e9clairs nuage-sol \nd\u00e9tect\u00e9s en Europe<\/h4>\t\t\t\t<\/div>\n\t\t\t\t<\/div>\n\t\t\t\t<div class=\"elementor-element elementor-element-bf87b73 elementor-widget elementor-widget-ube-chart\" data-id=\"bf87b73\" data-element_type=\"widget\" data-e-type=\"widget\" data-widget_type=\"ube-chart.default\">\n\t\t\t\t<div class=\"elementor-widget-container\">\n\t\t\t\t\t<div  >\n    <canvas id=\"ube-chart-bf87b73\" class=\"ube-chart\" data-chart-type=\"bar\" data-chart-labels=\"[&quot;France&quot;,&quot;Espagne&quot;,&quot;Royaume-Uni&quot;]\" data-chart-options=\"{&quot;animation&quot;:{&quot;easing&quot;:&quot;linear&quot;},&quot;plugins&quot;:{&quot;legend&quot;:{&quot;labels&quot;:{&quot;color&quot;:&quot;#FFFFFF&quot;}}},&quot;scales&quot;:{&quot;y&quot;:{&quot;ticks&quot;:{&quot;display&quot;:true,&quot;color&quot;:&quot;#FFFFFF&quot;},&quot;grid&quot;:{&quot;display&quot;:false,&quot;drawBorder&quot;:false,&quot;drawTicks&quot;:false}},&quot;x&quot;:{&quot;ticks&quot;:{&quot;display&quot;:true,&quot;color&quot;:&quot;#FFFFFF&quot;},&quot;grid&quot;:{&quot;display&quot;:false,&quot;drawBorder&quot;:false,&quot;drawTicks&quot;:false}}},&quot;indexAxis&quot;:&quot;y&quot;}\" data-chart-datasets=\"[{&quot;label&quot;:&quot;Nombre d\\u2019\\u00e9clairs nuage-sol (CG)&quot;,&quot;data&quot;:[18974,10403,800],&quot;backgroundColor&quot;:&quot;#FFFFFF&quot;,&quot;hoverBackgroundColor&quot;:&quot;#FFFFFF&quot;,&quot;borderColor&quot;:&quot;rgba(242,41,91,0.48)&quot;,&quot;hoverBorderColor&quot;:&quot;rgba(242,41,91,0.48)&quot;,&quot;borderWidth&quot;:0,&quot;fill&quot;:true}]\" data-chart-additional-options=\"{&quot;chatId&quot;:&quot;ube-chart-bf87b73&quot;}\" height=\"150\"><\/canvas>\n<\/div>\t\t\t\t<\/div>\n\t\t\t\t<\/div>\n\t\t\t\t<div class=\"elementor-element elementor-element-546a13f elementor-widget elementor-widget-text-editor\" data-id=\"546a13f\" data-element_type=\"widget\" data-e-type=\"widget\" data-widget_type=\"text-editor.default\">\n\t\t\t\t<div class=\"elementor-widget-container\">\n\t\t\t\t\t\t\t\t\t<p><span class=\"a_GcMg font-feature-liga-off font-feature-clig-off font-feature-calt-off text-decoration-none text-strikethrough-none\">Ces chiffres montrent un axe de forte activit\u00e9 et un dynamisme exceptionnel observ\u00e9 ce jour-l\u00e0.<\/span><\/p>\t\t\t\t\t\t\t\t<\/div>\n\t\t\t\t<\/div>\n\t\t\t\t<div class=\"elementor-element elementor-element-ad87215 elementor-widget-tablet_extra__width-initial elementor-widget elementor-widget-text-editor\" data-id=\"ad87215\" data-element_type=\"widget\" data-e-type=\"widget\" data-widget_type=\"text-editor.default\">\n\t\t\t\t<div class=\"elementor-widget-container\">\n\t\t\t\t\t\t\t\t\t<p><span class=\"a_GcMg font-feature-liga-off font-feature-clig-off font-feature-calt-off text-decoration-none text-strikethrough-none\">\u2192 <\/span>Cet \u00e9pisode a engendr\u00e9 d<span class=\"a_GcMg font-feature-liga-off font-feature-clig-off font-feature-calt-off text-decoration-none text-strikethrough-none\">es impacts marqu\u00e9s sur plusieurs r\u00e9gions fran\u00e7aises<\/span>\u00a0:<\/p><ul><li style=\"list-style-type: none;\"><ul><li><span class=\"a_GcMg font-feature-liga-off font-feature-clig-off font-feature-calt-off text-decoration-none text-strikethrough-none\"><strong>Normandie<\/strong> <\/span><span class=\"a_GcMg font-feature-liga-off font-feature-clig-off font-feature-calt-off text-decoration-none text-strikethrough-none\">: plus de 6 150 \u00e9clairs nuage-sol, record annuel r\u00e9gional, avec une forte densit\u00e9 entre l\u2019Eure, la Seine-Maritime et le Val-d\u2019Oise.<\/span><\/li><li><strong><span class=\"a_GcMg font-feature-liga-off font-feature-clig-off font-feature-calt-off text-decoration-none text-strikethrough-none\">Hauts-de-France <\/span><\/strong><span class=\"a_GcMg font-feature-liga-off font-feature-clig-off font-feature-calt-off text-decoration-none text-strikethrough-none\"><strong>:<\/strong> plus de <\/span><span class=\"a_GcMg font-feature-liga-off font-feature-clig-off font-feature-calt-off text-decoration-none text-strikethrough-none\">1600 \u00e9clairs nuage-sol en soir\u00e9e, un niveau tr\u00e8s sup\u00e9rieur aux autres \u00e9pisodes de l\u2019ann\u00e9e.<\/span><\/li><li><strong><span class=\"a_GcMg font-feature-liga-off font-feature-clig-off font-feature-calt-off text-decoration-none text-strikethrough-none\">Nouvelle-Aquitaine <\/span><\/strong><span class=\"a_GcMg font-feature-liga-off font-feature-clig-off font-feature-calt-off text-decoration-none text-strikethrough-none\">: pr\u00e8s de 6 000 \u00e9clairs nuage-sol, \u00e9galement un maximum annuel.<\/span><\/li><\/ul><\/li><\/ul>\t\t\t\t\t\t\t\t<\/div>\n\t\t\t\t<\/div>\n\t\t\t\t<\/div>\n\t\t\t\t\t<\/div>\n\t\t\t\t<\/div>\n\t\t<div class=\"elementor-element elementor-element-f9480f6 e-flex e-con-boxed e-con e-parent\" data-id=\"f9480f6\" data-element_type=\"container\" data-e-type=\"container\" data-settings=\"{&quot;background_background&quot;:&quot;classic&quot;}\">\n\t\t\t\t\t<div class=\"e-con-inner\">\n\t\t<div class=\"elementor-element elementor-element-545c38b e-con-full e-flex e-con e-child\" data-id=\"545c38b\" data-element_type=\"container\" data-e-type=\"container\" data-settings=\"{&quot;background_background&quot;:&quot;classic&quot;}\">\n\t\t\t\t<div class=\"elementor-element elementor-element-b8d3b49 elementor-widget-tablet_extra__width-initial elementor-widget elementor-widget-image\" data-id=\"b8d3b49\" data-element_type=\"widget\" data-e-type=\"widget\" data-widget_type=\"image.default\">\n\t\t\t\t<div class=\"elementor-widget-container\">\n\t\t\t\t\t\t\t\t\t\t\t\t\t\t\t<img fetchpriority=\"high\" decoding=\"async\" width=\"1744\" height=\"2000\" src=\"https:\/\/www.meteorage.com\/wp-content\/uploads\/2026\/03\/Carte-Europe-performance-2025.webp\" class=\"attachment-full size-full wp-image-50632\" alt=\"\" srcset=\"https:\/\/www.meteorage.com\/wp-content\/uploads\/2026\/03\/Carte-Europe-performance-2025.webp 1744w, https:\/\/www.meteorage.com\/wp-content\/uploads\/2026\/03\/Carte-Europe-performance-2025-262x300.webp 262w, https:\/\/www.meteorage.com\/wp-content\/uploads\/2026\/03\/Carte-Europe-performance-2025-893x1024.webp 893w, https:\/\/www.meteorage.com\/wp-content\/uploads\/2026\/03\/Carte-Europe-performance-2025-768x881.webp 768w, https:\/\/www.meteorage.com\/wp-content\/uploads\/2026\/03\/Carte-Europe-performance-2025-1339x1536.webp 1339w, https:\/\/www.meteorage.com\/wp-content\/uploads\/2026\/03\/Carte-Europe-performance-2025-543x623.webp 543w\" sizes=\"(max-width: 1744px) 100vw, 1744px\" \/>\t\t\t\t\t\t\t\t\t\t\t\t\t\t\t<\/div>\n\t\t\t\t<\/div>\n\t\t\t\t<\/div>\n\t\t\t\t\t<\/div>\n\t\t\t\t<\/div>\n\t\t<div class=\"elementor-element elementor-element-20c84cfb e-flex e-con-boxed e-con e-parent\" data-id=\"20c84cfb\" data-element_type=\"container\" data-e-type=\"container\" data-settings=\"{&quot;background_background&quot;:&quot;classic&quot;}\">\n\t\t\t\t\t<div class=\"e-con-inner\">\n\t\t<div class=\"elementor-element elementor-element-58d7cf9d e-flex e-con-boxed e-con e-child\" data-id=\"58d7cf9d\" data-element_type=\"container\" data-e-type=\"container\">\n\t\t\t\t\t<div class=\"e-con-inner\">\n\t\t\t\t<div class=\"elementor-element elementor-element-4ab44759 elementor-widget elementor-widget-heading\" data-id=\"4ab44759\" data-element_type=\"widget\" data-e-type=\"widget\" data-widget_type=\"heading.default\">\n\t\t\t\t<div class=\"elementor-widget-container\">\n\t\t\t\t\t<h2 class=\"elementor-heading-title elementor-size-default\">2025, une ann\u00e9e calme, mais des impacts bien r\u00e9els.<\/h2>\t\t\t\t<\/div>\n\t\t\t\t<\/div>\n\t\t\t\t\t<\/div>\n\t\t\t\t<\/div>\n\t\t<div class=\"elementor-element elementor-element-f077586 e-con-full e-flex e-con e-child\" data-id=\"f077586\" data-element_type=\"container\" data-e-type=\"container\" data-settings=\"{&quot;background_background&quot;:&quot;classic&quot;}\">\n\t\t\t\t<div class=\"elementor-element elementor-element-2954571 elementor-widget elementor-widget-heading\" data-id=\"2954571\" data-element_type=\"widget\" data-e-type=\"widget\" data-widget_type=\"heading.default\">\n\t\t\t\t<div class=\"elementor-widget-container\">\n\t\t\t\t\t<h4 class=\"elementor-heading-title elementor-size-default\">Accidents marquants en 2025<\/h4>\t\t\t\t<\/div>\n\t\t\t\t<\/div>\n\t\t\t\t<div class=\"elementor-element elementor-element-51ec2bd elementor-widget elementor-widget-text-editor\" data-id=\"51ec2bd\" data-element_type=\"widget\" data-e-type=\"widget\" data-widget_type=\"text-editor.default\">\n\t\t\t\t<div class=\"elementor-widget-container\">\n\t\t\t\t\t\t\t\t\t<p class=\"cvGsUA direction-ltr align-start para-style-body\"><span class=\"a_GcMg font-feature-liga-off font-feature-clig-off font-feature-calt-off text-decoration-none text-strikethrough-none\"><strong>\u00c9nergie<\/strong> <\/span><span class=\"a_GcMg font-feature-liga-off font-feature-clig-off font-feature-calt-off text-decoration-none text-strikethrough-none\">: \u00e9oliennes endommag\u00e9es ou d\u00e9truites par la foudre aux Pays-Bas, en Espagne et en France, entra\u00eenant des incendies et des pertes \u00e9conomiques majeures.<\/span><\/p><p><span class=\"a_GcMg font-feature-liga-off font-feature-clig-off font-feature-calt-off text-decoration-none text-strikethrough-none\"><strong>Transports<\/strong> <\/span><span class=\"a_GcMg font-feature-liga-off font-feature-clig-off font-feature-calt-off text-decoration-none text-strikethrough-none\">: retards et interruptions dans l\u2019a\u00e9rien (a\u00e9roports Orly, CDG) et le ferroviaire<\/span> <span class=\"a_GcMg font-feature-liga-off font-feature-clig-off font-feature-calt-off text-decoration-none text-strikethrough-none\">en France en Allemagne ou encore au Royaume-Uni, suite \u00e0 des impacts sur les syst\u00e8mes de signalisation.<\/span><\/p><p><span class=\"a_GcMg font-feature-liga-off font-feature-clig-off font-feature-calt-off text-decoration-none text-strikethrough-none\"><strong>Industrie<\/strong> : <\/span><span class=\"a_GcMg font-feature-liga-off font-feature-clig-off font-feature-calt-off text-decoration-none text-strikethrough-none\">arr\u00eats d\u2019activit\u00e9 et d\u00e9g\u00e2ts mat\u00e9riels apr\u00e8s impacts directs sur des sites industriels (distillerie en Charente, ateliers dans l\u2019Eure) et des infrastructures de loisirs (t\u00e9l\u00e9ph\u00e9rique en Italie).<\/span><\/p><p><span class=\"a_GcMg font-feature-liga-off font-feature-clig-off font-feature-calt-off text-decoration-none text-strikethrough-none\"><strong>Agriculture<\/strong> : <\/span><span class=\"a_GcMg font-feature-liga-off font-feature-clig-off font-feature-calt-off text-decoration-none text-strikethrough-none\">mortalit\u00e9 parfois collective de troupeaux en Espagne et en Irlande<\/span><\/p><p><span class=\"a_GcMg font-feature-liga-off font-feature-clig-off font-feature-calt-off text-decoration-none text-strikethrough-none\"><strong>Environnement<\/strong> : <\/span><span class=\"a_GcMg font-feature-liga-off font-feature-clig-off font-feature-calt-off text-decoration-none text-strikethrough-none\">au moins deux incendies de for\u00eat majeurs ont \u00e9t\u00e9 d\u00e9clench\u00e9s par la foudre, en Suisse (Tessin) et au Portugal (district de Coimbra)<\/span><\/p>\t\t\t\t\t\t\t\t<\/div>\n\t\t\t\t<\/div>\n\t\t\t\t<\/div>\n\t\t<div class=\"elementor-element elementor-element-55552bb5 two-col-row link-type-card e-con-full e-flex e-con e-child\" data-id=\"55552bb5\" data-element_type=\"container\" data-e-type=\"container\">\n\t\t\t\t<div class=\"elementor-element elementor-element-3b922c5 elementor-widget-tablet_extra__width-initial elementor-widget elementor-widget-text-editor\" data-id=\"3b922c5\" data-element_type=\"widget\" data-e-type=\"widget\" data-widget_type=\"text-editor.default\">\n\t\t\t\t<div class=\"elementor-widget-container\">\n\t\t\t\t\t\t\t\t\t<p>FAIBLE ACTIVIT\u00c9 \u2260 FAIBLE RISQUE<\/p>\t\t\t\t\t\t\t\t<\/div>\n\t\t\t\t<\/div>\n\t\t\t\t<div class=\"elementor-element elementor-element-469979e elementor-widget-tablet_extra__width-initial elementor-widget elementor-widget-text-editor\" data-id=\"469979e\" data-element_type=\"widget\" data-e-type=\"widget\" data-widget_type=\"text-editor.default\">\n\t\t\t\t<div class=\"elementor-widget-container\">\n\t\t\t\t\t\t\t\t\t<p>Si l\u2019ann\u00e9e 2025 s\u2019inscrit comme moins orageuse que la normale \u00e0 l\u2019\u00e9chelle europ\u00e9enne, le risque li\u00e9 \u00e0 la foudre reste pleinement d\u2019actualit\u00e9, le nombre total d\u2019\u00e9clairs n\u2019\u00e9tant jamais suffisant pour \u00e9valuer votre exposition.<br><\/p>\n<p>Chaque orage, m\u00eame mod\u00e9r\u00e9, peut provoquer des dommages importants, parfois inattendus : <br>interruptions d\u2019activit\u00e9, d\u00e9gradations d\u2019\u00e9quipements sensibles, pertes \u00e9conomiques ou risques humains.<\/p>\t\t\t\t\t\t\t\t<\/div>\n\t\t\t\t<\/div>\n\t\t\t\t<\/div>\n\t\t\t\t\t<\/div>\n\t\t\t\t<\/div>\n\t\t<div class=\"elementor-element elementor-element-3e412e0 e-flex e-con-boxed e-con e-parent\" data-id=\"3e412e0\" data-element_type=\"container\" data-e-type=\"container\">\n\t\t\t\t\t<div class=\"e-con-inner\">\n\t\t\t\t<div class=\"elementor-element elementor-element-b68cb75 elementor-widget elementor-widget-spacer\" data-id=\"b68cb75\" data-element_type=\"widget\" data-e-type=\"widget\" data-widget_type=\"spacer.default\">\n\t\t\t\t<div class=\"elementor-widget-container\">\n\t\t\t\t\t\t\t<div class=\"elementor-spacer\">\n\t\t\t<div class=\"elementor-spacer-inner\"><\/div>\n\t\t<\/div>\n\t\t\t\t\t\t<\/div>\n\t\t\t\t<\/div>\n\t\t\t\t<div class=\"elementor-element elementor-element-1ec35342 elementor-widget elementor-widget-heading\" data-id=\"1ec35342\" data-element_type=\"widget\" data-e-type=\"widget\" data-widget_type=\"heading.default\">\n\t\t\t\t<div class=\"elementor-widget-container\">\n\t\t\t\t\t<h4 class=\"elementor-heading-title elementor-size-default\">Un risque permanent, \nsans fronti\u00e8re ni saison<\/h4>\t\t\t\t<\/div>\n\t\t\t\t<\/div>\n\t\t\t\t<div class=\"elementor-element elementor-element-3728be24 elementor-widget elementor-widget-text-editor\" data-id=\"3728be24\" data-element_type=\"widget\" data-e-type=\"widget\" data-widget_type=\"text-editor.default\">\n\t\t\t\t<div class=\"elementor-widget-container\">\n\t\t\t\t\t\t\t\t\t<p><span class=\"a_GcMg font-feature-liga-off font-feature-clig-off font-feature-calt-off text-decoration-none text-strikethrough-none\">L\u2019analyse des accidents survenus en 2025 confirme que les cons\u00e9quences de la foudre<\/span><span class=\"a_GcMg font-feature-liga-off font-feature-clig-off font-feature-calt-off text-decoration-none text-strikethrough-none\"> ne se limitent ni aux situations extr\u00eames, ni \u00e0 la seule p\u00e9riode estivale<\/span><span class=\"a_GcMg font-feature-liga-off font-feature-clig-off font-feature-calt-off text-decoration-none text-strikethrough-none\">. Les \u00e9v\u00e9nements recens\u00e9s s\u2019\u00e9talent sur toute l\u2019ann\u00e9e, d\u00e9montrant que le risque est permanent, y compris lors de ph\u00e9nom\u00e8nes jug\u00e9s mineurs. Il est essentiel de rappeler que la majorit\u00e9 des accidents graves surviennent lors de journ\u00e9es class\u00e9es en vigilance jaune, voire sans alerte particuli\u00e8re.<\/span><\/p><p><strong><span class=\"a_GcMg font-feature-liga-off font-feature-clig-off font-feature-calt-off text-decoration-none text-strikethrough-none\">L<\/span><\/strong><span class=\"a_GcMg font-feature-liga-off font-feature-clig-off font-feature-calt-off text-decoration-none text-strikethrough-none\"><strong>\u2019accident du zoo de la Barben (France)<\/strong>,<\/span><span class=\"a_GcMg font-feature-liga-off font-feature-clig-off font-feature-calt-off text-decoration-none text-strikethrough-none\"> survenu lors d\u2019une journ\u00e9e orageuse mais loin d\u2019\u00eatre exceptionnelle, en est une illustration frappante. Cela souligne la n\u00e9cessit\u00e9 d\u2019une vigilance constante, m\u00eame lors d\u2019\u00e9pisodes qualifi\u00e9s de \u00ab\u202fmod\u00e9r\u00e9s\u202f\u00bb.<\/span><\/p>\t\t\t\t\t\t\t\t<\/div>\n\t\t\t\t<\/div>\n\t\t\t\t\t<\/div>\n\t\t\t\t<\/div>\n\t\t<div class=\"elementor-element elementor-element-1fefe6ed container-bg services-section e-con-full e-flex e-con e-parent\" data-id=\"1fefe6ed\" data-element_type=\"container\" data-e-type=\"container\">\n\t\t<div class=\"elementor-element elementor-element-263fee49 e-flex e-con-boxed e-con e-child\" data-id=\"263fee49\" data-element_type=\"container\" data-e-type=\"container\">\n\t\t\t\t\t<div class=\"e-con-inner\">\n\t\t\t\t<div class=\"elementor-element elementor-element-1905f518 section-title elementor-widget elementor-widget-heading\" data-id=\"1905f518\" data-element_type=\"widget\" data-e-type=\"widget\" data-widget_type=\"heading.default\">\n\t\t\t\t<div class=\"elementor-widget-container\">\n\t\t\t\t\t<h2 class=\"elementor-heading-title elementor-size-default\">Pr\u00e9venir pour mieux prot\u00e9ger <\/h2>\t\t\t\t<\/div>\n\t\t\t\t<\/div>\n\t\t\t\t<div class=\"elementor-element elementor-element-73a0dfee elementor-widget elementor-widget-text-editor\" data-id=\"73a0dfee\" data-element_type=\"widget\" data-e-type=\"widget\" data-widget_type=\"text-editor.default\">\n\t\t\t\t<div class=\"elementor-widget-container\">\n\t\t\t\t\t\t\t\t\t<p><span class=\"a_GcMg font-feature-liga-off font-feature-clig-off font-feature-calt-off text-decoration-none text-strikethrough-none\">Face \u00e0 ce risque diffus, il est indispensable d\u2019adopter des <\/span><span class=\"a_GcMg font-feature-liga-off font-feature-clig-off font-feature-calt-off text-decoration-none text-strikethrough-none\">mesures de pr\u00e9vention adapt\u00e9es<\/span><span class=\"a_GcMg font-feature-liga-off font-feature-clig-off font-feature-calt-off text-decoration-none text-strikethrough-none\">\u202f: <\/span><span class=\"a_GcMg font-feature-liga-off font-feature-clig-off font-feature-calt-off text-decoration-none text-strikethrough-none\">sensibilisation<\/span><span class=\"a_GcMg font-feature-liga-off font-feature-clig-off font-feature-calt-off text-decoration-none text-strikethrough-none\">, <\/span><span class=\"a_GcMg font-feature-liga-off font-feature-clig-off font-feature-calt-off text-decoration-none text-strikethrough-none\">organisation <\/span><span class=\"a_GcMg font-feature-liga-off font-feature-clig-off font-feature-calt-off text-decoration-none text-strikethrough-none\">des activit\u00e9s ext\u00e9rieures, <\/span><span class=\"a_GcMg font-feature-liga-off font-feature-clig-off font-feature-calt-off text-decoration-none text-strikethrough-none\">protection <\/span><span class=\"a_GcMg font-feature-liga-off font-feature-clig-off font-feature-calt-off text-decoration-none text-strikethrough-none\">des infrastructures, <\/span><span class=\"a_GcMg font-feature-liga-off font-feature-clig-off font-feature-calt-off text-decoration-none text-strikethrough-none\">diffusion <\/span><span class=\"a_GcMg font-feature-liga-off font-feature-clig-off font-feature-calt-off text-decoration-none text-strikethrough-none\">de bonnes pratiques aupr\u00e8s des \u00e9quipes expos\u00e9es.<\/span><\/p><p class=\"cvGsUA direction-ltr align-start para-style-body\"><span class=\"a_GcMg font-feature-liga-off font-feature-clig-off font-feature-calt-off text-decoration-none text-strikethrough-none\">C\u2019est dans cette logique que Meteorage vous accompagne pour mieux vous prot\u00e9ger, <\/span><span class=\"a_GcMg font-feature-liga-off font-feature-clig-off font-feature-calt-off text-decoration-none text-strikethrough-none\">de la formation \u00e0 la donn\u00e9e foudre<\/span><span class=\"a_GcMg font-feature-liga-off font-feature-clig-off font-feature-calt-off text-decoration-none text-strikethrough-none\">, en passant par des<\/span><span class=\"a_GcMg font-feature-liga-off font-feature-clig-off font-feature-calt-off text-decoration-none text-strikethrough-none\"> services d\u2019alerte<\/span><span class=\"a_GcMg font-feature-liga-off font-feature-clig-off font-feature-calt-off text-decoration-none text-strikethrough-none\">,<\/span><span class=\"a_GcMg font-feature-liga-off font-feature-clig-off font-feature-calt-off text-decoration-none text-strikethrough-none\"> d&rsquo;analyse et d\u2019aide \u00e0 la d\u00e9cision<\/span><span class=\"a_GcMg font-feature-liga-off font-feature-clig-off font-feature-calt-off text-decoration-none text-strikethrough-none\">. Cette expertise s\u2019inscrit \u00e9galement dans une mission plus large de diffusion de la culture du risque, \u00e0 travers nos engagements en normalisation, nos \u00e9tudes et publications \u00e0 l&rsquo;international, <\/span><span class=\"a_GcMg font-feature-liga-off font-feature-clig-off font-feature-calt-off text-decoration-none text-strikethrough-none\">ainsi que des actions p\u00e9dagogiques <\/span><span class=\"a_GcMg font-feature-liga-off font-feature-clig-off font-feature-calt-off text-decoration-none text-strikethrough-none\">et des messages de pr\u00e9vention <\/span><span class=\"a_GcMg font-feature-liga-off font-feature-clig-off font-feature-calt-off text-decoration-none text-strikethrough-none\">accessibles \u00e0 tous.<\/span><\/p>\t\t\t\t\t\t\t\t<\/div>\n\t\t\t\t<\/div>\n\t\t\t\t<div class=\"elementor-element elementor-element-5a46460 elementor-widget-tablet_extra__width-initial elementor-widget elementor-widget-image\" data-id=\"5a46460\" data-element_type=\"widget\" data-e-type=\"widget\" data-widget_type=\"image.default\">\n\t\t\t\t<div class=\"elementor-widget-container\">\n\t\t\t\t\t\t\t\t\t\t\t\t\t\t\t\t<a href=\"https:\/\/www.meteorage.com\/wp-content\/uploads\/2026\/01\/Design-sans-titre-_1_.webp\" data-elementor-open-lightbox=\"yes\" data-elementor-lightbox-title=\"Group-16671.webp\" data-e-action-hash=\"#elementor-action%3Aaction%3Dlightbox%26settings%3DeyJpZCI6NTA2MjAsInVybCI6Imh0dHBzOlwvXC93d3cubWV0ZW9yYWdlLmNvbVwvd3AtY29udGVudFwvdXBsb2Fkc1wvMjAyNlwvMDNcL0dyb3VwLTE2NjcxLndlYnAifQ%3D%3D\">\n\t\t\t\t\t\t\t<img decoding=\"async\" width=\"1024\" height=\"303\" src=\"https:\/\/www.meteorage.com\/wp-content\/uploads\/2026\/03\/Group-16671-1024x303.webp\" class=\"attachment-large size-large wp-image-50620\" alt=\"\" srcset=\"https:\/\/www.meteorage.com\/wp-content\/uploads\/2026\/03\/Group-16671-1024x303.webp 1024w, https:\/\/www.meteorage.com\/wp-content\/uploads\/2026\/03\/Group-16671-300x89.webp 300w, https:\/\/www.meteorage.com\/wp-content\/uploads\/2026\/03\/Group-16671-768x227.webp 768w, https:\/\/www.meteorage.com\/wp-content\/uploads\/2026\/03\/Group-16671-1536x455.webp 1536w, https:\/\/www.meteorage.com\/wp-content\/uploads\/2026\/03\/Group-16671-543x161.webp 543w, https:\/\/www.meteorage.com\/wp-content\/uploads\/2026\/03\/Group-16671.webp 2020w\" sizes=\"(max-width: 1024px) 100vw, 1024px\" \/>\t\t\t\t\t\t\t\t<\/a>\n\t\t\t\t\t\t\t\t\t\t\t\t\t\t\t<\/div>\n\t\t\t\t<\/div>\n\t\t\t\t<div class=\"elementor-element elementor-element-8194ff1 elementor-widget elementor-widget-text-editor\" data-id=\"8194ff1\" data-element_type=\"widget\" data-e-type=\"widget\" data-widget_type=\"text-editor.default\">\n\t\t\t\t<div class=\"elementor-widget-container\">\n\t\t\t\t\t\t\t\t\t<p><span class=\"a_GcMg font-feature-liga-off font-feature-clig-off font-feature-calt-off text-decoration-none text-strikethrough-none\">Chez Meteorage, <\/span><span class=\"a_GcMg font-feature-liga-off font-feature-clig-off font-feature-calt-off text-decoration-none text-strikethrough-none\">nous vous accompagnons pour <strong>anticiper<\/strong>, <strong>surveiller<\/strong> et <strong>g\u00e9rer ces risques orageux<\/strong> gr\u00e2ce \u00e0 des solutions adapt\u00e9es \u00e0 chaque secteur d\u2019activit\u00e9. <\/span><span class=\"a_GcMg font-feature-liga-off font-feature-clig-off font-feature-calt-off text-decoration-none text-strikethrough-none\">Chaque jour, nos donn\u00e9es vous permettent de <\/span><span class=\"a_GcMg font-feature-liga-off font-feature-clig-off font-feature-calt-off text-decoration-none text-strikethrough-none\">pr\u00e9voir les arr\u00eats planifi\u00e9s, prot\u00e9ger vos \u00e9quipes sur site, assurer la continuit\u00e9 de vos services et s\u00e9curiser vos interventions prioritaires.<\/span><\/p>\t\t\t\t\t\t\t\t<\/div>\n\t\t\t\t<\/div>\n\t\t\t\t\t<\/div>\n\t\t\t\t<\/div>\n\t\t\t\t<\/div>\n\t\t<div class=\"elementor-element elementor-element-fa90b48 e-flex e-con-boxed e-con e-parent\" data-id=\"fa90b48\" data-element_type=\"container\" data-e-type=\"container\">\n\t\t\t\t\t<div class=\"e-con-inner\">\n\t\t\t\t<div class=\"elementor-element elementor-element-8320152 elementor-widget-divider--view-line elementor-widget elementor-widget-divider\" data-id=\"8320152\" data-element_type=\"widget\" data-e-type=\"widget\" data-widget_type=\"divider.default\">\n\t\t\t\t<div class=\"elementor-widget-container\">\n\t\t\t\t\t\t\t<div class=\"elementor-divider\">\n\t\t\t<span class=\"elementor-divider-separator\">\n\t\t\t\t\t\t<\/span>\n\t\t<\/div>\n\t\t\t\t\t\t<\/div>\n\t\t\t\t<\/div>\n\t\t\t\t\t<\/div>\n\t\t\t\t<\/div>\n\t\t<div class=\"elementor-element elementor-element-4b1435d e-flex e-con-boxed e-con e-parent\" data-id=\"4b1435d\" data-element_type=\"container\" data-e-type=\"container\">\n\t\t\t\t\t<div class=\"e-con-inner\">\n\t\t<div class=\"elementor-element elementor-element-cd4e950 e-con-full e-flex e-con e-child\" data-id=\"cd4e950\" data-element_type=\"container\" data-e-type=\"container\" data-settings=\"{&quot;background_background&quot;:&quot;classic&quot;}\">\n\t\t\t\t<div class=\"elementor-element elementor-element-3346a36 elementor-widget elementor-widget-spacer\" data-id=\"3346a36\" data-element_type=\"widget\" data-e-type=\"widget\" data-widget_type=\"spacer.default\">\n\t\t\t\t<div class=\"elementor-widget-container\">\n\t\t\t\t\t\t\t<div class=\"elementor-spacer\">\n\t\t\t<div class=\"elementor-spacer-inner\"><\/div>\n\t\t<\/div>\n\t\t\t\t\t\t<\/div>\n\t\t\t\t<\/div>\n\t\t\t\t<div class=\"elementor-element elementor-element-177ba3d elementor-widget elementor-widget-heading\" data-id=\"177ba3d\" data-element_type=\"widget\" data-e-type=\"widget\" data-widget_type=\"heading.default\">\n\t\t\t\t<div class=\"elementor-widget-container\">\n\t\t\t\t\t<h3 class=\"elementor-heading-title elementor-size-default\">D\u00e9couvrez la densit\u00e9 de foudroiement d'un lieu<\/h3>\t\t\t\t<\/div>\n\t\t\t\t<\/div>\n\t\t\t\t<div class=\"elementor-element elementor-element-356ea42 elementor-widget elementor-widget-spacer\" data-id=\"356ea42\" data-element_type=\"widget\" data-e-type=\"widget\" data-widget_type=\"spacer.default\">\n\t\t\t\t<div class=\"elementor-widget-container\">\n\t\t\t\t\t\t\t<div class=\"elementor-spacer\">\n\t\t\t<div class=\"elementor-spacer-inner\"><\/div>\n\t\t<\/div>\n\t\t\t\t\t\t<\/div>\n\t\t\t\t<\/div>\n\t\t\t\t<div class=\"elementor-element elementor-element-f136e3a elementor-widget elementor-widget-text-editor\" data-id=\"f136e3a\" data-element_type=\"widget\" data-e-type=\"widget\" data-widget_type=\"text-editor.default\">\n\t\t\t\t<div class=\"elementor-widget-container\">\n\t\t\t\t\t\t\t\t\t<p><b>Visualisez la densit\u00e9 de foudroiement des 10 derni\u00e8res ann\u00e9es de votre r\u00e9gion, de votre d\u00e9partement et de votre commune<\/b> sur notre Carte interactive de foudroiement en France.\u00a0<\/p><p>Zoomez (en haut \u00e0 gauche) pour afficher votre r\u00e9gion, votre d\u00e9partement avec la ville la plus foudroy\u00e9e et celle la moins foudroy\u00e9e. Ou indiquez une adresse pr\u00e9cise dans la barre de recherche (en haut \u00e0 droite). Vous pourrez \u00e9galement acheter en ligne les donn\u00e9es foudre de votre commune.<\/p>\t\t\t\t\t\t\t\t<\/div>\n\t\t\t\t<\/div>\n\t\t\t\t<div class=\"elementor-element elementor-element-4be11f1 elementor-align-center elementor-hidden-desktop elementor-hidden-tablet_extra elementor-widget elementor-widget-button\" data-id=\"4be11f1\" data-element_type=\"widget\" data-e-type=\"widget\" data-widget_type=\"button.default\">\n\t\t\t\t<div class=\"elementor-widget-container\">\n\t\t\t\t\t\t\t\t\t<div class=\"elementor-button-wrapper\">\n\t\t\t\t\t<a class=\"elementor-button elementor-button-link elementor-size-lg\" href=\"https:\/\/public.meteorage.fr\/web_statsmap\/web_statsmap.html\" target=\"_blank\">\n\t\t\t\t\t\t<span class=\"elementor-button-content-wrapper\">\n\t\t\t\t\t\t\t\t\t<span class=\"elementor-button-text\">D\u00e9couvrir notre carte<\/span>\n\t\t\t\t\t<\/span>\n\t\t\t\t\t<\/a>\n\t\t\t\t<\/div>\n\t\t\t\t\t\t\t\t<\/div>\n\t\t\t\t<\/div>\n\t\t\t\t<div class=\"elementor-element elementor-element-45843df elementor-widget elementor-widget-spacer\" data-id=\"45843df\" data-element_type=\"widget\" data-e-type=\"widget\" data-widget_type=\"spacer.default\">\n\t\t\t\t<div class=\"elementor-widget-container\">\n\t\t\t\t\t\t\t<div class=\"elementor-spacer\">\n\t\t\t<div class=\"elementor-spacer-inner\"><\/div>\n\t\t<\/div>\n\t\t\t\t\t\t<\/div>\n\t\t\t\t<\/div>\n\t\t\t\t<div class=\"elementor-element elementor-element-2ef3b44 elementor-hidden-tablet elementor-hidden-mobile elementor-widget__width-initial elementor-widget elementor-widget-html\" data-id=\"2ef3b44\" data-element_type=\"widget\" data-e-type=\"widget\" data-widget_type=\"html.default\">\n\t\t\t\t<div class=\"elementor-widget-container\">\n\t\t\t\t\t<iframe src=\"https:\/\/public.meteorage.fr\/web_statsmap\/web_statsmap.html\" width=\"60%\" height=\"900\"><\/iframe>\t\t\t\t<\/div>\n\t\t\t\t<\/div>\n\t\t\t\t<\/div>\n\t\t\t\t\t<\/div>\n\t\t\t\t<\/div>\n\t\t<div class=\"elementor-element elementor-element-0d5c700 e-flex e-con-boxed e-con e-parent\" data-id=\"0d5c700\" data-element_type=\"container\" data-e-type=\"container\">\n\t\t\t\t\t<div class=\"e-con-inner\">\n\t\t\t\t<div class=\"elementor-element elementor-element-0826c94 elementor-widget-divider--view-line elementor-widget elementor-widget-divider\" data-id=\"0826c94\" data-element_type=\"widget\" data-e-type=\"widget\" data-widget_type=\"divider.default\">\n\t\t\t\t<div class=\"elementor-widget-container\">\n\t\t\t\t\t\t\t<div class=\"elementor-divider\">\n\t\t\t<span class=\"elementor-divider-separator\">\n\t\t\t\t\t\t<\/span>\n\t\t<\/div>\n\t\t\t\t\t\t<\/div>\n\t\t\t\t<\/div>\n\t\t\t\t\t<\/div>\n\t\t\t\t<\/div>\n\t\t<div class=\"elementor-element elementor-element-a769fcd e-flex e-con-boxed e-con e-parent\" data-id=\"a769fcd\" data-element_type=\"container\" data-e-type=\"container\">\n\t\t\t\t\t<div class=\"e-con-inner\">\n\t\t\t\t<div class=\"elementor-element elementor-element-4e38b01 elementor-widget elementor-widget-menu-anchor\" data-id=\"4e38b01\" data-element_type=\"widget\" data-e-type=\"widget\" data-widget_type=\"menu-anchor.default\">\n\t\t\t\t<div class=\"elementor-widget-container\">\n\t\t\t\t\t\t\t<div class=\"elementor-menu-anchor\" id=\"terminologie\"><\/div>\n\t\t\t\t\t\t<\/div>\n\t\t\t\t<\/div>\n\t\t\t\t<div class=\"elementor-element elementor-element-fcf1797 elementor-widget elementor-widget-spacer\" data-id=\"fcf1797\" data-element_type=\"widget\" data-e-type=\"widget\" data-widget_type=\"spacer.default\">\n\t\t\t\t<div class=\"elementor-widget-container\">\n\t\t\t\t\t\t\t<div class=\"elementor-spacer\">\n\t\t\t<div class=\"elementor-spacer-inner\"><\/div>\n\t\t<\/div>\n\t\t\t\t\t\t<\/div>\n\t\t\t\t<\/div>\n\t\t\t\t\t<\/div>\n\t\t\t\t<\/div>\n\t\t<div class=\"elementor-element elementor-element-1a5644b e-flex e-con-boxed e-con e-parent\" data-id=\"1a5644b\" data-element_type=\"container\" data-e-type=\"container\">\n\t\t\t\t\t<div class=\"e-con-inner\">\n\t\t\t\t<div class=\"elementor-element elementor-element-2581951 elementor-widget elementor-widget-heading\" data-id=\"2581951\" data-element_type=\"widget\" data-e-type=\"widget\" data-widget_type=\"heading.default\">\n\t\t\t\t<div class=\"elementor-widget-container\">\n\t\t\t\t\t<h3 class=\"elementor-heading-title elementor-size-default\">Terminologie<\/h3>\t\t\t\t<\/div>\n\t\t\t\t<\/div>\n\t\t\t\t<div class=\"elementor-element elementor-element-7718d75 elementor-widget elementor-widget-text-editor\" data-id=\"7718d75\" data-element_type=\"widget\" data-e-type=\"widget\" data-widget_type=\"text-editor.default\">\n\t\t\t\t<div class=\"elementor-widget-container\">\n\t\t\t\t\t\t\t\t\t<p>Pour une meilleure compr\u00e9hension des informations communiqu\u00e9es dans ce rapport, nous vous partageons des d\u00e9finitions de termes fr\u00e9quemment utilis\u00e9s.<\/p>\t\t\t\t\t\t\t\t<\/div>\n\t\t\t\t<\/div>\n\t\t\t\t\t<\/div>\n\t\t\t\t<\/div>\n\t\t<div class=\"elementor-element elementor-element-f4ec070 e-flex e-con-boxed e-con e-parent\" data-id=\"f4ec070\" data-element_type=\"container\" data-e-type=\"container\">\n\t\t\t\t\t<div class=\"e-con-inner\">\n\t\t\t\t<div class=\"elementor-element elementor-element-9a35bca elementor-widget elementor-widget-spacer\" data-id=\"9a35bca\" data-element_type=\"widget\" data-e-type=\"widget\" data-widget_type=\"spacer.default\">\n\t\t\t\t<div class=\"elementor-widget-container\">\n\t\t\t\t\t\t\t<div class=\"elementor-spacer\">\n\t\t\t<div class=\"elementor-spacer-inner\"><\/div>\n\t\t<\/div>\n\t\t\t\t\t\t<\/div>\n\t\t\t\t<\/div>\n\t\t\t\t\t<\/div>\n\t\t\t\t<\/div>\n\t\t<div class=\"elementor-element elementor-element-8533a0b e-flex e-con-boxed e-con e-parent\" data-id=\"8533a0b\" data-element_type=\"container\" data-e-type=\"container\">\n\t\t\t\t\t<div class=\"e-con-inner\">\n\t\t<div class=\"elementor-element elementor-element-34f5c93 e-con-full e-flex e-con e-child\" data-id=\"34f5c93\" data-element_type=\"container\" data-e-type=\"container\">\n\t\t\t\t<div class=\"elementor-element elementor-element-bd4baa1 elementor-widget elementor-widget-heading\" data-id=\"bd4baa1\" data-element_type=\"widget\" data-e-type=\"widget\" data-widget_type=\"heading.default\">\n\t\t\t\t<div class=\"elementor-widget-container\">\n\t\t\t\t\t<h4 class=\"elementor-heading-title elementor-size-default\">Eclair<\/h4>\t\t\t\t<\/div>\n\t\t\t\t<\/div>\n\t\t\t\t<div class=\"elementor-element elementor-element-8e9d740 elementor-widget elementor-widget-text-editor\" data-id=\"8e9d740\" data-element_type=\"widget\" data-e-type=\"widget\" data-widget_type=\"text-editor.default\">\n\t\t\t\t<div class=\"elementor-widget-container\">\n\t\t\t\t\t\t\t\t\t<p>Ensemble des d\u00e9charges de courant et d&rsquo;impulsions \u00e9lectriques lors d&rsquo;un ph\u00e9nom\u00e8ne orageux avec de la foudre. <br \/>Un \u00e9clair peut appara\u00eetre dans un nuage (\u00e9clair intra-nuageux), entre un nuage et le sol (\u00e9clair nuage-sol CG) ou entre des nuages. <br \/>Un \u00e9clair peut \u00eatre compos\u00e9 d&rsquo;un ou plusieurs arcs qui sont des impulsions de courant.<\/p>\t\t\t\t\t\t\t\t<\/div>\n\t\t\t\t<\/div>\n\t\t\t\t<\/div>\n\t\t<div class=\"elementor-element elementor-element-230fd12 e-con-full e-flex e-con e-child\" data-id=\"230fd12\" data-element_type=\"container\" data-e-type=\"container\">\n\t\t<div class=\"elementor-element elementor-element-fc4b0ba e-con-full e-flex e-con e-child\" data-id=\"fc4b0ba\" data-element_type=\"container\" data-e-type=\"container\">\n\t\t\t\t<div class=\"elementor-element elementor-element-426f282 elementor-widget elementor-widget-heading\" data-id=\"426f282\" data-element_type=\"widget\" data-e-type=\"widget\" data-widget_type=\"heading.default\">\n\t\t\t\t<div class=\"elementor-widget-container\">\n\t\t\t\t\t<h4 class=\"elementor-heading-title elementor-size-default\">Densit\u00e9 de foudroiement<\/h4>\t\t\t\t<\/div>\n\t\t\t\t<\/div>\n\t\t\t\t<div class=\"elementor-element elementor-element-a3494b8 elementor-widget elementor-widget-text-editor\" data-id=\"a3494b8\" data-element_type=\"widget\" data-e-type=\"widget\" data-widget_type=\"text-editor.default\">\n\t\t\t\t<div class=\"elementor-widget-container\">\n\t\t\t\t\t\t\t\t\t<p>La meilleure repr\u00e9sentation actuelle de l&rsquo;activit\u00e9 orageuse est la densit\u00e9 de foudroiement qui est le nombre d&rsquo;\u00e9clairs nuage-sol (CG) par km\u00b2 et par an.<\/p>\t\t\t\t\t\t\t\t<\/div>\n\t\t\t\t<\/div>\n\t\t\t\t<\/div>\n\t\t\t\t<\/div>\n\t\t\t\t\t<\/div>\n\t\t\t\t<\/div>\n\t\t<div class=\"elementor-element elementor-element-dbe8e96 e-flex e-con-boxed e-con e-parent\" data-id=\"dbe8e96\" data-element_type=\"container\" data-e-type=\"container\">\n\t\t\t\t\t<div class=\"e-con-inner\">\n\t\t<div class=\"elementor-element elementor-element-67dea9e e-con-full e-flex e-con e-child\" data-id=\"67dea9e\" data-element_type=\"container\" data-e-type=\"container\">\n\t\t\t\t<div class=\"elementor-element elementor-element-84b29f2 elementor-widget elementor-widget-heading\" data-id=\"84b29f2\" data-element_type=\"widget\" data-e-type=\"widget\" data-widget_type=\"heading.default\">\n\t\t\t\t<div class=\"elementor-widget-container\">\n\t\t\t\t\t<h4 class=\"elementor-heading-title elementor-size-default\">Eclair nuage-sol (CG)<\/h4>\t\t\t\t<\/div>\n\t\t\t\t<\/div>\n\t\t\t\t<div class=\"elementor-element elementor-element-19f550c elementor-widget elementor-widget-text-editor\" data-id=\"19f550c\" data-element_type=\"widget\" data-e-type=\"widget\" data-widget_type=\"text-editor.default\">\n\t\t\t\t<div class=\"elementor-widget-container\">\n\t\t\t\t\t\t\t\t\t<p>D\u00e9charge de courant d&rsquo;une certaine intensit\u00e9 circulant entre un nuage et le sol.<br \/>L&rsquo;abr\u00e9viation CG, Cloud-to-Ground en anglais, signifie Nuage-sol.<\/p>\t\t\t\t\t\t\t\t<\/div>\n\t\t\t\t<\/div>\n\t\t\t\t<\/div>\n\t\t<div class=\"elementor-element elementor-element-8bee40d e-con-full e-flex e-con e-child\" data-id=\"8bee40d\" data-element_type=\"container\" data-e-type=\"container\">\n\t\t\t\t<div class=\"elementor-element elementor-element-1f40a42 elementor-widget elementor-widget-heading\" data-id=\"1f40a42\" data-element_type=\"widget\" data-e-type=\"widget\" data-widget_type=\"heading.default\">\n\t\t\t\t<div class=\"elementor-widget-container\">\n\t\t\t\t\t<h4 class=\"elementor-heading-title elementor-size-default\">Jour d'orage<\/h4>\t\t\t\t<\/div>\n\t\t\t\t<\/div>\n\t\t\t\t<div class=\"elementor-element elementor-element-7dfebd6 elementor-widget elementor-widget-text-editor\" data-id=\"7dfebd6\" data-element_type=\"widget\" data-e-type=\"widget\" data-widget_type=\"text-editor.default\">\n\t\t\t\t<div class=\"elementor-widget-container\">\n\t\t\t\t\t\t\t\t\t<p>Jour o\u00f9 au moins un \u00e9clair a \u00e9t\u00e9 d\u00e9tect\u00e9 dans la zone consid\u00e9r\u00e9e.<\/p>\t\t\t\t\t\t\t\t<\/div>\n\t\t\t\t<\/div>\n\t\t\t\t<\/div>\n\t\t\t\t\t<\/div>\n\t\t\t\t<\/div>\n\t\t<div class=\"elementor-element elementor-element-8547bdd e-flex e-con-boxed e-con e-parent\" data-id=\"8547bdd\" data-element_type=\"container\" data-e-type=\"container\">\n\t\t\t\t\t<div class=\"e-con-inner\">\n\t\t\t\t<div class=\"elementor-element elementor-element-c6d4957 elementor-widget elementor-widget-spacer\" data-id=\"c6d4957\" data-element_type=\"widget\" data-e-type=\"widget\" data-widget_type=\"spacer.default\">\n\t\t\t\t<div class=\"elementor-widget-container\">\n\t\t\t\t\t\t\t<div class=\"elementor-spacer\">\n\t\t\t<div class=\"elementor-spacer-inner\"><\/div>\n\t\t<\/div>\n\t\t\t\t\t\t<\/div>\n\t\t\t\t<\/div>\n\t\t\t\t\t<\/div>\n\t\t\t\t<\/div>\n\t\t<div class=\"elementor-element elementor-element-34e52db e-flex e-con-boxed e-con e-parent\" data-id=\"34e52db\" data-element_type=\"container\" data-e-type=\"container\">\n\t\t\t\t\t<div class=\"e-con-inner\">\n\t\t\t\t<div class=\"elementor-element elementor-element-5927f3d elementor-widget-divider--view-line elementor-widget elementor-widget-divider\" data-id=\"5927f3d\" data-element_type=\"widget\" data-e-type=\"widget\" data-widget_type=\"divider.default\">\n\t\t\t\t<div class=\"elementor-widget-container\">\n\t\t\t\t\t\t\t<div class=\"elementor-divider\">\n\t\t\t<span class=\"elementor-divider-separator\">\n\t\t\t\t\t\t<\/span>\n\t\t<\/div>\n\t\t\t\t\t\t<\/div>\n\t\t\t\t<\/div>\n\t\t<div class=\"elementor-element elementor-element-204944e e-con-full e-flex e-con e-child\" data-id=\"204944e\" data-element_type=\"container\" data-e-type=\"container\">\n\t\t\t\t<div class=\"elementor-element elementor-element-b1b1115 elementor-widget elementor-widget-heading\" data-id=\"b1b1115\" data-element_type=\"widget\" data-e-type=\"widget\" data-widget_type=\"heading.default\">\n\t\t\t\t<div class=\"elementor-widget-container\">\n\t\t\t\t\t<h3 class=\"elementor-heading-title elementor-size-default\">A propos de ce bilan<\/h3>\t\t\t\t<\/div>\n\t\t\t\t<\/div>\n\t\t\t\t<\/div>\n\t\t\t\t\t<\/div>\n\t\t\t\t<\/div>\n\t\t<div class=\"elementor-element elementor-element-41f1857 e-flex e-con-boxed e-con e-parent\" data-id=\"41f1857\" data-element_type=\"container\" data-e-type=\"container\">\n\t\t\t\t\t<div class=\"e-con-inner\">\n\t\t<div class=\"elementor-element elementor-element-a108cf2 e-con-full e-flex e-con e-child\" data-id=\"a108cf2\" data-element_type=\"container\" data-e-type=\"container\">\n\t\t\t\t<div class=\"elementor-element elementor-element-76059af elementor-widget elementor-widget-text-editor\" data-id=\"76059af\" data-element_type=\"widget\" data-e-type=\"widget\" data-widget_type=\"text-editor.default\">\n\t\t\t\t<div class=\"elementor-widget-container\">\n\t\t\t\t\t\t\t\t\t<p>Notre bilan s&rsquo;appuie sur les donn\u00e9es fournies par<a href=\"https:\/\/www.meteorage.com\/fr\/notre-expertise\/\" target=\"_blank\" rel=\"noopener\"> le r\u00e9seau Meteorage de d\u00e9tection de la foudre implant\u00e9 en Europe.<\/a>\u00a0<\/p><p>Les informations que nous communiquons sp\u00e9cifiquement dans cette analyse annuelle concernent les \u00e9clairs nuage-sol (CG) et la densit\u00e9 de foudroiement.\u00a0<\/p><p><span style=\"color: #01144a; text-align: center;\">A des fins de comparaison avec nos donn\u00e9es depuis 1989, Meteorage comptabilise<\/span><span style=\"color: #01144a; text-align: center;\">\u00a0<\/span><span style=\"color: #01144a; text-align: center; font-weight: bolder;\">l&rsquo;impulsion principale de courant\u00a0<\/span><span style=\"color: #01144a; text-align: center;\">circulant entre le nuage et le sol, et qui est d\u00e9finie, dans ce rapport, par le terme<\/span><span style=\"color: #01144a; text-align: center;\">\u00a0<\/span><span style=\"color: #01144a; text-align: center; font-weight: bolder;\">\u00ab\u00a0\u00e9clair nuage-sol (CG)\u00a0\u00bb<\/span><span style=\"color: #01144a; text-align: center;\">.<\/span><\/p><p>Notre expertise s&rsquo;appuie sur 37 ans d&rsquo;analyses, d&rsquo;observations et de donn\u00e9es r\u00e9colt\u00e9es sur le territoire fran\u00e7ais. En Europe, et plus largement dans le monde, nous disposons de plus d&rsquo;une dizaine d&rsquo;ann\u00e9es d&rsquo;expertise.<\/p><p>Notre r\u00e9seau dont les performances ont \u00e9t\u00e9 valid\u00e9es scientifiquement d\u00e9montre la plus haute performance possible, avec :<\/p><ul><li>une d\u00e9tection &gt; \u00e0 98% des \u00e9clairs,<\/li><li>une pr\u00e9cision de d\u00e9tection m\u00e9diane de 100 m\u00e8tres,<\/li><li>une distinction \u00e0 plus de 90% des \u00e9clairs nuage-sol (CG) et des \u00e9clairs intra-nuageux.<\/li><\/ul><p>Le r\u00e9seau Meteorage est compos\u00e9 de plus de 100 capteurs de foudre, de calculateurs et d\u2019un syst\u00e8me de traitement qui g\u00e8re les bases de donn\u00e9es. Nos capteurs de foudre sont issus de la technologie de Vaisala, actuellement consid\u00e9r\u00e9e comme l&rsquo;une des meilleures au monde. Notre r\u00e9seau permet d&rsquo;atteindre des performances valid\u00e9es par de nombreuses <a href=\"https:\/\/www.meteorage.com\/fr\/publications-et-notes-techniques\/\" target=\"_blank\" rel=\"noopener\">\u00e9tudes et publications scientifiques.<\/a><\/p><p>Cette analyse de l&rsquo;ann\u00e9e 2025 se base sur la source la plus compl\u00e8te d&rsquo;informations en France. Les donn\u00e9es, les densit\u00e9s, les classements et les jours d&rsquo;orage figurant dans ce rapport portent sur la p\u00e9riode du 1er janvier 2025 au 31 d\u00e9cembre 2025.<\/p>\t\t\t\t\t\t\t\t<\/div>\n\t\t\t\t<\/div>\n\t\t\t\t<\/div>\n\t\t<div class=\"elementor-element elementor-element-0943e8e e-con-full e-flex e-con e-child\" data-id=\"0943e8e\" data-element_type=\"container\" data-e-type=\"container\">\n\t\t\t\t<div class=\"elementor-element elementor-element-0cbba40 elementor-widget elementor-widget-image\" data-id=\"0cbba40\" data-element_type=\"widget\" data-e-type=\"widget\" data-widget_type=\"image.default\">\n\t\t\t\t<div class=\"elementor-widget-container\">\n\t\t\t\t\t\t\t\t\t\t\t\t\t\t\t<img loading=\"lazy\" decoding=\"async\" width=\"893\" height=\"1024\" src=\"https:\/\/www.meteorage.com\/wp-content\/uploads\/2025\/02\/Carte-Europe-performance-2025-893x1024.webp\" class=\"attachment-large size-large wp-image-44940\" alt=\"Carte Europe performance METEORAGE - 2025\" srcset=\"https:\/\/www.meteorage.com\/wp-content\/uploads\/2025\/02\/Carte-Europe-performance-2025-893x1024.webp 893w, https:\/\/www.meteorage.com\/wp-content\/uploads\/2025\/02\/Carte-Europe-performance-2025-262x300.webp 262w, https:\/\/www.meteorage.com\/wp-content\/uploads\/2025\/02\/Carte-Europe-performance-2025-768x881.webp 768w, https:\/\/www.meteorage.com\/wp-content\/uploads\/2025\/02\/Carte-Europe-performance-2025-1339x1536.webp 1339w, https:\/\/www.meteorage.com\/wp-content\/uploads\/2025\/02\/Carte-Europe-performance-2025-543x623.webp 543w, https:\/\/www.meteorage.com\/wp-content\/uploads\/2025\/02\/Carte-Europe-performance-2025.webp 1744w\" sizes=\"(max-width: 893px) 100vw, 893px\" \/>\t\t\t\t\t\t\t\t\t\t\t\t\t\t\t<\/div>\n\t\t\t\t<\/div>\n\t\t\t\t<\/div>\n\t\t\t\t\t<\/div>\n\t\t\t\t<\/div>\n\t\t\t\t<\/div>\n\t\t","protected":false},"featured_media":21393,"template":"","bilan_category":[20],"class_list":["post-50423","bilan_foudroiement","type-bilan_foudroiement","status-publish","has-post-thumbnail","hentry","bilan_category-france"],"acf":[],"yoast_head":"<!-- This site is optimized with the Yoast SEO plugin v27.5 - https:\/\/yoast.com\/product\/yoast-seo-wordpress\/ -->\n<title>France 2025 - METEORAGE<\/title>\n<meta name=\"robots\" content=\"index, follow, max-snippet:-1, max-image-preview:large, max-video-preview:-1\" \/>\n<link rel=\"canonical\" href=\"https:\/\/www.meteorage.com\/fr\/bilan-de-foudroiement\/orages-foudre-bilan-2025\/\" \/>\n<meta property=\"og:locale\" content=\"fr_FR\" \/>\n<meta property=\"og:type\" content=\"article\" \/>\n<meta property=\"og:title\" content=\"France 2025 - METEORAGE\" \/>\n<meta property=\"og:description\" content=\"Bilan de foudroiement 2025 Europe \/ France D\u00e9couvrez l\u2019analyse Meteorage de l\u2019activit\u00e9 orageuse et \u00e9lectrique sur l\u2019ann\u00e9e. &lt; retour aux Bilans Joris Royet, Chef de projet M\u00e9t\u00e9o, METEORAGE Une ann\u00e9e historiquement peu orageuse \u00e0 l\u2019\u00e9chelle europ\u00e9enne mais ponctu\u00e9e d\u2019\u00e9pisodes localement intenses. Avec environ 1,226 million d\u2019\u00e9clairs nuage-sol d\u00e9tect\u00e9s en Europe, l\u2019ann\u00e9e 2025 se distingue par [&hellip;]\" \/>\n<meta property=\"og:url\" content=\"https:\/\/www.meteorage.com\/fr\/bilan-de-foudroiement\/orages-foudre-bilan-2025\/\" \/>\n<meta property=\"og:site_name\" content=\"METEORAGE\" \/>\n<meta property=\"article:modified_time\" content=\"2026-01-30T09:43:01+00:00\" \/>\n<meta property=\"og:image\" content=\"https:\/\/meteorage.local\/wp-content\/uploads\/2024\/12\/nuage-eclair-150x150.webp\" \/>\n<meta name=\"twitter:card\" content=\"summary_large_image\" \/>\n<meta name=\"twitter:label1\" content=\"Dur\u00e9e de lecture estim\u00e9e\" \/>\n\t<meta name=\"twitter:data1\" content=\"14 minutes\" \/>\n<script type=\"application\/ld+json\" class=\"yoast-schema-graph\">{\"@context\":\"https:\\\/\\\/schema.org\",\"@graph\":[{\"@type\":\"WebPage\",\"@id\":\"https:\\\/\\\/www.meteorage.com\\\/fr\\\/bilan-de-foudroiement\\\/orages-foudre-bilan-2025\\\/\",\"url\":\"https:\\\/\\\/www.meteorage.com\\\/fr\\\/bilan-de-foudroiement\\\/orages-foudre-bilan-2025\\\/\",\"name\":\"France 2025 - METEORAGE\",\"isPartOf\":{\"@id\":\"https:\\\/\\\/www.meteorage.com\\\/fr\\\/#website\"},\"primaryImageOfPage\":{\"@id\":\"https:\\\/\\\/www.meteorage.com\\\/fr\\\/bilan-de-foudroiement\\\/orages-foudre-bilan-2025\\\/#primaryimage\"},\"image\":{\"@id\":\"https:\\\/\\\/www.meteorage.com\\\/fr\\\/bilan-de-foudroiement\\\/orages-foudre-bilan-2025\\\/#primaryimage\"},\"thumbnailUrl\":\"https:\\\/\\\/www.meteorage.com\\\/wp-content\\\/uploads\\\/2024\\\/06\\\/France-Carte-fond-blanc.png\",\"datePublished\":\"2026-01-30T08:12:26+00:00\",\"dateModified\":\"2026-01-30T09:43:01+00:00\",\"breadcrumb\":{\"@id\":\"https:\\\/\\\/www.meteorage.com\\\/fr\\\/bilan-de-foudroiement\\\/orages-foudre-bilan-2025\\\/#breadcrumb\"},\"inLanguage\":\"fr-FR\",\"potentialAction\":[{\"@type\":\"ReadAction\",\"target\":[\"https:\\\/\\\/www.meteorage.com\\\/fr\\\/bilan-de-foudroiement\\\/orages-foudre-bilan-2025\\\/\"]}]},{\"@type\":\"ImageObject\",\"inLanguage\":\"fr-FR\",\"@id\":\"https:\\\/\\\/www.meteorage.com\\\/fr\\\/bilan-de-foudroiement\\\/orages-foudre-bilan-2025\\\/#primaryimage\",\"url\":\"https:\\\/\\\/www.meteorage.com\\\/wp-content\\\/uploads\\\/2024\\\/06\\\/France-Carte-fond-blanc.png\",\"contentUrl\":\"https:\\\/\\\/www.meteorage.com\\\/wp-content\\\/uploads\\\/2024\\\/06\\\/France-Carte-fond-blanc.png\",\"width\":1920,\"height\":1080},{\"@type\":\"BreadcrumbList\",\"@id\":\"https:\\\/\\\/www.meteorage.com\\\/fr\\\/bilan-de-foudroiement\\\/orages-foudre-bilan-2025\\\/#breadcrumb\",\"itemListElement\":[{\"@type\":\"ListItem\",\"position\":1,\"name\":\"Accueil\",\"item\":\"https:\\\/\\\/www.meteorage.com\\\/fr\\\/\"},{\"@type\":\"ListItem\",\"position\":2,\"name\":\"France 2025\"}]},{\"@type\":\"WebSite\",\"@id\":\"https:\\\/\\\/www.meteorage.com\\\/fr\\\/#website\",\"url\":\"https:\\\/\\\/www.meteorage.com\\\/fr\\\/\",\"name\":\"METEORAGE\",\"description\":\"\",\"publisher\":{\"@id\":\"https:\\\/\\\/www.meteorage.com\\\/fr\\\/#organization\"},\"potentialAction\":[{\"@type\":\"SearchAction\",\"target\":{\"@type\":\"EntryPoint\",\"urlTemplate\":\"https:\\\/\\\/www.meteorage.com\\\/fr\\\/?s={search_term_string}\"},\"query-input\":{\"@type\":\"PropertyValueSpecification\",\"valueRequired\":true,\"valueName\":\"search_term_string\"}}],\"inLanguage\":\"fr-FR\"},{\"@type\":\"Organization\",\"@id\":\"https:\\\/\\\/www.meteorage.com\\\/fr\\\/#organization\",\"name\":\"METEORAGE\",\"url\":\"https:\\\/\\\/www.meteorage.com\\\/fr\\\/\",\"logo\":{\"@type\":\"ImageObject\",\"inLanguage\":\"fr-FR\",\"@id\":\"https:\\\/\\\/www.meteorage.com\\\/fr\\\/#\\\/schema\\\/logo\\\/image\\\/\",\"url\":\"https:\\\/\\\/www.meteorage.com\\\/wp-content\\\/uploads\\\/2025\\\/10\\\/02.-Logo-METEORAGE-horizontal-blanc.png.webp\",\"contentUrl\":\"https:\\\/\\\/www.meteorage.com\\\/wp-content\\\/uploads\\\/2025\\\/10\\\/02.-Logo-METEORAGE-horizontal-blanc.png.webp\",\"width\":2445,\"height\":501,\"caption\":\"METEORAGE\"},\"image\":{\"@id\":\"https:\\\/\\\/www.meteorage.com\\\/fr\\\/#\\\/schema\\\/logo\\\/image\\\/\"}}]}<\/script>\n<!-- \/ Yoast SEO plugin. -->","yoast_head_json":{"title":"France 2025 - METEORAGE","robots":{"index":"index","follow":"follow","max-snippet":"max-snippet:-1","max-image-preview":"max-image-preview:large","max-video-preview":"max-video-preview:-1"},"canonical":"https:\/\/www.meteorage.com\/fr\/bilan-de-foudroiement\/orages-foudre-bilan-2025\/","og_locale":"fr_FR","og_type":"article","og_title":"France 2025 - METEORAGE","og_description":"Bilan de foudroiement 2025 Europe \/ France D\u00e9couvrez l\u2019analyse Meteorage de l\u2019activit\u00e9 orageuse et \u00e9lectrique sur l\u2019ann\u00e9e. &lt; retour aux Bilans Joris Royet, Chef de projet M\u00e9t\u00e9o, METEORAGE Une ann\u00e9e historiquement peu orageuse \u00e0 l\u2019\u00e9chelle europ\u00e9enne mais ponctu\u00e9e d\u2019\u00e9pisodes localement intenses. Avec environ 1,226 million d\u2019\u00e9clairs nuage-sol d\u00e9tect\u00e9s en Europe, l\u2019ann\u00e9e 2025 se distingue par [&hellip;]","og_url":"https:\/\/www.meteorage.com\/fr\/bilan-de-foudroiement\/orages-foudre-bilan-2025\/","og_site_name":"METEORAGE","article_modified_time":"2026-01-30T09:43:01+00:00","og_image":[{"url":"https:\/\/meteorage.local\/wp-content\/uploads\/2024\/12\/nuage-eclair-150x150.webp","type":"","width":"","height":""}],"twitter_card":"summary_large_image","twitter_misc":{"Dur\u00e9e de lecture estim\u00e9e":"14 minutes"},"schema":{"@context":"https:\/\/schema.org","@graph":[{"@type":"WebPage","@id":"https:\/\/www.meteorage.com\/fr\/bilan-de-foudroiement\/orages-foudre-bilan-2025\/","url":"https:\/\/www.meteorage.com\/fr\/bilan-de-foudroiement\/orages-foudre-bilan-2025\/","name":"France 2025 - METEORAGE","isPartOf":{"@id":"https:\/\/www.meteorage.com\/fr\/#website"},"primaryImageOfPage":{"@id":"https:\/\/www.meteorage.com\/fr\/bilan-de-foudroiement\/orages-foudre-bilan-2025\/#primaryimage"},"image":{"@id":"https:\/\/www.meteorage.com\/fr\/bilan-de-foudroiement\/orages-foudre-bilan-2025\/#primaryimage"},"thumbnailUrl":"https:\/\/www.meteorage.com\/wp-content\/uploads\/2024\/06\/France-Carte-fond-blanc.png","datePublished":"2026-01-30T08:12:26+00:00","dateModified":"2026-01-30T09:43:01+00:00","breadcrumb":{"@id":"https:\/\/www.meteorage.com\/fr\/bilan-de-foudroiement\/orages-foudre-bilan-2025\/#breadcrumb"},"inLanguage":"fr-FR","potentialAction":[{"@type":"ReadAction","target":["https:\/\/www.meteorage.com\/fr\/bilan-de-foudroiement\/orages-foudre-bilan-2025\/"]}]},{"@type":"ImageObject","inLanguage":"fr-FR","@id":"https:\/\/www.meteorage.com\/fr\/bilan-de-foudroiement\/orages-foudre-bilan-2025\/#primaryimage","url":"https:\/\/www.meteorage.com\/wp-content\/uploads\/2024\/06\/France-Carte-fond-blanc.png","contentUrl":"https:\/\/www.meteorage.com\/wp-content\/uploads\/2024\/06\/France-Carte-fond-blanc.png","width":1920,"height":1080},{"@type":"BreadcrumbList","@id":"https:\/\/www.meteorage.com\/fr\/bilan-de-foudroiement\/orages-foudre-bilan-2025\/#breadcrumb","itemListElement":[{"@type":"ListItem","position":1,"name":"Accueil","item":"https:\/\/www.meteorage.com\/fr\/"},{"@type":"ListItem","position":2,"name":"France 2025"}]},{"@type":"WebSite","@id":"https:\/\/www.meteorage.com\/fr\/#website","url":"https:\/\/www.meteorage.com\/fr\/","name":"METEORAGE","description":"","publisher":{"@id":"https:\/\/www.meteorage.com\/fr\/#organization"},"potentialAction":[{"@type":"SearchAction","target":{"@type":"EntryPoint","urlTemplate":"https:\/\/www.meteorage.com\/fr\/?s={search_term_string}"},"query-input":{"@type":"PropertyValueSpecification","valueRequired":true,"valueName":"search_term_string"}}],"inLanguage":"fr-FR"},{"@type":"Organization","@id":"https:\/\/www.meteorage.com\/fr\/#organization","name":"METEORAGE","url":"https:\/\/www.meteorage.com\/fr\/","logo":{"@type":"ImageObject","inLanguage":"fr-FR","@id":"https:\/\/www.meteorage.com\/fr\/#\/schema\/logo\/image\/","url":"https:\/\/www.meteorage.com\/wp-content\/uploads\/2025\/10\/02.-Logo-METEORAGE-horizontal-blanc.png.webp","contentUrl":"https:\/\/www.meteorage.com\/wp-content\/uploads\/2025\/10\/02.-Logo-METEORAGE-horizontal-blanc.png.webp","width":2445,"height":501,"caption":"METEORAGE"},"image":{"@id":"https:\/\/www.meteorage.com\/fr\/#\/schema\/logo\/image\/"}}]}},"_links":{"self":[{"href":"https:\/\/www.meteorage.com\/fr\/wp-json\/wp\/v2\/bilan-de-foudroiement\/50423","targetHints":{"allow":["GET"]}}],"collection":[{"href":"https:\/\/www.meteorage.com\/fr\/wp-json\/wp\/v2\/bilan-de-foudroiement"}],"about":[{"href":"https:\/\/www.meteorage.com\/fr\/wp-json\/wp\/v2\/types\/bilan_foudroiement"}],"version-history":[{"count":0,"href":"https:\/\/www.meteorage.com\/fr\/wp-json\/wp\/v2\/bilan-de-foudroiement\/50423\/revisions"}],"wp:featuredmedia":[{"embeddable":true,"href":"https:\/\/www.meteorage.com\/fr\/wp-json\/wp\/v2\/media\/21393"}],"wp:attachment":[{"href":"https:\/\/www.meteorage.com\/fr\/wp-json\/wp\/v2\/media?parent=50423"}],"wp:term":[{"taxonomy":"bilan_category","embeddable":true,"href":"https:\/\/www.meteorage.com\/fr\/wp-json\/wp\/v2\/bilan_category?post=50423"}],"curies":[{"name":"wp","href":"https:\/\/api.w.org\/{rel}","templated":true}]}}