{"id":51035,"date":"2026-01-30T16:07:03","date_gmt":"2026-01-30T15:07:03","guid":{"rendered":"https:\/\/meteorage.local\/?post_type=bilan_foudroiement&#038;p=51035"},"modified":"2026-01-30T16:24:20","modified_gmt":"2026-01-30T15:24:20","slug":"suisse-2025","status":"publish","type":"bilan_foudroiement","link":"https:\/\/www.meteorage.com\/fr\/bilan-de-foudroiement\/suisse-2025\/","title":{"rendered":"Suisse 2025"},"content":{"rendered":"\t\t<div data-elementor-type=\"wp-post\" data-elementor-id=\"51035\" class=\"elementor elementor-51035 elementor-51034\" data-elementor-post-type=\"bilan_foudroiement\">\n\t\t\t\t<div class=\"elementor-element elementor-element-b9ffebd e-flex e-con-boxed e-con e-parent\" data-id=\"b9ffebd\" data-element_type=\"container\" data-e-type=\"container\" data-settings=\"{&quot;background_background&quot;:&quot;classic&quot;}\">\n\t\t\t\t\t<div class=\"e-con-inner\">\n\t\t<div class=\"elementor-element elementor-element-41082b9 e-con-full banner-type-detail e-flex e-con e-child\" data-id=\"41082b9\" data-element_type=\"container\" data-e-type=\"container\" data-settings=\"{&quot;background_background&quot;:&quot;classic&quot;}\">\n\t\t\t\t<div class=\"elementor-element elementor-element-eb40b53 elementor-widget elementor-widget-spacer\" data-id=\"eb40b53\" data-element_type=\"widget\" data-e-type=\"widget\" data-widget_type=\"spacer.default\">\n\t\t\t\t<div class=\"elementor-widget-container\">\n\t\t\t\t\t\t\t<div class=\"elementor-spacer\">\n\t\t\t<div class=\"elementor-spacer-inner\"><\/div>\n\t\t<\/div>\n\t\t\t\t\t\t<\/div>\n\t\t\t\t<\/div>\n\t\t<div class=\"elementor-element elementor-element-195cd16 banner-content e-flex e-con-boxed e-con e-child\" data-id=\"195cd16\" data-element_type=\"container\" data-e-type=\"container\">\n\t\t\t\t\t<div class=\"e-con-inner\">\n\t\t\t\t<div class=\"elementor-element elementor-element-c26ace9 elementor-widget elementor-widget-spacer\" data-id=\"c26ace9\" data-element_type=\"widget\" data-e-type=\"widget\" data-widget_type=\"spacer.default\">\n\t\t\t\t<div class=\"elementor-widget-container\">\n\t\t\t\t\t\t\t<div class=\"elementor-spacer\">\n\t\t\t<div class=\"elementor-spacer-inner\"><\/div>\n\t\t<\/div>\n\t\t\t\t\t\t<\/div>\n\t\t\t\t<\/div>\n\t\t\t\t<div class=\"elementor-element elementor-element-569de0f elementor-widget elementor-widget-heading\" data-id=\"569de0f\" data-element_type=\"widget\" data-e-type=\"widget\" data-widget_type=\"heading.default\">\n\t\t\t\t<div class=\"elementor-widget-container\">\n\t\t\t\t\t<h1 class=\"elementor-heading-title elementor-size-default\">Foudre et orages<br>Bilan Suisse 2025<\/h1>\t\t\t\t<\/div>\n\t\t\t\t<\/div>\n\t\t\t\t<div class=\"elementor-element elementor-element-f2b1f12 elementor-widget__width-initial elementor-widget elementor-widget-text-editor\" data-id=\"f2b1f12\" data-element_type=\"widget\" data-e-type=\"widget\" data-widget_type=\"text-editor.default\">\n\t\t\t\t<div class=\"elementor-widget-container\">\n\t\t\t\t\t\t\t\t\t<p>Retrouvez notre analyse m\u00e9t\u00e9o, climatique et \u00e9lectrique des orages sur la Suisse en 2025.<\/p>\t\t\t\t\t\t\t\t<\/div>\n\t\t\t\t<\/div>\n\t\t\t\t<div class=\"elementor-element elementor-element-7be1916 elementor-align-center elementor-widget elementor-widget-ube-button\" data-id=\"7be1916\" data-element_type=\"widget\" data-e-type=\"widget\" data-widget_type=\"ube-button.default\">\n\t\t\t\t<div class=\"elementor-widget-container\">\n\t\t\t\t\t<a class=\"ube-btn btn btn-md btn- btn-link\" href=\"https:\/\/www.meteorage.com\/fr\/bilans-de-foudroiement\/\">\n\t    <span class=\"ube-btn-text\">&lt; retour aux Bilans<\/span>\n\t<\/a>\n\n\n\t\t\t\t<\/div>\n\t\t\t\t<\/div>\n\t\t\t\t\t<\/div>\n\t\t\t\t<\/div>\n\t\t\t\t<\/div>\n\t\t\t\t\t<\/div>\n\t\t\t\t<\/div>\n\t\t<div class=\"elementor-element elementor-element-3087d59f e-flex e-con-boxed e-con e-parent\" data-id=\"3087d59f\" data-element_type=\"container\" data-e-type=\"container\">\n\t\t\t\t\t<div class=\"e-con-inner\">\n\t\t\t\t<div class=\"elementor-element elementor-element-1d94fefc elementor-widget elementor-widget-text-editor\" data-id=\"1d94fefc\" data-element_type=\"widget\" data-e-type=\"widget\" data-widget_type=\"text-editor.default\">\n\t\t\t\t<div class=\"elementor-widget-container\">\n\t\t\t\t\t\t\t\t\t<p>Joris Royet, Chef de projet M\u00e9t\u00e9o, METEORAGE<\/p>\t\t\t\t\t\t\t\t<\/div>\n\t\t\t\t<\/div>\n\t\t\t\t\t<\/div>\n\t\t\t\t<\/div>\n\t\t<div class=\"elementor-element elementor-element-32240d24 e-flex e-con-boxed e-con e-parent\" data-id=\"32240d24\" data-element_type=\"container\" data-e-type=\"container\">\n\t\t\t\t\t<div class=\"e-con-inner\">\n\t\t<div class=\"elementor-element elementor-element-6ffb7a0a e-con-full e-flex e-con e-child\" data-id=\"6ffb7a0a\" data-element_type=\"container\" data-e-type=\"container\">\n\t\t\t\t<div class=\"elementor-element elementor-element-2eceeb3d elementor-widget elementor-widget-heading\" data-id=\"2eceeb3d\" data-element_type=\"widget\" data-e-type=\"widget\" data-widget_type=\"heading.default\">\n\t\t\t\t<div class=\"elementor-widget-container\">\n\t\t\t\t\t<h2 class=\"elementor-heading-title elementor-size-default\">Une ann\u00e9e historiquement peu orageuse \u00e0 l\u2019\u00e9chelle europ\u00e9enne<\/h2>\t\t\t\t<\/div>\n\t\t\t\t<\/div>\n\t\t\t\t<div class=\"elementor-element elementor-element-10027f44 elementor-widget elementor-widget-heading\" data-id=\"10027f44\" data-element_type=\"widget\" data-e-type=\"widget\" data-widget_type=\"heading.default\">\n\t\t\t\t<div class=\"elementor-widget-container\">\n\t\t\t\t\t<h4 class=\"elementor-heading-title elementor-size-default\">mais ponctu\u00e9e d\u2019\u00e9pisodes localement intenses.<\/h4>\t\t\t\t<\/div>\n\t\t\t\t<\/div>\n\t\t\t\t<div class=\"elementor-element elementor-element-22032e89 elementor-drop-cap-yes elementor-widget__width-initial elementor-drop-cap-view-default elementor-widget elementor-widget-text-editor\" data-id=\"22032e89\" data-element_type=\"widget\" data-e-type=\"widget\" data-settings=\"{&quot;drop_cap&quot;:&quot;yes&quot;}\" data-widget_type=\"text-editor.default\">\n\t\t\t\t<div class=\"elementor-widget-container\">\n\t\t\t\t\t\t\t\t\t<p>Avec environ <strong>1,226 million <\/strong><strong>d\u2019\u00e9clairs nuage-sol<\/strong> d\u00e9tect\u00e9s en Europe, l\u2019ann\u00e9e 2025 se distingue par une activit\u00e9 orageuse inf\u00e9rieure aux normales climatiques, s\u2019inscrivant comme l\u2019ann\u00e9e la moins foudroy\u00e9e observ\u00e9e \u00e0 ce jour par nos relev\u00e9s. Si les conditions atmosph\u00e9riques ont limit\u00e9 le d\u00e9veloppement des orages, certaines situations favorables ont n\u00e9anmoins donn\u00e9 lieu \u00e0 des \u00e9pisodes intenses et localis\u00e9s, avec une activit\u00e9 plus marqu\u00e9e autour du bassin m\u00e9diterran\u00e9en et sur les reliefs.<\/p><p><style>\na {<br \/>    text-decoration: none;<br \/>    color: #464feb;<br \/>}<br \/>tr th, tr td {<br \/>    border: 1px solid #e6e6e6;<br \/>}<br \/>tr th {<br \/>    background-color: #f5f5f5;<br \/>}<br \/><\/style><\/p><div><p><span class=\"a_GcMg font-feature-liga-off font-feature-clig-off font-feature-calt-off text-decoration-none text-strikethrough-none\">Au-del\u00e0 de ce bilan et de la r\u00e9partition spatiale observ\u00e9e en 2025, les analyses sur les vingt derni\u00e8res ann\u00e9es mettent en \u00e9vidence une remont\u00e9e progressive de la ceinture orageuse vers le nord, ainsi qu\u2019un allongement de la saison orageuse, marqu\u00e9 par des \u00e9pisodes plus pr\u00e9coces au printemps et plus tardifs \u00e0 l\u2019automne. Ces disparit\u00e9s r\u00e9gionales rappellent que la foudre ne se distribue jamais de mani\u00e8re homog\u00e8ne et que, m\u00eame lors d\u2019ann\u00e9es peu actives, les enjeux de pr\u00e9vention, de surveillance et de gestion du risque de la foudre restent pleinement d\u2019actualit\u00e9.<\/span><\/p><\/div>\t\t\t\t\t\t\t\t<\/div>\n\t\t\t\t<\/div>\n\t\t\t\t<\/div>\n\t\t<div class=\"elementor-element elementor-element-609f3a81 e-con-full e-flex e-con e-child\" data-id=\"609f3a81\" data-element_type=\"container\" data-e-type=\"container\">\n\t\t\t\t<div class=\"elementor-element elementor-element-398e800c elementor-widget__width-initial elementor-widget elementor-widget-image\" data-id=\"398e800c\" data-element_type=\"widget\" data-e-type=\"widget\" data-widget_type=\"image.default\">\n\t\t\t\t<div class=\"elementor-widget-container\">\n\t\t\t\t\t\t\t\t\t\t\t\t\t\t\t<img decoding=\"async\" width=\"150\" height=\"150\" src=\"https:\/\/www.meteorage.com\/wp-content\/uploads\/2024\/12\/nuage-eclair-150x150.webp\" class=\"attachment-thumbnail size-thumbnail wp-image-39664\" alt=\"\" srcset=\"https:\/\/www.meteorage.com\/wp-content\/uploads\/2024\/12\/nuage-eclair-150x150.webp 150w, https:\/\/www.meteorage.com\/wp-content\/uploads\/2024\/12\/nuage-eclair.webp 300w\" sizes=\"(max-width: 150px) 100vw, 150px\" \/>\t\t\t\t\t\t\t\t\t\t\t\t\t\t\t<\/div>\n\t\t\t\t<\/div>\n\t\t<div class=\"elementor-element elementor-element-5387a2a9 e-con-full e-flex e-con e-child\" data-id=\"5387a2a9\" data-element_type=\"container\" data-e-type=\"container\" data-settings=\"{&quot;background_background&quot;:&quot;classic&quot;}\">\n\t\t<div class=\"elementor-element elementor-element-4b7723e2 e-con-full e-flex e-con e-child\" data-id=\"4b7723e2\" data-element_type=\"container\" data-e-type=\"container\">\n\t\t\t\t<div class=\"elementor-element elementor-element-1d078e90 elementor-widget elementor-widget-text-editor\" data-id=\"1d078e90\" data-element_type=\"widget\" data-e-type=\"widget\" data-widget_type=\"text-editor.default\">\n\t\t\t\t<div class=\"elementor-widget-container\">\n\t\t\t\t\t\t\t\t\t<p>Notre R\u00e9seau de d\u00e9tection de la foudre Meteorage a enregistr\u00e9 en 2025<\/p>\t\t\t\t\t\t\t\t<\/div>\n\t\t\t\t<\/div>\n\t\t\t\t<div class=\"elementor-element elementor-element-1ec21ad8 elementor-widget elementor-widget-counter\" data-id=\"1ec21ad8\" data-element_type=\"widget\" data-e-type=\"widget\" data-widget_type=\"counter.default\">\n\t\t\t\t<div class=\"elementor-widget-container\">\n\t\t\t\t\t\t\t<div class=\"elementor-counter\">\n\t\t\t<div class=\"elementor-counter-title\">million d'\u00e9clairs nuage-sol en Europe<\/div>\t\t\t<div class=\"elementor-counter-number-wrapper\">\n\t\t\t\t<span class=\"elementor-counter-number-prefix\"><\/span>\n\t\t\t\t<span class=\"elementor-counter-number\" data-duration=\"2000\" data-to-value=\"1.226\" data-from-value=\"10000\" data-delimiter=\" \">10000<\/span>\n\t\t\t\t<span class=\"elementor-counter-number-suffix\"><\/span>\n\t\t\t<\/div>\n\t\t<\/div>\n\t\t\t\t\t\t<\/div>\n\t\t\t\t<\/div>\n\t\t\t\t<div class=\"elementor-element elementor-element-3af4cae5 elementor-widget-divider--view-line elementor-widget elementor-widget-divider\" data-id=\"3af4cae5\" data-element_type=\"widget\" data-e-type=\"widget\" data-widget_type=\"divider.default\">\n\t\t\t\t<div class=\"elementor-widget-container\">\n\t\t\t\t\t\t\t<div class=\"elementor-divider\">\n\t\t\t<span class=\"elementor-divider-separator\">\n\t\t\t\t\t\t<\/span>\n\t\t<\/div>\n\t\t\t\t\t\t<\/div>\n\t\t\t\t<\/div>\n\t\t\t\t<div class=\"elementor-element elementor-element-3b8a5669 elementor-widget elementor-widget-counter\" data-id=\"3b8a5669\" data-element_type=\"widget\" data-e-type=\"widget\" data-widget_type=\"counter.default\">\n\t\t\t\t<div class=\"elementor-widget-container\">\n\t\t\t\t\t\t\t<div class=\"elementor-counter\">\n\t\t\t<div class=\"elementor-counter-title\">\u00e9clairs nuage-sol d\u00e9tect\u00e9s en Suisse<\/div>\t\t\t<div class=\"elementor-counter-number-wrapper\">\n\t\t\t\t<span class=\"elementor-counter-number-prefix\"><\/span>\n\t\t\t\t<span class=\"elementor-counter-number\" data-duration=\"2000\" data-to-value=\"20597\" data-from-value=\"0\" data-delimiter=\" \">0<\/span>\n\t\t\t\t<span class=\"elementor-counter-number-suffix\"><\/span>\n\t\t\t<\/div>\n\t\t<\/div>\n\t\t\t\t\t\t<\/div>\n\t\t\t\t<\/div>\n\t\t\t\t<div class=\"elementor-element elementor-element-4e6d6d79 elementor-drop-cap-yes elementor-widget__width-initial elementor-drop-cap-view-default elementor-widget elementor-widget-text-editor\" data-id=\"4e6d6d79\" data-element_type=\"widget\" data-e-type=\"widget\" data-settings=\"{&quot;drop_cap&quot;:&quot;yes&quot;}\" data-widget_type=\"text-editor.default\">\n\t\t\t\t<div class=\"elementor-widget-container\">\n\t\t\t\t\t\t\t\t\t<p><span class=\"a_GcMg font-feature-liga-off font-feature-clig-off font-feature-calt-off text-decoration-none text-strikethrough-none\">Ces valeurs contrastent avec l\u2019ann\u00e9e 2024, au cours de laquelle plus de <\/span><span class=\"a_GcMg font-feature-liga-off font-feature-clig-off font-feature-calt-off text-decoration-none text-strikethrough-none\">1 967 112 <\/span><span class=\"a_GcMg font-feature-liga-off font-feature-clig-off font-feature-calt-off text-decoration-none text-strikethrough-none\">\u00e9clairs <\/span><span class=\"a_GcMg font-feature-liga-off font-feature-clig-off font-feature-calt-off text-decoration-none text-strikethrough-none\">nuage-sol avaient \u00e9t\u00e9 d\u00e9tect\u00e9s en Europe, dont <\/span><span class=\"a_GcMg font-feature-liga-off font-feature-clig-off font-feature-calt-off text-decoration-none text-strikethrough-none\">50 075<\/span><span class=\"a_GcMg font-feature-liga-off font-feature-clig-off font-feature-calt-off text-decoration-none text-strikethrough-none\"> en Suisse, traduisant une activit\u00e9 conforme aux normales climatiques. L\u00e0 o\u00f9 2024 avait \u00e9t\u00e9 marqu\u00e9e par plusieurs \u00e9pisodes orageux \u00e9tendus et structur\u00e9s, 2025 se distingue par des \u00e9pisodes plus ponctuels, mais pouvant se r\u00e9v\u00e9ler localement intenses.<\/span><\/p>\t\t\t\t\t\t\t\t<\/div>\n\t\t\t\t<\/div>\n\t\t\t\t<\/div>\n\t\t\t\t<\/div>\n\t\t\t\t<\/div>\n\t\t\t\t\t<\/div>\n\t\t\t\t<\/div>\n\t\t<div class=\"elementor-element elementor-element-4ff2a549 e-flex e-con-boxed e-con e-parent\" data-id=\"4ff2a549\" data-element_type=\"container\" data-e-type=\"container\">\n\t\t\t\t\t<div class=\"e-con-inner\">\n\t\t\t\t<div class=\"elementor-element elementor-element-5426a92e elementor-widget elementor-widget-text-editor\" data-id=\"5426a92e\" data-element_type=\"widget\" data-e-type=\"widget\" data-widget_type=\"text-editor.default\">\n\t\t\t\t<div class=\"elementor-widget-container\">\n\t\t\t\t\t\t\t\t\t<p><a href=\"#terminologie\">Pour une meilleure compr\u00e9hension des informations communiqu\u00e9es dans ce bilan, retrouvez les d\u00e9finitions des termes fr\u00e9quemment utilis\u00e9s dans notre terminologie.<\/a><\/p>\t\t\t\t\t\t\t\t<\/div>\n\t\t\t\t<\/div>\n\t\t\t\t<div class=\"elementor-element elementor-element-5c44eb2a elementor-align-center elementor-widget elementor-widget-button\" data-id=\"5c44eb2a\" data-element_type=\"widget\" data-e-type=\"widget\" data-widget_type=\"button.default\">\n\t\t\t\t<div class=\"elementor-widget-container\">\n\t\t\t\t\t\t\t\t\t<div class=\"elementor-button-wrapper\">\n\t\t\t\t\t<a class=\"elementor-button elementor-button-link elementor-size-lg\" href=\"https:\/\/www.meteorage.com\/wp-content\/uploads\/2026\/01\/Suisse_FR_Meteorage-BILAN-de-FOUDROIEMENT-2025.pdf\" target=\"_blank\">\n\t\t\t\t\t\t<span class=\"elementor-button-content-wrapper\">\n\t\t\t\t\t\t\t\t\t<span class=\"elementor-button-text\">Visualiser le Bilan Europe\/SUisse 2025 en pdf<\/span>\n\t\t\t\t\t<\/span>\n\t\t\t\t\t<\/a>\n\t\t\t\t<\/div>\n\t\t\t\t\t\t\t\t<\/div>\n\t\t\t\t<\/div>\n\t\t\t\t\t<\/div>\n\t\t\t\t<\/div>\n\t\t<div class=\"elementor-element elementor-element-16e58f9b e-flex e-con-boxed e-con e-parent\" data-id=\"16e58f9b\" data-element_type=\"container\" data-e-type=\"container\" data-settings=\"{&quot;background_background&quot;:&quot;classic&quot;}\">\n\t\t\t\t\t<div class=\"e-con-inner\">\n\t\t<div class=\"elementor-element elementor-element-1ab8e448 e-con-full e-flex e-con e-child\" data-id=\"1ab8e448\" data-element_type=\"container\" data-e-type=\"container\">\n\t\t\t\t<div class=\"elementor-element elementor-element-6dec82f3 elementor-widget elementor-widget-image\" data-id=\"6dec82f3\" data-element_type=\"widget\" data-e-type=\"widget\" data-widget_type=\"image.default\">\n\t\t\t\t<div class=\"elementor-widget-container\">\n\t\t\t\t\t\t\t\t\t\t\t\t\t\t\t<img decoding=\"async\" src=\"https:\/\/www.meteorage.com\/wp-content\/uploads\/2026\/01\/GUILLEMETS-_-MTG.webp\" title=\"\" alt=\"\" loading=\"lazy\" \/>\t\t\t\t\t\t\t\t\t\t\t\t\t\t\t<\/div>\n\t\t\t\t<\/div>\n\t\t\t\t<div class=\"elementor-element elementor-element-2d31ba25 elementor-widget elementor-widget-text-editor\" data-id=\"2d31ba25\" data-element_type=\"widget\" data-e-type=\"widget\" data-widget_type=\"text-editor.default\">\n\t\t\t\t<div class=\"elementor-widget-container\">\n\t\t\t\t\t\t\t\t\t<p><span class=\"a_GcMg font-feature-liga-off font-feature-clig-off font-feature-calt-off text-decoration-none text-strikethrough-none\">Le nombre d\u2019\u00e9clairs d\u2019une ann\u00e9e sur l\u2019autre ne refl\u00e8te pas \u00e0 lui seul le niveau de danger.&nbsp;<\/span><\/p><p><span class=\"a_GcMg font-feature-liga-off font-feature-clig-off font-feature-calt-off text-decoration-none text-strikethrough-none\">En 2025, les orages ont \u00e9t\u00e9 moins nombreux, mais parfois tout aussi intenses, et le risque peut appara\u00eetre \u00e0 tout moment pour les activit\u00e9s expos\u00e9es.<\/span><\/p>\t\t\t\t\t\t\t\t<\/div>\n\t\t\t\t<\/div>\n\t\t\t\t<div class=\"elementor-element elementor-element-4ee3565d elementor-widget elementor-widget-text-editor\" data-id=\"4ee3565d\" data-element_type=\"widget\" data-e-type=\"widget\" data-widget_type=\"text-editor.default\">\n\t\t\t\t<div class=\"elementor-widget-container\">\n\t\t\t\t\t\t\t\t\t<p><span class=\"a_GcMg font-feature-liga-off font-feature-clig-off font-feature-calt-off text-decoration-none text-strikethrough-none\">\u2014 St\u00e9phane Schmitt, Lightning Application Expert, Meteorage<\/span><\/p>\t\t\t\t\t\t\t\t<\/div>\n\t\t\t\t<\/div>\n\t\t\t\t<\/div>\n\t\t<div class=\"elementor-element elementor-element-115226eb e-con-full e-flex e-con e-child\" data-id=\"115226eb\" data-element_type=\"container\" data-e-type=\"container\">\n\t\t\t\t<div class=\"elementor-element elementor-element-423d75dd elementor-widget-tablet_extra__width-initial elementor-widget elementor-widget-image\" data-id=\"423d75dd\" data-element_type=\"widget\" data-e-type=\"widget\" data-widget_type=\"image.default\">\n\t\t\t\t<div class=\"elementor-widget-container\">\n\t\t\t\t\t\t\t\t\t\t\t\t\t\t\t\t<a href=\"https:\/\/www.meteorage.com\/wp-content\/uploads\/2026\/01\/2025_Industrie-Meteorage_Copyright-Xavier-delorme.webp\" data-elementor-open-lightbox=\"yes\" data-e-action-hash=\"#elementor-action%3Aaction%3Dlightbox%26settings%3DeyJpZCI6NTA2NTcsInVybCI6ZmFsc2V9\">\n\t\t\t\t\t\t\t<img decoding=\"async\" src=\"https:\/\/www.meteorage.com\/wp-content\/uploads\/2026\/01\/2025_Industrie-Meteorage_Copyright-Xavier-delorme.webp\" title=\"\" alt=\"\" loading=\"lazy\" \/>\t\t\t\t\t\t\t\t<\/a>\n\t\t\t\t\t\t\t\t\t\t\t\t\t\t\t<\/div>\n\t\t\t\t<\/div>\n\t\t\t\t<\/div>\n\t\t\t\t\t<\/div>\n\t\t\t\t<\/div>\n\t\t<div class=\"elementor-element elementor-element-2a15fc2d e-flex e-con-boxed e-con e-parent\" data-id=\"2a15fc2d\" data-element_type=\"container\" data-e-type=\"container\">\n\t\t\t\t\t<div class=\"e-con-inner\">\n\t\t\t\t<div class=\"elementor-element elementor-element-1b509429 elementor-widget-divider--view-line elementor-widget elementor-widget-divider\" data-id=\"1b509429\" data-element_type=\"widget\" data-e-type=\"widget\" data-widget_type=\"divider.default\">\n\t\t\t\t<div class=\"elementor-widget-container\">\n\t\t\t\t\t\t\t<div class=\"elementor-divider\">\n\t\t\t<span class=\"elementor-divider-separator\">\n\t\t\t\t\t\t<\/span>\n\t\t<\/div>\n\t\t\t\t\t\t<\/div>\n\t\t\t\t<\/div>\n\t\t\t\t\t<\/div>\n\t\t\t\t<\/div>\n\t\t<div class=\"elementor-element elementor-element-347d090c e-flex e-con-boxed e-con e-parent\" data-id=\"347d090c\" data-element_type=\"container\" data-e-type=\"container\">\n\t\t\t\t\t<div class=\"e-con-inner\">\n\t\t\t\t<div class=\"elementor-element elementor-element-4c39fa6b elementor-widget elementor-widget-ube-fancy-text\" data-id=\"4c39fa6b\" data-element_type=\"widget\" data-e-type=\"widget\" data-widget_type=\"ube-fancy-text.default\">\n\t\t\t\t<div class=\"elementor-widget-container\">\n\t\t\t\t\t<h3 data-text=\"[&quot;en 2025&quot;,&quot;en Europe&quot;]\" data-additional-options=\"{&quot;animationDelay&quot;:null,&quot;typingLoop&quot;:true,&quot;typingCursor&quot;:true}\" class=\"ube-fancy-text ube-fancy-text-typing\">    <span class=\"ube-fancy-text-before\">Les faits marquants<\/span>\n<span class=\"ube-fancy-text-animated\">\n\t<\/span>\n<\/h3>\t\t\t\t<\/div>\n\t\t\t\t<\/div>\n\t\t\t\t\t<\/div>\n\t\t\t\t<\/div>\n\t\t<div class=\"elementor-element elementor-element-471a6614 e-flex e-con-boxed e-con e-parent\" data-id=\"471a6614\" data-element_type=\"container\" data-e-type=\"container\">\n\t\t\t\t\t<div class=\"e-con-inner\">\n\t\t\t\t<div class=\"elementor-element elementor-element-af19cf2 elementor-widget elementor-widget-spacer\" data-id=\"af19cf2\" data-element_type=\"widget\" data-e-type=\"widget\" data-widget_type=\"spacer.default\">\n\t\t\t\t<div class=\"elementor-widget-container\">\n\t\t\t\t\t\t\t<div class=\"elementor-spacer\">\n\t\t\t<div class=\"elementor-spacer-inner\"><\/div>\n\t\t<\/div>\n\t\t\t\t\t\t<\/div>\n\t\t\t\t<\/div>\n\t\t\t\t<div class=\"elementor-element elementor-element-5e022afb elementor-drop-cap-yes elementor-widget__width-initial elementor-drop-cap-view-default elementor-widget elementor-widget-text-editor\" data-id=\"5e022afb\" data-element_type=\"widget\" data-e-type=\"widget\" data-settings=\"{&quot;drop_cap&quot;:&quot;yes&quot;}\" data-widget_type=\"text-editor.default\">\n\t\t\t\t<div class=\"elementor-widget-container\">\n\t\t\t\t\t\t\t\t\t<p class=\"cvGsUA direction-ltr align-start para-style-body\"><span class=\"a_GcMg font-feature-liga-off font-feature-clig-off font-feature-calt-off text-decoration-none text-strikethrough-none\">Bien que l\u2019activit\u00e9 \u00e9lectrique en 2025 soit en retrait par rapport aux r\u00e9f\u00e9rences historiques, <\/span><span class=\"a_GcMg font-feature-liga-off font-feature-clig-off font-feature-calt-off text-decoration-none text-strikethrough-none\">la forte variabilit\u00e9 interannuelle de l\u2019activit\u00e9 orageuse ne permet pas, \u00e0 ce stade, <\/span><span class=\"a_GcMg font-feature-liga-off font-feature-clig-off font-feature-calt-off text-decoration-none text-strikethrough-none\">d\u2019identifier une tendance statistique robuste.<\/span><\/p>\t\t\t\t\t\t\t\t<\/div>\n\t\t\t\t<\/div>\n\t\t\t\t<div class=\"elementor-element elementor-element-60d72afd elementor-widget elementor-widget-ube-chart\" data-id=\"60d72afd\" data-element_type=\"widget\" data-e-type=\"widget\" data-widget_type=\"ube-chart.default\">\n\t\t\t\t<div class=\"elementor-widget-container\">\n\t\t\t\t\t<div  >\n    <canvas id=\"ube-chart-60d72afd\" class=\"ube-chart\" data-chart-type=\"line\" data-chart-labels=\"[&quot;2016&quot;,&quot;2017&quot;,&quot;2018&quot;,&quot;2019&quot;,&quot;2020&quot;,&quot;2021&quot;,&quot;2022&quot;,&quot;2023&quot;,&quot;2024&quot;,&quot;2025&quot;]\" data-chart-options=\"{&quot;animation&quot;:{&quot;easing&quot;:&quot;linear&quot;},&quot;elements&quot;:{&quot;point&quot;:{&quot;pointStyle&quot;:&quot;rectRounded&quot;},&quot;line&quot;:{&quot;tension&quot;:0.5}},&quot;scales&quot;:{&quot;y&quot;:{&quot;ticks&quot;:{&quot;display&quot;:true},&quot;grid&quot;:{&quot;display&quot;:false,&quot;drawBorder&quot;:false,&quot;drawTicks&quot;:false}},&quot;x&quot;:{&quot;ticks&quot;:{&quot;display&quot;:true},&quot;grid&quot;:{&quot;display&quot;:false,&quot;drawBorder&quot;:false,&quot;drawTicks&quot;:false}}}}\" data-chart-datasets=\"[{&quot;label&quot;:&quot;\\u00c9volution du nombre d\\u2019\\u00e9clairs nuage-sol (CG) en Europe (2016-2025)&quot;,&quot;data&quot;:[1618380,1582329,2900401,1537910,1346211,1557133,2050981,2227181,1967112,1226838],&quot;backgroundColor&quot;:&quot;#01144A&quot;,&quot;hoverBackgroundColor&quot;:&quot;#01144A&quot;,&quot;borderColor&quot;:&quot;#01103B&quot;,&quot;hoverBorderColor&quot;:&quot;#01103B&quot;,&quot;borderWidth&quot;:&quot;1&quot;,&quot;fill&quot;:true}]\" data-chart-additional-options=\"{&quot;chatId&quot;:&quot;ube-chart-60d72afd&quot;}\" height=\"200\"><\/canvas>\n<\/div>\t\t\t\t<\/div>\n\t\t\t\t<\/div>\n\t\t\t\t<div class=\"elementor-element elementor-element-20743f4f elementor-widget elementor-widget-heading\" data-id=\"20743f4f\" data-element_type=\"widget\" data-e-type=\"widget\" data-widget_type=\"heading.default\">\n\t\t\t\t<div class=\"elementor-widget-container\">\n\t\t\t\t\t<h2 class=\"elementor-heading-title elementor-size-default\">360 jours d\u2019orage<\/h2>\t\t\t\t<\/div>\n\t\t\t\t<\/div>\n\t\t\t\t<div class=\"elementor-element elementor-element-34b35ddf elementor-drop-cap-yes elementor-widget__width-initial elementor-drop-cap-view-default elementor-widget elementor-widget-text-editor\" data-id=\"34b35ddf\" data-element_type=\"widget\" data-e-type=\"widget\" data-settings=\"{&quot;drop_cap&quot;:&quot;yes&quot;}\" data-widget_type=\"text-editor.default\">\n\t\t\t\t<div class=\"elementor-widget-container\">\n\t\t\t\t\t\t\t\t\t<p class=\"cvGsUA direction-ltr align-start para-style-body\"><span class=\"a_GcMg font-feature-liga-off font-feature-clig-off font-feature-calt-off text-decoration-none text-strikethrough-none\">L\u2019essentiel de l\u2019activit\u00e9 orageuse se concentre entre juin et ao\u00fbt (64%),<\/span> <span class=\"a_GcMg font-feature-liga-off font-feature-clig-off font-feature-calt-off text-decoration-none text-strikethrough-none\">p\u00e9riode durant laquelle les conditions instables ont \u00e9t\u00e9 les plus favorables, avec un pic marqu\u00e9 en juin et pr\u00e8s de <strong>284 200<\/strong> <strong>\u00e9clairs nuage-sol<\/strong> recens\u00e9s \u00e0 l\u2019\u00e9chelle du continent, illustrant une saison orageuse parfois pr\u00e9coce.<\/span><\/p>\t\t\t\t\t\t\t\t<\/div>\n\t\t\t\t<\/div>\n\t\t\t\t\t<\/div>\n\t\t\t\t<\/div>\n\t\t<div class=\"elementor-element elementor-element-18dda512 e-flex e-con-boxed e-con e-parent\" data-id=\"18dda512\" data-element_type=\"container\" data-e-type=\"container\">\n\t\t\t\t\t<div class=\"e-con-inner\">\n\t\t<div class=\"elementor-element elementor-element-1c8eb2f4 e-con-full e-flex e-con e-child\" data-id=\"1c8eb2f4\" data-element_type=\"container\" data-e-type=\"container\">\n\t\t\t\t<div class=\"elementor-element elementor-element-769190a elementor-widget elementor-widget-image\" data-id=\"769190a\" data-element_type=\"widget\" data-e-type=\"widget\" data-widget_type=\"image.default\">\n\t\t\t\t<div class=\"elementor-widget-container\">\n\t\t\t\t\t\t\t\t\t\t\t\t\t\t\t<img decoding=\"async\" src=\"https:\/\/www.meteorage.com\/wp-content\/uploads\/2026\/01\/GUILLEMETS-_-MTG.webp\" title=\"\" alt=\"\" loading=\"lazy\" \/>\t\t\t\t\t\t\t\t\t\t\t\t\t\t\t<\/div>\n\t\t\t\t<\/div>\n\t\t\t\t<div class=\"elementor-element elementor-element-52d61630 elementor-widget elementor-widget-text-editor\" data-id=\"52d61630\" data-element_type=\"widget\" data-e-type=\"widget\" data-widget_type=\"text-editor.default\">\n\t\t\t\t<div class=\"elementor-widget-container\">\n\t\t\t\t\t\t\t\t\t<p class=\"cvGsUA direction-ltr align-start para-style-body\"><span class=\"a_GcMg font-feature-liga-off font-feature-clig-off font-feature-calt-off text-decoration-none text-strikethrough-none\">En 2025, la circulation atmosph\u00e9rique \u00e0 l\u2019\u00e9chelle europ\u00e9enne a favoris\u00e9 une concentration <b>de l\u2019activit\u00e9 convective autour de la m\u00e9diterran\u00e9e<\/b>. La pr\u00e9sence r\u00e9currente de hauts g\u00e9opotentiels sur l\u2019Europe centrale et septentrionale a limit\u00e9 la progression des syst\u00e8mes instables vers le nord du continent.<\/span><\/p>\n<p class=\"cvGsUA direction-ltr align-start para-style-body\"><span class=\"a_GcMg font-feature-liga-off font-feature-clig-off font-feature-calt-off text-decoration-none text-strikethrough-none\">En cons\u00e9quence, les circulations d\u00e9pressionnaires et les for\u00e7ages dynamiques se sont maintenus aux basses latitudes, en interaction avec <\/span><span class=\"a_GcMg font-feature-liga-off font-feature-clig-off font-feature-calt-off text-decoration-none text-strikethrough-none\">des masses d\u2019air plus chaudes et humides sur le pourtour m\u00e9diterran\u00e9en, <\/span><span class=\"a_GcMg font-feature-liga-off font-feature-clig-off font-feature-calt-off text-decoration-none text-strikethrough-none\">cr\u00e9ant un environnement plus favorable \u00e0 l\u2019activit\u00e9 \u00e9lectrique.<\/span><\/p>\t\t\t\t\t\t\t\t<\/div>\n\t\t\t\t<\/div>\n\t\t\t\t<div class=\"elementor-element elementor-element-2f625bde elementor-widget elementor-widget-text-editor\" data-id=\"2f625bde\" data-element_type=\"widget\" data-e-type=\"widget\" data-widget_type=\"text-editor.default\">\n\t\t\t\t<div class=\"elementor-widget-container\">\n\t\t\t\t\t\t\t\t\t<p><span class=\"a_GcMg font-feature-liga-off font-feature-clig-off font-feature-calt-off text-decoration-none text-strikethrough-none\">\u2014 Joris Royet, Chef de projet M\u00e9t\u00e9o, Meteorage<\/span><\/p>\t\t\t\t\t\t\t\t<\/div>\n\t\t\t\t<\/div>\n\t\t\t\t<\/div>\n\t\t<div class=\"elementor-element elementor-element-43dd0130 e-con-full e-flex e-con e-child\" data-id=\"43dd0130\" data-element_type=\"container\" data-e-type=\"container\">\n\t\t\t\t<div class=\"elementor-element elementor-element-23c6bed4 elementor-widget elementor-widget-spacer\" data-id=\"23c6bed4\" data-element_type=\"widget\" data-e-type=\"widget\" data-widget_type=\"spacer.default\">\n\t\t\t\t<div class=\"elementor-widget-container\">\n\t\t\t\t\t\t\t<div class=\"elementor-spacer\">\n\t\t\t<div class=\"elementor-spacer-inner\"><\/div>\n\t\t<\/div>\n\t\t\t\t\t\t<\/div>\n\t\t\t\t<\/div>\n\t\t\t\t<div class=\"elementor-element elementor-element-2aaad3e4 elementor-widget elementor-widget-image\" data-id=\"2aaad3e4\" data-element_type=\"widget\" data-e-type=\"widget\" data-widget_type=\"image.default\">\n\t\t\t\t<div class=\"elementor-widget-container\">\n\t\t\t\t\t\t\t\t\t\t\t\t\t\t\t\t<a href=\"https:\/\/www.meteorage.com\/wp-content\/uploads\/2026\/01\/MTG_bilanfoudroiement_2025__EU-scaled.webp\" data-elementor-open-lightbox=\"yes\" data-e-action-hash=\"#elementor-action%3Aaction%3Dlightbox%26settings%3DeyJpZCI6NTA2NDUsInVybCI6ZmFsc2V9\">\n\t\t\t\t\t\t\t<img decoding=\"async\" src=\"https:\/\/www.meteorage.com\/wp-content\/uploads\/2026\/01\/MTG_bilanfoudroiement_2025__EU-scaled.webp\" title=\"\" alt=\"\" loading=\"lazy\" \/>\t\t\t\t\t\t\t\t<\/a>\n\t\t\t\t\t\t\t\t\t\t\t\t\t\t\t<\/div>\n\t\t\t\t<\/div>\n\t\t\t\t<\/div>\n\t\t\t\t\t<\/div>\n\t\t\t\t<\/div>\n\t\t<div class=\"elementor-element elementor-element-102525a6 e-flex e-con-boxed e-con e-parent\" data-id=\"102525a6\" data-element_type=\"container\" data-e-type=\"container\">\n\t\t\t\t\t<div class=\"e-con-inner\">\n\t\t\t\t<div class=\"elementor-element elementor-element-5ba51f3a elementor-widget elementor-widget-heading\" data-id=\"5ba51f3a\" data-element_type=\"widget\" data-e-type=\"widget\" data-widget_type=\"heading.default\">\n\t\t\t\t<div class=\"elementor-widget-container\">\n\t\t\t\t\t<h3 class=\"elementor-heading-title elementor-size-default\">Top 10 des pays les plus foudroy\u00e9s en Europe en 2025<\/h3>\t\t\t\t<\/div>\n\t\t\t\t<\/div>\n\t\t\t\t<div class=\"elementor-element elementor-element-1015a4f elementor-widget__width-inherit elementor-widget elementor-widget-ube-chart\" data-id=\"1015a4f\" data-element_type=\"widget\" data-e-type=\"widget\" data-widget_type=\"ube-chart.default\">\n\t\t\t\t<div class=\"elementor-widget-container\">\n\t\t\t\t\t<div  >\n    <canvas id=\"ube-chart-1015a4f\" class=\"ube-chart\" data-chart-type=\"bar\" data-chart-labels=\"[&quot;Espagne&quot;,&quot;Italie&quot;,&quot;France&quot;,&quot;Allemagne&quot;,&quot;Suisse&quot;,&quot;Portugal&quot;,&quot;Royaume-Uni&quot;,&quot;Belgique&quot;,&quot;Pays-Bas&quot;,&quot;Danemark&quot;]\" data-chart-options=\"{&quot;scales&quot;:{&quot;y&quot;:{&quot;ticks&quot;:{&quot;display&quot;:true},&quot;grid&quot;:{&quot;display&quot;:false,&quot;drawBorder&quot;:true,&quot;drawTicks&quot;:true}},&quot;x&quot;:{&quot;ticks&quot;:{&quot;display&quot;:true},&quot;grid&quot;:{&quot;display&quot;:false,&quot;drawBorder&quot;:true,&quot;drawTicks&quot;:true}}}}\" data-chart-datasets=\"[{&quot;label&quot;:&quot;Nombre d&#039;\\u00e9clairs nuage-sol CG\\u200b&quot;,&quot;data&quot;:[427686,385577,267502,83443,20597,18496,9392,6478,9392,6478,5095,4496],&quot;backgroundColor&quot;:&quot;#01144A&quot;,&quot;hoverBackgroundColor&quot;:&quot;#01144A&quot;,&quot;borderColor&quot;:&quot;#01144A&quot;,&quot;hoverBorderColor&quot;:&quot;#01144A&quot;,&quot;borderWidth&quot;:1,&quot;fill&quot;:true}]\" data-chart-additional-options=\"{&quot;chatId&quot;:&quot;ube-chart-1015a4f&quot;}\" height=\"250\"><\/canvas>\n<\/div>\t\t\t\t<\/div>\n\t\t\t\t<\/div>\n\t\t\t\t<div class=\"elementor-element elementor-element-11e115a1 elementor-widget elementor-widget-text-editor\" data-id=\"11e115a1\" data-element_type=\"widget\" data-e-type=\"widget\" data-widget_type=\"text-editor.default\">\n\t\t\t\t<div class=\"elementor-widget-container\">\n\t\t\t\t\t\t\t\t\t<p>La fr\u00e9quence, la r\u00e9partition g\u00e9ographique ainsi que l\u2019intensit\u00e9 des orages varient selon les saisons <strong>en fonction de la temp\u00e9rature, de l&rsquo;humidit\u00e9 et des dynamiques atmosph\u00e9riques<\/strong>.<\/p><p class=\"cvGsUA direction-ltr align-start para-style-body\"><span class=\"a_GcMg font-feature-liga-off font-feature-clig-off font-feature-calt-off text-decoration-none text-strikethrough-none\">Le <strong>printemps<\/strong> totalise<\/span> <span class=\"a_GcMg font-feature-liga-off font-feature-clig-off font-feature-calt-off text-decoration-none text-strikethrough-none\">233 316<\/span><span class=\"a_GcMg font-feature-liga-off font-feature-clig-off font-feature-calt-off text-decoration-none text-strikethrough-none\"> \u00e9clairs nuage-sol, avec une r\u00e9partition g\u00e9ographique tr\u00e8s h\u00e9t\u00e9rog\u00e8ne: u<\/span><span class=\"a_GcMg font-feature-liga-off font-feature-clig-off font-feature-calt-off text-decoration-none text-strikethrough-none\">ne faible activit\u00e9 sur la moiti\u00e9 nord de l\u2019Europe qui reste largement sous l\u2019influence de conditions anticycloniques persistantes, limitant fortement le d\u00e9veloppement des orages. <\/span><span class=\"a_GcMg font-feature-liga-off font-feature-clig-off font-feature-calt-off text-decoration-none text-strikethrough-none\">\u00c0 l\u2019inverse, une activit\u00e9 plus r\u00e9guli\u00e8re s\u2019observe sur le sud du continent, notamment autour du bassin m\u00e9diterran\u00e9en. <\/span><span class=\"a_GcMg font-feature-liga-off font-feature-clig-off font-feature-calt-off text-decoration-none text-strikethrough-none\">Durant cette p\u00e9riode, l\u2019Espagne appara\u00eet comme le pays le plus touch\u00e9, avec<\/span> <span class=\"a_GcMg font-feature-liga-off font-feature-clig-off font-feature-calt-off text-decoration-none text-strikethrough-none\">97 219<\/span> <span class=\"a_GcMg font-feature-liga-off font-feature-clig-off font-feature-calt-off text-decoration-none text-strikethrough-none\">\u00e9clairs nuage-sol d\u00e9tect\u00e9s.<\/span><\/p><p><span class=\"a_GcMg font-feature-liga-off font-feature-clig-off font-feature-calt-off text-decoration-none text-strikethrough-none\">L\u2019<strong>\u00e9t\u00e9<\/strong> concentre<\/span> <span class=\"a_GcMg font-feature-liga-off font-feature-clig-off font-feature-calt-off text-decoration-none text-strikethrough-none\">775 394<\/span> <span class=\"a_GcMg font-feature-liga-off font-feature-clig-off font-feature-calt-off text-decoration-none text-strikethrough-none\">\u00e9clairs nuage-sol, soit plus de la moiti\u00e9 de l\u2019activit\u00e9 annuelle. <\/span><span class=\"a_GcMg font-feature-liga-off font-feature-clig-off font-feature-calt-off text-decoration-none text-strikethrough-none\">Si les orages se sont principalement d\u00e9velopp\u00e9s le long de l\u2019axe classique <\/span><span class=\"a_GcMg font-feature-liga-off font-feature-clig-off font-feature-calt-off text-decoration-none text-strikethrough-none\">Espagne \u2013 France \u2013 Allemagne, l\u2019Italie a \u00e9galement connu une activit\u00e9 notable, devenant le pays le plus frapp\u00e9 par la foudre en Europe pendant cette saison.<\/span><\/p><p><span class=\"a_GcMg font-feature-liga-off font-feature-clig-off font-feature-calt-off text-decoration-none text-strikethrough-none\">\u00c0 l\u2019<\/span><strong>automne, <\/strong>les orages se maintiennent principalement :<\/p><ul><li><span class=\"a_GcMg font-feature-liga-off font-feature-clig-off font-feature-calt-off text-decoration-none text-strikethrough-none\">sur les mers,<\/span><\/li><li><span class=\"a_GcMg font-feature-liga-off font-feature-clig-off font-feature-calt-off text-decoration-none text-strikethrough-none\">sur les r\u00e9gions c\u00f4ti\u00e8res m\u00e9diterran\u00e9ennes (Espagne orientale, sud de la France, Italie).<\/span><\/li><\/ul><p><span class=\"a_GcMg font-feature-liga-off font-feature-clig-off font-feature-calt-off text-decoration-none text-strikethrough-none\">Ce renforcement local s\u2019explique par la persistance d\u2019eaux de surface chaudes, alors que les basses couches continentales se refroidissent plus rapidement. Ce contraste vertical de temp\u00e9rature favorise la convection, rendant les orages parfois intenses et tr\u00e8s pluvieux, au gr\u00e9 des passages d\u00e9pressionnaires.<\/span><\/p>\t\t\t\t\t\t\t\t<\/div>\n\t\t\t\t<\/div>\n\t\t\t\t\t<\/div>\n\t\t\t\t<\/div>\n\t\t<div class=\"elementor-element elementor-element-3f441f61 e-flex e-con-boxed e-con e-parent\" data-id=\"3f441f61\" data-element_type=\"container\" data-e-type=\"container\">\n\t\t\t\t\t<div class=\"e-con-inner\">\n\t\t\t\t<div class=\"elementor-element elementor-element-6d88af9d elementor-widget-divider--view-line elementor-widget elementor-widget-divider\" data-id=\"6d88af9d\" data-element_type=\"widget\" data-e-type=\"widget\" data-widget_type=\"divider.default\">\n\t\t\t\t<div class=\"elementor-widget-container\">\n\t\t\t\t\t\t\t<div class=\"elementor-divider\">\n\t\t\t<span class=\"elementor-divider-separator\">\n\t\t\t\t\t\t<\/span>\n\t\t<\/div>\n\t\t\t\t\t\t<\/div>\n\t\t\t\t<\/div>\n\t\t\t\t<div class=\"elementor-element elementor-element-1644194d elementor-widget elementor-widget-ube-fancy-text\" data-id=\"1644194d\" data-element_type=\"widget\" data-e-type=\"widget\" data-widget_type=\"ube-fancy-text.default\">\n\t\t\t\t<div class=\"elementor-widget-container\">\n\t\t\t\t\t<h3 data-text=\"[&quot;en 2025&quot;,&quot;en Suisse&quot;]\" data-additional-options=\"{&quot;animationDelay&quot;:null,&quot;typingLoop&quot;:true,&quot;typingCursor&quot;:true}\" class=\"ube-fancy-text ube-fancy-text-typing\">    <span class=\"ube-fancy-text-before\">Les faits marquants<\/span>\n<span class=\"ube-fancy-text-animated\">\n\t<\/span>\n<\/h3>\t\t\t\t<\/div>\n\t\t\t\t<\/div>\n\t\t\t\t<div class=\"elementor-element elementor-element-51ccd0a6 elementor-widget elementor-widget-heading\" data-id=\"51ccd0a6\" data-element_type=\"widget\" data-e-type=\"widget\" data-widget_type=\"heading.default\">\n\t\t\t\t<div class=\"elementor-widget-container\">\n\t\t\t\t\t<h5 class=\"elementor-heading-title elementor-size-default\">2025, une ann\u00e9e faiblement foudroy\u00e9e <\/h5>\t\t\t\t<\/div>\n\t\t\t\t<\/div>\n\t\t\t\t<div class=\"elementor-element elementor-element-51a9e436 elementor-widget elementor-widget-text-editor\" data-id=\"51a9e436\" data-element_type=\"widget\" data-e-type=\"widget\" data-widget_type=\"text-editor.default\">\n\t\t\t\t<div class=\"elementor-widget-container\">\n\t\t\t\t\t\t\t\t\t<p class=\"cvGsUA direction-ltr align-start para-style-body\"><span class=\"a_GcMg font-feature-liga-off font-feature-clig-off font-feature-calt-off text-decoration-none text-strikethrough-none\">En 2025, la Suisse a enregistr\u00e9<\/span> <strong><span class=\"a_GcMg font-feature-liga-off font-feature-clig-off font-feature-calt-off text-decoration-none text-strikethrough-none\">20 597<\/span> <\/strong><span class=\"a_GcMg font-feature-liga-off font-feature-clig-off font-feature-calt-off text-decoration-none text-strikethrough-none\"><strong>\u00e9clairs nuage-sol<\/strong>, <\/span><span class=\"a_GcMg font-feature-liga-off font-feature-clig-off font-feature-calt-off text-decoration-none text-strikethrough-none\">une activit\u00e9 orageuse faible, bien en dessous de ce qui est habituellement observ\u00e9.<\/span><\/p><p><span class=\"a_GcMg font-feature-liga-off font-feature-clig-off font-feature-calt-off text-decoration-none text-strikethrough-none\">Ce qui place 2025 \u00e0 la derni\u00e8re position du classement annuel depuis le d\u00e9but de nos relev\u00e9s Meteorage.<\/span><\/p>\t\t\t\t\t\t\t\t<\/div>\n\t\t\t\t<\/div>\n\t\t<div class=\"elementor-element elementor-element-0b50bcf e-con-full e-flex e-con e-child\" data-id=\"0b50bcf\" data-element_type=\"container\" data-e-type=\"container\">\n\t\t\t\t<div class=\"elementor-element elementor-element-32e7d2d elementor-widget elementor-widget-ube-chart\" data-id=\"32e7d2d\" data-element_type=\"widget\" data-e-type=\"widget\" data-widget_type=\"ube-chart.default\">\n\t\t\t\t<div class=\"elementor-widget-container\">\n\t\t\t\t\t<div  >\n    <canvas id=\"ube-chart-32e7d2d\" class=\"ube-chart\" data-chart-type=\"line\" data-chart-labels=\"[&quot;2016&quot;,&quot;2017&quot;,&quot;2018&quot;,&quot;2019&quot;,&quot;2020&quot;,&quot;2021&quot;,&quot;2022&quot;,&quot;2023&quot;,&quot;2024&quot;,&quot;2025&quot;]\" data-chart-options=\"{&quot;animation&quot;:{&quot;easing&quot;:&quot;linear&quot;},&quot;elements&quot;:{&quot;point&quot;:{&quot;pointStyle&quot;:&quot;rectRounded&quot;},&quot;line&quot;:{&quot;tension&quot;:0.5}},&quot;scales&quot;:{&quot;y&quot;:{&quot;ticks&quot;:{&quot;display&quot;:true,&quot;color&quot;:&quot;#01144A&quot;},&quot;grid&quot;:{&quot;display&quot;:false,&quot;drawBorder&quot;:false,&quot;drawTicks&quot;:false}},&quot;x&quot;:{&quot;ticks&quot;:{&quot;display&quot;:true,&quot;color&quot;:&quot;#01144A&quot;},&quot;grid&quot;:{&quot;display&quot;:false,&quot;drawBorder&quot;:false,&quot;drawTicks&quot;:false}}}}\" data-chart-datasets=\"[{&quot;label&quot;:&quot;\\u00c9volution du nombre d\\u2019\\u00e9clairs nuage-sol (CG) en Suisse (2016-2025)&quot;,&quot;data&quot;:[32742,51571,59317,50324,28718,56470,68659,55097,50075,20597],&quot;backgroundColor&quot;:&quot;#01144A&quot;,&quot;hoverBackgroundColor&quot;:&quot;#01144A&quot;,&quot;borderColor&quot;:&quot;#01103B&quot;,&quot;hoverBorderColor&quot;:&quot;#01103B&quot;,&quot;borderWidth&quot;:&quot;1&quot;,&quot;fill&quot;:true}]\" data-chart-additional-options=\"{&quot;chatId&quot;:&quot;ube-chart-32e7d2d&quot;}\" height=\"200\"><\/canvas>\n<\/div>\t\t\t\t<\/div>\n\t\t\t\t<\/div>\n\t\t<div class=\"elementor-element elementor-element-4693420 e-con-full e-flex e-con e-child\" data-id=\"4693420\" data-element_type=\"container\" data-e-type=\"container\">\n\t\t<div class=\"elementor-element elementor-element-cd19c80 e-con-full e-flex e-con e-child\" data-id=\"cd19c80\" data-element_type=\"container\" data-e-type=\"container\">\n\t\t\t\t<div class=\"elementor-element elementor-element-663003b elementor-widget elementor-widget-text-editor\" data-id=\"663003b\" data-element_type=\"widget\" data-e-type=\"widget\" data-widget_type=\"text-editor.default\">\n\t\t\t\t<div class=\"elementor-widget-container\">\n\t\t\t\t\t\t\t\t\t<p><span class=\"a_GcMg font-feature-liga-off font-feature-clig-off font-feature-calt-off text-decoration-none text-strikethrough-none\">Une ann\u00e9e donc tr\u00e8s calme, o\u00f9 les conditions propices aux orages ont \u00e9t\u00e9 rarement r\u00e9unies.<\/span><\/p>\t\t\t\t\t\t\t\t<\/div>\n\t\t\t\t<\/div>\n\t\t\t\t<\/div>\n\t\t<div class=\"elementor-element elementor-element-a3a6c36 e-con-full e-flex e-con e-child\" data-id=\"a3a6c36\" data-element_type=\"container\" data-e-type=\"container\">\n\t\t\t\t<div class=\"elementor-element elementor-element-776964b elementor-widget elementor-widget-image\" data-id=\"776964b\" data-element_type=\"widget\" data-e-type=\"widget\" data-widget_type=\"image.default\">\n\t\t\t\t<div class=\"elementor-widget-container\">\n\t\t\t\t\t\t\t\t\t\t\t\t\t\t\t\t<a href=\"https:\/\/www.meteorage.com\/wp-content\/uploads\/2026\/01\/MTG_Suisse_2025-converti-depuis-png-scaled.webp\" data-elementor-open-lightbox=\"yes\" data-e-action-hash=\"#elementor-action%3Aaction%3Dlightbox%26settings%3DeyJpZCI6NTEwNzEsInVybCI6ZmFsc2V9\">\n\t\t\t\t\t\t\t<img decoding=\"async\" src=\"https:\/\/www.meteorage.com\/wp-content\/uploads\/2026\/01\/MTG_Suisse_2025-converti-depuis-png-scaled.webp\" title=\"\" alt=\"\" loading=\"lazy\" \/>\t\t\t\t\t\t\t\t<\/a>\n\t\t\t\t\t\t\t\t\t\t\t\t\t\t\t<\/div>\n\t\t\t\t<\/div>\n\t\t\t\t<\/div>\n\t\t\t\t<\/div>\n\t\t\t\t<\/div>\n\t\t\t\t\t<\/div>\n\t\t\t\t<\/div>\n\t\t<div class=\"elementor-element elementor-element-42a0c069 e-flex e-con-boxed e-con e-parent\" data-id=\"42a0c069\" data-element_type=\"container\" data-e-type=\"container\" data-settings=\"{&quot;background_background&quot;:&quot;classic&quot;}\">\n\t\t\t\t\t<div class=\"e-con-inner\">\n\t\t<div class=\"elementor-element elementor-element-7b2765c7 e-flex e-con-boxed e-con e-child\" data-id=\"7b2765c7\" data-element_type=\"container\" data-e-type=\"container\">\n\t\t\t\t\t<div class=\"e-con-inner\">\n\t\t\t\t<div class=\"elementor-element elementor-element-7a32184e elementor-widget elementor-widget-heading\" data-id=\"7a32184e\" data-element_type=\"widget\" data-e-type=\"widget\" data-widget_type=\"heading.default\">\n\t\t\t\t<div class=\"elementor-widget-container\">\n\t\t\t\t\t<h2 class=\"elementor-heading-title elementor-size-default\">2025, une ann\u00e9e calme, mais des impacts bien r\u00e9els.<\/h2>\t\t\t\t<\/div>\n\t\t\t\t<\/div>\n\t\t\t\t\t<\/div>\n\t\t\t\t<\/div>\n\t\t<div class=\"elementor-element elementor-element-202ac421 e-con-full e-flex e-con e-child\" data-id=\"202ac421\" data-element_type=\"container\" data-e-type=\"container\" data-settings=\"{&quot;background_background&quot;:&quot;classic&quot;}\">\n\t\t\t\t<div class=\"elementor-element elementor-element-539571a6 elementor-widget elementor-widget-heading\" data-id=\"539571a6\" data-element_type=\"widget\" data-e-type=\"widget\" data-widget_type=\"heading.default\">\n\t\t\t\t<div class=\"elementor-widget-container\">\n\t\t\t\t\t<h4 class=\"elementor-heading-title elementor-size-default\">Accidents marquants en 2025<\/h4>\t\t\t\t<\/div>\n\t\t\t\t<\/div>\n\t\t\t\t<div class=\"elementor-element elementor-element-3b7be756 elementor-widget elementor-widget-text-editor\" data-id=\"3b7be756\" data-element_type=\"widget\" data-e-type=\"widget\" data-widget_type=\"text-editor.default\">\n\t\t\t\t<div class=\"elementor-widget-container\">\n\t\t\t\t\t\t\t\t\t<p class=\"cvGsUA direction-ltr align-start para-style-body\"><span class=\"a_GcMg font-feature-liga-off font-feature-clig-off font-feature-calt-off text-decoration-none text-strikethrough-none\"><strong>\u00c9nergie<\/strong> <\/span><span class=\"a_GcMg font-feature-liga-off font-feature-clig-off font-feature-calt-off text-decoration-none text-strikethrough-none\">: \u00e9oliennes endommag\u00e9es ou d\u00e9truites par la foudre aux Pays-Bas, en Espagne et en France, entra\u00eenant des incendies et des pertes \u00e9conomiques majeures.<\/span><\/p><p><span class=\"a_GcMg font-feature-liga-off font-feature-clig-off font-feature-calt-off text-decoration-none text-strikethrough-none\"><strong>Transports<\/strong> <\/span><span class=\"a_GcMg font-feature-liga-off font-feature-clig-off font-feature-calt-off text-decoration-none text-strikethrough-none\">: retards et interruptions dans l\u2019a\u00e9rien (a\u00e9roports Orly, CDG) et le ferroviaire<\/span> <span class=\"a_GcMg font-feature-liga-off font-feature-clig-off font-feature-calt-off text-decoration-none text-strikethrough-none\">en France en Allemagne ou encore au Royaume-Uni, suite \u00e0 des impacts sur les syst\u00e8mes de signalisation.<\/span><\/p><p><span class=\"a_GcMg font-feature-liga-off font-feature-clig-off font-feature-calt-off text-decoration-none text-strikethrough-none\"><strong>Industrie<\/strong> : <\/span><span class=\"a_GcMg font-feature-liga-off font-feature-clig-off font-feature-calt-off text-decoration-none text-strikethrough-none\">arr\u00eats d\u2019activit\u00e9 et d\u00e9g\u00e2ts mat\u00e9riels apr\u00e8s impacts directs sur des sites industriels (distillerie en Charente, ateliers dans l\u2019Eure) et des infrastructures de loisirs (t\u00e9l\u00e9ph\u00e9rique en Italie).<\/span><\/p><p><span class=\"a_GcMg font-feature-liga-off font-feature-clig-off font-feature-calt-off text-decoration-none text-strikethrough-none\"><strong>Agriculture<\/strong> : <\/span><span class=\"a_GcMg font-feature-liga-off font-feature-clig-off font-feature-calt-off text-decoration-none text-strikethrough-none\">mortalit\u00e9 parfois collective de troupeaux en Espagne et en Irlande<\/span><\/p><p><span class=\"a_GcMg font-feature-liga-off font-feature-clig-off font-feature-calt-off text-decoration-none text-strikethrough-none\"><strong>Environnement<\/strong> : <\/span><span class=\"a_GcMg font-feature-liga-off font-feature-clig-off font-feature-calt-off text-decoration-none text-strikethrough-none\">au moins deux incendies de for\u00eat majeurs ont \u00e9t\u00e9 d\u00e9clench\u00e9s par la foudre, en Suisse (Tessin) et au Portugal (district de Coimbra)<\/span><\/p>\t\t\t\t\t\t\t\t<\/div>\n\t\t\t\t<\/div>\n\t\t\t\t<\/div>\n\t\t<div class=\"elementor-element elementor-element-549d4767 two-col-row link-type-card e-con-full e-flex e-con e-child\" data-id=\"549d4767\" data-element_type=\"container\" data-e-type=\"container\">\n\t\t\t\t<div class=\"elementor-element elementor-element-7788f173 elementor-widget-tablet_extra__width-initial elementor-widget elementor-widget-text-editor\" data-id=\"7788f173\" data-element_type=\"widget\" data-e-type=\"widget\" data-widget_type=\"text-editor.default\">\n\t\t\t\t<div class=\"elementor-widget-container\">\n\t\t\t\t\t\t\t\t\t<p>FAIBLE ACTIVIT\u00c9 \u2260 FAIBLE RISQUE<\/p>\t\t\t\t\t\t\t\t<\/div>\n\t\t\t\t<\/div>\n\t\t\t\t<div class=\"elementor-element elementor-element-2f949cd7 elementor-widget-tablet_extra__width-initial elementor-widget elementor-widget-text-editor\" data-id=\"2f949cd7\" data-element_type=\"widget\" data-e-type=\"widget\" data-widget_type=\"text-editor.default\">\n\t\t\t\t<div class=\"elementor-widget-container\">\n\t\t\t\t\t\t\t\t\t<p>Si l\u2019ann\u00e9e 2025 s\u2019inscrit comme moins orageuse que la normale \u00e0 l\u2019\u00e9chelle europ\u00e9enne, le risque li\u00e9 \u00e0 la foudre reste pleinement d\u2019actualit\u00e9, le nombre total d\u2019\u00e9clairs n\u2019\u00e9tant jamais suffisant pour \u00e9valuer votre exposition.<br><\/p>\n<p>Chaque orage, m\u00eame mod\u00e9r\u00e9, peut provoquer des dommages importants, parfois inattendus : <br>interruptions d\u2019activit\u00e9, d\u00e9gradations d\u2019\u00e9quipements sensibles, pertes \u00e9conomiques ou risques humains.<\/p>\t\t\t\t\t\t\t\t<\/div>\n\t\t\t\t<\/div>\n\t\t\t\t<\/div>\n\t\t\t\t\t<\/div>\n\t\t\t\t<\/div>\n\t\t<div class=\"elementor-element elementor-element-3e984149 e-flex e-con-boxed e-con e-parent\" data-id=\"3e984149\" data-element_type=\"container\" data-e-type=\"container\">\n\t\t\t\t\t<div class=\"e-con-inner\">\n\t\t\t\t<div class=\"elementor-element elementor-element-7a43ecd1 elementor-widget elementor-widget-spacer\" data-id=\"7a43ecd1\" data-element_type=\"widget\" data-e-type=\"widget\" data-widget_type=\"spacer.default\">\n\t\t\t\t<div class=\"elementor-widget-container\">\n\t\t\t\t\t\t\t<div class=\"elementor-spacer\">\n\t\t\t<div class=\"elementor-spacer-inner\"><\/div>\n\t\t<\/div>\n\t\t\t\t\t\t<\/div>\n\t\t\t\t<\/div>\n\t\t\t\t<div class=\"elementor-element elementor-element-3228da4b elementor-widget elementor-widget-heading\" data-id=\"3228da4b\" data-element_type=\"widget\" data-e-type=\"widget\" data-widget_type=\"heading.default\">\n\t\t\t\t<div class=\"elementor-widget-container\">\n\t\t\t\t\t<h4 class=\"elementor-heading-title elementor-size-default\">Un risque permanent, \nsans fronti\u00e8re ni saison<\/h4>\t\t\t\t<\/div>\n\t\t\t\t<\/div>\n\t\t\t\t<div class=\"elementor-element elementor-element-2baf1a48 elementor-widget elementor-widget-text-editor\" data-id=\"2baf1a48\" data-element_type=\"widget\" data-e-type=\"widget\" data-widget_type=\"text-editor.default\">\n\t\t\t\t<div class=\"elementor-widget-container\">\n\t\t\t\t\t\t\t\t\t<p><span class=\"a_GcMg font-feature-liga-off font-feature-clig-off font-feature-calt-off text-decoration-none text-strikethrough-none\">L\u2019analyse des accidents survenus en 2025 confirme que les cons\u00e9quences de la foudre<\/span><span class=\"a_GcMg font-feature-liga-off font-feature-clig-off font-feature-calt-off text-decoration-none text-strikethrough-none\"> ne se limitent ni aux situations extr\u00eames, ni \u00e0 la seule p\u00e9riode estivale<\/span><span class=\"a_GcMg font-feature-liga-off font-feature-clig-off font-feature-calt-off text-decoration-none text-strikethrough-none\">. Les \u00e9v\u00e9nements recens\u00e9s s\u2019\u00e9talent sur toute l\u2019ann\u00e9e, d\u00e9montrant que le risque est permanent, y compris lors de ph\u00e9nom\u00e8nes jug\u00e9s mineurs. Il est essentiel de rappeler que la majorit\u00e9 des accidents graves surviennent lors de journ\u00e9es class\u00e9es en vigilance jaune, voire sans alerte particuli\u00e8re.<\/span><\/p><p><strong><span class=\"a_GcMg font-feature-liga-off font-feature-clig-off font-feature-calt-off text-decoration-none text-strikethrough-none\">L<\/span><\/strong><span class=\"a_GcMg font-feature-liga-off font-feature-clig-off font-feature-calt-off text-decoration-none text-strikethrough-none\"><strong>\u2019accident du zoo de la Barben (France)<\/strong>,<\/span><span class=\"a_GcMg font-feature-liga-off font-feature-clig-off font-feature-calt-off text-decoration-none text-strikethrough-none\"> survenu lors d\u2019une journ\u00e9e orageuse mais loin d\u2019\u00eatre exceptionnelle, en est une illustration frappante. Cela souligne la n\u00e9cessit\u00e9 d\u2019une vigilance constante, m\u00eame lors d\u2019\u00e9pisodes qualifi\u00e9s de \u00ab\u202fmod\u00e9r\u00e9s\u202f\u00bb.<\/span><\/p>\t\t\t\t\t\t\t\t<\/div>\n\t\t\t\t<\/div>\n\t\t\t\t\t<\/div>\n\t\t\t\t<\/div>\n\t\t<div class=\"elementor-element elementor-element-102627ae container-bg services-section e-con-full e-flex e-con e-parent\" data-id=\"102627ae\" data-element_type=\"container\" data-e-type=\"container\">\n\t\t<div class=\"elementor-element elementor-element-48d04d9d e-flex e-con-boxed e-con e-child\" data-id=\"48d04d9d\" data-element_type=\"container\" data-e-type=\"container\">\n\t\t\t\t\t<div class=\"e-con-inner\">\n\t\t\t\t<div class=\"elementor-element elementor-element-10244866 section-title elementor-widget elementor-widget-heading\" data-id=\"10244866\" data-element_type=\"widget\" data-e-type=\"widget\" data-widget_type=\"heading.default\">\n\t\t\t\t<div class=\"elementor-widget-container\">\n\t\t\t\t\t<h2 class=\"elementor-heading-title elementor-size-default\">Pr\u00e9venir pour mieux prot\u00e9ger <\/h2>\t\t\t\t<\/div>\n\t\t\t\t<\/div>\n\t\t\t\t<div class=\"elementor-element elementor-element-20cbc5a4 elementor-widget elementor-widget-text-editor\" data-id=\"20cbc5a4\" data-element_type=\"widget\" data-e-type=\"widget\" data-widget_type=\"text-editor.default\">\n\t\t\t\t<div class=\"elementor-widget-container\">\n\t\t\t\t\t\t\t\t\t<p><span class=\"a_GcMg font-feature-liga-off font-feature-clig-off font-feature-calt-off text-decoration-none text-strikethrough-none\">Face \u00e0 ce risque diffus, il est indispensable d\u2019adopter des <\/span><span class=\"a_GcMg font-feature-liga-off font-feature-clig-off font-feature-calt-off text-decoration-none text-strikethrough-none\">mesures de pr\u00e9vention adapt\u00e9es<\/span><span class=\"a_GcMg font-feature-liga-off font-feature-clig-off font-feature-calt-off text-decoration-none text-strikethrough-none\">\u202f: <\/span><span class=\"a_GcMg font-feature-liga-off font-feature-clig-off font-feature-calt-off text-decoration-none text-strikethrough-none\">sensibilisation<\/span><span class=\"a_GcMg font-feature-liga-off font-feature-clig-off font-feature-calt-off text-decoration-none text-strikethrough-none\">, <\/span><span class=\"a_GcMg font-feature-liga-off font-feature-clig-off font-feature-calt-off text-decoration-none text-strikethrough-none\">organisation <\/span><span class=\"a_GcMg font-feature-liga-off font-feature-clig-off font-feature-calt-off text-decoration-none text-strikethrough-none\">des activit\u00e9s ext\u00e9rieures, <\/span><span class=\"a_GcMg font-feature-liga-off font-feature-clig-off font-feature-calt-off text-decoration-none text-strikethrough-none\">protection <\/span><span class=\"a_GcMg font-feature-liga-off font-feature-clig-off font-feature-calt-off text-decoration-none text-strikethrough-none\">des infrastructures, <\/span><span class=\"a_GcMg font-feature-liga-off font-feature-clig-off font-feature-calt-off text-decoration-none text-strikethrough-none\">diffusion <\/span><span class=\"a_GcMg font-feature-liga-off font-feature-clig-off font-feature-calt-off text-decoration-none text-strikethrough-none\">de bonnes pratiques aupr\u00e8s des \u00e9quipes expos\u00e9es.<\/span><\/p><p class=\"cvGsUA direction-ltr align-start para-style-body\"><span class=\"a_GcMg font-feature-liga-off font-feature-clig-off font-feature-calt-off text-decoration-none text-strikethrough-none\">C\u2019est dans cette logique que Meteorage vous accompagne pour mieux vous prot\u00e9ger, <\/span><span class=\"a_GcMg font-feature-liga-off font-feature-clig-off font-feature-calt-off text-decoration-none text-strikethrough-none\">de la formation \u00e0 la donn\u00e9e foudre<\/span><span class=\"a_GcMg font-feature-liga-off font-feature-clig-off font-feature-calt-off text-decoration-none text-strikethrough-none\">, en passant par des<\/span><span class=\"a_GcMg font-feature-liga-off font-feature-clig-off font-feature-calt-off text-decoration-none text-strikethrough-none\"> services d\u2019alerte<\/span><span class=\"a_GcMg font-feature-liga-off font-feature-clig-off font-feature-calt-off text-decoration-none text-strikethrough-none\">,<\/span><span class=\"a_GcMg font-feature-liga-off font-feature-clig-off font-feature-calt-off text-decoration-none text-strikethrough-none\"> d&rsquo;analyse et d\u2019aide \u00e0 la d\u00e9cision<\/span><span class=\"a_GcMg font-feature-liga-off font-feature-clig-off font-feature-calt-off text-decoration-none text-strikethrough-none\">. Cette expertise s\u2019inscrit \u00e9galement dans une mission plus large de diffusion de la culture du risque, \u00e0 travers nos engagements en normalisation, nos \u00e9tudes et publications \u00e0 l&rsquo;international, <\/span><span class=\"a_GcMg font-feature-liga-off font-feature-clig-off font-feature-calt-off text-decoration-none text-strikethrough-none\">ainsi que des actions p\u00e9dagogiques <\/span><span class=\"a_GcMg font-feature-liga-off font-feature-clig-off font-feature-calt-off text-decoration-none text-strikethrough-none\">et des messages de pr\u00e9vention <\/span><span class=\"a_GcMg font-feature-liga-off font-feature-clig-off font-feature-calt-off text-decoration-none text-strikethrough-none\">accessibles \u00e0 tous.<\/span><\/p>\t\t\t\t\t\t\t\t<\/div>\n\t\t\t\t<\/div>\n\t\t\t\t<div class=\"elementor-element elementor-element-77c8ca22 elementor-widget-tablet_extra__width-initial elementor-widget elementor-widget-image\" data-id=\"77c8ca22\" data-element_type=\"widget\" data-e-type=\"widget\" data-widget_type=\"image.default\">\n\t\t\t\t<div class=\"elementor-widget-container\">\n\t\t\t\t\t\t\t\t\t\t\t\t\t\t\t\t<a href=\"https:\/\/www.meteorage.com\/wp-content\/uploads\/2026\/01\/Design-sans-titre-_1_.webp\" data-elementor-open-lightbox=\"yes\" data-elementor-lightbox-title=\"Group-16671.webp\" data-e-action-hash=\"#elementor-action%3Aaction%3Dlightbox%26settings%3DeyJpZCI6NTA2MjAsInVybCI6Imh0dHBzOlwvXC93d3cubWV0ZW9yYWdlLmNvbVwvd3AtY29udGVudFwvdXBsb2Fkc1wvMjAyNlwvMDNcL0dyb3VwLTE2NjcxLndlYnAifQ%3D%3D\">\n\t\t\t\t\t\t\t<img fetchpriority=\"high\" decoding=\"async\" width=\"1024\" height=\"303\" src=\"https:\/\/www.meteorage.com\/wp-content\/uploads\/2026\/03\/Group-16671-1024x303.webp\" class=\"attachment-large size-large wp-image-50620\" alt=\"\" srcset=\"https:\/\/www.meteorage.com\/wp-content\/uploads\/2026\/03\/Group-16671-1024x303.webp 1024w, https:\/\/www.meteorage.com\/wp-content\/uploads\/2026\/03\/Group-16671-300x89.webp 300w, https:\/\/www.meteorage.com\/wp-content\/uploads\/2026\/03\/Group-16671-768x227.webp 768w, https:\/\/www.meteorage.com\/wp-content\/uploads\/2026\/03\/Group-16671-1536x455.webp 1536w, https:\/\/www.meteorage.com\/wp-content\/uploads\/2026\/03\/Group-16671-543x161.webp 543w, https:\/\/www.meteorage.com\/wp-content\/uploads\/2026\/03\/Group-16671.webp 2020w\" sizes=\"(max-width: 1024px) 100vw, 1024px\" \/>\t\t\t\t\t\t\t\t<\/a>\n\t\t\t\t\t\t\t\t\t\t\t\t\t\t\t<\/div>\n\t\t\t\t<\/div>\n\t\t\t\t<div class=\"elementor-element elementor-element-2fbcd3e6 elementor-widget elementor-widget-text-editor\" data-id=\"2fbcd3e6\" data-element_type=\"widget\" data-e-type=\"widget\" data-widget_type=\"text-editor.default\">\n\t\t\t\t<div class=\"elementor-widget-container\">\n\t\t\t\t\t\t\t\t\t<p><span class=\"a_GcMg font-feature-liga-off font-feature-clig-off font-feature-calt-off text-decoration-none text-strikethrough-none\">Chez Meteorage, <\/span><span class=\"a_GcMg font-feature-liga-off font-feature-clig-off font-feature-calt-off text-decoration-none text-strikethrough-none\">nous vous accompagnons pour <strong>anticiper<\/strong>, <strong>surveiller<\/strong> et <strong>g\u00e9rer ces risques orageux<\/strong> gr\u00e2ce \u00e0 des solutions adapt\u00e9es \u00e0 chaque secteur d\u2019activit\u00e9. <\/span><span class=\"a_GcMg font-feature-liga-off font-feature-clig-off font-feature-calt-off text-decoration-none text-strikethrough-none\">Chaque jour, nos donn\u00e9es vous permettent de <\/span><span class=\"a_GcMg font-feature-liga-off font-feature-clig-off font-feature-calt-off text-decoration-none text-strikethrough-none\">pr\u00e9voir les arr\u00eats planifi\u00e9s, prot\u00e9ger vos \u00e9quipes sur site, assurer la continuit\u00e9 de vos services et s\u00e9curiser vos interventions prioritaires.<\/span><\/p>\t\t\t\t\t\t\t\t<\/div>\n\t\t\t\t<\/div>\n\t\t\t\t\t<\/div>\n\t\t\t\t<\/div>\n\t\t\t\t<\/div>\n\t\t<div class=\"elementor-element elementor-element-29faed52 e-flex e-con-boxed e-con e-parent\" data-id=\"29faed52\" data-element_type=\"container\" data-e-type=\"container\">\n\t\t\t\t\t<div class=\"e-con-inner\">\n\t\t\t\t<div class=\"elementor-element elementor-element-6e920bf8 elementor-widget-divider--view-line elementor-widget elementor-widget-divider\" data-id=\"6e920bf8\" data-element_type=\"widget\" data-e-type=\"widget\" data-widget_type=\"divider.default\">\n\t\t\t\t<div class=\"elementor-widget-container\">\n\t\t\t\t\t\t\t<div class=\"elementor-divider\">\n\t\t\t<span class=\"elementor-divider-separator\">\n\t\t\t\t\t\t<\/span>\n\t\t<\/div>\n\t\t\t\t\t\t<\/div>\n\t\t\t\t<\/div>\n\t\t\t\t\t<\/div>\n\t\t\t\t<\/div>\n\t\t<div class=\"elementor-element elementor-element-369af7d8 e-flex e-con-boxed e-con e-parent\" data-id=\"369af7d8\" data-element_type=\"container\" data-e-type=\"container\">\n\t\t\t\t\t<div class=\"e-con-inner\">\n\t\t\t\t<div class=\"elementor-element elementor-element-4eae48ad elementor-widget elementor-widget-menu-anchor\" data-id=\"4eae48ad\" data-element_type=\"widget\" data-e-type=\"widget\" data-widget_type=\"menu-anchor.default\">\n\t\t\t\t<div class=\"elementor-widget-container\">\n\t\t\t\t\t\t\t<div class=\"elementor-menu-anchor\" id=\"terminologie\"><\/div>\n\t\t\t\t\t\t<\/div>\n\t\t\t\t<\/div>\n\t\t\t\t<div class=\"elementor-element elementor-element-4b9617f2 elementor-widget elementor-widget-spacer\" data-id=\"4b9617f2\" data-element_type=\"widget\" data-e-type=\"widget\" data-widget_type=\"spacer.default\">\n\t\t\t\t<div class=\"elementor-widget-container\">\n\t\t\t\t\t\t\t<div class=\"elementor-spacer\">\n\t\t\t<div class=\"elementor-spacer-inner\"><\/div>\n\t\t<\/div>\n\t\t\t\t\t\t<\/div>\n\t\t\t\t<\/div>\n\t\t\t\t\t<\/div>\n\t\t\t\t<\/div>\n\t\t<div class=\"elementor-element elementor-element-2d53f51e e-flex e-con-boxed e-con e-parent\" data-id=\"2d53f51e\" data-element_type=\"container\" data-e-type=\"container\">\n\t\t\t\t\t<div class=\"e-con-inner\">\n\t\t\t\t<div class=\"elementor-element elementor-element-111c42fe elementor-widget elementor-widget-heading\" data-id=\"111c42fe\" data-element_type=\"widget\" data-e-type=\"widget\" data-widget_type=\"heading.default\">\n\t\t\t\t<div class=\"elementor-widget-container\">\n\t\t\t\t\t<h3 class=\"elementor-heading-title elementor-size-default\">Terminologie<\/h3>\t\t\t\t<\/div>\n\t\t\t\t<\/div>\n\t\t\t\t<div class=\"elementor-element elementor-element-346804fd elementor-widget elementor-widget-text-editor\" data-id=\"346804fd\" data-element_type=\"widget\" data-e-type=\"widget\" data-widget_type=\"text-editor.default\">\n\t\t\t\t<div class=\"elementor-widget-container\">\n\t\t\t\t\t\t\t\t\t<p>Pour une meilleure compr\u00e9hension des informations communiqu\u00e9es dans ce rapport, nous vous partageons des d\u00e9finitions de termes fr\u00e9quemment utilis\u00e9s.<\/p>\t\t\t\t\t\t\t\t<\/div>\n\t\t\t\t<\/div>\n\t\t\t\t\t<\/div>\n\t\t\t\t<\/div>\n\t\t<div class=\"elementor-element elementor-element-7e956482 e-flex e-con-boxed e-con e-parent\" data-id=\"7e956482\" data-element_type=\"container\" data-e-type=\"container\">\n\t\t\t\t\t<div class=\"e-con-inner\">\n\t\t\t\t<div class=\"elementor-element elementor-element-402bdac6 elementor-widget elementor-widget-spacer\" data-id=\"402bdac6\" data-element_type=\"widget\" data-e-type=\"widget\" data-widget_type=\"spacer.default\">\n\t\t\t\t<div class=\"elementor-widget-container\">\n\t\t\t\t\t\t\t<div class=\"elementor-spacer\">\n\t\t\t<div class=\"elementor-spacer-inner\"><\/div>\n\t\t<\/div>\n\t\t\t\t\t\t<\/div>\n\t\t\t\t<\/div>\n\t\t\t\t\t<\/div>\n\t\t\t\t<\/div>\n\t\t<div class=\"elementor-element elementor-element-1d42b03d e-flex e-con-boxed e-con e-parent\" data-id=\"1d42b03d\" data-element_type=\"container\" data-e-type=\"container\">\n\t\t\t\t\t<div class=\"e-con-inner\">\n\t\t<div class=\"elementor-element elementor-element-7ce4ea26 e-con-full e-flex e-con e-child\" data-id=\"7ce4ea26\" data-element_type=\"container\" data-e-type=\"container\">\n\t\t\t\t<div class=\"elementor-element elementor-element-5e11642e elementor-widget elementor-widget-heading\" data-id=\"5e11642e\" data-element_type=\"widget\" data-e-type=\"widget\" data-widget_type=\"heading.default\">\n\t\t\t\t<div class=\"elementor-widget-container\">\n\t\t\t\t\t<h4 class=\"elementor-heading-title elementor-size-default\">Eclair<\/h4>\t\t\t\t<\/div>\n\t\t\t\t<\/div>\n\t\t\t\t<div class=\"elementor-element elementor-element-15096995 elementor-widget elementor-widget-text-editor\" data-id=\"15096995\" data-element_type=\"widget\" data-e-type=\"widget\" data-widget_type=\"text-editor.default\">\n\t\t\t\t<div class=\"elementor-widget-container\">\n\t\t\t\t\t\t\t\t\t<p>Ensemble des d\u00e9charges de courant et d&rsquo;impulsions \u00e9lectriques lors d&rsquo;un ph\u00e9nom\u00e8ne orageux avec de la foudre. <br \/>Un \u00e9clair peut appara\u00eetre dans un nuage (\u00e9clair intra-nuageux), entre un nuage et le sol (\u00e9clair nuage-sol CG) ou entre des nuages. <br \/>Un \u00e9clair peut \u00eatre compos\u00e9 d&rsquo;un ou plusieurs arcs qui sont des impulsions de courant.<\/p>\t\t\t\t\t\t\t\t<\/div>\n\t\t\t\t<\/div>\n\t\t\t\t<\/div>\n\t\t<div class=\"elementor-element elementor-element-7be5769f e-con-full e-flex e-con e-child\" data-id=\"7be5769f\" data-element_type=\"container\" data-e-type=\"container\">\n\t\t<div class=\"elementor-element elementor-element-b4cf23b e-con-full e-flex e-con e-child\" data-id=\"b4cf23b\" data-element_type=\"container\" data-e-type=\"container\">\n\t\t\t\t<div class=\"elementor-element elementor-element-7d81e049 elementor-widget elementor-widget-heading\" data-id=\"7d81e049\" data-element_type=\"widget\" data-e-type=\"widget\" data-widget_type=\"heading.default\">\n\t\t\t\t<div class=\"elementor-widget-container\">\n\t\t\t\t\t<h4 class=\"elementor-heading-title elementor-size-default\">Densit\u00e9 de foudroiement<\/h4>\t\t\t\t<\/div>\n\t\t\t\t<\/div>\n\t\t\t\t<div class=\"elementor-element elementor-element-177313ff elementor-widget elementor-widget-text-editor\" data-id=\"177313ff\" data-element_type=\"widget\" data-e-type=\"widget\" data-widget_type=\"text-editor.default\">\n\t\t\t\t<div class=\"elementor-widget-container\">\n\t\t\t\t\t\t\t\t\t<p>La meilleure repr\u00e9sentation actuelle de l&rsquo;activit\u00e9 orageuse est la densit\u00e9 de foudroiement qui est le nombre d&rsquo;\u00e9clairs nuage-sol (CG) par km\u00b2 et par an.<\/p>\t\t\t\t\t\t\t\t<\/div>\n\t\t\t\t<\/div>\n\t\t\t\t<\/div>\n\t\t\t\t<\/div>\n\t\t\t\t\t<\/div>\n\t\t\t\t<\/div>\n\t\t<div class=\"elementor-element elementor-element-59835b6a e-flex e-con-boxed e-con e-parent\" data-id=\"59835b6a\" data-element_type=\"container\" data-e-type=\"container\">\n\t\t\t\t\t<div class=\"e-con-inner\">\n\t\t<div class=\"elementor-element elementor-element-20713154 e-con-full e-flex e-con e-child\" data-id=\"20713154\" data-element_type=\"container\" data-e-type=\"container\">\n\t\t\t\t<div class=\"elementor-element elementor-element-65bb4edd elementor-widget elementor-widget-heading\" data-id=\"65bb4edd\" data-element_type=\"widget\" data-e-type=\"widget\" data-widget_type=\"heading.default\">\n\t\t\t\t<div class=\"elementor-widget-container\">\n\t\t\t\t\t<h4 class=\"elementor-heading-title elementor-size-default\">Eclair nuage-sol (CG)<\/h4>\t\t\t\t<\/div>\n\t\t\t\t<\/div>\n\t\t\t\t<div class=\"elementor-element elementor-element-89ec4d elementor-widget elementor-widget-text-editor\" data-id=\"89ec4d\" data-element_type=\"widget\" data-e-type=\"widget\" data-widget_type=\"text-editor.default\">\n\t\t\t\t<div class=\"elementor-widget-container\">\n\t\t\t\t\t\t\t\t\t<p>D\u00e9charge de courant d&rsquo;une certaine intensit\u00e9 circulant entre un nuage et le sol.<br \/>L&rsquo;abr\u00e9viation CG, Cloud-to-Ground en anglais, signifie Nuage-sol.<\/p>\t\t\t\t\t\t\t\t<\/div>\n\t\t\t\t<\/div>\n\t\t\t\t<\/div>\n\t\t<div class=\"elementor-element elementor-element-2c78b63e e-con-full e-flex e-con e-child\" data-id=\"2c78b63e\" data-element_type=\"container\" data-e-type=\"container\">\n\t\t\t\t<div class=\"elementor-element elementor-element-62c0bcfb elementor-widget elementor-widget-heading\" data-id=\"62c0bcfb\" data-element_type=\"widget\" data-e-type=\"widget\" data-widget_type=\"heading.default\">\n\t\t\t\t<div class=\"elementor-widget-container\">\n\t\t\t\t\t<h4 class=\"elementor-heading-title elementor-size-default\">Jour d'orage<\/h4>\t\t\t\t<\/div>\n\t\t\t\t<\/div>\n\t\t\t\t<div class=\"elementor-element elementor-element-2fb0b669 elementor-widget elementor-widget-text-editor\" data-id=\"2fb0b669\" data-element_type=\"widget\" data-e-type=\"widget\" data-widget_type=\"text-editor.default\">\n\t\t\t\t<div class=\"elementor-widget-container\">\n\t\t\t\t\t\t\t\t\t<p>Jour o\u00f9 au moins un \u00e9clair a \u00e9t\u00e9 d\u00e9tect\u00e9 dans la zone consid\u00e9r\u00e9e.<\/p>\t\t\t\t\t\t\t\t<\/div>\n\t\t\t\t<\/div>\n\t\t\t\t<\/div>\n\t\t\t\t\t<\/div>\n\t\t\t\t<\/div>\n\t\t<div class=\"elementor-element elementor-element-70e37687 e-flex e-con-boxed e-con e-parent\" data-id=\"70e37687\" data-element_type=\"container\" data-e-type=\"container\">\n\t\t\t\t\t<div class=\"e-con-inner\">\n\t\t\t\t<div class=\"elementor-element elementor-element-304f11f2 elementor-widget elementor-widget-spacer\" data-id=\"304f11f2\" data-element_type=\"widget\" data-e-type=\"widget\" data-widget_type=\"spacer.default\">\n\t\t\t\t<div class=\"elementor-widget-container\">\n\t\t\t\t\t\t\t<div class=\"elementor-spacer\">\n\t\t\t<div class=\"elementor-spacer-inner\"><\/div>\n\t\t<\/div>\n\t\t\t\t\t\t<\/div>\n\t\t\t\t<\/div>\n\t\t\t\t\t<\/div>\n\t\t\t\t<\/div>\n\t\t<div class=\"elementor-element elementor-element-53fe37e2 e-flex e-con-boxed e-con e-parent\" data-id=\"53fe37e2\" data-element_type=\"container\" data-e-type=\"container\">\n\t\t\t\t\t<div class=\"e-con-inner\">\n\t\t\t\t<div class=\"elementor-element elementor-element-1d857dc2 elementor-widget-divider--view-line elementor-widget elementor-widget-divider\" data-id=\"1d857dc2\" data-element_type=\"widget\" data-e-type=\"widget\" data-widget_type=\"divider.default\">\n\t\t\t\t<div class=\"elementor-widget-container\">\n\t\t\t\t\t\t\t<div class=\"elementor-divider\">\n\t\t\t<span class=\"elementor-divider-separator\">\n\t\t\t\t\t\t<\/span>\n\t\t<\/div>\n\t\t\t\t\t\t<\/div>\n\t\t\t\t<\/div>\n\t\t<div class=\"elementor-element elementor-element-6b263a67 e-con-full e-flex e-con e-child\" data-id=\"6b263a67\" data-element_type=\"container\" data-e-type=\"container\">\n\t\t\t\t<div class=\"elementor-element elementor-element-6dbecfd3 elementor-widget elementor-widget-heading\" data-id=\"6dbecfd3\" data-element_type=\"widget\" data-e-type=\"widget\" data-widget_type=\"heading.default\">\n\t\t\t\t<div class=\"elementor-widget-container\">\n\t\t\t\t\t<h3 class=\"elementor-heading-title elementor-size-default\">A propos de ce bilan<\/h3>\t\t\t\t<\/div>\n\t\t\t\t<\/div>\n\t\t\t\t<\/div>\n\t\t\t\t\t<\/div>\n\t\t\t\t<\/div>\n\t\t<div class=\"elementor-element elementor-element-756528f3 e-flex e-con-boxed e-con e-parent\" data-id=\"756528f3\" data-element_type=\"container\" data-e-type=\"container\">\n\t\t\t\t\t<div class=\"e-con-inner\">\n\t\t<div class=\"elementor-element elementor-element-3e10eec3 e-con-full e-flex e-con e-child\" data-id=\"3e10eec3\" data-element_type=\"container\" data-e-type=\"container\">\n\t\t\t\t<div class=\"elementor-element elementor-element-4b3cac02 elementor-widget elementor-widget-text-editor\" data-id=\"4b3cac02\" data-element_type=\"widget\" data-e-type=\"widget\" data-widget_type=\"text-editor.default\">\n\t\t\t\t<div class=\"elementor-widget-container\">\n\t\t\t\t\t\t\t\t\t<p>Notre bilan s&rsquo;appuie sur les donn\u00e9es fournies par<a href=\"https:\/\/www.meteorage.com\/fr\/notre-expertise\/\" target=\"_blank\" rel=\"noopener\"> le r\u00e9seau Meteorage de d\u00e9tection de la foudre implant\u00e9 en Europe.<\/a>\u00a0<\/p><p>Les informations que nous communiquons sp\u00e9cifiquement dans cette analyse annuelle concernent les \u00e9clairs nuage-sol (CG) et la densit\u00e9 de foudroiement.\u00a0<\/p><p><span style=\"color: #01144a; text-align: center;\">A des fins de comparaison avec nos donn\u00e9es depuis 1989, Meteorage comptabilise<\/span><span style=\"color: #01144a; text-align: center;\">\u00a0<\/span><span style=\"color: #01144a; text-align: center; font-weight: bolder;\">l&rsquo;impulsion principale de courant\u00a0<\/span><span style=\"color: #01144a; text-align: center;\">circulant entre le nuage et le sol, et qui est d\u00e9finie, dans ce rapport, par le terme<\/span><span style=\"color: #01144a; text-align: center;\">\u00a0<\/span><span style=\"color: #01144a; text-align: center; font-weight: bolder;\">\u00ab\u00a0\u00e9clair nuage-sol (CG)\u00a0\u00bb<\/span><span style=\"color: #01144a; text-align: center;\">.<\/span><\/p><p>Notre expertise s&rsquo;appuie sur 37 ans d&rsquo;analyses, d&rsquo;observations et de donn\u00e9es r\u00e9colt\u00e9es sur le territoire fran\u00e7ais. En Europe, et plus largement dans le monde, nous disposons de plus d&rsquo;une dizaine d&rsquo;ann\u00e9es d&rsquo;expertise.<\/p><p>Notre r\u00e9seau dont les performances ont \u00e9t\u00e9 valid\u00e9es scientifiquement d\u00e9montre la plus haute performance possible, avec :<\/p><ul><li>une d\u00e9tection &gt; \u00e0 98% des \u00e9clairs,<\/li><li>une pr\u00e9cision de d\u00e9tection m\u00e9diane de 100 m\u00e8tres,<\/li><li>une distinction \u00e0 plus de 90% des \u00e9clairs nuage-sol (CG) et des \u00e9clairs intra-nuageux.<\/li><\/ul><p>Le r\u00e9seau Meteorage est compos\u00e9 de plus de 100 capteurs de foudre, de calculateurs et d\u2019un syst\u00e8me de traitement qui g\u00e8re les bases de donn\u00e9es. Nos capteurs de foudre sont issus de la technologie de Vaisala, actuellement consid\u00e9r\u00e9e comme l&rsquo;une des meilleures au monde. Notre r\u00e9seau permet d&rsquo;atteindre des performances valid\u00e9es par de nombreuses <a href=\"https:\/\/www.meteorage.com\/fr\/publications-et-notes-techniques\/\" target=\"_blank\" rel=\"noopener\">\u00e9tudes et publications scientifiques.<\/a><\/p><p>Cette analyse de l&rsquo;ann\u00e9e 2025 se base sur la source la plus compl\u00e8te d&rsquo;informations en France. Les donn\u00e9es, les densit\u00e9s, les classements et les jours d&rsquo;orage figurant dans ce rapport portent sur la p\u00e9riode du 1er janvier 2025 au 31 d\u00e9cembre 2025.<\/p>\t\t\t\t\t\t\t\t<\/div>\n\t\t\t\t<\/div>\n\t\t\t\t<\/div>\n\t\t<div class=\"elementor-element elementor-element-529e095f e-con-full e-flex e-con e-child\" data-id=\"529e095f\" data-element_type=\"container\" data-e-type=\"container\">\n\t\t\t\t<div class=\"elementor-element elementor-element-7ef8b7b6 elementor-widget elementor-widget-image\" data-id=\"7ef8b7b6\" data-element_type=\"widget\" data-e-type=\"widget\" data-widget_type=\"image.default\">\n\t\t\t\t<div class=\"elementor-widget-container\">\n\t\t\t\t\t\t\t\t\t\t\t\t\t\t\t<img decoding=\"async\" width=\"893\" height=\"1024\" src=\"https:\/\/www.meteorage.com\/wp-content\/uploads\/2025\/02\/Carte-Europe-performance-2025-893x1024.webp\" class=\"attachment-large size-large wp-image-44940\" alt=\"Carte Europe performance METEORAGE - 2025\" srcset=\"https:\/\/www.meteorage.com\/wp-content\/uploads\/2025\/02\/Carte-Europe-performance-2025-893x1024.webp 893w, https:\/\/www.meteorage.com\/wp-content\/uploads\/2025\/02\/Carte-Europe-performance-2025-262x300.webp 262w, https:\/\/www.meteorage.com\/wp-content\/uploads\/2025\/02\/Carte-Europe-performance-2025-768x881.webp 768w, https:\/\/www.meteorage.com\/wp-content\/uploads\/2025\/02\/Carte-Europe-performance-2025-1339x1536.webp 1339w, https:\/\/www.meteorage.com\/wp-content\/uploads\/2025\/02\/Carte-Europe-performance-2025-543x623.webp 543w, https:\/\/www.meteorage.com\/wp-content\/uploads\/2025\/02\/Carte-Europe-performance-2025.webp 1744w\" sizes=\"(max-width: 893px) 100vw, 893px\" \/>\t\t\t\t\t\t\t\t\t\t\t\t\t\t\t<\/div>\n\t\t\t\t<\/div>\n\t\t\t\t<\/div>\n\t\t\t\t\t<\/div>\n\t\t\t\t<\/div>\n\t\t\t\t<\/div>\n\t\t","protected":false},"featured_media":21429,"template":"","bilan_category":[315],"class_list":["post-51035","bilan_foudroiement","type-bilan_foudroiement","status-publish","has-post-thumbnail","hentry","bilan_category-suisse"],"acf":[],"yoast_head":"<!-- This site is optimized with the Yoast SEO plugin v27.5 - https:\/\/yoast.com\/product\/yoast-seo-wordpress\/ -->\n<title>Orages et Foudre 2025 : Rapport Annuel Meteorage pour la Suisse<\/title>\n<meta name=\"description\" content=\"Quelles zones de Suisse ont \u00e9t\u00e9 les plus expos\u00e9es \u00e0 la foudre en 2025 ? D\u00e9couvrez l\u2019analyse Meteorage de l\u2019activit\u00e9 orageuse et \u00e9lectrique sur l\u2019ann\u00e9e.\" \/>\n<meta name=\"robots\" content=\"index, follow, max-snippet:-1, max-image-preview:large, max-video-preview:-1\" \/>\n<link rel=\"canonical\" href=\"https:\/\/www.meteorage.com\/fr\/bilan-de-foudroiement\/suisse-2025\/\" \/>\n<meta property=\"og:locale\" content=\"fr_FR\" \/>\n<meta property=\"og:type\" content=\"article\" \/>\n<meta property=\"og:title\" content=\"Orages et Foudre 2025 : Rapport Annuel Meteorage pour la Suisse\" \/>\n<meta property=\"og:description\" content=\"Quelles zones de Suisse ont \u00e9t\u00e9 les plus expos\u00e9es \u00e0 la foudre en 2025 ? D\u00e9couvrez l\u2019analyse Meteorage de l\u2019activit\u00e9 orageuse et \u00e9lectrique sur l\u2019ann\u00e9e.\" \/>\n<meta property=\"og:url\" content=\"https:\/\/www.meteorage.com\/fr\/bilan-de-foudroiement\/suisse-2025\/\" \/>\n<meta property=\"og:site_name\" content=\"METEORAGE\" \/>\n<meta property=\"article:modified_time\" content=\"2026-01-30T15:24:20+00:00\" \/>\n<meta property=\"og:image\" content=\"https:\/\/www.meteorage.com\/wp-content\/uploads\/2024\/06\/Suisse-Carte-fond-blanc.png\" \/>\n\t<meta property=\"og:image:width\" content=\"1920\" \/>\n\t<meta property=\"og:image:height\" content=\"1080\" \/>\n\t<meta property=\"og:image:type\" content=\"image\/png\" \/>\n<meta name=\"twitter:card\" content=\"summary_large_image\" \/>\n<meta name=\"twitter:label1\" content=\"Dur\u00e9e de lecture estim\u00e9e\" \/>\n\t<meta name=\"twitter:data1\" content=\"11 minutes\" \/>\n<script type=\"application\/ld+json\" class=\"yoast-schema-graph\">{\"@context\":\"https:\\\/\\\/schema.org\",\"@graph\":[{\"@type\":\"WebPage\",\"@id\":\"https:\\\/\\\/www.meteorage.com\\\/fr\\\/bilan-de-foudroiement\\\/suisse-2025\\\/\",\"url\":\"https:\\\/\\\/www.meteorage.com\\\/fr\\\/bilan-de-foudroiement\\\/suisse-2025\\\/\",\"name\":\"Orages et Foudre 2025 : Rapport Annuel Meteorage pour la Suisse\",\"isPartOf\":{\"@id\":\"https:\\\/\\\/www.meteorage.com\\\/fr\\\/#website\"},\"primaryImageOfPage\":{\"@id\":\"https:\\\/\\\/www.meteorage.com\\\/fr\\\/bilan-de-foudroiement\\\/suisse-2025\\\/#primaryimage\"},\"image\":{\"@id\":\"https:\\\/\\\/www.meteorage.com\\\/fr\\\/bilan-de-foudroiement\\\/suisse-2025\\\/#primaryimage\"},\"thumbnailUrl\":\"https:\\\/\\\/www.meteorage.com\\\/wp-content\\\/uploads\\\/2024\\\/06\\\/Suisse-Carte-fond-blanc.png\",\"datePublished\":\"2026-01-30T15:07:03+00:00\",\"dateModified\":\"2026-01-30T15:24:20+00:00\",\"description\":\"Quelles zones de Suisse ont \u00e9t\u00e9 les plus expos\u00e9es \u00e0 la foudre en 2025 ? D\u00e9couvrez l\u2019analyse Meteorage de l\u2019activit\u00e9 orageuse et \u00e9lectrique sur l\u2019ann\u00e9e.\",\"breadcrumb\":{\"@id\":\"https:\\\/\\\/www.meteorage.com\\\/fr\\\/bilan-de-foudroiement\\\/suisse-2025\\\/#breadcrumb\"},\"inLanguage\":\"fr-FR\",\"potentialAction\":[{\"@type\":\"ReadAction\",\"target\":[\"https:\\\/\\\/www.meteorage.com\\\/fr\\\/bilan-de-foudroiement\\\/suisse-2025\\\/\"]}]},{\"@type\":\"ImageObject\",\"inLanguage\":\"fr-FR\",\"@id\":\"https:\\\/\\\/www.meteorage.com\\\/fr\\\/bilan-de-foudroiement\\\/suisse-2025\\\/#primaryimage\",\"url\":\"https:\\\/\\\/www.meteorage.com\\\/wp-content\\\/uploads\\\/2024\\\/06\\\/Suisse-Carte-fond-blanc.png\",\"contentUrl\":\"https:\\\/\\\/www.meteorage.com\\\/wp-content\\\/uploads\\\/2024\\\/06\\\/Suisse-Carte-fond-blanc.png\",\"width\":1920,\"height\":1080},{\"@type\":\"BreadcrumbList\",\"@id\":\"https:\\\/\\\/www.meteorage.com\\\/fr\\\/bilan-de-foudroiement\\\/suisse-2025\\\/#breadcrumb\",\"itemListElement\":[{\"@type\":\"ListItem\",\"position\":1,\"name\":\"Accueil\",\"item\":\"https:\\\/\\\/www.meteorage.com\\\/fr\\\/\"},{\"@type\":\"ListItem\",\"position\":2,\"name\":\"Suisse 2025\"}]},{\"@type\":\"WebSite\",\"@id\":\"https:\\\/\\\/www.meteorage.com\\\/fr\\\/#website\",\"url\":\"https:\\\/\\\/www.meteorage.com\\\/fr\\\/\",\"name\":\"METEORAGE\",\"description\":\"\",\"publisher\":{\"@id\":\"https:\\\/\\\/www.meteorage.com\\\/fr\\\/#organization\"},\"potentialAction\":[{\"@type\":\"SearchAction\",\"target\":{\"@type\":\"EntryPoint\",\"urlTemplate\":\"https:\\\/\\\/www.meteorage.com\\\/fr\\\/?s={search_term_string}\"},\"query-input\":{\"@type\":\"PropertyValueSpecification\",\"valueRequired\":true,\"valueName\":\"search_term_string\"}}],\"inLanguage\":\"fr-FR\"},{\"@type\":\"Organization\",\"@id\":\"https:\\\/\\\/www.meteorage.com\\\/fr\\\/#organization\",\"name\":\"METEORAGE\",\"url\":\"https:\\\/\\\/www.meteorage.com\\\/fr\\\/\",\"logo\":{\"@type\":\"ImageObject\",\"inLanguage\":\"fr-FR\",\"@id\":\"https:\\\/\\\/www.meteorage.com\\\/fr\\\/#\\\/schema\\\/logo\\\/image\\\/\",\"url\":\"https:\\\/\\\/www.meteorage.com\\\/wp-content\\\/uploads\\\/2025\\\/10\\\/02.-Logo-METEORAGE-horizontal-blanc.png.webp\",\"contentUrl\":\"https:\\\/\\\/www.meteorage.com\\\/wp-content\\\/uploads\\\/2025\\\/10\\\/02.-Logo-METEORAGE-horizontal-blanc.png.webp\",\"width\":2445,\"height\":501,\"caption\":\"METEORAGE\"},\"image\":{\"@id\":\"https:\\\/\\\/www.meteorage.com\\\/fr\\\/#\\\/schema\\\/logo\\\/image\\\/\"}}]}<\/script>\n<!-- \/ Yoast SEO plugin. -->","yoast_head_json":{"title":"Orages et Foudre 2025 : Rapport Annuel Meteorage pour la Suisse","description":"Quelles zones de Suisse ont \u00e9t\u00e9 les plus expos\u00e9es \u00e0 la foudre en 2025 ? D\u00e9couvrez l\u2019analyse Meteorage de l\u2019activit\u00e9 orageuse et \u00e9lectrique sur l\u2019ann\u00e9e.","robots":{"index":"index","follow":"follow","max-snippet":"max-snippet:-1","max-image-preview":"max-image-preview:large","max-video-preview":"max-video-preview:-1"},"canonical":"https:\/\/www.meteorage.com\/fr\/bilan-de-foudroiement\/suisse-2025\/","og_locale":"fr_FR","og_type":"article","og_title":"Orages et Foudre 2025 : Rapport Annuel Meteorage pour la Suisse","og_description":"Quelles zones de Suisse ont \u00e9t\u00e9 les plus expos\u00e9es \u00e0 la foudre en 2025 ? D\u00e9couvrez l\u2019analyse Meteorage de l\u2019activit\u00e9 orageuse et \u00e9lectrique sur l\u2019ann\u00e9e.","og_url":"https:\/\/www.meteorage.com\/fr\/bilan-de-foudroiement\/suisse-2025\/","og_site_name":"METEORAGE","article_modified_time":"2026-01-30T15:24:20+00:00","og_image":[{"width":1920,"height":1080,"url":"https:\/\/www.meteorage.com\/wp-content\/uploads\/2024\/06\/Suisse-Carte-fond-blanc.png","type":"image\/png"}],"twitter_card":"summary_large_image","twitter_misc":{"Dur\u00e9e de lecture estim\u00e9e":"11 minutes"},"schema":{"@context":"https:\/\/schema.org","@graph":[{"@type":"WebPage","@id":"https:\/\/www.meteorage.com\/fr\/bilan-de-foudroiement\/suisse-2025\/","url":"https:\/\/www.meteorage.com\/fr\/bilan-de-foudroiement\/suisse-2025\/","name":"Orages et Foudre 2025 : Rapport Annuel Meteorage pour la Suisse","isPartOf":{"@id":"https:\/\/www.meteorage.com\/fr\/#website"},"primaryImageOfPage":{"@id":"https:\/\/www.meteorage.com\/fr\/bilan-de-foudroiement\/suisse-2025\/#primaryimage"},"image":{"@id":"https:\/\/www.meteorage.com\/fr\/bilan-de-foudroiement\/suisse-2025\/#primaryimage"},"thumbnailUrl":"https:\/\/www.meteorage.com\/wp-content\/uploads\/2024\/06\/Suisse-Carte-fond-blanc.png","datePublished":"2026-01-30T15:07:03+00:00","dateModified":"2026-01-30T15:24:20+00:00","description":"Quelles zones de Suisse ont \u00e9t\u00e9 les plus expos\u00e9es \u00e0 la foudre en 2025 ? D\u00e9couvrez l\u2019analyse Meteorage de l\u2019activit\u00e9 orageuse et \u00e9lectrique sur l\u2019ann\u00e9e.","breadcrumb":{"@id":"https:\/\/www.meteorage.com\/fr\/bilan-de-foudroiement\/suisse-2025\/#breadcrumb"},"inLanguage":"fr-FR","potentialAction":[{"@type":"ReadAction","target":["https:\/\/www.meteorage.com\/fr\/bilan-de-foudroiement\/suisse-2025\/"]}]},{"@type":"ImageObject","inLanguage":"fr-FR","@id":"https:\/\/www.meteorage.com\/fr\/bilan-de-foudroiement\/suisse-2025\/#primaryimage","url":"https:\/\/www.meteorage.com\/wp-content\/uploads\/2024\/06\/Suisse-Carte-fond-blanc.png","contentUrl":"https:\/\/www.meteorage.com\/wp-content\/uploads\/2024\/06\/Suisse-Carte-fond-blanc.png","width":1920,"height":1080},{"@type":"BreadcrumbList","@id":"https:\/\/www.meteorage.com\/fr\/bilan-de-foudroiement\/suisse-2025\/#breadcrumb","itemListElement":[{"@type":"ListItem","position":1,"name":"Accueil","item":"https:\/\/www.meteorage.com\/fr\/"},{"@type":"ListItem","position":2,"name":"Suisse 2025"}]},{"@type":"WebSite","@id":"https:\/\/www.meteorage.com\/fr\/#website","url":"https:\/\/www.meteorage.com\/fr\/","name":"METEORAGE","description":"","publisher":{"@id":"https:\/\/www.meteorage.com\/fr\/#organization"},"potentialAction":[{"@type":"SearchAction","target":{"@type":"EntryPoint","urlTemplate":"https:\/\/www.meteorage.com\/fr\/?s={search_term_string}"},"query-input":{"@type":"PropertyValueSpecification","valueRequired":true,"valueName":"search_term_string"}}],"inLanguage":"fr-FR"},{"@type":"Organization","@id":"https:\/\/www.meteorage.com\/fr\/#organization","name":"METEORAGE","url":"https:\/\/www.meteorage.com\/fr\/","logo":{"@type":"ImageObject","inLanguage":"fr-FR","@id":"https:\/\/www.meteorage.com\/fr\/#\/schema\/logo\/image\/","url":"https:\/\/www.meteorage.com\/wp-content\/uploads\/2025\/10\/02.-Logo-METEORAGE-horizontal-blanc.png.webp","contentUrl":"https:\/\/www.meteorage.com\/wp-content\/uploads\/2025\/10\/02.-Logo-METEORAGE-horizontal-blanc.png.webp","width":2445,"height":501,"caption":"METEORAGE"},"image":{"@id":"https:\/\/www.meteorage.com\/fr\/#\/schema\/logo\/image\/"}}]}},"_links":{"self":[{"href":"https:\/\/www.meteorage.com\/fr\/wp-json\/wp\/v2\/bilan-de-foudroiement\/51035","targetHints":{"allow":["GET"]}}],"collection":[{"href":"https:\/\/www.meteorage.com\/fr\/wp-json\/wp\/v2\/bilan-de-foudroiement"}],"about":[{"href":"https:\/\/www.meteorage.com\/fr\/wp-json\/wp\/v2\/types\/bilan_foudroiement"}],"version-history":[{"count":0,"href":"https:\/\/www.meteorage.com\/fr\/wp-json\/wp\/v2\/bilan-de-foudroiement\/51035\/revisions"}],"wp:featuredmedia":[{"embeddable":true,"href":"https:\/\/www.meteorage.com\/fr\/wp-json\/wp\/v2\/media\/21429"}],"wp:attachment":[{"href":"https:\/\/www.meteorage.com\/fr\/wp-json\/wp\/v2\/media?parent=51035"}],"wp:term":[{"taxonomy":"bilan_category","embeddable":true,"href":"https:\/\/www.meteorage.com\/fr\/wp-json\/wp\/v2\/bilan_category?post=51035"}],"curies":[{"name":"wp","href":"https:\/\/api.w.org\/{rel}","templated":true}]}}