{"id":51219,"date":"2026-01-30T14:39:08","date_gmt":"2026-01-30T13:39:08","guid":{"rendered":"https:\/\/meteorage.local\/?post_type=bilan_foudroiement&#038;p=51219"},"modified":"2026-01-31T21:39:38","modified_gmt":"2026-01-31T20:39:38","slug":"espagne-et-andorre-2025","status":"publish","type":"bilan_foudroiement","link":"https:\/\/www.meteorage.com\/fr\/bilan-de-foudroiement\/espagne-et-andorre-2025\/","title":{"rendered":"Espagne et Andorre 2025"},"content":{"rendered":"\t\t<div data-elementor-type=\"wp-post\" data-elementor-id=\"51219\" class=\"elementor elementor-51219 elementor-50896\" data-elementor-post-type=\"bilan_foudroiement\">\n\t\t\t\t<div class=\"elementor-element elementor-element-1fdbb42 e-flex e-con-boxed e-con e-parent\" data-id=\"1fdbb42\" data-element_type=\"container\" data-e-type=\"container\" data-settings=\"{&quot;background_background&quot;:&quot;classic&quot;}\">\n\t\t\t\t\t<div class=\"e-con-inner\">\n\t\t<div class=\"elementor-element elementor-element-a0b6063 e-con-full banner-type-detail e-flex e-con e-child\" data-id=\"a0b6063\" data-element_type=\"container\" data-e-type=\"container\" data-settings=\"{&quot;background_background&quot;:&quot;classic&quot;}\">\n\t\t\t\t<div class=\"elementor-element elementor-element-b708d01 elementor-widget elementor-widget-spacer\" data-id=\"b708d01\" data-element_type=\"widget\" data-e-type=\"widget\" data-widget_type=\"spacer.default\">\n\t\t\t\t<div class=\"elementor-widget-container\">\n\t\t\t\t\t\t\t<div class=\"elementor-spacer\">\n\t\t\t<div class=\"elementor-spacer-inner\"><\/div>\n\t\t<\/div>\n\t\t\t\t\t\t<\/div>\n\t\t\t\t<\/div>\n\t\t<div class=\"elementor-element elementor-element-07b6542 banner-content e-flex e-con-boxed e-con e-child\" data-id=\"07b6542\" data-element_type=\"container\" data-e-type=\"container\">\n\t\t\t\t\t<div class=\"e-con-inner\">\n\t\t\t\t<div class=\"elementor-element elementor-element-8b3d93d elementor-widget elementor-widget-spacer\" data-id=\"8b3d93d\" data-element_type=\"widget\" data-e-type=\"widget\" data-widget_type=\"spacer.default\">\n\t\t\t\t<div class=\"elementor-widget-container\">\n\t\t\t\t\t\t\t<div class=\"elementor-spacer\">\n\t\t\t<div class=\"elementor-spacer-inner\"><\/div>\n\t\t<\/div>\n\t\t\t\t\t\t<\/div>\n\t\t\t\t<\/div>\n\t\t\t\t<div class=\"elementor-element elementor-element-3842f91 elementor-widget elementor-widget-heading\" data-id=\"3842f91\" data-element_type=\"widget\" data-e-type=\"widget\" data-widget_type=\"heading.default\">\n\t\t\t\t<div class=\"elementor-widget-container\">\n\t\t\t\t\t<h5 class=\"elementor-heading-title elementor-size-default\">Orages et foudre<\/h5>\t\t\t\t<\/div>\n\t\t\t\t<\/div>\n\t\t\t\t<div class=\"elementor-element elementor-element-3860700 elementor-widget elementor-widget-heading\" data-id=\"3860700\" data-element_type=\"widget\" data-e-type=\"widget\" data-widget_type=\"heading.default\">\n\t\t\t\t<div class=\"elementor-widget-container\">\n\t\t\t\t\t<h1 class=\"elementor-heading-title elementor-size-default\">Bilan de foudroiement 2025 <br>\nEurope \/ Espagne<\/h1>\t\t\t\t<\/div>\n\t\t\t\t<\/div>\n\t\t\t\t<div class=\"elementor-element elementor-element-6b2820d elementor-widget__width-initial elementor-widget elementor-widget-text-editor\" data-id=\"6b2820d\" data-element_type=\"widget\" data-e-type=\"widget\" data-widget_type=\"text-editor.default\">\n\t\t\t\t<div class=\"elementor-widget-container\">\n\t\t\t\t\t\t\t\t\t<p><span class=\"a_GcMg font-feature-liga-off font-feature-clig-off font-feature-calt-off text-decoration-none text-strikethrough-none\">D\u00e9couvrez l\u2019analyse Meteorage de l\u2019activit\u00e9 orageuse et \u00e9lectrique sur l\u2019ann\u00e9e.<\/span><\/p>\t\t\t\t\t\t\t\t<\/div>\n\t\t\t\t<\/div>\n\t\t\t\t<div class=\"elementor-element elementor-element-9a090f9 elementor-align-center elementor-widget elementor-widget-ube-button\" data-id=\"9a090f9\" data-element_type=\"widget\" data-e-type=\"widget\" data-widget_type=\"ube-button.default\">\n\t\t\t\t<div class=\"elementor-widget-container\">\n\t\t\t\t\t<a class=\"ube-btn btn btn-md btn- btn-link\" href=\"https:\/\/www.meteorage.com\/fr\/statistiques-foudre\/\">\n\t    <span class=\"ube-btn-text\">&lt; revenir \u00e0 la liste<\/span>\n\t<\/a>\n\n\n\t\t\t\t<\/div>\n\t\t\t\t<\/div>\n\t\t\t\t\t<\/div>\n\t\t\t\t<\/div>\n\t\t\t\t<\/div>\n\t\t\t\t\t<\/div>\n\t\t\t\t<\/div>\n\t\t<div class=\"elementor-element elementor-element-6c462d28 e-flex e-con-boxed e-con e-parent\" data-id=\"6c462d28\" data-element_type=\"container\" data-e-type=\"container\">\n\t\t\t\t\t<div class=\"e-con-inner\">\n\t\t\t\t<div class=\"elementor-element elementor-element-4d5af339 elementor-widget elementor-widget-text-editor\" data-id=\"4d5af339\" data-element_type=\"widget\" data-e-type=\"widget\" data-widget_type=\"text-editor.default\">\n\t\t\t\t<div class=\"elementor-widget-container\">\n\t\t\t\t\t\t\t\t\t<p>Joris Royet, Chef de projet M\u00e9t\u00e9o, METEORAGE<\/p>\t\t\t\t\t\t\t\t<\/div>\n\t\t\t\t<\/div>\n\t\t\t\t\t<\/div>\n\t\t\t\t<\/div>\n\t\t<div class=\"elementor-element elementor-element-47261cd3 e-flex e-con-boxed e-con e-parent\" data-id=\"47261cd3\" data-element_type=\"container\" data-e-type=\"container\">\n\t\t\t\t\t<div class=\"e-con-inner\">\n\t\t<div class=\"elementor-element elementor-element-2df30632 e-con-full e-flex e-con e-child\" data-id=\"2df30632\" data-element_type=\"container\" data-e-type=\"container\">\n\t\t\t\t<div class=\"elementor-element elementor-element-43cacd0e elementor-widget elementor-widget-heading\" data-id=\"43cacd0e\" data-element_type=\"widget\" data-e-type=\"widget\" data-widget_type=\"heading.default\">\n\t\t\t\t<div class=\"elementor-widget-container\">\n\t\t\t\t\t<h2 class=\"elementor-heading-title elementor-size-default\">Une ann\u00e9e historiquement peu orageuse \u00e0 l\u2019\u00e9chelle europ\u00e9enne<\/h2>\t\t\t\t<\/div>\n\t\t\t\t<\/div>\n\t\t\t\t<div class=\"elementor-element elementor-element-3cfcad30 elementor-widget elementor-widget-heading\" data-id=\"3cfcad30\" data-element_type=\"widget\" data-e-type=\"widget\" data-widget_type=\"heading.default\">\n\t\t\t\t<div class=\"elementor-widget-container\">\n\t\t\t\t\t<h4 class=\"elementor-heading-title elementor-size-default\">mais ponctu\u00e9e d\u2019\u00e9pisodes localement intenses.<\/h4>\t\t\t\t<\/div>\n\t\t\t\t<\/div>\n\t\t\t\t<div class=\"elementor-element elementor-element-7d49425c elementor-drop-cap-yes elementor-widget__width-initial elementor-drop-cap-view-default elementor-widget elementor-widget-text-editor\" data-id=\"7d49425c\" data-element_type=\"widget\" data-e-type=\"widget\" data-settings=\"{&quot;drop_cap&quot;:&quot;yes&quot;}\" data-widget_type=\"text-editor.default\">\n\t\t\t\t<div class=\"elementor-widget-container\">\n\t\t\t\t\t\t\t\t\t<p>Avec environ <strong>1,226 million <\/strong><strong>d\u2019\u00e9clairs nuage-sol<\/strong> d\u00e9tect\u00e9s en Europe, l\u2019ann\u00e9e 2025 se distingue par une activit\u00e9 orageuse inf\u00e9rieure aux normales climatiques, s\u2019inscrivant comme l\u2019ann\u00e9e la moins foudroy\u00e9e observ\u00e9e \u00e0 ce jour par nos relev\u00e9s. Si les conditions atmosph\u00e9riques ont limit\u00e9 le d\u00e9veloppement des orages, certaines situations favorables ont n\u00e9anmoins donn\u00e9 lieu \u00e0 des \u00e9pisodes intenses et localis\u00e9s, avec une activit\u00e9 plus marqu\u00e9e autour du bassin m\u00e9diterran\u00e9en et sur les reliefs.<\/p><p><style>\na {<br \/>    text-decoration: none;<br \/>    color: #464feb;<br \/>}<br \/>tr th, tr td {<br \/>    border: 1px solid #e6e6e6;<br \/>}<br \/>tr th {<br \/>    background-color: #f5f5f5;<br \/>}<br \/><\/style><\/p><div><p><span class=\"a_GcMg font-feature-liga-off font-feature-clig-off font-feature-calt-off text-decoration-none text-strikethrough-none\">Au-del\u00e0 de ce bilan et de la r\u00e9partition spatiale observ\u00e9e en 2025, les analyses sur les vingt derni\u00e8res ann\u00e9es mettent en \u00e9vidence une remont\u00e9e progressive de la ceinture orageuse vers le nord, ainsi qu\u2019un allongement de la saison orageuse, marqu\u00e9 par des \u00e9pisodes plus pr\u00e9coces au printemps et plus tardifs \u00e0 l\u2019automne. Ces disparit\u00e9s r\u00e9gionales rappellent que la foudre ne se distribue jamais de mani\u00e8re homog\u00e8ne et que, m\u00eame lors d\u2019ann\u00e9es peu actives, les enjeux de pr\u00e9vention, de surveillance et de gestion du risque de la foudre restent pleinement d\u2019actualit\u00e9.<\/span><\/p><\/div>\t\t\t\t\t\t\t\t<\/div>\n\t\t\t\t<\/div>\n\t\t\t\t<\/div>\n\t\t<div class=\"elementor-element elementor-element-627e7efe e-con-full e-flex e-con e-child\" data-id=\"627e7efe\" data-element_type=\"container\" data-e-type=\"container\">\n\t\t\t\t<div class=\"elementor-element elementor-element-4edd5cff elementor-widget__width-initial elementor-widget elementor-widget-image\" data-id=\"4edd5cff\" data-element_type=\"widget\" data-e-type=\"widget\" data-widget_type=\"image.default\">\n\t\t\t\t<div class=\"elementor-widget-container\">\n\t\t\t\t\t\t\t\t\t\t\t\t\t\t\t<img decoding=\"async\" width=\"150\" height=\"150\" src=\"https:\/\/www.meteorage.com\/wp-content\/uploads\/2024\/12\/nuage-eclair-150x150.webp\" class=\"attachment-thumbnail size-thumbnail wp-image-39664\" alt=\"\" srcset=\"https:\/\/www.meteorage.com\/wp-content\/uploads\/2024\/12\/nuage-eclair-150x150.webp 150w, https:\/\/www.meteorage.com\/wp-content\/uploads\/2024\/12\/nuage-eclair.webp 300w\" sizes=\"(max-width: 150px) 100vw, 150px\" \/>\t\t\t\t\t\t\t\t\t\t\t\t\t\t\t<\/div>\n\t\t\t\t<\/div>\n\t\t<div class=\"elementor-element elementor-element-15578049 e-con-full e-flex e-con e-child\" data-id=\"15578049\" data-element_type=\"container\" data-e-type=\"container\" data-settings=\"{&quot;background_background&quot;:&quot;classic&quot;}\">\n\t\t<div class=\"elementor-element elementor-element-24f0c364 e-con-full e-flex e-con e-child\" data-id=\"24f0c364\" data-element_type=\"container\" data-e-type=\"container\">\n\t\t\t\t<div class=\"elementor-element elementor-element-504c6508 elementor-widget elementor-widget-text-editor\" data-id=\"504c6508\" data-element_type=\"widget\" data-e-type=\"widget\" data-widget_type=\"text-editor.default\">\n\t\t\t\t<div class=\"elementor-widget-container\">\n\t\t\t\t\t\t\t\t\t<p>Notre R\u00e9seau de d\u00e9tection de la foudre Meteorage a enregistr\u00e9 en 2025<\/p>\t\t\t\t\t\t\t\t<\/div>\n\t\t\t\t<\/div>\n\t\t\t\t<div class=\"elementor-element elementor-element-2ab3ccc9 elementor-widget elementor-widget-counter\" data-id=\"2ab3ccc9\" data-element_type=\"widget\" data-e-type=\"widget\" data-widget_type=\"counter.default\">\n\t\t\t\t<div class=\"elementor-widget-container\">\n\t\t\t\t\t\t\t<div class=\"elementor-counter\">\n\t\t\t<div class=\"elementor-counter-title\">million d'\u00e9clairs nuage-sol en Europe<\/div>\t\t\t<div class=\"elementor-counter-number-wrapper\">\n\t\t\t\t<span class=\"elementor-counter-number-prefix\"><\/span>\n\t\t\t\t<span class=\"elementor-counter-number\" data-duration=\"2000\" data-to-value=\"1.226\" data-from-value=\"10000\" data-delimiter=\" \">10000<\/span>\n\t\t\t\t<span class=\"elementor-counter-number-suffix\"><\/span>\n\t\t\t<\/div>\n\t\t<\/div>\n\t\t\t\t\t\t<\/div>\n\t\t\t\t<\/div>\n\t\t\t\t<div class=\"elementor-element elementor-element-4e82daf elementor-widget-divider--view-line elementor-widget elementor-widget-divider\" data-id=\"4e82daf\" data-element_type=\"widget\" data-e-type=\"widget\" data-widget_type=\"divider.default\">\n\t\t\t\t<div class=\"elementor-widget-container\">\n\t\t\t\t\t\t\t<div class=\"elementor-divider\">\n\t\t\t<span class=\"elementor-divider-separator\">\n\t\t\t\t\t\t<\/span>\n\t\t<\/div>\n\t\t\t\t\t\t<\/div>\n\t\t\t\t<\/div>\n\t\t\t\t<div class=\"elementor-element elementor-element-1a6463ce elementor-widget elementor-widget-counter\" data-id=\"1a6463ce\" data-element_type=\"widget\" data-e-type=\"widget\" data-widget_type=\"counter.default\">\n\t\t\t\t<div class=\"elementor-widget-container\">\n\t\t\t\t\t\t\t<div class=\"elementor-counter\">\n\t\t\t<div class=\"elementor-counter-title\">\u00e9clairs nuage-sol d\u00e9tect\u00e9s en Espagne<\/div>\t\t\t<div class=\"elementor-counter-number-wrapper\">\n\t\t\t\t<span class=\"elementor-counter-number-prefix\"><\/span>\n\t\t\t\t<span class=\"elementor-counter-number\" data-duration=\"2000\" data-to-value=\"427000\" data-from-value=\"0\" data-delimiter=\" \">0<\/span>\n\t\t\t\t<span class=\"elementor-counter-number-suffix\"><\/span>\n\t\t\t<\/div>\n\t\t<\/div>\n\t\t\t\t\t\t<\/div>\n\t\t\t\t<\/div>\n\t\t\t\t<div class=\"elementor-element elementor-element-2a64fcd3 elementor-drop-cap-yes elementor-widget__width-initial elementor-drop-cap-view-default elementor-widget elementor-widget-text-editor\" data-id=\"2a64fcd3\" data-element_type=\"widget\" data-e-type=\"widget\" data-settings=\"{&quot;drop_cap&quot;:&quot;yes&quot;}\" data-widget_type=\"text-editor.default\">\n\t\t\t\t<div class=\"elementor-widget-container\">\n\t\t\t\t\t\t\t\t\tEn 2025, l\u2019Europe a connu des \u00e9pisodes orageux plus ponctuels qu\u2019en 2024, mais l\u2019Espagne fait exception, restant fortement expos\u00e9e \u00e0 la foudre cette ann\u00e9e. \u00c0 l\u2019\u00e9chelle europ\u00e9enne, l\u2019activit\u00e9 foudre est en baisse par rapport \u00e0 2024, ann\u00e9e qui avait enregistr\u00e9 plus de 1 967 112 \u00e9clairs nuage-sol. Cette diminution ne concerne toutefois pas tous les pays : comme l\u2019Espagne, r\u00e9guli\u00e8rement frapp\u00e9e par la foudre, avec 427 000 \u00e9clairs ont \u00e9t\u00e9 d\u00e9tect\u00e9s en 2025, contre 514 557 en 2024, confirmant que le pays reste soumis \u00e0 des ph\u00e9nom\u00e8nes orageux fr\u00e9quents.\t\t\t\t\t\t\t\t<\/div>\n\t\t\t\t<\/div>\n\t\t\t\t<\/div>\n\t\t\t\t<\/div>\n\t\t\t\t<\/div>\n\t\t\t\t\t<\/div>\n\t\t\t\t<\/div>\n\t\t<div class=\"elementor-element elementor-element-3cdede3c e-flex e-con-boxed e-con e-parent\" data-id=\"3cdede3c\" data-element_type=\"container\" data-e-type=\"container\">\n\t\t\t\t\t<div class=\"e-con-inner\">\n\t\t\t\t<div class=\"elementor-element elementor-element-1eb5e831 elementor-widget elementor-widget-text-editor\" data-id=\"1eb5e831\" data-element_type=\"widget\" data-e-type=\"widget\" data-widget_type=\"text-editor.default\">\n\t\t\t\t<div class=\"elementor-widget-container\">\n\t\t\t\t\t\t\t\t\t<p><a href=\"#terminologie\">Pour une meilleure compr\u00e9hension des informations communiqu\u00e9es dans ce bilan, retrouvez les d\u00e9finitions des termes fr\u00e9quemment utilis\u00e9s dans notre terminologie.<\/a><\/p>\t\t\t\t\t\t\t\t<\/div>\n\t\t\t\t<\/div>\n\t\t\t\t<div class=\"elementor-element elementor-element-7ef0884 elementor-align-center elementor-widget elementor-widget-button\" data-id=\"7ef0884\" data-element_type=\"widget\" data-e-type=\"widget\" data-widget_type=\"button.default\">\n\t\t\t\t<div class=\"elementor-widget-container\">\n\t\t\t\t\t\t\t\t\t<div class=\"elementor-button-wrapper\">\n\t\t\t\t\t<a class=\"elementor-button elementor-button-link elementor-size-lg\" href=\"https:\/\/www.meteorage.com\/wp-content\/uploads\/2026\/01\/ES_Meteorage-INFORME-DE-MONITOREO_2025-_BD_compressed.pdf\" target=\"_blank\">\n\t\t\t\t\t\t<span class=\"elementor-button-content-wrapper\">\n\t\t\t\t\t\t\t\t\t<span class=\"elementor-button-text\">Visualiser le Bilan 2025 en pdf<\/span>\n\t\t\t\t\t<\/span>\n\t\t\t\t\t<\/a>\n\t\t\t\t<\/div>\n\t\t\t\t\t\t\t\t<\/div>\n\t\t\t\t<\/div>\n\t\t\t\t\t<\/div>\n\t\t\t\t<\/div>\n\t\t<div class=\"elementor-element elementor-element-2425d5a4 e-flex e-con-boxed e-con e-parent\" data-id=\"2425d5a4\" data-element_type=\"container\" data-e-type=\"container\" data-settings=\"{&quot;background_background&quot;:&quot;classic&quot;}\">\n\t\t\t\t\t<div class=\"e-con-inner\">\n\t\t<div class=\"elementor-element elementor-element-4cf46579 e-con-full e-flex e-con e-child\" data-id=\"4cf46579\" data-element_type=\"container\" data-e-type=\"container\">\n\t\t\t\t<div class=\"elementor-element elementor-element-745b106b elementor-widget elementor-widget-image\" data-id=\"745b106b\" data-element_type=\"widget\" data-e-type=\"widget\" data-widget_type=\"image.default\">\n\t\t\t\t<div class=\"elementor-widget-container\">\n\t\t\t\t\t\t\t\t\t\t\t\t\t\t\t<img decoding=\"async\" src=\"https:\/\/www.meteorage.com\/wp-content\/uploads\/2026\/01\/GUILLEMETS-_-MTG.webp\" title=\"\" alt=\"\" loading=\"lazy\" \/>\t\t\t\t\t\t\t\t\t\t\t\t\t\t\t<\/div>\n\t\t\t\t<\/div>\n\t\t\t\t<div class=\"elementor-element elementor-element-2f695db3 elementor-widget elementor-widget-text-editor\" data-id=\"2f695db3\" data-element_type=\"widget\" data-e-type=\"widget\" data-widget_type=\"text-editor.default\">\n\t\t\t\t<div class=\"elementor-widget-container\">\n\t\t\t\t\t\t\t\t\t<p><span class=\"a_GcMg font-feature-liga-off font-feature-clig-off font-feature-calt-off text-decoration-none text-strikethrough-none\">Le nombre d\u2019\u00e9clairs d\u2019une ann\u00e9e sur l\u2019autre ne refl\u00e8te pas \u00e0 lui seul le niveau de danger.&nbsp;<\/span><\/p><p><span class=\"a_GcMg font-feature-liga-off font-feature-clig-off font-feature-calt-off text-decoration-none text-strikethrough-none\">En 2025, les orages ont \u00e9t\u00e9 moins nombreux, mais parfois tout aussi intenses, et le risque peut appara\u00eetre \u00e0 tout moment pour les activit\u00e9s expos\u00e9es.<\/span><\/p>\t\t\t\t\t\t\t\t<\/div>\n\t\t\t\t<\/div>\n\t\t\t\t<div class=\"elementor-element elementor-element-2efd25a4 elementor-widget elementor-widget-text-editor\" data-id=\"2efd25a4\" data-element_type=\"widget\" data-e-type=\"widget\" data-widget_type=\"text-editor.default\">\n\t\t\t\t<div class=\"elementor-widget-container\">\n\t\t\t\t\t\t\t\t\t<p><span class=\"a_GcMg font-feature-liga-off font-feature-clig-off font-feature-calt-off text-decoration-none text-strikethrough-none\">\u2014 St\u00e9phane Schmitt, Lightning Application Expert, Meteorage<\/span><\/p>\t\t\t\t\t\t\t\t<\/div>\n\t\t\t\t<\/div>\n\t\t\t\t<\/div>\n\t\t<div class=\"elementor-element elementor-element-63471cda e-con-full e-flex e-con e-child\" data-id=\"63471cda\" data-element_type=\"container\" data-e-type=\"container\">\n\t\t\t\t<div class=\"elementor-element elementor-element-516c13a elementor-widget-tablet_extra__width-initial elementor-widget elementor-widget-image\" data-id=\"516c13a\" data-element_type=\"widget\" data-e-type=\"widget\" data-widget_type=\"image.default\">\n\t\t\t\t<div class=\"elementor-widget-container\">\n\t\t\t\t\t\t\t\t\t\t\t\t\t\t\t\t<a href=\"https:\/\/www.meteorage.com\/wp-content\/uploads\/2026\/01\/2025_Industrie-Meteorage_Copyright-Xavier-delorme.webp\" data-elementor-open-lightbox=\"yes\" data-e-action-hash=\"#elementor-action%3Aaction%3Dlightbox%26settings%3DeyJpZCI6NTA2NTcsInVybCI6ZmFsc2V9\">\n\t\t\t\t\t\t\t<img decoding=\"async\" src=\"https:\/\/www.meteorage.com\/wp-content\/uploads\/2026\/01\/2025_Industrie-Meteorage_Copyright-Xavier-delorme.webp\" title=\"\" alt=\"\" loading=\"lazy\" \/>\t\t\t\t\t\t\t\t<\/a>\n\t\t\t\t\t\t\t\t\t\t\t\t\t\t\t<\/div>\n\t\t\t\t<\/div>\n\t\t\t\t<\/div>\n\t\t\t\t\t<\/div>\n\t\t\t\t<\/div>\n\t\t<div class=\"elementor-element elementor-element-401f4b21 e-flex e-con-boxed e-con e-parent\" data-id=\"401f4b21\" data-element_type=\"container\" data-e-type=\"container\">\n\t\t\t\t\t<div class=\"e-con-inner\">\n\t\t\t\t<div class=\"elementor-element elementor-element-25f36fcb elementor-widget-divider--view-line elementor-widget elementor-widget-divider\" data-id=\"25f36fcb\" data-element_type=\"widget\" data-e-type=\"widget\" data-widget_type=\"divider.default\">\n\t\t\t\t<div class=\"elementor-widget-container\">\n\t\t\t\t\t\t\t<div class=\"elementor-divider\">\n\t\t\t<span class=\"elementor-divider-separator\">\n\t\t\t\t\t\t<\/span>\n\t\t<\/div>\n\t\t\t\t\t\t<\/div>\n\t\t\t\t<\/div>\n\t\t\t\t\t<\/div>\n\t\t\t\t<\/div>\n\t\t<div class=\"elementor-element elementor-element-7f6e3e71 e-flex e-con-boxed e-con e-parent\" data-id=\"7f6e3e71\" data-element_type=\"container\" data-e-type=\"container\">\n\t\t\t\t\t<div class=\"e-con-inner\">\n\t\t\t\t<div class=\"elementor-element elementor-element-385e9d56 elementor-widget elementor-widget-ube-fancy-text\" data-id=\"385e9d56\" data-element_type=\"widget\" data-e-type=\"widget\" data-widget_type=\"ube-fancy-text.default\">\n\t\t\t\t<div class=\"elementor-widget-container\">\n\t\t\t\t\t<h3 data-text=\"[&quot;en 2025&quot;,&quot;en Europe&quot;]\" data-additional-options=\"{&quot;animationDelay&quot;:null,&quot;typingLoop&quot;:true,&quot;typingCursor&quot;:true}\" class=\"ube-fancy-text ube-fancy-text-typing\">    <span class=\"ube-fancy-text-before\">Les faits marquants<\/span>\n<span class=\"ube-fancy-text-animated\">\n\t<\/span>\n<\/h3>\t\t\t\t<\/div>\n\t\t\t\t<\/div>\n\t\t\t\t\t<\/div>\n\t\t\t\t<\/div>\n\t\t<div class=\"elementor-element elementor-element-1bc0c01 e-flex e-con-boxed e-con e-parent\" data-id=\"1bc0c01\" data-element_type=\"container\" data-e-type=\"container\">\n\t\t\t\t\t<div class=\"e-con-inner\">\n\t\t\t\t<div class=\"elementor-element elementor-element-a04f57f elementor-widget elementor-widget-spacer\" data-id=\"a04f57f\" data-element_type=\"widget\" data-e-type=\"widget\" data-widget_type=\"spacer.default\">\n\t\t\t\t<div class=\"elementor-widget-container\">\n\t\t\t\t\t\t\t<div class=\"elementor-spacer\">\n\t\t\t<div class=\"elementor-spacer-inner\"><\/div>\n\t\t<\/div>\n\t\t\t\t\t\t<\/div>\n\t\t\t\t<\/div>\n\t\t\t\t<div class=\"elementor-element elementor-element-45952dfe elementor-drop-cap-yes elementor-widget__width-initial elementor-drop-cap-view-default elementor-widget elementor-widget-text-editor\" data-id=\"45952dfe\" data-element_type=\"widget\" data-e-type=\"widget\" data-settings=\"{&quot;drop_cap&quot;:&quot;yes&quot;}\" data-widget_type=\"text-editor.default\">\n\t\t\t\t<div class=\"elementor-widget-container\">\n\t\t\t\t\t\t\t\t\t<p class=\"cvGsUA direction-ltr align-start para-style-body\"><span class=\"a_GcMg font-feature-liga-off font-feature-clig-off font-feature-calt-off text-decoration-none text-strikethrough-none\">Bien que l\u2019activit\u00e9 \u00e9lectrique en 2025 soit en retrait par rapport aux r\u00e9f\u00e9rences historiques, <\/span><span class=\"a_GcMg font-feature-liga-off font-feature-clig-off font-feature-calt-off text-decoration-none text-strikethrough-none\">la forte variabilit\u00e9 interannuelle de l\u2019activit\u00e9 orageuse ne permet pas, \u00e0 ce stade, <\/span><span class=\"a_GcMg font-feature-liga-off font-feature-clig-off font-feature-calt-off text-decoration-none text-strikethrough-none\">d\u2019identifier une tendance statistique robuste.<\/span><\/p>\t\t\t\t\t\t\t\t<\/div>\n\t\t\t\t<\/div>\n\t\t\t\t<div class=\"elementor-element elementor-element-727d25a3 elementor-widget elementor-widget-ube-chart\" data-id=\"727d25a3\" data-element_type=\"widget\" data-e-type=\"widget\" data-widget_type=\"ube-chart.default\">\n\t\t\t\t<div class=\"elementor-widget-container\">\n\t\t\t\t\t<div  >\n    <canvas id=\"ube-chart-727d25a3\" class=\"ube-chart\" data-chart-type=\"line\" data-chart-labels=\"[&quot;2016&quot;,&quot;2017&quot;,&quot;2018&quot;,&quot;2019&quot;,&quot;2020&quot;,&quot;2021&quot;,&quot;2022&quot;,&quot;2023&quot;,&quot;2024&quot;,&quot;2025&quot;]\" data-chart-options=\"{&quot;animation&quot;:{&quot;easing&quot;:&quot;linear&quot;},&quot;elements&quot;:{&quot;point&quot;:{&quot;pointStyle&quot;:&quot;rectRounded&quot;},&quot;line&quot;:{&quot;tension&quot;:0.5}},&quot;scales&quot;:{&quot;y&quot;:{&quot;ticks&quot;:{&quot;display&quot;:true},&quot;grid&quot;:{&quot;display&quot;:false,&quot;drawBorder&quot;:false,&quot;drawTicks&quot;:false}},&quot;x&quot;:{&quot;ticks&quot;:{&quot;display&quot;:true},&quot;grid&quot;:{&quot;display&quot;:false,&quot;drawBorder&quot;:false,&quot;drawTicks&quot;:false}}}}\" data-chart-datasets=\"[{&quot;label&quot;:&quot;\\u00c9volution du nombre d\\u2019\\u00e9clairs nuage-sol (CG) en Europe (2016-2025)&quot;,&quot;data&quot;:[1618380,1582329,2900401,1537910,1346211,1557133,2050981,2227181,1967112,1226838],&quot;backgroundColor&quot;:&quot;#01144A&quot;,&quot;hoverBackgroundColor&quot;:&quot;#01144A&quot;,&quot;borderColor&quot;:&quot;#01103B&quot;,&quot;hoverBorderColor&quot;:&quot;#01103B&quot;,&quot;borderWidth&quot;:&quot;1&quot;,&quot;fill&quot;:true}]\" data-chart-additional-options=\"{&quot;chatId&quot;:&quot;ube-chart-727d25a3&quot;}\" height=\"200\"><\/canvas>\n<\/div>\t\t\t\t<\/div>\n\t\t\t\t<\/div>\n\t\t\t\t<div class=\"elementor-element elementor-element-6b77df5b elementor-widget elementor-widget-heading\" data-id=\"6b77df5b\" data-element_type=\"widget\" data-e-type=\"widget\" data-widget_type=\"heading.default\">\n\t\t\t\t<div class=\"elementor-widget-container\">\n\t\t\t\t\t<h2 class=\"elementor-heading-title elementor-size-default\">360 jours d\u2019orage<\/h2>\t\t\t\t<\/div>\n\t\t\t\t<\/div>\n\t\t\t\t<div class=\"elementor-element elementor-element-75696cec elementor-drop-cap-yes elementor-widget__width-initial elementor-drop-cap-view-default elementor-widget elementor-widget-text-editor\" data-id=\"75696cec\" data-element_type=\"widget\" data-e-type=\"widget\" data-settings=\"{&quot;drop_cap&quot;:&quot;yes&quot;}\" data-widget_type=\"text-editor.default\">\n\t\t\t\t<div class=\"elementor-widget-container\">\n\t\t\t\t\t\t\t\t\t<p class=\"cvGsUA direction-ltr align-start para-style-body\"><span class=\"a_GcMg font-feature-liga-off font-feature-clig-off font-feature-calt-off text-decoration-none text-strikethrough-none\">L\u2019essentiel de l\u2019activit\u00e9 orageuse se concentre entre juin et ao\u00fbt (64%),<\/span> <span class=\"a_GcMg font-feature-liga-off font-feature-clig-off font-feature-calt-off text-decoration-none text-strikethrough-none\">p\u00e9riode durant laquelle les conditions instables ont \u00e9t\u00e9 les plus favorables, avec un pic marqu\u00e9 en juin et pr\u00e8s de <strong>284 200<\/strong> <strong>\u00e9clairs nuage-sol<\/strong> recens\u00e9s \u00e0 l\u2019\u00e9chelle du continent, illustrant une saison orageuse parfois pr\u00e9coce.<\/span><\/p>\t\t\t\t\t\t\t\t<\/div>\n\t\t\t\t<\/div>\n\t\t\t\t\t<\/div>\n\t\t\t\t<\/div>\n\t\t<div class=\"elementor-element elementor-element-323d9fc9 e-flex e-con-boxed e-con e-parent\" data-id=\"323d9fc9\" data-element_type=\"container\" data-e-type=\"container\">\n\t\t\t\t\t<div class=\"e-con-inner\">\n\t\t<div class=\"elementor-element elementor-element-60ab5dda e-con-full e-flex e-con e-child\" data-id=\"60ab5dda\" data-element_type=\"container\" data-e-type=\"container\">\n\t\t\t\t<div class=\"elementor-element elementor-element-709d454 elementor-widget elementor-widget-image\" data-id=\"709d454\" data-element_type=\"widget\" data-e-type=\"widget\" data-widget_type=\"image.default\">\n\t\t\t\t<div class=\"elementor-widget-container\">\n\t\t\t\t\t\t\t\t\t\t\t\t\t\t\t<img decoding=\"async\" src=\"https:\/\/www.meteorage.com\/wp-content\/uploads\/2026\/01\/GUILLEMETS-_-MTG.webp\" title=\"\" alt=\"\" loading=\"lazy\" \/>\t\t\t\t\t\t\t\t\t\t\t\t\t\t\t<\/div>\n\t\t\t\t<\/div>\n\t\t\t\t<div class=\"elementor-element elementor-element-583c265b elementor-widget elementor-widget-text-editor\" data-id=\"583c265b\" data-element_type=\"widget\" data-e-type=\"widget\" data-widget_type=\"text-editor.default\">\n\t\t\t\t<div class=\"elementor-widget-container\">\n\t\t\t\t\t\t\t\t\t<p class=\"cvGsUA direction-ltr align-start para-style-body\"><span class=\"a_GcMg font-feature-liga-off font-feature-clig-off font-feature-calt-off text-decoration-none text-strikethrough-none\">En 2025, la circulation atmosph\u00e9rique \u00e0 l\u2019\u00e9chelle europ\u00e9enne a favoris\u00e9 une concentration <b>de l\u2019activit\u00e9 convective autour de la m\u00e9diterran\u00e9e<\/b>. La pr\u00e9sence r\u00e9currente de hauts g\u00e9opotentiels sur l\u2019Europe centrale et septentrionale a limit\u00e9 la progression des syst\u00e8mes instables vers le nord du continent.<\/span><\/p>\n<p class=\"cvGsUA direction-ltr align-start para-style-body\"><span class=\"a_GcMg font-feature-liga-off font-feature-clig-off font-feature-calt-off text-decoration-none text-strikethrough-none\">En cons\u00e9quence, les circulations d\u00e9pressionnaires et les for\u00e7ages dynamiques se sont maintenus aux basses latitudes, en interaction avec <\/span><span class=\"a_GcMg font-feature-liga-off font-feature-clig-off font-feature-calt-off text-decoration-none text-strikethrough-none\">des masses d\u2019air plus chaudes et humides sur le pourtour m\u00e9diterran\u00e9en, <\/span><span class=\"a_GcMg font-feature-liga-off font-feature-clig-off font-feature-calt-off text-decoration-none text-strikethrough-none\">cr\u00e9ant un environnement plus favorable \u00e0 l\u2019activit\u00e9 \u00e9lectrique.<\/span><\/p>\t\t\t\t\t\t\t\t<\/div>\n\t\t\t\t<\/div>\n\t\t\t\t<div class=\"elementor-element elementor-element-5fbccf3e elementor-widget elementor-widget-text-editor\" data-id=\"5fbccf3e\" data-element_type=\"widget\" data-e-type=\"widget\" data-widget_type=\"text-editor.default\">\n\t\t\t\t<div class=\"elementor-widget-container\">\n\t\t\t\t\t\t\t\t\t<p><span class=\"a_GcMg font-feature-liga-off font-feature-clig-off font-feature-calt-off text-decoration-none text-strikethrough-none\">\u2014 Joris Royet, Chef de projet M\u00e9t\u00e9o, Meteorage<\/span><\/p>\t\t\t\t\t\t\t\t<\/div>\n\t\t\t\t<\/div>\n\t\t\t\t<\/div>\n\t\t<div class=\"elementor-element elementor-element-311d076e e-con-full e-flex e-con e-child\" data-id=\"311d076e\" data-element_type=\"container\" data-e-type=\"container\">\n\t\t\t\t<div class=\"elementor-element elementor-element-2c533a1b elementor-widget elementor-widget-spacer\" data-id=\"2c533a1b\" data-element_type=\"widget\" data-e-type=\"widget\" data-widget_type=\"spacer.default\">\n\t\t\t\t<div class=\"elementor-widget-container\">\n\t\t\t\t\t\t\t<div class=\"elementor-spacer\">\n\t\t\t<div class=\"elementor-spacer-inner\"><\/div>\n\t\t<\/div>\n\t\t\t\t\t\t<\/div>\n\t\t\t\t<\/div>\n\t\t\t\t<div class=\"elementor-element elementor-element-16829b72 elementor-widget elementor-widget-image\" data-id=\"16829b72\" data-element_type=\"widget\" data-e-type=\"widget\" data-widget_type=\"image.default\">\n\t\t\t\t<div class=\"elementor-widget-container\">\n\t\t\t\t\t\t\t\t\t\t\t\t\t\t\t\t<a href=\"https:\/\/www.meteorage.com\/wp-content\/uploads\/2026\/01\/MTG_bilanfoudroiement_2025__EU-scaled.webp\" data-elementor-open-lightbox=\"yes\" data-e-action-hash=\"#elementor-action%3Aaction%3Dlightbox%26settings%3DeyJpZCI6NTA2NDUsInVybCI6ZmFsc2V9\">\n\t\t\t\t\t\t\t<img decoding=\"async\" src=\"https:\/\/www.meteorage.com\/wp-content\/uploads\/2026\/01\/MTG_bilanfoudroiement_2025__EU-scaled.webp\" title=\"\" alt=\"\" loading=\"lazy\" \/>\t\t\t\t\t\t\t\t<\/a>\n\t\t\t\t\t\t\t\t\t\t\t\t\t\t\t<\/div>\n\t\t\t\t<\/div>\n\t\t\t\t<\/div>\n\t\t\t\t\t<\/div>\n\t\t\t\t<\/div>\n\t\t<div class=\"elementor-element elementor-element-6895444 e-flex e-con-boxed e-con e-parent\" data-id=\"6895444\" data-element_type=\"container\" data-e-type=\"container\">\n\t\t\t\t\t<div class=\"e-con-inner\">\n\t\t\t\t<div class=\"elementor-element elementor-element-a46be0a elementor-widget elementor-widget-heading\" data-id=\"a46be0a\" data-element_type=\"widget\" data-e-type=\"widget\" data-widget_type=\"heading.default\">\n\t\t\t\t<div class=\"elementor-widget-container\">\n\t\t\t\t\t<h3 class=\"elementor-heading-title elementor-size-default\">Top 10 des pays les plus foudroy\u00e9s en Europe en 2025<\/h3>\t\t\t\t<\/div>\n\t\t\t\t<\/div>\n\t\t\t\t<div class=\"elementor-element elementor-element-2d62f385 elementor-widget__width-inherit elementor-widget elementor-widget-ube-chart\" data-id=\"2d62f385\" data-element_type=\"widget\" data-e-type=\"widget\" data-widget_type=\"ube-chart.default\">\n\t\t\t\t<div class=\"elementor-widget-container\">\n\t\t\t\t\t<div  >\n    <canvas id=\"ube-chart-2d62f385\" class=\"ube-chart\" data-chart-type=\"bar\" data-chart-labels=\"[&quot;Espagne&quot;,&quot;Italie&quot;,&quot;France&quot;,&quot;Allemagne&quot;,&quot;Suisse&quot;,&quot;Portugal&quot;,&quot;Royaume-Uni&quot;,&quot;Belgique&quot;,&quot;Pays-Bas&quot;,&quot;Danemark&quot;]\" data-chart-options=\"{&quot;scales&quot;:{&quot;y&quot;:{&quot;ticks&quot;:{&quot;display&quot;:true},&quot;grid&quot;:{&quot;display&quot;:false,&quot;drawBorder&quot;:true,&quot;drawTicks&quot;:true}},&quot;x&quot;:{&quot;ticks&quot;:{&quot;display&quot;:true},&quot;grid&quot;:{&quot;display&quot;:false,&quot;drawBorder&quot;:true,&quot;drawTicks&quot;:true}}}}\" data-chart-datasets=\"[{&quot;label&quot;:&quot;Nombre d&#039;\\u00e9clairs nuage-sol CG\\u200b&quot;,&quot;data&quot;:[427686,385577,267502,83443,20597,18496,9392,6478,9392,6478,5095,4496],&quot;backgroundColor&quot;:&quot;#01144A&quot;,&quot;hoverBackgroundColor&quot;:&quot;#01144A&quot;,&quot;borderColor&quot;:&quot;#01144A&quot;,&quot;hoverBorderColor&quot;:&quot;#01144A&quot;,&quot;borderWidth&quot;:1,&quot;fill&quot;:true}]\" data-chart-additional-options=\"{&quot;chatId&quot;:&quot;ube-chart-2d62f385&quot;}\" height=\"250\"><\/canvas>\n<\/div>\t\t\t\t<\/div>\n\t\t\t\t<\/div>\n\t\t\t\t<div class=\"elementor-element elementor-element-1696ae3 elementor-widget elementor-widget-text-editor\" data-id=\"1696ae3\" data-element_type=\"widget\" data-e-type=\"widget\" data-widget_type=\"text-editor.default\">\n\t\t\t\t<div class=\"elementor-widget-container\">\n\t\t\t\t\t\t\t\t\t<p>La fr\u00e9quence, la r\u00e9partition g\u00e9ographique ainsi que l\u2019intensit\u00e9 des orages varient selon les saisons <strong>en fonction de la temp\u00e9rature, de l&rsquo;humidit\u00e9 et des dynamiques atmosph\u00e9riques<\/strong>.<\/p><p class=\"cvGsUA direction-ltr align-start para-style-body\"><span class=\"a_GcMg font-feature-liga-off font-feature-clig-off font-feature-calt-off text-decoration-none text-strikethrough-none\">Le <strong>printemps<\/strong> totalise<\/span> <span class=\"a_GcMg font-feature-liga-off font-feature-clig-off font-feature-calt-off text-decoration-none text-strikethrough-none\">233 316<\/span><span class=\"a_GcMg font-feature-liga-off font-feature-clig-off font-feature-calt-off text-decoration-none text-strikethrough-none\"> \u00e9clairs nuage-sol, avec une r\u00e9partition g\u00e9ographique tr\u00e8s h\u00e9t\u00e9rog\u00e8ne: u<\/span><span class=\"a_GcMg font-feature-liga-off font-feature-clig-off font-feature-calt-off text-decoration-none text-strikethrough-none\">ne faible activit\u00e9 sur la moiti\u00e9 nord de l\u2019Europe qui reste largement sous l\u2019influence de conditions anticycloniques persistantes, limitant fortement le d\u00e9veloppement des orages. <\/span><span class=\"a_GcMg font-feature-liga-off font-feature-clig-off font-feature-calt-off text-decoration-none text-strikethrough-none\">\u00c0 l\u2019inverse, une activit\u00e9 plus r\u00e9guli\u00e8re s\u2019observe sur le sud du continent, notamment autour du bassin m\u00e9diterran\u00e9en. <\/span><span class=\"a_GcMg font-feature-liga-off font-feature-clig-off font-feature-calt-off text-decoration-none text-strikethrough-none\">Durant cette p\u00e9riode, l\u2019Espagne appara\u00eet comme le pays le plus touch\u00e9, avec<\/span> <span class=\"a_GcMg font-feature-liga-off font-feature-clig-off font-feature-calt-off text-decoration-none text-strikethrough-none\">97 219<\/span> <span class=\"a_GcMg font-feature-liga-off font-feature-clig-off font-feature-calt-off text-decoration-none text-strikethrough-none\">\u00e9clairs nuage-sol d\u00e9tect\u00e9s.<\/span><\/p><p><span class=\"a_GcMg font-feature-liga-off font-feature-clig-off font-feature-calt-off text-decoration-none text-strikethrough-none\">L\u2019<strong>\u00e9t\u00e9<\/strong> concentre<\/span> <span class=\"a_GcMg font-feature-liga-off font-feature-clig-off font-feature-calt-off text-decoration-none text-strikethrough-none\">775 394<\/span> <span class=\"a_GcMg font-feature-liga-off font-feature-clig-off font-feature-calt-off text-decoration-none text-strikethrough-none\">\u00e9clairs nuage-sol, soit plus de la moiti\u00e9 de l\u2019activit\u00e9 annuelle. <\/span><span class=\"a_GcMg font-feature-liga-off font-feature-clig-off font-feature-calt-off text-decoration-none text-strikethrough-none\">Si les orages se sont principalement d\u00e9velopp\u00e9s le long de l\u2019axe classique <\/span><span class=\"a_GcMg font-feature-liga-off font-feature-clig-off font-feature-calt-off text-decoration-none text-strikethrough-none\">Espagne \u2013 France \u2013 Allemagne, l\u2019Italie a \u00e9galement connu une activit\u00e9 notable, devenant le pays le plus frapp\u00e9 par la foudre en Europe pendant cette saison.<\/span><\/p><p><span class=\"a_GcMg font-feature-liga-off font-feature-clig-off font-feature-calt-off text-decoration-none text-strikethrough-none\">\u00c0 l\u2019<\/span><strong>automne, <\/strong>les orages se maintiennent principalement :<\/p><ul><li><span class=\"a_GcMg font-feature-liga-off font-feature-clig-off font-feature-calt-off text-decoration-none text-strikethrough-none\">sur les mers,<\/span><\/li><li><span class=\"a_GcMg font-feature-liga-off font-feature-clig-off font-feature-calt-off text-decoration-none text-strikethrough-none\">sur les r\u00e9gions c\u00f4ti\u00e8res m\u00e9diterran\u00e9ennes (Espagne orientale, sud de la France, Italie).<\/span><\/li><\/ul><p><span class=\"a_GcMg font-feature-liga-off font-feature-clig-off font-feature-calt-off text-decoration-none text-strikethrough-none\">Ce renforcement local s\u2019explique par la persistance d\u2019eaux de surface chaudes, alors que les basses couches continentales se refroidissent plus rapidement. Ce contraste vertical de temp\u00e9rature favorise la convection, rendant les orages parfois intenses et tr\u00e8s pluvieux, au gr\u00e9 des passages d\u00e9pressionnaires.<\/span><\/p>\t\t\t\t\t\t\t\t<\/div>\n\t\t\t\t<\/div>\n\t\t\t\t\t<\/div>\n\t\t\t\t<\/div>\n\t\t<div class=\"elementor-element elementor-element-3da14496 e-flex e-con-boxed e-con e-parent\" data-id=\"3da14496\" data-element_type=\"container\" data-e-type=\"container\">\n\t\t\t\t\t<div class=\"e-con-inner\">\n\t\t\t\t<div class=\"elementor-element elementor-element-87a146b elementor-widget-divider--view-line elementor-widget elementor-widget-divider\" data-id=\"87a146b\" data-element_type=\"widget\" data-e-type=\"widget\" data-widget_type=\"divider.default\">\n\t\t\t\t<div class=\"elementor-widget-container\">\n\t\t\t\t\t\t\t<div class=\"elementor-divider\">\n\t\t\t<span class=\"elementor-divider-separator\">\n\t\t\t\t\t\t<\/span>\n\t\t<\/div>\n\t\t\t\t\t\t<\/div>\n\t\t\t\t<\/div>\n\t\t\t\t<div class=\"elementor-element elementor-element-37414135 elementor-widget elementor-widget-ube-fancy-text\" data-id=\"37414135\" data-element_type=\"widget\" data-e-type=\"widget\" data-widget_type=\"ube-fancy-text.default\">\n\t\t\t\t<div class=\"elementor-widget-container\">\n\t\t\t\t\t<h3 data-text=\"[&quot;en 2025&quot;,&quot;en Espagne&quot;]\" data-additional-options=\"{&quot;animationDelay&quot;:null,&quot;typingLoop&quot;:true,&quot;typingCursor&quot;:true}\" class=\"ube-fancy-text ube-fancy-text-typing\">    <span class=\"ube-fancy-text-before\">Les faits marquants<\/span>\n<span class=\"ube-fancy-text-animated\">\n\t<\/span>\n<\/h3>\t\t\t\t<\/div>\n\t\t\t\t<\/div>\n\t\t\t\t\t<\/div>\n\t\t\t\t<\/div>\n\t\t<div class=\"elementor-element elementor-element-e7e9162 e-flex e-con-boxed e-con e-parent\" data-id=\"e7e9162\" data-element_type=\"container\" data-e-type=\"container\">\n\t\t\t\t\t<div class=\"e-con-inner\">\n\t\t<div class=\"elementor-element elementor-element-d8cc445 e-con-full e-flex e-con e-child\" data-id=\"d8cc445\" data-element_type=\"container\" data-e-type=\"container\">\n\t\t\t\t<div class=\"elementor-element elementor-element-f7b5f4c elementor-widget-divider--view-line elementor-widget elementor-widget-divider\" data-id=\"f7b5f4c\" data-element_type=\"widget\" data-e-type=\"widget\" data-widget_type=\"divider.default\">\n\t\t\t\t<div class=\"elementor-widget-container\">\n\t\t\t\t\t\t\t<div class=\"elementor-divider\">\n\t\t\t<span class=\"elementor-divider-separator\">\n\t\t\t\t\t\t<\/span>\n\t\t<\/div>\n\t\t\t\t\t\t<\/div>\n\t\t\t\t<\/div>\n\t\t\t\t<div class=\"elementor-element elementor-element-e008908 elementor-widget elementor-widget-heading\" data-id=\"e008908\" data-element_type=\"widget\" data-e-type=\"widget\" data-widget_type=\"heading.default\">\n\t\t\t\t<div class=\"elementor-widget-container\">\n\t\t\t\t\t<h5 class=\"elementor-heading-title elementor-size-default\">2025, une ann\u00e9e fortement touch\u00e9e par la foudre<\/h5>\t\t\t\t<\/div>\n\t\t\t\t<\/div>\n\t\t\t\t<div class=\"elementor-element elementor-element-49846db elementor-widget elementor-widget-text-editor\" data-id=\"49846db\" data-element_type=\"widget\" data-e-type=\"widget\" data-widget_type=\"text-editor.default\">\n\t\t\t\t<div class=\"elementor-widget-container\">\n\t\t\t\t\t\t\t\t\t<p class=\"cvGsUA direction-ltr align-start para-style-body\"><span class=\"a_GcMg font-feature-liga-off font-feature-clig-off font-feature-calt-off text-decoration-none text-strikethrough-none\">L\u2019ann\u00e9e 2025 en Espagne se distingue par une activit\u00e9 foudre \u00e9lev\u00e9e, avec environ <\/span><strong><span class=\"a_GcMg font-feature-liga-off font-feature-clig-off font-feature-calt-off text-decoration-none text-strikethrough-none\">427 000<\/span> <\/strong><span class=\"a_GcMg font-feature-liga-off font-feature-clig-off font-feature-calt-off text-decoration-none text-strikethrough-none\"><strong>\u00e9clairs nuage-sol d\u00e9tect\u00e9s<\/strong>, l\u2019une des ann\u00e9es les plus foudroy\u00e9es depuis le d\u00e9but de nos relev\u00e9s.<\/span><\/p>\t\t\t\t\t\t\t\t<\/div>\n\t\t\t\t<\/div>\n\t\t\t\t<div class=\"elementor-element elementor-element-d51bb91 elementor-widget elementor-widget-ube-chart\" data-id=\"d51bb91\" data-element_type=\"widget\" data-e-type=\"widget\" data-widget_type=\"ube-chart.default\">\n\t\t\t\t<div class=\"elementor-widget-container\">\n\t\t\t\t\t<div  >\n    <canvas id=\"ube-chart-d51bb91\" class=\"ube-chart\" data-chart-type=\"line\" data-chart-labels=\"[&quot;2016&quot;,&quot;2017&quot;,&quot;2018&quot;,&quot;2019&quot;,&quot;2020&quot;,&quot;2021&quot;,&quot;2022&quot;,&quot;2023&quot;,&quot;2024&quot;,&quot;2025&quot;]\" data-chart-options=\"{&quot;animation&quot;:{&quot;easing&quot;:&quot;linear&quot;},&quot;elements&quot;:{&quot;point&quot;:{&quot;pointStyle&quot;:&quot;rectRounded&quot;},&quot;line&quot;:{&quot;tension&quot;:0.5}},&quot;scales&quot;:{&quot;y&quot;:{&quot;ticks&quot;:{&quot;display&quot;:true,&quot;color&quot;:&quot;#01144A&quot;},&quot;grid&quot;:{&quot;display&quot;:false,&quot;drawBorder&quot;:false,&quot;drawTicks&quot;:false}},&quot;x&quot;:{&quot;ticks&quot;:{&quot;display&quot;:true,&quot;color&quot;:&quot;#01144A&quot;},&quot;grid&quot;:{&quot;display&quot;:false,&quot;drawBorder&quot;:false,&quot;drawTicks&quot;:false}}}}\" data-chart-datasets=\"[{&quot;label&quot;:&quot;\\u00c9volution du nombre d\\u2019\\u00e9clairs nuage-sol (CG) en Espagne (2016-2025)&quot;,&quot;data&quot;:[246235,397835,683791,303845,359696,436930,440212,616765,514557,427000],&quot;backgroundColor&quot;:&quot;#01144A&quot;,&quot;hoverBackgroundColor&quot;:&quot;#01144A&quot;,&quot;borderColor&quot;:&quot;#01103B&quot;,&quot;hoverBorderColor&quot;:&quot;#01103B&quot;,&quot;borderWidth&quot;:&quot;1&quot;,&quot;fill&quot;:true}]\" data-chart-additional-options=\"{&quot;chatId&quot;:&quot;ube-chart-d51bb91&quot;}\" height=\"200\"><\/canvas>\n<\/div>\t\t\t\t<\/div>\n\t\t\t\t<\/div>\n\t\t<div class=\"elementor-element elementor-element-c5b333a e-con-full e-flex e-con e-child\" data-id=\"c5b333a\" data-element_type=\"container\" data-e-type=\"container\">\n\t\t<div class=\"elementor-element elementor-element-9c3f258 e-con-full e-flex e-con e-child\" data-id=\"9c3f258\" data-element_type=\"container\" data-e-type=\"container\">\n\t\t\t\t<div class=\"elementor-element elementor-element-6acb6ce elementor-widget elementor-widget-text-editor\" data-id=\"6acb6ce\" data-element_type=\"widget\" data-e-type=\"widget\" data-widget_type=\"text-editor.default\">\n\t\t\t\t<div class=\"elementor-widget-container\">\n\t\t\t\t\t\t\t\t\t<p class=\"cvGsUA direction-ltr align-start para-style-body\"><span class=\"a_GcMg font-feature-liga-off font-feature-clig-off font-feature-calt-off text-decoration-none text-strikethrough-none\">Comme souvent, un contraste marqu\u00e9 est observ\u00e9 : le nord et l\u2019est ont connu une activit\u00e9 \u00e9lectrique importante, tandis que le sud et l\u2019ouest sont rest\u00e9s plus souvent sous l\u2019influence de hautes pressions limitant les d\u00e9clenchements orageux.<\/span><\/p>\t\t\t\t\t\t\t\t<\/div>\n\t\t\t\t<\/div>\n\t\t\t\t<\/div>\n\t\t<div class=\"elementor-element elementor-element-c7e1cfc e-con-full e-flex e-con e-child\" data-id=\"c7e1cfc\" data-element_type=\"container\" data-e-type=\"container\">\n\t\t\t\t<div class=\"elementor-element elementor-element-22e55d7 elementor-widget elementor-widget-image\" data-id=\"22e55d7\" data-element_type=\"widget\" data-e-type=\"widget\" data-widget_type=\"image.default\">\n\t\t\t\t<div class=\"elementor-widget-container\">\n\t\t\t\t\t\t\t\t\t\t\t\t\t\t\t\t<a href=\"https:\/\/www.meteorage.com\/wp-content\/uploads\/2026\/01\/ES_INFORME-DE-MONITOREO_2025-scaled.webp\" data-elementor-open-lightbox=\"yes\" data-e-action-hash=\"#elementor-action%3Aaction%3Dlightbox%26settings%3DeyJpZCI6NTA5MTMsInVybCI6ZmFsc2V9\">\n\t\t\t\t\t\t\t<img decoding=\"async\" src=\"https:\/\/www.meteorage.com\/wp-content\/uploads\/2026\/01\/ES_INFORME-DE-MONITOREO_2025-scaled.webp\" title=\"\" alt=\"\" loading=\"lazy\" \/>\t\t\t\t\t\t\t\t<\/a>\n\t\t\t\t\t\t\t\t\t\t\t\t\t\t\t<\/div>\n\t\t\t\t<\/div>\n\t\t\t\t<\/div>\n\t\t\t\t<\/div>\n\t\t<div class=\"elementor-element elementor-element-56a7807 e-con-full e-flex e-con e-child\" data-id=\"56a7807\" data-element_type=\"container\" data-e-type=\"container\">\n\t\t<div class=\"elementor-element elementor-element-68b352a e-con-full e-flex e-con e-child\" data-id=\"68b352a\" data-element_type=\"container\" data-e-type=\"container\">\n\t\t\t\t<div class=\"elementor-element elementor-element-2f5533b elementor-widget elementor-widget-spacer\" data-id=\"2f5533b\" data-element_type=\"widget\" data-e-type=\"widget\" data-widget_type=\"spacer.default\">\n\t\t\t\t<div class=\"elementor-widget-container\">\n\t\t\t\t\t\t\t<div class=\"elementor-spacer\">\n\t\t\t<div class=\"elementor-spacer-inner\"><\/div>\n\t\t<\/div>\n\t\t\t\t\t\t<\/div>\n\t\t\t\t<\/div>\n\t\t\t\t<div class=\"elementor-element elementor-element-9b15195 elementor-widget elementor-widget-heading\" data-id=\"9b15195\" data-element_type=\"widget\" data-e-type=\"widget\" data-widget_type=\"heading.default\">\n\t\t\t\t<div class=\"elementor-widget-container\">\n\t\t\t\t\t<h3 class=\"elementor-heading-title elementor-size-default\">Top 10 des Comunidades aut\u00f3nomas les plus foudroy\u00e9es en 2025<\/h3>\t\t\t\t<\/div>\n\t\t\t\t<\/div>\n\t\t\t\t<\/div>\n\t\t<div class=\"elementor-element elementor-element-47cba5d e-con-full e-flex e-con e-child\" data-id=\"47cba5d\" data-element_type=\"container\" data-e-type=\"container\">\n\t\t<div class=\"elementor-element elementor-element-7b8ae51 e-con-full e-flex e-con e-child\" data-id=\"7b8ae51\" data-element_type=\"container\" data-e-type=\"container\">\n\t\t<div class=\"elementor-element elementor-element-5c3c739 e-con-full e-flex e-con e-child\" data-id=\"5c3c739\" data-element_type=\"container\" data-e-type=\"container\">\n\t\t\t\t<div class=\"elementor-element elementor-element-90901d2 elementor-widget elementor-widget-heading\" data-id=\"90901d2\" data-element_type=\"widget\" data-e-type=\"widget\" data-widget_type=\"heading.default\">\n\t\t\t\t<div class=\"elementor-widget-container\">\n\t\t\t\t\t<h4 class=\"elementor-heading-title elementor-size-default\">Classification avec \u00e9clairs nuage-sol (CG)<\/h4>\t\t\t\t<\/div>\n\t\t\t\t<\/div>\n\t\t\t\t<div class=\"elementor-element elementor-element-8f19294 elementor-widget__width-inherit elementor-widget elementor-widget-ube-chart\" data-id=\"8f19294\" data-element_type=\"widget\" data-e-type=\"widget\" data-widget_type=\"ube-chart.default\">\n\t\t\t\t<div class=\"elementor-widget-container\">\n\t\t\t\t\t<div  >\n    <canvas id=\"ube-chart-8f19294\" class=\"ube-chart\" data-chart-type=\"bar\" data-chart-labels=\"[&quot;01. Arag\\u00f3n&quot;,&quot;02. Catalunya&quot;,&quot;03. Castilla y Le\\u00f3n&quot;,&quot;04. Castilla-La Mancha&quot;,&quot;05. Valenciana&quot;,&quot;04. Andaluc\\u00eda&quot;,&quot;08. Navarra&quot;,&quot;07. Murcia&quot;,&quot;09. Extremadura&quot;,&quot;10. Pa\\u00eds vasco&quot;]\" data-chart-options=\"{&quot;plugins&quot;:{&quot;legend&quot;:{&quot;display&quot;:false}},&quot;scales&quot;:{&quot;y&quot;:{&quot;ticks&quot;:{&quot;display&quot;:true},&quot;grid&quot;:{&quot;display&quot;:false,&quot;drawBorder&quot;:true,&quot;drawTicks&quot;:true}},&quot;x&quot;:{&quot;ticks&quot;:{&quot;display&quot;:true},&quot;grid&quot;:{&quot;display&quot;:false,&quot;drawBorder&quot;:true,&quot;drawTicks&quot;:true}}},&quot;indexAxis&quot;:&quot;y&quot;}\" data-chart-datasets=\"[{&quot;label&quot;:&quot;N\\u00famero de rayos nube-suelo (CG)&quot;,&quot;data&quot;:[99325,69229,63285,59878,31556,29186,14118,12289,10587,8226],&quot;backgroundColor&quot;:&quot;#01144A&quot;,&quot;hoverBackgroundColor&quot;:&quot;#01144A&quot;,&quot;borderColor&quot;:&quot;#01144A&quot;,&quot;hoverBorderColor&quot;:&quot;#01144A&quot;,&quot;borderWidth&quot;:1,&quot;fill&quot;:true}]\" data-chart-additional-options=\"{&quot;chatId&quot;:&quot;ube-chart-8f19294&quot;}\" height=\"500\"><\/canvas>\n<\/div>\t\t\t\t<\/div>\n\t\t\t\t<\/div>\n\t\t\t\t<\/div>\n\t\t<div class=\"elementor-element elementor-element-3d276f8 e-con-full e-flex e-con e-child\" data-id=\"3d276f8\" data-element_type=\"container\" data-e-type=\"container\">\n\t\t\t\t<div class=\"elementor-element elementor-element-eebd0c7 elementor-widget elementor-widget-heading\" data-id=\"eebd0c7\" data-element_type=\"widget\" data-e-type=\"widget\" data-widget_type=\"heading.default\">\n\t\t\t\t<div class=\"elementor-widget-container\">\n\t\t\t\t\t<h4 class=\"elementor-heading-title elementor-size-default\">Classification selon la densit\u00e9 de foudroiement (CG)<br>par km\u00b2\/an<\/h4>\t\t\t\t<\/div>\n\t\t\t\t<\/div>\n\t\t\t\t<div class=\"elementor-element elementor-element-042263a elementor-widget elementor-widget-spacer\" data-id=\"042263a\" data-element_type=\"widget\" data-e-type=\"widget\" data-widget_type=\"spacer.default\">\n\t\t\t\t<div class=\"elementor-widget-container\">\n\t\t\t\t\t\t\t<div class=\"elementor-spacer\">\n\t\t\t<div class=\"elementor-spacer-inner\"><\/div>\n\t\t<\/div>\n\t\t\t\t\t\t<\/div>\n\t\t\t\t<\/div>\n\t\t\t\t<div class=\"elementor-element elementor-element-fe65782 elementor-widget elementor-widget-html\" data-id=\"fe65782\" data-element_type=\"widget\" data-e-type=\"widget\" data-widget_type=\"html.default\">\n\t\t\t\t<div class=\"elementor-widget-container\">\n\t\t\t\t\t<table>\r\n  \r\n  <\/thead>\r\n  <tbody>\r\n    <tr>\r\n      <td>01. Catalunya<\/td>\r\n      <td>2,14<\/td>\r\n    <\/tr>\r\n    <tr>\r\n      <td>02. Arag\u00f3n<\/td>\r\n      <td>2,08<\/td>\r\n    <\/tr>\r\n     <tr>\r\n      <td>03. Navarra<\/td>\r\n      <td>1,35<\/td>\r\n    <\/tr>\r\n     <tr>\r\n      <td>04. Valenciana<\/td>\r\n      <td>1,35<\/td>\r\n    <\/tr>\r\n     <tr>\r\n      <td>05. La Rioja<\/td>\r\n      <td>1,28<\/td>\r\n    <\/tr>\r\n     <tr>\r\n      <td>06. Islas Baleares<\/td>\r\n      <td>1,17<\/td>\r\n    <\/tr>\r\n     <tr>\r\n      <td>07. Pa\u00eds Vasco <\/td>\r\n      <td>1,13<\/td>\r\n    <\/tr>\r\n     <tr>\r\n      <td>08. Murcia<\/td>\r\n      <td>1,05<\/td>\r\n    <\/tr>\r\n     <tr>\r\n      <td>09. Castilla-la Mancha <\/td>\r\n      <td>0,75<\/td>\r\n    <\/tr>\r\n     <tr>\r\n      <td>10. Madrid<\/td>\r\n      <td>0,70<\/td>\r\n    <\/tr>\r\n  <\/tbody>\r\n<\/table>\r\n<style>\r\n  table {\r\n    width: 100%;\r\n    border-collapse: collapse;\r\n  }\r\n  th, td {\r\n    border: 1px solid #ddd;\r\n    padding: 8px;\r\n  }\r\n  th {\r\n    background-color: #f4f7fc;\r\n    text-align: left;\r\n  }\r\n  tr:nth-child(even) {\r\n    background-color: #f4f7fc;\r\n}\r\n<\/style>\r\n\t\t\t\t<\/div>\n\t\t\t\t<\/div>\n\t\t\t\t<\/div>\n\t\t\t\t<\/div>\n\t\t<div class=\"elementor-element elementor-element-2dc0659 e-con-full e-flex e-con e-child\" data-id=\"2dc0659\" data-element_type=\"container\" data-e-type=\"container\">\n\t\t<div class=\"elementor-element elementor-element-8795929 e-con-full e-flex e-con e-child\" data-id=\"8795929\" data-element_type=\"container\" data-e-type=\"container\">\n\t\t\t\t<div class=\"elementor-element elementor-element-36141e4 elementor-widget elementor-widget-spacer\" data-id=\"36141e4\" data-element_type=\"widget\" data-e-type=\"widget\" data-widget_type=\"spacer.default\">\n\t\t\t\t<div class=\"elementor-widget-container\">\n\t\t\t\t\t\t\t<div class=\"elementor-spacer\">\n\t\t\t<div class=\"elementor-spacer-inner\"><\/div>\n\t\t<\/div>\n\t\t\t\t\t\t<\/div>\n\t\t\t\t<\/div>\n\t\t\t\t<div class=\"elementor-element elementor-element-a9ae69f elementor-widget elementor-widget-heading\" data-id=\"a9ae69f\" data-element_type=\"widget\" data-e-type=\"widget\" data-widget_type=\"heading.default\">\n\t\t\t\t<div class=\"elementor-widget-container\">\n\t\t\t\t\t<h3 class=\"elementor-heading-title elementor-size-default\">Top 10 Provincias les plus foudroy\u00e9es en 2025\n<\/h3>\t\t\t\t<\/div>\n\t\t\t\t<\/div>\n\t\t<div class=\"elementor-element elementor-element-afecc98 e-con-full e-flex e-con e-child\" data-id=\"afecc98\" data-element_type=\"container\" data-e-type=\"container\">\n\t\t<div class=\"elementor-element elementor-element-fd31775 e-con-full e-flex e-con e-child\" data-id=\"fd31775\" data-element_type=\"container\" data-e-type=\"container\">\n\t\t<div class=\"elementor-element elementor-element-89a0939 e-con-full e-flex e-con e-child\" data-id=\"89a0939\" data-element_type=\"container\" data-e-type=\"container\">\n\t\t\t\t<div class=\"elementor-element elementor-element-7527981 elementor-widget elementor-widget-heading\" data-id=\"7527981\" data-element_type=\"widget\" data-e-type=\"widget\" data-widget_type=\"heading.default\">\n\t\t\t\t<div class=\"elementor-widget-container\">\n\t\t\t\t\t<h4 class=\"elementor-heading-title elementor-size-default\">Classification avec \u00e9clairs nuage-sol (CG)<\/h4>\t\t\t\t<\/div>\n\t\t\t\t<\/div>\n\t\t\t\t<div class=\"elementor-element elementor-element-0cc3f5c elementor-widget__width-inherit elementor-widget elementor-widget-ube-chart\" data-id=\"0cc3f5c\" data-element_type=\"widget\" data-e-type=\"widget\" data-widget_type=\"ube-chart.default\">\n\t\t\t\t<div class=\"elementor-widget-container\">\n\t\t\t\t\t<div  >\n    <canvas id=\"ube-chart-0cc3f5c\" class=\"ube-chart\" data-chart-type=\"bar\" data-chart-labels=\"[&quot;01. Zaragoza&quot;,&quot;02. Huesca&quot;,&quot;03. Lleida&quot;,&quot;04. Teruel&quot;,&quot;05. Barcelona&quot;,&quot;06. Valencia&quot;,&quot;07. Burgos&quot;,&quot;08. Cuenca&quot;,&quot;09. Navarra&quot;,&quot;10. Albacete&quot;]\" data-chart-options=\"{&quot;plugins&quot;:{&quot;legend&quot;:{&quot;display&quot;:false}},&quot;scales&quot;:{&quot;y&quot;:{&quot;ticks&quot;:{&quot;display&quot;:true},&quot;grid&quot;:{&quot;display&quot;:false,&quot;drawBorder&quot;:true,&quot;drawTicks&quot;:true}},&quot;x&quot;:{&quot;ticks&quot;:{&quot;display&quot;:true},&quot;grid&quot;:{&quot;display&quot;:false,&quot;drawBorder&quot;:true,&quot;drawTicks&quot;:true}}},&quot;indexAxis&quot;:&quot;y&quot;}\" data-chart-datasets=\"[{&quot;label&quot;:&quot;N\\u00famero de rayos nube-suelo (CG)&quot;,&quot;data&quot;:[37785,35277,28623,26264,19804,17122,16597,16642,14118,13471],&quot;backgroundColor&quot;:&quot;#1621C1&quot;,&quot;hoverBackgroundColor&quot;:&quot;#01144A&quot;,&quot;borderColor&quot;:&quot;#FFE98F&quot;,&quot;hoverBorderColor&quot;:&quot;#FFE98F&quot;,&quot;borderWidth&quot;:1,&quot;fill&quot;:true}]\" data-chart-additional-options=\"{&quot;chatId&quot;:&quot;ube-chart-0cc3f5c&quot;}\" height=\"500\"><\/canvas>\n<\/div>\t\t\t\t<\/div>\n\t\t\t\t<\/div>\n\t\t\t\t<\/div>\n\t\t<div class=\"elementor-element elementor-element-57f6107 e-con-full e-flex e-con e-child\" data-id=\"57f6107\" data-element_type=\"container\" data-e-type=\"container\">\n\t\t\t\t<div class=\"elementor-element elementor-element-5491fa4 elementor-widget elementor-widget-heading\" data-id=\"5491fa4\" data-element_type=\"widget\" data-e-type=\"widget\" data-widget_type=\"heading.default\">\n\t\t\t\t<div class=\"elementor-widget-container\">\n\t\t\t\t\t<h4 class=\"elementor-heading-title elementor-size-default\">Classification selon la densit\u00e9 de foudroiement (CG)<br>par km\u00b2\/an<\/h4>\t\t\t\t<\/div>\n\t\t\t\t<\/div>\n\t\t\t\t<div class=\"elementor-element elementor-element-5bd582b elementor-widget elementor-widget-spacer\" data-id=\"5bd582b\" data-element_type=\"widget\" data-e-type=\"widget\" data-widget_type=\"spacer.default\">\n\t\t\t\t<div class=\"elementor-widget-container\">\n\t\t\t\t\t\t\t<div class=\"elementor-spacer\">\n\t\t\t<div class=\"elementor-spacer-inner\"><\/div>\n\t\t<\/div>\n\t\t\t\t\t\t<\/div>\n\t\t\t\t<\/div>\n\t\t\t\t<div class=\"elementor-element elementor-element-c58a477 elementor-widget elementor-widget-html\" data-id=\"c58a477\" data-element_type=\"widget\" data-e-type=\"widget\" data-widget_type=\"html.default\">\n\t\t\t\t<div class=\"elementor-widget-container\">\n\t\t\t\t\t<table>\r\n  \r\n  <\/thead>\r\n  <tbody>\r\n    <tr>\r\n      <td>01. Barcelona <\/td>\r\n      <td>2,55<\/td>\r\n    <\/tr>\r\n    <tr>\r\n      <td>02. Lleida<\/td>\r\n      <td>2,35<\/td>\r\n    <\/tr>\r\n     <tr>\r\n      <td>03. Huesca<\/td>\r\n      <td>2,25<\/td>\r\n    <\/tr>\r\n     <tr>\r\n      <td>04. Zaragoza<\/td>\r\n      <td>2,18<\/td>\r\n    <\/tr>\r\n     <tr>\r\n      <td>05. Girona<\/td>\r\n      <td>1,98<\/td>\r\n    <\/tr>\r\n     <tr>\r\n      <td>06. Teruel<\/td>\r\n      <td>1,77<\/td>\r\n    <\/tr>\r\n     <tr>\r\n      <td>07. Castell\u00f3n  <\/td>\r\n      <td>1,61<\/td>\r\n    <\/tr>\r\n     <tr>\r\n      <td>08. Valencia <\/td>\r\n      <td>1,58<\/td>\r\n    <\/tr>\r\n     <tr>\r\n      <td>09. \u00c1lava<\/td>\r\n      <td>1,41<\/td>\r\n    <\/tr>\r\n     <tr>\r\n      <td>10. Tarragona<\/td>\r\n      <td>1,39<\/td>\r\n    <\/tr>\r\n  <\/tbody>\r\n<\/table>\r\n<style>\r\n  table {\r\n    width: 100%;\r\n    border-collapse: collapse;\r\n  }\r\n  th, td {\r\n    border: 1px solid #ddd;\r\n    padding: 8px;\r\n  }\r\n  th {\r\n    background-color: #f4f7fc;\r\n    text-align: left;\r\n  }\r\n  tr:nth-child(even) {\r\n    background-color: #f4f7fc;\r\n}\r\n<\/style>\t\t\t\t<\/div>\n\t\t\t\t<\/div>\n\t\t\t\t<\/div>\n\t\t\t\t<\/div>\n\t\t\t\t<\/div>\n\t\t\t\t<\/div>\n\t\t\t\t<\/div>\n\t\t\t\t<\/div>\n\t\t\t\t<div class=\"elementor-element elementor-element-30444f4 elementor-widget elementor-widget-heading\" data-id=\"30444f4\" data-element_type=\"widget\" data-e-type=\"widget\" data-widget_type=\"heading.default\">\n\t\t\t\t<div class=\"elementor-widget-container\">\n\t\t\t\t\t<h3 class=\"elementor-heading-title elementor-size-default\">Top 10 Municipios les plus foudroy\u00e9s  en 2025\n<\/h3>\t\t\t\t<\/div>\n\t\t\t\t<\/div>\n\t\t<div class=\"elementor-element elementor-element-2095e8d e-con-full e-flex e-con e-child\" data-id=\"2095e8d\" data-element_type=\"container\" data-e-type=\"container\">\n\t\t<div class=\"elementor-element elementor-element-3936417 e-con-full e-flex e-con e-child\" data-id=\"3936417\" data-element_type=\"container\" data-e-type=\"container\">\n\t\t<div class=\"elementor-element elementor-element-4c9c796 e-con-full e-flex e-con e-child\" data-id=\"4c9c796\" data-element_type=\"container\" data-e-type=\"container\">\n\t\t\t\t<div class=\"elementor-element elementor-element-4ae5abb elementor-widget elementor-widget-heading\" data-id=\"4ae5abb\" data-element_type=\"widget\" data-e-type=\"widget\" data-widget_type=\"heading.default\">\n\t\t\t\t<div class=\"elementor-widget-container\">\n\t\t\t\t\t<h4 class=\"elementor-heading-title elementor-size-default\">Classification avec \u00e9clairs nuage-sol (CG)<\/h4>\t\t\t\t<\/div>\n\t\t\t\t<\/div>\n\t\t\t\t<div class=\"elementor-element elementor-element-dd70eb4 elementor-widget__width-inherit elementor-widget elementor-widget-ube-chart\" data-id=\"dd70eb4\" data-element_type=\"widget\" data-e-type=\"widget\" data-widget_type=\"ube-chart.default\">\n\t\t\t\t<div class=\"elementor-widget-container\">\n\t\t\t\t\t<div  >\n    <canvas id=\"ube-chart-dd70eb4\" class=\"ube-chart\" data-chart-type=\"bar\" data-chart-labels=\"[&quot;01. Moratalla&quot;,&quot;02. Zaragoza&quot;,&quot;3. Sabi\\u00f1\\u00e1nigo&quot;,&quot;04. Jumilla&quot;,&quot;05. Caravaca de la Cruz&quot;,&quot;06. Tauste&quot;,&quot;07. Lorca&quot;,&quot;08. Requena&quot;,&quot;09. A\\u00ednsa-sobrarbe&quot;,&quot;10. Ejea de los caballeros&quot;]\" data-chart-options=\"{&quot;plugins&quot;:{&quot;legend&quot;:{&quot;display&quot;:false}},&quot;scales&quot;:{&quot;y&quot;:{&quot;ticks&quot;:{&quot;display&quot;:true},&quot;grid&quot;:{&quot;display&quot;:true,&quot;drawBorder&quot;:false,&quot;drawTicks&quot;:true}},&quot;x&quot;:{&quot;ticks&quot;:{&quot;display&quot;:true},&quot;grid&quot;:{&quot;display&quot;:true,&quot;drawBorder&quot;:false,&quot;drawTicks&quot;:true}}},&quot;indexAxis&quot;:&quot;y&quot;}\" data-chart-datasets=\"[{&quot;label&quot;:&quot;N\\u00famero de rayos nube-suelo (CG)&quot;,&quot;data&quot;:[2161,1881,1429,1369,1276,1190,1173,1169,1144,1129],&quot;backgroundColor&quot;:&quot;#8188EC&quot;,&quot;hoverBackgroundColor&quot;:&quot;#01144A&quot;,&quot;borderColor&quot;:&quot;#8188EC&quot;,&quot;hoverBorderColor&quot;:&quot;#8188EC&quot;,&quot;borderWidth&quot;:1,&quot;fill&quot;:true}]\" data-chart-additional-options=\"{&quot;chatId&quot;:&quot;ube-chart-dd70eb4&quot;}\" height=\"500\"><\/canvas>\n<\/div>\t\t\t\t<\/div>\n\t\t\t\t<\/div>\n\t\t\t\t<\/div>\n\t\t<div class=\"elementor-element elementor-element-ef1718d e-con-full e-flex e-con e-child\" data-id=\"ef1718d\" data-element_type=\"container\" data-e-type=\"container\">\n\t\t\t\t<div class=\"elementor-element elementor-element-a657851 elementor-widget elementor-widget-heading\" data-id=\"a657851\" data-element_type=\"widget\" data-e-type=\"widget\" data-widget_type=\"heading.default\">\n\t\t\t\t<div class=\"elementor-widget-container\">\n\t\t\t\t\t<h4 class=\"elementor-heading-title elementor-size-default\">Classification selon la densit\u00e9 de foudroiement (CG)<br>par km\u00b2\/an<\/h4>\t\t\t\t<\/div>\n\t\t\t\t<\/div>\n\t\t\t\t<div class=\"elementor-element elementor-element-5da7858 elementor-widget elementor-widget-spacer\" data-id=\"5da7858\" data-element_type=\"widget\" data-e-type=\"widget\" data-widget_type=\"spacer.default\">\n\t\t\t\t<div class=\"elementor-widget-container\">\n\t\t\t\t\t\t\t<div class=\"elementor-spacer\">\n\t\t\t<div class=\"elementor-spacer-inner\"><\/div>\n\t\t<\/div>\n\t\t\t\t\t\t<\/div>\n\t\t\t\t<\/div>\n\t\t\t\t<div class=\"elementor-element elementor-element-deb69b2 elementor-widget elementor-widget-html\" data-id=\"deb69b2\" data-element_type=\"widget\" data-e-type=\"widget\" data-widget_type=\"html.default\">\n\t\t\t\t<div class=\"elementor-widget-container\">\n\t\t\t\t\t<table>\r\n  \r\n  <\/thead>\r\n  <tbody>\r\n    <tr>\r\n      <td>01. Villar de los navarros <\/td>\r\n      <td>9,78<\/td>\r\n    <\/tr>\r\n    <tr>\r\n      <td>02. Nogueras<\/td>\r\n      <td>8,16<\/td>\r\n    <\/tr>\r\n     <tr>\r\n      <td>03. Santa cruz de nogueras<\/td>\r\n      <td>7,47<\/td>\r\n    <\/tr>\r\n     <tr>\r\n      <td>04. Luesma<\/td>\r\n      <td>7,44<\/td>\r\n    <\/tr>\r\n     <tr>\r\n      <td>05. Sant juli\u00e0 de cerdanyola <\/td>\r\n      <td>7,10<\/td>\r\n    <\/tr>\r\n     <tr>\r\n      <td>06. Puigd\u00e0lber <\/td>\r\n      <td>6,74<\/td>\r\n    <\/tr>\r\n     <tr>\r\n      <td>07. La pobla de claramunt <\/td>\r\n      <td>6,43<\/td>\r\n    <\/tr>\r\n     <tr>\r\n      <td>08. B\u00e1denas <\/td>\r\n      <td>6,34<\/td>\r\n    <\/tr>\r\n     <tr>\r\n      <td>09. Herrera de los navarros <\/td>\r\n      <td>5,98<\/td>\r\n    <\/tr>\r\n     <tr>\r\n      <td>10. Lanzuela i<\/td>\r\n      <td>5,94<\/td>\r\n    <\/tr>\r\n  <\/tbody>\r\n<\/table>\r\n<style>\r\n  table {\r\n    width: 100%;\r\n    border-collapse: collapse;\r\n  }\r\n  th, td {\r\n    border: 1px solid #ddd;\r\n    padding: 8px;\r\n  }\r\n  th {\r\n    background-color: #f4f7fc;\r\n    text-align: left;\r\n  }\r\n  tr:nth-child(even) {\r\n    background-color: #f4f7fc;\r\n}\r\n<\/style>\r\n\t\t\t\t<\/div>\n\t\t\t\t<\/div>\n\t\t\t\t<\/div>\n\t\t\t\t<\/div>\n\t\t\t\t<\/div>\n\t\t\t\t<\/div>\n\t\t<div class=\"elementor-element elementor-element-cffc511 e-con-full e-flex e-con e-child\" data-id=\"cffc511\" data-element_type=\"container\" data-e-type=\"container\">\n\t\t\t\t<div class=\"elementor-element elementor-element-335ca53 elementor-widget-tablet_extra__width-initial elementor-widget elementor-widget-text-editor\" data-id=\"335ca53\" data-element_type=\"widget\" data-e-type=\"widget\" data-widget_type=\"text-editor.default\">\n\t\t\t\t<div class=\"elementor-widget-container\">\n\t\t\t\t\t\t\t\t\t<p class=\"cvGsUA direction-ltr align-start para-style-body\"><span class=\"a_GcMg font-feature-liga-off font-feature-clig-off font-feature-calt-off text-decoration-none text-strikethrough-none\">Le <strong>printemps<\/strong> m\u00e9t\u00e9orologique 2025 s\u2019est montr\u00e9 particuli\u00e8rement actif, avec pr\u00e8s de<\/span><span class=\"a_GcMg font-feature-liga-off font-feature-clig-off font-feature-calt-off text-decoration-none text-strikethrough-none\"> 98 000<\/span><span class=\"a_GcMg font-feature-liga-off font-feature-clig-off font-feature-calt-off text-decoration-none text-strikethrough-none\"> impacts. Cette situation s\u2019explique par une instabilit\u00e9 renforc\u00e9e, li\u00e9e \u00e0 la pr\u00e9sence r\u00e9p\u00e9t\u00e9e de basses pressions au large du Portugal. L\u2019activit\u00e9 orageuse s\u2019est surtout d\u00e9velopp\u00e9e entre mai et juillet, avec un pic remarquable en juin totalisant environ <\/span><span class=\"a_GcMg font-feature-liga-off font-feature-clig-off font-feature-calt-off text-decoration-none text-strikethrough-none\">122 700<\/span><span class=\"a_GcMg font-feature-liga-off font-feature-clig-off font-feature-calt-off text-decoration-none text-strikethrough-none\"> \u00e9clairs.<\/span><\/p><p class=\"cvGsUA direction-ltr align-start para-style-body\"><span class=\"a_GcMg font-feature-liga-off font-feature-clig-off font-feature-calt-off text-decoration-none text-strikethrough-none\">La actividad tormentosa se desarroll\u00f3 principalmente entre mayo y julio, con un pico notable en junio que totaliz\u00f3 unos 122 700 rayos nube-tierra.<\/span><\/p><p><span class=\"a_GcMg font-feature-liga-off font-feature-clig-off font-feature-calt-off text-decoration-none text-strikethrough-none\">La saison <strong>estivale<\/strong> a poursuivi cette tendance avec plus de<\/span><span class=\"a_GcMg font-feature-liga-off font-feature-clig-off font-feature-calt-off text-decoration-none text-strikethrough-none\"> 247 000 <\/span><span class=\"a_GcMg font-feature-liga-off font-feature-clig-off font-feature-calt-off text-decoration-none text-strikethrough-none\">impacts d\u00e9tect\u00e9s par les capteurs Meteorage, accompagn\u00e9s de plusieurs \u00e9pisodes parfois violents, favoris\u00e9s par une anomalie d\u00e9pressionnaire persistante au large du Portugal.<\/span><\/p><p><span class=\"a_GcMg font-feature-liga-off font-feature-clig-off font-feature-calt-off text-decoration-none text-strikethrough-none\">Au cours de l\u2019<strong>automne<\/strong> m\u00e9t\u00e9orologique, la fr\u00e9quence des orages diminue progressivement. Cette baisse r\u00e9sulte du refroidissement des basses couches et de la diminution du rayonnement solaire, qui limitent l\u2019instabilit\u00e9 (CAPE) et l\u2019intensit\u00e9 des ascendances convectives.<\/span><\/p>\t\t\t\t\t\t\t\t<\/div>\n\t\t\t\t<\/div>\n\t\t\t\t<div class=\"elementor-element elementor-element-9a1b366 elementor-widget elementor-widget-ube-fancy-text\" data-id=\"9a1b366\" data-element_type=\"widget\" data-e-type=\"widget\" data-widget_type=\"ube-fancy-text.default\">\n\t\t\t\t<div class=\"elementor-widget-container\">\n\t\t\t\t\t<h3 data-text=\"[&quot;L&#039;Andorre&quot;,&quot;en 2025&quot;]\" data-additional-options=\"{&quot;animationDelay&quot;:null,&quot;typingLoop&quot;:true,&quot;typingCursor&quot;:true}\" class=\"ube-fancy-text ube-fancy-text-typing\">    <span class=\"ube-fancy-text-before\">Zoom sur<\/span>\n<span class=\"ube-fancy-text-animated\">\n\t<\/span>\n<\/h3>\t\t\t\t<\/div>\n\t\t\t\t<\/div>\n\t\t\t\t<div class=\"elementor-element elementor-element-b55cc0d elementor-drop-cap-yes elementor-widget__width-initial elementor-drop-cap-view-default elementor-widget elementor-widget-text-editor\" data-id=\"b55cc0d\" data-element_type=\"widget\" data-e-type=\"widget\" data-settings=\"{&quot;drop_cap&quot;:&quot;yes&quot;}\" data-widget_type=\"text-editor.default\">\n\t\t\t\t<div class=\"elementor-widget-container\">\n\t\t\t\t\t\t\t\t\t<p class=\"cvGsUA direction-ltr align-start para-style-body\"><span class=\"a_GcMg font-feature-liga-off font-feature-clig-off font-feature-calt-off text-decoration-none text-strikethrough-none\">L\u2019ann\u00e9e 2025 se distingue par une activit\u00e9 \u00e9lectrique \u00e9lev\u00e9e en Andorre, avec plus de 900 \u00e9clairs nuage-sol d\u00e9tect\u00e9s rien que sur l\u2019\u00e9t\u00e9, pla\u00e7ant cette ann\u00e9e parmi les plus foudroy\u00e9es depuis le d\u00e9but des relev\u00e9s Meteorage. Une r\u00e9partition saisonni\u00e8re assez typique des r\u00e9gions montagneuses.<\/span><\/p>\t\t\t\t\t\t\t\t<\/div>\n\t\t\t\t<\/div>\n\t\t\t\t<div class=\"elementor-element elementor-element-5884968 elementor-drop-cap-yes elementor-widget__width-initial elementor-drop-cap-view-default elementor-widget elementor-widget-text-editor\" data-id=\"5884968\" data-element_type=\"widget\" data-e-type=\"widget\" data-settings=\"{&quot;drop_cap&quot;:&quot;yes&quot;}\" data-widget_type=\"text-editor.default\">\n\t\t\t\t<div class=\"elementor-widget-container\">\n\t\t\t\t\t\t\t\t\t<p class=\"cvGsUA direction-ltr align-start para-style-body\"><span class=\"a_GcMg font-feature-liga-off font-feature-clig-off font-feature-calt-off text-decoration-none text-strikethrough-none\">\u00c9tude de cas<\/span><\/p><p><strong><span class=\"a_GcMg font-feature-liga-off font-feature-clig-off font-feature-calt-off text-decoration-none text-strikethrough-none\">22-24 juin 2025<\/span><\/strong><\/p>\t\t\t\t\t\t\t\t<\/div>\n\t\t\t\t<\/div>\n\t\t\t\t<div class=\"elementor-element elementor-element-68fe9b5 elementor-drop-cap-yes elementor-widget__width-initial elementor-drop-cap-view-default elementor-widget elementor-widget-text-editor\" data-id=\"68fe9b5\" data-element_type=\"widget\" data-e-type=\"widget\" data-settings=\"{&quot;drop_cap&quot;:&quot;yes&quot;}\" data-widget_type=\"text-editor.default\">\n\t\t\t\t<div class=\"elementor-widget-container\">\n\t\t\t\t\t\t\t\t\t<p class=\"cvGsUA direction-ltr align-start para-style-body\"><span class=\"a_GcMg font-feature-liga-off font-feature-clig-off font-feature-calt-off text-decoration-none text-strikethrough-none\">237 \u00e9clairs nuage-sol d\u00e9tect\u00e9s sur l\u2019Andorre entre le 22 et le 24 juin, soit pr\u00e8s d\u2019un tiers de l\u2019activit\u00e9 annuelle.<\/span><\/p><p><strong>Contexte<\/strong>:<\/p><p class=\"cvGsUA direction-ltr align-start para-style-body\"><span class=\"a_GcMg font-feature-liga-off font-feature-clig-off font-feature-calt-off text-decoration-none text-strikethrough-none\">Une goutte froide se loge au Portugal en deuxi\u00e8me quinzaine de juin, apportant le dynamisme n\u00e9cessaire sur la p\u00e9ninsule Ib\u00e9rique. L\u2019instabilit\u00e9 augmente avec des CAPE d\u00e9passant 1500 J\/kg. Plusieurs anomalies d\u2019altitude associ\u00e9es \u00e0 cette goutte permettent \u00e0 l\u2019air de s\u2019\u00e9lever et aux orages de se former sur les Pyr\u00e9n\u00e9es.<\/span><\/p><p class=\"cvGsUA direction-ltr align-start para-style-body\"><span class=\"a_GcMg font-feature-liga-off font-feature-clig-off font-feature-calt-off text-decoration-none text-strikethrough-none\">La inestabilidad aumenta cuando el CAPE supera los 1500 J\/kg. Varias anomal\u00edas de altitud asociadas a esta gota fr\u00eda permiten que el aire se eleve y se formen tormentas sobre los Pirineos.<\/span><\/p>\t\t\t\t\t\t\t\t<\/div>\n\t\t\t\t<\/div>\n\t\t\t\t<\/div>\n\t\t\t\t<\/div>\n\t\t\t\t\t<\/div>\n\t\t\t\t<\/div>\n\t\t<div class=\"elementor-element elementor-element-2c6d0088 e-flex e-con-boxed e-con e-parent\" data-id=\"2c6d0088\" data-element_type=\"container\" data-e-type=\"container\" data-settings=\"{&quot;background_background&quot;:&quot;classic&quot;}\">\n\t\t\t\t\t<div class=\"e-con-inner\">\n\t\t<div class=\"elementor-element elementor-element-2c399cee e-flex e-con-boxed e-con e-child\" data-id=\"2c399cee\" data-element_type=\"container\" data-e-type=\"container\">\n\t\t\t\t\t<div class=\"e-con-inner\">\n\t\t\t\t<div class=\"elementor-element elementor-element-1226dbe1 elementor-widget elementor-widget-heading\" data-id=\"1226dbe1\" data-element_type=\"widget\" data-e-type=\"widget\" data-widget_type=\"heading.default\">\n\t\t\t\t<div class=\"elementor-widget-container\">\n\t\t\t\t\t<h2 class=\"elementor-heading-title elementor-size-default\">2025, une ann\u00e9e calme, mais des impacts bien r\u00e9els.<\/h2>\t\t\t\t<\/div>\n\t\t\t\t<\/div>\n\t\t\t\t\t<\/div>\n\t\t\t\t<\/div>\n\t\t<div class=\"elementor-element elementor-element-64dc1f9b e-con-full e-flex e-con e-child\" data-id=\"64dc1f9b\" data-element_type=\"container\" data-e-type=\"container\" data-settings=\"{&quot;background_background&quot;:&quot;classic&quot;}\">\n\t\t\t\t<div class=\"elementor-element elementor-element-14f1cd89 elementor-widget elementor-widget-heading\" data-id=\"14f1cd89\" data-element_type=\"widget\" data-e-type=\"widget\" data-widget_type=\"heading.default\">\n\t\t\t\t<div class=\"elementor-widget-container\">\n\t\t\t\t\t<h4 class=\"elementor-heading-title elementor-size-default\">Accidents marquants en 2025<\/h4>\t\t\t\t<\/div>\n\t\t\t\t<\/div>\n\t\t\t\t<div class=\"elementor-element elementor-element-6129aedc elementor-widget elementor-widget-text-editor\" data-id=\"6129aedc\" data-element_type=\"widget\" data-e-type=\"widget\" data-widget_type=\"text-editor.default\">\n\t\t\t\t<div class=\"elementor-widget-container\">\n\t\t\t\t\t\t\t\t\t<p class=\"cvGsUA direction-ltr align-start para-style-body\"><span class=\"a_GcMg font-feature-liga-off font-feature-clig-off font-feature-calt-off text-decoration-none text-strikethrough-none\"><strong>\u00c9nergie<\/strong> <\/span><span class=\"a_GcMg font-feature-liga-off font-feature-clig-off font-feature-calt-off text-decoration-none text-strikethrough-none\">: \u00e9oliennes endommag\u00e9es ou d\u00e9truites par la foudre aux Pays-Bas, en Espagne et en France, entra\u00eenant des incendies et des pertes \u00e9conomiques majeures.<\/span><\/p><p><span class=\"a_GcMg font-feature-liga-off font-feature-clig-off font-feature-calt-off text-decoration-none text-strikethrough-none\"><strong>Transports<\/strong> <\/span><span class=\"a_GcMg font-feature-liga-off font-feature-clig-off font-feature-calt-off text-decoration-none text-strikethrough-none\">: retards et interruptions dans l\u2019a\u00e9rien (a\u00e9roports Orly, CDG) et le ferroviaire<\/span> <span class=\"a_GcMg font-feature-liga-off font-feature-clig-off font-feature-calt-off text-decoration-none text-strikethrough-none\">en France en Allemagne ou encore au Royaume-Uni, suite \u00e0 des impacts sur les syst\u00e8mes de signalisation.<\/span><\/p><p><span class=\"a_GcMg font-feature-liga-off font-feature-clig-off font-feature-calt-off text-decoration-none text-strikethrough-none\"><strong>Industrie<\/strong> : <\/span><span class=\"a_GcMg font-feature-liga-off font-feature-clig-off font-feature-calt-off text-decoration-none text-strikethrough-none\">arr\u00eats d\u2019activit\u00e9 et d\u00e9g\u00e2ts mat\u00e9riels apr\u00e8s impacts directs sur des sites industriels (distillerie en Charente, ateliers dans l\u2019Eure) et des infrastructures de loisirs (t\u00e9l\u00e9ph\u00e9rique en Italie).<\/span><\/p><p><span class=\"a_GcMg font-feature-liga-off font-feature-clig-off font-feature-calt-off text-decoration-none text-strikethrough-none\"><strong>Agriculture<\/strong> : <\/span><span class=\"a_GcMg font-feature-liga-off font-feature-clig-off font-feature-calt-off text-decoration-none text-strikethrough-none\">mortalit\u00e9 parfois collective de troupeaux en Espagne et en Irlande<\/span><\/p><p><span class=\"a_GcMg font-feature-liga-off font-feature-clig-off font-feature-calt-off text-decoration-none text-strikethrough-none\"><strong>Environnement<\/strong> : <\/span><span class=\"a_GcMg font-feature-liga-off font-feature-clig-off font-feature-calt-off text-decoration-none text-strikethrough-none\">au moins deux incendies de for\u00eat majeurs ont \u00e9t\u00e9 d\u00e9clench\u00e9s par la foudre, en Suisse (Tessin) et au Portugal (district de Coimbra)<\/span><\/p>\t\t\t\t\t\t\t\t<\/div>\n\t\t\t\t<\/div>\n\t\t\t\t<\/div>\n\t\t<div class=\"elementor-element elementor-element-69881f51 two-col-row link-type-card e-con-full e-flex e-con e-child\" data-id=\"69881f51\" data-element_type=\"container\" data-e-type=\"container\">\n\t\t\t\t<div class=\"elementor-element elementor-element-559e5daf elementor-widget-tablet_extra__width-initial elementor-widget elementor-widget-text-editor\" data-id=\"559e5daf\" data-element_type=\"widget\" data-e-type=\"widget\" data-widget_type=\"text-editor.default\">\n\t\t\t\t<div class=\"elementor-widget-container\">\n\t\t\t\t\t\t\t\t\t<p>FAIBLE ACTIVIT\u00c9 \u2260 FAIBLE RISQUE<\/p>\t\t\t\t\t\t\t\t<\/div>\n\t\t\t\t<\/div>\n\t\t\t\t<div class=\"elementor-element elementor-element-488a6e9b elementor-widget-tablet_extra__width-initial elementor-widget elementor-widget-text-editor\" data-id=\"488a6e9b\" data-element_type=\"widget\" data-e-type=\"widget\" data-widget_type=\"text-editor.default\">\n\t\t\t\t<div class=\"elementor-widget-container\">\n\t\t\t\t\t\t\t\t\t<p>Si l\u2019ann\u00e9e 2025 s\u2019inscrit comme moins orageuse que la normale \u00e0 l\u2019\u00e9chelle europ\u00e9enne, le risque li\u00e9 \u00e0 la foudre reste pleinement d\u2019actualit\u00e9, le nombre total d\u2019\u00e9clairs n\u2019\u00e9tant jamais suffisant pour \u00e9valuer votre exposition.<br><\/p>\n<p>Chaque orage, m\u00eame mod\u00e9r\u00e9, peut provoquer des dommages importants, parfois inattendus : <br>interruptions d\u2019activit\u00e9, d\u00e9gradations d\u2019\u00e9quipements sensibles, pertes \u00e9conomiques ou risques humains.<\/p>\t\t\t\t\t\t\t\t<\/div>\n\t\t\t\t<\/div>\n\t\t\t\t<\/div>\n\t\t\t\t\t<\/div>\n\t\t\t\t<\/div>\n\t\t<div class=\"elementor-element elementor-element-61299645 e-flex e-con-boxed e-con e-parent\" data-id=\"61299645\" data-element_type=\"container\" data-e-type=\"container\">\n\t\t\t\t\t<div class=\"e-con-inner\">\n\t\t\t\t<div class=\"elementor-element elementor-element-4e8042bc elementor-widget elementor-widget-spacer\" data-id=\"4e8042bc\" data-element_type=\"widget\" data-e-type=\"widget\" data-widget_type=\"spacer.default\">\n\t\t\t\t<div class=\"elementor-widget-container\">\n\t\t\t\t\t\t\t<div class=\"elementor-spacer\">\n\t\t\t<div class=\"elementor-spacer-inner\"><\/div>\n\t\t<\/div>\n\t\t\t\t\t\t<\/div>\n\t\t\t\t<\/div>\n\t\t\t\t<div class=\"elementor-element elementor-element-255970eb elementor-widget elementor-widget-heading\" data-id=\"255970eb\" data-element_type=\"widget\" data-e-type=\"widget\" data-widget_type=\"heading.default\">\n\t\t\t\t<div class=\"elementor-widget-container\">\n\t\t\t\t\t<h4 class=\"elementor-heading-title elementor-size-default\">Un risque permanent, \nsans fronti\u00e8re ni saison<\/h4>\t\t\t\t<\/div>\n\t\t\t\t<\/div>\n\t\t\t\t<div class=\"elementor-element elementor-element-509ebc86 elementor-widget elementor-widget-text-editor\" data-id=\"509ebc86\" data-element_type=\"widget\" data-e-type=\"widget\" data-widget_type=\"text-editor.default\">\n\t\t\t\t<div class=\"elementor-widget-container\">\n\t\t\t\t\t\t\t\t\t<p><span class=\"a_GcMg font-feature-liga-off font-feature-clig-off font-feature-calt-off text-decoration-none text-strikethrough-none\">L\u2019analyse des accidents survenus en 2025 confirme que les cons\u00e9quences de la foudre<\/span><span class=\"a_GcMg font-feature-liga-off font-feature-clig-off font-feature-calt-off text-decoration-none text-strikethrough-none\"> ne se limitent ni aux situations extr\u00eames, ni \u00e0 la seule p\u00e9riode estivale<\/span><span class=\"a_GcMg font-feature-liga-off font-feature-clig-off font-feature-calt-off text-decoration-none text-strikethrough-none\">. Les \u00e9v\u00e9nements recens\u00e9s s\u2019\u00e9talent sur toute l\u2019ann\u00e9e, d\u00e9montrant que le risque est permanent, y compris lors de ph\u00e9nom\u00e8nes jug\u00e9s mineurs. Il est essentiel de rappeler que la majorit\u00e9 des accidents graves surviennent lors de journ\u00e9es class\u00e9es en vigilance jaune, voire sans alerte particuli\u00e8re.<\/span><\/p><p><strong><span class=\"a_GcMg font-feature-liga-off font-feature-clig-off font-feature-calt-off text-decoration-none text-strikethrough-none\">L<\/span><\/strong><span class=\"a_GcMg font-feature-liga-off font-feature-clig-off font-feature-calt-off text-decoration-none text-strikethrough-none\"><strong>\u2019accident du zoo de la Barben (France)<\/strong>,<\/span><span class=\"a_GcMg font-feature-liga-off font-feature-clig-off font-feature-calt-off text-decoration-none text-strikethrough-none\"> survenu lors d\u2019une journ\u00e9e orageuse mais loin d\u2019\u00eatre exceptionnelle, en est une illustration frappante. Cela souligne la n\u00e9cessit\u00e9 d\u2019une vigilance constante, m\u00eame lors d\u2019\u00e9pisodes qualifi\u00e9s de \u00ab\u202fmod\u00e9r\u00e9s\u202f\u00bb.<\/span><\/p>\t\t\t\t\t\t\t\t<\/div>\n\t\t\t\t<\/div>\n\t\t\t\t\t<\/div>\n\t\t\t\t<\/div>\n\t\t<div class=\"elementor-element elementor-element-f757a29 container-bg services-section e-con-full e-flex e-con e-parent\" data-id=\"f757a29\" data-element_type=\"container\" data-e-type=\"container\">\n\t\t<div class=\"elementor-element elementor-element-2cb2ea8f e-flex e-con-boxed e-con e-child\" data-id=\"2cb2ea8f\" data-element_type=\"container\" data-e-type=\"container\">\n\t\t\t\t\t<div class=\"e-con-inner\">\n\t\t\t\t<div class=\"elementor-element elementor-element-2a1350e6 section-title elementor-widget elementor-widget-heading\" data-id=\"2a1350e6\" data-element_type=\"widget\" data-e-type=\"widget\" data-widget_type=\"heading.default\">\n\t\t\t\t<div class=\"elementor-widget-container\">\n\t\t\t\t\t<h2 class=\"elementor-heading-title elementor-size-default\">Pr\u00e9venir pour mieux prot\u00e9ger <\/h2>\t\t\t\t<\/div>\n\t\t\t\t<\/div>\n\t\t\t\t<div class=\"elementor-element elementor-element-78612c60 elementor-widget elementor-widget-text-editor\" data-id=\"78612c60\" data-element_type=\"widget\" data-e-type=\"widget\" data-widget_type=\"text-editor.default\">\n\t\t\t\t<div class=\"elementor-widget-container\">\n\t\t\t\t\t\t\t\t\t<p><span class=\"a_GcMg font-feature-liga-off font-feature-clig-off font-feature-calt-off text-decoration-none text-strikethrough-none\">Face \u00e0 ce risque diffus, il est indispensable d\u2019adopter des <\/span><span class=\"a_GcMg font-feature-liga-off font-feature-clig-off font-feature-calt-off text-decoration-none text-strikethrough-none\">mesures de pr\u00e9vention adapt\u00e9es<\/span><span class=\"a_GcMg font-feature-liga-off font-feature-clig-off font-feature-calt-off text-decoration-none text-strikethrough-none\">\u202f: <\/span><span class=\"a_GcMg font-feature-liga-off font-feature-clig-off font-feature-calt-off text-decoration-none text-strikethrough-none\">sensibilisation<\/span><span class=\"a_GcMg font-feature-liga-off font-feature-clig-off font-feature-calt-off text-decoration-none text-strikethrough-none\">, <\/span><span class=\"a_GcMg font-feature-liga-off font-feature-clig-off font-feature-calt-off text-decoration-none text-strikethrough-none\">organisation <\/span><span class=\"a_GcMg font-feature-liga-off font-feature-clig-off font-feature-calt-off text-decoration-none text-strikethrough-none\">des activit\u00e9s ext\u00e9rieures, <\/span><span class=\"a_GcMg font-feature-liga-off font-feature-clig-off font-feature-calt-off text-decoration-none text-strikethrough-none\">protection <\/span><span class=\"a_GcMg font-feature-liga-off font-feature-clig-off font-feature-calt-off text-decoration-none text-strikethrough-none\">des infrastructures, <\/span><span class=\"a_GcMg font-feature-liga-off font-feature-clig-off font-feature-calt-off text-decoration-none text-strikethrough-none\">diffusion <\/span><span class=\"a_GcMg font-feature-liga-off font-feature-clig-off font-feature-calt-off text-decoration-none text-strikethrough-none\">de bonnes pratiques aupr\u00e8s des \u00e9quipes expos\u00e9es.<\/span><\/p><p class=\"cvGsUA direction-ltr align-start para-style-body\"><span class=\"a_GcMg font-feature-liga-off font-feature-clig-off font-feature-calt-off text-decoration-none text-strikethrough-none\">C\u2019est dans cette logique que Meteorage vous accompagne pour mieux vous prot\u00e9ger, <\/span><span class=\"a_GcMg font-feature-liga-off font-feature-clig-off font-feature-calt-off text-decoration-none text-strikethrough-none\">de la formation \u00e0 la donn\u00e9e foudre<\/span><span class=\"a_GcMg font-feature-liga-off font-feature-clig-off font-feature-calt-off text-decoration-none text-strikethrough-none\">, en passant par des<\/span><span class=\"a_GcMg font-feature-liga-off font-feature-clig-off font-feature-calt-off text-decoration-none text-strikethrough-none\"> services d\u2019alerte<\/span><span class=\"a_GcMg font-feature-liga-off font-feature-clig-off font-feature-calt-off text-decoration-none text-strikethrough-none\">,<\/span><span class=\"a_GcMg font-feature-liga-off font-feature-clig-off font-feature-calt-off text-decoration-none text-strikethrough-none\"> d&rsquo;analyse et d\u2019aide \u00e0 la d\u00e9cision<\/span><span class=\"a_GcMg font-feature-liga-off font-feature-clig-off font-feature-calt-off text-decoration-none text-strikethrough-none\">. Cette expertise s\u2019inscrit \u00e9galement dans une mission plus large de diffusion de la culture du risque, \u00e0 travers nos engagements en normalisation, nos \u00e9tudes et publications \u00e0 l&rsquo;international, <\/span><span class=\"a_GcMg font-feature-liga-off font-feature-clig-off font-feature-calt-off text-decoration-none text-strikethrough-none\">ainsi que des actions p\u00e9dagogiques <\/span><span class=\"a_GcMg font-feature-liga-off font-feature-clig-off font-feature-calt-off text-decoration-none text-strikethrough-none\">et des messages de pr\u00e9vention <\/span><span class=\"a_GcMg font-feature-liga-off font-feature-clig-off font-feature-calt-off text-decoration-none text-strikethrough-none\">accessibles \u00e0 tous.<\/span><\/p>\t\t\t\t\t\t\t\t<\/div>\n\t\t\t\t<\/div>\n\t\t\t\t<div class=\"elementor-element elementor-element-ff75516 elementor-widget-tablet_extra__width-initial elementor-widget elementor-widget-image\" data-id=\"ff75516\" data-element_type=\"widget\" data-e-type=\"widget\" data-widget_type=\"image.default\">\n\t\t\t\t<div class=\"elementor-widget-container\">\n\t\t\t\t\t\t\t\t\t\t\t\t\t\t\t\t<a href=\"https:\/\/www.meteorage.com\/wp-content\/uploads\/2026\/01\/Design-sans-titre-_1_.webp\" data-elementor-open-lightbox=\"yes\" data-elementor-lightbox-title=\"Group-16671.webp\" data-e-action-hash=\"#elementor-action%3Aaction%3Dlightbox%26settings%3DeyJpZCI6NTA2MjAsInVybCI6Imh0dHBzOlwvXC93d3cubWV0ZW9yYWdlLmNvbVwvd3AtY29udGVudFwvdXBsb2Fkc1wvMjAyNlwvMDNcL0dyb3VwLTE2NjcxLndlYnAifQ%3D%3D\">\n\t\t\t\t\t\t\t<img fetchpriority=\"high\" decoding=\"async\" width=\"1024\" height=\"303\" src=\"https:\/\/www.meteorage.com\/wp-content\/uploads\/2026\/03\/Group-16671-1024x303.webp\" class=\"attachment-large size-large wp-image-50620\" alt=\"\" srcset=\"https:\/\/www.meteorage.com\/wp-content\/uploads\/2026\/03\/Group-16671-1024x303.webp 1024w, https:\/\/www.meteorage.com\/wp-content\/uploads\/2026\/03\/Group-16671-300x89.webp 300w, https:\/\/www.meteorage.com\/wp-content\/uploads\/2026\/03\/Group-16671-768x227.webp 768w, https:\/\/www.meteorage.com\/wp-content\/uploads\/2026\/03\/Group-16671-1536x455.webp 1536w, https:\/\/www.meteorage.com\/wp-content\/uploads\/2026\/03\/Group-16671-543x161.webp 543w, https:\/\/www.meteorage.com\/wp-content\/uploads\/2026\/03\/Group-16671.webp 2020w\" sizes=\"(max-width: 1024px) 100vw, 1024px\" \/>\t\t\t\t\t\t\t\t<\/a>\n\t\t\t\t\t\t\t\t\t\t\t\t\t\t\t<\/div>\n\t\t\t\t<\/div>\n\t\t\t\t<div class=\"elementor-element elementor-element-1fdb89b9 elementor-widget elementor-widget-text-editor\" data-id=\"1fdb89b9\" data-element_type=\"widget\" data-e-type=\"widget\" data-widget_type=\"text-editor.default\">\n\t\t\t\t<div class=\"elementor-widget-container\">\n\t\t\t\t\t\t\t\t\t<p><span class=\"a_GcMg font-feature-liga-off font-feature-clig-off font-feature-calt-off text-decoration-none text-strikethrough-none\">Chez Meteorage, <\/span><span class=\"a_GcMg font-feature-liga-off font-feature-clig-off font-feature-calt-off text-decoration-none text-strikethrough-none\">nous vous accompagnons pour <strong>anticiper<\/strong>, <strong>surveiller<\/strong> et <strong>g\u00e9rer ces risques orageux<\/strong> gr\u00e2ce \u00e0 des solutions adapt\u00e9es \u00e0 chaque secteur d\u2019activit\u00e9. <\/span><span class=\"a_GcMg font-feature-liga-off font-feature-clig-off font-feature-calt-off text-decoration-none text-strikethrough-none\">Chaque jour, nos donn\u00e9es vous permettent de <\/span><span class=\"a_GcMg font-feature-liga-off font-feature-clig-off font-feature-calt-off text-decoration-none text-strikethrough-none\">pr\u00e9voir les arr\u00eats planifi\u00e9s, prot\u00e9ger vos \u00e9quipes sur site, assurer la continuit\u00e9 de vos services et s\u00e9curiser vos interventions prioritaires.<\/span><\/p>\t\t\t\t\t\t\t\t<\/div>\n\t\t\t\t<\/div>\n\t\t\t\t\t<\/div>\n\t\t\t\t<\/div>\n\t\t\t\t<\/div>\n\t\t<div class=\"elementor-element elementor-element-2a466c29 e-flex e-con-boxed e-con e-parent\" data-id=\"2a466c29\" data-element_type=\"container\" data-e-type=\"container\">\n\t\t\t\t\t<div class=\"e-con-inner\">\n\t\t\t\t<div class=\"elementor-element elementor-element-51e962bd elementor-widget-divider--view-line elementor-widget elementor-widget-divider\" data-id=\"51e962bd\" data-element_type=\"widget\" data-e-type=\"widget\" data-widget_type=\"divider.default\">\n\t\t\t\t<div class=\"elementor-widget-container\">\n\t\t\t\t\t\t\t<div class=\"elementor-divider\">\n\t\t\t<span class=\"elementor-divider-separator\">\n\t\t\t\t\t\t<\/span>\n\t\t<\/div>\n\t\t\t\t\t\t<\/div>\n\t\t\t\t<\/div>\n\t\t\t\t\t<\/div>\n\t\t\t\t<\/div>\n\t\t<div class=\"elementor-element elementor-element-54245d42 e-flex e-con-boxed e-con e-parent\" data-id=\"54245d42\" data-element_type=\"container\" data-e-type=\"container\">\n\t\t\t\t\t<div class=\"e-con-inner\">\n\t\t\t\t<div class=\"elementor-element elementor-element-2726d140 elementor-widget elementor-widget-menu-anchor\" data-id=\"2726d140\" data-element_type=\"widget\" data-e-type=\"widget\" data-widget_type=\"menu-anchor.default\">\n\t\t\t\t<div class=\"elementor-widget-container\">\n\t\t\t\t\t\t\t<div class=\"elementor-menu-anchor\" id=\"terminologie\"><\/div>\n\t\t\t\t\t\t<\/div>\n\t\t\t\t<\/div>\n\t\t\t\t<div class=\"elementor-element elementor-element-2af6f29 elementor-widget elementor-widget-spacer\" data-id=\"2af6f29\" data-element_type=\"widget\" data-e-type=\"widget\" data-widget_type=\"spacer.default\">\n\t\t\t\t<div class=\"elementor-widget-container\">\n\t\t\t\t\t\t\t<div class=\"elementor-spacer\">\n\t\t\t<div class=\"elementor-spacer-inner\"><\/div>\n\t\t<\/div>\n\t\t\t\t\t\t<\/div>\n\t\t\t\t<\/div>\n\t\t\t\t\t<\/div>\n\t\t\t\t<\/div>\n\t\t<div class=\"elementor-element elementor-element-783955e9 e-flex e-con-boxed e-con e-parent\" data-id=\"783955e9\" data-element_type=\"container\" data-e-type=\"container\">\n\t\t\t\t\t<div class=\"e-con-inner\">\n\t\t\t\t<div class=\"elementor-element elementor-element-7991fa71 elementor-widget elementor-widget-heading\" data-id=\"7991fa71\" data-element_type=\"widget\" data-e-type=\"widget\" data-widget_type=\"heading.default\">\n\t\t\t\t<div class=\"elementor-widget-container\">\n\t\t\t\t\t<h3 class=\"elementor-heading-title elementor-size-default\">Terminologie<\/h3>\t\t\t\t<\/div>\n\t\t\t\t<\/div>\n\t\t\t\t<div class=\"elementor-element elementor-element-211504cc elementor-widget elementor-widget-text-editor\" data-id=\"211504cc\" data-element_type=\"widget\" data-e-type=\"widget\" data-widget_type=\"text-editor.default\">\n\t\t\t\t<div class=\"elementor-widget-container\">\n\t\t\t\t\t\t\t\t\t<p>Pour une meilleure compr\u00e9hension des informations communiqu\u00e9es dans ce rapport, nous vous partageons des d\u00e9finitions de termes fr\u00e9quemment utilis\u00e9s.<\/p>\t\t\t\t\t\t\t\t<\/div>\n\t\t\t\t<\/div>\n\t\t\t\t\t<\/div>\n\t\t\t\t<\/div>\n\t\t<div class=\"elementor-element elementor-element-2f79692f e-flex e-con-boxed e-con e-parent\" data-id=\"2f79692f\" data-element_type=\"container\" data-e-type=\"container\">\n\t\t\t\t\t<div class=\"e-con-inner\">\n\t\t\t\t<div class=\"elementor-element elementor-element-6714dd elementor-widget elementor-widget-spacer\" data-id=\"6714dd\" data-element_type=\"widget\" data-e-type=\"widget\" data-widget_type=\"spacer.default\">\n\t\t\t\t<div class=\"elementor-widget-container\">\n\t\t\t\t\t\t\t<div class=\"elementor-spacer\">\n\t\t\t<div class=\"elementor-spacer-inner\"><\/div>\n\t\t<\/div>\n\t\t\t\t\t\t<\/div>\n\t\t\t\t<\/div>\n\t\t\t\t\t<\/div>\n\t\t\t\t<\/div>\n\t\t<div class=\"elementor-element elementor-element-45e579a0 e-flex e-con-boxed e-con e-parent\" data-id=\"45e579a0\" data-element_type=\"container\" data-e-type=\"container\">\n\t\t\t\t\t<div class=\"e-con-inner\">\n\t\t<div class=\"elementor-element elementor-element-78ec941c e-con-full e-flex e-con e-child\" data-id=\"78ec941c\" data-element_type=\"container\" data-e-type=\"container\">\n\t\t\t\t<div class=\"elementor-element elementor-element-599e3280 elementor-widget elementor-widget-heading\" data-id=\"599e3280\" data-element_type=\"widget\" data-e-type=\"widget\" data-widget_type=\"heading.default\">\n\t\t\t\t<div class=\"elementor-widget-container\">\n\t\t\t\t\t<h4 class=\"elementor-heading-title elementor-size-default\">Eclair<\/h4>\t\t\t\t<\/div>\n\t\t\t\t<\/div>\n\t\t\t\t<div class=\"elementor-element elementor-element-3f822ab2 elementor-widget elementor-widget-text-editor\" data-id=\"3f822ab2\" data-element_type=\"widget\" data-e-type=\"widget\" data-widget_type=\"text-editor.default\">\n\t\t\t\t<div class=\"elementor-widget-container\">\n\t\t\t\t\t\t\t\t\t<p>Ensemble des d\u00e9charges de courant et d&rsquo;impulsions \u00e9lectriques lors d&rsquo;un ph\u00e9nom\u00e8ne orageux avec de la foudre. <br \/>Un \u00e9clair peut appara\u00eetre dans un nuage (\u00e9clair intra-nuageux), entre un nuage et le sol (\u00e9clair nuage-sol CG) ou entre des nuages. <br \/>Un \u00e9clair peut \u00eatre compos\u00e9 d&rsquo;un ou plusieurs arcs qui sont des impulsions de courant.<\/p>\t\t\t\t\t\t\t\t<\/div>\n\t\t\t\t<\/div>\n\t\t\t\t<\/div>\n\t\t<div class=\"elementor-element elementor-element-5fd3dbc2 e-con-full e-flex e-con e-child\" data-id=\"5fd3dbc2\" data-element_type=\"container\" data-e-type=\"container\">\n\t\t<div class=\"elementor-element elementor-element-78d0a907 e-con-full e-flex e-con e-child\" data-id=\"78d0a907\" data-element_type=\"container\" data-e-type=\"container\">\n\t\t\t\t<div class=\"elementor-element elementor-element-61c2e5fc elementor-widget elementor-widget-heading\" data-id=\"61c2e5fc\" data-element_type=\"widget\" data-e-type=\"widget\" data-widget_type=\"heading.default\">\n\t\t\t\t<div class=\"elementor-widget-container\">\n\t\t\t\t\t<h4 class=\"elementor-heading-title elementor-size-default\">Densit\u00e9 de foudroiement<\/h4>\t\t\t\t<\/div>\n\t\t\t\t<\/div>\n\t\t\t\t<div class=\"elementor-element elementor-element-cd89cd0 elementor-widget elementor-widget-text-editor\" data-id=\"cd89cd0\" data-element_type=\"widget\" data-e-type=\"widget\" data-widget_type=\"text-editor.default\">\n\t\t\t\t<div class=\"elementor-widget-container\">\n\t\t\t\t\t\t\t\t\t<p>La meilleure repr\u00e9sentation actuelle de l&rsquo;activit\u00e9 orageuse est la densit\u00e9 de foudroiement qui est le nombre d&rsquo;\u00e9clairs nuage-sol (CG) par km\u00b2 et par an.<\/p>\t\t\t\t\t\t\t\t<\/div>\n\t\t\t\t<\/div>\n\t\t\t\t<\/div>\n\t\t\t\t<\/div>\n\t\t\t\t\t<\/div>\n\t\t\t\t<\/div>\n\t\t<div class=\"elementor-element elementor-element-1b358ca8 e-flex e-con-boxed e-con e-parent\" data-id=\"1b358ca8\" data-element_type=\"container\" data-e-type=\"container\">\n\t\t\t\t\t<div class=\"e-con-inner\">\n\t\t<div class=\"elementor-element elementor-element-77aebc18 e-con-full e-flex e-con e-child\" data-id=\"77aebc18\" data-element_type=\"container\" data-e-type=\"container\">\n\t\t\t\t<div class=\"elementor-element elementor-element-61324af9 elementor-widget elementor-widget-heading\" data-id=\"61324af9\" data-element_type=\"widget\" data-e-type=\"widget\" data-widget_type=\"heading.default\">\n\t\t\t\t<div class=\"elementor-widget-container\">\n\t\t\t\t\t<h4 class=\"elementor-heading-title elementor-size-default\">Eclair nuage-sol (CG)<\/h4>\t\t\t\t<\/div>\n\t\t\t\t<\/div>\n\t\t\t\t<div class=\"elementor-element elementor-element-3035c856 elementor-widget elementor-widget-text-editor\" data-id=\"3035c856\" data-element_type=\"widget\" data-e-type=\"widget\" data-widget_type=\"text-editor.default\">\n\t\t\t\t<div class=\"elementor-widget-container\">\n\t\t\t\t\t\t\t\t\t<p>D\u00e9charge de courant d&rsquo;une certaine intensit\u00e9 circulant entre un nuage et le sol.<br \/>L&rsquo;abr\u00e9viation CG, Cloud-to-Ground en anglais, signifie Nuage-sol.<\/p>\t\t\t\t\t\t\t\t<\/div>\n\t\t\t\t<\/div>\n\t\t\t\t<\/div>\n\t\t<div class=\"elementor-element elementor-element-d601bd1 e-con-full e-flex e-con e-child\" data-id=\"d601bd1\" data-element_type=\"container\" data-e-type=\"container\">\n\t\t\t\t<div class=\"elementor-element elementor-element-1771841e elementor-widget elementor-widget-heading\" data-id=\"1771841e\" data-element_type=\"widget\" data-e-type=\"widget\" data-widget_type=\"heading.default\">\n\t\t\t\t<div class=\"elementor-widget-container\">\n\t\t\t\t\t<h4 class=\"elementor-heading-title elementor-size-default\">Jour d'orage<\/h4>\t\t\t\t<\/div>\n\t\t\t\t<\/div>\n\t\t\t\t<div class=\"elementor-element elementor-element-1eac8882 elementor-widget elementor-widget-text-editor\" data-id=\"1eac8882\" data-element_type=\"widget\" data-e-type=\"widget\" data-widget_type=\"text-editor.default\">\n\t\t\t\t<div class=\"elementor-widget-container\">\n\t\t\t\t\t\t\t\t\t<p>Jour o\u00f9 au moins un \u00e9clair a \u00e9t\u00e9 d\u00e9tect\u00e9 dans la zone consid\u00e9r\u00e9e.<\/p>\t\t\t\t\t\t\t\t<\/div>\n\t\t\t\t<\/div>\n\t\t\t\t<\/div>\n\t\t\t\t\t<\/div>\n\t\t\t\t<\/div>\n\t\t<div class=\"elementor-element elementor-element-10d4f417 e-flex e-con-boxed e-con e-parent\" data-id=\"10d4f417\" data-element_type=\"container\" data-e-type=\"container\">\n\t\t\t\t\t<div class=\"e-con-inner\">\n\t\t\t\t<div class=\"elementor-element elementor-element-46a93196 elementor-widget elementor-widget-spacer\" data-id=\"46a93196\" data-element_type=\"widget\" data-e-type=\"widget\" data-widget_type=\"spacer.default\">\n\t\t\t\t<div class=\"elementor-widget-container\">\n\t\t\t\t\t\t\t<div class=\"elementor-spacer\">\n\t\t\t<div class=\"elementor-spacer-inner\"><\/div>\n\t\t<\/div>\n\t\t\t\t\t\t<\/div>\n\t\t\t\t<\/div>\n\t\t\t\t\t<\/div>\n\t\t\t\t<\/div>\n\t\t<div class=\"elementor-element elementor-element-475a8b61 e-flex e-con-boxed e-con e-parent\" data-id=\"475a8b61\" data-element_type=\"container\" data-e-type=\"container\">\n\t\t\t\t\t<div class=\"e-con-inner\">\n\t\t\t\t<div class=\"elementor-element elementor-element-14c527ad elementor-widget-divider--view-line elementor-widget elementor-widget-divider\" data-id=\"14c527ad\" data-element_type=\"widget\" data-e-type=\"widget\" data-widget_type=\"divider.default\">\n\t\t\t\t<div class=\"elementor-widget-container\">\n\t\t\t\t\t\t\t<div class=\"elementor-divider\">\n\t\t\t<span class=\"elementor-divider-separator\">\n\t\t\t\t\t\t<\/span>\n\t\t<\/div>\n\t\t\t\t\t\t<\/div>\n\t\t\t\t<\/div>\n\t\t<div class=\"elementor-element elementor-element-3cf570a4 e-con-full e-flex e-con e-child\" data-id=\"3cf570a4\" data-element_type=\"container\" data-e-type=\"container\">\n\t\t\t\t<div class=\"elementor-element elementor-element-2b4e6ae1 elementor-widget elementor-widget-heading\" data-id=\"2b4e6ae1\" data-element_type=\"widget\" data-e-type=\"widget\" data-widget_type=\"heading.default\">\n\t\t\t\t<div class=\"elementor-widget-container\">\n\t\t\t\t\t<h3 class=\"elementor-heading-title elementor-size-default\">A propos de ce bilan<\/h3>\t\t\t\t<\/div>\n\t\t\t\t<\/div>\n\t\t\t\t<\/div>\n\t\t\t\t\t<\/div>\n\t\t\t\t<\/div>\n\t\t<div class=\"elementor-element elementor-element-48acece7 e-flex e-con-boxed e-con e-parent\" data-id=\"48acece7\" data-element_type=\"container\" data-e-type=\"container\">\n\t\t\t\t\t<div class=\"e-con-inner\">\n\t\t<div class=\"elementor-element elementor-element-1a861bc6 e-con-full e-flex e-con e-child\" data-id=\"1a861bc6\" data-element_type=\"container\" data-e-type=\"container\">\n\t\t\t\t<div class=\"elementor-element elementor-element-48d739b0 elementor-widget elementor-widget-text-editor\" data-id=\"48d739b0\" data-element_type=\"widget\" data-e-type=\"widget\" data-widget_type=\"text-editor.default\">\n\t\t\t\t<div class=\"elementor-widget-container\">\n\t\t\t\t\t\t\t\t\t<p>Notre bilan s&rsquo;appuie sur les donn\u00e9es fournies par<a href=\"https:\/\/www.meteorage.com\/fr\/notre-expertise\/\" target=\"_blank\" rel=\"noopener\"> le r\u00e9seau Meteorage de d\u00e9tection de la foudre implant\u00e9 en Europe.<\/a>\u00a0<\/p><p>Les informations que nous communiquons sp\u00e9cifiquement dans cette analyse annuelle concernent les \u00e9clairs nuage-sol (CG) et la densit\u00e9 de foudroiement.\u00a0<\/p><p><span style=\"color: #01144a; text-align: center;\">A des fins de comparaison avec nos donn\u00e9es depuis 1989, Meteorage comptabilise<\/span><span style=\"color: #01144a; text-align: center;\">\u00a0<\/span><span style=\"color: #01144a; text-align: center; font-weight: bolder;\">l&rsquo;impulsion principale de courant\u00a0<\/span><span style=\"color: #01144a; text-align: center;\">circulant entre le nuage et le sol, et qui est d\u00e9finie, dans ce rapport, par le terme<\/span><span style=\"color: #01144a; text-align: center;\">\u00a0<\/span><span style=\"color: #01144a; text-align: center; font-weight: bolder;\">\u00ab\u00a0\u00e9clair nuage-sol (CG)\u00a0\u00bb<\/span><span style=\"color: #01144a; text-align: center;\">.<\/span><\/p><p>Notre expertise s&rsquo;appuie sur 37 ans d&rsquo;analyses, d&rsquo;observations et de donn\u00e9es r\u00e9colt\u00e9es sur le territoire fran\u00e7ais. En Europe, et plus largement dans le monde, nous disposons de plus d&rsquo;une dizaine d&rsquo;ann\u00e9es d&rsquo;expertise.<\/p><p>Notre r\u00e9seau dont les performances ont \u00e9t\u00e9 valid\u00e9es scientifiquement d\u00e9montre la plus haute performance possible, avec :<\/p><ul><li>une d\u00e9tection &gt; \u00e0 98% des \u00e9clairs,<\/li><li>une pr\u00e9cision de d\u00e9tection m\u00e9diane de 100 m\u00e8tres,<\/li><li>une distinction \u00e0 plus de 90% des \u00e9clairs nuage-sol (CG) et des \u00e9clairs intra-nuageux.<\/li><\/ul><p>Le r\u00e9seau Meteorage est compos\u00e9 de plus de 100 capteurs de foudre, de calculateurs et d\u2019un syst\u00e8me de traitement qui g\u00e8re les bases de donn\u00e9es. Nos capteurs de foudre sont issus de la technologie de Vaisala, actuellement consid\u00e9r\u00e9e comme l&rsquo;une des meilleures au monde. Notre r\u00e9seau permet d&rsquo;atteindre des performances valid\u00e9es par de nombreuses <a href=\"https:\/\/www.meteorage.com\/fr\/publications-et-notes-techniques\/\" target=\"_blank\" rel=\"noopener\">\u00e9tudes et publications scientifiques.<\/a><\/p><p>Cette analyse de l&rsquo;ann\u00e9e 2025 se base sur la source la plus compl\u00e8te d&rsquo;informations en France. Les donn\u00e9es, les densit\u00e9s, les classements et les jours d&rsquo;orage figurant dans ce rapport portent sur la p\u00e9riode du 1er janvier 2025 au 31 d\u00e9cembre 2025.<\/p>\t\t\t\t\t\t\t\t<\/div>\n\t\t\t\t<\/div>\n\t\t\t\t<\/div>\n\t\t<div class=\"elementor-element elementor-element-75bc9b96 e-con-full e-flex e-con e-child\" data-id=\"75bc9b96\" data-element_type=\"container\" data-e-type=\"container\">\n\t\t\t\t<div class=\"elementor-element elementor-element-7bdcccae elementor-widget elementor-widget-image\" data-id=\"7bdcccae\" data-element_type=\"widget\" data-e-type=\"widget\" data-widget_type=\"image.default\">\n\t\t\t\t<div class=\"elementor-widget-container\">\n\t\t\t\t\t\t\t\t\t\t\t\t\t\t\t<img decoding=\"async\" width=\"893\" height=\"1024\" src=\"https:\/\/www.meteorage.com\/wp-content\/uploads\/2025\/02\/Carte-Europe-performance-2025-893x1024.webp\" class=\"attachment-large size-large wp-image-44940\" alt=\"Carte Europe performance METEORAGE - 2025\" srcset=\"https:\/\/www.meteorage.com\/wp-content\/uploads\/2025\/02\/Carte-Europe-performance-2025-893x1024.webp 893w, https:\/\/www.meteorage.com\/wp-content\/uploads\/2025\/02\/Carte-Europe-performance-2025-262x300.webp 262w, https:\/\/www.meteorage.com\/wp-content\/uploads\/2025\/02\/Carte-Europe-performance-2025-768x881.webp 768w, https:\/\/www.meteorage.com\/wp-content\/uploads\/2025\/02\/Carte-Europe-performance-2025-1339x1536.webp 1339w, https:\/\/www.meteorage.com\/wp-content\/uploads\/2025\/02\/Carte-Europe-performance-2025-543x623.webp 543w, https:\/\/www.meteorage.com\/wp-content\/uploads\/2025\/02\/Carte-Europe-performance-2025.webp 1744w\" sizes=\"(max-width: 893px) 100vw, 893px\" \/>\t\t\t\t\t\t\t\t\t\t\t\t\t\t\t<\/div>\n\t\t\t\t<\/div>\n\t\t\t\t<\/div>\n\t\t\t\t\t<\/div>\n\t\t\t\t<\/div>\n\t\t\t\t<\/div>\n\t\t","protected":false},"featured_media":21387,"template":"","bilan_category":[313],"class_list":["post-51219","bilan_foudroiement","type-bilan_foudroiement","status-publish","has-post-thumbnail","hentry","bilan_category-espagne"],"acf":[],"yoast_head":"<!-- This site is optimized with the Yoast SEO plugin v27.5 - https:\/\/yoast.com\/product\/yoast-seo-wordpress\/ -->\n<title>Bilan de foudroiement annuel Meteorage - Europe \/ Espagne 2025<\/title>\n<meta name=\"description\" content=\"Quelles r\u00e9gions ont \u00e9t\u00e9 les plus touch\u00e9es par la foudre en 2025 ? D\u00e9couvrez l\u2019analyse Meteorage de l\u2019activit\u00e9 orageuse et \u00e9lectrique sur l\u2019ann\u00e9e en Espagne et en Andorre.\" \/>\n<meta name=\"robots\" content=\"index, follow, max-snippet:-1, max-image-preview:large, max-video-preview:-1\" \/>\n<link rel=\"canonical\" href=\"https:\/\/www.meteorage.com\/fr\/bilan-de-foudroiement\/espagne-et-andorre-2025\/\" \/>\n<meta property=\"og:locale\" content=\"fr_FR\" \/>\n<meta property=\"og:type\" content=\"article\" \/>\n<meta property=\"og:title\" content=\"Bilan de foudroiement annuel Meteorage - Europe \/ Espagne 2025\" \/>\n<meta property=\"og:description\" content=\"Quelles r\u00e9gions ont \u00e9t\u00e9 les plus touch\u00e9es par la foudre en 2025 ? D\u00e9couvrez l\u2019analyse Meteorage de l\u2019activit\u00e9 orageuse et \u00e9lectrique sur l\u2019ann\u00e9e en Espagne et en Andorre.\" \/>\n<meta property=\"og:url\" content=\"https:\/\/www.meteorage.com\/fr\/bilan-de-foudroiement\/espagne-et-andorre-2025\/\" \/>\n<meta property=\"og:site_name\" content=\"METEORAGE\" \/>\n<meta property=\"article:modified_time\" content=\"2026-01-31T20:39:38+00:00\" \/>\n<meta property=\"og:image\" content=\"https:\/\/www.meteorage.com\/wp-content\/uploads\/2024\/06\/Espagne-Carte-fond-blanc.png\" \/>\n\t<meta property=\"og:image:width\" content=\"1920\" \/>\n\t<meta property=\"og:image:height\" content=\"1080\" \/>\n\t<meta property=\"og:image:type\" content=\"image\/png\" \/>\n<meta name=\"twitter:card\" content=\"summary_large_image\" \/>\n<meta name=\"twitter:label1\" content=\"Dur\u00e9e de lecture estim\u00e9e\" \/>\n\t<meta name=\"twitter:data1\" content=\"13 minutes\" \/>\n<script type=\"application\/ld+json\" class=\"yoast-schema-graph\">{\"@context\":\"https:\\\/\\\/schema.org\",\"@graph\":[{\"@type\":\"WebPage\",\"@id\":\"https:\\\/\\\/www.meteorage.com\\\/fr\\\/bilan-de-foudroiement\\\/espagne-et-andorre-2025\\\/\",\"url\":\"https:\\\/\\\/www.meteorage.com\\\/fr\\\/bilan-de-foudroiement\\\/espagne-et-andorre-2025\\\/\",\"name\":\"Bilan de foudroiement annuel Meteorage - Europe \\\/ Espagne 2025\",\"isPartOf\":{\"@id\":\"https:\\\/\\\/www.meteorage.com\\\/fr\\\/#website\"},\"primaryImageOfPage\":{\"@id\":\"https:\\\/\\\/www.meteorage.com\\\/fr\\\/bilan-de-foudroiement\\\/espagne-et-andorre-2025\\\/#primaryimage\"},\"image\":{\"@id\":\"https:\\\/\\\/www.meteorage.com\\\/fr\\\/bilan-de-foudroiement\\\/espagne-et-andorre-2025\\\/#primaryimage\"},\"thumbnailUrl\":\"https:\\\/\\\/www.meteorage.com\\\/wp-content\\\/uploads\\\/2024\\\/06\\\/Espagne-Carte-fond-blanc.png\",\"datePublished\":\"2026-01-30T13:39:08+00:00\",\"dateModified\":\"2026-01-31T20:39:38+00:00\",\"description\":\"Quelles r\u00e9gions ont \u00e9t\u00e9 les plus touch\u00e9es par la foudre en 2025 ? D\u00e9couvrez l\u2019analyse Meteorage de l\u2019activit\u00e9 orageuse et \u00e9lectrique sur l\u2019ann\u00e9e en Espagne et en Andorre.\",\"breadcrumb\":{\"@id\":\"https:\\\/\\\/www.meteorage.com\\\/fr\\\/bilan-de-foudroiement\\\/espagne-et-andorre-2025\\\/#breadcrumb\"},\"inLanguage\":\"fr-FR\",\"potentialAction\":[{\"@type\":\"ReadAction\",\"target\":[\"https:\\\/\\\/www.meteorage.com\\\/fr\\\/bilan-de-foudroiement\\\/espagne-et-andorre-2025\\\/\"]}]},{\"@type\":\"ImageObject\",\"inLanguage\":\"fr-FR\",\"@id\":\"https:\\\/\\\/www.meteorage.com\\\/fr\\\/bilan-de-foudroiement\\\/espagne-et-andorre-2025\\\/#primaryimage\",\"url\":\"https:\\\/\\\/www.meteorage.com\\\/wp-content\\\/uploads\\\/2024\\\/06\\\/Espagne-Carte-fond-blanc.png\",\"contentUrl\":\"https:\\\/\\\/www.meteorage.com\\\/wp-content\\\/uploads\\\/2024\\\/06\\\/Espagne-Carte-fond-blanc.png\",\"width\":1920,\"height\":1080},{\"@type\":\"BreadcrumbList\",\"@id\":\"https:\\\/\\\/www.meteorage.com\\\/fr\\\/bilan-de-foudroiement\\\/espagne-et-andorre-2025\\\/#breadcrumb\",\"itemListElement\":[{\"@type\":\"ListItem\",\"position\":1,\"name\":\"Accueil\",\"item\":\"https:\\\/\\\/www.meteorage.com\\\/fr\\\/\"},{\"@type\":\"ListItem\",\"position\":2,\"name\":\"Espagne et Andorre 2025\"}]},{\"@type\":\"WebSite\",\"@id\":\"https:\\\/\\\/www.meteorage.com\\\/fr\\\/#website\",\"url\":\"https:\\\/\\\/www.meteorage.com\\\/fr\\\/\",\"name\":\"METEORAGE\",\"description\":\"\",\"publisher\":{\"@id\":\"https:\\\/\\\/www.meteorage.com\\\/fr\\\/#organization\"},\"potentialAction\":[{\"@type\":\"SearchAction\",\"target\":{\"@type\":\"EntryPoint\",\"urlTemplate\":\"https:\\\/\\\/www.meteorage.com\\\/fr\\\/?s={search_term_string}\"},\"query-input\":{\"@type\":\"PropertyValueSpecification\",\"valueRequired\":true,\"valueName\":\"search_term_string\"}}],\"inLanguage\":\"fr-FR\"},{\"@type\":\"Organization\",\"@id\":\"https:\\\/\\\/www.meteorage.com\\\/fr\\\/#organization\",\"name\":\"METEORAGE\",\"url\":\"https:\\\/\\\/www.meteorage.com\\\/fr\\\/\",\"logo\":{\"@type\":\"ImageObject\",\"inLanguage\":\"fr-FR\",\"@id\":\"https:\\\/\\\/www.meteorage.com\\\/fr\\\/#\\\/schema\\\/logo\\\/image\\\/\",\"url\":\"https:\\\/\\\/www.meteorage.com\\\/wp-content\\\/uploads\\\/2025\\\/10\\\/02.-Logo-METEORAGE-horizontal-blanc.png.webp\",\"contentUrl\":\"https:\\\/\\\/www.meteorage.com\\\/wp-content\\\/uploads\\\/2025\\\/10\\\/02.-Logo-METEORAGE-horizontal-blanc.png.webp\",\"width\":2445,\"height\":501,\"caption\":\"METEORAGE\"},\"image\":{\"@id\":\"https:\\\/\\\/www.meteorage.com\\\/fr\\\/#\\\/schema\\\/logo\\\/image\\\/\"}}]}<\/script>\n<!-- \/ Yoast SEO plugin. -->","yoast_head_json":{"title":"Bilan de foudroiement annuel Meteorage - Europe \/ Espagne 2025","description":"Quelles r\u00e9gions ont \u00e9t\u00e9 les plus touch\u00e9es par la foudre en 2025 ? D\u00e9couvrez l\u2019analyse Meteorage de l\u2019activit\u00e9 orageuse et \u00e9lectrique sur l\u2019ann\u00e9e en Espagne et en Andorre.","robots":{"index":"index","follow":"follow","max-snippet":"max-snippet:-1","max-image-preview":"max-image-preview:large","max-video-preview":"max-video-preview:-1"},"canonical":"https:\/\/www.meteorage.com\/fr\/bilan-de-foudroiement\/espagne-et-andorre-2025\/","og_locale":"fr_FR","og_type":"article","og_title":"Bilan de foudroiement annuel Meteorage - Europe \/ Espagne 2025","og_description":"Quelles r\u00e9gions ont \u00e9t\u00e9 les plus touch\u00e9es par la foudre en 2025 ? D\u00e9couvrez l\u2019analyse Meteorage de l\u2019activit\u00e9 orageuse et \u00e9lectrique sur l\u2019ann\u00e9e en Espagne et en Andorre.","og_url":"https:\/\/www.meteorage.com\/fr\/bilan-de-foudroiement\/espagne-et-andorre-2025\/","og_site_name":"METEORAGE","article_modified_time":"2026-01-31T20:39:38+00:00","og_image":[{"width":1920,"height":1080,"url":"https:\/\/www.meteorage.com\/wp-content\/uploads\/2024\/06\/Espagne-Carte-fond-blanc.png","type":"image\/png"}],"twitter_card":"summary_large_image","twitter_misc":{"Dur\u00e9e de lecture estim\u00e9e":"13 minutes"},"schema":{"@context":"https:\/\/schema.org","@graph":[{"@type":"WebPage","@id":"https:\/\/www.meteorage.com\/fr\/bilan-de-foudroiement\/espagne-et-andorre-2025\/","url":"https:\/\/www.meteorage.com\/fr\/bilan-de-foudroiement\/espagne-et-andorre-2025\/","name":"Bilan de foudroiement annuel Meteorage - Europe \/ Espagne 2025","isPartOf":{"@id":"https:\/\/www.meteorage.com\/fr\/#website"},"primaryImageOfPage":{"@id":"https:\/\/www.meteorage.com\/fr\/bilan-de-foudroiement\/espagne-et-andorre-2025\/#primaryimage"},"image":{"@id":"https:\/\/www.meteorage.com\/fr\/bilan-de-foudroiement\/espagne-et-andorre-2025\/#primaryimage"},"thumbnailUrl":"https:\/\/www.meteorage.com\/wp-content\/uploads\/2024\/06\/Espagne-Carte-fond-blanc.png","datePublished":"2026-01-30T13:39:08+00:00","dateModified":"2026-01-31T20:39:38+00:00","description":"Quelles r\u00e9gions ont \u00e9t\u00e9 les plus touch\u00e9es par la foudre en 2025 ? D\u00e9couvrez l\u2019analyse Meteorage de l\u2019activit\u00e9 orageuse et \u00e9lectrique sur l\u2019ann\u00e9e en Espagne et en Andorre.","breadcrumb":{"@id":"https:\/\/www.meteorage.com\/fr\/bilan-de-foudroiement\/espagne-et-andorre-2025\/#breadcrumb"},"inLanguage":"fr-FR","potentialAction":[{"@type":"ReadAction","target":["https:\/\/www.meteorage.com\/fr\/bilan-de-foudroiement\/espagne-et-andorre-2025\/"]}]},{"@type":"ImageObject","inLanguage":"fr-FR","@id":"https:\/\/www.meteorage.com\/fr\/bilan-de-foudroiement\/espagne-et-andorre-2025\/#primaryimage","url":"https:\/\/www.meteorage.com\/wp-content\/uploads\/2024\/06\/Espagne-Carte-fond-blanc.png","contentUrl":"https:\/\/www.meteorage.com\/wp-content\/uploads\/2024\/06\/Espagne-Carte-fond-blanc.png","width":1920,"height":1080},{"@type":"BreadcrumbList","@id":"https:\/\/www.meteorage.com\/fr\/bilan-de-foudroiement\/espagne-et-andorre-2025\/#breadcrumb","itemListElement":[{"@type":"ListItem","position":1,"name":"Accueil","item":"https:\/\/www.meteorage.com\/fr\/"},{"@type":"ListItem","position":2,"name":"Espagne et Andorre 2025"}]},{"@type":"WebSite","@id":"https:\/\/www.meteorage.com\/fr\/#website","url":"https:\/\/www.meteorage.com\/fr\/","name":"METEORAGE","description":"","publisher":{"@id":"https:\/\/www.meteorage.com\/fr\/#organization"},"potentialAction":[{"@type":"SearchAction","target":{"@type":"EntryPoint","urlTemplate":"https:\/\/www.meteorage.com\/fr\/?s={search_term_string}"},"query-input":{"@type":"PropertyValueSpecification","valueRequired":true,"valueName":"search_term_string"}}],"inLanguage":"fr-FR"},{"@type":"Organization","@id":"https:\/\/www.meteorage.com\/fr\/#organization","name":"METEORAGE","url":"https:\/\/www.meteorage.com\/fr\/","logo":{"@type":"ImageObject","inLanguage":"fr-FR","@id":"https:\/\/www.meteorage.com\/fr\/#\/schema\/logo\/image\/","url":"https:\/\/www.meteorage.com\/wp-content\/uploads\/2025\/10\/02.-Logo-METEORAGE-horizontal-blanc.png.webp","contentUrl":"https:\/\/www.meteorage.com\/wp-content\/uploads\/2025\/10\/02.-Logo-METEORAGE-horizontal-blanc.png.webp","width":2445,"height":501,"caption":"METEORAGE"},"image":{"@id":"https:\/\/www.meteorage.com\/fr\/#\/schema\/logo\/image\/"}}]}},"_links":{"self":[{"href":"https:\/\/www.meteorage.com\/fr\/wp-json\/wp\/v2\/bilan-de-foudroiement\/51219","targetHints":{"allow":["GET"]}}],"collection":[{"href":"https:\/\/www.meteorage.com\/fr\/wp-json\/wp\/v2\/bilan-de-foudroiement"}],"about":[{"href":"https:\/\/www.meteorage.com\/fr\/wp-json\/wp\/v2\/types\/bilan_foudroiement"}],"version-history":[{"count":0,"href":"https:\/\/www.meteorage.com\/fr\/wp-json\/wp\/v2\/bilan-de-foudroiement\/51219\/revisions"}],"wp:featuredmedia":[{"embeddable":true,"href":"https:\/\/www.meteorage.com\/fr\/wp-json\/wp\/v2\/media\/21387"}],"wp:attachment":[{"href":"https:\/\/www.meteorage.com\/fr\/wp-json\/wp\/v2\/media?parent=51219"}],"wp:term":[{"taxonomy":"bilan_category","embeddable":true,"href":"https:\/\/www.meteorage.com\/fr\/wp-json\/wp\/v2\/bilan_category?post=51219"}],"curies":[{"name":"wp","href":"https:\/\/api.w.org\/{rel}","templated":true}]}}