{"id":50948,"date":"2026-01-30T15:24:35","date_gmt":"2026-01-30T14:24:35","guid":{"rendered":"https:\/\/meteorage.local\/?post_type=bilan_foudroiement&#038;p=50948"},"modified":"2026-02-02T17:21:38","modified_gmt":"2026-02-02T16:21:38","slug":"italia-report-fulmini-2025","status":"publish","type":"bilan_foudroiement","link":"https:\/\/www.meteorage.com\/it\/rapporto-sui-temporali\/italia-report-fulmini-2025\/","title":{"rendered":"Italia 2025"},"content":{"rendered":"\t\t<div data-elementor-type=\"wp-post\" data-elementor-id=\"50948\" class=\"elementor elementor-50948\" data-elementor-post-type=\"bilan_foudroiement\">\n\t\t\t\t<div class=\"elementor-element elementor-element-4dc580c e-flex e-con-boxed e-con e-parent\" data-id=\"4dc580c\" data-element_type=\"container\" data-e-type=\"container\" data-settings=\"{&quot;background_background&quot;:&quot;classic&quot;}\">\n\t\t\t\t\t<div class=\"e-con-inner\">\n\t\t<div class=\"elementor-element elementor-element-c954642 e-con-full banner-type-detail e-flex e-con e-child\" data-id=\"c954642\" data-element_type=\"container\" data-e-type=\"container\" data-settings=\"{&quot;background_background&quot;:&quot;classic&quot;}\">\n\t\t\t\t<div class=\"elementor-element elementor-element-27b51d4 elementor-widget elementor-widget-spacer\" data-id=\"27b51d4\" data-element_type=\"widget\" data-e-type=\"widget\" data-widget_type=\"spacer.default\">\n\t\t\t\t<div class=\"elementor-widget-container\">\n\t\t\t\t\t\t\t<div class=\"elementor-spacer\">\n\t\t\t<div class=\"elementor-spacer-inner\"><\/div>\n\t\t<\/div>\n\t\t\t\t\t\t<\/div>\n\t\t\t\t<\/div>\n\t\t<div class=\"elementor-element elementor-element-accfa88 banner-content e-flex e-con-boxed e-con e-child\" data-id=\"accfa88\" data-element_type=\"container\" data-e-type=\"container\">\n\t\t\t\t\t<div class=\"e-con-inner\">\n\t\t\t\t<div class=\"elementor-element elementor-element-06edcd1 elementor-widget elementor-widget-heading\" data-id=\"06edcd1\" data-element_type=\"widget\" data-e-type=\"widget\" data-widget_type=\"heading.default\">\n\t\t\t\t<div class=\"elementor-widget-container\">\n\t\t\t\t\t<h5 class=\"elementor-heading-title elementor-size-default\">Temporali e fulmini\n<\/h5>\t\t\t\t<\/div>\n\t\t\t\t<\/div>\n\t\t\t\t<div class=\"elementor-element elementor-element-2ccc310 elementor-widget elementor-widget-heading\" data-id=\"2ccc310\" data-element_type=\"widget\" data-e-type=\"widget\" data-widget_type=\"heading.default\">\n\t\t\t\t<div class=\"elementor-widget-container\">\n\t\t\t\t\t<h1 class=\"elementor-heading-title elementor-size-default\">Rapporto Italia 2025<\/h1>\t\t\t\t<\/div>\n\t\t\t\t<\/div>\n\t\t\t\t<div class=\"elementor-element elementor-element-7c6650a elementor-widget__width-initial elementor-widget elementor-widget-text-editor\" data-id=\"7c6650a\" data-element_type=\"widget\" data-e-type=\"widget\" data-widget_type=\"text-editor.default\">\n\t\t\t\t<div class=\"elementor-widget-container\">\n\t\t\t\t\t\t\t\t\t<p>Scoprite la nostra analisi meteo, climatica ed elettrica dei temporali dell\u2019anno 2025.<\/p>\t\t\t\t\t\t\t\t<\/div>\n\t\t\t\t<\/div>\n\t\t\t\t<div class=\"elementor-element elementor-element-d3ccc10 elementor-align-center elementor-widget elementor-widget-ube-button\" data-id=\"d3ccc10\" data-element_type=\"widget\" data-e-type=\"widget\" data-widget_type=\"ube-button.default\">\n\t\t\t\t<div class=\"elementor-widget-container\">\n\t\t\t\t\t<a class=\"ube-btn btn btn-md btn- btn-link\" href=\"https:\/\/www.meteorage.com\/it\/report-di-fulminazione\/\">\n\t    <span class=\"ube-btn-text\">&lt; torna all&#039;elenco<\/span>\n\t<\/a>\n\n\n\t\t\t\t<\/div>\n\t\t\t\t<\/div>\n\t\t\t\t\t<\/div>\n\t\t\t\t<\/div>\n\t\t\t\t<\/div>\n\t\t\t\t\t<\/div>\n\t\t\t\t<\/div>\n\t\t<div class=\"elementor-element elementor-element-37f9a79b e-flex e-con-boxed e-con e-parent\" data-id=\"37f9a79b\" data-element_type=\"container\" data-e-type=\"container\">\n\t\t\t\t\t<div class=\"e-con-inner\">\n\t\t\t\t<div class=\"elementor-element elementor-element-34e86c41 elementor-widget elementor-widget-text-editor\" data-id=\"34e86c41\" data-element_type=\"widget\" data-e-type=\"widget\" data-widget_type=\"text-editor.default\">\n\t\t\t\t<div class=\"elementor-widget-container\">\n\t\t\t\t\t\t\t\t\t<p>Joris Royet, Chef de projet M\u00e9t\u00e9o, METEORAGE<\/p>\t\t\t\t\t\t\t\t<\/div>\n\t\t\t\t<\/div>\n\t\t\t\t\t<\/div>\n\t\t\t\t<\/div>\n\t\t<div class=\"elementor-element elementor-element-7f33e66a e-flex e-con-boxed e-con e-parent\" data-id=\"7f33e66a\" data-element_type=\"container\" data-e-type=\"container\">\n\t\t\t\t\t<div class=\"e-con-inner\">\n\t\t<div class=\"elementor-element elementor-element-69257515 e-con-full e-flex e-con e-child\" data-id=\"69257515\" data-element_type=\"container\" data-e-type=\"container\">\n\t\t\t\t<div class=\"elementor-element elementor-element-1dda71a2 elementor-widget elementor-widget-heading\" data-id=\"1dda71a2\" data-element_type=\"widget\" data-e-type=\"widget\" data-widget_type=\"heading.default\">\n\t\t\t\t<div class=\"elementor-widget-container\">\n\t\t\t\t\t<h2 class=\"elementor-heading-title elementor-size-default\">Un anno storicamente povero di temporali,<\/h2>\t\t\t\t<\/div>\n\t\t\t\t<\/div>\n\t\t\t\t<div class=\"elementor-element elementor-element-f6f388 elementor-widget elementor-widget-heading\" data-id=\"f6f388\" data-element_type=\"widget\" data-e-type=\"widget\" data-widget_type=\"heading.default\">\n\t\t\t\t<div class=\"elementor-widget-container\">\n\t\t\t\t\t<h4 class=\"elementor-heading-title elementor-size-default\">caratterizzato da un\u2019attivit\u00e0 elettrica generalmente bassa in tutta Europa, \npur con qualche episodio localmente intenso.<\/h4>\t\t\t\t<\/div>\n\t\t\t\t<\/div>\n\t\t\t\t<div class=\"elementor-element elementor-element-37aa1547 elementor-drop-cap-yes elementor-widget__width-initial elementor-drop-cap-view-default elementor-widget elementor-widget-text-editor\" data-id=\"37aa1547\" data-element_type=\"widget\" data-e-type=\"widget\" data-settings=\"{&quot;drop_cap&quot;:&quot;yes&quot;}\" data-widget_type=\"text-editor.default\">\n\t\t\t\t<div class=\"elementor-widget-container\">\n\t\t\t\t\t\t\t\t\t<p><span class=\"a_GcMg font-feature-liga-off font-feature-clig-off font-feature-calt-off text-decoration-none text-strikethrough-none\">Con circa<strong> 1,226 milioni di fulmini nuvola-terra rilevati in Europa<\/strong>, il 2025 si \u00e8 distinto per un\u2019attivit\u00e0 temporalesca inferiore alla norma, risultando l\u2019anno con il minor numero di fulmini mai registrato da Meteorage. Sebbene le condizioni atmosferiche abbiano limitato lo sviluppo dei temporali, alcune situazioni favorevoli hanno comunque dato luogo a episodi intensi e localizzati, con un\u2019attivit\u00e0 pi\u00f9 marcata intorno al bacino del Mediterraneo e sui rilievi.<\/span><\/p><p><style>\na {<br \/>    text-decoration: none;<br \/>    color: #464feb;<br \/>}<br \/>tr th, tr td {<br \/>    border: 1px solid #e6e6e6;<br \/>}<br \/>tr th {<br \/>    background-color: #f5f5f5;<br \/>}<br \/><\/style><\/p><div><p><span class=\"a_GcMg font-feature-liga-off font-feature-clig-off font-feature-calt-off text-decoration-none text-strikethrough-none\">Al di l\u00e0 di questa valutazione generale e della distribuzione spaziale osservata nel 2025, le analisi degli ultimi vent\u2019anni evidenziano un graduale spostamento verso nord della fascia temporalesca, nonch\u00e9 un allungamento della stagione dei temporali, con episodi pi\u00f9 precoci in primavera e pi\u00f9 tardivi in autunno. Queste disparit\u00e0 regionali ci ricordano che i fulmini non sono mai distribuiti in modo uniforme e che, anche negli anni in cui l\u2019attivit\u00e0 \u00e8 scarsa, i temi della prevenzione, del monitoraggio e della gestione del rischio legato ai fulmini rimangono assolutamente attuali.<\/span><\/p><\/div>\t\t\t\t\t\t\t\t<\/div>\n\t\t\t\t<\/div>\n\t\t\t\t<\/div>\n\t\t<div class=\"elementor-element elementor-element-6a220df3 e-con-full e-flex e-con e-child\" data-id=\"6a220df3\" data-element_type=\"container\" data-e-type=\"container\">\n\t\t\t\t<div class=\"elementor-element elementor-element-2d36623c elementor-widget__width-initial elementor-widget elementor-widget-image\" data-id=\"2d36623c\" data-element_type=\"widget\" data-e-type=\"widget\" data-widget_type=\"image.default\">\n\t\t\t\t<div class=\"elementor-widget-container\">\n\t\t\t\t\t\t\t\t\t\t\t\t\t\t\t<img decoding=\"async\" width=\"150\" height=\"150\" src=\"https:\/\/www.meteorage.com\/wp-content\/uploads\/2024\/12\/nuage-eclair-150x150.webp\" class=\"attachment-thumbnail size-thumbnail wp-image-39667\" alt=\"\" srcset=\"https:\/\/www.meteorage.com\/wp-content\/uploads\/2024\/12\/nuage-eclair-150x150.webp 150w, https:\/\/www.meteorage.com\/wp-content\/uploads\/2024\/12\/nuage-eclair.webp 300w\" sizes=\"(max-width: 150px) 100vw, 150px\" \/>\t\t\t\t\t\t\t\t\t\t\t\t\t\t\t<\/div>\n\t\t\t\t<\/div>\n\t\t<div class=\"elementor-element elementor-element-5d633c41 e-con-full e-flex e-con e-child\" data-id=\"5d633c41\" data-element_type=\"container\" data-e-type=\"container\" data-settings=\"{&quot;background_background&quot;:&quot;classic&quot;}\">\n\t\t<div class=\"elementor-element elementor-element-249e21f3 e-con-full e-flex e-con e-child\" data-id=\"249e21f3\" data-element_type=\"container\" data-e-type=\"container\">\n\t\t\t\t<div class=\"elementor-element elementor-element-4c40aad0 elementor-widget elementor-widget-text-editor\" data-id=\"4c40aad0\" data-element_type=\"widget\" data-e-type=\"widget\" data-widget_type=\"text-editor.default\">\n\t\t\t\t<div class=\"elementor-widget-container\">\n\t\t\t\t\t\t\t\t\t<p>La nostra rete di rilevamento dei fulmini Meteorage ha registrato nel 2025<\/p>\t\t\t\t\t\t\t\t<\/div>\n\t\t\t\t<\/div>\n\t\t\t\t<div class=\"elementor-element elementor-element-4cb3563b elementor-widget elementor-widget-counter\" data-id=\"4cb3563b\" data-element_type=\"widget\" data-e-type=\"widget\" data-widget_type=\"counter.default\">\n\t\t\t\t<div class=\"elementor-widget-container\">\n\t\t\t\t\t\t\t<div class=\"elementor-counter\">\n\t\t\t<div class=\"elementor-counter-title\">fulmini nuvola-terra rilevati in Europa<\/div>\t\t\t<div class=\"elementor-counter-number-wrapper\">\n\t\t\t\t<span class=\"elementor-counter-number-prefix\"><\/span>\n\t\t\t\t<span class=\"elementor-counter-number\" data-duration=\"2000\" data-to-value=\"1.226\" data-from-value=\"10000\" data-delimiter=\" \">10000<\/span>\n\t\t\t\t<span class=\"elementor-counter-number-suffix\"><\/span>\n\t\t\t<\/div>\n\t\t<\/div>\n\t\t\t\t\t\t<\/div>\n\t\t\t\t<\/div>\n\t\t\t\t<div class=\"elementor-element elementor-element-2475ae96 elementor-widget-divider--view-line elementor-widget elementor-widget-divider\" data-id=\"2475ae96\" data-element_type=\"widget\" data-e-type=\"widget\" data-widget_type=\"divider.default\">\n\t\t\t\t<div class=\"elementor-widget-container\">\n\t\t\t\t\t\t\t<div class=\"elementor-divider\">\n\t\t\t<span class=\"elementor-divider-separator\">\n\t\t\t\t\t\t<\/span>\n\t\t<\/div>\n\t\t\t\t\t\t<\/div>\n\t\t\t\t<\/div>\n\t\t\t\t<div class=\"elementor-element elementor-element-4dc1f745 elementor-widget elementor-widget-counter\" data-id=\"4dc1f745\" data-element_type=\"widget\" data-e-type=\"widget\" data-widget_type=\"counter.default\">\n\t\t\t\t<div class=\"elementor-widget-container\">\n\t\t\t\t\t\t\t<div class=\"elementor-counter\">\n\t\t\t<div class=\"elementor-counter-title\">fulmini nuvola-terra rilevati in Italia<\/div>\t\t\t<div class=\"elementor-counter-number-wrapper\">\n\t\t\t\t<span class=\"elementor-counter-number-prefix\"><\/span>\n\t\t\t\t<span class=\"elementor-counter-number\" data-duration=\"2000\" data-to-value=\"385577\" data-from-value=\"0\" data-delimiter=\" \">0<\/span>\n\t\t\t\t<span class=\"elementor-counter-number-suffix\"><\/span>\n\t\t\t<\/div>\n\t\t<\/div>\n\t\t\t\t\t\t<\/div>\n\t\t\t\t<\/div>\n\t\t\t\t<div class=\"elementor-element elementor-element-6b1e5b49 elementor-drop-cap-yes elementor-widget__width-initial elementor-drop-cap-view-default elementor-widget elementor-widget-text-editor\" data-id=\"6b1e5b49\" data-element_type=\"widget\" data-e-type=\"widget\" data-settings=\"{&quot;drop_cap&quot;:&quot;yes&quot;}\" data-widget_type=\"text-editor.default\">\n\t\t\t\t<div class=\"elementor-widget-container\">\n\t\t\t\t\t\t\t\t\t<p class=\"cvGsUA direction-ltr align-start para-style-body\"><span class=\"a_GcMg font-feature-liga-off font-feature-clig-off font-feature-calt-off text-decoration-none text-strikethrough-none\">I dati raccolti contrastano con quelli del 2024, quando erano stati rilevati in Europa oltre <\/span><span class=\"a_GcMg font-feature-liga-off font-feature-clig-off font-feature-calt-off text-decoration-none text-strikethrough-none\">1.967.112 <\/span><span class=\"a_GcMg font-feature-liga-off font-feature-clig-off font-feature-calt-off text-decoration-none text-strikethrough-none\">fulmini nuvola-terra<\/span><span class=\"a_GcMg font-feature-liga-off font-feature-clig-off font-feature-calt-off text-decoration-none text-strikethrough-none\">, <\/span><span class=\"a_GcMg font-feature-liga-off font-feature-clig-off font-feature-calt-off text-decoration-none text-strikethrough-none\">di cui <\/span><span class=\"a_GcMg font-feature-liga-off font-feature-clig-off font-feature-calt-off text-decoration-none text-strikethrough-none\">633.236<\/span><span class=\"a_GcMg font-feature-liga-off font-feature-clig-off font-feature-calt-off text-decoration-none text-strikethrough-none\"> in Italia, con un\u2019attivit\u00e0 in linea con la norma climatica.<\/span><\/p>\t\t\t\t\t\t\t\t<\/div>\n\t\t\t\t<\/div>\n\t\t\t\t<\/div>\n\t\t\t\t<\/div>\n\t\t\t\t<\/div>\n\t\t\t\t\t<\/div>\n\t\t\t\t<\/div>\n\t\t<div class=\"elementor-element elementor-element-799a4354 e-flex e-con-boxed e-con e-parent\" data-id=\"799a4354\" data-element_type=\"container\" data-e-type=\"container\">\n\t\t\t\t\t<div class=\"e-con-inner\">\n\t\t\t\t<div class=\"elementor-element elementor-element-34dbbf2 elementor-widget elementor-widget-text-editor\" data-id=\"34dbbf2\" data-element_type=\"widget\" data-e-type=\"widget\" data-widget_type=\"text-editor.default\">\n\t\t\t\t<div class=\"elementor-widget-container\">\n\t\t\t\t\t\t\t\t\t<p><a href=\"#terminologie\">Per una migliore comprensione delle informazioni fornite in questo rapporto, ecco le definizioni dei termini frequentemente utilizzati nella nostra terminologia.<\/a><\/p>\t\t\t\t\t\t\t\t<\/div>\n\t\t\t\t<\/div>\n\t\t\t\t<div class=\"elementor-element elementor-element-61aa1ee2 elementor-align-center elementor-widget elementor-widget-button\" data-id=\"61aa1ee2\" data-element_type=\"widget\" data-e-type=\"widget\" data-widget_type=\"button.default\">\n\t\t\t\t<div class=\"elementor-widget-container\">\n\t\t\t\t\t\t\t\t\t<div class=\"elementor-button-wrapper\">\n\t\t\t\t\t<a class=\"elementor-button elementor-button-link elementor-size-lg\" href=\"https:\/\/www.meteorage.com\/wp-content\/uploads\/2026\/01\/IT_Meteorage-Reportdifulmini2025.pdf\" target=\"_blank\">\n\t\t\t\t\t\t<span class=\"elementor-button-content-wrapper\">\n\t\t\t\t\t\t\t\t\t<span class=\"elementor-button-text\">Visualizza il Bilancio Europa\/Italia 2025 in formato pdf e scopri altre analisi<\/span>\n\t\t\t\t\t<\/span>\n\t\t\t\t\t<\/a>\n\t\t\t\t<\/div>\n\t\t\t\t\t\t\t\t<\/div>\n\t\t\t\t<\/div>\n\t\t\t\t\t<\/div>\n\t\t\t\t<\/div>\n\t\t<div class=\"elementor-element elementor-element-684d0c56 e-flex e-con-boxed e-con e-parent\" data-id=\"684d0c56\" data-element_type=\"container\" data-e-type=\"container\" data-settings=\"{&quot;background_background&quot;:&quot;classic&quot;}\">\n\t\t\t\t\t<div class=\"e-con-inner\">\n\t\t<div class=\"elementor-element elementor-element-366a67ed e-con-full e-flex e-con e-child\" data-id=\"366a67ed\" data-element_type=\"container\" data-e-type=\"container\">\n\t\t\t\t<div class=\"elementor-element elementor-element-54a0292b elementor-widget elementor-widget-image\" data-id=\"54a0292b\" data-element_type=\"widget\" data-e-type=\"widget\" data-widget_type=\"image.default\">\n\t\t\t\t<div class=\"elementor-widget-container\">\n\t\t\t\t\t\t\t\t\t\t\t\t\t\t\t<img decoding=\"async\" src=\"https:\/\/www.meteorage.com\/wp-content\/uploads\/2026\/01\/GUILLEMETS-_-MTG.webp\" title=\"\" alt=\"\" loading=\"lazy\" \/>\t\t\t\t\t\t\t\t\t\t\t\t\t\t\t<\/div>\n\t\t\t\t<\/div>\n\t\t\t\t<div class=\"elementor-element elementor-element-52fed1b5 elementor-widget elementor-widget-text-editor\" data-id=\"52fed1b5\" data-element_type=\"widget\" data-e-type=\"widget\" data-widget_type=\"text-editor.default\">\n\t\t\t\t<div class=\"elementor-widget-container\">\n\t\t\t\t\t\t\t\t\t<p class=\"cvGsUA direction-ltr align-start para-style-body\"><span class=\"a_GcMg font-feature-liga-off font-feature-clig-off font-feature-calt-off text-decoration-none text-strikethrough-none\">Il numero di fulmini da un anno all\u2019altro non riflette di per s\u00e9 il livello di pericolo.<\/span><\/p><p class=\"cvGsUA direction-ltr align-start para-style-body\"><span class=\"a_GcMg font-feature-liga-off font-feature-clig-off font-feature-calt-off text-decoration-none text-strikethrough-none\">Nel 2025, sebbene i temporali in Europa siano diminuiti, in alcuni casi sono stati comunque intensi e il rischio, per le attivit\u00e0 esposte, pu\u00f2 manifestarsi in qualsiasi momento.<\/span><\/p>\t\t\t\t\t\t\t\t<\/div>\n\t\t\t\t<\/div>\n\t\t\t\t<div class=\"elementor-element elementor-element-2bbb4ad elementor-widget elementor-widget-text-editor\" data-id=\"2bbb4ad\" data-element_type=\"widget\" data-e-type=\"widget\" data-widget_type=\"text-editor.default\">\n\t\t\t\t<div class=\"elementor-widget-container\">\n\t\t\t\t\t\t\t\t\t<p><span class=\"a_GcMg font-feature-liga-off font-feature-clig-off font-feature-calt-off text-decoration-none text-strikethrough-none\">\u2014 St\u00e9phane Schmitt, Lightning Application Expert, Meteorage<\/span><\/p>\t\t\t\t\t\t\t\t<\/div>\n\t\t\t\t<\/div>\n\t\t\t\t<\/div>\n\t\t<div class=\"elementor-element elementor-element-cd0f2e e-con-full e-flex e-con e-child\" data-id=\"cd0f2e\" data-element_type=\"container\" data-e-type=\"container\">\n\t\t\t\t<div class=\"elementor-element elementor-element-6a94c94a elementor-widget-tablet_extra__width-initial elementor-widget elementor-widget-image\" data-id=\"6a94c94a\" data-element_type=\"widget\" data-e-type=\"widget\" data-widget_type=\"image.default\">\n\t\t\t\t<div class=\"elementor-widget-container\">\n\t\t\t\t\t\t\t\t\t\t\t\t\t\t\t\t<a href=\"https:\/\/www.meteorage.com\/wp-content\/uploads\/2026\/01\/MTG_Warningsystems-2.webp\" data-elementor-open-lightbox=\"yes\" data-e-action-hash=\"#elementor-action%3Aaction%3Dlightbox%26settings%3DeyJpZCI6NTA5NzUsInVybCI6ZmFsc2V9\">\n\t\t\t\t\t\t\t<img decoding=\"async\" src=\"https:\/\/www.meteorage.com\/wp-content\/uploads\/2026\/01\/MTG_Warningsystems-2.webp\" title=\"\" alt=\"\" loading=\"lazy\" \/>\t\t\t\t\t\t\t\t<\/a>\n\t\t\t\t\t\t\t\t\t\t\t\t\t\t\t<\/div>\n\t\t\t\t<\/div>\n\t\t\t\t<\/div>\n\t\t\t\t\t<\/div>\n\t\t\t\t<\/div>\n\t\t<div class=\"elementor-element elementor-element-139003bd e-flex e-con-boxed e-con e-parent\" data-id=\"139003bd\" data-element_type=\"container\" data-e-type=\"container\">\n\t\t\t\t\t<div class=\"e-con-inner\">\n\t\t\t\t<div class=\"elementor-element elementor-element-b28660 elementor-widget-divider--view-line elementor-widget elementor-widget-divider\" data-id=\"b28660\" data-element_type=\"widget\" data-e-type=\"widget\" data-widget_type=\"divider.default\">\n\t\t\t\t<div class=\"elementor-widget-container\">\n\t\t\t\t\t\t\t<div class=\"elementor-divider\">\n\t\t\t<span class=\"elementor-divider-separator\">\n\t\t\t\t\t\t<\/span>\n\t\t<\/div>\n\t\t\t\t\t\t<\/div>\n\t\t\t\t<\/div>\n\t\t\t\t\t<\/div>\n\t\t\t\t<\/div>\n\t\t<div class=\"elementor-element elementor-element-11940da5 e-flex e-con-boxed e-con e-parent\" data-id=\"11940da5\" data-element_type=\"container\" data-e-type=\"container\">\n\t\t\t\t\t<div class=\"e-con-inner\">\n\t\t\t\t<div class=\"elementor-element elementor-element-e15bc26 elementor-widget elementor-widget-ube-fancy-text\" data-id=\"e15bc26\" data-element_type=\"widget\" data-e-type=\"widget\" data-widget_type=\"ube-fancy-text.default\">\n\t\t\t\t<div class=\"elementor-widget-container\">\n\t\t\t\t\t<h3 data-text=\"[&quot;nel 2025&quot;,&quot;in Europa&quot;]\" data-additional-options=\"{&quot;animationDelay&quot;:null,&quot;typingLoop&quot;:true,&quot;typingCursor&quot;:true}\" class=\"ube-fancy-text ube-fancy-text-typing\">    <span class=\"ube-fancy-text-before\">Fatti significativi<\/span>\n<span class=\"ube-fancy-text-animated\">\n\t<\/span>\n<\/h3>\t\t\t\t<\/div>\n\t\t\t\t<\/div>\n\t\t\t\t\t<\/div>\n\t\t\t\t<\/div>\n\t\t<div class=\"elementor-element elementor-element-2b15d83f e-flex e-con-boxed e-con e-parent\" data-id=\"2b15d83f\" data-element_type=\"container\" data-e-type=\"container\">\n\t\t\t\t\t<div class=\"e-con-inner\">\n\t\t\t\t<div class=\"elementor-element elementor-element-1c2d5ab8 elementor-widget elementor-widget-spacer\" data-id=\"1c2d5ab8\" data-element_type=\"widget\" data-e-type=\"widget\" data-widget_type=\"spacer.default\">\n\t\t\t\t<div class=\"elementor-widget-container\">\n\t\t\t\t\t\t\t<div class=\"elementor-spacer\">\n\t\t\t<div class=\"elementor-spacer-inner\"><\/div>\n\t\t<\/div>\n\t\t\t\t\t\t<\/div>\n\t\t\t\t<\/div>\n\t\t\t\t<div class=\"elementor-element elementor-element-3290eac6 elementor-drop-cap-yes elementor-widget__width-initial elementor-drop-cap-view-default elementor-widget elementor-widget-text-editor\" data-id=\"3290eac6\" data-element_type=\"widget\" data-e-type=\"widget\" data-settings=\"{&quot;drop_cap&quot;:&quot;yes&quot;}\" data-widget_type=\"text-editor.default\">\n\t\t\t\t<div class=\"elementor-widget-container\">\n\t\t\t\t\t\t\t\t\t<p class=\"cvGsUA direction-ltr align-start para-style-body\"><span class=\"a_GcMg font-feature-liga-off font-feature-clig-off font-feature-calt-off text-decoration-none text-strikethrough-none\">Sebbene l\u2019attivit\u00e0 elettrica nel 2025 sia stata inferiore ai valori storici di riferimento, l\u2019elevata variabilit\u00e0 interannuale dell\u2019attivit\u00e0 temporalesca non permette, allo stato attuale, di identificare una tendenza statistica affidabile.<\/span><\/p>\t\t\t\t\t\t\t\t<\/div>\n\t\t\t\t<\/div>\n\t\t\t\t<div class=\"elementor-element elementor-element-4548faf5 elementor-widget elementor-widget-ube-chart\" data-id=\"4548faf5\" data-element_type=\"widget\" data-e-type=\"widget\" data-widget_type=\"ube-chart.default\">\n\t\t\t\t<div class=\"elementor-widget-container\">\n\t\t\t\t\t<div  >\n    <canvas id=\"ube-chart-4548faf5\" class=\"ube-chart\" data-chart-type=\"line\" data-chart-labels=\"[&quot;2016&quot;,&quot;2017&quot;,&quot;2018&quot;,&quot;2019&quot;,&quot;2020&quot;,&quot;2021&quot;,&quot;2022&quot;,&quot;2023&quot;,&quot;2024&quot;,&quot;2025&quot;]\" data-chart-options=\"{&quot;animation&quot;:{&quot;easing&quot;:&quot;linear&quot;},&quot;elements&quot;:{&quot;point&quot;:{&quot;pointStyle&quot;:&quot;rectRounded&quot;},&quot;line&quot;:{&quot;tension&quot;:0.5}},&quot;scales&quot;:{&quot;y&quot;:{&quot;ticks&quot;:{&quot;display&quot;:true},&quot;grid&quot;:{&quot;display&quot;:false,&quot;drawBorder&quot;:false,&quot;drawTicks&quot;:false}},&quot;x&quot;:{&quot;ticks&quot;:{&quot;display&quot;:true},&quot;grid&quot;:{&quot;display&quot;:false,&quot;drawBorder&quot;:false,&quot;drawTicks&quot;:false}}}}\" data-chart-datasets=\"[{&quot;label&quot;:&quot;Evoluzione del numero di fulmini nuvola-terra (CG) in Europa (2016\\u20132025)&quot;,&quot;data&quot;:[1618380,1582329,2900401,1537910,1346211,1557133,2050981,2227181,1967112,1226838],&quot;backgroundColor&quot;:&quot;#01144A&quot;,&quot;hoverBackgroundColor&quot;:&quot;#01144A&quot;,&quot;borderColor&quot;:&quot;#01103B&quot;,&quot;hoverBorderColor&quot;:&quot;#01103B&quot;,&quot;borderWidth&quot;:&quot;1&quot;,&quot;fill&quot;:true}]\" data-chart-additional-options=\"{&quot;chatId&quot;:&quot;ube-chart-4548faf5&quot;}\" height=\"200\"><\/canvas>\n<\/div>\t\t\t\t<\/div>\n\t\t\t\t<\/div>\n\t\t\t\t<div class=\"elementor-element elementor-element-37101b7e elementor-widget elementor-widget-heading\" data-id=\"37101b7e\" data-element_type=\"widget\" data-e-type=\"widget\" data-widget_type=\"heading.default\">\n\t\t\t\t<div class=\"elementor-widget-container\">\n\t\t\t\t\t<h2 class=\"elementor-heading-title elementor-size-default\">360 giorni di temporale<\/h2>\t\t\t\t<\/div>\n\t\t\t\t<\/div>\n\t\t\t\t<div class=\"elementor-element elementor-element-730bcae0 elementor-drop-cap-yes elementor-widget__width-initial elementor-drop-cap-view-default elementor-widget elementor-widget-text-editor\" data-id=\"730bcae0\" data-element_type=\"widget\" data-e-type=\"widget\" data-settings=\"{&quot;drop_cap&quot;:&quot;yes&quot;}\" data-widget_type=\"text-editor.default\">\n\t\t\t\t<div class=\"elementor-widget-container\">\n\t\t\t\t\t\t\t\t\t<p class=\"cvGsUA direction-ltr align-start para-style-body\"><span class=\"a_GcMg font-feature-liga-off font-feature-clig-off font-feature-calt-off text-decoration-none text-strikethrough-none\">La maggior parte dell\u2019attivit\u00e0 temporalesca si \u00e8 concentrata tra giugno e agosto (64%), quando le condizioni di instabilit\u00e0 erano pi\u00f9 favorevoli, con un picco marcato a giugno e quasi 284.200 fulmini nuvola-terra registrati nell\u2019intero continente, a dimostrazione di una stagione temporalesca talvolta precoce.<\/span><\/p>\t\t\t\t\t\t\t\t<\/div>\n\t\t\t\t<\/div>\n\t\t\t\t\t<\/div>\n\t\t\t\t<\/div>\n\t\t<div class=\"elementor-element elementor-element-18c4fb41 e-flex e-con-boxed e-con e-parent\" data-id=\"18c4fb41\" data-element_type=\"container\" data-e-type=\"container\">\n\t\t\t\t\t<div class=\"e-con-inner\">\n\t\t<div class=\"elementor-element elementor-element-5453e311 e-con-full e-flex e-con e-child\" data-id=\"5453e311\" data-element_type=\"container\" data-e-type=\"container\">\n\t\t\t\t<div class=\"elementor-element elementor-element-5b6ba43f elementor-widget elementor-widget-image\" data-id=\"5b6ba43f\" data-element_type=\"widget\" data-e-type=\"widget\" data-widget_type=\"image.default\">\n\t\t\t\t<div class=\"elementor-widget-container\">\n\t\t\t\t\t\t\t\t\t\t\t\t\t\t\t<img decoding=\"async\" src=\"https:\/\/www.meteorage.com\/wp-content\/uploads\/2026\/01\/GUILLEMETS-_-MTG.webp\" title=\"\" alt=\"\" loading=\"lazy\" \/>\t\t\t\t\t\t\t\t\t\t\t\t\t\t\t<\/div>\n\t\t\t\t<\/div>\n\t\t\t\t<div class=\"elementor-element elementor-element-2a462066 elementor-widget elementor-widget-text-editor\" data-id=\"2a462066\" data-element_type=\"widget\" data-e-type=\"widget\" data-widget_type=\"text-editor.default\">\n\t\t\t\t<div class=\"elementor-widget-container\">\n\t\t\t\t\t\t\t\t\t<p class=\"cvGsUA direction-ltr align-start para-style-body\"><span class=\"a_GcMg font-feature-liga-off font-feature-clig-off font-feature-calt-off text-decoration-none text-strikethrough-none\">Nel 2025 la circolazione atmosferica su scala europea ha favorito una concentrazione dell\u2019attivit\u00e0 convettiva attorno al bacino del Mediterraneo.<\/span> <span class=\"a_GcMg font-feature-liga-off font-feature-clig-off font-feature-calt-off text-decoration-none text-strikethrough-none\">La frequente presenza di alti geopotenziali sull\u2019Europa centrale e settentrionale ha limitato l\u2019avanzata dei sistemi instabili verso il nord del continente.<\/span><\/p><p><span class=\"a_GcMg font-feature-liga-off font-feature-clig-off font-feature-calt-off text-decoration-none text-strikethrough-none\">Di conseguenza, le circolazioni di bassa pressione e le forzature dinamiche sono proseguite a basse latitudini, interagendo con masse d\u2019aria pi\u00f9 calde e umide intorno al Mediterraneo e creando cos\u00ec un ambiente pi\u00f9 favorevole all\u2019attivit\u00e0 elettrica.<\/span><\/p>\t\t\t\t\t\t\t\t<\/div>\n\t\t\t\t<\/div>\n\t\t\t\t<div class=\"elementor-element elementor-element-beb56 elementor-widget elementor-widget-text-editor\" data-id=\"beb56\" data-element_type=\"widget\" data-e-type=\"widget\" data-widget_type=\"text-editor.default\">\n\t\t\t\t<div class=\"elementor-widget-container\">\n\t\t\t\t\t\t\t\t\t<p><span class=\"a_GcMg font-feature-liga-off font-feature-clig-off font-feature-calt-off text-decoration-none text-strikethrough-none\">\u2014 Joris Royet, Project Manager Meteo, Meteorage<\/span><\/p>\t\t\t\t\t\t\t\t<\/div>\n\t\t\t\t<\/div>\n\t\t\t\t<\/div>\n\t\t<div class=\"elementor-element elementor-element-73ae344d e-con-full e-flex e-con e-child\" data-id=\"73ae344d\" data-element_type=\"container\" data-e-type=\"container\">\n\t\t\t\t<div class=\"elementor-element elementor-element-1c1d4f59 elementor-widget elementor-widget-spacer\" data-id=\"1c1d4f59\" data-element_type=\"widget\" data-e-type=\"widget\" data-widget_type=\"spacer.default\">\n\t\t\t\t<div class=\"elementor-widget-container\">\n\t\t\t\t\t\t\t<div class=\"elementor-spacer\">\n\t\t\t<div class=\"elementor-spacer-inner\"><\/div>\n\t\t<\/div>\n\t\t\t\t\t\t<\/div>\n\t\t\t\t<\/div>\n\t\t\t\t<div class=\"elementor-element elementor-element-37f3d8c4 elementor-widget elementor-widget-image\" data-id=\"37f3d8c4\" data-element_type=\"widget\" data-e-type=\"widget\" data-widget_type=\"image.default\">\n\t\t\t\t<div class=\"elementor-widget-container\">\n\t\t\t\t\t\t\t\t\t\t\t\t\t\t\t\t<a href=\"https:\/\/www.meteorage.com\/wp-content\/uploads\/2026\/01\/EU_Meteorage-Reportdifulmini2025-scaled.webp\" data-elementor-open-lightbox=\"yes\" data-e-action-hash=\"#elementor-action%3Aaction%3Dlightbox%26settings%3DeyJpZCI6NTA5NjMsInVybCI6ZmFsc2V9\">\n\t\t\t\t\t\t\t<img decoding=\"async\" src=\"https:\/\/www.meteorage.com\/wp-content\/uploads\/2026\/01\/EU_Meteorage-Reportdifulmini2025-scaled.webp\" title=\"\" alt=\"\" loading=\"lazy\" \/>\t\t\t\t\t\t\t\t<\/a>\n\t\t\t\t\t\t\t\t\t\t\t\t\t\t\t<\/div>\n\t\t\t\t<\/div>\n\t\t\t\t<\/div>\n\t\t\t\t\t<\/div>\n\t\t\t\t<\/div>\n\t\t<div class=\"elementor-element elementor-element-58605b40 e-flex e-con-boxed e-con e-parent\" data-id=\"58605b40\" data-element_type=\"container\" data-e-type=\"container\">\n\t\t\t\t\t<div class=\"e-con-inner\">\n\t\t\t\t<div class=\"elementor-element elementor-element-7a528272 elementor-widget elementor-widget-heading\" data-id=\"7a528272\" data-element_type=\"widget\" data-e-type=\"widget\" data-widget_type=\"heading.default\">\n\t\t\t\t<div class=\"elementor-widget-container\">\n\t\t\t\t\t<h3 class=\"elementor-heading-title elementor-size-default\">Top 10 paesi pi\u00f9 colpiti dai fulmini in Europa nel 2025<\/h3>\t\t\t\t<\/div>\n\t\t\t\t<\/div>\n\t\t\t\t<div class=\"elementor-element elementor-element-4dcbc1e7 elementor-widget__width-inherit elementor-widget elementor-widget-ube-chart\" data-id=\"4dcbc1e7\" data-element_type=\"widget\" data-e-type=\"widget\" data-widget_type=\"ube-chart.default\">\n\t\t\t\t<div class=\"elementor-widget-container\">\n\t\t\t\t\t<div  >\n    <canvas id=\"ube-chart-4dcbc1e7\" class=\"ube-chart\" data-chart-type=\"bar\" data-chart-labels=\"[&quot;Spagna&quot;,&quot;Italia&quot;,&quot;Francia&quot;,&quot;Germania&quot;,&quot;Svizzera&quot;,&quot;Portogallo&quot;,&quot;Regno Unito&quot;,&quot;Belgio&quot;,&quot;Paesi Bassi&quot;,&quot;Danimarca&quot;]\" data-chart-options=\"{&quot;scales&quot;:{&quot;y&quot;:{&quot;ticks&quot;:{&quot;display&quot;:true},&quot;grid&quot;:{&quot;display&quot;:false,&quot;drawBorder&quot;:true,&quot;drawTicks&quot;:true}},&quot;x&quot;:{&quot;ticks&quot;:{&quot;display&quot;:true},&quot;grid&quot;:{&quot;display&quot;:false,&quot;drawBorder&quot;:true,&quot;drawTicks&quot;:true}}}}\" data-chart-datasets=\"[{&quot;label&quot;:&quot;Numero di fulmini nuvola-terra (CG)&quot;,&quot;data&quot;:[427686,385577,267502,83443,20597,18496,9392,6478,9392,6478,5095,4496],&quot;backgroundColor&quot;:&quot;#01144A&quot;,&quot;hoverBackgroundColor&quot;:&quot;#01144A&quot;,&quot;borderColor&quot;:&quot;#01144A&quot;,&quot;hoverBorderColor&quot;:&quot;#01144A&quot;,&quot;borderWidth&quot;:1,&quot;fill&quot;:true}]\" data-chart-additional-options=\"{&quot;chatId&quot;:&quot;ube-chart-4dcbc1e7&quot;}\" height=\"250\"><\/canvas>\n<\/div>\t\t\t\t<\/div>\n\t\t\t\t<\/div>\n\t\t\t\t<div class=\"elementor-element elementor-element-76d1808 elementor-widget elementor-widget-text-editor\" data-id=\"76d1808\" data-element_type=\"widget\" data-e-type=\"widget\" data-widget_type=\"text-editor.default\">\n\t\t\t\t<div class=\"elementor-widget-container\">\n\t\t\t\t\t\t\t\t\t<p class=\"cvGsUA direction-ltr align-start para-style-body\"><span class=\"a_GcMg font-feature-liga-off font-feature-clig-off font-feature-calt-off text-decoration-none text-strikethrough-none\">La stagione <strong>primaverile<\/strong> registra un totale di<\/span> <span class=\"a_GcMg font-feature-liga-off font-feature-clig-off font-feature-calt-off text-decoration-none text-strikethrough-none\">233.316<\/span> <span class=\"a_GcMg font-feature-liga-off font-feature-clig-off font-feature-calt-off text-decoration-none text-strikethrough-none\">fulmini nuvola-terra, con una distribuzione geografica molto eterogenea: <\/span><span class=\"a_GcMg font-feature-liga-off font-feature-clig-off font-feature-calt-off text-decoration-none text-strikethrough-none\">da un lato, una scarsa attivit\u00e0 nella met\u00e0 settentrionale dell\u2019Europa, che rimane in gran parte sotto l\u2019influenza di condizioni anticicloniche persistenti, limitando notevolmente lo sviluppo di temporali; dall\u2019altro, un\u2019attivit\u00e0 pi\u00f9 regolare nel sud del continente, in particolare nel bacino del Mediterraneo.<\/span><\/p><p class=\"cvGsUA direction-ltr align-start para-style-body\"><span class=\"a_GcMg font-feature-liga-off font-feature-clig-off font-feature-calt-off text-decoration-none text-strikethrough-none\">Durante questo periodo, la Spagna \u00e8 il paese pi\u00f9 colpito, <\/span><span class=\"a_GcMg font-feature-liga-off font-feature-clig-off font-feature-calt-off text-decoration-none text-strikethrough-none\">con<\/span> <span class=\"a_GcMg font-feature-liga-off font-feature-clig-off font-feature-calt-off text-decoration-none text-strikethrough-none\">97.219<\/span> <span class=\"a_GcMg font-feature-liga-off font-feature-clig-off font-feature-calt-off text-decoration-none text-strikethrough-none\">fulmini nuvola-terra.<\/span><\/p><p class=\"cvGsUA direction-ltr align-start para-style-body\"><span class=\"a_GcMg font-feature-liga-off font-feature-clig-off font-feature-calt-off text-decoration-none text-strikethrough-none\"><strong>L\u2019estate<\/strong>, con<\/span> <span class=\"a_GcMg font-feature-liga-off font-feature-clig-off font-feature-calt-off text-decoration-none text-strikethrough-none\">775.394<\/span> <span class=\"a_GcMg font-feature-liga-off font-feature-clig-off font-feature-calt-off text-decoration-none text-strikethrough-none\">fulmini nuvola-terra registrati, <\/span><span class=\"a_GcMg font-feature-liga-off font-feature-clig-off font-feature-calt-off text-decoration-none text-strikethrough-none\">si attesta come il periodo dell\u2019anno con la maggiore concentrazione, pari a oltre la met\u00e0 dell\u2019attivit\u00e0 annuale.<\/span><\/p><p><span class=\"a_GcMg font-feature-liga-off font-feature-clig-off font-feature-calt-off text-decoration-none text-strikethrough-none\">Sebbene i temporali si sviluppino principalmente lungo l\u2019asse classico Spagna &#8211; Francia &#8211; Germania, anche l\u2019Italia registra un\u2019attivit\u00e0 significativa, diventando il paese europeo pi\u00f9 colpito dai fulmini di tutta la stagione.<\/span><\/p><p class=\"cvGsUA direction-ltr align-start para-style-body\"><span class=\"a_GcMg font-feature-liga-off font-feature-clig-off font-feature-calt-off text-decoration-none text-strikethrough-none\">In <strong>autunno<\/strong> i temporali continuano soprattutto su:<\/span><\/p><ul><li><span class=\"a_GcMg font-feature-liga-off font-feature-clig-off font-feature-calt-off text-decoration-none text-strikethrough-none\">mari,<\/span><\/li><li><span class=\"a_GcMg font-feature-liga-off font-feature-clig-off font-feature-calt-off text-decoration-none text-strikethrough-none\">regioni costiere del Mediterraneo (Spagna orientale, Francia meridionale, Italia).<\/span><\/li><\/ul><p><span class=\"a_GcMg font-feature-liga-off font-feature-clig-off font-feature-calt-off text-decoration-none text-strikethrough-none\">L\u2019intensificazione locale del fenomeno si spiega con la persistenza di acque superficiali calde, mentre gli strati continentali inferiori si raffreddano pi\u00f9 rapidamente. Questo contrasto verticale di temperatura favorisce la convezione, rendendo i temporali talvolta intensi e molto piovosi, a seconda dei passaggi depressionari.<\/span><\/p>\t\t\t\t\t\t\t\t<\/div>\n\t\t\t\t<\/div>\n\t\t\t\t\t<\/div>\n\t\t\t\t<\/div>\n\t\t<div class=\"elementor-element elementor-element-66b64857 e-flex e-con-boxed e-con e-parent\" data-id=\"66b64857\" data-element_type=\"container\" data-e-type=\"container\">\n\t\t\t\t\t<div class=\"e-con-inner\">\n\t\t\t\t<div class=\"elementor-element elementor-element-752c3a96 elementor-widget-divider--view-line elementor-widget elementor-widget-divider\" data-id=\"752c3a96\" data-element_type=\"widget\" data-e-type=\"widget\" data-widget_type=\"divider.default\">\n\t\t\t\t<div class=\"elementor-widget-container\">\n\t\t\t\t\t\t\t<div class=\"elementor-divider\">\n\t\t\t<span class=\"elementor-divider-separator\">\n\t\t\t\t\t\t<\/span>\n\t\t<\/div>\n\t\t\t\t\t\t<\/div>\n\t\t\t\t<\/div>\n\t\t\t\t<div class=\"elementor-element elementor-element-009a34e elementor-widget elementor-widget-ube-fancy-text\" data-id=\"009a34e\" data-element_type=\"widget\" data-e-type=\"widget\" data-widget_type=\"ube-fancy-text.default\">\n\t\t\t\t<div class=\"elementor-widget-container\">\n\t\t\t\t\t<h3 data-text=\"[&quot;nel 2025&quot;,&quot;in Italia&quot;]\" data-additional-options=\"{&quot;animationDelay&quot;:null,&quot;typingLoop&quot;:true,&quot;typingCursor&quot;:true}\" class=\"ube-fancy-text ube-fancy-text-typing\">    <span class=\"ube-fancy-text-before\">Fatti significativi<\/span>\n<span class=\"ube-fancy-text-animated\">\n\t<\/span>\n<\/h3>\t\t\t\t<\/div>\n\t\t\t\t<\/div>\n\t\t\t\t<div class=\"elementor-element elementor-element-71fa48ab elementor-widget elementor-widget-heading\" data-id=\"71fa48ab\" data-element_type=\"widget\" data-e-type=\"widget\" data-widget_type=\"heading.default\">\n\t\t\t\t<div class=\"elementor-widget-container\">\n\t\t\t\t\t<h5 class=\"elementor-heading-title elementor-size-default\">2025, un anno con pochi fulmini <\/h5>\t\t\t\t<\/div>\n\t\t\t\t<\/div>\n\t\t\t\t<div class=\"elementor-element elementor-element-8003e1c elementor-widget elementor-widget-text-editor\" data-id=\"8003e1c\" data-element_type=\"widget\" data-e-type=\"widget\" data-widget_type=\"text-editor.default\">\n\t\t\t\t<div class=\"elementor-widget-container\">\n\t\t\t\t\t\t\t\t\t<p class=\"cvGsUA direction-ltr align-start para-style-body\"><span class=\"a_GcMg font-feature-liga-off font-feature-clig-off font-feature-calt-off text-decoration-none text-strikethrough-none\">Nel 2025 in Italia sono stati registrati<\/span> <strong><span class=\"a_GcMg font-feature-liga-off font-feature-clig-off font-feature-calt-off text-decoration-none text-strikethrough-none\">385.577<\/span> <\/strong><span class=\"a_GcMg font-feature-liga-off font-feature-clig-off font-feature-calt-off text-decoration-none text-strikethrough-none\"><strong>fulmini nuvola-terra<\/strong>, che mostrano un\u2019attivit\u00e0 temporalesca globalmente ridotta rispetto agli anni precedenti.<\/span><\/p>\t\t\t\t\t\t\t\t<\/div>\n\t\t\t\t<\/div>\n\t\t\t\t<div class=\"elementor-element elementor-element-447ae4fc elementor-widget elementor-widget-ube-chart\" data-id=\"447ae4fc\" data-element_type=\"widget\" data-e-type=\"widget\" data-widget_type=\"ube-chart.default\">\n\t\t\t\t<div class=\"elementor-widget-container\">\n\t\t\t\t\t<div  >\n    <canvas id=\"ube-chart-447ae4fc\" class=\"ube-chart\" data-chart-type=\"line\" data-chart-labels=\"[&quot;2016&quot;,&quot;2017&quot;,&quot;2018&quot;,&quot;2019&quot;,&quot;2020&quot;,&quot;2021&quot;,&quot;2022&quot;,&quot;2023&quot;,&quot;2024&quot;,&quot;2025&quot;]\" data-chart-options=\"{&quot;animation&quot;:{&quot;easing&quot;:&quot;linear&quot;},&quot;elements&quot;:{&quot;point&quot;:{&quot;pointStyle&quot;:&quot;rectRounded&quot;},&quot;line&quot;:{&quot;tension&quot;:0.5}},&quot;scales&quot;:{&quot;y&quot;:{&quot;ticks&quot;:{&quot;display&quot;:true,&quot;color&quot;:&quot;#01144A&quot;},&quot;grid&quot;:{&quot;display&quot;:false,&quot;drawBorder&quot;:false,&quot;drawTicks&quot;:false}},&quot;x&quot;:{&quot;ticks&quot;:{&quot;display&quot;:true,&quot;color&quot;:&quot;#01144A&quot;},&quot;grid&quot;:{&quot;display&quot;:false,&quot;drawBorder&quot;:false,&quot;drawTicks&quot;:false}}}}\" data-chart-datasets=\"[{&quot;label&quot;:&quot;Evoluzione del numero di fulmini nuvola-terra (CG) in Italia (2016\\u20132025)&quot;,&quot;data&quot;:[64176,479911,996578,633042,387599,439827,718135,648279,633236,385577],&quot;backgroundColor&quot;:&quot;#01144A&quot;,&quot;hoverBackgroundColor&quot;:&quot;#01144A&quot;,&quot;borderColor&quot;:&quot;#01103B&quot;,&quot;hoverBorderColor&quot;:&quot;#01103B&quot;,&quot;borderWidth&quot;:&quot;1&quot;,&quot;fill&quot;:true}]\" data-chart-additional-options=\"{&quot;chatId&quot;:&quot;ube-chart-447ae4fc&quot;}\" height=\"200\"><\/canvas>\n<\/div>\t\t\t\t<\/div>\n\t\t\t\t<\/div>\n\t\t\t\t\t<\/div>\n\t\t\t\t<\/div>\n\t\t<div class=\"elementor-element elementor-element-1f0b234d e-flex e-con-boxed e-con e-parent\" data-id=\"1f0b234d\" data-element_type=\"container\" data-e-type=\"container\">\n\t\t\t\t\t<div class=\"e-con-inner\">\n\t\t<div class=\"elementor-element elementor-element-27aece9a e-con-full e-flex e-con e-child\" data-id=\"27aece9a\" data-element_type=\"container\" data-e-type=\"container\">\n\t\t\t\t<div class=\"elementor-element elementor-element-2368dd6d elementor-widget elementor-widget-text-editor\" data-id=\"2368dd6d\" data-element_type=\"widget\" data-e-type=\"widget\" data-widget_type=\"text-editor.default\">\n\t\t\t\t<div class=\"elementor-widget-container\">\n\t\t\t\t\t\t\t\t\t<p class=\"cvGsUA direction-ltr align-start para-style-body\"><span class=\"a_GcMg font-feature-liga-off font-feature-clig-off font-feature-calt-off text-decoration-none text-strikethrough-none\">Mentre la primavera \u00e8 rimasta calma, la maggior parte dell\u2019attivit\u00e0 si \u00e8 concentrata in estate, alimentata da numerosi temporali orografici. L\u2019autunno, infine, ha fatto registrare pochissimi fulmini, tanto da diventare una delle stagioni meno elettriche dall\u2019inizio del secolo.<\/span><\/p>\t\t\t\t\t\t\t\t<\/div>\n\t\t\t\t<\/div>\n\t\t\t\t<\/div>\n\t\t<div class=\"elementor-element elementor-element-67829af e-con-full e-flex e-con e-child\" data-id=\"67829af\" data-element_type=\"container\" data-e-type=\"container\">\n\t\t\t\t<div class=\"elementor-element elementor-element-62ed177d elementor-widget elementor-widget-image\" data-id=\"62ed177d\" data-element_type=\"widget\" data-e-type=\"widget\" data-widget_type=\"image.default\">\n\t\t\t\t<div class=\"elementor-widget-container\">\n\t\t\t\t\t\t\t\t\t\t\t\t\t\t\t\t<a href=\"https:\/\/www.meteorage.com\/wp-content\/uploads\/2026\/01\/IT_Meteorage-Reportdifulmini2025-scaled.webp\" data-elementor-open-lightbox=\"yes\" data-e-action-hash=\"#elementor-action%3Aaction%3Dlightbox%26settings%3DeyJpZCI6NTA5NTcsInVybCI6ZmFsc2V9\">\n\t\t\t\t\t\t\t<img decoding=\"async\" src=\"https:\/\/www.meteorage.com\/wp-content\/uploads\/2026\/01\/IT_Meteorage-Reportdifulmini2025-scaled.webp\" title=\"\" alt=\"\" loading=\"lazy\" \/>\t\t\t\t\t\t\t\t<\/a>\n\t\t\t\t\t\t\t\t\t\t\t\t\t\t\t<\/div>\n\t\t\t\t<\/div>\n\t\t\t\t<\/div>\n\t\t\t\t\t<\/div>\n\t\t\t\t<\/div>\n\t\t<div class=\"elementor-element elementor-element-6ef176a6 e-flex e-con-boxed e-con e-parent\" data-id=\"6ef176a6\" data-element_type=\"container\" data-e-type=\"container\">\n\t\t\t\t\t<div class=\"e-con-inner\">\n\t\t\t\t<div class=\"elementor-element elementor-element-4f3a98f elementor-widget-divider--view-line elementor-widget elementor-widget-divider\" data-id=\"4f3a98f\" data-element_type=\"widget\" data-e-type=\"widget\" data-widget_type=\"divider.default\">\n\t\t\t\t<div class=\"elementor-widget-container\">\n\t\t\t\t\t\t\t<div class=\"elementor-divider\">\n\t\t\t<span class=\"elementor-divider-separator\">\n\t\t\t\t\t\t<\/span>\n\t\t<\/div>\n\t\t\t\t\t\t<\/div>\n\t\t\t\t<\/div>\n\t\t\t\t\t<\/div>\n\t\t\t\t<\/div>\n\t\t<div class=\"elementor-element elementor-element-89a114c e-flex e-con-boxed e-con e-parent\" data-id=\"89a114c\" data-element_type=\"container\" data-e-type=\"container\">\n\t\t\t\t\t<div class=\"e-con-inner\">\n\t\t\t\t<div class=\"elementor-element elementor-element-d6e15d2 elementor-widget elementor-widget-spacer\" data-id=\"d6e15d2\" data-element_type=\"widget\" data-e-type=\"widget\" data-widget_type=\"spacer.default\">\n\t\t\t\t<div class=\"elementor-widget-container\">\n\t\t\t\t\t\t\t<div class=\"elementor-spacer\">\n\t\t\t<div class=\"elementor-spacer-inner\"><\/div>\n\t\t<\/div>\n\t\t\t\t\t\t<\/div>\n\t\t\t\t<\/div>\n\t\t\t\t<div class=\"elementor-element elementor-element-d6bfc71 elementor-widget elementor-widget-heading\" data-id=\"d6bfc71\" data-element_type=\"widget\" data-e-type=\"widget\" data-widget_type=\"heading.default\">\n\t\t\t\t<div class=\"elementor-widget-container\">\n\t\t\t\t\t<h3 class=\"elementor-heading-title elementor-size-default\">Top 10 dei Regioni con pi\u00f9 folgorazioni<\/h3>\t\t\t\t<\/div>\n\t\t\t\t<\/div>\n\t\t\t\t\t<\/div>\n\t\t\t\t<\/div>\n\t\t<div class=\"elementor-element elementor-element-afc0d8c e-flex e-con-boxed e-con e-parent\" data-id=\"afc0d8c\" data-element_type=\"container\" data-e-type=\"container\">\n\t\t\t\t\t<div class=\"e-con-inner\">\n\t\t<div class=\"elementor-element elementor-element-6bcf5db e-con-full e-flex e-con e-child\" data-id=\"6bcf5db\" data-element_type=\"container\" data-e-type=\"container\">\n\t\t\t\t<div class=\"elementor-element elementor-element-4a41331 elementor-widget elementor-widget-heading\" data-id=\"4a41331\" data-element_type=\"widget\" data-e-type=\"widget\" data-widget_type=\"heading.default\">\n\t\t\t\t<div class=\"elementor-widget-container\">\n\t\t\t\t\t<h4 class=\"elementor-heading-title elementor-size-default\">per numero di fulmini nuvola-terra (CG)  \n<\/h4>\t\t\t\t<\/div>\n\t\t\t\t<\/div>\n\t\t\t\t<div class=\"elementor-element elementor-element-764a494 elementor-widget elementor-widget-text-editor\" data-id=\"764a494\" data-element_type=\"widget\" data-e-type=\"widget\" data-widget_type=\"text-editor.default\">\n\t\t\t\t<div class=\"elementor-widget-container\">\n\t\t\t\t\t\t\t\t\t<p><em>Spostarsi sulle barre del diagramma per visualizzare i valori indicati.<\/em><\/p>\t\t\t\t\t\t\t\t<\/div>\n\t\t\t\t<\/div>\n\t\t\t\t<div class=\"elementor-element elementor-element-70357ca elementor-widget__width-inherit elementor-widget elementor-widget-ube-chart\" data-id=\"70357ca\" data-element_type=\"widget\" data-e-type=\"widget\" data-widget_type=\"ube-chart.default\">\n\t\t\t\t<div class=\"elementor-widget-container\">\n\t\t\t\t\t<div  >\n    <canvas id=\"ube-chart-70357ca\" class=\"ube-chart\" data-chart-type=\"bar\" data-chart-labels=\"[&quot;01. Toscana&quot;,&quot;02. Lombardia&quot;,&quot;03. Sicilia&quot;,&quot;04. Veneto&quot;,&quot;05. Lazio&quot;,&quot;06. Piemonte&quot;,&quot;07. Emilia-Romagna&quot;,&quot;08. Campania&quot;,&quot;09. Calabria&quot;,&quot;10. Friuli Venezia Giulia&quot;]\" data-chart-options=\"{&quot;scales&quot;:{&quot;y&quot;:{&quot;ticks&quot;:{&quot;display&quot;:true},&quot;grid&quot;:{&quot;display&quot;:false,&quot;drawBorder&quot;:true,&quot;drawTicks&quot;:true}},&quot;x&quot;:{&quot;ticks&quot;:{&quot;display&quot;:true},&quot;grid&quot;:{&quot;display&quot;:false,&quot;drawBorder&quot;:true,&quot;drawTicks&quot;:true}}},&quot;indexAxis&quot;:&quot;y&quot;}\" data-chart-datasets=\"[{&quot;label&quot;:&quot;Numero di fulmini nuvola-terra (CG)&quot;,&quot;data&quot;:[39423,36787,34606,33552,32129,28445,22938,19581,16326,16308],&quot;backgroundColor&quot;:&quot;#01144A&quot;,&quot;hoverBackgroundColor&quot;:&quot;#01144A&quot;,&quot;borderColor&quot;:&quot;#01144A&quot;,&quot;hoverBorderColor&quot;:&quot;#01144A&quot;,&quot;borderWidth&quot;:1,&quot;fill&quot;:true}]\" data-chart-additional-options=\"{&quot;chatId&quot;:&quot;ube-chart-70357ca&quot;}\" height=\"500\"><\/canvas>\n<\/div>\t\t\t\t<\/div>\n\t\t\t\t<\/div>\n\t\t\t\t<\/div>\n\t\t<div class=\"elementor-element elementor-element-d71acdd e-con-full e-flex e-con e-child\" data-id=\"d71acdd\" data-element_type=\"container\" data-e-type=\"container\">\n\t\t\t\t<div class=\"elementor-element elementor-element-aaae101 elementor-widget elementor-widget-heading\" data-id=\"aaae101\" data-element_type=\"widget\" data-e-type=\"widget\" data-widget_type=\"heading.default\">\n\t\t\t\t<div class=\"elementor-widget-container\">\n\t\t\t\t\t<h4 class=\"elementor-heading-title elementor-size-default\">per densit\u00e0 di folgorazione \ndi fulmini nuvola-terra (CG) per km2 all\u2019anno<\/h4>\t\t\t\t<\/div>\n\t\t\t\t<\/div>\n\t\t\t\t<div class=\"elementor-element elementor-element-05d880f elementor-widget elementor-widget-spacer\" data-id=\"05d880f\" data-element_type=\"widget\" data-e-type=\"widget\" data-widget_type=\"spacer.default\">\n\t\t\t\t<div class=\"elementor-widget-container\">\n\t\t\t\t\t\t\t<div class=\"elementor-spacer\">\n\t\t\t<div class=\"elementor-spacer-inner\"><\/div>\n\t\t<\/div>\n\t\t\t\t\t\t<\/div>\n\t\t\t\t<\/div>\n\t\t\t\t<div class=\"elementor-element elementor-element-b1e8d23 elementor-widget elementor-widget-html\" data-id=\"b1e8d23\" data-element_type=\"widget\" data-e-type=\"widget\" data-widget_type=\"html.default\">\n\t\t\t\t<div class=\"elementor-widget-container\">\n\t\t\t\t\t<table>\r\n  \r\n  <\/thead>\r\n  <tbody>\r\n    <tr>\r\n      <td>01. Veneto<\/td>\r\n      <td>4,43<\/td>\r\n    <\/tr>\r\n    <tr>\r\n      <td>02. Lombardia<\/td>\r\n      <td>3,85<\/td>\r\n    <\/tr>\r\n     <tr>\r\n      <td>03. Friuli Venezia Giulia<\/td>\r\n      <td>3,16<\/td>\r\n    <\/tr>\r\n     <tr>\r\n      <td>04. Piemonte<\/td>\r\n      <td>2,88<\/td>\r\n    <\/tr>\r\n     <tr>\r\n      <td>05. Emilia-Romagna<\/td>\r\n      <td>2,41<\/td>\r\n    <\/tr>\r\n     <tr>\r\n      <td>06. Molise<\/td>\r\n      <td>2,22<\/td>\r\n    <\/tr>\r\n     <tr>\r\n      <td>07. Marche<\/td>\r\n      <td>1,99<\/td>\r\n    <\/tr>\r\n     <tr>\r\n      <td>08. Liguria<\/td>\r\n      <td>1,92<\/td>\r\n    <\/tr>\r\n     <tr>\r\n      <td>09. Campania<\/td>\r\n      <td>1,83<\/td>\r\n    <\/tr>\r\n     <tr>\r\n      <td>10. Trentino-Alto Adige<\/td>\r\n      <td>1,71<\/td>\r\n    <\/tr>\r\n  <\/tbody>\r\n<\/table>\r\n<style>\r\n  table {\r\n    width: 100%;\r\n    border-collapse: collapse;\r\n  }\r\n  th, td {\r\n    border: 1px solid #ddd;\r\n    padding: 8px;\r\n  }\r\n  th {\r\n    background-color: #f4f7fc;\r\n    text-align: left;\r\n  }\r\n  tr:nth-child(even) {\r\n    background-color: #f4f7fc;\r\n}\r\n<\/style>\r\n\t\t\t\t<\/div>\n\t\t\t\t<\/div>\n\t\t\t\t<\/div>\n\t\t\t\t\t<\/div>\n\t\t\t\t<\/div>\n\t\t<div class=\"elementor-element elementor-element-a209c13 e-flex e-con-boxed e-con e-parent\" data-id=\"a209c13\" data-element_type=\"container\" data-e-type=\"container\">\n\t\t\t\t\t<div class=\"e-con-inner\">\n\t\t\t\t<div class=\"elementor-element elementor-element-36cf743 elementor-widget elementor-widget-spacer\" data-id=\"36cf743\" data-element_type=\"widget\" data-e-type=\"widget\" data-widget_type=\"spacer.default\">\n\t\t\t\t<div class=\"elementor-widget-container\">\n\t\t\t\t\t\t\t<div class=\"elementor-spacer\">\n\t\t\t<div class=\"elementor-spacer-inner\"><\/div>\n\t\t<\/div>\n\t\t\t\t\t\t<\/div>\n\t\t\t\t<\/div>\n\t\t\t\t<div class=\"elementor-element elementor-element-8ecba63 elementor-widget elementor-widget-heading\" data-id=\"8ecba63\" data-element_type=\"widget\" data-e-type=\"widget\" data-widget_type=\"heading.default\">\n\t\t\t\t<div class=\"elementor-widget-container\">\n\t\t\t\t\t<h3 class=\"elementor-heading-title elementor-size-default\">Top 10 dei Province con pi\u00f9 folgorazioni<\/h3>\t\t\t\t<\/div>\n\t\t\t\t<\/div>\n\t\t\t\t\t<\/div>\n\t\t\t\t<\/div>\n\t\t<div class=\"elementor-element elementor-element-c4423b1 e-flex e-con-boxed e-con e-parent\" data-id=\"c4423b1\" data-element_type=\"container\" data-e-type=\"container\">\n\t\t\t\t\t<div class=\"e-con-inner\">\n\t\t<div class=\"elementor-element elementor-element-66f16ec e-con-full e-flex e-con e-child\" data-id=\"66f16ec\" data-element_type=\"container\" data-e-type=\"container\">\n\t\t\t\t<div class=\"elementor-element elementor-element-d3bbe0e elementor-widget elementor-widget-heading\" data-id=\"d3bbe0e\" data-element_type=\"widget\" data-e-type=\"widget\" data-widget_type=\"heading.default\">\n\t\t\t\t<div class=\"elementor-widget-container\">\n\t\t\t\t\t<h4 class=\"elementor-heading-title elementor-size-default\">per numero di fulmini nuvola-terra (CG)  <\/h4>\t\t\t\t<\/div>\n\t\t\t\t<\/div>\n\t\t\t\t<div class=\"elementor-element elementor-element-bbf509d elementor-widget elementor-widget-text-editor\" data-id=\"bbf509d\" data-element_type=\"widget\" data-e-type=\"widget\" data-widget_type=\"text-editor.default\">\n\t\t\t\t<div class=\"elementor-widget-container\">\n\t\t\t\t\t\t\t\t\t<p><em>Spostarsi sulle barre del diagramma per visualizzare i valori indicati.<\/em><\/p>\t\t\t\t\t\t\t\t<\/div>\n\t\t\t\t<\/div>\n\t\t\t\t<div class=\"elementor-element elementor-element-9f7f245 elementor-widget__width-inherit elementor-widget elementor-widget-ube-chart\" data-id=\"9f7f245\" data-element_type=\"widget\" data-e-type=\"widget\" data-widget_type=\"ube-chart.default\">\n\t\t\t\t<div class=\"elementor-widget-container\">\n\t\t\t\t\t<div  >\n    <canvas id=\"ube-chart-9f7f245\" class=\"ube-chart\" data-chart-type=\"bar\" data-chart-labels=\"[&quot;01. Grosseto&quot;,&quot;02. Perugia&quot;,&quot;03. Roma&quot;,&quot;04. Brescia&quot;,&quot;05. Udine&quot;,&quot;06. Frosinone&quot;,&quot;07. Potenza&quot;,&quot;08. Bergamo&quot;,&quot;09. L&#039;Aquila&quot;,&quot;10. Genova&quot;]\" data-chart-options=\"{&quot;plugins&quot;:{&quot;legend&quot;:{&quot;display&quot;:false}},&quot;scales&quot;:{&quot;y&quot;:{&quot;ticks&quot;:{&quot;display&quot;:true},&quot;grid&quot;:{&quot;display&quot;:false,&quot;drawBorder&quot;:true,&quot;drawTicks&quot;:true}},&quot;x&quot;:{&quot;ticks&quot;:{&quot;display&quot;:true},&quot;grid&quot;:{&quot;display&quot;:false,&quot;drawBorder&quot;:true,&quot;drawTicks&quot;:true}}},&quot;indexAxis&quot;:&quot;y&quot;}\" data-chart-datasets=\"[{&quot;label&quot;:&quot;Numero di fulmini nuvola-terra (CG)  &quot;,&quot;data&quot;:[11549,9610,8912,8848,8349,7990,7977,7275,6900],&quot;backgroundColor&quot;:&quot;#1621C1&quot;,&quot;hoverBackgroundColor&quot;:&quot;#01144A&quot;,&quot;borderColor&quot;:&quot;#FFE98F&quot;,&quot;hoverBorderColor&quot;:&quot;#FFE98F&quot;,&quot;borderWidth&quot;:1,&quot;fill&quot;:true}]\" data-chart-additional-options=\"{&quot;chatId&quot;:&quot;ube-chart-9f7f245&quot;}\" height=\"500\"><\/canvas>\n<\/div>\t\t\t\t<\/div>\n\t\t\t\t<\/div>\n\t\t\t\t<\/div>\n\t\t<div class=\"elementor-element elementor-element-44c02e1 e-con-full e-flex e-con e-child\" data-id=\"44c02e1\" data-element_type=\"container\" data-e-type=\"container\">\n\t\t\t\t<div class=\"elementor-element elementor-element-a5017cf elementor-widget elementor-widget-heading\" data-id=\"a5017cf\" data-element_type=\"widget\" data-e-type=\"widget\" data-widget_type=\"heading.default\">\n\t\t\t\t<div class=\"elementor-widget-container\">\n\t\t\t\t\t<h4 class=\"elementor-heading-title elementor-size-default\">per densit\u00e0 di folgorazione \ndi fulmini nuvola-terra (CG) per km2 all\u2019anno<\/h4>\t\t\t\t<\/div>\n\t\t\t\t<\/div>\n\t\t\t\t<div class=\"elementor-element elementor-element-62f8930 elementor-widget elementor-widget-spacer\" data-id=\"62f8930\" data-element_type=\"widget\" data-e-type=\"widget\" data-widget_type=\"spacer.default\">\n\t\t\t\t<div class=\"elementor-widget-container\">\n\t\t\t\t\t\t\t<div class=\"elementor-spacer\">\n\t\t\t<div class=\"elementor-spacer-inner\"><\/div>\n\t\t<\/div>\n\t\t\t\t\t\t<\/div>\n\t\t\t\t<\/div>\n\t\t\t\t<div class=\"elementor-element elementor-element-3c6ff3f elementor-widget elementor-widget-html\" data-id=\"3c6ff3f\" data-element_type=\"widget\" data-e-type=\"widget\" data-widget_type=\"html.default\">\n\t\t\t\t<div class=\"elementor-widget-container\">\n\t\t\t\t\t<table>\r\n  \r\n  <\/thead>\r\n  <tbody>\r\n    <tr>\r\n      <td>01. Lecco<\/td>\r\n      <td>7,73<\/td>\r\n    <\/tr>\r\n    <tr>\r\n      <td>02. Treviso<\/td>\r\n      <td>6,92<\/td>\r\n    <\/tr>\r\n     <tr>\r\n      <td>03. Bergamo<\/td>\r\n      <td>5,76<\/td>\r\n    <\/tr>\r\n     <tr>\r\n      <td>04. Monza e della Brianza<\/td>\r\n      <td>5,22<\/td>\r\n    <\/tr>\r\n     <tr>\r\n      <td>05. Vicenza<\/td>\r\n      <td>4,91<\/td>\r\n    <\/tr>\r\n     <tr>\r\n      <td>06. Rovigo<\/td>\r\n      <td>4,87<\/td>\r\n    <\/tr>\r\n     <tr>\r\n      <td>07. Como<\/td>\r\n      <td>4,86<\/td>\r\n    <\/tr>\r\n     <tr>\r\n      <td>08. Milano<\/td>\r\n      <td>4,71<\/td>\r\n    <\/tr>\r\n     <tr>\r\n      <td>09. Padova<\/td>\r\n      <td>4,59<\/td>\r\n    <\/tr>\r\n     <tr>\r\n      <td>10. Verona<\/td>\r\n      <td>4,49<\/td>\r\n    <\/tr>\r\n  <\/tbody>\r\n<\/table>\r\n<style>\r\n  table {\r\n    width: 100%;\r\n    border-collapse: collapse;\r\n  }\r\n  th, td {\r\n    border: 1px solid #ddd;\r\n    padding: 8px;\r\n  }\r\n  th {\r\n    background-color: #f4f7fc;\r\n    text-align: left;\r\n  }\r\n  tr:nth-child(even) {\r\n    background-color: #f4f7fc;\r\n}\r\n<\/style>\r\n\t\t\t\t<\/div>\n\t\t\t\t<\/div>\n\t\t\t\t<\/div>\n\t\t\t\t\t<\/div>\n\t\t\t\t<\/div>\n\t\t<div class=\"elementor-element elementor-element-46aae23 e-flex e-con-boxed e-con e-parent\" data-id=\"46aae23\" data-element_type=\"container\" data-e-type=\"container\">\n\t\t\t\t\t<div class=\"e-con-inner\">\n\t\t\t\t<div class=\"elementor-element elementor-element-707648a elementor-widget elementor-widget-spacer\" data-id=\"707648a\" data-element_type=\"widget\" data-e-type=\"widget\" data-widget_type=\"spacer.default\">\n\t\t\t\t<div class=\"elementor-widget-container\">\n\t\t\t\t\t\t\t<div class=\"elementor-spacer\">\n\t\t\t<div class=\"elementor-spacer-inner\"><\/div>\n\t\t<\/div>\n\t\t\t\t\t\t<\/div>\n\t\t\t\t<\/div>\n\t\t\t\t<div class=\"elementor-element elementor-element-1d00c45 elementor-widget elementor-widget-heading\" data-id=\"1d00c45\" data-element_type=\"widget\" data-e-type=\"widget\" data-widget_type=\"heading.default\">\n\t\t\t\t<div class=\"elementor-widget-container\">\n\t\t\t\t\t<h3 class=\"elementor-heading-title elementor-size-default\">Top 10 dei Comuni con pi\u00f9 folgorazioni<\/h3>\t\t\t\t<\/div>\n\t\t\t\t<\/div>\n\t\t\t\t\t<\/div>\n\t\t\t\t<\/div>\n\t\t<div class=\"elementor-element elementor-element-386d85c e-flex e-con-boxed e-con e-parent\" data-id=\"386d85c\" data-element_type=\"container\" data-e-type=\"container\">\n\t\t\t\t\t<div class=\"e-con-inner\">\n\t\t<div class=\"elementor-element elementor-element-73ef091 e-con-full e-flex e-con e-child\" data-id=\"73ef091\" data-element_type=\"container\" data-e-type=\"container\">\n\t\t\t\t<div class=\"elementor-element elementor-element-b64017f elementor-widget elementor-widget-heading\" data-id=\"b64017f\" data-element_type=\"widget\" data-e-type=\"widget\" data-widget_type=\"heading.default\">\n\t\t\t\t<div class=\"elementor-widget-container\">\n\t\t\t\t\t<h4 class=\"elementor-heading-title elementor-size-default\">per numero di fulmini nuvola-terra (CG)  <\/h4>\t\t\t\t<\/div>\n\t\t\t\t<\/div>\n\t\t\t\t<div class=\"elementor-element elementor-element-ae897c9 elementor-widget elementor-widget-text-editor\" data-id=\"ae897c9\" data-element_type=\"widget\" data-e-type=\"widget\" data-widget_type=\"text-editor.default\">\n\t\t\t\t<div class=\"elementor-widget-container\">\n\t\t\t\t\t\t\t\t\t<p><em>Spostarsi sulle barre del diagramma per visualizzare i valori indicati.<\/em><\/p>\t\t\t\t\t\t\t\t<\/div>\n\t\t\t\t<\/div>\n\t\t\t\t<div class=\"elementor-element elementor-element-c682980 elementor-widget__width-inherit elementor-widget elementor-widget-ube-chart\" data-id=\"c682980\" data-element_type=\"widget\" data-e-type=\"widget\" data-widget_type=\"ube-chart.default\">\n\t\t\t\t<div class=\"elementor-widget-container\">\n\t\t\t\t\t<div  >\n    <canvas id=\"ube-chart-c682980\" class=\"ube-chart\" data-chart-type=\"bar\" data-chart-labels=\"[&quot;01. Genova&quot;,&quot;02. Manciano&quot;,&quot;03. Roma&quot;,&quot;04. Grosseto&quot;,&quot;05. Orbetello&quot;,&quot;06. Venezia&quot;,&quot;07. Spoleto&quot;,&quot;08. Noto&quot;,&quot;09. Ravenna&quot;,&quot;10. Enna&quot;]\" data-chart-options=\"{&quot;plugins&quot;:{&quot;legend&quot;:{&quot;display&quot;:false}},&quot;scales&quot;:{&quot;y&quot;:{&quot;ticks&quot;:{&quot;display&quot;:true},&quot;grid&quot;:{&quot;display&quot;:false,&quot;drawBorder&quot;:true,&quot;drawTicks&quot;:true}},&quot;x&quot;:{&quot;ticks&quot;:{&quot;display&quot;:true},&quot;grid&quot;:{&quot;display&quot;:false,&quot;drawBorder&quot;:true,&quot;drawTicks&quot;:true}}},&quot;indexAxis&quot;:&quot;y&quot;}\" data-chart-datasets=\"[{&quot;label&quot;:&quot;Numero di fulmini nuvola-terra (CG)  &quot;,&quot;data&quot;:[1324,1190,1119,1075,970,834,824,792,752,738],&quot;backgroundColor&quot;:&quot;#8188EC&quot;,&quot;hoverBackgroundColor&quot;:&quot;#01144A&quot;,&quot;borderColor&quot;:&quot;#8188EC&quot;,&quot;hoverBorderColor&quot;:&quot;#8188EC&quot;,&quot;borderWidth&quot;:1,&quot;fill&quot;:true}]\" data-chart-additional-options=\"{&quot;chatId&quot;:&quot;ube-chart-c682980&quot;}\" height=\"500\"><\/canvas>\n<\/div>\t\t\t\t<\/div>\n\t\t\t\t<\/div>\n\t\t\t\t<\/div>\n\t\t<div class=\"elementor-element elementor-element-f19fd50 e-con-full e-flex e-con e-child\" data-id=\"f19fd50\" data-element_type=\"container\" data-e-type=\"container\">\n\t\t\t\t<div class=\"elementor-element elementor-element-a0b3872 elementor-widget elementor-widget-heading\" data-id=\"a0b3872\" data-element_type=\"widget\" data-e-type=\"widget\" data-widget_type=\"heading.default\">\n\t\t\t\t<div class=\"elementor-widget-container\">\n\t\t\t\t\t<h4 class=\"elementor-heading-title elementor-size-default\">per densit\u00e0 di folgorazione \ndi fulmini nuvola-terra (CG) per km2 all\u2019anno<\/h4>\t\t\t\t<\/div>\n\t\t\t\t<\/div>\n\t\t\t\t<div class=\"elementor-element elementor-element-8f8c9db elementor-widget elementor-widget-spacer\" data-id=\"8f8c9db\" data-element_type=\"widget\" data-e-type=\"widget\" data-widget_type=\"spacer.default\">\n\t\t\t\t<div class=\"elementor-widget-container\">\n\t\t\t\t\t\t\t<div class=\"elementor-spacer\">\n\t\t\t<div class=\"elementor-spacer-inner\"><\/div>\n\t\t<\/div>\n\t\t\t\t\t\t<\/div>\n\t\t\t\t<\/div>\n\t\t\t\t<div class=\"elementor-element elementor-element-f70fe3b elementor-widget elementor-widget-html\" data-id=\"f70fe3b\" data-element_type=\"widget\" data-e-type=\"widget\" data-widget_type=\"html.default\">\n\t\t\t\t<div class=\"elementor-widget-container\">\n\t\t\t\t\t<table>\r\n  \r\n  <\/thead>\r\n  <tbody>\r\n    <tr>\r\n      <td>01. Samone<\/td>\r\n      <td>18,03<\/td>\r\n    <\/tr>\r\n    <tr>\r\n      <td>02. Ballabio<\/td>\r\n      <td>16,37<\/td>\r\n    <\/tr>\r\n     <tr>\r\n      <td>03. Pecetto Torinese<\/td>\r\n      <td>14,46<\/td>\r\n    <\/tr>\r\n     <tr>\r\n      <td>04. Veleso<\/td>\r\n      <td>13,95<\/td>\r\n    <\/tr>\r\n     <tr>\r\n      <td>05. Roncola<\/td>\r\n      <td>13,77<\/td>\r\n    <\/tr>\r\n     <tr>\r\n      <td>06. Aviatico<\/td>\r\n      <td>13,74<\/td>\r\n    <\/tr>\r\n     <tr>\r\n      <td>07. Torino<\/td>\r\n      <td>13,64<\/td>\r\n    <\/tr>\r\n     <tr>\r\n      <td>08. Giavera del Montello<\/td>\r\n      <td>13,35<\/td>\r\n    <\/tr>\r\n     <tr>\r\n      <td>09. Selvino<\/td>\r\n      <td>13,13<\/td>\r\n    <\/tr>\r\n     <tr>\r\n      <td>10. Borgaro Torinese<\/td>\r\n      <td>13,11<\/td>\r\n    <\/tr>\r\n  <\/tbody>\r\n<\/table>\r\n<style>\r\n  table {\r\n    width: 100%;\r\n    border-collapse: collapse;\r\n  }\r\n  th, td {\r\n    border: 1px solid #ddd;\r\n    padding: 8px;\r\n  }\r\n  th {\r\n    background-color: #f4f7fc;\r\n    text-align: left;\r\n  }\r\n  tr:nth-child(even) {\r\n    background-color: #f4f7fc;\r\n}\r\n<\/style>\r\n\t\t\t\t<\/div>\n\t\t\t\t<\/div>\n\t\t\t\t<\/div>\n\t\t\t\t\t<\/div>\n\t\t\t\t<\/div>\n\t\t<div class=\"elementor-element elementor-element-a99e95a e-flex e-con-boxed e-con e-parent\" data-id=\"a99e95a\" data-element_type=\"container\" data-e-type=\"container\">\n\t\t\t\t\t<div class=\"e-con-inner\">\n\t\t\t\t<div class=\"elementor-element elementor-element-75be38a elementor-widget elementor-widget-spacer\" data-id=\"75be38a\" data-element_type=\"widget\" data-e-type=\"widget\" data-widget_type=\"spacer.default\">\n\t\t\t\t<div class=\"elementor-widget-container\">\n\t\t\t\t\t\t\t<div class=\"elementor-spacer\">\n\t\t\t<div class=\"elementor-spacer-inner\"><\/div>\n\t\t<\/div>\n\t\t\t\t\t\t<\/div>\n\t\t\t\t<\/div>\n\t\t\t\t\t<\/div>\n\t\t\t\t<\/div>\n\t\t<div class=\"elementor-element elementor-element-788c48f4 e-flex e-con-boxed e-con e-parent\" data-id=\"788c48f4\" data-element_type=\"container\" data-e-type=\"container\" data-settings=\"{&quot;background_background&quot;:&quot;classic&quot;}\">\n\t\t\t\t\t<div class=\"e-con-inner\">\n\t\t<div class=\"elementor-element elementor-element-1ab1c64e e-flex e-con-boxed e-con e-child\" data-id=\"1ab1c64e\" data-element_type=\"container\" data-e-type=\"container\">\n\t\t\t\t\t<div class=\"e-con-inner\">\n\t\t\t\t<div class=\"elementor-element elementor-element-614f30c elementor-widget elementor-widget-heading\" data-id=\"614f30c\" data-element_type=\"widget\" data-e-type=\"widget\" data-widget_type=\"heading.default\">\n\t\t\t\t<div class=\"elementor-widget-container\">\n\t\t\t\t\t<h2 class=\"elementor-heading-title elementor-size-default\">2025, un anno tranquillo, ma con conseguenze tangibili.<\/h2>\t\t\t\t<\/div>\n\t\t\t\t<\/div>\n\t\t\t\t\t<\/div>\n\t\t\t\t<\/div>\n\t\t<div class=\"elementor-element elementor-element-51642412 e-con-full e-flex e-con e-child\" data-id=\"51642412\" data-element_type=\"container\" data-e-type=\"container\" data-settings=\"{&quot;background_background&quot;:&quot;classic&quot;}\">\n\t\t\t\t<div class=\"elementor-element elementor-element-753fdb87 elementor-widget elementor-widget-heading\" data-id=\"753fdb87\" data-element_type=\"widget\" data-e-type=\"widget\" data-widget_type=\"heading.default\">\n\t\t\t\t<div class=\"elementor-widget-container\">\n\t\t\t\t\t<h4 class=\"elementor-heading-title elementor-size-default\">Incidenti notevoli nel 2025<\/h4>\t\t\t\t<\/div>\n\t\t\t\t<\/div>\n\t\t\t\t<div class=\"elementor-element elementor-element-3d6647a6 elementor-widget elementor-widget-text-editor\" data-id=\"3d6647a6\" data-element_type=\"widget\" data-e-type=\"widget\" data-widget_type=\"text-editor.default\">\n\t\t\t\t<div class=\"elementor-widget-container\">\n\t\t\t\t\t\t\t\t\t<p class=\"cvGsUA direction-ltr align-start para-style-body\"><span class=\"a_GcMg font-feature-liga-off font-feature-clig-off font-feature-calt-off text-decoration-none text-strikethrough-none\"><strong>Energia<\/strong>: <\/span><span class=\"a_GcMg font-feature-liga-off font-feature-clig-off font-feature-calt-off text-decoration-none text-strikethrough-none\">pale eoliche danneggiate o distrutte da fulmini nei Paesi Bassi, in Spagna e in Francia, con conseguenti incendi e gravi perdite economiche.<\/span><\/p><p><span class=\"a_GcMg font-feature-liga-off font-feature-clig-off font-feature-calt-off text-decoration-none text-strikethrough-none\"><strong>Trasporti<\/strong>: <\/span><span class=\"a_GcMg font-feature-liga-off font-feature-clig-off font-feature-calt-off text-decoration-none text-strikethrough-none\">ritardi e interruzioni del traffico aereo (aeroporti parigini di Orly e CDG) e ferroviario in Francia, Germania e Regno Unito, a seguito di impatti sui sistemi di segnalazione.<\/span><\/p><p><span class=\"a_GcMg font-feature-liga-off font-feature-clig-off font-feature-calt-off text-decoration-none text-strikethrough-none\"><strong>Industria<\/strong>: <\/span><span class=\"a_GcMg font-feature-liga-off font-feature-clig-off font-feature-calt-off text-decoration-none text-strikethrough-none\">interruzioni dell\u2019attivit\u00e0 e danni materiali a seguito di impatti diretti su stabilimenti industriali (in Francia, una distilleria nella regione della Charente e vari opifici in quella dell\u2019Eure) e infrastrutture per il tempo libero (una funicolare in Italia).<\/span><\/p><p><span class=\"a_GcMg font-feature-liga-off font-feature-clig-off font-feature-calt-off text-decoration-none text-strikethrough-none\"><strong>Agricoltura<\/strong>: <\/span><span class=\"a_GcMg font-feature-liga-off font-feature-clig-off font-feature-calt-off text-decoration-none text-strikethrough-none\">mortalit\u00e0 talvolta collettiva del bestiame in Spagna e Irlanda.<\/span><\/p><p><span class=\"a_GcMg font-feature-liga-off font-feature-clig-off font-feature-calt-off text-decoration-none text-strikethrough-none\"><strong>Ambiente<\/strong>: <\/span><span class=\"a_GcMg font-feature-liga-off font-feature-clig-off font-feature-calt-off text-decoration-none text-strikethrough-none\">almeno due grandi incendi boschivi provocati da fulmini; uno in Svizzera (Canton Ticino) e uno in Portogallo (distretto di Coimbra).<\/span><\/p>\t\t\t\t\t\t\t\t<\/div>\n\t\t\t\t<\/div>\n\t\t\t\t<\/div>\n\t\t<div class=\"elementor-element elementor-element-1db61a90 two-col-row link-type-card e-con-full e-flex e-con e-child\" data-id=\"1db61a90\" data-element_type=\"container\" data-e-type=\"container\">\n\t\t\t\t<div class=\"elementor-element elementor-element-59ad5f1e elementor-widget-tablet_extra__width-initial elementor-widget elementor-widget-text-editor\" data-id=\"59ad5f1e\" data-element_type=\"widget\" data-e-type=\"widget\" data-widget_type=\"text-editor.default\">\n\t\t\t\t<div class=\"elementor-widget-container\">\n\t\t\t\t\t\t\t\t\t<p><span class=\"a_GcMg font-feature-liga-off font-feature-clig-off font-feature-calt-off text-decoration-none text-strikethrough-none\">BASSA ATTIVIT\u00c0 \u2260 BASSO RISCHIO<\/span><\/p>\t\t\t\t\t\t\t\t<\/div>\n\t\t\t\t<\/div>\n\t\t\t\t<div class=\"elementor-element elementor-element-3dd6acde elementor-widget-tablet_extra__width-initial elementor-widget elementor-widget-text-editor\" data-id=\"3dd6acde\" data-element_type=\"widget\" data-e-type=\"widget\" data-widget_type=\"text-editor.default\">\n\t\t\t\t<div class=\"elementor-widget-container\">\n\t\t\t\t\t\t\t\t\t<p class=\"cvGsUA direction-ltr align-start para-style-body\"><span class=\"a_GcMg font-feature-liga-off font-feature-clig-off font-feature-calt-off text-decoration-none text-strikethrough-none\">Anche se il 2025 \u00e8 stato un anno meno temporalesco della media su scala europea, <\/span><span class=\"a_GcMg font-feature-liga-off font-feature-clig-off font-feature-calt-off text-decoration-none text-strikethrough-none\">il rischio derivante dai fulmini rimane invariato, poich\u00e9 la diminuzione del numero totale di fulmini non riduce automaticamente l\u2019esposizione agli stessi, che riguarda numerosi settori di attivit\u00e0.<\/span><\/p><p class=\"cvGsUA direction-ltr align-start para-style-body\"><span class=\"a_GcMg font-feature-liga-off font-feature-clig-off font-feature-calt-off text-decoration-none text-strikethrough-none\">Qualsiasi temporale, anche se moderato, pu\u00f2 causare danni importanti e talvolta inaspettati: <\/span><span class=\"a_GcMg font-feature-liga-off font-feature-clig-off font-feature-calt-off text-decoration-none text-strikethrough-none\">interruzioni dell\u2019attivit\u00e0, danni alle apparecchiature sensibili, perdite economiche e rischi umani.<\/span><\/p>\t\t\t\t\t\t\t\t<\/div>\n\t\t\t\t<\/div>\n\t\t\t\t<\/div>\n\t\t\t\t\t<\/div>\n\t\t\t\t<\/div>\n\t\t<div class=\"elementor-element elementor-element-74b1580f e-flex e-con-boxed e-con e-parent\" data-id=\"74b1580f\" data-element_type=\"container\" data-e-type=\"container\">\n\t\t\t\t\t<div class=\"e-con-inner\">\n\t\t\t\t<div class=\"elementor-element elementor-element-6de36d9 elementor-widget elementor-widget-spacer\" data-id=\"6de36d9\" data-element_type=\"widget\" data-e-type=\"widget\" data-widget_type=\"spacer.default\">\n\t\t\t\t<div class=\"elementor-widget-container\">\n\t\t\t\t\t\t\t<div class=\"elementor-spacer\">\n\t\t\t<div class=\"elementor-spacer-inner\"><\/div>\n\t\t<\/div>\n\t\t\t\t\t\t<\/div>\n\t\t\t\t<\/div>\n\t\t\t\t<div class=\"elementor-element elementor-element-36f1eba6 elementor-widget elementor-widget-heading\" data-id=\"36f1eba6\" data-element_type=\"widget\" data-e-type=\"widget\" data-widget_type=\"heading.default\">\n\t\t\t\t<div class=\"elementor-widget-container\">\n\t\t\t\t\t<h4 class=\"elementor-heading-title elementor-size-default\">Un rischio costante, \nsenza confini, n\u00e9 stagioni<\/h4>\t\t\t\t<\/div>\n\t\t\t\t<\/div>\n\t\t\t\t<div class=\"elementor-element elementor-element-7e49e96f elementor-widget elementor-widget-text-editor\" data-id=\"7e49e96f\" data-element_type=\"widget\" data-e-type=\"widget\" data-widget_type=\"text-editor.default\">\n\t\t\t\t<div class=\"elementor-widget-container\">\n\t\t\t\t\t\t\t\t\t<p class=\"cvGsUA direction-ltr align-start para-style-body\"><span class=\"a_GcMg font-feature-liga-off font-feature-clig-off font-feature-calt-off text-decoration-none text-strikethrough-none\">L\u2019analisi degli incidenti avvenuti nel 2025 conferma che le conseguenze dei fulmini non sono limitate a situazioni estreme o al solo periodo estivo. Gli eventi registrati sono distribuiti lungo tutto l\u2019arco dell\u2019anno, <\/span><span class=\"a_GcMg font-feature-liga-off font-feature-clig-off font-feature-calt-off text-decoration-none text-strikethrough-none\">a dimostrazione che il rischio \u00e8 costante, anche in caso di fenomeni considerati minori. A tale proposito \u00e8 importante ricordare che la maggior parte degli incidenti gravi si verifica nei giorni di allerta gialla, <\/span><span class=\"a_GcMg font-feature-liga-off font-feature-clig-off font-feature-calt-off text-decoration-none text-strikethrough-none\">o addirittura senza alcuna allerta particolare.<\/span><\/p><p><span class=\"a_GcMg font-feature-liga-off font-feature-clig-off font-feature-calt-off text-decoration-none text-strikethrough-none\">L\u2019incidente allo zoo di La Barben (Francia), verificatosi in una giornata di temporale ma tutt\u2019altro che eccezionale, \u00e8 un esempio lampante di tale affermazione. Questo evento sottolinea la necessit\u00e0 di una vigilanza costante, anche durante gli episodi classificati come \u201cmoderati\u201d.<\/span><\/p>\t\t\t\t\t\t\t\t<\/div>\n\t\t\t\t<\/div>\n\t\t\t\t\t<\/div>\n\t\t\t\t<\/div>\n\t\t<div class=\"elementor-element elementor-element-3ed7f5d7 container-bg services-section e-con-full e-flex e-con e-parent\" data-id=\"3ed7f5d7\" data-element_type=\"container\" data-e-type=\"container\">\n\t\t<div class=\"elementor-element elementor-element-34110ac9 e-flex e-con-boxed e-con e-child\" data-id=\"34110ac9\" data-element_type=\"container\" data-e-type=\"container\">\n\t\t\t\t\t<div class=\"e-con-inner\">\n\t\t\t\t<div class=\"elementor-element elementor-element-307aa989 section-title elementor-widget elementor-widget-heading\" data-id=\"307aa989\" data-element_type=\"widget\" data-e-type=\"widget\" data-widget_type=\"heading.default\">\n\t\t\t\t<div class=\"elementor-widget-container\">\n\t\t\t\t\t<h2 class=\"elementor-heading-title elementor-size-default\">La prevenzione per una migliore protezione <\/h2>\t\t\t\t<\/div>\n\t\t\t\t<\/div>\n\t\t\t\t<div class=\"elementor-element elementor-element-34d04db7 elementor-widget elementor-widget-text-editor\" data-id=\"34d04db7\" data-element_type=\"widget\" data-e-type=\"widget\" data-widget_type=\"text-editor.default\">\n\t\t\t\t<div class=\"elementor-widget-container\">\n\t\t\t\t\t\t\t\t\t<p><span class=\"a_GcMg font-feature-liga-off font-feature-clig-off font-feature-calt-off text-decoration-none text-strikethrough-none\">Di fronte a questo rischio diffuso \u00e8 fondamentale adottare misure preventive adeguate: sensibilizzazione, modalit\u00e0 di organizzazione delle attivit\u00e0 all\u2019aperto, protezione delle infrastrutture e divulgazione delle best practice al personale esposto al rischio.<\/span><\/p><p class=\"cvGsUA direction-ltr align-start para-style-body\"><span class=\"a_GcMg font-feature-liga-off font-feature-clig-off font-feature-calt-off text-decoration-none text-strikethrough-none\">\u00c8 in quest\u2019ottica che Meteorage aiuta i propri clienti e partner a proteggersi meglio, offrendo loro formazione e dati sui fulmini, ma anche servizi di allerta, analisi e supporto decisionale. Il know-how di Meteorage si inserisce poi in una pi\u00f9 ampia missione di diffusione della cultura del rischio, attraverso l\u2019impegno nella standardizzazione, negli studi <\/span><span class=\"a_GcMg font-feature-liga-off font-feature-clig-off font-feature-calt-off text-decoration-none text-strikethrough-none\">e nelle pubblicazioni internazionali, <\/span><span class=\"a_GcMg font-feature-liga-off font-feature-clig-off font-feature-calt-off text-decoration-none text-strikethrough-none\">senza dimenticare le iniziative <\/span><span class=\"a_GcMg font-feature-liga-off font-feature-clig-off font-feature-calt-off text-decoration-none text-strikethrough-none\">educative e i messaggi di <\/span><span class=\"a_GcMg font-feature-liga-off font-feature-clig-off font-feature-calt-off text-decoration-none text-strikethrough-none\">prevenzione accessibili a tutti.<\/span><\/p>\t\t\t\t\t\t\t\t<\/div>\n\t\t\t\t<\/div>\n\t\t\t\t<div class=\"elementor-element elementor-element-37ed1c05 elementor-widget-tablet_extra__width-initial elementor-widget elementor-widget-image\" data-id=\"37ed1c05\" data-element_type=\"widget\" data-e-type=\"widget\" data-widget_type=\"image.default\">\n\t\t\t\t<div class=\"elementor-widget-container\">\n\t\t\t\t\t\t\t\t\t\t\t\t\t\t\t<img decoding=\"async\" src=\"https:\/\/www.meteorage.com\/wp-content\/uploads\/2026\/01\/MTG_IT_2025.webp\" title=\"\" alt=\"\" loading=\"lazy\" \/>\t\t\t\t\t\t\t\t\t\t\t\t\t\t\t<\/div>\n\t\t\t\t<\/div>\n\t\t\t\t<div class=\"elementor-element elementor-element-5e2c319c elementor-widget elementor-widget-text-editor\" data-id=\"5e2c319c\" data-element_type=\"widget\" data-e-type=\"widget\" data-widget_type=\"text-editor.default\">\n\t\t\t\t<div class=\"elementor-widget-container\">\n\t\t\t\t\t\t\t\t\t<p class=\"cvGsUA direction-ltr align-start para-style-body\"><span class=\"a_GcMg font-feature-liga-off font-feature-clig-off font-feature-calt-off text-decoration-none text-strikethrough-none\">Noi di Meteorage, esperti nel rilevamento dei fulmini da quasi <\/span><span class=\"a_GcMg font-feature-liga-off font-feature-clig-off font-feature-calt-off text-decoration-none text-strikethrough-none\">40 anni e gestori di una rete di riferimento in Europa, aiutiamo i nostri clienti <strong>a prevenire, monitorare e gestire i rischi derivanti dai temporali,<\/strong> proponendo soluzioni personalizzate per ogni settore di attivit\u00e0.<\/span><\/p>\t\t\t\t\t\t\t\t<\/div>\n\t\t\t\t<\/div>\n\t\t\t\t\t<\/div>\n\t\t\t\t<\/div>\n\t\t\t\t<\/div>\n\t\t<div class=\"elementor-element elementor-element-11e1aa0 e-flex e-con-boxed e-con e-parent\" data-id=\"11e1aa0\" data-element_type=\"container\" data-e-type=\"container\">\n\t\t\t\t\t<div class=\"e-con-inner\">\n\t\t\t\t<div class=\"elementor-element elementor-element-8ace578 elementor-widget elementor-widget-menu-anchor\" data-id=\"8ace578\" data-element_type=\"widget\" data-e-type=\"widget\" data-widget_type=\"menu-anchor.default\">\n\t\t\t\t<div class=\"elementor-widget-container\">\n\t\t\t\t\t\t\t<div class=\"elementor-menu-anchor\" id=\"terminologie\"><\/div>\n\t\t\t\t\t\t<\/div>\n\t\t\t\t<\/div>\n\t\t\t\t\t<\/div>\n\t\t\t\t<\/div>\n\t\t<div class=\"elementor-element elementor-element-d7b7c8b e-flex e-con-boxed e-con e-parent\" data-id=\"d7b7c8b\" data-element_type=\"container\" data-e-type=\"container\">\n\t\t\t\t\t<div class=\"e-con-inner\">\n\t\t\t\t<div class=\"elementor-element elementor-element-4f32cf3 elementor-widget elementor-widget-spacer\" data-id=\"4f32cf3\" data-element_type=\"widget\" data-e-type=\"widget\" data-widget_type=\"spacer.default\">\n\t\t\t\t<div class=\"elementor-widget-container\">\n\t\t\t\t\t\t\t<div class=\"elementor-spacer\">\n\t\t\t<div class=\"elementor-spacer-inner\"><\/div>\n\t\t<\/div>\n\t\t\t\t\t\t<\/div>\n\t\t\t\t<\/div>\n\t\t\t\t\t<\/div>\n\t\t\t\t<\/div>\n\t\t<div class=\"elementor-element elementor-element-555aa5e e-flex e-con-boxed e-con e-parent\" data-id=\"555aa5e\" data-element_type=\"container\" data-e-type=\"container\">\n\t\t\t\t\t<div class=\"e-con-inner\">\n\t\t\t\t<div class=\"elementor-element elementor-element-7eefbf8 elementor-widget elementor-widget-heading\" data-id=\"7eefbf8\" data-element_type=\"widget\" data-e-type=\"widget\" data-widget_type=\"heading.default\">\n\t\t\t\t<div class=\"elementor-widget-container\">\n\t\t\t\t\t<h3 class=\"elementor-heading-title elementor-size-default\">Terminologia<\/h3>\t\t\t\t<\/div>\n\t\t\t\t<\/div>\n\t\t\t\t<div class=\"elementor-element elementor-element-07ad6c5 elementor-widget elementor-widget-text-editor\" data-id=\"07ad6c5\" data-element_type=\"widget\" data-e-type=\"widget\" data-widget_type=\"text-editor.default\">\n\t\t\t\t<div class=\"elementor-widget-container\">\n\t\t\t\t\t\t\t\t\t<p>Per una migliore comprensione delle informazioni fornite nel presente rapporto, condividiamo con voi le definizioni dei termini frequentemente utilizzati.<\/p>\t\t\t\t\t\t\t\t<\/div>\n\t\t\t\t<\/div>\n\t\t\t\t\t<\/div>\n\t\t\t\t<\/div>\n\t\t<div class=\"elementor-element elementor-element-23217c7 e-flex e-con-boxed e-con e-parent\" data-id=\"23217c7\" data-element_type=\"container\" data-e-type=\"container\">\n\t\t\t\t\t<div class=\"e-con-inner\">\n\t\t\t\t<div class=\"elementor-element elementor-element-4cede4e elementor-widget elementor-widget-spacer\" data-id=\"4cede4e\" data-element_type=\"widget\" data-e-type=\"widget\" data-widget_type=\"spacer.default\">\n\t\t\t\t<div class=\"elementor-widget-container\">\n\t\t\t\t\t\t\t<div class=\"elementor-spacer\">\n\t\t\t<div class=\"elementor-spacer-inner\"><\/div>\n\t\t<\/div>\n\t\t\t\t\t\t<\/div>\n\t\t\t\t<\/div>\n\t\t\t\t\t<\/div>\n\t\t\t\t<\/div>\n\t\t<div class=\"elementor-element elementor-element-5596411 e-flex e-con-boxed e-con e-parent\" data-id=\"5596411\" data-element_type=\"container\" data-e-type=\"container\">\n\t\t\t\t\t<div class=\"e-con-inner\">\n\t\t<div class=\"elementor-element elementor-element-14a7f7a e-con-full e-flex e-con e-child\" data-id=\"14a7f7a\" data-element_type=\"container\" data-e-type=\"container\">\n\t\t\t\t<div class=\"elementor-element elementor-element-611fbc4 elementor-widget elementor-widget-heading\" data-id=\"611fbc4\" data-element_type=\"widget\" data-e-type=\"widget\" data-widget_type=\"heading.default\">\n\t\t\t\t<div class=\"elementor-widget-container\">\n\t\t\t\t\t<h4 class=\"elementor-heading-title elementor-size-default\">Fulmini nuvola-terra (CG)<\/h4>\t\t\t\t<\/div>\n\t\t\t\t<\/div>\n\t\t\t\t<div class=\"elementor-element elementor-element-14a460c elementor-widget elementor-widget-text-editor\" data-id=\"14a460c\" data-element_type=\"widget\" data-e-type=\"widget\" data-widget_type=\"text-editor.default\">\n\t\t\t\t<div class=\"elementor-widget-container\">\n\t\t\t\t\t\t\t\t\t<p>Scarica di corrente di una certa intensit\u00e0 che circola tra una nuvola e il suolo. Le abbreviazioni CG, Cloud-to-Ground in inglese, significano da nuvola a terra.<\/p>\t\t\t\t\t\t\t\t<\/div>\n\t\t\t\t<\/div>\n\t\t\t\t<\/div>\n\t\t<div class=\"elementor-element elementor-element-c48bc76 e-con-full e-flex e-con e-child\" data-id=\"c48bc76\" data-element_type=\"container\" data-e-type=\"container\">\n\t\t\t\t<div class=\"elementor-element elementor-element-db93a61 elementor-widget elementor-widget-heading\" data-id=\"db93a61\" data-element_type=\"widget\" data-e-type=\"widget\" data-widget_type=\"heading.default\">\n\t\t\t\t<div class=\"elementor-widget-container\">\n\t\t\t\t\t<h4 class=\"elementor-heading-title elementor-size-default\">Densit\u00e0 dei fulmini<\/h4>\t\t\t\t<\/div>\n\t\t\t\t<\/div>\n\t\t\t\t<div class=\"elementor-element elementor-element-b474615 elementor-widget elementor-widget-text-editor\" data-id=\"b474615\" data-element_type=\"widget\" data-e-type=\"widget\" data-widget_type=\"text-editor.default\">\n\t\t\t\t<div class=\"elementor-widget-container\">\n\t\t\t\t\t\t\t\t\t<p>Attualmente la rappresentazione pi\u00f9 attendibile dell\u2019attivit\u00e0 temporalesca \u00e8 la densit\u00e0 di folgorazione, cio\u00e8 il numero di fulmini nuvola-terra (CG) per km2 all&#8217;anno.<\/p>\t\t\t\t\t\t\t\t<\/div>\n\t\t\t\t<\/div>\n\t\t\t\t<\/div>\n\t\t\t\t\t<\/div>\n\t\t\t\t<\/div>\n\t\t<div class=\"elementor-element elementor-element-366cceb e-flex e-con-boxed e-con e-parent\" data-id=\"366cceb\" data-element_type=\"container\" data-e-type=\"container\">\n\t\t\t\t\t<div class=\"e-con-inner\">\n\t\t<div class=\"elementor-element elementor-element-c10db05 e-con-full e-flex e-con e-child\" data-id=\"c10db05\" data-element_type=\"container\" data-e-type=\"container\">\n\t\t\t\t<div class=\"elementor-element elementor-element-1fd0f9d elementor-widget elementor-widget-heading\" data-id=\"1fd0f9d\" data-element_type=\"widget\" data-e-type=\"widget\" data-widget_type=\"heading.default\">\n\t\t\t\t<div class=\"elementor-widget-container\">\n\t\t\t\t\t<h4 class=\"elementor-heading-title elementor-size-default\">Fulmini<\/h4>\t\t\t\t<\/div>\n\t\t\t\t<\/div>\n\t\t\t\t<div class=\"elementor-element elementor-element-eaa9886 elementor-widget elementor-widget-text-editor\" data-id=\"eaa9886\" data-element_type=\"widget\" data-e-type=\"widget\" data-widget_type=\"text-editor.default\">\n\t\t\t\t<div class=\"elementor-widget-container\">\n\t\t\t\t\t\t\t\t\t<p>Insieme delle scariche di corrente e degli impulsi elettrici occasionatisi durante un fenomeno temporalesco con fulmini. Un fulmine pu\u00f2 apparire in una nuvola (lampo intra-nuvola), tra una nuvola e il suolo (lampo nuvola-terra CG) o tra le nuvole. Un fulmine pu\u00f2 essere composto da uno o pi\u00f9 archi, cio\u00e8 impulsi di corrente.<\/p>\t\t\t\t\t\t\t\t<\/div>\n\t\t\t\t<\/div>\n\t\t\t\t<\/div>\n\t\t<div class=\"elementor-element elementor-element-03d1e7e e-con-full e-flex e-con e-child\" data-id=\"03d1e7e\" data-element_type=\"container\" data-e-type=\"container\">\n\t\t\t\t<div class=\"elementor-element elementor-element-0cacabc elementor-widget elementor-widget-heading\" data-id=\"0cacabc\" data-element_type=\"widget\" data-e-type=\"widget\" data-widget_type=\"heading.default\">\n\t\t\t\t<div class=\"elementor-widget-container\">\n\t\t\t\t\t<h4 class=\"elementor-heading-title elementor-size-default\">Giorno di temporale<\/h4>\t\t\t\t<\/div>\n\t\t\t\t<\/div>\n\t\t\t\t<div class=\"elementor-element elementor-element-5502f8b elementor-widget elementor-widget-text-editor\" data-id=\"5502f8b\" data-element_type=\"widget\" data-e-type=\"widget\" data-widget_type=\"text-editor.default\">\n\t\t\t\t<div class=\"elementor-widget-container\">\n\t\t\t\t\t\t\t\t\t<p>Giorno in cui \u00e8 stato rilevato almeno un fulmine nella zona considerata.<\/p>\t\t\t\t\t\t\t\t<\/div>\n\t\t\t\t<\/div>\n\t\t\t\t<\/div>\n\t\t\t\t\t<\/div>\n\t\t\t\t<\/div>\n\t\t<div class=\"elementor-element elementor-element-be93167 e-flex e-con-boxed e-con e-parent\" data-id=\"be93167\" data-element_type=\"container\" data-e-type=\"container\">\n\t\t\t\t\t<div class=\"e-con-inner\">\n\t\t\t\t<div class=\"elementor-element elementor-element-333008b elementor-widget elementor-widget-spacer\" data-id=\"333008b\" data-element_type=\"widget\" data-e-type=\"widget\" data-widget_type=\"spacer.default\">\n\t\t\t\t<div class=\"elementor-widget-container\">\n\t\t\t\t\t\t\t<div class=\"elementor-spacer\">\n\t\t\t<div class=\"elementor-spacer-inner\"><\/div>\n\t\t<\/div>\n\t\t\t\t\t\t<\/div>\n\t\t\t\t<\/div>\n\t\t\t\t\t<\/div>\n\t\t\t\t<\/div>\n\t\t<div class=\"elementor-element elementor-element-81de20e e-flex e-con-boxed e-con e-parent\" data-id=\"81de20e\" data-element_type=\"container\" data-e-type=\"container\">\n\t\t\t\t\t<div class=\"e-con-inner\">\n\t\t\t\t<div class=\"elementor-element elementor-element-beddc5f elementor-widget-divider--view-line elementor-widget elementor-widget-divider\" data-id=\"beddc5f\" data-element_type=\"widget\" data-e-type=\"widget\" data-widget_type=\"divider.default\">\n\t\t\t\t<div class=\"elementor-widget-container\">\n\t\t\t\t\t\t\t<div class=\"elementor-divider\">\n\t\t\t<span class=\"elementor-divider-separator\">\n\t\t\t\t\t\t<\/span>\n\t\t<\/div>\n\t\t\t\t\t\t<\/div>\n\t\t\t\t<\/div>\n\t\t<div class=\"elementor-element elementor-element-9a86bb4 e-con-full e-flex e-con e-child\" data-id=\"9a86bb4\" data-element_type=\"container\" data-e-type=\"container\">\n\t\t\t\t<div class=\"elementor-element elementor-element-5401c8e elementor-widget elementor-widget-heading\" data-id=\"5401c8e\" data-element_type=\"widget\" data-e-type=\"widget\" data-widget_type=\"heading.default\">\n\t\t\t\t<div class=\"elementor-widget-container\">\n\t\t\t\t\t<h3 class=\"elementor-heading-title elementor-size-default\">Informazioni sul rapporto di folgorazione<\/h3>\t\t\t\t<\/div>\n\t\t\t\t<\/div>\n\t\t\t\t<\/div>\n\t\t\t\t\t<\/div>\n\t\t\t\t<\/div>\n\t\t<div class=\"elementor-element elementor-element-a249ad7 e-flex e-con-boxed e-con e-parent\" data-id=\"a249ad7\" data-element_type=\"container\" data-e-type=\"container\">\n\t\t\t\t\t<div class=\"e-con-inner\">\n\t\t<div class=\"elementor-element elementor-element-a1c6509 e-con-full e-flex e-con e-child\" data-id=\"a1c6509\" data-element_type=\"container\" data-e-type=\"container\">\n\t\t\t\t<div class=\"elementor-element elementor-element-393dd47 elementor-widget elementor-widget-text-editor\" data-id=\"393dd47\" data-element_type=\"widget\" data-e-type=\"widget\" data-widget_type=\"text-editor.default\">\n\t\t\t\t<div class=\"elementor-widget-container\">\n\t\t\t\t\t\t\t\t\t<p>Il rapporto di folgorazione si basa sui dati forniti della <a href=\"https:\/\/www.meteorage.com\/it\/le-nostre-competenze\/\" target=\"_blank\" rel=\"noopener\">rete METEORAGE <span data-teams=\"true\">&#8211; the European Lightning Detection Network (ELDN).<\/span><\/a><\/p><p>A fini del confronto con i nostri dati dal 1989, METEORAGE rileva l&#8217;impulso principale di corrente, circolante tra la nuvola e il suolo, che \u00e8 definito nel presente rapporto con il termine <strong>&#8220;Fulmini nuvola-terra (CG)&#8221;.<\/strong><\/p><p><b>La nostra esperienza deriva da oltre dieci anni di analisi, osservazioni e dati raccolti in Europa e pi\u00f9 in generale in tutto il mondo. Per quanto riguarda il territorio francese, disponiamo di oltre 37 anni di esperienza.<\/b><\/p><p>La nostra rete METEORAGE (ELDN), le cui prestazioni sono state scientificamente convalidate, dimostra la massima performance possibile, con:<\/p><ul><li>un rilevamento &gt; al 98% dei fulmini,<\/li><li>una precisione di rilevamento mediana di 100 metri,<\/li><li>una distinzione, con una precisione minima del 90%, tra i fulmini nuvola-terra (CG) e i fulmini intra-nuvola (IC).<\/li><\/ul><p>La rete METEORAGE (ELDN) \u00e8 composta da oltre 100 sensori di fulmini, da calcolatori e da un sistema di elaborazione che gestisce i database. I nostri sensori di rilevamento dei fulmini provengono dalla tecnologia di Vaisala, attualmente considerata una delle migliori al mondo. La nostra rete permette di raggiungere prestazioni convalidate <a href=\"https:\/\/www.meteorage.com\/it\/pubblicazioni-e-note-tecniche\/\">da numerosi studi e pubblicazioni scientifiche.<\/a><\/p><p>Il rapporto 2025 si basa sulla fonte pi\u00f9 completa di informazioni in Italia. I dati, i valori di densit\u00e0, le classifiche e i giorni di temporale indicati nel presente rapporto vanno dal 1\u00b0 gennaio 2025 al 31 dicembre 2025.<\/p><p>Le informazioni che comunichiamo riguardano i fulmini nuvola-terra CG e la densit\u00e0 di densit\u00e0 di folgorazione.<\/p>\t\t\t\t\t\t\t\t<\/div>\n\t\t\t\t<\/div>\n\t\t\t\t<\/div>\n\t\t<div class=\"elementor-element elementor-element-608741f e-con-full e-flex e-con e-child\" data-id=\"608741f\" data-element_type=\"container\" data-e-type=\"container\">\n\t\t\t\t<div class=\"elementor-element elementor-element-77b7a05 elementor-widget elementor-widget-image\" data-id=\"77b7a05\" data-element_type=\"widget\" data-e-type=\"widget\" data-widget_type=\"image.default\">\n\t\t\t\t<div class=\"elementor-widget-container\">\n\t\t\t\t\t\t\t\t\t\t\t\t\t\t\t<img fetchpriority=\"high\" decoding=\"async\" width=\"893\" height=\"1024\" src=\"https:\/\/www.meteorage.com\/wp-content\/uploads\/2025\/01\/Rete-METEORAGE-the-European-Lightning-Detection-Network-ELDN-IT-893x1024.webp\" class=\"attachment-large size-large wp-image-45327\" alt=\"Rete METEORAGE - the European Lightning Detection Network ELDN IT\" srcset=\"https:\/\/www.meteorage.com\/wp-content\/uploads\/2025\/01\/Rete-METEORAGE-the-European-Lightning-Detection-Network-ELDN-IT-893x1024.webp 893w, https:\/\/www.meteorage.com\/wp-content\/uploads\/2025\/01\/Rete-METEORAGE-the-European-Lightning-Detection-Network-ELDN-IT-262x300.webp 262w, https:\/\/www.meteorage.com\/wp-content\/uploads\/2025\/01\/Rete-METEORAGE-the-European-Lightning-Detection-Network-ELDN-IT-768x881.webp 768w, https:\/\/www.meteorage.com\/wp-content\/uploads\/2025\/01\/Rete-METEORAGE-the-European-Lightning-Detection-Network-ELDN-IT-1339x1536.webp 1339w, https:\/\/www.meteorage.com\/wp-content\/uploads\/2025\/01\/Rete-METEORAGE-the-European-Lightning-Detection-Network-ELDN-IT-543x623.webp 543w, https:\/\/www.meteorage.com\/wp-content\/uploads\/2025\/01\/Rete-METEORAGE-the-European-Lightning-Detection-Network-ELDN-IT.webp 1744w\" sizes=\"(max-width: 893px) 100vw, 893px\" \/>\t\t\t\t\t\t\t\t\t\t\t\t\t\t\t<\/div>\n\t\t\t\t<\/div>\n\t\t\t\t<\/div>\n\t\t\t\t\t<\/div>\n\t\t\t\t<\/div>\n\t\t\t\t<\/div>\n\t\t","protected":false},"featured_media":21405,"template":"","bilan_category":[352],"class_list":["post-50948","bilan_foudroiement","type-bilan_foudroiement","status-publish","has-post-thumbnail","hentry","bilan_category-italia"],"acf":[],"yoast_head":"<!-- This site is optimized with the Yoast SEO plugin v27.5 - https:\/\/yoast.com\/product\/yoast-seo-wordpress\/ -->\n<title>Report dei fulmini Annuale Meteorage 2025 Europa \/ Italia<\/title>\n<meta name=\"description\" content=\"Quali aree dell\u2019Italia sono state maggiormente colpite dai fulmini nel 2025? Esplora l\u2019analisi annuale di Meteorage sull\u2019attivit\u00e0 temporalesca e sui fulmini nel corso dell\u2019anno.\" \/>\n<meta name=\"robots\" content=\"index, follow, max-snippet:-1, max-image-preview:large, max-video-preview:-1\" \/>\n<link rel=\"canonical\" href=\"https:\/\/www.meteorage.com\/it\/rapporto-sui-temporali\/italia-report-fulmini-2025\/\" \/>\n<meta property=\"og:locale\" content=\"it_IT\" \/>\n<meta property=\"og:type\" content=\"article\" \/>\n<meta property=\"og:title\" content=\"Report dei fulmini Annuale Meteorage 2025 Europa \/ Italia\" \/>\n<meta property=\"og:description\" content=\"Quali aree dell\u2019Italia sono state maggiormente colpite dai fulmini nel 2025? Esplora l\u2019analisi annuale di Meteorage sull\u2019attivit\u00e0 temporalesca e sui fulmini nel corso dell\u2019anno.\" \/>\n<meta property=\"og:url\" content=\"https:\/\/www.meteorage.com\/it\/rapporto-sui-temporali\/italia-report-fulmini-2025\/\" \/>\n<meta property=\"og:site_name\" content=\"METEORAGE\" \/>\n<meta property=\"article:modified_time\" content=\"2026-02-02T16:21:38+00:00\" \/>\n<meta property=\"og:image\" content=\"https:\/\/www.meteorage.com\/wp-content\/uploads\/2024\/06\/Italie-Carte-fond-blanc.png\" \/>\n\t<meta property=\"og:image:width\" content=\"1920\" \/>\n\t<meta property=\"og:image:height\" content=\"1080\" \/>\n\t<meta property=\"og:image:type\" content=\"image\/png\" \/>\n<meta name=\"twitter:card\" content=\"summary_large_image\" \/>\n<meta name=\"twitter:label1\" content=\"Tempo di lettura stimato\" \/>\n\t<meta name=\"twitter:data1\" content=\"12 minuti\" \/>\n<script type=\"application\/ld+json\" class=\"yoast-schema-graph\">{\"@context\":\"https:\\\/\\\/schema.org\",\"@graph\":[{\"@type\":\"WebPage\",\"@id\":\"https:\\\/\\\/www.meteorage.com\\\/it\\\/rapporto-sui-temporali\\\/italia-report-fulmini-2025\\\/\",\"url\":\"https:\\\/\\\/www.meteorage.com\\\/it\\\/rapporto-sui-temporali\\\/italia-report-fulmini-2025\\\/\",\"name\":\"Report dei fulmini Annuale Meteorage 2025 Europa \\\/ Italia\",\"isPartOf\":{\"@id\":\"https:\\\/\\\/www.meteorage.com\\\/it\\\/#website\"},\"primaryImageOfPage\":{\"@id\":\"https:\\\/\\\/www.meteorage.com\\\/it\\\/rapporto-sui-temporali\\\/italia-report-fulmini-2025\\\/#primaryimage\"},\"image\":{\"@id\":\"https:\\\/\\\/www.meteorage.com\\\/it\\\/rapporto-sui-temporali\\\/italia-report-fulmini-2025\\\/#primaryimage\"},\"thumbnailUrl\":\"https:\\\/\\\/www.meteorage.com\\\/wp-content\\\/uploads\\\/2024\\\/06\\\/Italie-Carte-fond-blanc.png\",\"datePublished\":\"2026-01-30T14:24:35+00:00\",\"dateModified\":\"2026-02-02T16:21:38+00:00\",\"description\":\"Quali aree dell\u2019Italia sono state maggiormente colpite dai fulmini nel 2025? Esplora l\u2019analisi annuale di Meteorage sull\u2019attivit\u00e0 temporalesca e sui fulmini nel corso dell\u2019anno.\",\"breadcrumb\":{\"@id\":\"https:\\\/\\\/www.meteorage.com\\\/it\\\/rapporto-sui-temporali\\\/italia-report-fulmini-2025\\\/#breadcrumb\"},\"inLanguage\":\"it-IT\",\"potentialAction\":[{\"@type\":\"ReadAction\",\"target\":[\"https:\\\/\\\/www.meteorage.com\\\/it\\\/rapporto-sui-temporali\\\/italia-report-fulmini-2025\\\/\"]}]},{\"@type\":\"ImageObject\",\"inLanguage\":\"it-IT\",\"@id\":\"https:\\\/\\\/www.meteorage.com\\\/it\\\/rapporto-sui-temporali\\\/italia-report-fulmini-2025\\\/#primaryimage\",\"url\":\"https:\\\/\\\/www.meteorage.com\\\/wp-content\\\/uploads\\\/2024\\\/06\\\/Italie-Carte-fond-blanc.png\",\"contentUrl\":\"https:\\\/\\\/www.meteorage.com\\\/wp-content\\\/uploads\\\/2024\\\/06\\\/Italie-Carte-fond-blanc.png\",\"width\":1920,\"height\":1080},{\"@type\":\"BreadcrumbList\",\"@id\":\"https:\\\/\\\/www.meteorage.com\\\/it\\\/rapporto-sui-temporali\\\/italia-report-fulmini-2025\\\/#breadcrumb\",\"itemListElement\":[{\"@type\":\"ListItem\",\"position\":1,\"name\":\"Accueil\",\"item\":\"https:\\\/\\\/www.meteorage.com\\\/it\\\/\"},{\"@type\":\"ListItem\",\"position\":2,\"name\":\"Italia 2025\"}]},{\"@type\":\"WebSite\",\"@id\":\"https:\\\/\\\/www.meteorage.com\\\/it\\\/#website\",\"url\":\"https:\\\/\\\/www.meteorage.com\\\/it\\\/\",\"name\":\"METEORAGE\",\"description\":\"\",\"publisher\":{\"@id\":\"https:\\\/\\\/www.meteorage.com\\\/it\\\/#organization\"},\"potentialAction\":[{\"@type\":\"SearchAction\",\"target\":{\"@type\":\"EntryPoint\",\"urlTemplate\":\"https:\\\/\\\/www.meteorage.com\\\/it\\\/?s={search_term_string}\"},\"query-input\":{\"@type\":\"PropertyValueSpecification\",\"valueRequired\":true,\"valueName\":\"search_term_string\"}}],\"inLanguage\":\"it-IT\"},{\"@type\":\"Organization\",\"@id\":\"https:\\\/\\\/www.meteorage.com\\\/it\\\/#organization\",\"name\":\"METEORAGE\",\"url\":\"https:\\\/\\\/www.meteorage.com\\\/it\\\/\",\"logo\":{\"@type\":\"ImageObject\",\"inLanguage\":\"it-IT\",\"@id\":\"https:\\\/\\\/www.meteorage.com\\\/it\\\/#\\\/schema\\\/logo\\\/image\\\/\",\"url\":\"https:\\\/\\\/www.meteorage.com\\\/wp-content\\\/uploads\\\/2025\\\/10\\\/02.-Logo-METEORAGE-horizontal-blanc.png.webp\",\"contentUrl\":\"https:\\\/\\\/www.meteorage.com\\\/wp-content\\\/uploads\\\/2025\\\/10\\\/02.-Logo-METEORAGE-horizontal-blanc.png.webp\",\"width\":2445,\"height\":501,\"caption\":\"METEORAGE\"},\"image\":{\"@id\":\"https:\\\/\\\/www.meteorage.com\\\/it\\\/#\\\/schema\\\/logo\\\/image\\\/\"}}]}<\/script>\n<!-- \/ Yoast SEO plugin. -->","yoast_head_json":{"title":"Report dei fulmini Annuale Meteorage 2025 Europa \/ Italia","description":"Quali aree dell\u2019Italia sono state maggiormente colpite dai fulmini nel 2025? Esplora l\u2019analisi annuale di Meteorage sull\u2019attivit\u00e0 temporalesca e sui fulmini nel corso dell\u2019anno.","robots":{"index":"index","follow":"follow","max-snippet":"max-snippet:-1","max-image-preview":"max-image-preview:large","max-video-preview":"max-video-preview:-1"},"canonical":"https:\/\/www.meteorage.com\/it\/rapporto-sui-temporali\/italia-report-fulmini-2025\/","og_locale":"it_IT","og_type":"article","og_title":"Report dei fulmini Annuale Meteorage 2025 Europa \/ Italia","og_description":"Quali aree dell\u2019Italia sono state maggiormente colpite dai fulmini nel 2025? Esplora l\u2019analisi annuale di Meteorage sull\u2019attivit\u00e0 temporalesca e sui fulmini nel corso dell\u2019anno.","og_url":"https:\/\/www.meteorage.com\/it\/rapporto-sui-temporali\/italia-report-fulmini-2025\/","og_site_name":"METEORAGE","article_modified_time":"2026-02-02T16:21:38+00:00","og_image":[{"width":1920,"height":1080,"url":"https:\/\/www.meteorage.com\/wp-content\/uploads\/2024\/06\/Italie-Carte-fond-blanc.png","type":"image\/png"}],"twitter_card":"summary_large_image","twitter_misc":{"Tempo di lettura stimato":"12 minuti"},"schema":{"@context":"https:\/\/schema.org","@graph":[{"@type":"WebPage","@id":"https:\/\/www.meteorage.com\/it\/rapporto-sui-temporali\/italia-report-fulmini-2025\/","url":"https:\/\/www.meteorage.com\/it\/rapporto-sui-temporali\/italia-report-fulmini-2025\/","name":"Report dei fulmini Annuale Meteorage 2025 Europa \/ Italia","isPartOf":{"@id":"https:\/\/www.meteorage.com\/it\/#website"},"primaryImageOfPage":{"@id":"https:\/\/www.meteorage.com\/it\/rapporto-sui-temporali\/italia-report-fulmini-2025\/#primaryimage"},"image":{"@id":"https:\/\/www.meteorage.com\/it\/rapporto-sui-temporali\/italia-report-fulmini-2025\/#primaryimage"},"thumbnailUrl":"https:\/\/www.meteorage.com\/wp-content\/uploads\/2024\/06\/Italie-Carte-fond-blanc.png","datePublished":"2026-01-30T14:24:35+00:00","dateModified":"2026-02-02T16:21:38+00:00","description":"Quali aree dell\u2019Italia sono state maggiormente colpite dai fulmini nel 2025? Esplora l\u2019analisi annuale di Meteorage sull\u2019attivit\u00e0 temporalesca e sui fulmini nel corso dell\u2019anno.","breadcrumb":{"@id":"https:\/\/www.meteorage.com\/it\/rapporto-sui-temporali\/italia-report-fulmini-2025\/#breadcrumb"},"inLanguage":"it-IT","potentialAction":[{"@type":"ReadAction","target":["https:\/\/www.meteorage.com\/it\/rapporto-sui-temporali\/italia-report-fulmini-2025\/"]}]},{"@type":"ImageObject","inLanguage":"it-IT","@id":"https:\/\/www.meteorage.com\/it\/rapporto-sui-temporali\/italia-report-fulmini-2025\/#primaryimage","url":"https:\/\/www.meteorage.com\/wp-content\/uploads\/2024\/06\/Italie-Carte-fond-blanc.png","contentUrl":"https:\/\/www.meteorage.com\/wp-content\/uploads\/2024\/06\/Italie-Carte-fond-blanc.png","width":1920,"height":1080},{"@type":"BreadcrumbList","@id":"https:\/\/www.meteorage.com\/it\/rapporto-sui-temporali\/italia-report-fulmini-2025\/#breadcrumb","itemListElement":[{"@type":"ListItem","position":1,"name":"Accueil","item":"https:\/\/www.meteorage.com\/it\/"},{"@type":"ListItem","position":2,"name":"Italia 2025"}]},{"@type":"WebSite","@id":"https:\/\/www.meteorage.com\/it\/#website","url":"https:\/\/www.meteorage.com\/it\/","name":"METEORAGE","description":"","publisher":{"@id":"https:\/\/www.meteorage.com\/it\/#organization"},"potentialAction":[{"@type":"SearchAction","target":{"@type":"EntryPoint","urlTemplate":"https:\/\/www.meteorage.com\/it\/?s={search_term_string}"},"query-input":{"@type":"PropertyValueSpecification","valueRequired":true,"valueName":"search_term_string"}}],"inLanguage":"it-IT"},{"@type":"Organization","@id":"https:\/\/www.meteorage.com\/it\/#organization","name":"METEORAGE","url":"https:\/\/www.meteorage.com\/it\/","logo":{"@type":"ImageObject","inLanguage":"it-IT","@id":"https:\/\/www.meteorage.com\/it\/#\/schema\/logo\/image\/","url":"https:\/\/www.meteorage.com\/wp-content\/uploads\/2025\/10\/02.-Logo-METEORAGE-horizontal-blanc.png.webp","contentUrl":"https:\/\/www.meteorage.com\/wp-content\/uploads\/2025\/10\/02.-Logo-METEORAGE-horizontal-blanc.png.webp","width":2445,"height":501,"caption":"METEORAGE"},"image":{"@id":"https:\/\/www.meteorage.com\/it\/#\/schema\/logo\/image\/"}}]}},"_links":{"self":[{"href":"https:\/\/www.meteorage.com\/it\/wp-json\/wp\/v2\/bilan-de-foudroiement\/50948","targetHints":{"allow":["GET"]}}],"collection":[{"href":"https:\/\/www.meteorage.com\/it\/wp-json\/wp\/v2\/bilan-de-foudroiement"}],"about":[{"href":"https:\/\/www.meteorage.com\/it\/wp-json\/wp\/v2\/types\/bilan_foudroiement"}],"version-history":[{"count":0,"href":"https:\/\/www.meteorage.com\/it\/wp-json\/wp\/v2\/bilan-de-foudroiement\/50948\/revisions"}],"wp:featuredmedia":[{"embeddable":true,"href":"https:\/\/www.meteorage.com\/it\/wp-json\/wp\/v2\/media\/21405"}],"wp:attachment":[{"href":"https:\/\/www.meteorage.com\/it\/wp-json\/wp\/v2\/media?parent=50948"}],"wp:term":[{"taxonomy":"bilan_category","embeddable":true,"href":"https:\/\/www.meteorage.com\/it\/wp-json\/wp\/v2\/bilan_category?post=50948"}],"curies":[{"name":"wp","href":"https:\/\/api.w.org\/{rel}","templated":true}]}}