{"id":51205,"date":"2026-01-31T21:12:55","date_gmt":"2026-01-31T20:12:55","guid":{"rendered":"https:\/\/meteorage.local\/?post_type=bilan_foudroiement&#038;p=51205"},"modified":"2026-02-02T18:27:39","modified_gmt":"2026-02-02T17:27:39","slug":"portugal-thunderstorms-lightning-report-2025","status":"publish","type":"bilan_foudroiement","link":"https:\/\/www.meteorage.com\/pt-pt\/relatorio-de-trovoada\/portugal-thunderstorms-lightning-report-2025\/","title":{"rendered":"Portugal 2025"},"content":{"rendered":"\t\t<div data-elementor-type=\"wp-post\" data-elementor-id=\"51205\" class=\"elementor elementor-51205\" data-elementor-post-type=\"bilan_foudroiement\">\n\t\t\t\t<div class=\"elementor-element elementor-element-78fde786 e-flex e-con-boxed e-con e-parent\" data-id=\"78fde786\" data-element_type=\"container\" data-e-type=\"container\" data-settings=\"{&quot;background_background&quot;:&quot;classic&quot;}\">\n\t\t\t\t\t<div class=\"e-con-inner\">\n\t\t<div class=\"elementor-element elementor-element-48a82ee3 e-con-full banner-type-detail e-flex e-con e-child\" data-id=\"48a82ee3\" data-element_type=\"container\" data-e-type=\"container\" data-settings=\"{&quot;background_background&quot;:&quot;classic&quot;}\">\n\t\t\t\t<div class=\"elementor-element elementor-element-33bdafd9 elementor-widget elementor-widget-spacer\" data-id=\"33bdafd9\" data-element_type=\"widget\" data-e-type=\"widget\" data-widget_type=\"spacer.default\">\n\t\t\t\t<div class=\"elementor-widget-container\">\n\t\t\t\t\t\t\t<div class=\"elementor-spacer\">\n\t\t\t<div class=\"elementor-spacer-inner\"><\/div>\n\t\t<\/div>\n\t\t\t\t\t\t<\/div>\n\t\t\t\t<\/div>\n\t\t<div class=\"elementor-element elementor-element-33e869ef banner-content e-flex e-con-boxed e-con e-child\" data-id=\"33e869ef\" data-element_type=\"container\" data-e-type=\"container\">\n\t\t\t\t\t<div class=\"e-con-inner\">\n\t\t\t\t<div class=\"elementor-element elementor-element-79e014d8 elementor-widget elementor-widget-heading\" data-id=\"79e014d8\" data-element_type=\"widget\" data-e-type=\"widget\" data-widget_type=\"heading.default\">\n\t\t\t\t<div class=\"elementor-widget-container\">\n\t\t\t\t\t<h5 class=\"elementor-heading-title elementor-size-default\">Queda de raios e epis\u00f3dios de tempestade<\/h5>\t\t\t\t<\/div>\n\t\t\t\t<\/div>\n\t\t\t\t<div class=\"elementor-element elementor-element-1397e5a1 elementor-widget elementor-widget-heading\" data-id=\"1397e5a1\" data-element_type=\"widget\" data-e-type=\"widget\" data-widget_type=\"heading.default\">\n\t\t\t\t<div class=\"elementor-widget-container\">\n\t\t\t\t\t<h1 class=\"elementor-heading-title elementor-size-default\">Relat\u00f3rio \nde queda de raios 2025<\/h1>\t\t\t\t<\/div>\n\t\t\t\t<\/div>\n\t\t\t\t<div class=\"elementor-element elementor-element-410c5611 elementor-widget__width-initial elementor-widget elementor-widget-text-editor\" data-id=\"410c5611\" data-element_type=\"widget\" data-e-type=\"widget\" data-widget_type=\"text-editor.default\">\n\t\t\t\t<div class=\"elementor-widget-container\">\n\t\t\t\t\t\t\t\t\t<p><span class=\"a_GcMg font-feature-liga-off font-feature-clig-off font-feature-calt-off text-decoration-none text-strikethrough-none\">Descubra a an\u00e1lise da Meteorage sobre a atividade el\u00e9trica e de tempestade ao longo do ano.<\/span><\/p>\t\t\t\t\t\t\t\t<\/div>\n\t\t\t\t<\/div>\n\t\t\t\t<div class=\"elementor-element elementor-element-5d33df1b elementor-align-center elementor-widget elementor-widget-ube-button\" data-id=\"5d33df1b\" data-element_type=\"widget\" data-e-type=\"widget\" data-widget_type=\"ube-button.default\">\n\t\t\t\t<div class=\"elementor-widget-container\">\n\t\t\t\t\t<a class=\"ube-btn btn btn-md btn- btn-link\" href=\"https:\/\/www.meteorage.com\/pt-pt\/balancos-de-queda-de-raios\/\">\n\t    <span class=\"ube-btn-text\">&lt; voltar \u00e0 lista<\/span>\n\t<\/a>\n\n\n\t\t\t\t<\/div>\n\t\t\t\t<\/div>\n\t\t\t\t\t<\/div>\n\t\t\t\t<\/div>\n\t\t\t\t<\/div>\n\t\t\t\t\t<\/div>\n\t\t\t\t<\/div>\n\t\t<div class=\"elementor-element elementor-element-9eb1b81 e-flex e-con-boxed e-con e-parent\" data-id=\"9eb1b81\" data-element_type=\"container\" data-e-type=\"container\">\n\t\t\t\t\t<div class=\"e-con-inner\">\n\t\t\t\t<div class=\"elementor-element elementor-element-691b97f elementor-widget elementor-widget-spacer\" data-id=\"691b97f\" data-element_type=\"widget\" data-e-type=\"widget\" data-widget_type=\"spacer.default\">\n\t\t\t\t<div class=\"elementor-widget-container\">\n\t\t\t\t\t\t\t<div class=\"elementor-spacer\">\n\t\t\t<div class=\"elementor-spacer-inner\"><\/div>\n\t\t<\/div>\n\t\t\t\t\t\t<\/div>\n\t\t\t\t<\/div>\n\t\t\t\t\t<\/div>\n\t\t\t\t<\/div>\n\t\t<div class=\"elementor-element elementor-element-6b6d1e0f e-flex e-con-boxed e-con e-parent\" data-id=\"6b6d1e0f\" data-element_type=\"container\" data-e-type=\"container\">\n\t\t\t\t\t<div class=\"e-con-inner\">\n\t\t\t\t<div class=\"elementor-element elementor-element-68c113bf elementor-widget elementor-widget-ube-fancy-text\" data-id=\"68c113bf\" data-element_type=\"widget\" data-e-type=\"widget\" data-widget_type=\"ube-fancy-text.default\">\n\t\t\t\t<div class=\"elementor-widget-container\">\n\t\t\t\t\t<h3 data-text=\"[&quot;em 2024&quot;,&quot;em Portugal&quot;]\" data-additional-options=\"{&quot;animationDelay&quot;:null,&quot;typingLoop&quot;:true,&quot;typingCursor&quot;:true}\" class=\"ube-fancy-text ube-fancy-text-typing\">    <span class=\"ube-fancy-text-before\">Factos marcantes<\/span>\n<span class=\"ube-fancy-text-animated\">\n\t<\/span>\n<\/h3>\t\t\t\t<\/div>\n\t\t\t\t<\/div>\n\t\t\t\t\t<\/div>\n\t\t\t\t<\/div>\n\t\t<div class=\"elementor-element elementor-element-1c93d88f e-flex e-con-boxed e-con e-parent\" data-id=\"1c93d88f\" data-element_type=\"container\" data-e-type=\"container\">\n\t\t\t\t\t<div class=\"e-con-inner\">\n\t\t<div class=\"elementor-element elementor-element-5b65adb0 e-con-full e-flex e-con e-child\" data-id=\"5b65adb0\" data-element_type=\"container\" data-e-type=\"container\">\n\t\t\t\t<div class=\"elementor-element elementor-element-16178f5f elementor-widget elementor-widget-heading\" data-id=\"16178f5f\" data-element_type=\"widget\" data-e-type=\"widget\" data-widget_type=\"heading.default\">\n\t\t\t\t<div class=\"elementor-widget-container\">\n\t\t\t\t\t<h2 class=\"elementor-heading-title elementor-size-default\">O ano de 2025 destaca-se como historicamente pouco tempestuoso <\/h2>\t\t\t\t<\/div>\n\t\t\t\t<\/div>\n\t\t\t\t<div class=\"elementor-element elementor-element-7b235fec elementor-widget elementor-widget-heading\" data-id=\"7b235fec\" data-element_type=\"widget\" data-e-type=\"widget\" data-widget_type=\"heading.default\">\n\t\t\t\t<div class=\"elementor-widget-container\">\n\t\t\t\t\t<h4 class=\"elementor-heading-title elementor-size-default\">marcado por uma atividade el\u00e9ctrica globalmente baixa a n\u00edvel europeu, \nmas pontuada por epis\u00f3dios localmente intensos.<\/h4>\t\t\t\t<\/div>\n\t\t\t\t<\/div>\n\t\t\t\t<div class=\"elementor-element elementor-element-76e344a8 elementor-drop-cap-yes elementor-widget__width-initial elementor-drop-cap-view-default elementor-widget elementor-widget-text-editor\" data-id=\"76e344a8\" data-element_type=\"widget\" data-e-type=\"widget\" data-settings=\"{&quot;drop_cap&quot;:&quot;yes&quot;}\" data-widget_type=\"text-editor.default\">\n\t\t\t\t<div class=\"elementor-widget-container\">\n\t\t\t\t\t\t\t\t\t<p><span class=\"a_GcMg font-feature-liga-off font-feature-clig-off font-feature-calt-off text-decoration-none text-strikethrough-none\">Com aproximadamente <strong>1,226 milh\u00f5es de raios nuvem-solo detectados na Europa<\/strong>, o ano de 2025 distingue-se por uma atividade de tempestade inferior \u00e0 m\u00e9dia clim\u00e1tica, afirmando-se como o ano com menor atividade de queda de raios observado at\u00e9 \u00e0 data nos registos da Meteorage. Embora as condi\u00e7\u00f5es atmosf\u00e9ricas tenham limitado o desenvolvimento das tempestades, algumas situa\u00e7\u00f5es favor\u00e1veis deram origem a epis\u00f3dios intensos e localizados, com uma atividade mais marcada em torno da bacia do Mediterr\u00e2neo e nas zonas de relevo.<\/span><\/p><p><style>\na {<br \/>    text-decoration: none;<br \/>    color: #464feb;<br \/>}<br \/>tr th, tr td {<br \/>    border: 1px solid #e6e6e6;<br \/>}<br \/>tr th {<br \/>    background-color: #f5f5f5;<br \/>}<br \/><\/style><\/p><div><p><span class=\"a_GcMg font-feature-liga-off font-feature-clig-off font-feature-calt-off text-decoration-none text-strikethrough-none\">Para al\u00e9m desta avalia\u00e7\u00e3o e da distribui\u00e7\u00e3o espacial observada em 2025, as an\u00e1lises efectuadas ao longo de v\u00e1rios anos mostram um deslocamento gradual da cintura de tempestades para o norte, bem como um prolongamento da temporada de tempestades, com epis\u00f3dios mais precoces na primavera e mais tardios no outono. Estas disparidades regionais recordam-nos que a queda de raios nunca se distribui de forma homog\u00e9nea e que, mesmo em anos de fraca atividade, as quest\u00f5es de preven\u00e7\u00e3o, vigil\u00e2ncia e gest\u00e3o do risco associado \u00e0 queda de raios permanecem plenamente atuais.<\/span><\/p><\/div>\t\t\t\t\t\t\t\t<\/div>\n\t\t\t\t<\/div>\n\t\t\t\t<\/div>\n\t\t<div class=\"elementor-element elementor-element-8c9ef9 e-con-full e-flex e-con e-child\" data-id=\"8c9ef9\" data-element_type=\"container\" data-e-type=\"container\">\n\t\t\t\t<div class=\"elementor-element elementor-element-30878327 elementor-widget__width-initial elementor-widget elementor-widget-image\" data-id=\"30878327\" data-element_type=\"widget\" data-e-type=\"widget\" data-widget_type=\"image.default\">\n\t\t\t\t<div class=\"elementor-widget-container\">\n\t\t\t\t\t\t\t\t\t\t\t\t\t\t\t<img decoding=\"async\" width=\"150\" height=\"150\" src=\"https:\/\/www.meteorage.com\/wp-content\/uploads\/2024\/12\/nuage-eclair-150x150.webp\" class=\"attachment-thumbnail size-thumbnail wp-image-39668\" alt=\"\" srcset=\"https:\/\/www.meteorage.com\/wp-content\/uploads\/2024\/12\/nuage-eclair-150x150.webp 150w, https:\/\/www.meteorage.com\/wp-content\/uploads\/2024\/12\/nuage-eclair.webp 300w\" sizes=\"(max-width: 150px) 100vw, 150px\" \/>\t\t\t\t\t\t\t\t\t\t\t\t\t\t\t<\/div>\n\t\t\t\t<\/div>\n\t\t<div class=\"elementor-element elementor-element-d9d57b2 e-con-full e-flex e-con e-child\" data-id=\"d9d57b2\" data-element_type=\"container\" data-e-type=\"container\" data-settings=\"{&quot;background_background&quot;:&quot;classic&quot;}\">\n\t\t<div class=\"elementor-element elementor-element-108a8449 e-con-full e-flex e-con e-child\" data-id=\"108a8449\" data-element_type=\"container\" data-e-type=\"container\">\n\t\t\t\t<div class=\"elementor-element elementor-element-89ad512 elementor-widget elementor-widget-text-editor\" data-id=\"89ad512\" data-element_type=\"widget\" data-e-type=\"widget\" data-widget_type=\"text-editor.default\">\n\t\t\t\t<div class=\"elementor-widget-container\">\n\t\t\t\t\t\t\t\t\t<p data-start=\"90\" data-end=\"150\">A Rede de dete\u00e7\u00e3o de raios da Meteorage registou em 2025<\/p>\t\t\t\t\t\t\t\t<\/div>\n\t\t\t\t<\/div>\n\t\t\t\t<div class=\"elementor-element elementor-element-48270d0f elementor-widget elementor-widget-counter\" data-id=\"48270d0f\" data-element_type=\"widget\" data-e-type=\"widget\" data-widget_type=\"counter.default\">\n\t\t\t\t<div class=\"elementor-widget-container\">\n\t\t\t\t\t\t\t<div class=\"elementor-counter\">\n\t\t\t<div class=\"elementor-counter-title\">milh\u00f5es raios nuvem-solo detectados na Europa<\/div>\t\t\t<div class=\"elementor-counter-number-wrapper\">\n\t\t\t\t<span class=\"elementor-counter-number-prefix\"><\/span>\n\t\t\t\t<span class=\"elementor-counter-number\" data-duration=\"2000\" data-to-value=\"1.226\" data-from-value=\"10000\" data-delimiter=\" \">10000<\/span>\n\t\t\t\t<span class=\"elementor-counter-number-suffix\"><\/span>\n\t\t\t<\/div>\n\t\t<\/div>\n\t\t\t\t\t\t<\/div>\n\t\t\t\t<\/div>\n\t\t\t\t<div class=\"elementor-element elementor-element-2e9ee6b9 elementor-widget-divider--view-line elementor-widget elementor-widget-divider\" data-id=\"2e9ee6b9\" data-element_type=\"widget\" data-e-type=\"widget\" data-widget_type=\"divider.default\">\n\t\t\t\t<div class=\"elementor-widget-container\">\n\t\t\t\t\t\t\t<div class=\"elementor-divider\">\n\t\t\t<span class=\"elementor-divider-separator\">\n\t\t\t\t\t\t<\/span>\n\t\t<\/div>\n\t\t\t\t\t\t<\/div>\n\t\t\t\t<\/div>\n\t\t\t\t<div class=\"elementor-element elementor-element-5c8c4388 elementor-widget elementor-widget-counter\" data-id=\"5c8c4388\" data-element_type=\"widget\" data-e-type=\"widget\" data-widget_type=\"counter.default\">\n\t\t\t\t<div class=\"elementor-widget-container\">\n\t\t\t\t\t\t\t<div class=\"elementor-counter\">\n\t\t\t<div class=\"elementor-counter-title\">raios nuvem-solo detectados em Portugal<\/div>\t\t\t<div class=\"elementor-counter-number-wrapper\">\n\t\t\t\t<span class=\"elementor-counter-number-prefix\"><\/span>\n\t\t\t\t<span class=\"elementor-counter-number\" data-duration=\"2000\" data-to-value=\"18496\" data-from-value=\"0\" data-delimiter=\" \">0<\/span>\n\t\t\t\t<span class=\"elementor-counter-number-suffix\"><\/span>\n\t\t\t<\/div>\n\t\t<\/div>\n\t\t\t\t\t\t<\/div>\n\t\t\t\t<\/div>\n\t\t\t\t<div class=\"elementor-element elementor-element-27d674b8 elementor-drop-cap-yes elementor-widget__width-initial elementor-drop-cap-view-default elementor-widget elementor-widget-text-editor\" data-id=\"27d674b8\" data-element_type=\"widget\" data-e-type=\"widget\" data-settings=\"{&quot;drop_cap&quot;:&quot;yes&quot;}\" data-widget_type=\"text-editor.default\">\n\t\t\t\t<div class=\"elementor-widget-container\">\n\t\t\t\t\t\t\t\t\t<p class=\"cvGsUA direction-ltr align-start para-style-body\"><span class=\"a_GcMg font-feature-liga-off font-feature-clig-off font-feature-calt-off text-decoration-none text-strikethrough-none\">Estes valores contrastam com os do ano de <\/span><span class=\"a_GcMg font-feature-liga-off font-feature-clig-off font-feature-calt-off text-decoration-none text-strikethrough-none\">2024<\/span><span class=\"a_GcMg font-feature-liga-off font-feature-clig-off font-feature-calt-off text-decoration-none text-strikethrough-none\">, durante o qual mais de <\/span><strong><span class=\"a_GcMg font-feature-liga-off font-feature-clig-off font-feature-calt-off text-decoration-none text-strikethrough-none\">1 967 112<\/span><\/strong><span class=\"a_GcMg font-feature-liga-off font-feature-clig-off font-feature-calt-off text-decoration-none text-strikethrough-none\"><strong> raios nuvem-solo<\/strong> foram detectados na Europa, das quais <strong>24 292 em Portugal<\/strong>, refletindo uma atividade conforme \u00e0 m\u00e9dia clim\u00e1tica.<\/span><\/p><p class=\"cvGsUA direction-ltr align-start para-style-body\"><span class=\"a_GcMg font-feature-liga-off font-feature-clig-off font-feature-calt-off text-decoration-none text-strikethrough-none\">O ano de 2024 registou epis\u00f3dios de tempestade extensos, mas 2025 distingue-se por epis\u00f3dios mais pontuais que podem revelar-se intensos, como em Portugal, onde o outono foi marcado por um novembro excecional com cerca de 8300 raios, um recorde para este m\u00eas, ligado \u00e0 sucess\u00e3o de anomalias depression\u00e1rias que favoreceram tempestades por vezes fortes.<\/span><\/p>\t\t\t\t\t\t\t\t<\/div>\n\t\t\t\t<\/div>\n\t\t\t\t<\/div>\n\t\t\t\t<\/div>\n\t\t\t\t<\/div>\n\t\t\t\t\t<\/div>\n\t\t\t\t<\/div>\n\t\t<div class=\"elementor-element elementor-element-3f1dbf00 e-flex e-con-boxed e-con e-parent\" data-id=\"3f1dbf00\" data-element_type=\"container\" data-e-type=\"container\">\n\t\t\t\t\t<div class=\"e-con-inner\">\n\t\t\t\t<div class=\"elementor-element elementor-element-a85cb8b elementor-widget elementor-widget-text-editor\" data-id=\"a85cb8b\" data-element_type=\"widget\" data-e-type=\"widget\" data-widget_type=\"text-editor.default\">\n\t\t\t\t<div class=\"elementor-widget-container\">\n\t\t\t\t\t\t\t\t\t<p><a href=\"#terminologie\">Para uma melhor compreens\u00e3o das informa\u00e7\u00f5es fornecidas neste relat\u00f3rio, eis as defini\u00e7\u00f5es dos termos frequentemente utilizados na nossa terminologia.<\/a><\/p>\t\t\t\t\t\t\t\t<\/div>\n\t\t\t\t<\/div>\n\t\t\t\t<div class=\"elementor-element elementor-element-7443793e elementor-align-center elementor-widget elementor-widget-button\" data-id=\"7443793e\" data-element_type=\"widget\" data-e-type=\"widget\" data-widget_type=\"button.default\">\n\t\t\t\t<div class=\"elementor-widget-container\">\n\t\t\t\t\t\t\t\t\t<div class=\"elementor-button-wrapper\">\n\t\t\t\t\t<a class=\"elementor-button elementor-button-link elementor-size-lg\" href=\"https:\/\/www.meteorage.com\/wp-content\/uploads\/2026\/02\/PT_Meteorage-Relatorio-de-queda-de-raios-2025_compressed.pdf\" target=\"_blank\">\n\t\t\t\t\t\t<span class=\"elementor-button-content-wrapper\">\n\t\t\t\t\t\t\t\t\t<span class=\"elementor-button-text\">Visualizar o Balan\u00e7o Europa\/Portugal 2025 em PDF para descobrir an\u00e1lises mais detalhadas<\/span>\n\t\t\t\t\t<\/span>\n\t\t\t\t\t<\/a>\n\t\t\t\t<\/div>\n\t\t\t\t\t\t\t\t<\/div>\n\t\t\t\t<\/div>\n\t\t\t\t\t<\/div>\n\t\t\t\t<\/div>\n\t\t<div class=\"elementor-element elementor-element-1835a95f e-flex e-con-boxed e-con e-parent\" data-id=\"1835a95f\" data-element_type=\"container\" data-e-type=\"container\" data-settings=\"{&quot;background_background&quot;:&quot;classic&quot;}\">\n\t\t\t\t\t<div class=\"e-con-inner\">\n\t\t<div class=\"elementor-element elementor-element-32f0515d e-con-full e-flex e-con e-child\" data-id=\"32f0515d\" data-element_type=\"container\" data-e-type=\"container\">\n\t\t\t\t<div class=\"elementor-element elementor-element-4318b208 elementor-widget elementor-widget-image\" data-id=\"4318b208\" data-element_type=\"widget\" data-e-type=\"widget\" data-widget_type=\"image.default\">\n\t\t\t\t<div class=\"elementor-widget-container\">\n\t\t\t\t\t\t\t\t\t\t\t\t\t\t\t<img decoding=\"async\" src=\"https:\/\/www.meteorage.com\/wp-content\/uploads\/2026\/01\/GUILLEMETS-_-MTG.webp\" title=\"\" alt=\"\" loading=\"lazy\" \/>\t\t\t\t\t\t\t\t\t\t\t\t\t\t\t<\/div>\n\t\t\t\t<\/div>\n\t\t\t\t<div class=\"elementor-element elementor-element-6e2f4df4 elementor-widget elementor-widget-text-editor\" data-id=\"6e2f4df4\" data-element_type=\"widget\" data-e-type=\"widget\" data-widget_type=\"text-editor.default\">\n\t\t\t\t<div class=\"elementor-widget-container\">\n\t\t\t\t\t\t\t\t\t<p><span class=\"a_GcMg font-feature-liga-off font-feature-clig-off font-feature-calt-off text-decoration-none text-strikethrough-none\">O n\u00famero de raios de um ano para o outro n\u00e3o reflete, por si s\u00f3, o n\u00edvel de perigo. <\/span><\/p><p><span class=\"a_GcMg font-feature-liga-off font-feature-clig-off font-feature-calt-off text-decoration-none text-strikethrough-none\">Em 2025, as tempestades foram menos numerosas na Europa, mas por vezes igualmente intensas, e o risco pode surgir a qualquer momento para as atividades expostas.<\/span><\/p>\t\t\t\t\t\t\t\t<\/div>\n\t\t\t\t<\/div>\n\t\t\t\t<div class=\"elementor-element elementor-element-3e15564 elementor-widget elementor-widget-text-editor\" data-id=\"3e15564\" data-element_type=\"widget\" data-e-type=\"widget\" data-widget_type=\"text-editor.default\">\n\t\t\t\t<div class=\"elementor-widget-container\">\n\t\t\t\t\t\t\t\t\t<p><span class=\"a_GcMg font-feature-liga-off font-feature-clig-off font-feature-calt-off text-decoration-none text-strikethrough-none\">\u2014 St\u00e9phane Schmitt, Lightning Application Expert, Meteorage<\/span><\/p>\t\t\t\t\t\t\t\t<\/div>\n\t\t\t\t<\/div>\n\t\t\t\t<\/div>\n\t\t<div class=\"elementor-element elementor-element-10630827 e-con-full e-flex e-con e-child\" data-id=\"10630827\" data-element_type=\"container\" data-e-type=\"container\">\n\t\t\t\t<div class=\"elementor-element elementor-element-6ed8d4e0 elementor-widget-tablet_extra__width-initial elementor-widget elementor-widget-image\" data-id=\"6ed8d4e0\" data-element_type=\"widget\" data-e-type=\"widget\" data-widget_type=\"image.default\">\n\t\t\t\t<div class=\"elementor-widget-container\">\n\t\t\t\t\t\t\t\t\t\t\t\t\t\t\t\t<a href=\"https:\/\/www.meteorage.com\/wp-content\/uploads\/2026\/01\/EWS_MTG-_1_.webp\" data-elementor-open-lightbox=\"yes\" data-e-action-hash=\"#elementor-action%3Aaction%3Dlightbox%26settings%3DeyJpZCI6NTEyNjcsInVybCI6ZmFsc2V9\">\n\t\t\t\t\t\t\t<img decoding=\"async\" src=\"https:\/\/www.meteorage.com\/wp-content\/uploads\/2026\/01\/EWS_MTG-_1_.webp\" title=\"\" alt=\"\" loading=\"lazy\" \/>\t\t\t\t\t\t\t\t<\/a>\n\t\t\t\t\t\t\t\t\t\t\t\t\t\t\t<\/div>\n\t\t\t\t<\/div>\n\t\t\t\t<\/div>\n\t\t\t\t\t<\/div>\n\t\t\t\t<\/div>\n\t\t<div class=\"elementor-element elementor-element-50d29017 e-flex e-con-boxed e-con e-parent\" data-id=\"50d29017\" data-element_type=\"container\" data-e-type=\"container\">\n\t\t\t\t\t<div class=\"e-con-inner\">\n\t\t\t\t<div class=\"elementor-element elementor-element-71a0e6ff elementor-widget-divider--view-line elementor-widget elementor-widget-divider\" data-id=\"71a0e6ff\" data-element_type=\"widget\" data-e-type=\"widget\" data-widget_type=\"divider.default\">\n\t\t\t\t<div class=\"elementor-widget-container\">\n\t\t\t\t\t\t\t<div class=\"elementor-divider\">\n\t\t\t<span class=\"elementor-divider-separator\">\n\t\t\t\t\t\t<\/span>\n\t\t<\/div>\n\t\t\t\t\t\t<\/div>\n\t\t\t\t<\/div>\n\t\t\t\t\t<\/div>\n\t\t\t\t<\/div>\n\t\t<div class=\"elementor-element elementor-element-45c4ed05 e-flex e-con-boxed e-con e-parent\" data-id=\"45c4ed05\" data-element_type=\"container\" data-e-type=\"container\">\n\t\t\t\t\t<div class=\"e-con-inner\">\n\t\t\t\t<div class=\"elementor-element elementor-element-69f3355c elementor-widget elementor-widget-ube-fancy-text\" data-id=\"69f3355c\" data-element_type=\"widget\" data-e-type=\"widget\" data-widget_type=\"ube-fancy-text.default\">\n\t\t\t\t<div class=\"elementor-widget-container\">\n\t\t\t\t\t<h3 data-text=\"[&quot;de 2025&quot;,&quot;na Europa&quot;]\" data-additional-options=\"{&quot;animationDelay&quot;:null,&quot;typingLoop&quot;:true,&quot;typingCursor&quot;:true}\" class=\"ube-fancy-text ube-fancy-text-typing\">    <span class=\"ube-fancy-text-before\">Os principais factos<\/span>\n<span class=\"ube-fancy-text-animated\">\n\t<\/span>\n<\/h3>\t\t\t\t<\/div>\n\t\t\t\t<\/div>\n\t\t\t\t\t<\/div>\n\t\t\t\t<\/div>\n\t\t<div class=\"elementor-element elementor-element-6f8252c3 e-flex e-con-boxed e-con e-parent\" data-id=\"6f8252c3\" data-element_type=\"container\" data-e-type=\"container\">\n\t\t\t\t\t<div class=\"e-con-inner\">\n\t\t\t\t<div class=\"elementor-element elementor-element-1700b6bc elementor-widget elementor-widget-spacer\" data-id=\"1700b6bc\" data-element_type=\"widget\" data-e-type=\"widget\" data-widget_type=\"spacer.default\">\n\t\t\t\t<div class=\"elementor-widget-container\">\n\t\t\t\t\t\t\t<div class=\"elementor-spacer\">\n\t\t\t<div class=\"elementor-spacer-inner\"><\/div>\n\t\t<\/div>\n\t\t\t\t\t\t<\/div>\n\t\t\t\t<\/div>\n\t\t\t\t<div class=\"elementor-element elementor-element-18a10ee4 elementor-drop-cap-yes elementor-widget__width-initial elementor-drop-cap-view-default elementor-widget elementor-widget-text-editor\" data-id=\"18a10ee4\" data-element_type=\"widget\" data-e-type=\"widget\" data-settings=\"{&quot;drop_cap&quot;:&quot;yes&quot;}\" data-widget_type=\"text-editor.default\">\n\t\t\t\t<div class=\"elementor-widget-container\">\n\t\t\t\t\t\t\t\t\t<p class=\"cvGsUA direction-ltr align-start para-style-body\"><span class=\"a_GcMg font-feature-liga-off font-feature-clig-off font-feature-calt-off text-decoration-none text-strikethrough-none\">Embora a atividade el\u00e9trica em 2025 tenha ficado abaixo das refer\u00eancias hist\u00f3ricas, a elevada variabilidade interanual da atividade tempestuosa n\u00e3o permite, neste momento, identificar uma tend\u00eancia estat\u00edstica robusta.<\/span><\/p>\t\t\t\t\t\t\t\t<\/div>\n\t\t\t\t<\/div>\n\t\t\t\t<div class=\"elementor-element elementor-element-3ea40320 elementor-widget elementor-widget-ube-chart\" data-id=\"3ea40320\" data-element_type=\"widget\" data-e-type=\"widget\" data-widget_type=\"ube-chart.default\">\n\t\t\t\t<div class=\"elementor-widget-container\">\n\t\t\t\t\t<div  >\n    <canvas id=\"ube-chart-3ea40320\" class=\"ube-chart\" data-chart-type=\"line\" data-chart-labels=\"[&quot;2016&quot;,&quot;2017&quot;,&quot;2018&quot;,&quot;2019&quot;,&quot;2020&quot;,&quot;2021&quot;,&quot;2022&quot;,&quot;2023&quot;,&quot;2024&quot;,&quot;2025&quot;]\" data-chart-options=\"{&quot;animation&quot;:{&quot;easing&quot;:&quot;linear&quot;},&quot;elements&quot;:{&quot;point&quot;:{&quot;pointStyle&quot;:&quot;rectRounded&quot;},&quot;line&quot;:{&quot;tension&quot;:0.5}},&quot;scales&quot;:{&quot;y&quot;:{&quot;ticks&quot;:{&quot;display&quot;:true},&quot;grid&quot;:{&quot;display&quot;:false,&quot;drawBorder&quot;:false,&quot;drawTicks&quot;:false}},&quot;x&quot;:{&quot;ticks&quot;:{&quot;display&quot;:true},&quot;grid&quot;:{&quot;display&quot;:false,&quot;drawBorder&quot;:false,&quot;drawTicks&quot;:false}}}}\" data-chart-datasets=\"[{&quot;label&quot;:&quot;\\u00c9volution du nombre d\\u2019\\u00e9clairs nuage-sol (CG) en Europe (2016-2025)&quot;,&quot;data&quot;:[1618380,1582329,2900401,1537910,1346211,1557133,2050981,2227181,1967112,1226838],&quot;backgroundColor&quot;:&quot;#01144A&quot;,&quot;hoverBackgroundColor&quot;:&quot;#01144A&quot;,&quot;borderColor&quot;:&quot;#01103B&quot;,&quot;hoverBorderColor&quot;:&quot;#01103B&quot;,&quot;borderWidth&quot;:&quot;1&quot;,&quot;fill&quot;:true}]\" data-chart-additional-options=\"{&quot;chatId&quot;:&quot;ube-chart-3ea40320&quot;}\" height=\"200\"><\/canvas>\n<\/div>\t\t\t\t<\/div>\n\t\t\t\t<\/div>\n\t\t\t\t<div class=\"elementor-element elementor-element-4acb252a elementor-widget elementor-widget-heading\" data-id=\"4acb252a\" data-element_type=\"widget\" data-e-type=\"widget\" data-widget_type=\"heading.default\">\n\t\t\t\t<div class=\"elementor-widget-container\">\n\t\t\t\t\t<h2 class=\"elementor-heading-title elementor-size-default\">360 dias de tempestade<\/h2>\t\t\t\t<\/div>\n\t\t\t\t<\/div>\n\t\t\t\t<div class=\"elementor-element elementor-element-498e105a elementor-drop-cap-yes elementor-widget__width-initial elementor-drop-cap-view-default elementor-widget elementor-widget-text-editor\" data-id=\"498e105a\" data-element_type=\"widget\" data-e-type=\"widget\" data-settings=\"{&quot;drop_cap&quot;:&quot;yes&quot;}\" data-widget_type=\"text-editor.default\">\n\t\t\t\t<div class=\"elementor-widget-container\">\n\t\t\t\t\t\t\t\t\t<p class=\"cvGsUA direction-ltr align-start para-style-body\"><span class=\"a_GcMg font-feature-liga-off font-feature-clig-off font-feature-calt-off text-decoration-none text-strikethrough-none\">A maior parte da atividade de tempestade concentra-se entre junho e agosto, per\u00edodo em que as condi\u00e7\u00f5es inst\u00e1veis foram mais favor\u00e1veis, com um pico acentuado em junho e cerca de <strong>284 200 raios nuvem-solo registados em toda a Europa<\/strong>, evidenciando uma temporada de tempestades por vezes precoce.<\/span><\/p>\t\t\t\t\t\t\t\t<\/div>\n\t\t\t\t<\/div>\n\t\t\t\t\t<\/div>\n\t\t\t\t<\/div>\n\t\t<div class=\"elementor-element elementor-element-4749f432 e-flex e-con-boxed e-con e-parent\" data-id=\"4749f432\" data-element_type=\"container\" data-e-type=\"container\">\n\t\t\t\t\t<div class=\"e-con-inner\">\n\t\t<div class=\"elementor-element elementor-element-9e68a84 e-con-full e-flex e-con e-child\" data-id=\"9e68a84\" data-element_type=\"container\" data-e-type=\"container\">\n\t\t\t\t<div class=\"elementor-element elementor-element-4a4b0954 elementor-widget elementor-widget-image\" data-id=\"4a4b0954\" data-element_type=\"widget\" data-e-type=\"widget\" data-widget_type=\"image.default\">\n\t\t\t\t<div class=\"elementor-widget-container\">\n\t\t\t\t\t\t\t\t\t\t\t\t\t\t\t<img decoding=\"async\" src=\"https:\/\/www.meteorage.com\/wp-content\/uploads\/2026\/01\/GUILLEMETS-_-MTG.webp\" title=\"\" alt=\"\" loading=\"lazy\" \/>\t\t\t\t\t\t\t\t\t\t\t\t\t\t\t<\/div>\n\t\t\t\t<\/div>\n\t\t\t\t<div class=\"elementor-element elementor-element-53b8fb21 elementor-widget elementor-widget-text-editor\" data-id=\"53b8fb21\" data-element_type=\"widget\" data-e-type=\"widget\" data-widget_type=\"text-editor.default\">\n\t\t\t\t<div class=\"elementor-widget-container\">\n\t\t\t\t\t\t\t\t\t<p class=\"cvGsUA direction-ltr align-start para-style-body\"><span class=\"a_GcMg font-feature-liga-off font-feature-clig-off font-feature-calt-off text-decoration-none text-strikethrough-none\">Em 2025, <strong>a circula\u00e7\u00e3o atmosf\u00e9rica \u00e0 escala europeia favoreceu uma concentra\u00e7\u00e3o da atividade convectiva em torno do Mediterr\u00e2neo<\/strong>. <\/span><span class=\"a_GcMg font-feature-liga-off font-feature-clig-off font-feature-calt-off text-decoration-none text-strikethrough-none\">A presen\u00e7a recorrente de altos geopotenciais sobre a Europa central e setentrional limitou a progress\u00e3o dos sistemas inst\u00e1veis para o norte do continente.<\/span><\/p><p><span class=\"a_GcMg font-feature-liga-off font-feature-clig-off font-feature-calt-off text-decoration-none text-strikethrough-none\">Por consequ\u00eancia, as circula\u00e7\u00f5es de baixa press\u00e3o e os for\u00e7amentos din\u00e2micos continuaram nas baixas latitudes, em intera\u00e7\u00e3o com massas de ar mais quentes e h\u00famidas em redor do Mediterr\u00e2neo, criando um ambiente mais favor\u00e1vel \u00e0 atividade el\u00e9trica.<\/span><\/p>\t\t\t\t\t\t\t\t<\/div>\n\t\t\t\t<\/div>\n\t\t\t\t<div class=\"elementor-element elementor-element-1d264435 elementor-widget elementor-widget-text-editor\" data-id=\"1d264435\" data-element_type=\"widget\" data-e-type=\"widget\" data-widget_type=\"text-editor.default\">\n\t\t\t\t<div class=\"elementor-widget-container\">\n\t\t\t\t\t\t\t\t\t<p><span class=\"a_GcMg font-feature-liga-off font-feature-clig-off font-feature-calt-off text-decoration-none text-strikethrough-none\">\u2014 Joris Royet,Gestor de projetos em Meteorologia, Meteorage<\/span><\/p>\t\t\t\t\t\t\t\t<\/div>\n\t\t\t\t<\/div>\n\t\t\t\t<\/div>\n\t\t<div class=\"elementor-element elementor-element-5750f55c e-con-full e-flex e-con e-child\" data-id=\"5750f55c\" data-element_type=\"container\" data-e-type=\"container\">\n\t\t\t\t<div class=\"elementor-element elementor-element-670b5cc8 elementor-widget elementor-widget-spacer\" data-id=\"670b5cc8\" data-element_type=\"widget\" data-e-type=\"widget\" data-widget_type=\"spacer.default\">\n\t\t\t\t<div class=\"elementor-widget-container\">\n\t\t\t\t\t\t\t<div class=\"elementor-spacer\">\n\t\t\t<div class=\"elementor-spacer-inner\"><\/div>\n\t\t<\/div>\n\t\t\t\t\t\t<\/div>\n\t\t\t\t<\/div>\n\t\t\t\t<div class=\"elementor-element elementor-element-1589c497 elementor-widget elementor-widget-image\" data-id=\"1589c497\" data-element_type=\"widget\" data-e-type=\"widget\" data-widget_type=\"image.default\">\n\t\t\t\t<div class=\"elementor-widget-container\">\n\t\t\t\t\t\t\t\t\t\t\t\t\t\t\t\t<a href=\"https:\/\/www.meteorage.com\/wp-content\/uploads\/2026\/01\/queda-de-raios-Meteorage-2025-EUR-scaled.webp\" data-elementor-open-lightbox=\"yes\" data-e-action-hash=\"#elementor-action%3Aaction%3Dlightbox%26settings%3DeyJpZCI6NTEyNzMsInVybCI6ZmFsc2V9\">\n\t\t\t\t\t\t\t<img decoding=\"async\" src=\"https:\/\/www.meteorage.com\/wp-content\/uploads\/2026\/01\/queda-de-raios-Meteorage-2025-EUR-scaled.webp\" title=\"\" alt=\"\" loading=\"lazy\" \/>\t\t\t\t\t\t\t\t<\/a>\n\t\t\t\t\t\t\t\t\t\t\t\t\t\t\t<\/div>\n\t\t\t\t<\/div>\n\t\t\t\t<\/div>\n\t\t\t\t\t<\/div>\n\t\t\t\t<\/div>\n\t\t<div class=\"elementor-element elementor-element-359bdf8d e-flex e-con-boxed e-con e-parent\" data-id=\"359bdf8d\" data-element_type=\"container\" data-e-type=\"container\">\n\t\t\t\t\t<div class=\"e-con-inner\">\n\t\t\t\t<div class=\"elementor-element elementor-element-16be8c5e elementor-widget elementor-widget-heading\" data-id=\"16be8c5e\" data-element_type=\"widget\" data-e-type=\"widget\" data-widget_type=\"heading.default\">\n\t\t\t\t<div class=\"elementor-widget-container\">\n\t\t\t\t\t<h3 class=\"elementor-heading-title elementor-size-default\">Top 10 dos pa\u00edses mais atingidos por raios na Europa em 2025<\/h3>\t\t\t\t<\/div>\n\t\t\t\t<\/div>\n\t\t\t\t<div class=\"elementor-element elementor-element-11937a62 elementor-widget__width-inherit elementor-widget elementor-widget-ube-chart\" data-id=\"11937a62\" data-element_type=\"widget\" data-e-type=\"widget\" data-widget_type=\"ube-chart.default\">\n\t\t\t\t<div class=\"elementor-widget-container\">\n\t\t\t\t\t<div  >\n    <canvas id=\"ube-chart-11937a62\" class=\"ube-chart\" data-chart-type=\"bar\" data-chart-labels=\"[&quot;Espanha&quot;,&quot;It\\u00e1lia&quot;,&quot;Fran\\u00e7a&quot;,&quot;Alemanha&quot;,&quot;Su\\u00ed\\u00e7a&quot;,&quot;Portugal&quot;,&quot;Reino Unido&quot;,&quot;B\\u00e9lgica&quot;,&quot;B\\u00e9lgica&quot;,&quot;Dinamarca&quot;]\" data-chart-options=\"{&quot;scales&quot;:{&quot;y&quot;:{&quot;ticks&quot;:{&quot;display&quot;:true},&quot;grid&quot;:{&quot;display&quot;:false,&quot;drawBorder&quot;:true,&quot;drawTicks&quot;:true}},&quot;x&quot;:{&quot;ticks&quot;:{&quot;display&quot;:true},&quot;grid&quot;:{&quot;display&quot;:false,&quot;drawBorder&quot;:true,&quot;drawTicks&quot;:true}}}}\" data-chart-datasets=\"[{&quot;label&quot;:&quot;Nombre d&#039;\\u00e9clairs nuage-sol CG\\u200b&quot;,&quot;data&quot;:[427686,385577,267502,83443,20597,18496,9392,6478,9392,6478,5095,4496],&quot;backgroundColor&quot;:&quot;#01144A&quot;,&quot;hoverBackgroundColor&quot;:&quot;#01144A&quot;,&quot;borderColor&quot;:&quot;#01144A&quot;,&quot;hoverBorderColor&quot;:&quot;#01144A&quot;,&quot;borderWidth&quot;:1,&quot;fill&quot;:true}]\" data-chart-additional-options=\"{&quot;chatId&quot;:&quot;ube-chart-11937a62&quot;}\" height=\"250\"><\/canvas>\n<\/div>\t\t\t\t<\/div>\n\t\t\t\t<\/div>\n\t\t\t\t<div class=\"elementor-element elementor-element-38b70b96 elementor-widget elementor-widget-text-editor\" data-id=\"38b70b96\" data-element_type=\"widget\" data-e-type=\"widget\" data-widget_type=\"text-editor.default\">\n\t\t\t\t<div class=\"elementor-widget-container\">\n\t\t\t\t\t\t\t\t\t<p>A frequ\u00eancia, a distribui\u00e7\u00e3o geogr\u00e1fica e a intensidade das trovoadas variam ao longo das esta\u00e7\u00f5es, em fun\u00e7\u00e3o da temperatura, da humidade e das din\u00e2micas atmosf\u00e9ricas.<\/p><p><span class=\"a_GcMg font-feature-liga-off font-feature-clig-off font-feature-calt-off text-decoration-none text-strikethrough-none\">A <strong>primavera<\/strong> totalizou<\/span> <strong><span class=\"a_GcMg font-feature-liga-off font-feature-clig-off font-feature-calt-off text-decoration-none text-strikethrough-none\">233 316<\/span><\/strong><span class=\"a_GcMg font-feature-liga-off font-feature-clig-off font-feature-calt-off text-decoration-none text-strikethrough-none\"><strong> raios nuvem-solo<\/strong>, com uma distribui\u00e7\u00e3o geogr\u00e1fica muito heterog\u00e9nea: u<\/span><span class=\"a_GcMg font-feature-liga-off font-feature-clig-off font-feature-calt-off text-decoration-none text-strikethrough-none\">ma atividade fraca na metade norte da Europa, que permaneceu largamente sob a influ\u00eancia de condi\u00e7\u00f5es anticicl\u00f3nicas persistentes, limitando fortemente o desenvolvimento das tempestades. Em contrapartida, observa-se uma atividade mais regular no sul do continente, nomeadamente em torno da bacia do Mediterr\u00e2neo. <\/span><span class=\"a_GcMg font-feature-liga-off font-feature-clig-off font-feature-calt-off text-decoration-none text-strikethrough-none\">Durante este per\u00edodo, a Espanha foi o pa\u00eds mais afetado, com <\/span><span class=\"a_GcMg font-feature-liga-off font-feature-clig-off font-feature-calt-off text-decoration-none text-strikethrough-none\">97 219<\/span> <span class=\"a_GcMg font-feature-liga-off font-feature-clig-off font-feature-calt-off text-decoration-none text-strikethrough-none\">raios nuvem-solo.<\/span><\/p><p><span class=\"a_GcMg font-feature-liga-off font-feature-clig-off font-feature-calt-off text-decoration-none text-strikethrough-none\">O <strong>ver\u00e3o<\/strong> concentra<\/span> <span class=\"a_GcMg font-feature-liga-off font-feature-clig-off font-feature-calt-off text-decoration-none text-strikethrough-none\">775 394<\/span> <span class=\"a_GcMg font-feature-liga-off font-feature-clig-off font-feature-calt-off text-decoration-none text-strikethrough-none\">raios nuvem-solo, o que representa mais de metade da atividade anual. Embora as tempestades se tenham desenvolvido principalmente ao longo do eixo cl\u00e1ssico Espanha &#8211; Fran\u00e7a &#8211; Alemanha, a It\u00e1lia tamb\u00e9m registou uma atividade not\u00e1vel, tornando-se o pa\u00eds mais atingido pela queda de raios na Europa durante esta temporada.<\/span><\/p><p class=\"cvGsUA direction-ltr align-start para-style-body\"><span class=\"a_GcMg font-feature-liga-off font-feature-clig-off font-feature-calt-off text-decoration-none text-strikethrough-none\">No <strong>outono<\/strong>, as tempestades mant\u00eam-se principalmente:<\/span><\/p><ul><li><span class=\"a_GcMg font-feature-liga-off font-feature-clig-off font-feature-calt-off text-decoration-none text-strikethrough-none\">sobre os mares,<\/span><\/li><li><span class=\"a_GcMg font-feature-liga-off font-feature-clig-off font-feature-calt-off text-decoration-none text-strikethrough-none\">sobre as regi\u00f5es costeiras mediterr\u00e2nicas (leste de Espanha, sul de Fran\u00e7a, It\u00e1lia).<\/span><\/li><\/ul><p><span class=\"a_GcMg font-feature-liga-off font-feature-clig-off font-feature-calt-off text-decoration-none text-strikethrough-none\">Este refor\u00e7o local explica-se pela persist\u00eancia de \u00e1guas de superf\u00edcie quentes, enquanto as camadas baixas continentais arrefecem mais rapidamente. Este contraste vertical de temperatura favorece a convec\u00e7\u00e3o, tornando as tempestades por vezes intensas e muito chuvosas, consoante a passagem de sistemas depression\u00e1rios.<\/span><\/p>\t\t\t\t\t\t\t\t<\/div>\n\t\t\t\t<\/div>\n\t\t\t\t\t<\/div>\n\t\t\t\t<\/div>\n\t\t<div class=\"elementor-element elementor-element-40443928 e-flex e-con-boxed e-con e-parent\" data-id=\"40443928\" data-element_type=\"container\" data-e-type=\"container\">\n\t\t\t\t\t<div class=\"e-con-inner\">\n\t\t\t\t<div class=\"elementor-element elementor-element-7c2902ea elementor-widget-divider--view-line elementor-widget elementor-widget-divider\" data-id=\"7c2902ea\" data-element_type=\"widget\" data-e-type=\"widget\" data-widget_type=\"divider.default\">\n\t\t\t\t<div class=\"elementor-widget-container\">\n\t\t\t\t\t\t\t<div class=\"elementor-divider\">\n\t\t\t<span class=\"elementor-divider-separator\">\n\t\t\t\t\t\t<\/span>\n\t\t<\/div>\n\t\t\t\t\t\t<\/div>\n\t\t\t\t<\/div>\n\t\t\t\t<div class=\"elementor-element elementor-element-71dde10d elementor-widget elementor-widget-ube-fancy-text\" data-id=\"71dde10d\" data-element_type=\"widget\" data-e-type=\"widget\" data-widget_type=\"ube-fancy-text.default\">\n\t\t\t\t<div class=\"elementor-widget-container\">\n\t\t\t\t\t<h3 data-text=\"[&quot;de 2025&quot;,&quot;em Portugal&quot;]\" data-additional-options=\"{&quot;animationDelay&quot;:null,&quot;typingLoop&quot;:true,&quot;typingCursor&quot;:true}\" class=\"ube-fancy-text ube-fancy-text-typing\">    <span class=\"ube-fancy-text-before\">Os principais factos<\/span>\n<span class=\"ube-fancy-text-animated\">\n\t<\/span>\n<\/h3>\t\t\t\t<\/div>\n\t\t\t\t<\/div>\n\t\t\t\t<div class=\"elementor-element elementor-element-35e1aacc elementor-widget elementor-widget-heading\" data-id=\"35e1aacc\" data-element_type=\"widget\" data-e-type=\"widget\" data-widget_type=\"heading.default\">\n\t\t\t\t<div class=\"elementor-widget-container\">\n\t\t\t\t\t<h5 class=\"elementor-heading-title elementor-size-default\">2025, um ano ligeiramente afetado pela queda de raios <\/h5>\t\t\t\t<\/div>\n\t\t\t\t<\/div>\n\t\t\t\t<div class=\"elementor-element elementor-element-27ad4b69 elementor-widget elementor-widget-text-editor\" data-id=\"27ad4b69\" data-element_type=\"widget\" data-e-type=\"widget\" data-widget_type=\"text-editor.default\">\n\t\t\t\t<div class=\"elementor-widget-container\">\n\t\t\t\t\t\t\t\t\t<p class=\"cvGsUA direction-ltr align-start para-style-body\"><span class=\"a_GcMg font-feature-liga-off font-feature-clig-off font-feature-calt-off text-decoration-none text-strikethrough-none\">Em 2025, Portugal registou<\/span> <strong><span class=\"a_GcMg font-feature-liga-off font-feature-clig-off font-feature-calt-off text-decoration-none text-strikethrough-none\">18 496<\/span> <\/strong><span class=\"a_GcMg font-feature-liga-off font-feature-clig-off font-feature-calt-off text-decoration-none text-strikethrough-none\"><strong>raios nuvem-solo<\/strong>, atividade de tempestade geralmente baixa em compara\u00e7\u00e3o com anos anteriores.<\/span><\/p>\t\t\t\t\t\t\t\t<\/div>\n\t\t\t\t<\/div>\n\t\t\t\t<div class=\"elementor-element elementor-element-2f363d27 elementor-widget elementor-widget-ube-chart\" data-id=\"2f363d27\" data-element_type=\"widget\" data-e-type=\"widget\" data-widget_type=\"ube-chart.default\">\n\t\t\t\t<div class=\"elementor-widget-container\">\n\t\t\t\t\t<div  >\n    <canvas id=\"ube-chart-2f363d27\" class=\"ube-chart\" data-chart-type=\"line\" data-chart-labels=\"[&quot;2016&quot;,&quot;2017&quot;,&quot;2018&quot;,&quot;2019&quot;,&quot;2020&quot;,&quot;2021&quot;,&quot;2022&quot;,&quot;2023&quot;,&quot;2024&quot;,&quot;2025&quot;]\" data-chart-options=\"{&quot;animation&quot;:{&quot;easing&quot;:&quot;linear&quot;},&quot;elements&quot;:{&quot;point&quot;:{&quot;pointStyle&quot;:&quot;rectRounded&quot;},&quot;line&quot;:{&quot;tension&quot;:0.5}},&quot;scales&quot;:{&quot;y&quot;:{&quot;ticks&quot;:{&quot;display&quot;:true,&quot;color&quot;:&quot;#01144A&quot;},&quot;grid&quot;:{&quot;display&quot;:false,&quot;drawBorder&quot;:false,&quot;drawTicks&quot;:false}},&quot;x&quot;:{&quot;ticks&quot;:{&quot;display&quot;:true,&quot;color&quot;:&quot;#01144A&quot;},&quot;grid&quot;:{&quot;display&quot;:false,&quot;drawBorder&quot;:false,&quot;drawTicks&quot;:false}}}}\" data-chart-datasets=\"[{&quot;label&quot;:&quot;Evolu\\u00e7\\u00e3o do n\\u00famero de raios nuvem-solo (CG) em Portugal (2016-2025)&quot;,&quot;data&quot;:[13525,16181,37583,16497,19950,35805,20755,30765,24292,18496],&quot;backgroundColor&quot;:&quot;#01144A&quot;,&quot;hoverBackgroundColor&quot;:&quot;#01144A&quot;,&quot;borderColor&quot;:&quot;#01103B&quot;,&quot;hoverBorderColor&quot;:&quot;#01103B&quot;,&quot;borderWidth&quot;:&quot;1&quot;,&quot;fill&quot;:true}]\" data-chart-additional-options=\"{&quot;chatId&quot;:&quot;ube-chart-2f363d27&quot;}\" height=\"200\"><\/canvas>\n<\/div>\t\t\t\t<\/div>\n\t\t\t\t<\/div>\n\t\t\t\t\t<\/div>\n\t\t\t\t<\/div>\n\t\t<div class=\"elementor-element elementor-element-68e93b3b e-flex e-con-boxed e-con e-parent\" data-id=\"68e93b3b\" data-element_type=\"container\" data-e-type=\"container\">\n\t\t\t\t\t<div class=\"e-con-inner\">\n\t\t<div class=\"elementor-element elementor-element-54841e21 e-con-full e-flex e-con e-child\" data-id=\"54841e21\" data-element_type=\"container\" data-e-type=\"container\">\n\t\t\t\t<div class=\"elementor-element elementor-element-3b2fa95 elementor-widget elementor-widget-heading\" data-id=\"3b2fa95\" data-element_type=\"widget\" data-e-type=\"widget\" data-widget_type=\"heading.default\">\n\t\t\t\t<div class=\"elementor-widget-container\">\n\t\t\t\t\t<h2 class=\"elementor-heading-title elementor-size-default\">134 dias de tempestade<\/h2>\t\t\t\t<\/div>\n\t\t\t\t<\/div>\n\t\t\t\t<div class=\"elementor-element elementor-element-26630026 elementor-widget elementor-widget-text-editor\" data-id=\"26630026\" data-element_type=\"widget\" data-e-type=\"widget\" data-widget_type=\"text-editor.default\">\n\t\t\t\t<div class=\"elementor-widget-container\">\n\t\t\t\t\t\t\t\t\t<p class=\"cvGsUA direction-ltr align-start para-style-body\"><span class=\"a_GcMg font-feature-liga-off font-feature-clig-off font-feature-calt-off text-decoration-none text-strikethrough-none\">Na <strong>primavera<\/strong> de 2025, registamos cerca de <\/span><span class=\"a_GcMg font-feature-liga-off font-feature-clig-off font-feature-calt-off text-decoration-none text-strikethrough-none\">4 595<\/span><span class=\"a_GcMg font-feature-liga-off font-feature-clig-off font-feature-calt-off text-decoration-none text-strikethrough-none\"> raios nuvem-solo. Este n\u00edvel encontra-se entre os mais baixos das \u00faltimas temporadas primaveris.<\/span><\/p><p class=\"cvGsUA direction-ltr align-start para-style-body\"><span class=\"a_GcMg font-feature-liga-off font-feature-clig-off font-feature-calt-off text-decoration-none text-strikethrough-none\">O <strong>ver\u00e3o<\/strong> confirmou esta tend\u00eancia, com cerca de <\/span><span class=\"a_GcMg font-feature-liga-off font-feature-clig-off font-feature-calt-off text-decoration-none text-strikethrough-none\">3500 <\/span><span class=\"a_GcMg font-feature-liga-off font-feature-clig-off font-feature-calt-off text-decoration-none text-strikethrough-none\">raios nuvem-solo detectados. A atividade de tempestade durante o ver\u00e3o permanece limitada, figurando tamb\u00e9m entre os valores mais baixos observados nos \u00faltimos anos.<\/span><\/p><p class=\"cvGsUA direction-ltr align-start para-style-body\"><span class=\"a_GcMg font-feature-liga-off font-feature-clig-off font-feature-calt-off text-decoration-none text-strikethrough-none\">O <strong>outono<\/strong> de 2025 destaca-se, impulsionado por um m\u00eas de novembro <\/span><span class=\"a_GcMg font-feature-liga-off font-feature-clig-off font-feature-calt-off text-decoration-none text-strikethrough-none\">com atividade el\u00e9trica excecional. Foram detetados cerca de <\/span><span class=\"a_GcMg font-feature-liga-off font-feature-clig-off font-feature-calt-off text-decoration-none text-strikethrough-none\">8300<\/span><span class=\"a_GcMg font-feature-liga-off font-feature-clig-off font-feature-calt-off text-decoration-none text-strikethrough-none\"> raios nuvem-solo, estabelecendo um novo recorde absoluto para um m\u00eas de novembro, muito acima do anterior recorde de 2020 (3574 descargas nuvem-solo). Este valor representa quase metade da atividade el\u00e9trica anual, sublinhando o car\u00e1ter excecional da atividade el\u00e9trica no final do ano. <\/span><span class=\"a_GcMg font-feature-liga-off font-feature-clig-off font-feature-calt-off text-decoration-none text-strikethrough-none\">Esta situa\u00e7\u00e3o explica-se pela sucess\u00e3o de anomalias depression\u00e1rias ao largo de Portugal, que geram fortes contrastes de massas de ar sobre o pa\u00eds e favorecem o desenvolvimento de tempestades frontais por vezes intensas.<\/span><\/p>\t\t\t\t\t\t\t\t<\/div>\n\t\t\t\t<\/div>\n\t\t\t\t<\/div>\n\t\t<div class=\"elementor-element elementor-element-6b08cd02 e-con-full e-flex e-con e-child\" data-id=\"6b08cd02\" data-element_type=\"container\" data-e-type=\"container\">\n\t\t\t\t<div class=\"elementor-element elementor-element-5eed4058 elementor-widget elementor-widget-image\" data-id=\"5eed4058\" data-element_type=\"widget\" data-e-type=\"widget\" data-widget_type=\"image.default\">\n\t\t\t\t<div class=\"elementor-widget-container\">\n\t\t\t\t\t\t\t\t\t\t\t\t\t\t\t\t<a href=\"https:\/\/www.meteorage.com\/wp-content\/uploads\/2026\/01\/queda-de-raios-Meteorage-2025-PT-scaled.webp\" data-elementor-open-lightbox=\"yes\" data-e-action-hash=\"#elementor-action%3Aaction%3Dlightbox%26settings%3DeyJpZCI6NTEyNjEsInVybCI6ZmFsc2V9\">\n\t\t\t\t\t\t\t<img decoding=\"async\" src=\"https:\/\/www.meteorage.com\/wp-content\/uploads\/2026\/01\/queda-de-raios-Meteorage-2025-PT-scaled.webp\" title=\"\" alt=\"\" loading=\"lazy\" \/>\t\t\t\t\t\t\t\t<\/a>\n\t\t\t\t\t\t\t\t\t\t\t\t\t\t\t<\/div>\n\t\t\t\t<\/div>\n\t\t\t\t<\/div>\n\t\t\t\t\t<\/div>\n\t\t\t\t<\/div>\n\t\t<div class=\"elementor-element elementor-element-6f7f3010 e-flex e-con-boxed e-con e-parent\" data-id=\"6f7f3010\" data-element_type=\"container\" data-e-type=\"container\" data-settings=\"{&quot;background_background&quot;:&quot;classic&quot;}\">\n\t\t\t\t\t<div class=\"e-con-inner\">\n\t\t<div class=\"elementor-element elementor-element-2744ed3b e-flex e-con-boxed e-con e-child\" data-id=\"2744ed3b\" data-element_type=\"container\" data-e-type=\"container\">\n\t\t\t\t\t<div class=\"e-con-inner\">\n\t\t\t\t<div class=\"elementor-element elementor-element-2172f9b5 elementor-widget elementor-widget-heading\" data-id=\"2172f9b5\" data-element_type=\"widget\" data-e-type=\"widget\" data-widget_type=\"heading.default\">\n\t\t\t\t<div class=\"elementor-widget-container\">\n\t\t\t\t\t<h2 class=\"elementor-heading-title elementor-size-default\">2025, um ano calmo,\nmas com impactos muito reais.<\/h2>\t\t\t\t<\/div>\n\t\t\t\t<\/div>\n\t\t\t\t\t<\/div>\n\t\t\t\t<\/div>\n\t\t<div class=\"elementor-element elementor-element-45df937e e-con-full e-flex e-con e-child\" data-id=\"45df937e\" data-element_type=\"container\" data-e-type=\"container\" data-settings=\"{&quot;background_background&quot;:&quot;classic&quot;}\">\n\t\t\t\t<div class=\"elementor-element elementor-element-8bf3cbb elementor-widget elementor-widget-heading\" data-id=\"8bf3cbb\" data-element_type=\"widget\" data-e-type=\"widget\" data-widget_type=\"heading.default\">\n\t\t\t\t<div class=\"elementor-widget-container\">\n\t\t\t\t\t<h4 class=\"elementor-heading-title elementor-size-default\">Acidentes marcantes em 2025<\/h4>\t\t\t\t<\/div>\n\t\t\t\t<\/div>\n\t\t\t\t<div class=\"elementor-element elementor-element-4c0c70c2 elementor-widget elementor-widget-text-editor\" data-id=\"4c0c70c2\" data-element_type=\"widget\" data-e-type=\"widget\" data-widget_type=\"text-editor.default\">\n\t\t\t\t<div class=\"elementor-widget-container\">\n\t\t\t\t\t\t\t\t\t<p class=\"cvGsUA direction-ltr align-start para-style-body\"><span class=\"a_GcMg font-feature-liga-off font-feature-clig-off font-feature-calt-off text-decoration-none text-strikethrough-none\"><strong>Energia<\/strong>: <\/span><span class=\"a_GcMg font-feature-liga-off font-feature-clig-off font-feature-calt-off text-decoration-none text-strikethrough-none\">aerogeradores danificados ou destru\u00eddos pela queda de raios nos Pa\u00edses Baixos, em Espanha e em Fran\u00e7a, causando inc\u00eandios e perdas econ\u00f3micas significativas.<\/span><\/p><p><span class=\"a_GcMg font-feature-liga-off font-feature-clig-off font-feature-calt-off text-decoration-none text-strikethrough-none\"><strong>Transportes:<\/strong> <\/span><span class=\"a_GcMg font-feature-liga-off font-feature-clig-off font-feature-calt-off text-decoration-none text-strikethrough-none\">atrasos e interrup\u00e7\u00f5es no transporte a\u00e9reo (aeroportos de Orly e CDG) e ferrovi\u00e1rio em Fran\u00e7a, na Alemanha e no Reino Unido, na sequ\u00eancia de impactos nos sistemas de sinaliza\u00e7\u00e3o.<\/span><\/p><p><span class=\"a_GcMg font-feature-liga-off font-feature-clig-off font-feature-calt-off text-decoration-none text-strikethrough-none\"><strong>Setor industrial<\/strong>: <\/span><span class=\"a_GcMg font-feature-liga-off font-feature-clig-off font-feature-calt-off text-decoration-none text-strikethrough-none\">paragens de atividade e danos materiais ap\u00f3s impactos diretos em instala\u00e7\u00f5es industriais (destilaria, oficinas no Fran\u00e7a) e em infraestruturas de lazer (telef\u00e9rico em It\u00e1lia).<\/span><\/p><p><span class=\"a_GcMg font-feature-liga-off font-feature-clig-off font-feature-calt-off text-decoration-none text-strikethrough-none\"><strong>Agricultura<\/strong>: <\/span><span class=\"a_GcMg font-feature-liga-off font-feature-clig-off font-feature-calt-off text-decoration-none text-strikethrough-none\">mortalidade por vezes coletiva de rebanhos em Espanha e na Irlanda.<\/span><\/p><p><span class=\"a_GcMg font-feature-liga-off font-feature-clig-off font-feature-calt-off text-decoration-none text-strikethrough-none\"><strong>Ambiente<\/strong>:<\/span><span class=\"a_GcMg font-feature-liga-off font-feature-clig-off font-feature-calt-off text-decoration-none text-strikethrough-none\"> pelo menos dois grandes inc\u00eandios florestais foram desencadeados pela queda de raios, na Su\u00ed\u00e7a (Ticino) e em Portugal (distrito de Coimbra).<\/span><\/p>\t\t\t\t\t\t\t\t<\/div>\n\t\t\t\t<\/div>\n\t\t\t\t<\/div>\n\t\t<div class=\"elementor-element elementor-element-22ead2b0 two-col-row link-type-card e-con-full e-flex e-con e-child\" data-id=\"22ead2b0\" data-element_type=\"container\" data-e-type=\"container\">\n\t\t\t\t<div class=\"elementor-element elementor-element-6ecd018b elementor-widget-tablet_extra__width-initial elementor-widget elementor-widget-text-editor\" data-id=\"6ecd018b\" data-element_type=\"widget\" data-e-type=\"widget\" data-widget_type=\"text-editor.default\">\n\t\t\t\t<div class=\"elementor-widget-container\">\n\t\t\t\t\t\t\t\t\t<p><span class=\"a_GcMg font-feature-liga-off font-feature-clig-off font-feature-calt-off text-decoration-none text-strikethrough-none\">BAIXA ACTIVIDADE \u2260 BAIXO RISCO<\/span><\/p>\t\t\t\t\t\t\t\t<\/div>\n\t\t\t\t<\/div>\n\t\t\t\t<div class=\"elementor-element elementor-element-196d7d89 elementor-widget-tablet_extra__width-initial elementor-widget elementor-widget-text-editor\" data-id=\"196d7d89\" data-element_type=\"widget\" data-e-type=\"widget\" data-widget_type=\"text-editor.default\">\n\t\t\t\t<div class=\"elementor-widget-container\">\n\t\t\t\t\t\t\t\t\t<p><span class=\"a_GcMg font-feature-liga-off font-feature-clig-off font-feature-calt-off text-decoration-none text-strikethrough-none\">Embora o ano de 2025 tenha sido menos tempestuoso do que o normal na Europa, o risco associado \u00e0 queda de raios mant\u00e9m-se plenamente atual, pois a diminui\u00e7\u00e3o do n\u00famero total de descargas nuvem-solo n\u00e3o reduz automaticamente a exposi\u00e7\u00e3o, que afeta numerosos setores de atividade.<\/span><\/p><p class=\"cvGsUA direction-ltr align-start para-style-body\"><span class=\"a_GcMg font-feature-liga-off font-feature-clig-off font-feature-calt-off text-decoration-none text-strikethrough-none\">Cada tempestade, mesmo moderada, pode provocar danos importantes, por vezes inesperados: <\/span><span class=\"a_GcMg font-feature-liga-off font-feature-clig-off font-feature-calt-off text-decoration-none text-strikethrough-none\">interrup\u00e7\u00f5es de atividade, degrada\u00e7\u00f5es de equipamentos sens\u00edveis, perdas econ\u00f3micas ou riscos para a vida humana.<\/span><\/p>\t\t\t\t\t\t\t\t<\/div>\n\t\t\t\t<\/div>\n\t\t\t\t<\/div>\n\t\t\t\t\t<\/div>\n\t\t\t\t<\/div>\n\t\t<div class=\"elementor-element elementor-element-31f1e472 e-flex e-con-boxed e-con e-parent\" data-id=\"31f1e472\" data-element_type=\"container\" data-e-type=\"container\">\n\t\t\t\t\t<div class=\"e-con-inner\">\n\t\t\t\t<div class=\"elementor-element elementor-element-4407b513 elementor-widget elementor-widget-spacer\" data-id=\"4407b513\" data-element_type=\"widget\" data-e-type=\"widget\" data-widget_type=\"spacer.default\">\n\t\t\t\t<div class=\"elementor-widget-container\">\n\t\t\t\t\t\t\t<div class=\"elementor-spacer\">\n\t\t\t<div class=\"elementor-spacer-inner\"><\/div>\n\t\t<\/div>\n\t\t\t\t\t\t<\/div>\n\t\t\t\t<\/div>\n\t\t\t\t<div class=\"elementor-element elementor-element-49e98efb elementor-widget elementor-widget-heading\" data-id=\"49e98efb\" data-element_type=\"widget\" data-e-type=\"widget\" data-widget_type=\"heading.default\">\n\t\t\t\t<div class=\"elementor-widget-container\">\n\t\t\t\t\t<h4 class=\"elementor-heading-title elementor-size-default\">Um risco permanente, sem fronteiras nem temporadas<\/h4>\t\t\t\t<\/div>\n\t\t\t\t<\/div>\n\t\t\t\t<div class=\"elementor-element elementor-element-4223b7b6 elementor-widget elementor-widget-text-editor\" data-id=\"4223b7b6\" data-element_type=\"widget\" data-e-type=\"widget\" data-widget_type=\"text-editor.default\">\n\t\t\t\t<div class=\"elementor-widget-container\">\n\t\t\t\t\t\t\t\t\t<p><span class=\"a_GcMg font-feature-liga-off font-feature-clig-off font-feature-calt-off text-decoration-none text-strikethrough-none\">A an\u00e1lise dos acidentes ocorridos em 2025 confirma que as consequ\u00eancias da queda de raios n\u00e3o se limitam a situa\u00e7\u00f5es extremas, nem apenas ao per\u00edodo de ver\u00e3o. Os eventos registam-se ao longo de todo o ano, demonstrando que o risco \u00e9 permanente, mesmo durante fen\u00f3menos considerados menores. \u00c9 essencial lembrar que a maioria dos acidentes graves ocorre em dias classificados com alerta amarelo, ou mesmo sem alerta particular.<\/span><\/p><p><span class=\"a_GcMg font-feature-liga-off font-feature-clig-off font-feature-calt-off text-decoration-none text-strikethrough-none\">O acidente no zoo de La Barben (Fran\u00e7a), ocorrido durante um dia tempestuoso, mas longe de ser excecional, \u00e9 um exemplo marcante desta realidade. Este facto sublinha a necessidade de uma vigil\u00e2ncia constante, mesmo em epis\u00f3dios considerados \u201cmoderados\u201d.<\/span><\/p>\t\t\t\t\t\t\t\t<\/div>\n\t\t\t\t<\/div>\n\t\t\t\t\t<\/div>\n\t\t\t\t<\/div>\n\t\t<div class=\"elementor-element elementor-element-7f3d804b container-bg services-section e-con-full e-flex e-con e-parent\" data-id=\"7f3d804b\" data-element_type=\"container\" data-e-type=\"container\">\n\t\t<div class=\"elementor-element elementor-element-274d45c3 e-flex e-con-boxed e-con e-child\" data-id=\"274d45c3\" data-element_type=\"container\" data-e-type=\"container\">\n\t\t\t\t\t<div class=\"e-con-inner\">\n\t\t\t\t<div class=\"elementor-element elementor-element-18d2d2e7 section-title elementor-widget elementor-widget-heading\" data-id=\"18d2d2e7\" data-element_type=\"widget\" data-e-type=\"widget\" data-widget_type=\"heading.default\">\n\t\t\t\t<div class=\"elementor-widget-container\">\n\t\t\t\t\t<h2 class=\"elementor-heading-title elementor-size-default\">Prevenir para proteger melhor <\/h2>\t\t\t\t<\/div>\n\t\t\t\t<\/div>\n\t\t\t\t<div class=\"elementor-element elementor-element-329e71b0 elementor-widget elementor-widget-text-editor\" data-id=\"329e71b0\" data-element_type=\"widget\" data-e-type=\"widget\" data-widget_type=\"text-editor.default\">\n\t\t\t\t<div class=\"elementor-widget-container\">\n\t\t\t\t\t\t\t\t\t<p><span class=\"a_GcMg font-feature-liga-off font-feature-clig-off font-feature-calt-off text-decoration-none text-strikethrough-none\">Face a este risco generalizado, \u00e9 essencial implementar medidas preventivas adequadas: sensibiliza\u00e7\u00e3o, reorganiza\u00e7\u00e3o de atividades ao ar livre, prote\u00e7\u00e3o das infraestruturas e divulga\u00e7\u00e3o das melhores pr\u00e1ticas nas equipas expostas.<\/span><\/p><p class=\"cvGsUA direction-ltr align-start para-style-body\"><span class=\"a_GcMg font-feature-liga-off font-feature-clig-off font-feature-calt-off text-decoration-none text-strikethrough-none\">\u00c9 neste sentido que a Meteorage acompanha os seus clientes e parceiros para melhor se protegerem, desde a forma\u00e7\u00e3o \u00e0 utiliza\u00e7\u00e3o de dados de descargas, incluindo servi\u00e7os de alerta, an\u00e1lise e apoio \u00e0 decis\u00e3o. Esta expertise integra-se tamb\u00e9m numa miss\u00e3o mais ampla de difus\u00e3o da cultura de risco, atrav\u00e9s dos nossos compromissos em normaliza\u00e7\u00e3o, <\/span><span class=\"a_GcMg font-feature-liga-off font-feature-clig-off font-feature-calt-off text-decoration-none text-strikethrough-none\">estudos e publica\u00e7\u00f5es internacionais, <\/span><span class=\"a_GcMg font-feature-liga-off font-feature-clig-off font-feature-calt-off text-decoration-none text-strikethrough-none\">bem como a\u00e7\u00f5es pedag\u00f3gicas <\/span><span class=\"a_GcMg font-feature-liga-off font-feature-clig-off font-feature-calt-off text-decoration-none text-strikethrough-none\">e mensagens de preven\u00e7\u00e3o <\/span><span class=\"a_GcMg font-feature-liga-off font-feature-clig-off font-feature-calt-off text-decoration-none text-strikethrough-none\">acess\u00edveis a todos.<\/span><\/p>\t\t\t\t\t\t\t\t<\/div>\n\t\t\t\t<\/div>\n\t\t\t\t<div class=\"elementor-element elementor-element-5a8a9ca6 elementor-widget-tablet_extra__width-initial elementor-widget elementor-widget-image\" data-id=\"5a8a9ca6\" data-element_type=\"widget\" data-e-type=\"widget\" data-widget_type=\"image.default\">\n\t\t\t\t<div class=\"elementor-widget-container\">\n\t\t\t\t\t\t\t\t\t\t\t\t\t\t\t\t<a href=\"https:\/\/www.meteorage.com\/wp-content\/uploads\/2026\/01\/MTG2026.webp\" data-elementor-open-lightbox=\"yes\" data-e-action-hash=\"#elementor-action%3Aaction%3Dlightbox%26settings%3DeyJpZCI6NTEyNzksInVybCI6ZmFsc2V9\">\n\t\t\t\t\t\t\t<img decoding=\"async\" src=\"https:\/\/www.meteorage.com\/wp-content\/uploads\/2026\/01\/MTG2026.webp\" title=\"\" alt=\"\" loading=\"lazy\" \/>\t\t\t\t\t\t\t\t<\/a>\n\t\t\t\t\t\t\t\t\t\t\t\t\t\t\t<\/div>\n\t\t\t\t<\/div>\n\t\t\t\t<div class=\"elementor-element elementor-element-68928b12 elementor-widget elementor-widget-text-editor\" data-id=\"68928b12\" data-element_type=\"widget\" data-e-type=\"widget\" data-widget_type=\"text-editor.default\">\n\t\t\t\t<div class=\"elementor-widget-container\">\n\t\t\t\t\t\t\t\t\t<p><span class=\"a_GcMg font-feature-liga-off font-feature-clig-off font-feature-calt-off text-decoration-none text-strikethrough-none\">Na Meteorage, especialista em dete\u00e7\u00e3o da queda de raios h\u00e1 cerca de 40 anos e operadora de uma rede europeia de refer\u00eancia, <strong>acompanhamos os nossos clientes na antecipa\u00e7\u00e3o, monitoriza\u00e7\u00e3o e gest\u00e3o dos riscos de tempestade<\/strong>, atrav\u00e9s de solu\u00e7\u00f5es adaptadas a cada setor de atividade.<\/span><\/p>\t\t\t\t\t\t\t\t<\/div>\n\t\t\t\t<\/div>\n\t\t\t\t\t<\/div>\n\t\t\t\t<\/div>\n\t\t\t\t<\/div>\n\t\t<div class=\"elementor-element elementor-element-a6665af e-flex e-con-boxed e-con e-parent\" data-id=\"a6665af\" data-element_type=\"container\" data-e-type=\"container\">\n\t\t\t\t\t<div class=\"e-con-inner\">\n\t\t\t\t<div class=\"elementor-element elementor-element-2140316 elementor-widget elementor-widget-menu-anchor\" data-id=\"2140316\" data-element_type=\"widget\" data-e-type=\"widget\" data-widget_type=\"menu-anchor.default\">\n\t\t\t\t<div class=\"elementor-widget-container\">\n\t\t\t\t\t\t\t<div class=\"elementor-menu-anchor\" id=\"terminologie\"><\/div>\n\t\t\t\t\t\t<\/div>\n\t\t\t\t<\/div>\n\t\t\t\t\t<\/div>\n\t\t\t\t<\/div>\n\t\t<div class=\"elementor-element elementor-element-22bf8fea e-flex e-con-boxed e-con e-parent\" data-id=\"22bf8fea\" data-element_type=\"container\" data-e-type=\"container\">\n\t\t\t\t\t<div class=\"e-con-inner\">\n\t\t\t\t<div class=\"elementor-element elementor-element-7d1db0e8 elementor-widget elementor-widget-spacer\" data-id=\"7d1db0e8\" data-element_type=\"widget\" data-e-type=\"widget\" data-widget_type=\"spacer.default\">\n\t\t\t\t<div class=\"elementor-widget-container\">\n\t\t\t\t\t\t\t<div class=\"elementor-spacer\">\n\t\t\t<div class=\"elementor-spacer-inner\"><\/div>\n\t\t<\/div>\n\t\t\t\t\t\t<\/div>\n\t\t\t\t<\/div>\n\t\t\t\t\t<\/div>\n\t\t\t\t<\/div>\n\t\t<div class=\"elementor-element elementor-element-1750ad54 e-flex e-con-boxed e-con e-parent\" data-id=\"1750ad54\" data-element_type=\"container\" data-e-type=\"container\">\n\t\t\t\t\t<div class=\"e-con-inner\">\n\t\t\t\t<div class=\"elementor-element elementor-element-6739ca08 elementor-widget elementor-widget-heading\" data-id=\"6739ca08\" data-element_type=\"widget\" data-e-type=\"widget\" data-widget_type=\"heading.default\">\n\t\t\t\t<div class=\"elementor-widget-container\">\n\t\t\t\t\t<h3 class=\"elementor-heading-title elementor-size-default\">Terminologia<\/h3>\t\t\t\t<\/div>\n\t\t\t\t<\/div>\n\t\t\t\t<div class=\"elementor-element elementor-element-27b783a4 elementor-widget elementor-widget-text-editor\" data-id=\"27b783a4\" data-element_type=\"widget\" data-e-type=\"widget\" data-widget_type=\"text-editor.default\">\n\t\t\t\t<div class=\"elementor-widget-container\">\n\t\t\t\t\t\t\t\t\t<p>Para uma melhor compreens\u00e3o das informa\u00e7\u00f5es comunicadas neste relat\u00f3rio, partilhamos consigo as defini\u00e7\u00f5es dos termos frequentemente utilizados.<\/p>\t\t\t\t\t\t\t\t<\/div>\n\t\t\t\t<\/div>\n\t\t\t\t\t<\/div>\n\t\t\t\t<\/div>\n\t\t<div class=\"elementor-element elementor-element-7f89b56d e-flex e-con-boxed e-con e-parent\" data-id=\"7f89b56d\" data-element_type=\"container\" data-e-type=\"container\">\n\t\t\t\t\t<div class=\"e-con-inner\">\n\t\t\t\t<div class=\"elementor-element elementor-element-77090ac7 elementor-widget elementor-widget-spacer\" data-id=\"77090ac7\" data-element_type=\"widget\" data-e-type=\"widget\" data-widget_type=\"spacer.default\">\n\t\t\t\t<div class=\"elementor-widget-container\">\n\t\t\t\t\t\t\t<div class=\"elementor-spacer\">\n\t\t\t<div class=\"elementor-spacer-inner\"><\/div>\n\t\t<\/div>\n\t\t\t\t\t\t<\/div>\n\t\t\t\t<\/div>\n\t\t\t\t\t<\/div>\n\t\t\t\t<\/div>\n\t\t<div class=\"elementor-element elementor-element-67fbf36 e-flex e-con-boxed e-con e-parent\" data-id=\"67fbf36\" data-element_type=\"container\" data-e-type=\"container\">\n\t\t\t\t\t<div class=\"e-con-inner\">\n\t\t<div class=\"elementor-element elementor-element-45e2da9f e-con-full e-flex e-con e-child\" data-id=\"45e2da9f\" data-element_type=\"container\" data-e-type=\"container\">\n\t\t\t\t<div class=\"elementor-element elementor-element-452ae4ff elementor-widget elementor-widget-heading\" data-id=\"452ae4ff\" data-element_type=\"widget\" data-e-type=\"widget\" data-widget_type=\"heading.default\">\n\t\t\t\t<div class=\"elementor-widget-container\">\n\t\t\t\t\t<h4 class=\"elementor-heading-title elementor-size-default\">Raio nuvem-solo (CG)<\/h4>\t\t\t\t<\/div>\n\t\t\t\t<\/div>\n\t\t\t\t<div class=\"elementor-element elementor-element-63fa0f0c elementor-widget elementor-widget-text-editor\" data-id=\"63fa0f0c\" data-element_type=\"widget\" data-e-type=\"widget\" data-widget_type=\"text-editor.default\">\n\t\t\t\t<div class=\"elementor-widget-container\">\n\t\t\t\t\t\t\t\t\t<p>Descarga de corrente de certa intensidade que circula entre uma nuvem e o solo. A abrevia\u00e7\u00e3o CG &#8211; Cloud-to-Ground em ingl\u00eas\u00b4- significa Nuvem para o solo.<\/p>\t\t\t\t\t\t\t\t<\/div>\n\t\t\t\t<\/div>\n\t\t\t\t<\/div>\n\t\t<div class=\"elementor-element elementor-element-713d7f5a e-con-full e-flex e-con e-child\" data-id=\"713d7f5a\" data-element_type=\"container\" data-e-type=\"container\">\n\t\t\t\t<div class=\"elementor-element elementor-element-1a26d62e elementor-widget elementor-widget-heading\" data-id=\"1a26d62e\" data-element_type=\"widget\" data-e-type=\"widget\" data-widget_type=\"heading.default\">\n\t\t\t\t<div class=\"elementor-widget-container\">\n\t\t\t\t\t<h4 class=\"elementor-heading-title elementor-size-default\">Densidade de queda de raios<\/h4>\t\t\t\t<\/div>\n\t\t\t\t<\/div>\n\t\t\t\t<div class=\"elementor-element elementor-element-3c2bc81d elementor-widget elementor-widget-text-editor\" data-id=\"3c2bc81d\" data-element_type=\"widget\" data-e-type=\"widget\" data-widget_type=\"text-editor.default\">\n\t\t\t\t<div class=\"elementor-widget-container\">\n\t\t\t\t\t\t\t\t\t<p>A melhor representa\u00e7\u00e3o atual da atividade de tempestade \u00e9 a densidade de queda de raios que \u00e9 o n\u00famero de raios nuvem-solo (CG) por km\u00b2 e por ano.<\/p>\t\t\t\t\t\t\t\t<\/div>\n\t\t\t\t<\/div>\n\t\t\t\t<\/div>\n\t\t\t\t\t<\/div>\n\t\t\t\t<\/div>\n\t\t<div class=\"elementor-element elementor-element-15de7080 e-flex e-con-boxed e-con e-parent\" data-id=\"15de7080\" data-element_type=\"container\" data-e-type=\"container\">\n\t\t\t\t\t<div class=\"e-con-inner\">\n\t\t<div class=\"elementor-element elementor-element-ea02023 e-con-full e-flex e-con e-child\" data-id=\"ea02023\" data-element_type=\"container\" data-e-type=\"container\">\n\t\t\t\t<div class=\"elementor-element elementor-element-1bc8d02c elementor-widget elementor-widget-heading\" data-id=\"1bc8d02c\" data-element_type=\"widget\" data-e-type=\"widget\" data-widget_type=\"heading.default\">\n\t\t\t\t<div class=\"elementor-widget-container\">\n\t\t\t\t\t<h4 class=\"elementor-heading-title elementor-size-default\">Rel\u00e2mpagos<\/h4>\t\t\t\t<\/div>\n\t\t\t\t<\/div>\n\t\t\t\t<div class=\"elementor-element elementor-element-cdad3ec elementor-widget elementor-widget-text-editor\" data-id=\"cdad3ec\" data-element_type=\"widget\" data-e-type=\"widget\" data-widget_type=\"text-editor.default\">\n\t\t\t\t<div class=\"elementor-widget-container\">\n\t\t\t\t\t\t\t\t\t<p>Conjunto de descargas de corrente e de impulsos el\u00e9tricos durante um fen\u00f3meno de tempestade com queda de raios. Um raio pode aparecer numa nuvem (raio intranuvem), entre uma nuvem e o solo (raio nuvem-solo CG) ou entre nuvens. Um raio pode ser composto por um ou mais arcos que s\u00e3o os impulsos de corrente.<\/p>\t\t\t\t\t\t\t\t<\/div>\n\t\t\t\t<\/div>\n\t\t\t\t<\/div>\n\t\t<div class=\"elementor-element elementor-element-5ecc7249 e-con-full e-flex e-con e-child\" data-id=\"5ecc7249\" data-element_type=\"container\" data-e-type=\"container\">\n\t\t\t\t<div class=\"elementor-element elementor-element-6cbb0d31 elementor-widget elementor-widget-heading\" data-id=\"6cbb0d31\" data-element_type=\"widget\" data-e-type=\"widget\" data-widget_type=\"heading.default\">\n\t\t\t\t<div class=\"elementor-widget-container\">\n\t\t\t\t\t<h4 class=\"elementor-heading-title elementor-size-default\">Dia de epis\u00f3dio de tempestade<\/h4>\t\t\t\t<\/div>\n\t\t\t\t<\/div>\n\t\t\t\t<div class=\"elementor-element elementor-element-1c418b97 elementor-widget elementor-widget-text-editor\" data-id=\"1c418b97\" data-element_type=\"widget\" data-e-type=\"widget\" data-widget_type=\"text-editor.default\">\n\t\t\t\t<div class=\"elementor-widget-container\">\n\t\t\t\t\t\t\t\t\t<p>Dia quando, pelo menos, um raio foi detetado na \u00e1rea considerada.<\/p>\t\t\t\t\t\t\t\t<\/div>\n\t\t\t\t<\/div>\n\t\t\t\t<\/div>\n\t\t\t\t\t<\/div>\n\t\t\t\t<\/div>\n\t\t<div class=\"elementor-element elementor-element-6b619741 e-flex e-con-boxed e-con e-parent\" data-id=\"6b619741\" data-element_type=\"container\" data-e-type=\"container\">\n\t\t\t\t\t<div class=\"e-con-inner\">\n\t\t\t\t<div class=\"elementor-element elementor-element-512dbe91 elementor-widget elementor-widget-spacer\" data-id=\"512dbe91\" data-element_type=\"widget\" data-e-type=\"widget\" data-widget_type=\"spacer.default\">\n\t\t\t\t<div class=\"elementor-widget-container\">\n\t\t\t\t\t\t\t<div class=\"elementor-spacer\">\n\t\t\t<div class=\"elementor-spacer-inner\"><\/div>\n\t\t<\/div>\n\t\t\t\t\t\t<\/div>\n\t\t\t\t<\/div>\n\t\t\t\t\t<\/div>\n\t\t\t\t<\/div>\n\t\t<div class=\"elementor-element elementor-element-5d57fa19 e-flex e-con-boxed e-con e-parent\" data-id=\"5d57fa19\" data-element_type=\"container\" data-e-type=\"container\">\n\t\t\t\t\t<div class=\"e-con-inner\">\n\t\t\t\t<div class=\"elementor-element elementor-element-6c28d045 elementor-widget-divider--view-line elementor-widget elementor-widget-divider\" data-id=\"6c28d045\" data-element_type=\"widget\" data-e-type=\"widget\" data-widget_type=\"divider.default\">\n\t\t\t\t<div class=\"elementor-widget-container\">\n\t\t\t\t\t\t\t<div class=\"elementor-divider\">\n\t\t\t<span class=\"elementor-divider-separator\">\n\t\t\t\t\t\t<\/span>\n\t\t<\/div>\n\t\t\t\t\t\t<\/div>\n\t\t\t\t<\/div>\n\t\t<div class=\"elementor-element elementor-element-5d039f3f e-con-full e-flex e-con e-child\" data-id=\"5d039f3f\" data-element_type=\"container\" data-e-type=\"container\">\n\t\t\t\t<div class=\"elementor-element elementor-element-6a79a4fc elementor-widget elementor-widget-heading\" data-id=\"6a79a4fc\" data-element_type=\"widget\" data-e-type=\"widget\" data-widget_type=\"heading.default\">\n\t\t\t\t<div class=\"elementor-widget-container\">\n\t\t\t\t\t<h3 class=\"elementor-heading-title elementor-size-default\">Sobre o relat\u00f3rio de queda de raios\n<\/h3>\t\t\t\t<\/div>\n\t\t\t\t<\/div>\n\t\t\t\t<\/div>\n\t\t\t\t\t<\/div>\n\t\t\t\t<\/div>\n\t\t<div class=\"elementor-element elementor-element-28b9989e e-flex e-con-boxed e-con e-parent\" data-id=\"28b9989e\" data-element_type=\"container\" data-e-type=\"container\">\n\t\t\t\t\t<div class=\"e-con-inner\">\n\t\t<div class=\"elementor-element elementor-element-459a0a14 e-con-full e-flex e-con e-child\" data-id=\"459a0a14\" data-element_type=\"container\" data-e-type=\"container\">\n\t\t\t\t<div class=\"elementor-element elementor-element-76f801d8 elementor-widget elementor-widget-text-editor\" data-id=\"76f801d8\" data-element_type=\"widget\" data-e-type=\"widget\" data-widget_type=\"text-editor.default\">\n\t\t\t\t<div class=\"elementor-widget-container\">\n\t\t\t\t\t\t\t\t\t<p>A nossa avalia\u00e7\u00e3o baseia-se nos dados fornecidos pela<a href=\"https:\/\/www.meteorage.com\/pt-pt\/a-nossa-competencia\/\">\u00a0rede METEORAGE <span data-teams=\"true\">&#8211; the European Lightning Detection Network (ELDN)<\/span>.<\/a><\/p><p>A informa\u00e7\u00e3o que estamos a comunicar especificamente nesta an\u00e1lise anual diz respeito \u00e0 queda de raios nuvem-solo (CG) e \u00e0 densidade de queda de raios.<\/p><p><b>Para fins comparativos com os nossos dados, a METEORAGE contabiliza o impulso principal de corrente, que circula entre a nuvem e o solo e que \u00e9 definido, neste relat\u00f3rio, pelo termo \u201cRaio nuvem-solo (CG)\u201d.<\/b><\/p><p>O relat\u00f3rio de queda de raios baseia-se nos dados fornecidos pela rede de dete\u00e7\u00e3o da queda de raios da METEORAGE, implantada na Europa.<\/p><p><b>A nossa experi\u00eancia baseia-se em mais de uma dezena de anos de an\u00e1lise, observa\u00e7\u00f5es e dados recolhidos na Europa e, mais largamente, no mundo. <\/b>Em territ\u00f3rio franc\u00eas, dispomos de mais de 37 anos de experi\u00eancia.<\/p><p>A nossa rede METEORAGE (ELDN), cujo desempenho foi validado cientificamente, mostra o mais alto desempenho poss\u00edvel com:<\/p><ul><li>uma dete\u00e7\u00e3o &gt; de 98% dos raios,<\/li><li>uma precis\u00e3o de dete\u00e7\u00e3o mediana de 100 metros,<\/li><li>uma distin\u00e7\u00e3o em mais de 90% entre os raios nuvem-solo (CG) e os raios intranuvens.<\/li><\/ul><p>A rede METEORAGE (ELDN) \u00e9 composta por mais de 100 sensores de queda de raios, de calculadores e de um sistema de tratamento que cria as bases de dados. Os nossos sensores de queda de raios s\u00e3o oriundos da tecnologia de Vaisala, atualmente considerada uma das melhores do mundo. A nossa rede permite atingir desempenhos validados por numerosos <a href=\"https:\/\/www.meteorage.com\/pt-pt\/publicacoes-e-notas-tecnicas\/\" target=\"_blank\" rel=\"noopener\">estudos e publica\u00e7\u00f5es cient\u00edficas.<\/a><\/p><p>O relat\u00f3rio de 2025 baseia-se na mais completa fonte de informa\u00e7\u00f5es de Portugal. Os dados, as densidades, as classifica\u00e7\u00f5es e os dias de tempestade que figuram neste relat\u00f3rio v\u00e3o de 1 de janeiro de 2025 a 31 de dezembro de 2025.<\/p><p>As informa\u00e7\u00f5es que comunicamos est\u00e3o relacionadas com os raios nuvem-solo CG e a densidade de queda de raios.<\/p>\t\t\t\t\t\t\t\t<\/div>\n\t\t\t\t<\/div>\n\t\t\t\t<\/div>\n\t\t<div class=\"elementor-element elementor-element-47d8b24a e-con-full e-flex e-con e-child\" data-id=\"47d8b24a\" data-element_type=\"container\" data-e-type=\"container\">\n\t\t\t\t<div class=\"elementor-element elementor-element-5cb5b146 elementor-widget elementor-widget-image\" data-id=\"5cb5b146\" data-element_type=\"widget\" data-e-type=\"widget\" data-widget_type=\"image.default\">\n\t\t\t\t<div class=\"elementor-widget-container\">\n\t\t\t\t\t\t\t\t\t\t\t\t\t\t\t<img fetchpriority=\"high\" decoding=\"async\" width=\"893\" height=\"1024\" src=\"https:\/\/www.meteorage.com\/wp-content\/uploads\/2025\/01\/Mapa-de-desempenho-da-Rede-METEORAGE-ELDN-PT-893x1024.webp\" class=\"attachment-large size-large wp-image-45450\" alt=\"Mapa de desempenho da Rede METEORAGE ELDN PT\" srcset=\"https:\/\/www.meteorage.com\/wp-content\/uploads\/2025\/01\/Mapa-de-desempenho-da-Rede-METEORAGE-ELDN-PT-893x1024.webp 893w, https:\/\/www.meteorage.com\/wp-content\/uploads\/2025\/01\/Mapa-de-desempenho-da-Rede-METEORAGE-ELDN-PT-262x300.webp 262w, https:\/\/www.meteorage.com\/wp-content\/uploads\/2025\/01\/Mapa-de-desempenho-da-Rede-METEORAGE-ELDN-PT-768x881.webp 768w, https:\/\/www.meteorage.com\/wp-content\/uploads\/2025\/01\/Mapa-de-desempenho-da-Rede-METEORAGE-ELDN-PT-1339x1536.webp 1339w, https:\/\/www.meteorage.com\/wp-content\/uploads\/2025\/01\/Mapa-de-desempenho-da-Rede-METEORAGE-ELDN-PT-543x623.webp 543w, https:\/\/www.meteorage.com\/wp-content\/uploads\/2025\/01\/Mapa-de-desempenho-da-Rede-METEORAGE-ELDN-PT.webp 1744w\" sizes=\"(max-width: 893px) 100vw, 893px\" \/>\t\t\t\t\t\t\t\t\t\t\t\t\t\t\t<\/div>\n\t\t\t\t<\/div>\n\t\t\t\t<\/div>\n\t\t\t\t\t<\/div>\n\t\t\t\t<\/div>\n\t\t<div class=\"elementor-element elementor-element-834717d e-flex e-con-boxed e-con e-parent\" data-id=\"834717d\" data-element_type=\"container\" data-e-type=\"container\">\n\t\t\t\t\t<div class=\"e-con-inner\">\n\t\t\t\t<div class=\"elementor-element elementor-element-2c1afb0 elementor-widget elementor-widget-spacer\" data-id=\"2c1afb0\" data-element_type=\"widget\" data-e-type=\"widget\" data-widget_type=\"spacer.default\">\n\t\t\t\t<div class=\"elementor-widget-container\">\n\t\t\t\t\t\t\t<div class=\"elementor-spacer\">\n\t\t\t<div class=\"elementor-spacer-inner\"><\/div>\n\t\t<\/div>\n\t\t\t\t\t\t<\/div>\n\t\t\t\t<\/div>\n\t\t\t\t\t<\/div>\n\t\t\t\t<\/div>\n\t\t\t\t<\/div>\n\t\t","protected":false},"featured_media":21427,"template":"","bilan_category":[365],"class_list":["post-51205","bilan_foudroiement","type-bilan_foudroiement","status-publish","has-post-thumbnail","hentry","bilan_category-portugal-pt-pt"],"acf":[],"yoast_head":"<!-- This site is optimized with the Yoast SEO plugin v27.5 - https:\/\/yoast.com\/product\/yoast-seo-wordpress\/ -->\n<title>Meteorage Annual Activity Report 2025: Portugal \/ Europe<\/title>\n<meta name=\"description\" content=\"Where did lightning strike most in Portugal in 2025? Read Meteorage\u2019s annual review of thunderstorm and electrical activity nationwide.\" \/>\n<meta name=\"robots\" content=\"index, follow, max-snippet:-1, max-image-preview:large, max-video-preview:-1\" \/>\n<link rel=\"canonical\" href=\"https:\/\/www.meteorage.com\/pt-pt\/relatorio-de-trovoada\/portugal-thunderstorms-lightning-report-2025\/\" \/>\n<meta property=\"og:locale\" content=\"pt_PT\" \/>\n<meta property=\"og:type\" content=\"article\" \/>\n<meta property=\"og:title\" content=\"Meteorage Annual Activity Report 2025: Portugal \/ Europe\" \/>\n<meta property=\"og:description\" content=\"Where did lightning strike most in Portugal in 2025? Read Meteorage\u2019s annual review of thunderstorm and electrical activity nationwide.\" \/>\n<meta property=\"og:url\" content=\"https:\/\/www.meteorage.com\/pt-pt\/relatorio-de-trovoada\/portugal-thunderstorms-lightning-report-2025\/\" \/>\n<meta property=\"og:site_name\" content=\"METEORAGE\" \/>\n<meta property=\"article:modified_time\" content=\"2026-02-02T17:27:39+00:00\" \/>\n<meta property=\"og:image\" content=\"https:\/\/www.meteorage.com\/wp-content\/uploads\/2024\/06\/Portugal-Carte-fond-blanc.png\" \/>\n\t<meta property=\"og:image:width\" content=\"1920\" \/>\n\t<meta property=\"og:image:height\" content=\"1080\" \/>\n\t<meta property=\"og:image:type\" content=\"image\/png\" \/>\n<meta name=\"twitter:card\" content=\"summary_large_image\" \/>\n<meta name=\"twitter:label1\" content=\"Tempo estimado de leitura\" \/>\n\t<meta name=\"twitter:data1\" content=\"13 minutos\" \/>\n<script type=\"application\/ld+json\" class=\"yoast-schema-graph\">{\"@context\":\"https:\\\/\\\/schema.org\",\"@graph\":[{\"@type\":\"WebPage\",\"@id\":\"https:\\\/\\\/www.meteorage.com\\\/pt-pt\\\/relatorio-de-trovoada\\\/portugal-thunderstorms-lightning-report-2025\\\/\",\"url\":\"https:\\\/\\\/www.meteorage.com\\\/pt-pt\\\/relatorio-de-trovoada\\\/portugal-thunderstorms-lightning-report-2025\\\/\",\"name\":\"Meteorage Annual Activity Report 2025: Portugal \\\/ Europe\",\"isPartOf\":{\"@id\":\"https:\\\/\\\/www.meteorage.com\\\/pt-pt\\\/#website\"},\"primaryImageOfPage\":{\"@id\":\"https:\\\/\\\/www.meteorage.com\\\/pt-pt\\\/relatorio-de-trovoada\\\/portugal-thunderstorms-lightning-report-2025\\\/#primaryimage\"},\"image\":{\"@id\":\"https:\\\/\\\/www.meteorage.com\\\/pt-pt\\\/relatorio-de-trovoada\\\/portugal-thunderstorms-lightning-report-2025\\\/#primaryimage\"},\"thumbnailUrl\":\"https:\\\/\\\/www.meteorage.com\\\/wp-content\\\/uploads\\\/2024\\\/06\\\/Portugal-Carte-fond-blanc.png\",\"datePublished\":\"2026-01-31T20:12:55+00:00\",\"dateModified\":\"2026-02-02T17:27:39+00:00\",\"description\":\"Where did lightning strike most in Portugal in 2025? Read Meteorage\u2019s annual review of thunderstorm and electrical activity nationwide.\",\"breadcrumb\":{\"@id\":\"https:\\\/\\\/www.meteorage.com\\\/pt-pt\\\/relatorio-de-trovoada\\\/portugal-thunderstorms-lightning-report-2025\\\/#breadcrumb\"},\"inLanguage\":\"pt-PT\",\"potentialAction\":[{\"@type\":\"ReadAction\",\"target\":[\"https:\\\/\\\/www.meteorage.com\\\/pt-pt\\\/relatorio-de-trovoada\\\/portugal-thunderstorms-lightning-report-2025\\\/\"]}]},{\"@type\":\"ImageObject\",\"inLanguage\":\"pt-PT\",\"@id\":\"https:\\\/\\\/www.meteorage.com\\\/pt-pt\\\/relatorio-de-trovoada\\\/portugal-thunderstorms-lightning-report-2025\\\/#primaryimage\",\"url\":\"https:\\\/\\\/www.meteorage.com\\\/wp-content\\\/uploads\\\/2024\\\/06\\\/Portugal-Carte-fond-blanc.png\",\"contentUrl\":\"https:\\\/\\\/www.meteorage.com\\\/wp-content\\\/uploads\\\/2024\\\/06\\\/Portugal-Carte-fond-blanc.png\",\"width\":1920,\"height\":1080},{\"@type\":\"BreadcrumbList\",\"@id\":\"https:\\\/\\\/www.meteorage.com\\\/pt-pt\\\/relatorio-de-trovoada\\\/portugal-thunderstorms-lightning-report-2025\\\/#breadcrumb\",\"itemListElement\":[{\"@type\":\"ListItem\",\"position\":1,\"name\":\"Accueil\",\"item\":\"https:\\\/\\\/www.meteorage.com\\\/pt-pt\\\/\"},{\"@type\":\"ListItem\",\"position\":2,\"name\":\"Portugal 2025\"}]},{\"@type\":\"WebSite\",\"@id\":\"https:\\\/\\\/www.meteorage.com\\\/pt-pt\\\/#website\",\"url\":\"https:\\\/\\\/www.meteorage.com\\\/pt-pt\\\/\",\"name\":\"METEORAGE\",\"description\":\"\",\"publisher\":{\"@id\":\"https:\\\/\\\/www.meteorage.com\\\/pt-pt\\\/#organization\"},\"potentialAction\":[{\"@type\":\"SearchAction\",\"target\":{\"@type\":\"EntryPoint\",\"urlTemplate\":\"https:\\\/\\\/www.meteorage.com\\\/pt-pt\\\/?s={search_term_string}\"},\"query-input\":{\"@type\":\"PropertyValueSpecification\",\"valueRequired\":true,\"valueName\":\"search_term_string\"}}],\"inLanguage\":\"pt-PT\"},{\"@type\":\"Organization\",\"@id\":\"https:\\\/\\\/www.meteorage.com\\\/pt-pt\\\/#organization\",\"name\":\"METEORAGE\",\"url\":\"https:\\\/\\\/www.meteorage.com\\\/pt-pt\\\/\",\"logo\":{\"@type\":\"ImageObject\",\"inLanguage\":\"pt-PT\",\"@id\":\"https:\\\/\\\/www.meteorage.com\\\/pt-pt\\\/#\\\/schema\\\/logo\\\/image\\\/\",\"url\":\"https:\\\/\\\/www.meteorage.com\\\/wp-content\\\/uploads\\\/2025\\\/10\\\/02.-Logo-METEORAGE-horizontal-blanc.png.webp\",\"contentUrl\":\"https:\\\/\\\/www.meteorage.com\\\/wp-content\\\/uploads\\\/2025\\\/10\\\/02.-Logo-METEORAGE-horizontal-blanc.png.webp\",\"width\":2445,\"height\":501,\"caption\":\"METEORAGE\"},\"image\":{\"@id\":\"https:\\\/\\\/www.meteorage.com\\\/pt-pt\\\/#\\\/schema\\\/logo\\\/image\\\/\"}}]}<\/script>\n<!-- \/ Yoast SEO plugin. -->","yoast_head_json":{"title":"Meteorage Annual Activity Report 2025: Portugal \/ Europe","description":"Where did lightning strike most in Portugal in 2025? Read Meteorage\u2019s annual review of thunderstorm and electrical activity nationwide.","robots":{"index":"index","follow":"follow","max-snippet":"max-snippet:-1","max-image-preview":"max-image-preview:large","max-video-preview":"max-video-preview:-1"},"canonical":"https:\/\/www.meteorage.com\/pt-pt\/relatorio-de-trovoada\/portugal-thunderstorms-lightning-report-2025\/","og_locale":"pt_PT","og_type":"article","og_title":"Meteorage Annual Activity Report 2025: Portugal \/ Europe","og_description":"Where did lightning strike most in Portugal in 2025? Read Meteorage\u2019s annual review of thunderstorm and electrical activity nationwide.","og_url":"https:\/\/www.meteorage.com\/pt-pt\/relatorio-de-trovoada\/portugal-thunderstorms-lightning-report-2025\/","og_site_name":"METEORAGE","article_modified_time":"2026-02-02T17:27:39+00:00","og_image":[{"width":1920,"height":1080,"url":"https:\/\/www.meteorage.com\/wp-content\/uploads\/2024\/06\/Portugal-Carte-fond-blanc.png","type":"image\/png"}],"twitter_card":"summary_large_image","twitter_misc":{"Tempo estimado de leitura":"13 minutos"},"schema":{"@context":"https:\/\/schema.org","@graph":[{"@type":"WebPage","@id":"https:\/\/www.meteorage.com\/pt-pt\/relatorio-de-trovoada\/portugal-thunderstorms-lightning-report-2025\/","url":"https:\/\/www.meteorage.com\/pt-pt\/relatorio-de-trovoada\/portugal-thunderstorms-lightning-report-2025\/","name":"Meteorage Annual Activity Report 2025: Portugal \/ Europe","isPartOf":{"@id":"https:\/\/www.meteorage.com\/pt-pt\/#website"},"primaryImageOfPage":{"@id":"https:\/\/www.meteorage.com\/pt-pt\/relatorio-de-trovoada\/portugal-thunderstorms-lightning-report-2025\/#primaryimage"},"image":{"@id":"https:\/\/www.meteorage.com\/pt-pt\/relatorio-de-trovoada\/portugal-thunderstorms-lightning-report-2025\/#primaryimage"},"thumbnailUrl":"https:\/\/www.meteorage.com\/wp-content\/uploads\/2024\/06\/Portugal-Carte-fond-blanc.png","datePublished":"2026-01-31T20:12:55+00:00","dateModified":"2026-02-02T17:27:39+00:00","description":"Where did lightning strike most in Portugal in 2025? Read Meteorage\u2019s annual review of thunderstorm and electrical activity nationwide.","breadcrumb":{"@id":"https:\/\/www.meteorage.com\/pt-pt\/relatorio-de-trovoada\/portugal-thunderstorms-lightning-report-2025\/#breadcrumb"},"inLanguage":"pt-PT","potentialAction":[{"@type":"ReadAction","target":["https:\/\/www.meteorage.com\/pt-pt\/relatorio-de-trovoada\/portugal-thunderstorms-lightning-report-2025\/"]}]},{"@type":"ImageObject","inLanguage":"pt-PT","@id":"https:\/\/www.meteorage.com\/pt-pt\/relatorio-de-trovoada\/portugal-thunderstorms-lightning-report-2025\/#primaryimage","url":"https:\/\/www.meteorage.com\/wp-content\/uploads\/2024\/06\/Portugal-Carte-fond-blanc.png","contentUrl":"https:\/\/www.meteorage.com\/wp-content\/uploads\/2024\/06\/Portugal-Carte-fond-blanc.png","width":1920,"height":1080},{"@type":"BreadcrumbList","@id":"https:\/\/www.meteorage.com\/pt-pt\/relatorio-de-trovoada\/portugal-thunderstorms-lightning-report-2025\/#breadcrumb","itemListElement":[{"@type":"ListItem","position":1,"name":"Accueil","item":"https:\/\/www.meteorage.com\/pt-pt\/"},{"@type":"ListItem","position":2,"name":"Portugal 2025"}]},{"@type":"WebSite","@id":"https:\/\/www.meteorage.com\/pt-pt\/#website","url":"https:\/\/www.meteorage.com\/pt-pt\/","name":"METEORAGE","description":"","publisher":{"@id":"https:\/\/www.meteorage.com\/pt-pt\/#organization"},"potentialAction":[{"@type":"SearchAction","target":{"@type":"EntryPoint","urlTemplate":"https:\/\/www.meteorage.com\/pt-pt\/?s={search_term_string}"},"query-input":{"@type":"PropertyValueSpecification","valueRequired":true,"valueName":"search_term_string"}}],"inLanguage":"pt-PT"},{"@type":"Organization","@id":"https:\/\/www.meteorage.com\/pt-pt\/#organization","name":"METEORAGE","url":"https:\/\/www.meteorage.com\/pt-pt\/","logo":{"@type":"ImageObject","inLanguage":"pt-PT","@id":"https:\/\/www.meteorage.com\/pt-pt\/#\/schema\/logo\/image\/","url":"https:\/\/www.meteorage.com\/wp-content\/uploads\/2025\/10\/02.-Logo-METEORAGE-horizontal-blanc.png.webp","contentUrl":"https:\/\/www.meteorage.com\/wp-content\/uploads\/2025\/10\/02.-Logo-METEORAGE-horizontal-blanc.png.webp","width":2445,"height":501,"caption":"METEORAGE"},"image":{"@id":"https:\/\/www.meteorage.com\/pt-pt\/#\/schema\/logo\/image\/"}}]}},"_links":{"self":[{"href":"https:\/\/www.meteorage.com\/pt-pt\/wp-json\/wp\/v2\/bilan-de-foudroiement\/51205","targetHints":{"allow":["GET"]}}],"collection":[{"href":"https:\/\/www.meteorage.com\/pt-pt\/wp-json\/wp\/v2\/bilan-de-foudroiement"}],"about":[{"href":"https:\/\/www.meteorage.com\/pt-pt\/wp-json\/wp\/v2\/types\/bilan_foudroiement"}],"version-history":[{"count":0,"href":"https:\/\/www.meteorage.com\/pt-pt\/wp-json\/wp\/v2\/bilan-de-foudroiement\/51205\/revisions"}],"wp:featuredmedia":[{"embeddable":true,"href":"https:\/\/www.meteorage.com\/pt-pt\/wp-json\/wp\/v2\/media\/21427"}],"wp:attachment":[{"href":"https:\/\/www.meteorage.com\/pt-pt\/wp-json\/wp\/v2\/media?parent=51205"}],"wp:term":[{"taxonomy":"bilan_category","embeddable":true,"href":"https:\/\/www.meteorage.com\/pt-pt\/wp-json\/wp\/v2\/bilan_category?post=51205"}],"curies":[{"name":"wp","href":"https:\/\/api.w.org\/{rel}","templated":true}]}}